{"id":816,"date":"2024-10-07T04:41:51","date_gmt":"2024-10-07T04:41:51","guid":{"rendered":"https:\/\/2024.wwii-refugees.ee\/?page_id=816"},"modified":"2025-03-21T11:19:55","modified_gmt":"2025-03-21T11:19:55","slug":"e-naitus","status":"publish","type":"page","link":"https:\/\/2024.wwii-refugees.ee\/en\/e-naitus\/","title":{"rendered":"E-N\u00e4itus"},"content":{"rendered":"\t\t<div data-elementor-type=\"wp-page\" data-elementor-id=\"816\" class=\"elementor elementor-816\">\n\t\t\t\t<div class=\"elementor-element elementor-element-290e545 e-flex e-con-boxed e-con e-parent\" data-id=\"290e545\" data-element_type=\"container\" data-e-type=\"container\">\n\t\t\t\t\t<div class=\"e-con-inner\">\n\t\t\t\t<div class=\"elementor-element elementor-element-f0a2532 elementor-widget-divider--view-line elementor-widget elementor-widget-divider\" data-id=\"f0a2532\" data-element_type=\"widget\" data-e-type=\"widget\" data-widget_type=\"divider.default\">\n\t\t\t\t<div class=\"elementor-widget-container\">\n\t\t\t\t\t\t\t<div class=\"elementor-divider\">\n\t\t\t<span class=\"elementor-divider-separator\">\n\t\t\t\t\t\t<\/span>\n\t\t<\/div>\n\t\t\t\t\t\t<\/div>\n\t\t\t\t<\/div>\n\t\t\t\t\t<\/div>\n\t\t\t\t<\/div>\n\t\t<div class=\"elementor-element elementor-element-5564168 e-flex e-con-boxed e-con e-parent\" data-id=\"5564168\" data-element_type=\"container\" data-e-type=\"container\">\n\t\t\t\t\t<div class=\"e-con-inner\">\n\t\t\t\t<div class=\"elementor-element elementor-element-88b3002 elementor-widget elementor-widget-image\" data-id=\"88b3002\" data-element_type=\"widget\" data-e-type=\"widget\" data-widget_type=\"image.default\">\n\t\t\t\t<div class=\"elementor-widget-container\">\n\t\t\t\t\t\t\t\t\t\t\t\t\t\t\t<img fetchpriority=\"high\" decoding=\"async\" width=\"8667\" height=\"334\" src=\"https:\/\/2024.wwii-refugees.ee\/wp-content\/uploads\/2024\/04\/WWII_refugees_visuals_LAINE_3.png\" class=\"attachment-full size-full wp-image-121\" alt=\"\" srcset=\"https:\/\/2024.wwii-refugees.ee\/wp-content\/uploads\/2024\/04\/WWII_refugees_visuals_LAINE_3.png 8667w, https:\/\/2024.wwii-refugees.ee\/wp-content\/uploads\/2024\/04\/WWII_refugees_visuals_LAINE_3-300x12.png 300w, https:\/\/2024.wwii-refugees.ee\/wp-content\/uploads\/2024\/04\/WWII_refugees_visuals_LAINE_3-1024x39.png 1024w, https:\/\/2024.wwii-refugees.ee\/wp-content\/uploads\/2024\/04\/WWII_refugees_visuals_LAINE_3-768x30.png 768w, https:\/\/2024.wwii-refugees.ee\/wp-content\/uploads\/2024\/04\/WWII_refugees_visuals_LAINE_3-1536x59.png 1536w, https:\/\/2024.wwii-refugees.ee\/wp-content\/uploads\/2024\/04\/WWII_refugees_visuals_LAINE_3-2048x79.png 2048w\" sizes=\"(max-width: 8667px) 100vw, 8667px\" \/>\t\t\t\t\t\t\t\t\t\t\t\t\t\t\t<\/div>\n\t\t\t\t<\/div>\n\t\t\t\t\t<\/div>\n\t\t\t\t<\/div>\n\t\t<div class=\"elementor-element elementor-element-77e634b e-flex e-con-boxed e-con e-parent\" data-id=\"77e634b\" data-element_type=\"container\" data-e-type=\"container\">\n\t\t\t\t\t<div class=\"e-con-inner\">\n\t\t\t\t<div class=\"elementor-element elementor-element-a7be50b elementor-widget-divider--view-line elementor-widget elementor-widget-divider\" data-id=\"a7be50b\" data-element_type=\"widget\" data-e-type=\"widget\" data-widget_type=\"divider.default\">\n\t\t\t\t<div class=\"elementor-widget-container\">\n\t\t\t\t\t\t\t<div class=\"elementor-divider\">\n\t\t\t<span class=\"elementor-divider-separator\">\n\t\t\t\t\t\t<\/span>\n\t\t<\/div>\n\t\t\t\t\t\t<\/div>\n\t\t\t\t<\/div>\n\t\t\t\t\t<\/div>\n\t\t\t\t<\/div>\n\t\t<div class=\"elementor-element elementor-element-b86e667 e-flex e-con-boxed e-con e-parent\" data-id=\"b86e667\" data-element_type=\"container\" data-e-type=\"container\">\n\t\t\t\t\t<div class=\"e-con-inner\">\n\t\t\t\t<div class=\"elementor-element elementor-element-52d972d elementor-widget elementor-widget-heading\" data-id=\"52d972d\" data-element_type=\"widget\" data-e-type=\"widget\" data-widget_type=\"heading.default\">\n\t\t\t\t<div class=\"elementor-widget-container\">\n\t\t\t\t\t<h1 class=\"elementor-heading-title elementor-size-default\">SAATUSEAASTA 1944<\/h1>\t\t\t\t<\/div>\n\t\t\t\t<\/div>\n\t\t\t\t\t<\/div>\n\t\t\t\t<\/div>\n\t\t<div class=\"elementor-element elementor-element-2216523 e-flex e-con-boxed e-con e-parent\" data-id=\"2216523\" data-element_type=\"container\" data-e-type=\"container\">\n\t\t\t\t\t<div class=\"e-con-inner\">\n\t\t\t\t<div class=\"elementor-element elementor-element-e21c933 elementor-widget elementor-widget-heading\" data-id=\"e21c933\" data-element_type=\"widget\" data-e-type=\"widget\" data-widget_type=\"heading.default\">\n\t\t\t\t<div class=\"elementor-widget-container\">\n\t\t\t\t\t<h1 class=\"elementor-heading-title elementor-size-default\">THE FATEFUL YEAR 1944<\/h1>\t\t\t\t<\/div>\n\t\t\t\t<\/div>\n\t\t\t\t\t<\/div>\n\t\t\t\t<\/div>\n\t\t<div class=\"elementor-element elementor-element-ca23759 e-flex e-con-boxed e-con e-parent\" data-id=\"ca23759\" data-element_type=\"container\" data-e-type=\"container\">\n\t\t\t\t\t<div class=\"e-con-inner\">\n\t\t\t\t<div class=\"elementor-element elementor-element-6363986 elementor-widget-divider--view-line elementor-widget elementor-widget-divider\" data-id=\"6363986\" data-element_type=\"widget\" data-e-type=\"widget\" data-widget_type=\"divider.default\">\n\t\t\t\t<div class=\"elementor-widget-container\">\n\t\t\t\t\t\t\t<div class=\"elementor-divider\">\n\t\t\t<span class=\"elementor-divider-separator\">\n\t\t\t\t\t\t<\/span>\n\t\t<\/div>\n\t\t\t\t\t\t<\/div>\n\t\t\t\t<\/div>\n\t\t\t\t\t<\/div>\n\t\t\t\t<\/div>\n\t\t<div class=\"elementor-element elementor-element-6126ef3 e-flex e-con-boxed e-con e-parent\" data-id=\"6126ef3\" data-element_type=\"container\" data-e-type=\"container\">\n\t\t\t\t\t<div class=\"e-con-inner\">\n\t\t\t\t<div class=\"elementor-element elementor-element-c9b3da6 elementor-widget-divider--view-line elementor-widget elementor-widget-divider\" data-id=\"c9b3da6\" data-element_type=\"widget\" data-e-type=\"widget\" data-widget_type=\"divider.default\">\n\t\t\t\t<div class=\"elementor-widget-container\">\n\t\t\t\t\t\t\t<div class=\"elementor-divider\">\n\t\t\t<span class=\"elementor-divider-separator\">\n\t\t\t\t\t\t<\/span>\n\t\t<\/div>\n\t\t\t\t\t\t<\/div>\n\t\t\t\t<\/div>\n\t\t\t\t\t<\/div>\n\t\t\t\t<\/div>\n\t\t<div class=\"elementor-element elementor-element-25ee439 e-flex e-con-boxed e-con e-parent\" data-id=\"25ee439\" data-element_type=\"container\" data-e-type=\"container\">\n\t\t\t\t\t<div class=\"e-con-inner\">\n\t\t\t\t<div class=\"elementor-element elementor-element-12bba41 elementor-widget elementor-widget-heading\" data-id=\"12bba41\" data-element_type=\"widget\" data-e-type=\"widget\" data-widget_type=\"heading.default\">\n\t\t\t\t<div class=\"elementor-widget-container\">\n\t\t\t\t\t<h2 class=\"elementor-heading-title elementor-size-default\">EESTI SAATUS TEISES MAAILMAS\u00d5JAS<\/h2>\t\t\t\t<\/div>\n\t\t\t\t<\/div>\n\t\t\t\t\t<\/div>\n\t\t\t\t<\/div>\n\t\t<div class=\"elementor-element elementor-element-35a6c2a e-flex e-con-boxed e-con e-parent\" data-id=\"35a6c2a\" data-element_type=\"container\" data-e-type=\"container\">\n\t\t\t\t\t<div class=\"e-con-inner\">\n\t\t\t\t<div class=\"elementor-element elementor-element-672fa65 elementor-widget elementor-widget-heading\" data-id=\"672fa65\" data-element_type=\"widget\" data-e-type=\"widget\" data-widget_type=\"heading.default\">\n\t\t\t\t<div class=\"elementor-widget-container\">\n\t\t\t\t\t<h3 class=\"elementor-heading-title elementor-size-default\">ESTONIA\u2019S FATE\nIN THE SECOND WORLD WAR<\/h3>\t\t\t\t<\/div>\n\t\t\t\t<\/div>\n\t\t\t\t<div class=\"elementor-element elementor-element-5969901 elementor-widget elementor-widget-heading\" data-id=\"5969901\" data-element_type=\"widget\" data-e-type=\"widget\" data-widget_type=\"heading.default\">\n\t\t\t\t<div class=\"elementor-widget-container\">\n\t\t\t\t\t<h6 class=\"elementor-heading-title elementor-size-default\">Koostajad\/ Compiled by: Meelis Maripuu, \u00dclle Kraft, Aivar Niglas<\/h6>\t\t\t\t<\/div>\n\t\t\t\t<\/div>\n\t\t\t\t\t<\/div>\n\t\t\t\t<\/div>\n\t\t<div class=\"elementor-element elementor-element-43da9ac e-flex e-con-boxed e-con e-parent\" data-id=\"43da9ac\" data-element_type=\"container\" data-e-type=\"container\">\n\t\t\t\t\t<div class=\"e-con-inner\">\n\t\t\t\t<div class=\"elementor-element elementor-element-111ae81 elementor-invisible elementor-widget elementor-widget-text-editor\" data-id=\"111ae81\" data-element_type=\"widget\" data-e-type=\"widget\" data-settings=\"{&quot;_animation&quot;:&quot;slideInLeft&quot;}\" data-widget_type=\"text-editor.default\">\n\t\t\t\t<div class=\"elementor-widget-container\">\n\t\t\t\t\t\t\t\t\t<p style=\"text-align: justify;\"><strong>Teine maailmas\u00f5da h\u00e4vitas Eesti riigi ja pillutas laiali meie rahvastiku.\u00a0<span style=\"font-family: var( --e-global-typography-text-font-family ), Sans-serif; text-align: var(--text-align); background-color: var(--wp--preset--color--background); font-size: clamp(0.875rem, 0.7916rem + 0.417vw, 1.125rem);\">N\u00f5ukogude Liit okupeeris Eesti 1940. aastal, j\u00e4rgnenud terrori k\u00e4igus\u00a0<\/span><span style=\"font-family: var( --e-global-typography-text-font-family ), Sans-serif; text-align: var(--text-align); background-color: var(--wp--preset--color--background); font-size: clamp(0.875rem, 0.7916rem + 0.417vw, 1.125rem);\">arreteeriti ca 10 000 inimest, teised ca 10 000, raukadest rinnalasteni,\u00a0<\/span><span style=\"font-family: var( --e-global-typography-text-font-family ), Sans-serif; text-align: var(--text-align); background-color: var(--wp--preset--color--background); font-size: clamp(0.875rem, 0.7916rem + 0.417vw, 1.125rem);\">k\u00fc\u00fcditati kodumaalt NSV Liitu. H\u00e4vitati terved perekonnad, arreteerituist\u00a0<\/span><span style=\"font-family: var( --e-global-typography-text-font-family ), Sans-serif; text-align: var(--text-align); background-color: var(--wp--preset--color--background); font-size: clamp(0.875rem, 0.7916rem + 0.417vw, 1.125rem);\">\u00f5nnestus p\u00e4rast s\u00f5da kodumaale naasta \u00fcksikutel inimestel, k\u00fc\u00fcditatuist\u00a0<\/span><span style=\"font-family: var( --e-global-typography-text-font-family ), Sans-serif; text-align: var(--text-align); background-color: var(--wp--preset--color--background); font-size: clamp(0.875rem, 0.7916rem + 0.417vw, 1.125rem);\">hukkusid v\u00e4hemalt pooled.<\/span><\/strong><\/p>\t\t\t\t\t\t\t\t<\/div>\n\t\t\t\t<\/div>\n\t\t\t\t<div class=\"elementor-element elementor-element-d91d7db elementor-invisible elementor-widget elementor-widget-text-editor\" data-id=\"d91d7db\" data-element_type=\"widget\" data-e-type=\"widget\" data-settings=\"{&quot;_animation&quot;:&quot;slideInRight&quot;}\" data-widget_type=\"text-editor.default\">\n\t\t\t\t<div class=\"elementor-widget-container\">\n\t\t\t\t\t\t\t\t\t<p style=\"text-align: justify;\"><span style=\"color: #a3bccd;\">The Second World War destroyed the independent Republic of Estonia and scattered its population. The Soviet Union occupied Estonia in 1940. Approximately 10,000 people were arrested in the course of the subsequent terror. About another 10,000 people, from infants to the very elderly, were deported from their Estonian homeland to the Soviet Union. Entire families\u00a0<\/span><span style=\"color: #a3bccd;\">were destroyed. Only a few of the arrested people managed to return to their homeland after the war. At least half of the deported people survived.<\/span><\/p>\t\t\t\t\t\t\t\t<\/div>\n\t\t\t\t<\/div>\n\t\t\t\t\t<\/div>\n\t\t\t\t<\/div>\n\t\t<div class=\"elementor-element elementor-element-ebc6522 e-flex e-con-boxed e-con e-parent\" data-id=\"ebc6522\" data-element_type=\"container\" data-e-type=\"container\">\n\t\t\t\t\t<div class=\"e-con-inner\">\n\t\t<div class=\"elementor-element elementor-element-8aeac54 e-con-full e-flex e-con e-child\" data-id=\"8aeac54\" data-element_type=\"container\" data-e-type=\"container\">\n\t\t\t\t<div class=\"elementor-element elementor-element-9b987a2 elementor-invisible elementor-widget elementor-widget-text-editor\" data-id=\"9b987a2\" data-element_type=\"widget\" data-e-type=\"widget\" data-settings=\"{&quot;_animation&quot;:&quot;fadeInRight&quot;}\" data-widget_type=\"text-editor.default\">\n\t\t\t\t<div class=\"elementor-widget-container\">\n\t\t\t\t\t\t\t\t\t<p style=\"text-align: justify;\"><b>Punaarmee j\u00f5udemonstratsioon Riigikogus 22.07.1940, kui kuulutati v\u00e4lja Eesti liitmine N\u00f5ukogude Liiduga.\u00a0<\/b><\/p><p style=\"text-align: justify;\">The Red Army\u2019s show of force at the Riigikogu (Estonian parliament) on 22 July 1940, when Estonia\u2019s unification with the Soviet Union was announced.<\/p><p style=\"text-align: right;\"><strong>Illustratsioon \/ illustration: RA<\/strong><\/p>\t\t\t\t\t\t\t\t<\/div>\n\t\t\t\t<\/div>\n\t\t\t\t<\/div>\n\t\t<div class=\"elementor-element elementor-element-37fa669 e-con-full e-flex e-con e-child\" data-id=\"37fa669\" data-element_type=\"container\" data-e-type=\"container\">\n\t\t\t\t<div class=\"elementor-element elementor-element-f87869a elementor-invisible elementor-widget elementor-widget-image\" data-id=\"f87869a\" data-element_type=\"widget\" data-e-type=\"widget\" data-settings=\"{&quot;_animation&quot;:&quot;fadeInLeft&quot;}\" data-widget_type=\"image.default\">\n\t\t\t\t<div class=\"elementor-widget-container\">\n\t\t\t\t\t\t\t\t\t\t\t\t\t\t\t\t<a href=\"https:\/\/2024.wwii-refugees.ee\/wp-content\/uploads\/2024\/10\/1.jpg\" data-elementor-open-lightbox=\"yes\" data-elementor-lightbox-title=\"1\" data-e-action-hash=\"#elementor-action%3Aaction%3Dlightbox%26settings%3DeyJpZCI6ODY3LCJ1cmwiOiJodHRwczpcL1wvMjAyNC53d2lpLXJlZnVnZWVzLmVlXC93cC1jb250ZW50XC91cGxvYWRzXC8yMDI0XC8xMFwvMS5qcGcifQ%3D%3D\">\n\t\t\t\t\t\t\t<img decoding=\"async\" width=\"667\" height=\"511\" src=\"https:\/\/2024.wwii-refugees.ee\/wp-content\/uploads\/2024\/10\/1.jpg\" class=\"attachment-large size-large wp-image-867\" alt=\"\" srcset=\"https:\/\/2024.wwii-refugees.ee\/wp-content\/uploads\/2024\/10\/1.jpg 667w, https:\/\/2024.wwii-refugees.ee\/wp-content\/uploads\/2024\/10\/1-300x230.jpg 300w\" sizes=\"(max-width: 667px) 100vw, 667px\" \/>\t\t\t\t\t\t\t\t<\/a>\n\t\t\t\t\t\t\t\t\t\t\t\t\t\t\t<\/div>\n\t\t\t\t<\/div>\n\t\t\t\t<\/div>\n\t\t\t\t\t<\/div>\n\t\t\t\t<\/div>\n\t\t<div class=\"elementor-element elementor-element-522d696 e-flex e-con-boxed e-con e-parent\" data-id=\"522d696\" data-element_type=\"container\" data-e-type=\"container\">\n\t\t\t\t\t<div class=\"e-con-inner\">\n\t\t\t\t<div class=\"elementor-element elementor-element-cdb4566 elementor-invisible elementor-widget elementor-widget-text-editor\" data-id=\"cdb4566\" data-element_type=\"widget\" data-e-type=\"widget\" data-settings=\"{&quot;_animation&quot;:&quot;slideInLeft&quot;}\" data-widget_type=\"text-editor.default\">\n\t\t\t\t<div class=\"elementor-widget-container\">\n\t\t\t\t\t\t\t\t\t<p style=\"text-align: justify;\"><strong><span style=\"color: #397c99;\">Rahvusvahelist \u00f5igust eirates mobiliseeriti 1940\u20131941 N\u00f5ukogude Puna\u00adarmeesse ligi 45 000 Eesti kodanikku ning nad kadusid oma perekondade vaatev\u00e4ljast. Osadel \u00f5nnestus p\u00f5geneda, kuid 6000\u20138500 meest suri N\u00f5ukogude tagalas t\u00f6\u00f6pataljonide ebainimlikes tingimustes, tuhanded vahistati, hukati v\u00f5i j\u00e4id s\u00f5jas teadmata kadunuks. Elluj\u00e4\u00e4nud naasid Eestisse 1944 okupatsiooniv\u00e4gede koosseisus.<\/span><\/strong><\/p>\t\t\t\t\t\t\t\t<\/div>\n\t\t\t\t<\/div>\n\t\t\t\t\t<\/div>\n\t\t\t\t<\/div>\n\t\t<div class=\"elementor-element elementor-element-8c0e1e7 e-flex e-con-boxed e-con e-parent\" data-id=\"8c0e1e7\" data-element_type=\"container\" data-e-type=\"container\">\n\t\t\t\t\t<div class=\"e-con-inner\">\n\t\t\t\t<div class=\"elementor-element elementor-element-b756408 elementor-invisible elementor-widget elementor-widget-text-editor\" data-id=\"b756408\" data-element_type=\"widget\" data-e-type=\"widget\" data-settings=\"{&quot;_animation&quot;:&quot;slideInRight&quot;}\" data-widget_type=\"text-editor.default\">\n\t\t\t\t<div class=\"elementor-widget-container\">\n\t\t\t\t\t\t\t\t\t<p style=\"text-align: justify;\"><span style=\"color: #a3bccd;\">Nearly 45,000 Estonian citizens were mobilised into the Soviet Red Army in 1940\u20131941 in disregard of international law. They disappeared from the field of view of their families. Some managed to escape, but 6,000 \u2013 8,500 men died in the Soviet rear area in the inhumane conditions of labour battalions. Thousands were arrested, executed, or went missing in the war. The survi-vors returned to Estonia in 1944 in the ranks of the occupying forces.<\/span><\/p>\t\t\t\t\t\t\t\t<\/div>\n\t\t\t\t<\/div>\n\t\t\t\t\t<\/div>\n\t\t\t\t<\/div>\n\t\t<div class=\"elementor-element elementor-element-1c9bf1f e-flex e-con-boxed e-con e-parent\" data-id=\"1c9bf1f\" data-element_type=\"container\" data-e-type=\"container\" data-settings=\"{&quot;background_background&quot;:&quot;gradient&quot;}\">\n\t\t\t\t\t<div class=\"e-con-inner\">\n\t\t<div class=\"elementor-element elementor-element-10a27e9 e-con-full e-flex e-con e-child\" data-id=\"10a27e9\" data-element_type=\"container\" data-e-type=\"container\">\n\t\t\t\t<div class=\"elementor-element elementor-element-f4165b0 elementor-invisible elementor-widget elementor-widget-image\" data-id=\"f4165b0\" data-element_type=\"widget\" data-e-type=\"widget\" data-settings=\"{&quot;_animation&quot;:&quot;fadeInRight&quot;}\" data-widget_type=\"image.default\">\n\t\t\t\t<div class=\"elementor-widget-container\">\n\t\t\t\t\t\t\t\t\t\t\t\t\t\t\t\t<a href=\"https:\/\/2024.wwii-refugees.ee\/wp-content\/uploads\/2024\/10\/2.jpg\" data-elementor-open-lightbox=\"yes\" data-elementor-lightbox-title=\"2\" data-e-action-hash=\"#elementor-action%3Aaction%3Dlightbox%26settings%3DeyJpZCI6ODg2LCJ1cmwiOiJodHRwczpcL1wvMjAyNC53d2lpLXJlZnVnZWVzLmVlXC93cC1jb250ZW50XC91cGxvYWRzXC8yMDI0XC8xMFwvMi5qcGcifQ%3D%3D\">\n\t\t\t\t\t\t\t<img decoding=\"async\" width=\"805\" height=\"478\" src=\"https:\/\/2024.wwii-refugees.ee\/wp-content\/uploads\/2024\/10\/2.jpg\" class=\"attachment-full size-full wp-image-886\" alt=\"\" srcset=\"https:\/\/2024.wwii-refugees.ee\/wp-content\/uploads\/2024\/10\/2.jpg 805w, https:\/\/2024.wwii-refugees.ee\/wp-content\/uploads\/2024\/10\/2-300x178.jpg 300w, https:\/\/2024.wwii-refugees.ee\/wp-content\/uploads\/2024\/10\/2-768x456.jpg 768w\" sizes=\"(max-width: 805px) 100vw, 805px\" \/>\t\t\t\t\t\t\t\t<\/a>\n\t\t\t\t\t\t\t\t\t\t\t\t\t\t\t<\/div>\n\t\t\t\t<\/div>\n\t\t\t\t<\/div>\n\t\t<div class=\"elementor-element elementor-element-731d4cc e-con-full e-flex e-con e-child\" data-id=\"731d4cc\" data-element_type=\"container\" data-e-type=\"container\">\n\t\t<div class=\"elementor-element elementor-element-040931b e-con-full e-flex e-con e-child\" data-id=\"040931b\" data-element_type=\"container\" data-e-type=\"container\" data-settings=\"{&quot;background_background&quot;:&quot;gradient&quot;}\">\n\t\t\t\t<div class=\"elementor-element elementor-element-29d33aa elementor-invisible elementor-widget elementor-widget-text-editor\" data-id=\"29d33aa\" data-element_type=\"widget\" data-e-type=\"widget\" data-settings=\"{&quot;_animation&quot;:&quot;fadeInLeft&quot;}\" data-widget_type=\"text-editor.default\">\n\t\t\t\t<div class=\"elementor-widget-container\">\n\t\t\t\t\t\t\t\t\t<p style=\"text-align: justify;\"><strong>Sovettide veret\u00f6\u00f6 ohvrid Kuressaare kindluse hoovis 1941. aasta s\u00fcgisel.<\/strong><\/p><p style=\"text-align: justify;\">Victims of a bloodbath carried out by the Soviets in the courtyard of\u00a0Kuressaare Castle in the autumn of 1941.<\/p><p style=\"text-align: right;\"><strong>Illustratsioon \/ illustration: SM<\/strong><\/p>\t\t\t\t\t\t\t\t<\/div>\n\t\t\t\t<\/div>\n\t\t\t\t<\/div>\n\t\t\t\t<\/div>\n\t\t\t\t\t<\/div>\n\t\t\t\t<\/div>\n\t\t<div class=\"elementor-element elementor-element-f0b31f8 e-flex e-con-boxed e-con e-parent\" data-id=\"f0b31f8\" data-element_type=\"container\" data-e-type=\"container\">\n\t\t\t\t\t<div class=\"e-con-inner\">\n\t\t\t\t<div class=\"elementor-element elementor-element-238871d elementor-invisible elementor-widget elementor-widget-text-editor\" data-id=\"238871d\" data-element_type=\"widget\" data-e-type=\"widget\" data-settings=\"{&quot;_animation&quot;:&quot;slideInLeft&quot;}\" data-widget_type=\"text-editor.default\">\n\t\t\t\t<div class=\"elementor-widget-container\">\n\t\t\t\t\t\t\t\t\t<p style=\"text-align: justify;\"><span style=\"color: #397c99;\"><strong>1941. aasta suvel asendus kommunistlik N\u00f5ukogude okupatsioon natsionaalsotsialistliku\u00a0<span style=\"font-family: var( --e-global-typography-text-font-family ), Sans-serif; text-align: var(--text-align); background-color: var(--wp--preset--color--background); font-size: clamp(0.875rem, 0.7916rem + 0.417vw, 1.125rem);\">Saksamaa \u00fclemv\u00f5imuga. V\u00f5imuvahetus tekitas rahvas esmalt\u00a0<\/span><span style=\"font-family: var( --e-global-typography-text-font-family ), Sans-serif; text-align: var(--text-align); background-color: var(--wp--preset--color--background); font-size: clamp(0.875rem, 0.7916rem + 0.417vw, 1.125rem);\">vabanemislootuse, kuid see ei t\u00e4itunud, ja uue terrori k\u00e4igus m\u00f5rvati 8000\u00a0<\/span><span style=\"font-family: var( --e-global-typography-text-font-family ), Sans-serif; text-align: var(--text-align); background-color: var(--wp--preset--color--background); font-size: clamp(0.875rem, 0.7916rem + 0.417vw, 1.125rem);\">Eesti inimest. Paljud arreteeriti, kahtlustatuna koost\u00f6\u00f6s kommunistidega.\u00a0<\/span><span style=\"font-family: var( --e-global-typography-text-font-family ), Sans-serif; text-align: var(--text-align); background-color: var(--wp--preset--color--background); font-size: clamp(0.875rem, 0.7916rem + 0.417vw, 1.125rem);\">Reaktsioonina N\u00f5ukogude terrorile astusid sajad eestlased vabatahtlikuna\u00a0<\/span><span style=\"font-family: var( --e-global-typography-text-font-family ), Sans-serif; text-align: var(--text-align); background-color: var(--wp--preset--color--background); font-size: clamp(0.875rem, 0.7916rem + 0.417vw, 1.125rem);\">Saksamaa poolel relvateenistusse, soovides k\u00e4tte maksta ja lootes Venemaale\u00a0<\/span><span style=\"font-family: var( --e-global-typography-text-font-family ), Sans-serif; text-align: var(--text-align); background-color: var(--wp--preset--color--background); font-size: clamp(0.875rem, 0.7916rem + 0.417vw, 1.125rem);\">tungides vabastada l\u00e4hedased. Lisaks hakkas ka uus okupatsiooniv\u00f5im\u00a0<\/span><span style=\"font-family: var( --e-global-typography-text-font-family ), Sans-serif; text-align: var(--text-align); background-color: var(--wp--preset--color--background); font-size: clamp(0.875rem, 0.7916rem + 0.417vw, 1.125rem);\">rahvusvahelist\u00a0<\/span><span style=\"font-family: var( --e-global-typography-text-font-family ), Sans-serif; text-align: var(--text-align); background-color: var(--wp--preset--color--background); font-size: clamp(0.875rem, 0.7916rem + 0.417vw, 1.125rem);\">\u00f5igust v\u00e4\u00e4nates eestlasi oma relvaj\u00f5ududesse mobiliseerima.<\/span><\/strong><\/span><\/p>\t\t\t\t\t\t\t\t<\/div>\n\t\t\t\t<\/div>\n\t\t\t\t\t<\/div>\n\t\t\t\t<\/div>\n\t\t<div class=\"elementor-element elementor-element-b9d2b44 e-flex e-con-boxed e-con e-parent\" data-id=\"b9d2b44\" data-element_type=\"container\" data-e-type=\"container\">\n\t\t\t\t\t<div class=\"e-con-inner\">\n\t\t\t\t<div class=\"elementor-element elementor-element-dee070f elementor-invisible elementor-widget elementor-widget-text-editor\" data-id=\"dee070f\" data-element_type=\"widget\" data-e-type=\"widget\" data-settings=\"{&quot;_animation&quot;:&quot;slideInRight&quot;}\" data-widget_type=\"text-editor.default\">\n\t\t\t\t<div class=\"elementor-widget-container\">\n\t\t\t\t\t\t\t\t\t<p style=\"text-align: justify;\"><span style=\"color: #a3bccd;\">In the summer of 1941, the communist Soviet occupation was replaced by that\u00a0<span style=\"font-family: var( --e-global-typography-text-font-family ), Sans-serif; font-weight: var( --e-global-typography-text-font-weight ); text-align: var(--text-align); background-color: var(--wp--preset--color--background); font-size: clamp(0.875rem, 0.7916rem + 0.417vw, 1.125rem);\">of National Socialist Germany. The change in power initially inspired hope for\u00a0<\/span><span style=\"font-family: var( --e-global-typography-text-font-family ), Sans-serif; font-weight: var( --e-global-typography-text-font-weight ); text-align: var(--text-align); background-color: var(--wp--preset--color--background); font-size: clamp(0.875rem, 0.7916rem + 0.417vw, 1.125rem);\">liberation among the population but that did not materialise. In the course of\u00a0<\/span><span style=\"font-family: var( --e-global-typography-text-font-family ), Sans-serif; font-weight: var( --e-global-typography-text-font-weight ); text-align: var(--text-align); background-color: var(--wp--preset--color--background); font-size: clamp(0.875rem, 0.7916rem + 0.417vw, 1.125rem);\">a new wave of terror, 8,000 Estonian people were murdered. Many were arrested\u00a0<\/span><span style=\"font-family: var( --e-global-typography-text-font-family ), Sans-serif; font-weight: var( --e-global-typography-text-font-weight ); text-align: var(--text-align); background-color: var(--wp--preset--color--background); font-size: clamp(0.875rem, 0.7916rem + 0.417vw, 1.125rem);\">on suspicion of collaboration with communists. Hundreds of Estonians\u00a0<\/span><span style=\"font-family: var( --e-global-typography-text-font-family ), Sans-serif; font-weight: var( --e-global-typography-text-font-weight ); text-align: var(--text-align); background-color: var(--wp--preset--color--background); font-size: clamp(0.875rem, 0.7916rem + 0.417vw, 1.125rem);\">enlisted in the armed services on the side of Germany in reaction to the Soviet\u00a0<\/span><span style=\"font-family: var( --e-global-typography-text-font-family ), Sans-serif; font-weight: var( --e-global-typography-text-font-weight ); text-align: var(--text-align); background-color: var(--wp--preset--color--background); font-size: clamp(0.875rem, 0.7916rem + 0.417vw, 1.125rem);\">terror, with the desire to exact revenge and hoping to free their close relatives\u00a0<\/span><span style=\"font-family: var( --e-global-typography-text-font-family ), Sans-serif; font-weight: var( --e-global-typography-text-font-weight ); text-align: var(--text-align); background-color: var(--wp--preset--color--background); font-size: clamp(0.875rem, 0.7916rem + 0.417vw, 1.125rem);\">by invading Russia. Additionally, the new occupying regime also started mobilising\u00a0<\/span><span style=\"font-family: var( --e-global-typography-text-font-family ), Sans-serif; font-weight: var( --e-global-typography-text-font-weight ); text-align: var(--text-align); background-color: var(--wp--preset--color--background); font-size: clamp(0.875rem, 0.7916rem + 0.417vw, 1.125rem);\">Estonians into its armed forces, thus distorting international law.<\/span><\/span><\/p>\t\t\t\t\t\t\t\t<\/div>\n\t\t\t\t<\/div>\n\t\t\t\t\t<\/div>\n\t\t\t\t<\/div>\n\t\t<div class=\"elementor-element elementor-element-a38407a e-flex e-con-boxed e-con e-parent\" data-id=\"a38407a\" data-element_type=\"container\" data-e-type=\"container\">\n\t\t\t\t\t<div class=\"e-con-inner\">\n\t\t<div class=\"elementor-element elementor-element-2c55f53 e-con-full e-flex e-con e-child\" data-id=\"2c55f53\" data-element_type=\"container\" data-e-type=\"container\">\n\t\t\t\t<div class=\"elementor-element elementor-element-dcf7222 elementor-invisible elementor-widget elementor-widget-text-editor\" data-id=\"dcf7222\" data-element_type=\"widget\" data-e-type=\"widget\" data-settings=\"{&quot;_animation&quot;:&quot;fadeInRight&quot;}\" data-widget_type=\"text-editor.default\">\n\t\t\t\t<div class=\"elementor-widget-container\">\n\t\t\t\t\t\t\t\t\t<p style=\"text-align: justify;\"><strong>Eestimaa kindralkomissar K. S. Litzmann ja Eesti Omavalitsuse\u00a0juht Hjalmar M\u00e4e kohtuvad 1942. a Viljandi s\u00f5javangilaagris\u00a0Punaarmee poolelt \u00fcle tulnud eestlastega.\u00a0<\/strong><\/p><p style=\"text-align: justify;\">The General Commissar of Estonia K. S. Litzmann and the leader\u00a0of the Estonian Omavalitsus (Self-Administration) Hjalmar M\u00e4e\u00a0meet with Estonians who have defected from the side of the\u00a0Red Army at a prisoner of war camp in Viljandi in 1942.<\/p><p style=\"text-align: right;\"><strong>Illustratsioon \/ illustration: RA<\/strong><\/p>\t\t\t\t\t\t\t\t<\/div>\n\t\t\t\t<\/div>\n\t\t\t\t<\/div>\n\t\t<div class=\"elementor-element elementor-element-4cf1e41 e-con-full e-flex e-con e-child\" data-id=\"4cf1e41\" data-element_type=\"container\" data-e-type=\"container\">\n\t\t\t\t<div class=\"elementor-element elementor-element-88f1fec elementor-invisible elementor-widget elementor-widget-image\" data-id=\"88f1fec\" data-element_type=\"widget\" data-e-type=\"widget\" data-settings=\"{&quot;_animation&quot;:&quot;fadeInLeft&quot;}\" data-widget_type=\"image.default\">\n\t\t\t\t<div class=\"elementor-widget-container\">\n\t\t\t\t\t\t\t\t\t\t\t\t\t\t\t\t<a href=\"https:\/\/2024.wwii-refugees.ee\/wp-content\/uploads\/2024\/10\/3.jpg\" data-elementor-open-lightbox=\"yes\" data-elementor-lightbox-title=\"3\" data-e-action-hash=\"#elementor-action%3Aaction%3Dlightbox%26settings%3DeyJpZCI6OTAxLCJ1cmwiOiJodHRwczpcL1wvMjAyNC53d2lpLXJlZnVnZWVzLmVlXC93cC1jb250ZW50XC91cGxvYWRzXC8yMDI0XC8xMFwvMy5qcGcifQ%3D%3D\">\n\t\t\t\t\t\t\t<img loading=\"lazy\" decoding=\"async\" width=\"779\" height=\"490\" src=\"https:\/\/2024.wwii-refugees.ee\/wp-content\/uploads\/2024\/10\/3.jpg\" class=\"attachment-large size-large wp-image-901\" alt=\"\" srcset=\"https:\/\/2024.wwii-refugees.ee\/wp-content\/uploads\/2024\/10\/3.jpg 779w, https:\/\/2024.wwii-refugees.ee\/wp-content\/uploads\/2024\/10\/3-300x189.jpg 300w, https:\/\/2024.wwii-refugees.ee\/wp-content\/uploads\/2024\/10\/3-768x483.jpg 768w\" sizes=\"(max-width: 779px) 100vw, 779px\" \/>\t\t\t\t\t\t\t\t<\/a>\n\t\t\t\t\t\t\t\t\t\t\t\t\t\t\t<\/div>\n\t\t\t\t<\/div>\n\t\t\t\t<\/div>\n\t\t\t\t\t<\/div>\n\t\t\t\t<\/div>\n\t\t<div class=\"elementor-element elementor-element-3f41c24 e-flex e-con-boxed e-con e-parent\" data-id=\"3f41c24\" data-element_type=\"container\" data-e-type=\"container\">\n\t\t\t\t\t<div class=\"e-con-inner\">\n\t\t\t\t<div class=\"elementor-element elementor-element-ece8d86 elementor-invisible elementor-widget elementor-widget-text-editor\" data-id=\"ece8d86\" data-element_type=\"widget\" data-e-type=\"widget\" data-settings=\"{&quot;_animation&quot;:&quot;slideInLeft&quot;}\" data-widget_type=\"text-editor.default\">\n\t\t\t\t<div class=\"elementor-widget-container\">\n\t\t\t\t\t\t\t\t\t<p style=\"text-align: justify;\"><strong><span style=\"color: #397c99;\">1943. aastast hakkas eestlaste hulgas levima kartus, et sakslased j\u00e4tavad Baltikumi maha ja nad j\u00e4etakse kommunistide meelevalda. Loodeti, et Saksa v\u00f5imud v\u00f5imaldavad eestlastel evakueeruda Saksamaale ning annavad relvi oma piiride kaitseks. Rootsi ja Saksa v\u00f5imude kokkuleppel lubati enam kui neljal tuhandel Eesti l\u00e4\u00e4nerannikul ja saartel elanud eestirootslasel 1943\u20131944 oma ajaloolisele kodumaale evakueeruda, koos nendega lahkus juba ka hulk eestlasi.<\/span><\/strong><\/p>\t\t\t\t\t\t\t\t<\/div>\n\t\t\t\t<\/div>\n\t\t\t\t\t<\/div>\n\t\t\t\t<\/div>\n\t\t<div class=\"elementor-element elementor-element-f2bc876 e-flex e-con-boxed e-con e-parent\" data-id=\"f2bc876\" data-element_type=\"container\" data-e-type=\"container\">\n\t\t\t\t\t<div class=\"e-con-inner\">\n\t\t\t\t<div class=\"elementor-element elementor-element-61a8706 elementor-invisible elementor-widget elementor-widget-text-editor\" data-id=\"61a8706\" data-element_type=\"widget\" data-e-type=\"widget\" data-settings=\"{&quot;_animation&quot;:&quot;slideInRight&quot;}\" data-widget_type=\"text-editor.default\">\n\t\t\t\t<div class=\"elementor-widget-container\">\n\t\t\t\t\t\t\t\t\t<p style=\"text-align: justify;\"><span style=\"color: #a3bccd;\">In 1943, the fear started spreading among Estonians that the Germans would abandon the Baltic states and that they would be left at the mercy of the communists. It was hoped that the German authorities would enable Estonians to evacuate to Germany and provide arms for the defence of their borders. The Swedish and German authorities agreed to allow more than four thousand Estonian Swedes living on the western coast and islands of Estonia to evacuate to their historical homeland in 1943\u20131944. A number of Estonians left together with them.<\/span><\/p>\t\t\t\t\t\t\t\t<\/div>\n\t\t\t\t<\/div>\n\t\t\t\t\t<\/div>\n\t\t\t\t<\/div>\n\t\t<div class=\"elementor-element elementor-element-6f82914 e-flex e-con-boxed e-con e-parent\" data-id=\"6f82914\" data-element_type=\"container\" data-e-type=\"container\" data-settings=\"{&quot;background_background&quot;:&quot;gradient&quot;}\">\n\t\t\t\t\t<div class=\"e-con-inner\">\n\t\t<div class=\"elementor-element elementor-element-986720c e-con-full e-flex e-con e-child\" data-id=\"986720c\" data-element_type=\"container\" data-e-type=\"container\">\n\t\t\t\t<div class=\"elementor-element elementor-element-c39395f elementor-invisible elementor-widget elementor-widget-image\" data-id=\"c39395f\" data-element_type=\"widget\" data-e-type=\"widget\" data-settings=\"{&quot;_animation&quot;:&quot;fadeInRight&quot;}\" data-widget_type=\"image.default\">\n\t\t\t\t<div class=\"elementor-widget-container\">\n\t\t\t\t\t\t\t\t\t\t\t\t\t\t\t\t<a href=\"https:\/\/2024.wwii-refugees.ee\/wp-content\/uploads\/2024\/10\/4.jpg\" data-elementor-open-lightbox=\"yes\" data-elementor-lightbox-title=\"4\" data-e-action-hash=\"#elementor-action%3Aaction%3Dlightbox%26settings%3DeyJpZCI6OTA5LCJ1cmwiOiJodHRwczpcL1wvMjAyNC53d2lpLXJlZnVnZWVzLmVlXC93cC1jb250ZW50XC91cGxvYWRzXC8yMDI0XC8xMFwvNC5qcGcifQ%3D%3D\">\n\t\t\t\t\t\t\t<img loading=\"lazy\" decoding=\"async\" width=\"749\" height=\"533\" src=\"https:\/\/2024.wwii-refugees.ee\/wp-content\/uploads\/2024\/10\/4.jpg\" class=\"attachment-full size-full wp-image-909\" alt=\"\" srcset=\"https:\/\/2024.wwii-refugees.ee\/wp-content\/uploads\/2024\/10\/4.jpg 749w, https:\/\/2024.wwii-refugees.ee\/wp-content\/uploads\/2024\/10\/4-300x213.jpg 300w\" sizes=\"(max-width: 749px) 100vw, 749px\" \/>\t\t\t\t\t\t\t\t<\/a>\n\t\t\t\t\t\t\t\t\t\t\t\t\t\t\t<\/div>\n\t\t\t\t<\/div>\n\t\t\t\t<\/div>\n\t\t<div class=\"elementor-element elementor-element-4aa3a4d e-con-full e-flex e-con e-child\" data-id=\"4aa3a4d\" data-element_type=\"container\" data-e-type=\"container\">\n\t\t<div class=\"elementor-element elementor-element-9219d37 e-con-full e-flex e-con e-child\" data-id=\"9219d37\" data-element_type=\"container\" data-e-type=\"container\" data-settings=\"{&quot;background_background&quot;:&quot;gradient&quot;}\">\n\t\t\t\t<div class=\"elementor-element elementor-element-f8afe51 elementor-invisible elementor-widget elementor-widget-text-editor\" data-id=\"f8afe51\" data-element_type=\"widget\" data-e-type=\"widget\" data-settings=\"{&quot;_animation&quot;:&quot;fadeInLeft&quot;}\" data-widget_type=\"text-editor.default\">\n\t\t\t\t<div class=\"elementor-widget-container\">\n\t\t\t\t\t\t\t\t\t<p style=\"text-align: justify;\"><strong>Eestirootslaste lahkumine Eestist Rootsi, 28. august 1944.<\/strong><\/p><p style=\"text-align: justify;\">The departure of Estonian Swedes from Estonia to Sweden,\u00a0August 28, 1944.<\/p><p style=\"text-align: right;\"><strong>Illustratsioon \/ illustration: RA<\/strong><\/p>\t\t\t\t\t\t\t\t<\/div>\n\t\t\t\t<\/div>\n\t\t\t\t<\/div>\n\t\t<div class=\"elementor-element elementor-element-1a1af8d e-con-full e-flex e-con e-child\" data-id=\"1a1af8d\" data-element_type=\"container\" data-e-type=\"container\">\n\t\t\t\t<\/div>\n\t\t\t\t<\/div>\n\t\t\t\t\t<\/div>\n\t\t\t\t<\/div>\n\t\t<div class=\"elementor-element elementor-element-c71c3cd e-flex e-con-boxed e-con e-parent\" data-id=\"c71c3cd\" data-element_type=\"container\" data-e-type=\"container\">\n\t\t\t\t\t<div class=\"e-con-inner\">\n\t\t\t\t<div class=\"elementor-element elementor-element-4e066e1 elementor-invisible elementor-widget elementor-widget-text-editor\" data-id=\"4e066e1\" data-element_type=\"widget\" data-e-type=\"widget\" data-settings=\"{&quot;_animation&quot;:&quot;slideInLeft&quot;}\" data-widget_type=\"text-editor.default\">\n\t\t\t\t<div class=\"elementor-widget-container\">\n\t\t\t\t\t\t\t\t\t<p style=\"text-align: justify;\"><span style=\"color: #397c99;\"><strong>Sajad mehed ei soovinud kommunismi vastu v\u00f5idelda Saksa mundris ning p\u00f5genesid karmist keelust hoolimata Soome, liitusid sealse armeega ja on saanud tuntuks soomepoiste nime all. Koos meestega p\u00f5genes 1943. aastal \u00fcle Soome lahe ka hulk naisi ja lapsi, nii et soomlastel tekkis tunne, et kogu P\u00f5hja-\u00adEesti rannik j\u00e4\u00e4b inimt\u00fchjaks.<\/strong><\/span><\/p>\t\t\t\t\t\t\t\t<\/div>\n\t\t\t\t<\/div>\n\t\t\t\t\t<\/div>\n\t\t\t\t<\/div>\n\t\t<div class=\"elementor-element elementor-element-c65b000 e-flex e-con-boxed e-con e-parent\" data-id=\"c65b000\" data-element_type=\"container\" data-e-type=\"container\">\n\t\t\t\t\t<div class=\"e-con-inner\">\n\t\t\t\t<div class=\"elementor-element elementor-element-445876e elementor-invisible elementor-widget elementor-widget-text-editor\" data-id=\"445876e\" data-element_type=\"widget\" data-e-type=\"widget\" data-settings=\"{&quot;_animation&quot;:&quot;slideInRight&quot;}\" data-widget_type=\"text-editor.default\">\n\t\t\t\t<div class=\"elementor-widget-container\">\n\t\t\t\t\t\t\t\t\t<p style=\"text-align: justify;\"><span style=\"color: #a3bccd;\">Hundreds of men did not want to fight communism in German uniform and regardless of strict prohibition, they fled to Finland, joined the army there, and became known as the soomepoisid (Finnish Boys). A large number of women and children also fled across the Gulf of Finland together with the men in 1943 so that the Finns got the feeling that the entire coast of Northern Estonia would become deserted.<\/span><\/p>\t\t\t\t\t\t\t\t<\/div>\n\t\t\t\t<\/div>\n\t\t\t\t\t<\/div>\n\t\t\t\t<\/div>\n\t\t<div class=\"elementor-element elementor-element-60040be e-flex e-con-boxed e-con e-parent\" data-id=\"60040be\" data-element_type=\"container\" data-e-type=\"container\">\n\t\t\t\t\t<div class=\"e-con-inner\">\n\t\t<div class=\"elementor-element elementor-element-73afc31 e-con-full e-flex e-con e-child\" data-id=\"73afc31\" data-element_type=\"container\" data-e-type=\"container\">\n\t\t\t\t<div class=\"elementor-element elementor-element-050f1bb elementor-invisible elementor-widget elementor-widget-text-editor\" data-id=\"050f1bb\" data-element_type=\"widget\" data-e-type=\"widget\" data-settings=\"{&quot;_animation&quot;:&quot;fadeInRight&quot;}\" data-widget_type=\"text-editor.default\">\n\t\t\t\t<div class=\"elementor-widget-container\">\n\t\t\t\t\t\t\t\t\t<p style=\"text-align: justify;\"><strong><span style=\"color: #397c99;\">Soome j\u00f5udnud Eesti s\u00f5jap\u00f5genikud paigutati Helsingi l\u00e4hedale Jollase m\u00f5isa. Mai 2024.<\/span><\/strong><\/p><p style=\"text-align: justify;\"><span style=\"color: #a3bccd;\">The Estonian war refugees who reached Finland were placed at Jollas Manor near Helsinki. May 2024<\/span><\/p><p style=\"text-align: right;\"><span style=\"color: #397c99;\"><strong>Illustratsioon: erakogu, autor: H. Tammela Illustration: private collection, author: H. Tammela<\/strong><\/span><\/p>\t\t\t\t\t\t\t\t<\/div>\n\t\t\t\t<\/div>\n\t\t\t\t<\/div>\n\t\t<div class=\"elementor-element elementor-element-f79a67c e-con-full e-flex e-con e-child\" data-id=\"f79a67c\" data-element_type=\"container\" data-e-type=\"container\">\n\t\t\t\t<div class=\"elementor-element elementor-element-2dd401b elementor-invisible elementor-widget elementor-widget-image\" data-id=\"2dd401b\" data-element_type=\"widget\" data-e-type=\"widget\" data-settings=\"{&quot;_animation&quot;:&quot;fadeInLeft&quot;}\" data-widget_type=\"image.default\">\n\t\t\t\t<div class=\"elementor-widget-container\">\n\t\t\t\t\t\t\t\t\t\t\t\t\t\t\t\t<a href=\"https:\/\/2024.wwii-refugees.ee\/wp-content\/uploads\/2024\/10\/5.jpg\" data-elementor-open-lightbox=\"yes\" data-elementor-lightbox-title=\"5\" data-e-action-hash=\"#elementor-action%3Aaction%3Dlightbox%26settings%3DeyJpZCI6OTE4LCJ1cmwiOiJodHRwczpcL1wvMjAyNC53d2lpLXJlZnVnZWVzLmVlXC93cC1jb250ZW50XC91cGxvYWRzXC8yMDI0XC8xMFwvNS5qcGcifQ%3D%3D\">\n\t\t\t\t\t\t\t<img loading=\"lazy\" decoding=\"async\" width=\"769\" height=\"451\" src=\"https:\/\/2024.wwii-refugees.ee\/wp-content\/uploads\/2024\/10\/5.jpg\" class=\"attachment-large size-large wp-image-918\" alt=\"\" srcset=\"https:\/\/2024.wwii-refugees.ee\/wp-content\/uploads\/2024\/10\/5.jpg 769w, https:\/\/2024.wwii-refugees.ee\/wp-content\/uploads\/2024\/10\/5-300x176.jpg 300w\" sizes=\"(max-width: 769px) 100vw, 769px\" \/>\t\t\t\t\t\t\t\t<\/a>\n\t\t\t\t\t\t\t\t\t\t\t\t\t\t\t<\/div>\n\t\t\t\t<\/div>\n\t\t\t\t<\/div>\n\t\t\t\t\t<\/div>\n\t\t\t\t<\/div>\n\t\t<div class=\"elementor-element elementor-element-1525568 e-flex e-con-boxed e-con e-parent\" data-id=\"1525568\" data-element_type=\"container\" data-e-type=\"container\" data-settings=\"{&quot;background_background&quot;:&quot;gradient&quot;}\">\n\t\t\t\t\t<div class=\"e-con-inner\">\n\t\t<div class=\"elementor-element elementor-element-b4a048f e-con-full e-flex e-con e-child\" data-id=\"b4a048f\" data-element_type=\"container\" data-e-type=\"container\">\n\t\t\t\t<div class=\"elementor-element elementor-element-e21e1cb elementor-invisible elementor-widget elementor-widget-image\" data-id=\"e21e1cb\" data-element_type=\"widget\" data-e-type=\"widget\" data-settings=\"{&quot;_animation&quot;:&quot;fadeInRight&quot;}\" data-widget_type=\"image.default\">\n\t\t\t\t<div class=\"elementor-widget-container\">\n\t\t\t\t\t\t\t\t\t\t\t\t\t\t\t\t<a href=\"https:\/\/2024.wwii-refugees.ee\/wp-content\/uploads\/2024\/12\/1.png\" data-elementor-open-lightbox=\"yes\" data-elementor-lightbox-title=\"1\" data-e-action-hash=\"#elementor-action%3Aaction%3Dlightbox%26settings%3DeyJpZCI6OTM2LCJ1cmwiOiJodHRwczpcL1wvMjAyNC53d2lpLXJlZnVnZWVzLmVlXC93cC1jb250ZW50XC91cGxvYWRzXC8yMDI0XC8xMlwvMS5wbmcifQ%3D%3D\">\n\t\t\t\t\t\t\t<img loading=\"lazy\" decoding=\"async\" width=\"1310\" height=\"950\" src=\"https:\/\/2024.wwii-refugees.ee\/wp-content\/uploads\/2024\/12\/1.png\" class=\"attachment-full size-full wp-image-936\" alt=\"\" srcset=\"https:\/\/2024.wwii-refugees.ee\/wp-content\/uploads\/2024\/12\/1.png 1310w, https:\/\/2024.wwii-refugees.ee\/wp-content\/uploads\/2024\/12\/1-300x218.png 300w, https:\/\/2024.wwii-refugees.ee\/wp-content\/uploads\/2024\/12\/1-1024x743.png 1024w, https:\/\/2024.wwii-refugees.ee\/wp-content\/uploads\/2024\/12\/1-768x557.png 768w\" sizes=\"(max-width: 1310px) 100vw, 1310px\" \/>\t\t\t\t\t\t\t\t<\/a>\n\t\t\t\t\t\t\t\t\t\t\t\t\t\t\t<\/div>\n\t\t\t\t<\/div>\n\t\t\t\t<\/div>\n\t\t<div class=\"elementor-element elementor-element-fcb510a e-con-full e-flex e-con e-child\" data-id=\"fcb510a\" data-element_type=\"container\" data-e-type=\"container\">\n\t\t<div class=\"elementor-element elementor-element-d50b4af e-con-full e-flex e-con e-child\" data-id=\"d50b4af\" data-element_type=\"container\" data-e-type=\"container\" data-settings=\"{&quot;background_background&quot;:&quot;gradient&quot;}\">\n\t\t\t\t<div class=\"elementor-element elementor-element-9cb9167 elementor-invisible elementor-widget elementor-widget-text-editor\" data-id=\"9cb9167\" data-element_type=\"widget\" data-e-type=\"widget\" data-settings=\"{&quot;_animation&quot;:&quot;fadeInLeft&quot;}\" data-widget_type=\"text-editor.default\">\n\t\t\t\t<div class=\"elementor-widget-container\">\n\t\t\t\t\t\t\t\t\t<p style=\"text-align: justify;\"><strong><span style=\"color: #397c99;\">Vabatahtlikud \u00c4ksist astuvad1942. aastal Eesti Leegioni.<\/span><\/strong><\/p><p style=\"text-align: justify;\">Volunteers from \u00c4ksi enlist in the Estonian Legion in 1942.<\/p><p style=\"text-align: right;\"><span style=\"color: #397c99;\"><strong>Illustratsioon: RA, autor: K.Hintzer<\/strong><\/span><\/p><p style=\"text-align: right;\"><span style=\"color: #397c99;\"><strong>Illustration: RA, author: K.Hintzer<\/strong><\/span><\/p>\t\t\t\t\t\t\t\t<\/div>\n\t\t\t\t<\/div>\n\t\t\t\t<\/div>\n\t\t<div class=\"elementor-element elementor-element-d99cd38 e-con-full e-flex e-con e-child\" data-id=\"d99cd38\" data-element_type=\"container\" data-e-type=\"container\">\n\t\t\t\t<\/div>\n\t\t\t\t<\/div>\n\t\t\t\t\t<\/div>\n\t\t\t\t<\/div>\n\t\t<div class=\"elementor-element elementor-element-6d7ae4a e-flex e-con-boxed e-con e-parent\" data-id=\"6d7ae4a\" data-element_type=\"container\" data-e-type=\"container\">\n\t\t\t\t\t<div class=\"e-con-inner\">\n\t\t\t\t<div class=\"elementor-element elementor-element-1436425 elementor-invisible elementor-widget elementor-widget-text-editor\" data-id=\"1436425\" data-element_type=\"widget\" data-e-type=\"widget\" data-settings=\"{&quot;_animation&quot;:&quot;slideInLeft&quot;}\" data-widget_type=\"text-editor.default\">\n\t\t\t\t<div class=\"elementor-widget-container\">\n\t\t\t\t\t\t\t\t\t<p style=\"text-align: justify;\"><span style=\"color: #397c99;\"><strong>1944. aasta jaanuaris j\u00f5udis Punaarmee Narva juures taas Eesti piirideni ja valdav osa linna elanikke evakueeriti, l\u00fckates liikuma sisemaise p\u00f5genike laine. Hirm naasva punaterrori ees viis osa mehi taas vabatahtlikult Saksa relvateenistusse, teisi kallutas see alluma mobilisatsioonik\u00e4sule. S\u00f5ja kestel teenis Saksa relva\u00fcksustes kokku ligikaudu 50 000 eestlast.<\/strong><\/span><\/p>\t\t\t\t\t\t\t\t<\/div>\n\t\t\t\t<\/div>\n\t\t\t\t\t<\/div>\n\t\t\t\t<\/div>\n\t\t<div class=\"elementor-element elementor-element-f376086 e-flex e-con-boxed e-con e-parent\" data-id=\"f376086\" data-element_type=\"container\" data-e-type=\"container\">\n\t\t\t\t\t<div class=\"e-con-inner\">\n\t\t\t\t<div class=\"elementor-element elementor-element-0cb7f77 elementor-invisible elementor-widget elementor-widget-text-editor\" data-id=\"0cb7f77\" data-element_type=\"widget\" data-e-type=\"widget\" data-settings=\"{&quot;_animation&quot;:&quot;slideInRight&quot;}\" data-widget_type=\"text-editor.default\">\n\t\t\t\t<div class=\"elementor-widget-container\">\n\t\t\t\t\t\t\t\t\t<p style=\"text-align: justify;\"><span style=\"color: #a3bccd;\">In January of 1944, the Red Army once again reached Estonia\u2019s borders at Narva and the vast majority of the city\u2019s population was evacuated, starting up a wave of people fleeing within Estonia. Fear of the return of Red Terror caused some men to voluntarily enlist in the German armed forces and<br \/>disposed others to obey mobilisation orders. Over the course of the war, a total of roughly 50,000 Estonians served in German armed units.<\/span><\/p>\t\t\t\t\t\t\t\t<\/div>\n\t\t\t\t<\/div>\n\t\t\t\t\t<\/div>\n\t\t\t\t<\/div>\n\t\t<div class=\"elementor-element elementor-element-e8d15e5 e-flex e-con-boxed e-con e-parent\" data-id=\"e8d15e5\" data-element_type=\"container\" data-e-type=\"container\">\n\t\t\t\t\t<div class=\"e-con-inner\">\n\t\t<div class=\"elementor-element elementor-element-4f847bb e-con-full e-flex e-con e-child\" data-id=\"4f847bb\" data-element_type=\"container\" data-e-type=\"container\">\n\t\t\t\t<div class=\"elementor-element elementor-element-1610154 elementor-invisible elementor-widget elementor-widget-text-editor\" data-id=\"1610154\" data-element_type=\"widget\" data-e-type=\"widget\" data-settings=\"{&quot;_animation&quot;:&quot;fadeInRight&quot;}\" data-widget_type=\"text-editor.default\">\n\t\t\t\t<div class=\"elementor-widget-container\">\n\t\t\t\t\t\t\t\t\t<p><strong><span style=\"color: #397c99;\">Tallinna linna t\u00e4nav p\u00e4rast 1944. aasta m\u00e4rtsi pommitamist.<\/span><\/strong><\/p><p><span style=\"color: #a3bccd;\">A street in Tallinn after the bombing raids of March, 1944.<\/span><\/p><p style=\"text-align: right;\"><span style=\"color: #397c99;\"><strong>Illustratsioon \/ illustration: TLA<\/strong><\/span><\/p>\t\t\t\t\t\t\t\t<\/div>\n\t\t\t\t<\/div>\n\t\t\t\t<\/div>\n\t\t<div class=\"elementor-element elementor-element-7b347c2 e-con-full e-flex e-con e-child\" data-id=\"7b347c2\" data-element_type=\"container\" data-e-type=\"container\">\n\t\t\t\t<div class=\"elementor-element elementor-element-c83cde0 elementor-invisible elementor-widget elementor-widget-image\" data-id=\"c83cde0\" data-element_type=\"widget\" data-e-type=\"widget\" data-settings=\"{&quot;_animation&quot;:&quot;fadeInLeft&quot;}\" data-widget_type=\"image.default\">\n\t\t\t\t<div class=\"elementor-widget-container\">\n\t\t\t\t\t\t\t\t\t\t\t\t\t\t\t\t<a href=\"https:\/\/2024.wwii-refugees.ee\/wp-content\/uploads\/2024\/12\/2.png\" data-elementor-open-lightbox=\"yes\" data-elementor-lightbox-title=\"2\" data-e-action-hash=\"#elementor-action%3Aaction%3Dlightbox%26settings%3DeyJpZCI6OTM3LCJ1cmwiOiJodHRwczpcL1wvMjAyNC53d2lpLXJlZnVnZWVzLmVlXC93cC1jb250ZW50XC91cGxvYWRzXC8yMDI0XC8xMlwvMi5wbmcifQ%3D%3D\">\n\t\t\t\t\t\t\t<img loading=\"lazy\" decoding=\"async\" width=\"1024\" height=\"712\" src=\"https:\/\/2024.wwii-refugees.ee\/wp-content\/uploads\/2024\/12\/2-1024x712.png\" class=\"attachment-large size-large wp-image-937\" alt=\"\" srcset=\"https:\/\/2024.wwii-refugees.ee\/wp-content\/uploads\/2024\/12\/2-1024x712.png 1024w, https:\/\/2024.wwii-refugees.ee\/wp-content\/uploads\/2024\/12\/2-300x208.png 300w, https:\/\/2024.wwii-refugees.ee\/wp-content\/uploads\/2024\/12\/2-768x534.png 768w, https:\/\/2024.wwii-refugees.ee\/wp-content\/uploads\/2024\/12\/2.png 1314w\" sizes=\"(max-width: 1024px) 100vw, 1024px\" \/>\t\t\t\t\t\t\t\t<\/a>\n\t\t\t\t\t\t\t\t\t\t\t\t\t\t\t<\/div>\n\t\t\t\t<\/div>\n\t\t\t\t<\/div>\n\t\t\t\t\t<\/div>\n\t\t\t\t<\/div>\n\t\t<div class=\"elementor-element elementor-element-67c6032 e-flex e-con-boxed e-con e-parent\" data-id=\"67c6032\" data-element_type=\"container\" data-e-type=\"container\">\n\t\t\t\t\t<div class=\"e-con-inner\">\n\t\t\t\t<div class=\"elementor-element elementor-element-e9484e3 elementor-invisible elementor-widget elementor-widget-text-editor\" data-id=\"e9484e3\" data-element_type=\"widget\" data-e-type=\"widget\" data-settings=\"{&quot;_animation&quot;:&quot;slideInLeft&quot;}\" data-widget_type=\"text-editor.default\">\n\t\t\t\t<div class=\"elementor-widget-container\">\n\t\t\t\t\t\t\t\t\t<p style=\"text-align: justify;\"><span style=\"color: #397c99;\"><strong>9.\u201310. m\u00e4rtsini tabas Tallinna ulatuslik pommir\u00fcnnak, mis h\u00e4vitas ligi kolmandiku linna elamispinnast ja sundis paljud perekonnad lahkuma. Suveks valdas inimesi \u00fcha kasvav rahutus, mida t\u00f5ukasid tagant mitmed m\u00e4rgid: Saksa v\u00f5imuesindajate perekonnad lahkusid ning n\u00e4iteks Eesti raudteelaste, kes olid s\u00f5ja seisukohalt v\u00e4ga olulised spetsialistid, perekondadele tehti ettepanek evakueeruda Saksamaale. Samas p\u00fc\u00fcdsid Saksa v\u00f5imud igati v\u00e4ltida \u00fcldise paanika puhkemist. Suvel kestsid lahingud Virumaal Narva ja Sinim\u00e4gede piirkonnas. Augusti teiseks pooleks oli s\u00f5jaline olukord aga kujunenud selliseks, et Saksa v\u00f5imud alustasid avalikult ettevalmistusi kohalike tsiviilisikute evakueerimiseks, mida k\u00e4sitleti k\u00fcll ajutise abin\u00f5una. 16. septembril loobus Saksamaa oma positsioonide kaitsmisest Mandri-Eestis ning alustati oma \u00fcksuste evakueerimist. See p\u00e4\u00e4stis valla ka eestlaste massilise p\u00f5genemise. Septembri l\u00f5puks oli kogu Mandri-Eesti Punaarmee kontrolli all, viimased Saksa \u00fcksused taandusid S\u00f5rvest 25. novembril.<\/strong><\/span><\/p>\t\t\t\t\t\t\t\t<\/div>\n\t\t\t\t<\/div>\n\t\t\t\t\t<\/div>\n\t\t\t\t<\/div>\n\t\t<div class=\"elementor-element elementor-element-cbb0c2b e-flex e-con-boxed e-con e-parent\" data-id=\"cbb0c2b\" data-element_type=\"container\" data-e-type=\"container\">\n\t\t\t\t\t<div class=\"e-con-inner\">\n\t\t\t\t<div class=\"elementor-element elementor-element-135e330 elementor-invisible elementor-widget elementor-widget-text-editor\" data-id=\"135e330\" data-element_type=\"widget\" data-e-type=\"widget\" data-settings=\"{&quot;_animation&quot;:&quot;slideInRight&quot;}\" data-widget_type=\"text-editor.default\">\n\t\t\t\t<div class=\"elementor-widget-container\">\n\t\t\t\t\t\t\t\t\t<p style=\"text-align: justify;\"><span style=\"color: #a3bccd;\">An extensive bombing raid was carried out against Tallinn on 9\u201310 March 1944, which destroyed nearly a third of the city\u2019s residential space and forced many families to leave the city. By the summer, ever-growing unrest gained ground among the people, impelled by many signs: the families of German representatives of state authority departed, and the Germans proposed to the families of Estonian railwaymen, who were key specialists in terms of the war, that they evacuate to Germany. At the same time, the German authorities tried in every respect to prevent the outbreak of general panic. Battles continued in the summer in Viru County in the region of Narva and the Sinim\u00e4ed. By the latter half of August, the military situation had become such that the German authorities openly launched preparations for evacuating local civilians, which was admittedly considered a temporary measure. On 16 September, Germany abandoned the defence of its positions in continental Estonia and started evacuating its units. That triggered the mass flight of Estonians. At the end of September, all of continental Estonia was under the control of the Red Army. The last German units retreated from S\u00f5rve in Saaremaa on 25 November.<\/span><\/p>\t\t\t\t\t\t\t\t<\/div>\n\t\t\t\t<\/div>\n\t\t\t\t\t<\/div>\n\t\t\t\t<\/div>\n\t\t<div class=\"elementor-element elementor-element-2f51c3f e-flex e-con-boxed e-con e-parent\" data-id=\"2f51c3f\" data-element_type=\"container\" data-e-type=\"container\" data-settings=\"{&quot;background_background&quot;:&quot;gradient&quot;}\">\n\t\t\t\t\t<div class=\"e-con-inner\">\n\t\t<div class=\"elementor-element elementor-element-f509cef e-con-full e-flex e-con e-child\" data-id=\"f509cef\" data-element_type=\"container\" data-e-type=\"container\">\n\t\t\t\t<div class=\"elementor-element elementor-element-c554994 elementor-invisible elementor-widget elementor-widget-image\" data-id=\"c554994\" data-element_type=\"widget\" data-e-type=\"widget\" data-settings=\"{&quot;_animation&quot;:&quot;fadeInRight&quot;}\" data-widget_type=\"image.default\">\n\t\t\t\t<div class=\"elementor-widget-container\">\n\t\t\t\t\t\t\t\t\t\t\t\t\t\t\t\t<a href=\"https:\/\/2024.wwii-refugees.ee\/wp-content\/uploads\/2024\/12\/3.png\" data-elementor-open-lightbox=\"yes\" data-elementor-lightbox-title=\"3\" data-e-action-hash=\"#elementor-action%3Aaction%3Dlightbox%26settings%3DeyJpZCI6OTM4LCJ1cmwiOiJodHRwczpcL1wvMjAyNC53d2lpLXJlZnVnZWVzLmVlXC93cC1jb250ZW50XC91cGxvYWRzXC8yMDI0XC8xMlwvMy5wbmcifQ%3D%3D\">\n\t\t\t\t\t\t\t<img loading=\"lazy\" decoding=\"async\" width=\"869\" height=\"1149\" src=\"https:\/\/2024.wwii-refugees.ee\/wp-content\/uploads\/2024\/12\/3.png\" class=\"attachment-full size-full wp-image-938\" alt=\"\" srcset=\"https:\/\/2024.wwii-refugees.ee\/wp-content\/uploads\/2024\/12\/3.png 869w, https:\/\/2024.wwii-refugees.ee\/wp-content\/uploads\/2024\/12\/3-227x300.png 227w, https:\/\/2024.wwii-refugees.ee\/wp-content\/uploads\/2024\/12\/3-774x1024.png 774w, https:\/\/2024.wwii-refugees.ee\/wp-content\/uploads\/2024\/12\/3-768x1015.png 768w\" sizes=\"(max-width: 869px) 100vw, 869px\" \/>\t\t\t\t\t\t\t\t<\/a>\n\t\t\t\t\t\t\t\t\t\t\t\t\t\t\t<\/div>\n\t\t\t\t<\/div>\n\t\t\t\t<\/div>\n\t\t<div class=\"elementor-element elementor-element-4dfa572 e-con-full e-flex e-con e-child\" data-id=\"4dfa572\" data-element_type=\"container\" data-e-type=\"container\">\n\t\t<div class=\"elementor-element elementor-element-61c905e e-con-full e-flex e-con e-child\" data-id=\"61c905e\" data-element_type=\"container\" data-e-type=\"container\" data-settings=\"{&quot;background_background&quot;:&quot;gradient&quot;}\">\n\t\t\t\t<div class=\"elementor-element elementor-element-de60f48 elementor-invisible elementor-widget elementor-widget-text-editor\" data-id=\"de60f48\" data-element_type=\"widget\" data-e-type=\"widget\" data-settings=\"{&quot;_animation&quot;:&quot;fadeInLeft&quot;}\" data-widget_type=\"text-editor.default\">\n\t\t\t\t<div class=\"elementor-widget-container\">\n\t\t\t\t\t\t\t\t\t<p><strong>Teadaanne v\u00f5imalusest evakueeruda<br \/>Saksamaale, 20.08.1944.<\/strong><\/p><p>A notice of the possibility to evacuate<br \/>to Germany, 20 August 1944.<\/p><p style=\"text-align: right;\"><strong>Illustratsioon \/ illustration: RA<\/strong><\/p>\t\t\t\t\t\t\t\t<\/div>\n\t\t\t\t<\/div>\n\t\t\t\t<\/div>\n\t\t\t\t<\/div>\n\t\t\t\t\t<\/div>\n\t\t\t\t<\/div>\n\t\t<div class=\"elementor-element elementor-element-f7b9636 e-flex e-con-boxed e-con e-parent\" data-id=\"f7b9636\" data-element_type=\"container\" data-e-type=\"container\">\n\t\t\t\t\t<div class=\"e-con-inner\">\n\t\t\t\t<div class=\"elementor-element elementor-element-8638403 elementor-widget elementor-widget-image\" data-id=\"8638403\" data-element_type=\"widget\" data-e-type=\"widget\" data-widget_type=\"image.default\">\n\t\t\t\t<div class=\"elementor-widget-container\">\n\t\t\t\t\t\t\t\t\t\t\t\t\t\t\t<img fetchpriority=\"high\" decoding=\"async\" width=\"8667\" height=\"334\" src=\"https:\/\/2024.wwii-refugees.ee\/wp-content\/uploads\/2024\/04\/WWII_refugees_visuals_LAINE_3.png\" class=\"attachment-full size-full wp-image-121\" alt=\"\" srcset=\"https:\/\/2024.wwii-refugees.ee\/wp-content\/uploads\/2024\/04\/WWII_refugees_visuals_LAINE_3.png 8667w, https:\/\/2024.wwii-refugees.ee\/wp-content\/uploads\/2024\/04\/WWII_refugees_visuals_LAINE_3-300x12.png 300w, https:\/\/2024.wwii-refugees.ee\/wp-content\/uploads\/2024\/04\/WWII_refugees_visuals_LAINE_3-1024x39.png 1024w, https:\/\/2024.wwii-refugees.ee\/wp-content\/uploads\/2024\/04\/WWII_refugees_visuals_LAINE_3-768x30.png 768w, https:\/\/2024.wwii-refugees.ee\/wp-content\/uploads\/2024\/04\/WWII_refugees_visuals_LAINE_3-1536x59.png 1536w, https:\/\/2024.wwii-refugees.ee\/wp-content\/uploads\/2024\/04\/WWII_refugees_visuals_LAINE_3-2048x79.png 2048w\" sizes=\"(max-width: 8667px) 100vw, 8667px\" \/>\t\t\t\t\t\t\t\t\t\t\t\t\t\t\t<\/div>\n\t\t\t\t<\/div>\n\t\t\t\t\t<\/div>\n\t\t\t\t<\/div>\n\t\t<div class=\"elementor-element elementor-element-53651f6 e-flex e-con-boxed e-con e-parent\" data-id=\"53651f6\" data-element_type=\"container\" data-e-type=\"container\">\n\t\t\t\t\t<div class=\"e-con-inner\">\n\t\t\t\t<div class=\"elementor-element elementor-element-228472b elementor-widget-divider--view-line elementor-widget elementor-widget-divider\" data-id=\"228472b\" data-element_type=\"widget\" data-e-type=\"widget\" data-widget_type=\"divider.default\">\n\t\t\t\t<div class=\"elementor-widget-container\">\n\t\t\t\t\t\t\t<div class=\"elementor-divider\">\n\t\t\t<span class=\"elementor-divider-separator\">\n\t\t\t\t\t\t<\/span>\n\t\t<\/div>\n\t\t\t\t\t\t<\/div>\n\t\t\t\t<\/div>\n\t\t\t\t\t<\/div>\n\t\t\t\t<\/div>\n\t\t<div class=\"elementor-element elementor-element-a1163bf e-flex e-con-boxed e-con e-parent\" data-id=\"a1163bf\" data-element_type=\"container\" data-e-type=\"container\">\n\t\t\t\t\t<div class=\"e-con-inner\">\n\t\t\t\t<div class=\"elementor-element elementor-element-4d7e816 elementor-widget elementor-widget-heading\" data-id=\"4d7e816\" data-element_type=\"widget\" data-e-type=\"widget\" data-widget_type=\"heading.default\">\n\t\t\t\t<div class=\"elementor-widget-container\">\n\t\t\t\t\t<h2 class=\"elementor-heading-title elementor-size-default\">P\u00d5GENEMINE ARVUDES<\/h2>\t\t\t\t<\/div>\n\t\t\t\t<\/div>\n\t\t\t\t<div class=\"elementor-element elementor-element-92128e4 elementor-widget elementor-widget-heading\" data-id=\"92128e4\" data-element_type=\"widget\" data-e-type=\"widget\" data-widget_type=\"heading.default\">\n\t\t\t\t<div class=\"elementor-widget-container\">\n\t\t\t\t\t<h3 class=\"elementor-heading-title elementor-size-default\">EXODUS IN NUMBERS<\/h3>\t\t\t\t<\/div>\n\t\t\t\t<\/div>\n\t\t\t\t\t<\/div>\n\t\t\t\t<\/div>\n\t\t<div class=\"elementor-element elementor-element-fbb758d e-flex e-con-boxed e-con e-parent\" data-id=\"fbb758d\" data-element_type=\"container\" data-e-type=\"container\">\n\t\t\t\t\t<div class=\"e-con-inner\">\n\t\t\t\t<div class=\"elementor-element elementor-element-388f5fd elementor-widget elementor-widget-menu-anchor\" data-id=\"388f5fd\" data-element_type=\"widget\" data-e-type=\"widget\" data-widget_type=\"menu-anchor.default\">\n\t\t\t\t<div class=\"elementor-widget-container\">\n\t\t\t\t\t\t\t<div class=\"elementor-menu-anchor\" id=\"Pgeneminearvudes\"><\/div>\n\t\t\t\t\t\t<\/div>\n\t\t\t\t<\/div>\n\t\t\t\t<div class=\"elementor-element elementor-element-f17fa6a elementor-invisible elementor-widget elementor-widget-text-editor\" data-id=\"f17fa6a\" data-element_type=\"widget\" data-e-type=\"widget\" data-settings=\"{&quot;_animation&quot;:&quot;slideInLeft&quot;}\" data-widget_type=\"text-editor.default\">\n\t\t\t\t<div class=\"elementor-widget-container\">\n\t\t\t\t\t\t\t\t\t<p style=\"text-align: justify;\"><span style=\"color: #397c99;\"><strong>Eesti s\u00f5jap\u00f5genikud moodustasid v\u00e4ga eripalgelise seltskonna. K\u00f5ige selgepiirilisem osa neist olid enam kui 7000 rannarootslast, kes olid ka \u00fched esimesed lahkujad. Eestlaste arvukam lahkumine kodumaalt sai alguse 1943. aastal, p\u00f5hjarannikult Soome. Suurem osa (u 3500) neist olid mehed, kes v\u00f5eti \u00fcle lahe j\u00f5udes Soome armee teenistusse. Meeste k\u00f5rval lahkus P\u00f5hja-Eestist Soome ka v\u00e4hemalt 500 naist ja last, kes olid 1944. aasta s\u00fcgisel sunnitud N\u00f5ukogude Liidule v\u00e4ljaandmise kartuses edasi p\u00f5genema Rootsi. Koos s\u00f5ja l\u00f5pufaasi p\u00f5genikega j\u00f5udis Soome kaudu Rootsi v\u00e4hemalt 5000\u20137000 Eesti s\u00f5jap\u00f5genikku. Massiline p\u00f5genemine Eestist algas 1944. aasta augustis ning kestis kuni oktoobri alguseni, mil ka Saaremaa rannik langes valdavas osas Punaarmee kontrolli alla. S\u00f5jap\u00f5genike kaks esmast sihtriiki oli Rootsi ja Saksamaa. P\u00f5genemise k\u00f5rghetk m\u00f5lemas suunas j\u00e4i septembri teise poolde, mil omak\u00e4eline\u00a0 p\u00f5genikevool suundus k\u00f5ikm\u00f5eldavatel meres\u00f5idukitel Rootsi suunas ja Saksa laevastik korraldas Tallinna evakueerimise.<br \/>Senistel andmetel oli esimestel s\u00f5jaj\u00e4rgsetel aastatel peamiselt Saksamaal ja Rootsis kokku ligi 80 000 Eesti elanikku.<\/strong><\/span><\/p>\t\t\t\t\t\t\t\t<\/div>\n\t\t\t\t<\/div>\n\t\t\t\t\t<\/div>\n\t\t\t\t<\/div>\n\t\t<div class=\"elementor-element elementor-element-3bf6202 e-flex e-con-boxed e-con e-parent\" data-id=\"3bf6202\" data-element_type=\"container\" data-e-type=\"container\">\n\t\t\t\t\t<div class=\"e-con-inner\">\n\t\t\t\t<div class=\"elementor-element elementor-element-a069bc0 elementor-invisible elementor-widget elementor-widget-text-editor\" data-id=\"a069bc0\" data-element_type=\"widget\" data-e-type=\"widget\" data-settings=\"{&quot;_animation&quot;:&quot;slideInRight&quot;}\" data-widget_type=\"text-editor.default\">\n\t\t\t\t<div class=\"elementor-widget-container\">\n\t\t\t\t\t\t\t\t\t<p style=\"text-align: justify;\"><span style=\"color: #a3bccd;\">Estonian war refugees as a whole represented a diverse cross-section of society. The most clearly defined group among them was the more than 7,000 coastal Swedes, who were also among the first to leave. The largest wave of departures of Estonians from their homeland began in 1943 from Estonia\u2019s northern coast to Finland. The greater portion of these particular refugees (about 3,500) were men who were accepted to serve in the Finnish Army when they arrived on the other side of the gulf. Alongside men, at least 500 women and children also left Northern Estonia for Finland. In the autumn of 1944, they were forced to flee onward to Sweden due to fears of being extradited to the Soviet Union. Together with refugees from the last phase of the war, at least 5,000\u20137,000 Estonian war refugees<br \/>reached Sweden via Finland. <\/span><span style=\"color: #a3bccd;\">Mass exodus from Estonia began in August of 1944 and lasted until the start of October when the Red Army gained control of most of the coast of Saaremaa. Germany and Sweden became the two primary destination countries for the war refugees. The latter half of September was the high point of the exodus in both directions. That is when the German fleet organised evacuation from Tallinn, and a flood of refugees fleeing on their own headed for Sweden on board all manner of seagoing vessels. According to hitherto available information, nearly 80,000 Estonians in total lived abroad in the first postwar years, most of them in Germany and Sweden.<\/span><\/p>\t\t\t\t\t\t\t\t<\/div>\n\t\t\t\t<\/div>\n\t\t\t\t\t<\/div>\n\t\t\t\t<\/div>\n\t\t<div class=\"elementor-element elementor-element-d093602 e-flex e-con-boxed e-con e-parent\" data-id=\"d093602\" data-element_type=\"container\" data-e-type=\"container\" data-settings=\"{&quot;background_background&quot;:&quot;gradient&quot;}\">\n\t\t\t\t\t<div class=\"e-con-inner\">\n\t\t<div class=\"elementor-element elementor-element-4167e00 e-con-full e-flex e-con e-child\" data-id=\"4167e00\" data-element_type=\"container\" data-e-type=\"container\">\n\t\t\t\t<div class=\"elementor-element elementor-element-22bcfd7 elementor-invisible elementor-widget elementor-widget-text-editor\" data-id=\"22bcfd7\" data-element_type=\"widget\" data-e-type=\"widget\" data-settings=\"{&quot;_animation&quot;:&quot;slideInRight&quot;}\" data-widget_type=\"text-editor.default\">\n\t\t\t\t<div class=\"elementor-widget-container\">\n\t\t\t\t\t\t\t\t\t<p style=\"text-align: justify;\"><strong>J\u00e4rgnev \u00fclevaade tugineb ligi 65 000 p\u00f5geniku andmetel,<\/strong><strong> kelle isikuandmed koos varasema elukohaga on \u00f5nnestunud <\/strong><strong>seni kindlaks teha. Lahknevana toonasest haldusjaotusest, on<\/strong><strong> \u00fclevaatlikkuse huvides Tallinna elanikud eraldatud Harjumaast <\/strong><strong>ning Hiiumaa vallad on eraldatud L\u00e4\u00e4nemaast.<\/strong><\/p>\t\t\t\t\t\t\t\t<\/div>\n\t\t\t\t<\/div>\n\t\t\t\t<\/div>\n\t\t<div class=\"elementor-element elementor-element-5a0b7c1 e-con-full e-flex e-con e-child\" data-id=\"5a0b7c1\" data-element_type=\"container\" data-e-type=\"container\">\n\t\t\t\t<div class=\"elementor-element elementor-element-a59dbb0 elementor-invisible elementor-widget elementor-widget-text-editor\" data-id=\"a59dbb0\" data-element_type=\"widget\" data-e-type=\"widget\" data-settings=\"{&quot;_animation&quot;:&quot;slideInLeft&quot;}\" data-widget_type=\"text-editor.default\">\n\t\t\t\t<div class=\"elementor-widget-container\">\n\t\t\t\t\t\t\t\t\t<p style=\"text-align: justify;\">The following overview is based on data concerning nearly 65,000 refugees, whose personal data has hitherto been ascertained together with their previous places of residence. In divergence from the administrative divisions of that time, residents of Tallinn have been separated from Harju County and the rural municipalities of Hiiumaa have been separated from L\u00e4\u00e4ne County in the interests of comprehensiveness.<\/p>\t\t\t\t\t\t\t\t<\/div>\n\t\t\t\t<\/div>\n\t\t\t\t<\/div>\n\t\t\t\t\t<\/div>\n\t\t\t\t<\/div>\n\t\t<div class=\"elementor-element elementor-element-f8b18e9 e-flex e-con-boxed e-con e-parent\" data-id=\"f8b18e9\" data-element_type=\"container\" data-e-type=\"container\">\n\t\t\t\t\t<div class=\"e-con-inner\">\n\t\t\t\t<div class=\"elementor-element elementor-element-b7d85b4 elementor-invisible elementor-widget elementor-widget-image\" data-id=\"b7d85b4\" data-element_type=\"widget\" data-e-type=\"widget\" data-settings=\"{&quot;_animation&quot;:&quot;zoomIn&quot;}\" data-widget_type=\"image.default\">\n\t\t\t\t<div class=\"elementor-widget-container\">\n\t\t\t\t\t\t\t\t\t\t\t\t\t\t\t\t<a href=\"https:\/\/2024.wwii-refugees.ee\/wp-content\/uploads\/2024\/12\/4.png\" data-elementor-open-lightbox=\"yes\" data-elementor-lightbox-title=\"4\" data-e-action-hash=\"#elementor-action%3Aaction%3Dlightbox%26settings%3DeyJpZCI6OTM5LCJ1cmwiOiJodHRwczpcL1wvMjAyNC53d2lpLXJlZnVnZWVzLmVlXC93cC1jb250ZW50XC91cGxvYWRzXC8yMDI0XC8xMlwvNC5wbmcifQ%3D%3D\">\n\t\t\t\t\t\t\t<img loading=\"lazy\" decoding=\"async\" width=\"1024\" height=\"765\" src=\"https:\/\/2024.wwii-refugees.ee\/wp-content\/uploads\/2024\/12\/4-1024x765.png\" class=\"attachment-large size-large wp-image-939\" alt=\"\" srcset=\"https:\/\/2024.wwii-refugees.ee\/wp-content\/uploads\/2024\/12\/4-1024x765.png 1024w, https:\/\/2024.wwii-refugees.ee\/wp-content\/uploads\/2024\/12\/4-300x224.png 300w, https:\/\/2024.wwii-refugees.ee\/wp-content\/uploads\/2024\/12\/4-768x574.png 768w, https:\/\/2024.wwii-refugees.ee\/wp-content\/uploads\/2024\/12\/4-1536x1148.png 1536w, https:\/\/2024.wwii-refugees.ee\/wp-content\/uploads\/2024\/12\/4.png 1653w\" sizes=\"(max-width: 1024px) 100vw, 1024px\" \/>\t\t\t\t\t\t\t\t<\/a>\n\t\t\t\t\t\t\t\t\t\t\t\t\t\t\t<\/div>\n\t\t\t\t<\/div>\n\t\t\t\t\t<\/div>\n\t\t\t\t<\/div>\n\t\t<div class=\"elementor-element elementor-element-69740b8 e-flex e-con-boxed e-con e-parent\" data-id=\"69740b8\" data-element_type=\"container\" data-e-type=\"container\">\n\t\t\t\t\t<div class=\"e-con-inner\">\n\t\t\t\t<div class=\"elementor-element elementor-element-a4b548a elementor-invisible elementor-widget elementor-widget-text-editor\" data-id=\"a4b548a\" data-element_type=\"widget\" data-e-type=\"widget\" data-settings=\"{&quot;_animation&quot;:&quot;slideInLeft&quot;}\" data-widget_type=\"text-editor.default\">\n\t\t\t\t<div class=\"elementor-widget-container\">\n\t\t\t\t\t\t\t\t\t<p style=\"text-align: justify;\"><span style=\"color: #397c99;\"><strong>Saksamaa eri paigus oli s\u00f5ja l\u00f5pus v\u00e4hemalt 37 000 ja enam eestlast (ligi 60% Eesti p\u00f5genikest). Kahe suurema grupina t\u00f5usevad esile tsiviilisikud, keda Saksa v\u00f5imud evakueerisid meritsi suurtel laevadel, ning eesti mehed, kes olid Saksa relva\u00fcksuste koosseisus taandunud Saksamaale. Arvuliselt v\u00e4iksem osa, \u00fcle 26 000 (\u00fcle 40%) p\u00f5geniku j\u00f5udis Rootsi. Nende hulgas oli enamik rannarootslastest \u00fcle mere p\u00e4\u00e4senud Saksa v\u00f5imude loal, kuid \u00fclej\u00e4\u00e4nud p\u00f5genikud pidid trotsima okupatsiooniv\u00f5imude keelde ning tormist merd. Kuigi Rootsi oli p\u00f5genike enamuse eelistatuim sihtriik, ei olnud rannikust kaugemal elavatel inimestel lihtne leida kohta salaja lahkuvatel paatidel. Suurem v\u00f5imalus Rootsi p\u00e4\u00e4seda oli rannarahval. Saaremaa puhul on Saksamaa suurem osakaal tingitud statistikas kajastuva ca 2500 s\u00f5rulase sunniviisilisest evakueerimisest Saksamaale.<\/strong><\/span><\/p>\t\t\t\t\t\t\t\t<\/div>\n\t\t\t\t<\/div>\n\t\t\t\t\t<\/div>\n\t\t\t\t<\/div>\n\t\t<div class=\"elementor-element elementor-element-bd420fc e-flex e-con-boxed e-con e-parent\" data-id=\"bd420fc\" data-element_type=\"container\" data-e-type=\"container\">\n\t\t\t\t\t<div class=\"e-con-inner\">\n\t\t\t\t<div class=\"elementor-element elementor-element-6cd6d97 elementor-invisible elementor-widget elementor-widget-text-editor\" data-id=\"6cd6d97\" data-element_type=\"widget\" data-e-type=\"widget\" data-settings=\"{&quot;_animation&quot;:&quot;slideInRight&quot;}\" data-widget_type=\"text-editor.default\">\n\t\t\t\t<div class=\"elementor-widget-container\">\n\t\t\t\t\t\t\t\t\t<p style=\"text-align: justify;\"><span style=\"color: #a3bccd;\">There were at least 37,000 Estonians (nearly 60% of Estonian refugees) in various parts of Germany at the end of the war. Two sizable groups that emerge are civilians who the German authorities evacuated by sea on board large ships, and Estonian men who had retreated to Germany in the ranks of German armed units. <\/span><span style=\"color: #a3bccd;\">A numerically smaller portion of refugees, more than 26,000 (over 40%), reached Sweden. Among them were most of the coastal Swedes, who crossed the sea with the permission of the German authorities. The rest of the refugees had to defy the bans of the occupying authorities and brave the stormy sea. Although Sweden was the most preferred destination country for the majority of the refugees, it was not easy for people living farther from the coast to find places for themselves in boats that departed secretly. People living on the coast had a better chance to get to Sweden. The greater relative proportion of refugees that went to Germany in the case of refugees from Saaremaa is due to the forced evacuation to Germany of approximately 2,500 inhabitants of S\u00f5rve, which is reflected in the statistics.<\/span><\/p>\t\t\t\t\t\t\t\t<\/div>\n\t\t\t\t<\/div>\n\t\t\t\t\t<\/div>\n\t\t\t\t<\/div>\n\t\t<div class=\"elementor-element elementor-element-87f8be5 e-flex e-con-boxed e-con e-parent\" data-id=\"87f8be5\" data-element_type=\"container\" data-e-type=\"container\">\n\t\t\t\t\t<div class=\"e-con-inner\">\n\t\t\t\t<div class=\"elementor-element elementor-element-6e10d72 elementor-invisible elementor-widget elementor-widget-image\" data-id=\"6e10d72\" data-element_type=\"widget\" data-e-type=\"widget\" data-settings=\"{&quot;_animation&quot;:&quot;zoomIn&quot;}\" data-widget_type=\"image.default\">\n\t\t\t\t<div class=\"elementor-widget-container\">\n\t\t\t\t\t\t\t\t\t\t\t\t\t\t\t\t<a href=\"https:\/\/2024.wwii-refugees.ee\/wp-content\/uploads\/2024\/12\/5.png\" data-elementor-open-lightbox=\"yes\" data-elementor-lightbox-title=\"5\" data-e-action-hash=\"#elementor-action%3Aaction%3Dlightbox%26settings%3DeyJpZCI6OTQwLCJ1cmwiOiJodHRwczpcL1wvMjAyNC53d2lpLXJlZnVnZWVzLmVlXC93cC1jb250ZW50XC91cGxvYWRzXC8yMDI0XC8xMlwvNS5wbmcifQ%3D%3D\">\n\t\t\t\t\t\t\t<img loading=\"lazy\" decoding=\"async\" width=\"1024\" height=\"840\" src=\"https:\/\/2024.wwii-refugees.ee\/wp-content\/uploads\/2024\/12\/5-1024x840.png\" class=\"attachment-large size-large wp-image-940\" alt=\"\" srcset=\"https:\/\/2024.wwii-refugees.ee\/wp-content\/uploads\/2024\/12\/5-1024x840.png 1024w, https:\/\/2024.wwii-refugees.ee\/wp-content\/uploads\/2024\/12\/5-300x246.png 300w, https:\/\/2024.wwii-refugees.ee\/wp-content\/uploads\/2024\/12\/5-768x630.png 768w, https:\/\/2024.wwii-refugees.ee\/wp-content\/uploads\/2024\/12\/5-1536x1260.png 1536w, https:\/\/2024.wwii-refugees.ee\/wp-content\/uploads\/2024\/12\/5.png 1753w\" sizes=\"(max-width: 1024px) 100vw, 1024px\" \/>\t\t\t\t\t\t\t\t<\/a>\n\t\t\t\t\t\t\t\t\t\t\t\t\t\t\t<\/div>\n\t\t\t\t<\/div>\n\t\t\t\t\t<\/div>\n\t\t\t\t<\/div>\n\t\t<div class=\"elementor-element elementor-element-1dc5a77 e-flex e-con-boxed e-con e-parent\" data-id=\"1dc5a77\" data-element_type=\"container\" data-e-type=\"container\">\n\t\t\t\t\t<div class=\"e-con-inner\">\n\t\t\t\t<div class=\"elementor-element elementor-element-9474b96 elementor-invisible elementor-widget elementor-widget-text-editor\" data-id=\"9474b96\" data-element_type=\"widget\" data-e-type=\"widget\" data-settings=\"{&quot;_animation&quot;:&quot;slideInLeft&quot;}\" data-widget_type=\"text-editor.default\">\n\t\t\t\t<div class=\"elementor-widget-container\">\n\t\t\t\t\t\t\t\t\t<p style=\"text-align: justify;\"><span style=\"color: #397c99;\"><strong>Arvuliselt suurim hulk p\u00f5genikke lahkus Tallinnast, mis on seletatav suurema rahvaarvu ning suhtelise lihtsusega lahkuda Saksa evakuatsioonilaevadega. J\u00e4rgneb suuruselt teine Eesti linn Tartu koos Tartu maakonnaga ning seej\u00e4rel loogiliselt saared ning L\u00e4\u00e4ne-Eesti rannik. L\u00e4\u00e4nemaa p\u00f5genike suhteliselt suurema arvu p\u00f5hjus on selgelt pea kogu rannarootsi rahvusr\u00fchma lahkumine Eestist.<\/strong><\/span><\/p>\t\t\t\t\t\t\t\t<\/div>\n\t\t\t\t<\/div>\n\t\t\t\t\t<\/div>\n\t\t\t\t<\/div>\n\t\t<div class=\"elementor-element elementor-element-930913e e-flex e-con-boxed e-con e-parent\" data-id=\"930913e\" data-element_type=\"container\" data-e-type=\"container\">\n\t\t\t\t\t<div class=\"e-con-inner\">\n\t\t\t\t<div class=\"elementor-element elementor-element-c773638 elementor-invisible elementor-widget elementor-widget-text-editor\" data-id=\"c773638\" data-element_type=\"widget\" data-e-type=\"widget\" data-settings=\"{&quot;_animation&quot;:&quot;slideInRight&quot;}\" data-widget_type=\"text-editor.default\">\n\t\t\t\t<div class=\"elementor-widget-container\">\n\t\t\t\t\t\t\t\t\t<p style=\"text-align: justify;\"><span style=\"color: #a3bccd;\">The numerically largest quantity of refugees left from Tallinn, which can be explained by the city\u2019s larger population and the relative ease with which people could depart on board German evacuation ships. The second largest number of refugees went from Tartu, Estonia\u2019s second city in terms of size, together with Tartu County, followed thereafter logically by the islands and the Western Estonian coast. The reason for the relatively larger number of refugees from L\u00e4\u00e4ne County is clearly the departure of almost the entire coastal Swedish ethnic group from Estonia.<\/span><\/p>\t\t\t\t\t\t\t\t<\/div>\n\t\t\t\t<\/div>\n\t\t\t\t\t<\/div>\n\t\t\t\t<\/div>\n\t\t<div class=\"elementor-element elementor-element-ec3cf0f e-flex e-con-boxed e-con e-parent\" data-id=\"ec3cf0f\" data-element_type=\"container\" data-e-type=\"container\">\n\t\t\t\t\t<div class=\"e-con-inner\">\n\t\t\t\t<div class=\"elementor-element elementor-element-0270297 elementor-invisible elementor-widget elementor-widget-image\" data-id=\"0270297\" data-element_type=\"widget\" data-e-type=\"widget\" data-settings=\"{&quot;_animation&quot;:&quot;zoomIn&quot;}\" data-widget_type=\"image.default\">\n\t\t\t\t<div class=\"elementor-widget-container\">\n\t\t\t\t\t\t\t\t\t\t\t\t\t\t\t\t<a href=\"https:\/\/2024.wwii-refugees.ee\/wp-content\/uploads\/2024\/12\/6.png\" data-elementor-open-lightbox=\"yes\" data-elementor-lightbox-title=\"6\" data-e-action-hash=\"#elementor-action%3Aaction%3Dlightbox%26settings%3DeyJpZCI6OTQxLCJ1cmwiOiJodHRwczpcL1wvMjAyNC53d2lpLXJlZnVnZWVzLmVlXC93cC1jb250ZW50XC91cGxvYWRzXC8yMDI0XC8xMlwvNi5wbmcifQ%3D%3D\">\n\t\t\t\t\t\t\t<img loading=\"lazy\" decoding=\"async\" width=\"1024\" height=\"695\" src=\"https:\/\/2024.wwii-refugees.ee\/wp-content\/uploads\/2024\/12\/6-1024x695.png\" class=\"attachment-large size-large wp-image-941\" alt=\"\" srcset=\"https:\/\/2024.wwii-refugees.ee\/wp-content\/uploads\/2024\/12\/6-1024x695.png 1024w, https:\/\/2024.wwii-refugees.ee\/wp-content\/uploads\/2024\/12\/6-300x203.png 300w, https:\/\/2024.wwii-refugees.ee\/wp-content\/uploads\/2024\/12\/6-768x521.png 768w, https:\/\/2024.wwii-refugees.ee\/wp-content\/uploads\/2024\/12\/6-1536x1042.png 1536w, https:\/\/2024.wwii-refugees.ee\/wp-content\/uploads\/2024\/12\/6.png 1669w\" sizes=\"(max-width: 1024px) 100vw, 1024px\" \/>\t\t\t\t\t\t\t\t<\/a>\n\t\t\t\t\t\t\t\t\t\t\t\t\t\t\t<\/div>\n\t\t\t\t<\/div>\n\t\t\t\t\t<\/div>\n\t\t\t\t<\/div>\n\t\t<div class=\"elementor-element elementor-element-ffaa76a e-flex e-con-boxed e-con e-parent\" data-id=\"ffaa76a\" data-element_type=\"container\" data-e-type=\"container\">\n\t\t\t\t\t<div class=\"e-con-inner\">\n\t\t\t\t<div class=\"elementor-element elementor-element-b8ef106 elementor-invisible elementor-widget elementor-widget-text-editor\" data-id=\"b8ef106\" data-element_type=\"widget\" data-e-type=\"widget\" data-settings=\"{&quot;_animation&quot;:&quot;slideInLeft&quot;}\" data-widget_type=\"text-editor.default\">\n\t\t\t\t<div class=\"elementor-widget-container\">\n\t\t\t\t\t\t\t\t\t<p style=\"text-align: justify;\"><span style=\"color: #397c99;\"><strong>P\u00f5genike soolise ja vanuselise esmase jaotuse puhul saab esile tuua \u00fche k\u00f5rvalekalde. Silma torkab 15\u201320-aastaste meeste suurem osakaal samas vanuses naistega v\u00f5rreldes, mida saab selgitada Saksa relvateenistuses olnud noormeeste proportsionaalselt suurema lahkumisega kodumaalt. Vahetult p\u00e4rast s\u00f5da p\u00f6\u00f6rdus erinevatel p\u00f5hjustel Eestisse tagasi v\u00e4hemalt 10 000 s\u00f5jas\u00fcndmuste k\u00e4igus kodumaalt lahkunud inimest. Enamasti v\u00f5is see olla seotud perekondlike p\u00f5hjustega, kuid oma roll oli ka N\u00f5ukogude propagandal. Valdav osa p\u00f5genikest ei pidanud naasmist NSV Liidu okupeeritud Eestisse v\u00f5imalikuks ja j\u00e4id l\u00e4\u00e4nde, lootes esialgu Eesti kiiret vabanemist. Rahvusvaheline olukord seda aga ei v\u00f5imaldanud ja eelk\u00f5ige Saksamaal olijad pidid endale leidma uue elupaiga muudes riikides. Eestlaste suurimad kogukonnad moodustusid Rootsis, Kanadas, Ameerika \u00dchendriikides, Austraalias ja Suurbritannias.<\/strong><\/span><\/p>\t\t\t\t\t\t\t\t<\/div>\n\t\t\t\t<\/div>\n\t\t\t\t\t<\/div>\n\t\t\t\t<\/div>\n\t\t<div class=\"elementor-element elementor-element-eadf625 e-flex e-con-boxed e-con e-parent\" data-id=\"eadf625\" data-element_type=\"container\" data-e-type=\"container\">\n\t\t\t\t\t<div class=\"e-con-inner\">\n\t\t\t\t<div class=\"elementor-element elementor-element-a748bf7 elementor-invisible elementor-widget elementor-widget-text-editor\" data-id=\"a748bf7\" data-element_type=\"widget\" data-e-type=\"widget\" data-settings=\"{&quot;_animation&quot;:&quot;slideInRight&quot;}\" data-widget_type=\"text-editor.default\">\n\t\t\t\t<div class=\"elementor-widget-container\">\n\t\t\t\t\t\t\t\t\t<p style=\"text-align: justify;\"><span style=\"color: #a3bccd;\">A deviation can be highlighted regarding the primary distribution of refugees by gender and age. The larger relative proportion of men aged 15\u201320 years compared to women in the same age range stands out. This can be explained by the proportionally larger rate of departure from the homeland of young men who were serving in the German armed forces. Immediately after the war, at least 10,000 people who had left their homeland in the course of the events of the war returned to Estonia for various reasons. For the most part, that could be connected with familial reasons, but Soviet propaganda also had its role. The vast majority of refugees did not consider it possible to return to Estonia while it was occupied by the Soviet Union. They remained in the West, initially hoping for the quick liberation of Estonia. The international situation, however, did not allow that. The Estonians in Germany largely had to find new places of residence for themselves in other countries. The largest communities of Estonians took shape in Sweden, Canada, the United States, Australia, and Great Britain.<\/span><\/p>\t\t\t\t\t\t\t\t<\/div>\n\t\t\t\t<\/div>\n\t\t\t\t\t<\/div>\n\t\t\t\t<\/div>\n\t\t<div class=\"elementor-element elementor-element-d815f6b e-flex e-con-boxed e-con e-parent\" data-id=\"d815f6b\" data-element_type=\"container\" data-e-type=\"container\">\n\t\t\t\t\t<div class=\"e-con-inner\">\n\t\t\t\t<div class=\"elementor-element elementor-element-f826c9e elementor-invisible elementor-widget elementor-widget-image\" data-id=\"f826c9e\" data-element_type=\"widget\" data-e-type=\"widget\" data-settings=\"{&quot;_animation&quot;:&quot;zoomIn&quot;}\" data-widget_type=\"image.default\">\n\t\t\t\t<div class=\"elementor-widget-container\">\n\t\t\t\t\t\t\t\t\t\t\t\t\t\t\t\t<a href=\"https:\/\/2024.wwii-refugees.ee\/wp-content\/uploads\/2024\/12\/7.png\" data-elementor-open-lightbox=\"yes\" data-elementor-lightbox-title=\"7\" data-e-action-hash=\"#elementor-action%3Aaction%3Dlightbox%26settings%3DeyJpZCI6OTQyLCJ1cmwiOiJodHRwczpcL1wvMjAyNC53d2lpLXJlZnVnZWVzLmVlXC93cC1jb250ZW50XC91cGxvYWRzXC8yMDI0XC8xMlwvNy5wbmcifQ%3D%3D\">\n\t\t\t\t\t\t\t<img loading=\"lazy\" decoding=\"async\" width=\"1024\" height=\"716\" src=\"https:\/\/2024.wwii-refugees.ee\/wp-content\/uploads\/2024\/12\/7-1024x716.png\" class=\"attachment-large size-large wp-image-942\" alt=\"\" srcset=\"https:\/\/2024.wwii-refugees.ee\/wp-content\/uploads\/2024\/12\/7-1024x716.png 1024w, https:\/\/2024.wwii-refugees.ee\/wp-content\/uploads\/2024\/12\/7-300x210.png 300w, https:\/\/2024.wwii-refugees.ee\/wp-content\/uploads\/2024\/12\/7-768x537.png 768w, https:\/\/2024.wwii-refugees.ee\/wp-content\/uploads\/2024\/12\/7-1536x1073.png 1536w, https:\/\/2024.wwii-refugees.ee\/wp-content\/uploads\/2024\/12\/7.png 1760w\" sizes=\"(max-width: 1024px) 100vw, 1024px\" \/>\t\t\t\t\t\t\t\t<\/a>\n\t\t\t\t\t\t\t\t\t\t\t\t\t\t\t<\/div>\n\t\t\t\t<\/div>\n\t\t\t\t\t<\/div>\n\t\t\t\t<\/div>\n\t\t<div class=\"elementor-element elementor-element-bee4f2d e-flex e-con-boxed e-con e-parent\" data-id=\"bee4f2d\" data-element_type=\"container\" data-e-type=\"container\">\n\t\t\t\t\t<div class=\"e-con-inner\">\n\t\t\t\t<div class=\"elementor-element elementor-element-f7bef12 elementor-invisible elementor-widget elementor-widget-text-editor\" data-id=\"f7bef12\" data-element_type=\"widget\" data-e-type=\"widget\" data-settings=\"{&quot;_animation&quot;:&quot;slideInLeft&quot;}\" data-widget_type=\"text-editor.default\">\n\t\t\t\t<div class=\"elementor-widget-container\">\n\t\t\t\t\t\t\t\t\t<p style=\"text-align: justify;\"><span style=\"color: #397c99;\"><strong>V\u00f5rreldes s\u00f5jaeelse rahvaarvuga, oli p\u00f5genike osakaal rahvastikust suurim L\u00e4\u00e4nemaal, mis on taas seotud rannarootsi kogukonna lahkumisega Rootsi. Pea sama suur osa elanikest p\u00f5genes ka Tallinnast, mida v\u00f5imaldas suures osas Saksa v\u00f5imude korraldatud evakueerimisaktsioon 16.\u201322. septembrini. J\u00e4rgneb Saare maakond, kus p\u00f5genike osakaal on graafikul kujutatust eelduslikult m\u00f5nev\u00f5rra suurem, kuid puudulikud elukoha andmed ei ole v\u00f5imaldanud seda veel tuvastada. Proportsionaalselt suurem peaks olema ka Virumaa p\u00f5genike osa, kuid puudulike elukoha andmete t\u00f5ttu ei ole sedagi veel fikseeritud.<\/strong><\/span><\/p>\t\t\t\t\t\t\t\t<\/div>\n\t\t\t\t<\/div>\n\t\t\t\t\t<\/div>\n\t\t\t\t<\/div>\n\t\t<div class=\"elementor-element elementor-element-089882d e-flex e-con-boxed e-con e-parent\" data-id=\"089882d\" data-element_type=\"container\" data-e-type=\"container\">\n\t\t\t\t\t<div class=\"e-con-inner\">\n\t\t\t\t<div class=\"elementor-element elementor-element-113058a elementor-invisible elementor-widget elementor-widget-text-editor\" data-id=\"113058a\" data-element_type=\"widget\" data-e-type=\"widget\" data-settings=\"{&quot;_animation&quot;:&quot;slideInRight&quot;}\" data-widget_type=\"text-editor.default\">\n\t\t\t\t<div class=\"elementor-widget-container\">\n\t\t\t\t\t\t\t\t\t<p style=\"text-align: justify;\"><span style=\"color: #a3bccd;\">Compared to the prewar population, the proportion of refugees relative to the population was the largest in L\u00e4\u00e4ne County, which is once again due to the departure to Sweden of the coastal Swedish community. Almost just as large a part of the population also fled from Tallinn. The evacuation operation organised by the German authorities from 16 to 22 September largely enabled this. The next largest proportion is from Saare County, where the relative proportion of refugees is presumably somewhat larger than that depicted in the graph. Deficient data on places of residence has not allowed this to be ascertained yet. The share of refugees from Viru County should also be proportionally larger but this too has not yet been ascertained due to deficient data on places of residence.<\/span><\/p>\t\t\t\t\t\t\t\t<\/div>\n\t\t\t\t<\/div>\n\t\t\t\t\t<\/div>\n\t\t\t\t<\/div>\n\t\t<div class=\"elementor-element elementor-element-1fdb6a1 e-flex e-con-boxed e-con e-parent\" data-id=\"1fdb6a1\" data-element_type=\"container\" data-e-type=\"container\">\n\t\t\t\t\t<div class=\"e-con-inner\">\n\t\t\t\t<div class=\"elementor-element elementor-element-78aeb76 elementor-widget elementor-widget-image\" data-id=\"78aeb76\" data-element_type=\"widget\" data-e-type=\"widget\" data-widget_type=\"image.default\">\n\t\t\t\t<div class=\"elementor-widget-container\">\n\t\t\t\t\t\t\t\t\t\t\t\t\t\t\t<img fetchpriority=\"high\" decoding=\"async\" width=\"8667\" height=\"334\" src=\"https:\/\/2024.wwii-refugees.ee\/wp-content\/uploads\/2024\/04\/WWII_refugees_visuals_LAINE_3.png\" class=\"attachment-full size-full wp-image-121\" alt=\"\" srcset=\"https:\/\/2024.wwii-refugees.ee\/wp-content\/uploads\/2024\/04\/WWII_refugees_visuals_LAINE_3.png 8667w, https:\/\/2024.wwii-refugees.ee\/wp-content\/uploads\/2024\/04\/WWII_refugees_visuals_LAINE_3-300x12.png 300w, https:\/\/2024.wwii-refugees.ee\/wp-content\/uploads\/2024\/04\/WWII_refugees_visuals_LAINE_3-1024x39.png 1024w, https:\/\/2024.wwii-refugees.ee\/wp-content\/uploads\/2024\/04\/WWII_refugees_visuals_LAINE_3-768x30.png 768w, https:\/\/2024.wwii-refugees.ee\/wp-content\/uploads\/2024\/04\/WWII_refugees_visuals_LAINE_3-1536x59.png 1536w, https:\/\/2024.wwii-refugees.ee\/wp-content\/uploads\/2024\/04\/WWII_refugees_visuals_LAINE_3-2048x79.png 2048w\" sizes=\"(max-width: 8667px) 100vw, 8667px\" \/>\t\t\t\t\t\t\t\t\t\t\t\t\t\t\t<\/div>\n\t\t\t\t<\/div>\n\t\t\t\t\t<\/div>\n\t\t\t\t<\/div>\n\t\t<div class=\"elementor-element elementor-element-e589558 e-flex e-con-boxed e-con e-parent\" data-id=\"e589558\" data-element_type=\"container\" data-e-type=\"container\">\n\t\t\t\t\t<div class=\"e-con-inner\">\n\t\t\t\t<div class=\"elementor-element elementor-element-73a60d7 elementor-widget-divider--view-line elementor-widget elementor-widget-divider\" data-id=\"73a60d7\" data-element_type=\"widget\" data-e-type=\"widget\" data-widget_type=\"divider.default\">\n\t\t\t\t<div class=\"elementor-widget-container\">\n\t\t\t\t\t\t\t<div class=\"elementor-divider\">\n\t\t\t<span class=\"elementor-divider-separator\">\n\t\t\t\t\t\t<\/span>\n\t\t<\/div>\n\t\t\t\t\t\t<\/div>\n\t\t\t\t<\/div>\n\t\t\t\t\t<\/div>\n\t\t\t\t<\/div>\n\t\t<div class=\"elementor-element elementor-element-425bd0d e-flex e-con-boxed e-con e-parent\" data-id=\"425bd0d\" data-element_type=\"container\" data-e-type=\"container\">\n\t\t\t\t\t<div class=\"e-con-inner\">\n\t\t\t\t<div class=\"elementor-element elementor-element-2a4e6a2 elementor-widget elementor-widget-heading\" data-id=\"2a4e6a2\" data-element_type=\"widget\" data-e-type=\"widget\" data-widget_type=\"heading.default\">\n\t\t\t\t<div class=\"elementor-widget-container\">\n\t\t\t\t\t<h1 class=\"elementor-heading-title elementor-size-default\">VIRUMAA<\/h1>\t\t\t\t<\/div>\n\t\t\t\t<\/div>\n\t\t\t\t\t<\/div>\n\t\t\t\t<\/div>\n\t\t<div class=\"elementor-element elementor-element-d5a5398 e-flex e-con-boxed e-con e-parent\" data-id=\"d5a5398\" data-element_type=\"container\" data-e-type=\"container\">\n\t\t\t\t\t<div class=\"e-con-inner\">\n\t\t\t\t<div class=\"elementor-element elementor-element-1a333a5 elementor-widget elementor-widget-menu-anchor\" data-id=\"1a333a5\" data-element_type=\"widget\" data-e-type=\"widget\" data-widget_type=\"menu-anchor.default\">\n\t\t\t\t<div class=\"elementor-widget-container\">\n\t\t\t\t\t\t\t<div class=\"elementor-menu-anchor\" id=\"Virumaa\"><\/div>\n\t\t\t\t\t\t<\/div>\n\t\t\t\t<\/div>\n\t\t\t\t<div class=\"elementor-element elementor-element-3112ade elementor-widget elementor-widget-heading\" data-id=\"3112ade\" data-element_type=\"widget\" data-e-type=\"widget\" data-widget_type=\"heading.default\">\n\t\t\t\t<div class=\"elementor-widget-container\">\n\t\t\t\t\t<h2 class=\"elementor-heading-title elementor-size-default\">P\u00d5GENEMINE SOOME<\/h2>\t\t\t\t<\/div>\n\t\t\t\t<\/div>\n\t\t\t\t\t<\/div>\n\t\t\t\t<\/div>\n\t\t<div class=\"elementor-element elementor-element-9b6012a e-flex e-con-boxed e-con e-parent\" data-id=\"9b6012a\" data-element_type=\"container\" data-e-type=\"container\">\n\t\t\t\t\t<div class=\"e-con-inner\">\n\t\t\t\t<div class=\"elementor-element elementor-element-f20b590 elementor-widget elementor-widget-heading\" data-id=\"f20b590\" data-element_type=\"widget\" data-e-type=\"widget\" data-widget_type=\"heading.default\">\n\t\t\t\t<div class=\"elementor-widget-container\">\n\t\t\t\t\t<h3 class=\"elementor-heading-title elementor-size-default\">ESCAPE TO FINLAND<\/h3>\t\t\t\t<\/div>\n\t\t\t\t<\/div>\n\t\t\t\t\t<\/div>\n\t\t\t\t<\/div>\n\t\t<div class=\"elementor-element elementor-element-11e0e2d e-flex e-con-boxed e-con e-parent\" data-id=\"11e0e2d\" data-element_type=\"container\" data-e-type=\"container\">\n\t\t\t\t\t<div class=\"e-con-inner\">\n\t\t\t\t<div class=\"elementor-element elementor-element-8e3e111 elementor-widget elementor-widget-heading\" data-id=\"8e3e111\" data-element_type=\"widget\" data-e-type=\"widget\" data-widget_type=\"heading.default\">\n\t\t\t\t<div class=\"elementor-widget-container\">\n\t\t\t\t\t<h6 class=\"elementor-heading-title elementor-size-default\">Koostaja\/Compiled by: Uno Trumm<\/h6>\t\t\t\t<\/div>\n\t\t\t\t<\/div>\n\t\t\t\t\t<\/div>\n\t\t\t\t<\/div>\n\t\t<div class=\"elementor-element elementor-element-c73854e e-flex e-con-boxed e-con e-parent\" data-id=\"c73854e\" data-element_type=\"container\" data-e-type=\"container\">\n\t\t\t\t\t<div class=\"e-con-inner\">\n\t\t\t\t<div class=\"elementor-element elementor-element-e4c4282 elementor-invisible elementor-widget elementor-widget-text-editor\" data-id=\"e4c4282\" data-element_type=\"widget\" data-e-type=\"widget\" data-settings=\"{&quot;_animation&quot;:&quot;slideInLeft&quot;}\" data-widget_type=\"text-editor.default\">\n\t\t\t\t<div class=\"elementor-widget-container\">\n\t\t\t\t\t\t\t\t\t<p style=\"text-align: justify;\"><span style=\"color: #397c99;\"><strong>P\u00e4rast Stalingradi lahingus l\u00fc\u00fca saamist 1943. aasta kevadtalvel ja sellele j\u00e4rgnevat ebaedu Idarindel, kasvas Saksa armee vajadus s\u00f5durite j\u00e4rele. 1943. aastal viidi Eestis l\u00e4bi 1920.\u20131924. aastal s\u00fcndinud meeste mobilisatsioon Eesti Leegioni. See t\u00f5i kaasa mobilisatsiooniealiste meeste p\u00f5genemise \u00fcle lahe Soome. Koha paati sai osta raha, kulla vm v\u00e4\u00e4rtusliku eest ning p\u00f5genikke vedasid \u00fcle lahe endised Soome ja Eesti randade salapiirituse ja -kauba vedajad.<\/strong><\/span><\/p>\t\t\t\t\t\t\t\t<\/div>\n\t\t\t\t<\/div>\n\t\t\t\t\t<\/div>\n\t\t\t\t<\/div>\n\t\t<div class=\"elementor-element elementor-element-e12c78a e-flex e-con-boxed e-con e-parent\" data-id=\"e12c78a\" data-element_type=\"container\" data-e-type=\"container\">\n\t\t\t\t\t<div class=\"e-con-inner\">\n\t\t\t\t<div class=\"elementor-element elementor-element-7d535fc elementor-invisible elementor-widget elementor-widget-text-editor\" data-id=\"7d535fc\" data-element_type=\"widget\" data-e-type=\"widget\" data-settings=\"{&quot;_animation&quot;:&quot;slideInRight&quot;}\" data-widget_type=\"text-editor.default\">\n\t\t\t\t<div class=\"elementor-widget-container\">\n\t\t\t\t\t\t\t\t\t<p style=\"text-align: justify;\"><span style=\"color: #a3bccd;\">After suffering defeat in the Battle of Stalingrad in the winter and spring of 1943, and the setbacks that followed it on the Eastern Front, the German Army\u2019s need for soldiers increased. A mobilisation of men born from 1920 to 1924 into the Estonian Legion was carried out in 1943. This led men of mobilisation age to flee across the gulf to Finland. One could buy one\u2019s place in a boat in return for money, gold, or other valuables. Former contrabandists and smugglers of spirits on the coasts of Finland and Estonia took refugees across the gulf.<\/span><\/p>\t\t\t\t\t\t\t\t<\/div>\n\t\t\t\t<\/div>\n\t\t\t\t\t<\/div>\n\t\t\t\t<\/div>\n\t\t<div class=\"elementor-element elementor-element-5f1d5d7 e-flex e-con-boxed e-con e-parent\" data-id=\"5f1d5d7\" data-element_type=\"container\" data-e-type=\"container\">\n\t\t\t\t\t<div class=\"e-con-inner\">\n\t\t<div class=\"elementor-element elementor-element-de33855 e-con-full e-flex e-con e-child\" data-id=\"de33855\" data-element_type=\"container\" data-e-type=\"container\">\n\t\t\t\t<div class=\"elementor-element elementor-element-3756787 elementor-invisible elementor-widget elementor-widget-text-editor\" data-id=\"3756787\" data-element_type=\"widget\" data-e-type=\"widget\" data-settings=\"{&quot;_animation&quot;:&quot;fadeInRight&quot;}\" data-widget_type=\"text-editor.default\">\n\t\t\t\t<div class=\"elementor-widget-container\">\n\t\t\t\t\t\t\t\t\t<p style=\"text-align: justify;\"><strong><span style=\"color: #397c99;\">Ettevalmistused p\u00f5genemiseks. Saksa mobilisatsioonist k\u00f5rvalehoidjad korrastavad \u00f6\u00f6 kattevarjus oma paati.<\/span><\/strong><\/p><p style=\"text-align: justify;\"><span style=\"color: #a3bccd;\">Preparations for departure. Men evading the German mobilisation fix up their boat under cover of night.<\/span><\/p><p style=\"text-align: right;\"><span style=\"color: #397c99;\"><strong>Illustratsioon \/ illustration: RA<\/strong><\/span><\/p>\t\t\t\t\t\t\t\t<\/div>\n\t\t\t\t<\/div>\n\t\t\t\t<\/div>\n\t\t<div class=\"elementor-element elementor-element-28ff497 e-con-full e-flex e-con e-child\" data-id=\"28ff497\" data-element_type=\"container\" data-e-type=\"container\">\n\t\t\t\t<div class=\"elementor-element elementor-element-1fb13b8 elementor-invisible elementor-widget elementor-widget-image\" data-id=\"1fb13b8\" data-element_type=\"widget\" data-e-type=\"widget\" data-settings=\"{&quot;_animation&quot;:&quot;fadeInLeft&quot;}\" data-widget_type=\"image.default\">\n\t\t\t\t<div class=\"elementor-widget-container\">\n\t\t\t\t\t\t\t\t\t\t\t\t\t\t\t\t<a href=\"https:\/\/2024.wwii-refugees.ee\/wp-content\/uploads\/2024\/12\/8.png\" data-elementor-open-lightbox=\"yes\" data-elementor-lightbox-title=\"8\" data-e-action-hash=\"#elementor-action%3Aaction%3Dlightbox%26settings%3DeyJpZCI6OTQzLCJ1cmwiOiJodHRwczpcL1wvMjAyNC53d2lpLXJlZnVnZWVzLmVlXC93cC1jb250ZW50XC91cGxvYWRzXC8yMDI0XC8xMlwvOC5wbmcifQ%3D%3D\">\n\t\t\t\t\t\t\t<img loading=\"lazy\" decoding=\"async\" width=\"1024\" height=\"664\" src=\"https:\/\/2024.wwii-refugees.ee\/wp-content\/uploads\/2024\/12\/8-1024x664.png\" class=\"attachment-large size-large wp-image-943\" alt=\"\" srcset=\"https:\/\/2024.wwii-refugees.ee\/wp-content\/uploads\/2024\/12\/8-1024x664.png 1024w, https:\/\/2024.wwii-refugees.ee\/wp-content\/uploads\/2024\/12\/8-300x194.png 300w, https:\/\/2024.wwii-refugees.ee\/wp-content\/uploads\/2024\/12\/8-768x498.png 768w, https:\/\/2024.wwii-refugees.ee\/wp-content\/uploads\/2024\/12\/8.png 1088w\" sizes=\"(max-width: 1024px) 100vw, 1024px\" \/>\t\t\t\t\t\t\t\t<\/a>\n\t\t\t\t\t\t\t\t\t\t\t\t\t\t\t<\/div>\n\t\t\t\t<\/div>\n\t\t\t\t<\/div>\n\t\t\t\t\t<\/div>\n\t\t\t\t<\/div>\n\t\t<div class=\"elementor-element elementor-element-fc8dba5 e-flex e-con-boxed e-con e-parent\" data-id=\"fc8dba5\" data-element_type=\"container\" data-e-type=\"container\" data-settings=\"{&quot;background_background&quot;:&quot;gradient&quot;}\">\n\t\t\t\t\t<div class=\"e-con-inner\">\n\t\t<div class=\"elementor-element elementor-element-0ab5b18 e-con-full e-flex e-con e-child\" data-id=\"0ab5b18\" data-element_type=\"container\" data-e-type=\"container\">\n\t\t\t\t<div class=\"elementor-element elementor-element-d317f61 elementor-invisible elementor-widget elementor-widget-image\" data-id=\"d317f61\" data-element_type=\"widget\" data-e-type=\"widget\" data-settings=\"{&quot;_animation&quot;:&quot;fadeInRight&quot;}\" data-widget_type=\"image.default\">\n\t\t\t\t<div class=\"elementor-widget-container\">\n\t\t\t\t\t\t\t\t\t\t\t\t\t\t\t\t<a href=\"https:\/\/2024.wwii-refugees.ee\/wp-content\/uploads\/2024\/12\/9.png\" data-elementor-open-lightbox=\"yes\" data-elementor-lightbox-title=\"9\" data-e-action-hash=\"#elementor-action%3Aaction%3Dlightbox%26settings%3DeyJpZCI6OTQ0LCJ1cmwiOiJodHRwczpcL1wvMjAyNC53d2lpLXJlZnVnZWVzLmVlXC93cC1jb250ZW50XC91cGxvYWRzXC8yMDI0XC8xMlwvOS5wbmcifQ%3D%3D\">\n\t\t\t\t\t\t\t<img loading=\"lazy\" decoding=\"async\" width=\"1639\" height=\"1044\" src=\"https:\/\/2024.wwii-refugees.ee\/wp-content\/uploads\/2024\/12\/9.png\" class=\"attachment-full size-full wp-image-944\" alt=\"\" srcset=\"https:\/\/2024.wwii-refugees.ee\/wp-content\/uploads\/2024\/12\/9.png 1639w, https:\/\/2024.wwii-refugees.ee\/wp-content\/uploads\/2024\/12\/9-300x191.png 300w, https:\/\/2024.wwii-refugees.ee\/wp-content\/uploads\/2024\/12\/9-1024x652.png 1024w, https:\/\/2024.wwii-refugees.ee\/wp-content\/uploads\/2024\/12\/9-768x489.png 768w, https:\/\/2024.wwii-refugees.ee\/wp-content\/uploads\/2024\/12\/9-1536x978.png 1536w\" sizes=\"(max-width: 1639px) 100vw, 1639px\" \/>\t\t\t\t\t\t\t\t<\/a>\n\t\t\t\t\t\t\t\t\t\t\t\t\t\t\t<\/div>\n\t\t\t\t<\/div>\n\t\t\t\t<\/div>\n\t\t<div class=\"elementor-element elementor-element-85a9a60 e-con-full e-flex e-con e-child\" data-id=\"85a9a60\" data-element_type=\"container\" data-e-type=\"container\">\n\t\t<div class=\"elementor-element elementor-element-c651658 e-con-full e-flex e-con e-child\" data-id=\"c651658\" data-element_type=\"container\" data-e-type=\"container\" data-settings=\"{&quot;background_background&quot;:&quot;gradient&quot;}\">\n\t\t\t\t<div class=\"elementor-element elementor-element-479263c elementor-invisible elementor-widget elementor-widget-text-editor\" data-id=\"479263c\" data-element_type=\"widget\" data-e-type=\"widget\" data-settings=\"{&quot;_animation&quot;:&quot;fadeInLeft&quot;}\" data-widget_type=\"text-editor.default\">\n\t\t\t\t<div class=\"elementor-widget-container\">\n\t\t\t\t\t\t\t\t\t<p><strong>Paadiehitus Pedassaare rannas.<\/strong><\/p><p>A boat under construction on Pedassaare beach.<\/p><p>\u00a0<\/p><p style=\"text-align: right;\"><strong>Illustratsioon \/ illustration: MM<\/strong><\/p>\t\t\t\t\t\t\t\t<\/div>\n\t\t\t\t<\/div>\n\t\t\t\t<\/div>\n\t\t\t\t<\/div>\n\t\t\t\t\t<\/div>\n\t\t\t\t<\/div>\n\t\t<div class=\"elementor-element elementor-element-c3c2e21 e-flex e-con-boxed e-con e-parent\" data-id=\"c3c2e21\" data-element_type=\"container\" data-e-type=\"container\">\n\t\t\t\t\t<div class=\"e-con-inner\">\n\t\t<div class=\"elementor-element elementor-element-c13feea e-con-full e-flex e-con e-child\" data-id=\"c13feea\" data-element_type=\"container\" data-e-type=\"container\">\n\t\t\t\t<div class=\"elementor-element elementor-element-f09415b elementor-invisible elementor-widget elementor-widget-text-editor\" data-id=\"f09415b\" data-element_type=\"widget\" data-e-type=\"widget\" data-settings=\"{&quot;_animation&quot;:&quot;fadeInRight&quot;}\" data-widget_type=\"text-editor.default\">\n\t\t\t\t<div class=\"elementor-widget-container\">\n\t\t\t\t\t\t\t\t\t<p><strong><span style=\"color: #397c99;\">Paatkond ootab \u00e4ras\u00f5idu hetke.<\/span><\/strong><\/p><p><span style=\"color: #a3bccd;\">A boatload of people wait for the moment of departure.<\/span><\/p><p style=\"text-align: right;\"><span style=\"color: #397c99;\"><strong>Illustratsioon \/ illustration: RA, <\/strong><\/span><\/p><p style=\"text-align: right;\"><span style=\"color: #397c99;\"><strong>autor \/ author: H.Vilper<\/strong><\/span><\/p>\t\t\t\t\t\t\t\t<\/div>\n\t\t\t\t<\/div>\n\t\t\t\t<\/div>\n\t\t<div class=\"elementor-element elementor-element-facc184 e-con-full e-flex e-con e-child\" data-id=\"facc184\" data-element_type=\"container\" data-e-type=\"container\">\n\t\t\t\t<div class=\"elementor-element elementor-element-379ad2d elementor-invisible elementor-widget elementor-widget-image\" data-id=\"379ad2d\" data-element_type=\"widget\" data-e-type=\"widget\" data-settings=\"{&quot;_animation&quot;:&quot;fadeInLeft&quot;}\" data-widget_type=\"image.default\">\n\t\t\t\t<div class=\"elementor-widget-container\">\n\t\t\t\t\t\t\t\t\t\t\t\t\t\t\t\t<a href=\"https:\/\/2024.wwii-refugees.ee\/wp-content\/uploads\/2025\/03\/paatkond.png\" data-elementor-open-lightbox=\"yes\" data-elementor-lightbox-title=\"paatkond\" data-e-action-hash=\"#elementor-action%3Aaction%3Dlightbox%26settings%3DeyJpZCI6MTI0MCwidXJsIjoiaHR0cHM6XC9cLzIwMjQud3dpaS1yZWZ1Z2Vlcy5lZVwvd3AtY29udGVudFwvdXBsb2Fkc1wvMjAyNVwvMDNcL3BhYXRrb25kLnBuZyJ9\">\n\t\t\t\t\t\t\t<img loading=\"lazy\" decoding=\"async\" width=\"676\" height=\"444\" src=\"https:\/\/2024.wwii-refugees.ee\/wp-content\/uploads\/2025\/03\/paatkond.png\" class=\"attachment-large size-large wp-image-1240\" alt=\"\" srcset=\"https:\/\/2024.wwii-refugees.ee\/wp-content\/uploads\/2025\/03\/paatkond.png 676w, https:\/\/2024.wwii-refugees.ee\/wp-content\/uploads\/2025\/03\/paatkond-300x197.png 300w\" sizes=\"(max-width: 676px) 100vw, 676px\" \/>\t\t\t\t\t\t\t\t<\/a>\n\t\t\t\t\t\t\t\t\t\t\t\t\t\t\t<\/div>\n\t\t\t\t<\/div>\n\t\t\t\t<\/div>\n\t\t\t\t\t<\/div>\n\t\t\t\t<\/div>\n\t\t<div class=\"elementor-element elementor-element-2955357 e-flex e-con-boxed e-con e-parent\" data-id=\"2955357\" data-element_type=\"container\" data-e-type=\"container\">\n\t\t\t\t\t<div class=\"e-con-inner\">\n\t\t\t\t<div class=\"elementor-element elementor-element-e9645ec elementor-invisible elementor-widget elementor-widget-text-editor\" data-id=\"e9645ec\" data-element_type=\"widget\" data-e-type=\"widget\" data-settings=\"{&quot;_animation&quot;:&quot;slideInLeft&quot;}\" data-widget_type=\"text-editor.default\">\n\t\t\t\t<div class=\"elementor-widget-container\">\n\t\t\t\t\t\t\t\t\t<p style=\"text-align: justify;\"><span style=\"color: #397c99;\"><strong>Meeste kogunemine oli m\u00e4\u00e4ratud \u00f5htule, kella kaheksaks Altja Uustalu karjamaa nurgale tihedasse kuusep\u00f5\u00f5sastikku. Saabusin sinna pimedas. Mehi kogunes salkkond, umbes kolmek\u00fcmne \u00fcmber. Alustasime kaasav\u00f5etud pampudega matka l\u00e4bi metsa Pedassaare poole. J\u00f5udsime neeme otsale, kuhu pidi tulema paat teatud aal. Ootasime s\u00e4\u00e4l ja andsime kokku lepitud signaale, kuid merelt ei tulnud mingit vastust. Hommikupoole \u00f6\u00f6d p\u00f6\u00f6rasime kodu poole tagasi, et mitte kahtlust \u00e4ratada. Iga mees oli hommikul j\u00e4lle oma t\u00f6\u00f6 juures tagasi, nii ei v\u00f5inud keegi arvata, missugused seiklused olid meil \u00f6\u00f6sel. K\u00e4isime niimoodi kolmel \u00f6\u00f6l Pedassaare neemel paati ootamas, kuid j\u00e4llegi tuli meil tagasi p\u00f6\u00f6rduda. Viimaks ei j\u00e4\u00e4nud muud \u00fcle, kui uus paat muretseda ja v\u00e4iksema salgaga \u00fcle mere minna. Kaugemalt mehed, Eismalt ja Rutjalt, lahkusid tagasi oma kodudesse, j\u00e4rele j\u00e4i Altjalt, Mustojalt ja Vergist kokku \u00fcksteist meest. Saime Sepa Eduga kokkuleppele, ta muretses paadi ja s\u00f5it l\u00e4ks lahti Pedassaare otsast mardilaup\u00e4eva \u00f5htul 1943. Puhus tugev edelatuul \u2013 mida kaugemale maast j\u00f5udsime, seda suuremaks t\u00f5usis lainetus. Kella \u00fche ajal \u00f6\u00f6sel vilkus ees Byrti majaka tuli. Meil ei olnud suure mastaabiga merekaarti, nii oli v\u00e4ga raske pimedas orienteeruda. Panime mootori seisma ja j\u00e4ime ootama p\u00e4evavalget. Suur laine peksis \u00fcle paadi ja tegi meid l\u00e4bim\u00e4rjaks. Kartsime, et laine l\u00f6\u00f6b paadi vett t\u00e4is ja sellega meie reis oleks l\u00f5ppenud \u00f5nnetult. Olime varustatud suure \u00f5litagavaraga, kasutasime seda mere vaigistamiseks: m\u00f5lemalt pardalt tilgutasime \u00f5lis immutatud kottidest \u00f5li merre, \u00f5li tegi laine \u00fcmmarguseks ja paat t\u00f6\u00f6tas lainetes h\u00e4sti. Niimoodi loksusime merel mitu tundi, kuni viimaks koitis p\u00e4evavalgus. P\u00f6\u00f6rasime paadiotsa alla lainet ja t\u00fc\u00fcrisime lainemurrust saarestiku vahele. Eespool n\u00e4gime \u00fcht saarenukki, kavatsesime selle taha p\u00f6\u00f6rata, et asula l\u00e4hedale randuda. N\u00e4gime paremal \u00fchte asulat, p\u00f6\u00f6rasime paadi selles suunas ja umbes veerand tunni m\u00f6\u00f6dudes randusime Sauna saarel. Olime l\u00e4bim\u00e4rjad ja tublisti k\u00fclmetanud. Lahke ja vastutulelik saarerahvas kostitas meid kuuma teega. \u00d5nn oli, et p\u00f6\u00f6rdusime sellele saarele, edasi s\u00f5ites oleksime j\u00f5udnud otse sakslaste vaatluspunkti. Saanud endid enam-v\u00e4hem korraldatud, keha soojendatud ja tujugi t\u00f5stetud Eestist kaasa toodud lepikuliisu abil, j\u00e4tkasime s\u00f5itu l\u00e4himasse Soome piirivalvepunkti. Meie edasine k\u00e4ek\u00e4ik j\u00e4i Soome v\u00f5imude otsustada.<\/strong><\/span><\/p><p style=\"text-align: right;\"><span style=\"color: #397c99;\"><strong><br \/>Valdek Kaasik. T\u00f5estis\u00fcndinud lood. Viitna, 2006<\/strong><\/span><\/p>\t\t\t\t\t\t\t\t<\/div>\n\t\t\t\t<\/div>\n\t\t\t\t\t<\/div>\n\t\t\t\t<\/div>\n\t\t<div class=\"elementor-element elementor-element-2756c19 e-flex e-con-boxed e-con e-parent\" data-id=\"2756c19\" data-element_type=\"container\" data-e-type=\"container\">\n\t\t\t\t\t<div class=\"e-con-inner\">\n\t\t\t\t<div class=\"elementor-element elementor-element-b40f355 elementor-invisible elementor-widget elementor-widget-text-editor\" data-id=\"b40f355\" data-element_type=\"widget\" data-e-type=\"widget\" data-settings=\"{&quot;_animation&quot;:&quot;slideInRight&quot;}\" data-widget_type=\"text-editor.default\">\n\t\t\t\t<div class=\"elementor-widget-container\">\n\t\t\t\t\t\t\t\t\t<p style=\"text-align: justify;\"><span style=\"color: #a3bccd;\">The men agreed to gather at eight o\u2019clock in the evening in a spruce thicket in the corner of the pasture of Uustalu farm in Altja. I arrived there in the dark. A group of around thirty men gathered. We set out on our hike through the woods towards Pedassaare with the bags we had brought with us. We reached the end of the cape, where a boat was supposed to come at an agreed time. We waited there and gave the agreed signals, but no reply came from the sea. Towards morning we headed back towards home so as not to arouse suspicion. Each man was back at his job again in the morning. That way nobody could guess what kinds of adventures we had had at night. We went like that to the cape at Pedassaare on three successive nights to wait for the boat, but each time we had to go back home again. We were finally left with no choice but to get another boat and cross the sea in a smaller group. The men from Eisma and Rutja farther away went back to their homes. A total of 11 men remained from Altja, Mustoja, and Vergi. We struck a bargain with Sepa Edu. He acquired a boat and we set off from the tip of Pedassaare in the evening on the eve of Martinmas, 1943. A strong southwester was blowing \u2013 the farther we got from shore, the bigger the waves were. At one o\u2019clock at night, the light of the Byrt lighthouse flashed in front of us. We did not have a large-scale navigational chart, so it was really hard to get oriented in the dark. We cut the motor and waited for daylight. A big wave washed over the boat and soaked us. We were afraid that a wave would fill our boat with water. If that happened, our voyage would have ended fatally. We had a large supply of oil. We used it to calm the sea: we dripped oil from bags soaked in oil into the sea on both sides of the boat. The oil rounded off the waves and the boat worked well in the waves. We floated like that on the sea for several hours until daylight finally broke. We turned the front of the boat down the waves and steered between the archipelago out of the breaking waves. Ahead we saw the tip of an island. We planned to turn behind it so that we could land near the settlement. We saw a settlement on the right. We turned the boat in that direction and about a quarter of an hour later, we landed on Sauna Island. We were soaked and cold. The kind-hearted and obliging islanders gave us hot tea. It was lucky for us that we turned onto that island. If we had proceeded onward, we would have headed straight to a German observation post. When we had more or less recovered, warmed ourselves up, and even improved our mood with moonshine we had brought along from Estonia, we continued on our way to the closest Finnish border guard post. It was up to the Finnish authorities to decide our subsequent fate.<\/span><\/p><p style=\"text-align: right;\"><span style=\"color: #a3bccd;\">Valdek Kaasik. T\u00f5estis\u00fcndinud lood. Viitna 2006<\/span><\/p>\t\t\t\t\t\t\t\t<\/div>\n\t\t\t\t<\/div>\n\t\t\t\t\t<\/div>\n\t\t\t\t<\/div>\n\t\t<div class=\"elementor-element elementor-element-493c2f7 e-flex e-con-boxed e-con e-parent\" data-id=\"493c2f7\" data-element_type=\"container\" data-e-type=\"container\" data-settings=\"{&quot;background_background&quot;:&quot;gradient&quot;}\">\n\t\t\t\t\t<div class=\"e-con-inner\">\n\t\t<div class=\"elementor-element elementor-element-6d4fb31 e-con-full e-flex e-con e-child\" data-id=\"6d4fb31\" data-element_type=\"container\" data-e-type=\"container\">\n\t\t\t\t<div class=\"elementor-element elementor-element-e03703c elementor-invisible elementor-widget elementor-widget-image\" data-id=\"e03703c\" data-element_type=\"widget\" data-e-type=\"widget\" data-settings=\"{&quot;_animation&quot;:&quot;fadeInRight&quot;}\" data-widget_type=\"image.default\">\n\t\t\t\t<div class=\"elementor-widget-container\">\n\t\t\t\t\t\t\t\t\t\t\t\t\t\t\t\t<a href=\"https:\/\/2024.wwii-refugees.ee\/wp-content\/uploads\/2024\/12\/11.png\" data-elementor-open-lightbox=\"yes\" data-elementor-lightbox-title=\"11\" data-e-action-hash=\"#elementor-action%3Aaction%3Dlightbox%26settings%3DeyJpZCI6OTQ4LCJ1cmwiOiJodHRwczpcL1wvMjAyNC53d2lpLXJlZnVnZWVzLmVlXC93cC1jb250ZW50XC91cGxvYWRzXC8yMDI0XC8xMlwvMTEucG5nIn0%3D\">\n\t\t\t\t\t\t\t<img loading=\"lazy\" decoding=\"async\" width=\"1624\" height=\"1076\" src=\"https:\/\/2024.wwii-refugees.ee\/wp-content\/uploads\/2024\/12\/11.png\" class=\"attachment-full size-full wp-image-948\" alt=\"\" srcset=\"https:\/\/2024.wwii-refugees.ee\/wp-content\/uploads\/2024\/12\/11.png 1624w, https:\/\/2024.wwii-refugees.ee\/wp-content\/uploads\/2024\/12\/11-300x199.png 300w, https:\/\/2024.wwii-refugees.ee\/wp-content\/uploads\/2024\/12\/11-1024x678.png 1024w, https:\/\/2024.wwii-refugees.ee\/wp-content\/uploads\/2024\/12\/11-768x509.png 768w, https:\/\/2024.wwii-refugees.ee\/wp-content\/uploads\/2024\/12\/11-1536x1018.png 1536w\" sizes=\"(max-width: 1624px) 100vw, 1624px\" \/>\t\t\t\t\t\t\t\t<\/a>\n\t\t\t\t\t\t\t\t\t\t\t\t\t\t\t<\/div>\n\t\t\t\t<\/div>\n\t\t\t\t<\/div>\n\t\t<div class=\"elementor-element elementor-element-23e37e9 e-con-full e-flex e-con e-child\" data-id=\"23e37e9\" data-element_type=\"container\" data-e-type=\"container\">\n\t\t<div class=\"elementor-element elementor-element-ad764a3 e-con-full e-flex e-con e-child\" data-id=\"ad764a3\" data-element_type=\"container\" data-e-type=\"container\" data-settings=\"{&quot;background_background&quot;:&quot;gradient&quot;}\">\n\t\t\t\t<div class=\"elementor-element elementor-element-55e9ff1 elementor-invisible elementor-widget elementor-widget-text-editor\" data-id=\"55e9ff1\" data-element_type=\"widget\" data-e-type=\"widget\" data-settings=\"{&quot;_animation&quot;:&quot;fadeInLeft&quot;}\" data-widget_type=\"text-editor.default\">\n\t\t\t\t<div class=\"elementor-widget-container\">\n\t\t\t\t\t\t\t\t\t<p style=\"text-align: justify;\"><strong>P\u00f5genejate paat, mida rammis Saksa allveelaev. 16 p\u00f5genikku hukkus.<\/strong><\/p><p style=\"text-align: justify;\">Refugee boat that was rammed by a German submarine. 16 refugees perished.<\/p><p style=\"text-align: right;\"><strong>Illustratsioon \/ illustration: RA<br \/><\/strong><\/p>\t\t\t\t\t\t\t\t<\/div>\n\t\t\t\t<\/div>\n\t\t\t\t<\/div>\n\t\t\t\t<\/div>\n\t\t\t\t\t<\/div>\n\t\t\t\t<\/div>\n\t\t<div class=\"elementor-element elementor-element-e2d488b e-flex e-con-boxed e-con e-parent\" data-id=\"e2d488b\" data-element_type=\"container\" data-e-type=\"container\">\n\t\t\t\t\t<div class=\"e-con-inner\">\n\t\t\t\t<div class=\"elementor-element elementor-element-c947158 elementor-invisible elementor-widget elementor-widget-text-editor\" data-id=\"c947158\" data-element_type=\"widget\" data-e-type=\"widget\" data-settings=\"{&quot;_animation&quot;:&quot;slideInLeft&quot;}\" data-widget_type=\"text-editor.default\">\n\t\t\t\t<div class=\"elementor-widget-container\">\n\t\t\t\t\t\t\t\t\t<p style=\"text-align: justify;\"><span style=\"color: #397c99;\"><strong>1943.\u20131944. aastal \u00fcletas pagenute arv 5000 piiri. Neist v\u00e4hemalt 2 \u20443 olid noored mehed, kes astusid vabatahtlikult Soome armeesse ja teenisid 8. veebruaril 1944 moodustatud 200. jalav\u00e4er\u00fcgemendis (JR 200), aga ka merev\u00e4es ning kaugluures. Augustis 1944 anti soomepoistele ametlikult luba Eestisse tagasi p\u00f6\u00f6rduda, et osaleda kaitselahingutes pealetungiva Punaarmee v\u00e4eosade vastu. 19. augustil j\u00f5udsidki 1628 meest Eestisse tagasi ning osa neist v\u00f5itlesid Punaarmeega Emaj\u00f5el.<\/strong><\/span><\/p>\t\t\t\t\t\t\t\t<\/div>\n\t\t\t\t<\/div>\n\t\t\t\t\t<\/div>\n\t\t\t\t<\/div>\n\t\t<div class=\"elementor-element elementor-element-7c83adf e-flex e-con-boxed e-con e-parent\" data-id=\"7c83adf\" data-element_type=\"container\" data-e-type=\"container\">\n\t\t\t\t\t<div class=\"e-con-inner\">\n\t\t\t\t<div class=\"elementor-element elementor-element-abaaa9a elementor-invisible elementor-widget elementor-widget-text-editor\" data-id=\"abaaa9a\" data-element_type=\"widget\" data-e-type=\"widget\" data-settings=\"{&quot;_animation&quot;:&quot;slideInRight&quot;}\" data-widget_type=\"text-editor.default\">\n\t\t\t\t<div class=\"elementor-widget-container\">\n\t\t\t\t\t\t\t\t\t<p style=\"text-align: justify;\"><span style=\"color: #a3bccd;\">The number of escapees in 1943\u20131944 exceeded 5000. At least \u2154 of them were young men who voluntarily joined the Finnish army and served in the 200th Infantry Regiment (JR 200), formed on February 8, 1944, as well as in the navy and long-range reconnaissance. In August 1944, the Finnish boys were officially allowed to return to Estonia to participate in the defensive battles against the advancing Red Army units. On August 19, 1628 men returned to Estonia, and some of them fought against the Red Army at the Emaj\u00f5gi River.<\/span><\/p>\t\t\t\t\t\t\t\t<\/div>\n\t\t\t\t<\/div>\n\t\t\t\t\t<\/div>\n\t\t\t\t<\/div>\n\t\t<div class=\"elementor-element elementor-element-5aa8e19 e-flex e-con-boxed e-con e-parent\" data-id=\"5aa8e19\" data-element_type=\"container\" data-e-type=\"container\">\n\t\t\t\t\t<div class=\"e-con-inner\">\n\t\t<div class=\"elementor-element elementor-element-38011dd e-con-full e-flex e-con e-child\" data-id=\"38011dd\" data-element_type=\"container\" data-e-type=\"container\">\n\t\t\t\t<div class=\"elementor-element elementor-element-237c5b9 elementor-invisible elementor-widget elementor-widget-text-editor\" data-id=\"237c5b9\" data-element_type=\"widget\" data-e-type=\"widget\" data-settings=\"{&quot;_animation&quot;:&quot;fadeInRight&quot;}\" data-widget_type=\"text-editor.default\">\n\t\t\t\t<div class=\"elementor-widget-container\">\n\t\t\t\t\t\t\t\t\t<p><strong><span style=\"color: #397c99;\">Tsiviilriietuses soomepoisid marssimas.<\/span><\/strong><\/p><p><span style=\"color: #a3bccd;\">Estonian volunteers from the Finnish Army marching in civilian clothing.<\/span><\/p><p style=\"text-align: right;\"><span style=\"color: #397c99;\"><strong>Illustratsioon \/ illustration: ERM <\/strong><\/span><\/p><p style=\"text-align: right;\"><span style=\"color: #397c99;\"><strong>\u00a0<\/strong><\/span><\/p>\t\t\t\t\t\t\t\t<\/div>\n\t\t\t\t<\/div>\n\t\t\t\t<\/div>\n\t\t<div class=\"elementor-element elementor-element-0255c7a e-con-full e-flex e-con e-child\" data-id=\"0255c7a\" data-element_type=\"container\" data-e-type=\"container\">\n\t\t\t\t<div class=\"elementor-element elementor-element-1bf2a56 elementor-invisible elementor-widget elementor-widget-image\" data-id=\"1bf2a56\" data-element_type=\"widget\" data-e-type=\"widget\" data-settings=\"{&quot;_animation&quot;:&quot;fadeInLeft&quot;}\" data-widget_type=\"image.default\">\n\t\t\t\t<div class=\"elementor-widget-container\">\n\t\t\t\t\t\t\t\t\t\t\t\t\t\t\t\t<a href=\"https:\/\/2024.wwii-refugees.ee\/wp-content\/uploads\/2024\/12\/12.png\" data-elementor-open-lightbox=\"yes\" data-elementor-lightbox-title=\"12\" data-e-action-hash=\"#elementor-action%3Aaction%3Dlightbox%26settings%3DeyJpZCI6OTQ5LCJ1cmwiOiJodHRwczpcL1wvMjAyNC53d2lpLXJlZnVnZWVzLmVlXC93cC1jb250ZW50XC91cGxvYWRzXC8yMDI0XC8xMlwvMTIucG5nIn0%3D\">\n\t\t\t\t\t\t\t<img loading=\"lazy\" decoding=\"async\" width=\"1024\" height=\"686\" src=\"https:\/\/2024.wwii-refugees.ee\/wp-content\/uploads\/2024\/12\/12-1024x686.png\" class=\"attachment-large size-large wp-image-949\" alt=\"\" srcset=\"https:\/\/2024.wwii-refugees.ee\/wp-content\/uploads\/2024\/12\/12-1024x686.png 1024w, https:\/\/2024.wwii-refugees.ee\/wp-content\/uploads\/2024\/12\/12-300x201.png 300w, https:\/\/2024.wwii-refugees.ee\/wp-content\/uploads\/2024\/12\/12-768x515.png 768w, https:\/\/2024.wwii-refugees.ee\/wp-content\/uploads\/2024\/12\/12-1536x1030.png 1536w, https:\/\/2024.wwii-refugees.ee\/wp-content\/uploads\/2024\/12\/12.png 1629w\" sizes=\"(max-width: 1024px) 100vw, 1024px\" \/>\t\t\t\t\t\t\t\t<\/a>\n\t\t\t\t\t\t\t\t\t\t\t\t\t\t\t<\/div>\n\t\t\t\t<\/div>\n\t\t\t\t<\/div>\n\t\t\t\t\t<\/div>\n\t\t\t\t<\/div>\n\t\t<div class=\"elementor-element elementor-element-2c8ec34 e-flex e-con-boxed e-con e-parent\" data-id=\"2c8ec34\" data-element_type=\"container\" data-e-type=\"container\" data-settings=\"{&quot;background_background&quot;:&quot;gradient&quot;}\">\n\t\t\t\t\t<div class=\"e-con-inner\">\n\t\t<div class=\"elementor-element elementor-element-8a780b4 e-con-full e-flex e-con e-child\" data-id=\"8a780b4\" data-element_type=\"container\" data-e-type=\"container\">\n\t\t\t\t<div class=\"elementor-element elementor-element-c105505 elementor-invisible elementor-widget elementor-widget-image\" data-id=\"c105505\" data-element_type=\"widget\" data-e-type=\"widget\" data-settings=\"{&quot;_animation&quot;:&quot;fadeInRight&quot;}\" data-widget_type=\"image.default\">\n\t\t\t\t<div class=\"elementor-widget-container\">\n\t\t\t\t\t\t\t\t\t\t\t\t\t\t\t\t<a href=\"https:\/\/2024.wwii-refugees.ee\/wp-content\/uploads\/2024\/12\/13.png\" data-elementor-open-lightbox=\"yes\" data-elementor-lightbox-title=\"13\" data-e-action-hash=\"#elementor-action%3Aaction%3Dlightbox%26settings%3DeyJpZCI6OTUwLCJ1cmwiOiJodHRwczpcL1wvMjAyNC53d2lpLXJlZnVnZWVzLmVlXC93cC1jb250ZW50XC91cGxvYWRzXC8yMDI0XC8xMlwvMTMucG5nIn0%3D\">\n\t\t\t\t\t\t\t<img loading=\"lazy\" decoding=\"async\" width=\"1627\" height=\"1086\" src=\"https:\/\/2024.wwii-refugees.ee\/wp-content\/uploads\/2024\/12\/13.png\" class=\"attachment-full size-full wp-image-950\" alt=\"\" srcset=\"https:\/\/2024.wwii-refugees.ee\/wp-content\/uploads\/2024\/12\/13.png 1627w, https:\/\/2024.wwii-refugees.ee\/wp-content\/uploads\/2024\/12\/13-300x200.png 300w, https:\/\/2024.wwii-refugees.ee\/wp-content\/uploads\/2024\/12\/13-1024x684.png 1024w, https:\/\/2024.wwii-refugees.ee\/wp-content\/uploads\/2024\/12\/13-768x513.png 768w, https:\/\/2024.wwii-refugees.ee\/wp-content\/uploads\/2024\/12\/13-1536x1025.png 1536w\" sizes=\"(max-width: 1627px) 100vw, 1627px\" \/>\t\t\t\t\t\t\t\t<\/a>\n\t\t\t\t\t\t\t\t\t\t\t\t\t\t\t<\/div>\n\t\t\t\t<\/div>\n\t\t\t\t<\/div>\n\t\t<div class=\"elementor-element elementor-element-1522b47 e-con-full e-flex e-con e-child\" data-id=\"1522b47\" data-element_type=\"container\" data-e-type=\"container\">\n\t\t<div class=\"elementor-element elementor-element-0737771 e-con-full e-flex e-con e-child\" data-id=\"0737771\" data-element_type=\"container\" data-e-type=\"container\" data-settings=\"{&quot;background_background&quot;:&quot;gradient&quot;}\">\n\t\t\t\t<div class=\"elementor-element elementor-element-c7a958d elementor-invisible elementor-widget elementor-widget-text-editor\" data-id=\"c7a958d\" data-element_type=\"widget\" data-e-type=\"widget\" data-settings=\"{&quot;_animation&quot;:&quot;fadeInLeft&quot;}\" data-widget_type=\"text-editor.default\">\n\t\t\t\t<div class=\"elementor-widget-container\">\n\t\t\t\t\t\t\t\t\t<p><strong>Soomepoisid Jalkala laagris 1943. aastal.<\/strong><\/p><p>Estonian volunteers from the Finnish Army at Jalkala camp in 1943.<\/p><p style=\"text-align: right;\"><strong>Illustratsioon \/ illustration: AM<br \/><\/strong><\/p>\t\t\t\t\t\t\t\t<\/div>\n\t\t\t\t<\/div>\n\t\t\t\t<\/div>\n\t\t\t\t<\/div>\n\t\t\t\t\t<\/div>\n\t\t\t\t<\/div>\n\t\t<div class=\"elementor-element elementor-element-60dfe18 e-flex e-con-boxed e-con e-parent\" data-id=\"60dfe18\" data-element_type=\"container\" data-e-type=\"container\">\n\t\t\t\t\t<div class=\"e-con-inner\">\n\t\t\t\t<div class=\"elementor-element elementor-element-618419e elementor-widget elementor-widget-image\" data-id=\"618419e\" data-element_type=\"widget\" data-e-type=\"widget\" data-widget_type=\"image.default\">\n\t\t\t\t<div class=\"elementor-widget-container\">\n\t\t\t\t\t\t\t\t\t\t\t\t\t\t\t<img fetchpriority=\"high\" decoding=\"async\" width=\"8667\" height=\"334\" src=\"https:\/\/2024.wwii-refugees.ee\/wp-content\/uploads\/2024\/04\/WWII_refugees_visuals_LAINE_3.png\" class=\"attachment-full size-full wp-image-121\" alt=\"\" srcset=\"https:\/\/2024.wwii-refugees.ee\/wp-content\/uploads\/2024\/04\/WWII_refugees_visuals_LAINE_3.png 8667w, https:\/\/2024.wwii-refugees.ee\/wp-content\/uploads\/2024\/04\/WWII_refugees_visuals_LAINE_3-300x12.png 300w, https:\/\/2024.wwii-refugees.ee\/wp-content\/uploads\/2024\/04\/WWII_refugees_visuals_LAINE_3-1024x39.png 1024w, https:\/\/2024.wwii-refugees.ee\/wp-content\/uploads\/2024\/04\/WWII_refugees_visuals_LAINE_3-768x30.png 768w, https:\/\/2024.wwii-refugees.ee\/wp-content\/uploads\/2024\/04\/WWII_refugees_visuals_LAINE_3-1536x59.png 1536w, https:\/\/2024.wwii-refugees.ee\/wp-content\/uploads\/2024\/04\/WWII_refugees_visuals_LAINE_3-2048x79.png 2048w\" sizes=\"(max-width: 8667px) 100vw, 8667px\" \/>\t\t\t\t\t\t\t\t\t\t\t\t\t\t\t<\/div>\n\t\t\t\t<\/div>\n\t\t\t\t\t<\/div>\n\t\t\t\t<\/div>\n\t\t<div class=\"elementor-element elementor-element-2baf840 e-flex e-con-boxed e-con e-parent\" data-id=\"2baf840\" data-element_type=\"container\" data-e-type=\"container\">\n\t\t\t\t\t<div class=\"e-con-inner\">\n\t\t\t\t<div class=\"elementor-element elementor-element-bdbd942 elementor-widget-divider--view-line elementor-widget elementor-widget-divider\" data-id=\"bdbd942\" data-element_type=\"widget\" data-e-type=\"widget\" data-widget_type=\"divider.default\">\n\t\t\t\t<div class=\"elementor-widget-container\">\n\t\t\t\t\t\t\t<div class=\"elementor-divider\">\n\t\t\t<span class=\"elementor-divider-separator\">\n\t\t\t\t\t\t<\/span>\n\t\t<\/div>\n\t\t\t\t\t\t<\/div>\n\t\t\t\t<\/div>\n\t\t\t\t\t<\/div>\n\t\t\t\t<\/div>\n\t\t<div class=\"elementor-element elementor-element-42e24c1 e-flex e-con-boxed e-con e-parent\" data-id=\"42e24c1\" data-element_type=\"container\" data-e-type=\"container\">\n\t\t\t\t\t<div class=\"e-con-inner\">\n\t\t\t\t<div class=\"elementor-element elementor-element-8bae42f elementor-widget elementor-widget-heading\" data-id=\"8bae42f\" data-element_type=\"widget\" data-e-type=\"widget\" data-widget_type=\"heading.default\">\n\t\t\t\t<div class=\"elementor-widget-container\">\n\t\t\t\t\t<h2 class=\"elementor-heading-title elementor-size-default\">P\u00d5GENEMINE ROOTSI<\/h2>\t\t\t\t<\/div>\n\t\t\t\t<\/div>\n\t\t\t\t\t<\/div>\n\t\t\t\t<\/div>\n\t\t<div class=\"elementor-element elementor-element-35f2525 e-flex e-con-boxed e-con e-parent\" data-id=\"35f2525\" data-element_type=\"container\" data-e-type=\"container\">\n\t\t\t\t\t<div class=\"e-con-inner\">\n\t\t\t\t<div class=\"elementor-element elementor-element-ab30423 elementor-widget elementor-widget-heading\" data-id=\"ab30423\" data-element_type=\"widget\" data-e-type=\"widget\" data-widget_type=\"heading.default\">\n\t\t\t\t<div class=\"elementor-widget-container\">\n\t\t\t\t\t<h3 class=\"elementor-heading-title elementor-size-default\">ESCAPE TO SWEDEN<\/h3>\t\t\t\t<\/div>\n\t\t\t\t<\/div>\n\t\t\t\t\t<\/div>\n\t\t\t\t<\/div>\n\t\t<div class=\"elementor-element elementor-element-2ab33e8 e-flex e-con-boxed e-con e-parent\" data-id=\"2ab33e8\" data-element_type=\"container\" data-e-type=\"container\">\n\t\t\t\t\t<div class=\"e-con-inner\">\n\t\t\t\t<div class=\"elementor-element elementor-element-410e6a1 elementor-invisible elementor-widget elementor-widget-text-editor\" data-id=\"410e6a1\" data-element_type=\"widget\" data-e-type=\"widget\" data-settings=\"{&quot;_animation&quot;:&quot;slideInLeft&quot;}\" data-widget_type=\"text-editor.default\">\n\t\t\t\t<div class=\"elementor-widget-container\">\n\t\t\t\t\t\t\t\t\t<p style=\"text-align: justify;\"><span style=\"color: #397c99;\"><strong>Hilissuvel 1944 otsustas Saksa armee juhatus loovutada Baltikumi. Narva rinde peaj\u00f5ud alustasid tagasit\u00f5mbumist 18. septembri \u00f5htul. Saanud teada Eesti maha j\u00e4tmisest, p\u00f5genesid paljud Rakvere ja Tapa \u00fcmbruskonna inimesed ning Viru- ja Harjumaa rannarahvas Soome. 19. septembril j\u00f5ustunud NSV Liidu ja Soome vaherahulepingus oli klausel, mille kohaselt pidi Soome pool NSV Liidule v\u00e4lja andma k\u00f5ik \u201eNSV Liidu kodanikud\u201c, kelle hulka loeti ka eestlased. P\u00e4rast lepingu j\u00f5ustumist soovitasidki Soome ametiv\u00f5imud Eesti Vabariigi kodanikel lahkuda Rootsi. Seet\u00f5ttu suunaski Soome rannavalve Eestist saabunud p\u00f5genikud Botnia lahele Rauma sadamasse, mis oli m\u00e4\u00e4ratud p\u00f5genike kogunemiskohaks. \u00dchtekokku j\u00f5udis Soome kaudu Rootsi umbes 7000 eestlast.<\/strong><\/span><\/p>\t\t\t\t\t\t\t\t<\/div>\n\t\t\t\t<\/div>\n\t\t\t\t\t<\/div>\n\t\t\t\t<\/div>\n\t\t<div class=\"elementor-element elementor-element-5c5ebac e-flex e-con-boxed e-con e-parent\" data-id=\"5c5ebac\" data-element_type=\"container\" data-e-type=\"container\">\n\t\t\t\t\t<div class=\"e-con-inner\">\n\t\t\t\t<div class=\"elementor-element elementor-element-330014e elementor-invisible elementor-widget elementor-widget-text-editor\" data-id=\"330014e\" data-element_type=\"widget\" data-e-type=\"widget\" data-settings=\"{&quot;_animation&quot;:&quot;slideInRight&quot;}\" data-widget_type=\"text-editor.default\">\n\t\t\t\t<div class=\"elementor-widget-container\">\n\t\t\t\t\t\t\t\t\t<p style=\"text-align: justify;\"><span style=\"color: #a3bccd;\">In the late summer of 1944, German Army Command decided to withdraw from the Baltic region. The main forces along the Narva Front started withdrawing in the evening of 18 September. When they found out that Estonia was being abandoned, many people from the vicinity of Rakvere and Tapa, and coastal dwellers in Viru and Harju counties fled to Finland. The armistice agreement between Finland and the Soviet Union that went into effect on 19 September contained a clause according to which the Finnish side had to extradite all \u2018Soviet citizens\u2019 to the Soviet Union. Estonians were considered Soviet citizens. After the agreement went into effect, the Finnish authorities recommended that citizens of the Republic of Estonia leave for Sweden. For that reason, the Finnish coast guard sent refugees arriving from Estonia to Rauma harbour in the Gulf of Bothnia, which was designated as a place for gathering refugees together. A total of about 7,000 Estonians reached Sweden via Finland.<\/span><\/p>\t\t\t\t\t\t\t\t<\/div>\n\t\t\t\t<\/div>\n\t\t\t\t\t<\/div>\n\t\t\t\t<\/div>\n\t\t<div class=\"elementor-element elementor-element-767539e e-flex e-con-boxed e-con e-parent\" data-id=\"767539e\" data-element_type=\"container\" data-e-type=\"container\">\n\t\t\t\t\t<div class=\"e-con-inner\">\n\t\t<div class=\"elementor-element elementor-element-3f44a53 e-con-full e-flex e-con e-child\" data-id=\"3f44a53\" data-element_type=\"container\" data-e-type=\"container\">\n\t\t\t\t<div class=\"elementor-element elementor-element-d9a0504 elementor-invisible elementor-widget elementor-widget-text-editor\" data-id=\"d9a0504\" data-element_type=\"widget\" data-e-type=\"widget\" data-settings=\"{&quot;_animation&quot;:&quot;fadeInRight&quot;}\" data-widget_type=\"text-editor.default\">\n\t\t\t\t<div class=\"elementor-widget-container\">\n\t\t\t\t\t\t\t\t\t<p><strong><span style=\"color: #397c99;\">Rakvere kesklinn varemetes.<\/span><\/strong><\/p><p><span style=\"color: #a3bccd;\">The city centre of Rakvere in ruins.<\/span><\/p><p style=\"text-align: right;\"><span style=\"color: #397c99;\"><strong>Illustratsioon \/ illustration: VM <\/strong><\/span><\/p><p style=\"text-align: right;\"><span style=\"color: #397c99;\"><strong>\u00a0<\/strong><\/span><\/p>\t\t\t\t\t\t\t\t<\/div>\n\t\t\t\t<\/div>\n\t\t\t\t<\/div>\n\t\t<div class=\"elementor-element elementor-element-ece2bcf e-con-full e-flex e-con e-child\" data-id=\"ece2bcf\" data-element_type=\"container\" data-e-type=\"container\">\n\t\t\t\t<div class=\"elementor-element elementor-element-37cf248 elementor-invisible elementor-widget elementor-widget-image\" data-id=\"37cf248\" data-element_type=\"widget\" data-e-type=\"widget\" data-settings=\"{&quot;_animation&quot;:&quot;fadeInLeft&quot;}\" data-widget_type=\"image.default\">\n\t\t\t\t<div class=\"elementor-widget-container\">\n\t\t\t\t\t\t\t\t\t\t\t\t\t\t\t\t<a href=\"https:\/\/2024.wwii-refugees.ee\/wp-content\/uploads\/2024\/12\/14.png\" data-elementor-open-lightbox=\"yes\" data-elementor-lightbox-title=\"14\" data-e-action-hash=\"#elementor-action%3Aaction%3Dlightbox%26settings%3DeyJpZCI6OTUyLCJ1cmwiOiJodHRwczpcL1wvMjAyNC53d2lpLXJlZnVnZWVzLmVlXC93cC1jb250ZW50XC91cGxvYWRzXC8yMDI0XC8xMlwvMTQucG5nIn0%3D\">\n\t\t\t\t\t\t\t<img loading=\"lazy\" decoding=\"async\" width=\"1024\" height=\"724\" src=\"https:\/\/2024.wwii-refugees.ee\/wp-content\/uploads\/2024\/12\/14-1024x724.png\" class=\"attachment-large size-large wp-image-952\" alt=\"\" srcset=\"https:\/\/2024.wwii-refugees.ee\/wp-content\/uploads\/2024\/12\/14-1024x724.png 1024w, https:\/\/2024.wwii-refugees.ee\/wp-content\/uploads\/2024\/12\/14-300x212.png 300w, https:\/\/2024.wwii-refugees.ee\/wp-content\/uploads\/2024\/12\/14-768x543.png 768w, https:\/\/2024.wwii-refugees.ee\/wp-content\/uploads\/2024\/12\/14-1536x1085.png 1536w, https:\/\/2024.wwii-refugees.ee\/wp-content\/uploads\/2024\/12\/14.png 1629w\" sizes=\"(max-width: 1024px) 100vw, 1024px\" \/>\t\t\t\t\t\t\t\t<\/a>\n\t\t\t\t\t\t\t\t\t\t\t\t\t\t\t<\/div>\n\t\t\t\t<\/div>\n\t\t\t\t<\/div>\n\t\t\t\t\t<\/div>\n\t\t\t\t<\/div>\n\t\t<div class=\"elementor-element elementor-element-797ad75 e-flex e-con-boxed e-con e-parent\" data-id=\"797ad75\" data-element_type=\"container\" data-e-type=\"container\" data-settings=\"{&quot;background_background&quot;:&quot;gradient&quot;}\">\n\t\t\t\t\t<div class=\"e-con-inner\">\n\t\t<div class=\"elementor-element elementor-element-067786b e-con-full e-flex e-con e-child\" data-id=\"067786b\" data-element_type=\"container\" data-e-type=\"container\">\n\t\t\t\t<div class=\"elementor-element elementor-element-f1cc535 elementor-invisible elementor-widget elementor-widget-image\" data-id=\"f1cc535\" data-element_type=\"widget\" data-e-type=\"widget\" data-settings=\"{&quot;_animation&quot;:&quot;fadeInRight&quot;}\" data-widget_type=\"image.default\">\n\t\t\t\t<div class=\"elementor-widget-container\">\n\t\t\t\t\t\t\t\t\t\t\t\t\t\t\t\t<a href=\"https:\/\/2024.wwii-refugees.ee\/wp-content\/uploads\/2024\/12\/15.png\" data-elementor-open-lightbox=\"yes\" data-elementor-lightbox-title=\"15\" data-e-action-hash=\"#elementor-action%3Aaction%3Dlightbox%26settings%3DeyJpZCI6OTUzLCJ1cmwiOiJodHRwczpcL1wvMjAyNC53d2lpLXJlZnVnZWVzLmVlXC93cC1jb250ZW50XC91cGxvYWRzXC8yMDI0XC8xMlwvMTUucG5nIn0%3D\">\n\t\t\t\t\t\t\t<img loading=\"lazy\" decoding=\"async\" width=\"1634\" height=\"1034\" src=\"https:\/\/2024.wwii-refugees.ee\/wp-content\/uploads\/2024\/12\/15.png\" class=\"attachment-full size-full wp-image-953\" alt=\"\" srcset=\"https:\/\/2024.wwii-refugees.ee\/wp-content\/uploads\/2024\/12\/15.png 1634w, https:\/\/2024.wwii-refugees.ee\/wp-content\/uploads\/2024\/12\/15-300x190.png 300w, https:\/\/2024.wwii-refugees.ee\/wp-content\/uploads\/2024\/12\/15-1024x648.png 1024w, https:\/\/2024.wwii-refugees.ee\/wp-content\/uploads\/2024\/12\/15-768x486.png 768w, https:\/\/2024.wwii-refugees.ee\/wp-content\/uploads\/2024\/12\/15-1536x972.png 1536w\" sizes=\"(max-width: 1634px) 100vw, 1634px\" \/>\t\t\t\t\t\t\t\t<\/a>\n\t\t\t\t\t\t\t\t\t\t\t\t\t\t\t<\/div>\n\t\t\t\t<\/div>\n\t\t\t\t<\/div>\n\t\t<div class=\"elementor-element elementor-element-b0930bb e-con-full e-flex e-con e-child\" data-id=\"b0930bb\" data-element_type=\"container\" data-e-type=\"container\">\n\t\t<div class=\"elementor-element elementor-element-72c32f9 e-con-full e-flex e-con e-child\" data-id=\"72c32f9\" data-element_type=\"container\" data-e-type=\"container\" data-settings=\"{&quot;background_background&quot;:&quot;gradient&quot;}\">\n\t\t\t\t<div class=\"elementor-element elementor-element-a59a749 elementor-invisible elementor-widget elementor-widget-text-editor\" data-id=\"a59a749\" data-element_type=\"widget\" data-e-type=\"widget\" data-settings=\"{&quot;_animation&quot;:&quot;fadeInLeft&quot;}\" data-widget_type=\"text-editor.default\">\n\t\t\t\t<div class=\"elementor-widget-container\">\n\t\t\t\t\t\t\t\t\t<p style=\"text-align: justify;\"><strong>Rakvere Vabaduss\u00f5ja m\u00e4lestusm\u00e4rk Saksa okupatsiooni ajal.<\/strong><\/p><p style=\"text-align: justify;\">Estonian volunteers from the Finnish Army at Jalkala camp in 1943.<\/p><p style=\"text-align: right;\"><strong>Illustratsioon \/ illustration: AM<br \/><\/strong><\/p>\t\t\t\t\t\t\t\t<\/div>\n\t\t\t\t<\/div>\n\t\t\t\t<\/div>\n\t\t\t\t<\/div>\n\t\t\t\t\t<\/div>\n\t\t\t\t<\/div>\n\t\t<div class=\"elementor-element elementor-element-3cdc751 e-flex e-con-boxed e-con e-parent\" data-id=\"3cdc751\" data-element_type=\"container\" data-e-type=\"container\">\n\t\t\t\t\t<div class=\"e-con-inner\">\n\t\t\t\t<div class=\"elementor-element elementor-element-cc4c88c elementor-invisible elementor-widget elementor-widget-text-editor\" data-id=\"cc4c88c\" data-element_type=\"widget\" data-e-type=\"widget\" data-settings=\"{&quot;_animation&quot;:&quot;slideInLeft&quot;}\" data-widget_type=\"text-editor.default\">\n\t\t\t\t<div class=\"elementor-widget-container\">\n\t\t\t\t\t\t\t\t\t<p style=\"text-align: justify;\"><span style=\"color: #397c99;\"><strong>Oma p\u00f5genemist V\u00f5sult Soome kaudu Rootsi kirjeldas Palmse vallavanem Karl Leemet.<br \/>21.09. Neljap\u00e4ev. [&#8230;] Loksa lahel oli k\u00f5va laine k\u00fcljelt, mis viis \u00e4ra paadi ankru ja presendi. J\u00f5udsime kella 5 aegu hommikul Leesile, kus olime terve p\u00e4eva. \u00d5htul kell 8 l\u00e4ks s\u00f5iduks. Jumindal pidime teistega kohtuma, kohtusime kuue paadiga, kus selgus, et keegi ei soovi ees s\u00f5ita. N\u00fc\u00fcd lendasid meist \u00fcle Vene lennukid ja varsti algas Tallinna pommitamine, mis v\u00f5ttis meiegi kohal mere valgeks. Kartes, et lennukid v\u00f5ivad meid n\u00e4ha, p\u00f6\u00f6rasime teistest \u00e4ra ja v\u00f5tsime kursi P\u00f5hjanaelale, sest mingisugust merekaarti meil polnud.<br \/>22.09. Reede. J\u00f5udsime kell 4 hommikul Soome randa Biske kohale, nagu hiljem selgus. Ootasime valgenemist ja s\u00f5it l\u00e4ks edasi saarte vahel, kus \u00fchel saarel maandusime. Pakkusime peremehele Viru \u201eSpirtu\u201c ja peremees kutsus kohvile. Hiljem kogunes ka teisi paate ja s\u00f5it l\u00e4ks edasi tolli hoone. Sinna oli neid kogunenud ca 20 paadi \u00fcmber ja neid tuli j\u00e4rjest juurde. Siis v\u00f5eti \u00f5htu eel paadid puksiiri poolt sleppi ja toodi Jollasesse, s\u00e4\u00e4l selgus, et Soome valitsus meid Soome ei saa j\u00e4tta.<br \/>23.09. Laup\u00e4ev. \u00d6\u00f6bisime lageda taeva all. Ka siin oli palju tuttavaid. \u00d5htu eel viisid autod kraami ja inimesed Herttoneemi jaama. \u00d5htul kell 8 algas siit s\u00f5it Rauma suunas. Sattusin kaubavagunisse oma valla inimestega.<br \/>24.09. P\u00fchap\u00e4ev. V\u00f5tsime vastu p\u00fchap\u00e4eva H\u00e4\u00e4menlinna kohal. Tampere linnas anti meile s\u00fc\u00fca. J\u00f5udsime kell 9 \u00f5htul Vuojoki raudteejaama, kus \u00f6\u00f6bisime vagunites.<br \/>25.09. Esmasp\u00e4ev. K\u00e4isime kaks kilomeetrit eemal olevas koolimajas s\u00f6\u00f6mas. Kell 12 lahkusime Rauma suunas, kuhu j\u00f5udsime kl 12, sealt saime autodel kuidagi edasi ja laevale. Laeva minnes kukkusin merre. Laev oli viimse v\u00f5imaluseni t\u00e4is kiilutud. Laevas olles v\u00e4\u00e4nasin vee v\u00e4lja riietest ja sokkidest, nii kui see mul v\u00e4hegi v\u00f5imalik oli. V\u00f5tsin taskust viinapudeli, et viina l\u00e4bi v\u00e4hegi sooja saada. Perekonnad asetati laevaruumi, kuna teised j\u00e4eti tekile. Tuul muutub j\u00e4rjest valjemaks ja tuleb ka vihma. Istun luugi \u00e4\u00e4rele, sest ruumist tuleb v\u00e4heke sooja \u00fcles. Laeva nimi on \u201eVeenus\u201c, Rauma mootorlaev.<\/strong><\/span><\/p><p style=\"text-align: right;\"><span style=\"color: #397c99;\"><strong><br \/>Villu Jahilo. Kone punkrist 1945.<br \/>I. K\u00e4sikiri Ilum\u00e4e k\u00fclamuuseumi valduses.<br \/><\/strong><\/span><\/p>\t\t\t\t\t\t\t\t<\/div>\n\t\t\t\t<\/div>\n\t\t\t\t\t<\/div>\n\t\t\t\t<\/div>\n\t\t<div class=\"elementor-element elementor-element-6ea7c1c e-flex e-con-boxed e-con e-parent\" data-id=\"6ea7c1c\" data-element_type=\"container\" data-e-type=\"container\">\n\t\t\t\t\t<div class=\"e-con-inner\">\n\t\t\t\t<div class=\"elementor-element elementor-element-51a8812 elementor-invisible elementor-widget elementor-widget-text-editor\" data-id=\"51a8812\" data-element_type=\"widget\" data-e-type=\"widget\" data-settings=\"{&quot;_animation&quot;:&quot;slideInRight&quot;}\" data-widget_type=\"text-editor.default\">\n\t\t\t\t<div class=\"elementor-widget-container\">\n\t\t\t\t\t\t\t\t\t<p style=\"text-align: justify;\"><span style=\"color: #a3bccd;\">Karl Leemet, the mayor of Palmse Rural Municipality, described his escape<br \/>from V\u00f5su via Finland to Sweden:<br \/>21 September. Thursday. [&#8230;] There were high waves from the side in Loksa Bay that washed away the boat\u2019s anchor and canvas. We reached Leesi at about 5 in the morning and we spent the whole day there. We set out in the evening at 8 o\u2019clock. We were supposed to meet up with the others at Juminda. We met with six boats. It turned out that nobody wanted to be the lead boat. Now Russian planes flew over us and soon they started bombing Tallinn, causing white foam on the sea even at our location. We were afraid that the planes would see us and so we turned away from the others and set our course for the North Star because we had no navigational chart.<br \/>22 September. Friday. As it later turned out, we reached Biske on the Finnish coast at 4 in the morning. We waited for daylight and then we continued between the islands. We landed on one of the islands. We offered the man of the house Viru spirits, and he invited us in for coffee. Other boats also gathered later, and we all proceeded to the customs building. Around 20 boats had gathered there, and more boats kept coming. Then, before evening, a tugboat took the boats in tow and brought them to Jollas. There<br \/>it turned out that the Finnish government could not let us enter Finland.<br \/>23 September. Saturday. We spent the night under the open sky. There were many acquaintances here as well. Before evening, automobiles took belongings and people to Herttoniemi station. We set out from here at 8 in the evening for Rauma. I ended up in a freight car with people from my own rural municipality.<br \/>24 September. Sunday. We spent Sunday in H\u00e4meenlinna. We were fed in Tampere. We arrived at Vuojoki railway station at 9 o\u2019clock in the evening where we spent the night in railcars.<br \/>25 September. Monday. We went to eat at a schoolhouse two kilometres away. At 12 o\u2019clock we left for Rauma, where we arrived at 12. From there we were taken by automobile onward to the ship. I fell into the sea as I was boarding the ship. The ship was overcrowded. On board the ship I wrung the water out of my clothes and socks as much as possible. I took a bottle of vodka from my pocket and drank some of it to warm myself up a bit. Families were placed in the ship\u2019s hold while the other passengers were left on the deck. The wind grew ever stronger, and it started raining as well. I sat by the hatch because there a little bit of warmth came up from the hold. The name of the ship was Venus, a Rauma motor ship.<\/span><\/p><p style=\"text-align: right;\"><span style=\"color: #a3bccd;\"><br \/>Villu Jahilo. Kone punkrist 1945.<br \/>I. Manuscript in the possession of Ilum\u00e4e Village Museum.<\/span><\/p>\t\t\t\t\t\t\t\t<\/div>\n\t\t\t\t<\/div>\n\t\t\t\t\t<\/div>\n\t\t\t\t<\/div>\n\t\t<div class=\"elementor-element elementor-element-457b9bf e-flex e-con-boxed e-con e-parent\" data-id=\"457b9bf\" data-element_type=\"container\" data-e-type=\"container\">\n\t\t\t\t\t<div class=\"e-con-inner\">\n\t\t<div class=\"elementor-element elementor-element-3d0defd e-con-full e-flex e-con e-child\" data-id=\"3d0defd\" data-element_type=\"container\" data-e-type=\"container\">\n\t\t\t\t<div class=\"elementor-element elementor-element-f7a0aa7 elementor-invisible elementor-widget elementor-widget-text-editor\" data-id=\"f7a0aa7\" data-element_type=\"widget\" data-e-type=\"widget\" data-settings=\"{&quot;_animation&quot;:&quot;fadeInRight&quot;}\" data-widget_type=\"text-editor.default\">\n\t\t\t\t<div class=\"elementor-widget-container\">\n\t\t\t\t\t\t\t\t\t<p style=\"text-align: justify;\"><strong><span style=\"color: #397c99;\">Eestlased saabuvad Raumast lahkunud laevade sihtpunktiks olnud G\u00e4vlesse 1944. aastal.<\/span><\/strong><\/p><p style=\"text-align: justify;\"><span style=\"color: #a3bccd;\">The arrival of Estonians in G\u00e4vle, the destination of the ships that left Rauma, in 1944.<\/span><\/p><p style=\"text-align: right;\"><span style=\"color: #397c99;\"><strong>Illustratsioon \/ illustration: RA <\/strong><\/span><\/p><p style=\"text-align: right;\"><span style=\"color: #397c99;\"><strong>\u00a0<\/strong><\/span><\/p>\t\t\t\t\t\t\t\t<\/div>\n\t\t\t\t<\/div>\n\t\t\t\t<\/div>\n\t\t<div class=\"elementor-element elementor-element-ab94e16 e-con-full e-flex e-con e-child\" data-id=\"ab94e16\" data-element_type=\"container\" data-e-type=\"container\">\n\t\t\t\t<div class=\"elementor-element elementor-element-00ff1dc elementor-invisible elementor-widget elementor-widget-image\" data-id=\"00ff1dc\" data-element_type=\"widget\" data-e-type=\"widget\" data-settings=\"{&quot;_animation&quot;:&quot;fadeInLeft&quot;}\" data-widget_type=\"image.default\">\n\t\t\t\t<div class=\"elementor-widget-container\">\n\t\t\t\t\t\t\t\t\t\t\t\t\t\t\t\t<a href=\"https:\/\/2024.wwii-refugees.ee\/wp-content\/uploads\/2024\/12\/16.png\" data-elementor-open-lightbox=\"yes\" data-elementor-lightbox-title=\"16\" data-e-action-hash=\"#elementor-action%3Aaction%3Dlightbox%26settings%3DeyJpZCI6OTU0LCJ1cmwiOiJodHRwczpcL1wvMjAyNC53d2lpLXJlZnVnZWVzLmVlXC93cC1jb250ZW50XC91cGxvYWRzXC8yMDI0XC8xMlwvMTYucG5nIn0%3D\">\n\t\t\t\t\t\t\t<img loading=\"lazy\" decoding=\"async\" width=\"1024\" height=\"510\" src=\"https:\/\/2024.wwii-refugees.ee\/wp-content\/uploads\/2024\/12\/16-1024x510.png\" class=\"attachment-large size-large wp-image-954\" alt=\"\" srcset=\"https:\/\/2024.wwii-refugees.ee\/wp-content\/uploads\/2024\/12\/16-1024x510.png 1024w, https:\/\/2024.wwii-refugees.ee\/wp-content\/uploads\/2024\/12\/16-300x149.png 300w, https:\/\/2024.wwii-refugees.ee\/wp-content\/uploads\/2024\/12\/16-768x382.png 768w, https:\/\/2024.wwii-refugees.ee\/wp-content\/uploads\/2024\/12\/16-1536x765.png 1536w, https:\/\/2024.wwii-refugees.ee\/wp-content\/uploads\/2024\/12\/16.png 1655w\" sizes=\"(max-width: 1024px) 100vw, 1024px\" \/>\t\t\t\t\t\t\t\t<\/a>\n\t\t\t\t\t\t\t\t\t\t\t\t\t\t\t<\/div>\n\t\t\t\t<\/div>\n\t\t\t\t<\/div>\n\t\t\t\t\t<\/div>\n\t\t\t\t<\/div>\n\t\t<div class=\"elementor-element elementor-element-6185441 e-flex e-con-boxed e-con e-parent\" data-id=\"6185441\" data-element_type=\"container\" data-e-type=\"container\" data-settings=\"{&quot;background_background&quot;:&quot;gradient&quot;}\">\n\t\t\t\t\t<div class=\"e-con-inner\">\n\t\t<div class=\"elementor-element elementor-element-5459344 e-con-full e-flex e-con e-child\" data-id=\"5459344\" data-element_type=\"container\" data-e-type=\"container\">\n\t\t\t\t<div class=\"elementor-element elementor-element-bd8cd51 elementor-invisible elementor-widget elementor-widget-image\" data-id=\"bd8cd51\" data-element_type=\"widget\" data-e-type=\"widget\" data-settings=\"{&quot;_animation&quot;:&quot;fadeInRight&quot;}\" data-widget_type=\"image.default\">\n\t\t\t\t<div class=\"elementor-widget-container\">\n\t\t\t\t\t\t\t\t\t\t\t\t\t\t\t\t<a href=\"https:\/\/2024.wwii-refugees.ee\/wp-content\/uploads\/2024\/12\/17.png\" data-elementor-open-lightbox=\"yes\" data-elementor-lightbox-title=\"17\" data-e-action-hash=\"#elementor-action%3Aaction%3Dlightbox%26settings%3DeyJpZCI6OTU1LCJ1cmwiOiJodHRwczpcL1wvMjAyNC53d2lpLXJlZnVnZWVzLmVlXC93cC1jb250ZW50XC91cGxvYWRzXC8yMDI0XC8xMlwvMTcucG5nIn0%3D\">\n\t\t\t\t\t\t\t<img loading=\"lazy\" decoding=\"async\" width=\"1702\" height=\"1086\" src=\"https:\/\/2024.wwii-refugees.ee\/wp-content\/uploads\/2024\/12\/17.png\" class=\"attachment-full size-full wp-image-955\" alt=\"\" srcset=\"https:\/\/2024.wwii-refugees.ee\/wp-content\/uploads\/2024\/12\/17.png 1702w, https:\/\/2024.wwii-refugees.ee\/wp-content\/uploads\/2024\/12\/17-300x191.png 300w, https:\/\/2024.wwii-refugees.ee\/wp-content\/uploads\/2024\/12\/17-1024x653.png 1024w, https:\/\/2024.wwii-refugees.ee\/wp-content\/uploads\/2024\/12\/17-768x490.png 768w, https:\/\/2024.wwii-refugees.ee\/wp-content\/uploads\/2024\/12\/17-1536x980.png 1536w\" sizes=\"(max-width: 1702px) 100vw, 1702px\" \/>\t\t\t\t\t\t\t\t<\/a>\n\t\t\t\t\t\t\t\t\t\t\t\t\t\t\t<\/div>\n\t\t\t\t<\/div>\n\t\t\t\t<\/div>\n\t\t<div class=\"elementor-element elementor-element-bbab652 e-con-full e-flex e-con e-child\" data-id=\"bbab652\" data-element_type=\"container\" data-e-type=\"container\">\n\t\t<div class=\"elementor-element elementor-element-f785bb8 e-con-full e-flex e-con e-child\" data-id=\"f785bb8\" data-element_type=\"container\" data-e-type=\"container\" data-settings=\"{&quot;background_background&quot;:&quot;gradient&quot;}\">\n\t\t\t\t<div class=\"elementor-element elementor-element-c6ea9c9 elementor-invisible elementor-widget elementor-widget-text-editor\" data-id=\"c6ea9c9\" data-element_type=\"widget\" data-e-type=\"widget\" data-settings=\"{&quot;_animation&quot;:&quot;fadeInLeft&quot;}\" data-widget_type=\"text-editor.default\">\n\t\t\t\t<div class=\"elementor-widget-container\">\n\t\t\t\t\t\t\t\t\t<p style=\"text-align: justify;\"><strong>Eesti p\u00f5genikega mootorlaeva \u201eVenuse\u201c t\u00fc\u00fcr oli purunenud ja laev triivis juhitamatult Botnia rannikukaljude suunas. \u00d5nnekombel sattus mereh\u00e4dalistele peale Rootsi rannakaitselaev ja nii j\u00f5udis mootorlaev \u201eVenus\u201c, pardal 842 Eesti s\u00f5jap\u00f5genikku, Soomest Rauma sadamast Rootsi \u00d6rnsk\u00f6ldsviki sadamasse 27. septembril 1944, p\u00e4rast kaks \u00f6\u00f6p\u00e4eva kestnud triivimist tormisel merel. P\u00e4\u00e4senute hulgas oli ka tsiteeritud p\u00e4eviku autor Karl Leemet.<\/strong><\/p><p style=\"text-align: justify;\">The rudder of the motorship Venus was broken. It was transporting Estonian refugees. The ship drifted uncontrollably in the direction of the coastal cliffs of Bothnia. Fortunately, a Swedish coast guard ship chanced upon the castaways. Thus, 842 Estonian war refugees on board the motor ship Venus went from Rauma harbour in Finland and arrived at \u00d6rnsk\u00f6ldsvik harbour on 27 September 1944 after drifting on the stormy sea for two days and nights. Karl Leemet, the author of the diary quoted above, was among the people who were rescued.<\/p><p style=\"text-align: right;\"><strong>Illustratsioon \/ illustration: RA<br \/><\/strong><\/p>\t\t\t\t\t\t\t\t<\/div>\n\t\t\t\t<\/div>\n\t\t\t\t<\/div>\n\t\t\t\t<\/div>\n\t\t\t\t\t<\/div>\n\t\t\t\t<\/div>\n\t\t<div class=\"elementor-element elementor-element-408f9c9 e-flex e-con-boxed e-con e-parent\" data-id=\"408f9c9\" data-element_type=\"container\" data-e-type=\"container\">\n\t\t\t\t\t<div class=\"e-con-inner\">\n\t\t<div class=\"elementor-element elementor-element-0464ef5 e-con-full e-flex e-con e-child\" data-id=\"0464ef5\" data-element_type=\"container\" data-e-type=\"container\">\n\t\t\t\t<div class=\"elementor-element elementor-element-722838b elementor-invisible elementor-widget elementor-widget-text-editor\" data-id=\"722838b\" data-element_type=\"widget\" data-e-type=\"widget\" data-settings=\"{&quot;_animation&quot;:&quot;fadeInRight&quot;}\" data-widget_type=\"text-editor.default\">\n\t\t\t\t<div class=\"elementor-widget-container\">\n\t\t\t\t\t\t\t\t\t<p style=\"text-align: justify;\"><strong><span style=\"color: #397c99;\">P\u00f5genikud Eestist on j\u00f5udnud G\u00e4vlesse.<\/span><\/strong><\/p><p style=\"text-align: justify;\"><span style=\"color: #a3bccd;\">Refugees from Estonia upon arrival in G\u00e4vle.<\/span><\/p><p style=\"text-align: right;\"><span style=\"color: #397c99;\"><strong>Illustratsioon \/ illustration: RA <\/strong><\/span><\/p><p style=\"text-align: right;\"><span style=\"color: #397c99;\"><strong>\u00a0<\/strong><\/span><\/p>\t\t\t\t\t\t\t\t<\/div>\n\t\t\t\t<\/div>\n\t\t\t\t<\/div>\n\t\t<div class=\"elementor-element elementor-element-9a43924 e-con-full e-flex e-con e-child\" data-id=\"9a43924\" data-element_type=\"container\" data-e-type=\"container\">\n\t\t\t\t<div class=\"elementor-element elementor-element-85092f6 elementor-invisible elementor-widget elementor-widget-image\" data-id=\"85092f6\" data-element_type=\"widget\" data-e-type=\"widget\" data-settings=\"{&quot;_animation&quot;:&quot;fadeInLeft&quot;}\" data-widget_type=\"image.default\">\n\t\t\t\t<div class=\"elementor-widget-container\">\n\t\t\t\t\t\t\t\t\t\t\t\t\t\t\t\t<a href=\"https:\/\/2024.wwii-refugees.ee\/wp-content\/uploads\/2024\/12\/18.png\" data-elementor-open-lightbox=\"yes\" data-elementor-lightbox-title=\"18\" data-e-action-hash=\"#elementor-action%3Aaction%3Dlightbox%26settings%3DeyJpZCI6OTU2LCJ1cmwiOiJodHRwczpcL1wvMjAyNC53d2lpLXJlZnVnZWVzLmVlXC93cC1jb250ZW50XC91cGxvYWRzXC8yMDI0XC8xMlwvMTgucG5nIn0%3D\">\n\t\t\t\t\t\t\t<img loading=\"lazy\" decoding=\"async\" width=\"1024\" height=\"712\" src=\"https:\/\/2024.wwii-refugees.ee\/wp-content\/uploads\/2024\/12\/18-1024x712.png\" class=\"attachment-large size-large wp-image-956\" alt=\"\" srcset=\"https:\/\/2024.wwii-refugees.ee\/wp-content\/uploads\/2024\/12\/18-1024x712.png 1024w, https:\/\/2024.wwii-refugees.ee\/wp-content\/uploads\/2024\/12\/18-300x209.png 300w, https:\/\/2024.wwii-refugees.ee\/wp-content\/uploads\/2024\/12\/18-768x534.png 768w, https:\/\/2024.wwii-refugees.ee\/wp-content\/uploads\/2024\/12\/18-1536x1068.png 1536w, https:\/\/2024.wwii-refugees.ee\/wp-content\/uploads\/2024\/12\/18.png 1638w\" sizes=\"(max-width: 1024px) 100vw, 1024px\" \/>\t\t\t\t\t\t\t\t<\/a>\n\t\t\t\t\t\t\t\t\t\t\t\t\t\t\t<\/div>\n\t\t\t\t<\/div>\n\t\t\t\t<\/div>\n\t\t\t\t\t<\/div>\n\t\t\t\t<\/div>\n\t\t<div class=\"elementor-element elementor-element-81fe9e7 e-flex e-con-boxed e-con e-parent\" data-id=\"81fe9e7\" data-element_type=\"container\" data-e-type=\"container\" data-settings=\"{&quot;background_background&quot;:&quot;gradient&quot;}\">\n\t\t\t\t\t<div class=\"e-con-inner\">\n\t\t<div class=\"elementor-element elementor-element-2c24294 e-con-full e-flex e-con e-child\" data-id=\"2c24294\" data-element_type=\"container\" data-e-type=\"container\">\n\t\t\t\t<div class=\"elementor-element elementor-element-e349cce elementor-invisible elementor-widget elementor-widget-image\" data-id=\"e349cce\" data-element_type=\"widget\" data-e-type=\"widget\" data-settings=\"{&quot;_animation&quot;:&quot;fadeInRight&quot;}\" data-widget_type=\"image.default\">\n\t\t\t\t<div class=\"elementor-widget-container\">\n\t\t\t\t\t\t\t\t\t\t\t\t\t\t\t\t<a href=\"https:\/\/2024.wwii-refugees.ee\/wp-content\/uploads\/2024\/12\/19.png\" data-elementor-open-lightbox=\"yes\" data-elementor-lightbox-title=\"19\" data-e-action-hash=\"#elementor-action%3Aaction%3Dlightbox%26settings%3DeyJpZCI6OTU3LCJ1cmwiOiJodHRwczpcL1wvMjAyNC53d2lpLXJlZnVnZWVzLmVlXC93cC1jb250ZW50XC91cGxvYWRzXC8yMDI0XC8xMlwvMTkucG5nIn0%3D\">\n\t\t\t\t\t\t\t<img loading=\"lazy\" decoding=\"async\" width=\"1641\" height=\"1076\" src=\"https:\/\/2024.wwii-refugees.ee\/wp-content\/uploads\/2024\/12\/19.png\" class=\"attachment-full size-full wp-image-957\" alt=\"\" srcset=\"https:\/\/2024.wwii-refugees.ee\/wp-content\/uploads\/2024\/12\/19.png 1641w, https:\/\/2024.wwii-refugees.ee\/wp-content\/uploads\/2024\/12\/19-300x197.png 300w, https:\/\/2024.wwii-refugees.ee\/wp-content\/uploads\/2024\/12\/19-1024x671.png 1024w, https:\/\/2024.wwii-refugees.ee\/wp-content\/uploads\/2024\/12\/19-768x504.png 768w, https:\/\/2024.wwii-refugees.ee\/wp-content\/uploads\/2024\/12\/19-1536x1007.png 1536w\" sizes=\"(max-width: 1641px) 100vw, 1641px\" \/>\t\t\t\t\t\t\t\t<\/a>\n\t\t\t\t\t\t\t\t\t\t\t\t\t\t\t<\/div>\n\t\t\t\t<\/div>\n\t\t\t\t<\/div>\n\t\t<div class=\"elementor-element elementor-element-d48a475 e-con-full e-flex e-con e-child\" data-id=\"d48a475\" data-element_type=\"container\" data-e-type=\"container\">\n\t\t<div class=\"elementor-element elementor-element-4d0f085 e-con-full e-flex e-con e-child\" data-id=\"4d0f085\" data-element_type=\"container\" data-e-type=\"container\" data-settings=\"{&quot;background_background&quot;:&quot;gradient&quot;}\">\n\t\t\t\t<div class=\"elementor-element elementor-element-ac3f234 elementor-invisible elementor-widget elementor-widget-text-editor\" data-id=\"ac3f234\" data-element_type=\"widget\" data-e-type=\"widget\" data-settings=\"{&quot;_animation&quot;:&quot;fadeInLeft&quot;}\" data-widget_type=\"text-editor.default\">\n\t\t\t\t<div class=\"elementor-widget-container\">\n\t\t\t\t\t\t\t\t\t<p style=\"text-align: justify;\"><strong>Laevap\u00f5genikud saabuvad Rootsi randa 1944 aasta septembris.<\/strong><\/p><p style=\"text-align: justify;\">Refugees arrive by ship on the coast of Sweden in September of 1944.<\/p><p style=\"text-align: right;\"><strong>Illustratsioon \/ illustration: ERM<br \/><\/strong><\/p>\t\t\t\t\t\t\t\t<\/div>\n\t\t\t\t<\/div>\n\t\t\t\t<\/div>\n\t\t\t\t<\/div>\n\t\t\t\t\t<\/div>\n\t\t\t\t<\/div>\n\t\t<div class=\"elementor-element elementor-element-c8ee5de e-flex e-con-boxed e-con e-parent\" data-id=\"c8ee5de\" data-element_type=\"container\" data-e-type=\"container\">\n\t\t\t\t\t<div class=\"e-con-inner\">\n\t\t\t\t<div class=\"elementor-element elementor-element-685e09e elementor-widget elementor-widget-image\" data-id=\"685e09e\" data-element_type=\"widget\" data-e-type=\"widget\" data-widget_type=\"image.default\">\n\t\t\t\t<div class=\"elementor-widget-container\">\n\t\t\t\t\t\t\t\t\t\t\t\t\t\t\t<img fetchpriority=\"high\" decoding=\"async\" width=\"8667\" height=\"334\" src=\"https:\/\/2024.wwii-refugees.ee\/wp-content\/uploads\/2024\/04\/WWII_refugees_visuals_LAINE_3.png\" class=\"attachment-full size-full wp-image-121\" alt=\"\" srcset=\"https:\/\/2024.wwii-refugees.ee\/wp-content\/uploads\/2024\/04\/WWII_refugees_visuals_LAINE_3.png 8667w, https:\/\/2024.wwii-refugees.ee\/wp-content\/uploads\/2024\/04\/WWII_refugees_visuals_LAINE_3-300x12.png 300w, https:\/\/2024.wwii-refugees.ee\/wp-content\/uploads\/2024\/04\/WWII_refugees_visuals_LAINE_3-1024x39.png 1024w, https:\/\/2024.wwii-refugees.ee\/wp-content\/uploads\/2024\/04\/WWII_refugees_visuals_LAINE_3-768x30.png 768w, https:\/\/2024.wwii-refugees.ee\/wp-content\/uploads\/2024\/04\/WWII_refugees_visuals_LAINE_3-1536x59.png 1536w, https:\/\/2024.wwii-refugees.ee\/wp-content\/uploads\/2024\/04\/WWII_refugees_visuals_LAINE_3-2048x79.png 2048w\" sizes=\"(max-width: 8667px) 100vw, 8667px\" \/>\t\t\t\t\t\t\t\t\t\t\t\t\t\t\t<\/div>\n\t\t\t\t<\/div>\n\t\t\t\t\t<\/div>\n\t\t\t\t<\/div>\n\t\t<div class=\"elementor-element elementor-element-e97b56b e-flex e-con-boxed e-con e-parent\" data-id=\"e97b56b\" data-element_type=\"container\" data-e-type=\"container\">\n\t\t\t\t\t<div class=\"e-con-inner\">\n\t\t\t\t<div class=\"elementor-element elementor-element-c4d5e21 elementor-widget-divider--view-line elementor-widget elementor-widget-divider\" data-id=\"c4d5e21\" data-element_type=\"widget\" data-e-type=\"widget\" data-widget_type=\"divider.default\">\n\t\t\t\t<div class=\"elementor-widget-container\">\n\t\t\t\t\t\t\t<div class=\"elementor-divider\">\n\t\t\t<span class=\"elementor-divider-separator\">\n\t\t\t\t\t\t<\/span>\n\t\t<\/div>\n\t\t\t\t\t\t<\/div>\n\t\t\t\t<\/div>\n\t\t\t\t\t<\/div>\n\t\t\t\t<\/div>\n\t\t<div class=\"elementor-element elementor-element-2668841 e-flex e-con-boxed e-con e-parent\" data-id=\"2668841\" data-element_type=\"container\" data-e-type=\"container\">\n\t\t\t\t\t<div class=\"e-con-inner\">\n\t\t\t\t<div class=\"elementor-element elementor-element-2426608 elementor-widget elementor-widget-heading\" data-id=\"2426608\" data-element_type=\"widget\" data-e-type=\"widget\" data-widget_type=\"heading.default\">\n\t\t\t\t<div class=\"elementor-widget-container\">\n\t\t\t\t\t<h2 class=\"elementor-heading-title elementor-size-default\">VIIMSI JA SAARED<\/h2>\t\t\t\t<\/div>\n\t\t\t\t<\/div>\n\t\t\t\t<div class=\"elementor-element elementor-element-4491519 elementor-widget elementor-widget-menu-anchor\" data-id=\"4491519\" data-element_type=\"widget\" data-e-type=\"widget\" data-widget_type=\"menu-anchor.default\">\n\t\t\t\t<div class=\"elementor-widget-container\">\n\t\t\t\t\t\t\t<div class=\"elementor-menu-anchor\" id=\"Viimsi_saared\"><\/div>\n\t\t\t\t\t\t<\/div>\n\t\t\t\t<\/div>\n\t\t\t\t\t<\/div>\n\t\t\t\t<\/div>\n\t\t<div class=\"elementor-element elementor-element-12b95a2 e-flex e-con-boxed e-con e-parent\" data-id=\"12b95a2\" data-element_type=\"container\" data-e-type=\"container\">\n\t\t\t\t\t<div class=\"e-con-inner\">\n\t\t\t\t<div class=\"elementor-element elementor-element-8eae5dc elementor-widget elementor-widget-heading\" data-id=\"8eae5dc\" data-element_type=\"widget\" data-e-type=\"widget\" data-widget_type=\"heading.default\">\n\t\t\t\t<div class=\"elementor-widget-container\">\n\t\t\t\t\t<h3 class=\"elementor-heading-title elementor-size-default\">VIIMSI AND THE ISLANDS<\/h3>\t\t\t\t<\/div>\n\t\t\t\t<\/div>\n\t\t\t\t\t<\/div>\n\t\t\t\t<\/div>\n\t\t<div class=\"elementor-element elementor-element-84634a5 e-flex e-con-boxed e-con e-parent\" data-id=\"84634a5\" data-element_type=\"container\" data-e-type=\"container\">\n\t\t\t\t\t<div class=\"e-con-inner\">\n\t\t\t\t<div class=\"elementor-element elementor-element-7a08fad elementor-widget elementor-widget-heading\" data-id=\"7a08fad\" data-element_type=\"widget\" data-e-type=\"widget\" data-widget_type=\"heading.default\">\n\t\t\t\t<div class=\"elementor-widget-container\">\n\t\t\t\t\t<h6 class=\"elementor-heading-title elementor-size-default\">Koostaja\/Compiled by: K\u00fclvi Kuusk, Kadri Metsaots<\/h6>\t\t\t\t<\/div>\n\t\t\t\t<\/div>\n\t\t\t\t\t<\/div>\n\t\t\t\t<\/div>\n\t\t<div class=\"elementor-element elementor-element-f744105 e-flex e-con-boxed e-con e-parent\" data-id=\"f744105\" data-element_type=\"container\" data-e-type=\"container\">\n\t\t\t\t\t<div class=\"e-con-inner\">\n\t\t\t\t<div class=\"elementor-element elementor-element-6a95963 elementor-invisible elementor-widget elementor-widget-text-editor\" data-id=\"6a95963\" data-element_type=\"widget\" data-e-type=\"widget\" data-settings=\"{&quot;_animation&quot;:&quot;slideInLeft&quot;}\" data-widget_type=\"text-editor.default\">\n\t\t\t\t<div class=\"elementor-widget-container\">\n\t\t\t\t\t\t\t\t\t<p style=\"text-align: justify;\"><span style=\"color: #397c99;\"><strong>N\u00f5ukogude okupatsioon muutis rannakalurite elu kardinaalselt. Rannad suleti N\u00f5ukogude piiritsooni, kalap\u00fc\u00fcgile kehtestati piirangud, suuremad paadid konfiskeeriti. 1941. aastal mobiliseeriti Viimsist 111 meest Punaarmeesse. Saksa okupatsiooni ajal l\u00e4ks kalurite elu vabamaks, kuid peatselt algas mobilisatsioon Saksa s\u00f5jav\u00e4kke. Viimsis j\u00e4rgnes kutsele 19 meest, v\u00e4hemalt 43 p\u00f5genes aga \u00fcle lahe ja liitus Soome armeega. 1944. aasta suve l\u00f5pul p\u00f5genes Viimsi k\u00fcladest \u00fcle mere rohkem kui 200 inimest.<br \/><\/strong><\/span><\/p>\t\t\t\t\t\t\t\t<\/div>\n\t\t\t\t<\/div>\n\t\t\t\t\t<\/div>\n\t\t\t\t<\/div>\n\t\t<div class=\"elementor-element elementor-element-bd251eb e-flex e-con-boxed e-con e-parent\" data-id=\"bd251eb\" data-element_type=\"container\" data-e-type=\"container\">\n\t\t\t\t\t<div class=\"e-con-inner\">\n\t\t\t\t<div class=\"elementor-element elementor-element-bfdd099 elementor-invisible elementor-widget elementor-widget-text-editor\" data-id=\"bfdd099\" data-element_type=\"widget\" data-e-type=\"widget\" data-settings=\"{&quot;_animation&quot;:&quot;slideInRight&quot;}\" data-widget_type=\"text-editor.default\">\n\t\t\t\t<div class=\"elementor-widget-container\">\n\t\t\t\t\t\t\t\t\t<p style=\"text-align: justify;\"><span style=\"color: #a3bccd;\">The Soviet occupation radically changed the lives of coastal fishermen.<br \/>The coasts were sealed off as part of the Soviet border zone. Restrictions were established on fi shing. The larger boats were confiscated. In 1941, 111 men from Viimsi were mobilised into the Red Army. Restrictions on the lives of fishermen were eased during the German occupation, yet mobilisation into the German Army soon began. In Viimsi, 19 men obeyed the mobilisation order but at least 43 fled across the Gulf of Finland and enlisted in the Finnish Army. At the end of the summer of 1944, more than 200 people from Viimsi hamlets fled across the sea.<\/span><\/p>\t\t\t\t\t\t\t\t<\/div>\n\t\t\t\t<\/div>\n\t\t\t\t\t<\/div>\n\t\t\t\t<\/div>\n\t\t<div class=\"elementor-element elementor-element-eafd9f0 e-flex e-con-boxed e-con e-parent\" data-id=\"eafd9f0\" data-element_type=\"container\" data-e-type=\"container\">\n\t\t\t\t\t<div class=\"e-con-inner\">\n\t\t<div class=\"elementor-element elementor-element-ea6f91d e-con-full e-flex e-con e-child\" data-id=\"ea6f91d\" data-element_type=\"container\" data-e-type=\"container\">\n\t\t\t\t<div class=\"elementor-element elementor-element-87c7851 elementor-invisible elementor-widget elementor-widget-text-editor\" data-id=\"87c7851\" data-element_type=\"widget\" data-e-type=\"widget\" data-settings=\"{&quot;_animation&quot;:&quot;fadeInRight&quot;}\" data-widget_type=\"text-editor.default\">\n\t\t\t\t<div class=\"elementor-widget-container\">\n\t\t\t\t\t\t\t\t\t<p style=\"text-align: justify;\"><strong><span style=\"color: #397c99;\">P\u00fc\u00fcnsi sadam 1942. a. Peatselt p\u00f5genesid 63 P\u00fc\u00fcnsi ja Rohuneeme k\u00fcla elanikku oma suurte kalapaatidega Rootsi.<\/span><\/strong><\/p><p style=\"text-align: justify;\"><span style=\"color: #a3bccd;\">P\u00fc\u00fcnsi harbour in 1942. Shortly thereafter, 63 residents of P\u00fc\u00fcnsi<br \/>and Rohuneeme hamlet fled to Sweden in their large fishing boats.<\/span><\/p><p style=\"text-align: right;\"><span style=\"color: #397c99;\"><strong>Illustratsioon \/ illustration: P\u00fc\u00fcnsi <\/strong><\/span><\/p><p style=\"text-align: right;\"><span style=\"color: #397c99;\"><strong>\u00a0<\/strong><\/span><\/p>\t\t\t\t\t\t\t\t<\/div>\n\t\t\t\t<\/div>\n\t\t\t\t<\/div>\n\t\t<div class=\"elementor-element elementor-element-acbf741 e-con-full e-flex e-con e-child\" data-id=\"acbf741\" data-element_type=\"container\" data-e-type=\"container\">\n\t\t\t\t<div class=\"elementor-element elementor-element-be24f54 elementor-invisible elementor-widget elementor-widget-image\" data-id=\"be24f54\" data-element_type=\"widget\" data-e-type=\"widget\" data-settings=\"{&quot;_animation&quot;:&quot;fadeInLeft&quot;}\" data-widget_type=\"image.default\">\n\t\t\t\t<div class=\"elementor-widget-container\">\n\t\t\t\t\t\t\t\t\t\t\t\t\t\t\t\t<a href=\"https:\/\/2024.wwii-refugees.ee\/wp-content\/uploads\/2024\/12\/20.png\" data-elementor-open-lightbox=\"yes\" data-elementor-lightbox-title=\"20\" data-e-action-hash=\"#elementor-action%3Aaction%3Dlightbox%26settings%3DeyJpZCI6OTYyLCJ1cmwiOiJodHRwczpcL1wvMjAyNC53d2lpLXJlZnVnZWVzLmVlXC93cC1jb250ZW50XC91cGxvYWRzXC8yMDI0XC8xMlwvMjAucG5nIn0%3D\">\n\t\t\t\t\t\t\t<img loading=\"lazy\" decoding=\"async\" width=\"1024\" height=\"673\" src=\"https:\/\/2024.wwii-refugees.ee\/wp-content\/uploads\/2024\/12\/20-1024x673.png\" class=\"attachment-large size-large wp-image-962\" alt=\"\" srcset=\"https:\/\/2024.wwii-refugees.ee\/wp-content\/uploads\/2024\/12\/20-1024x673.png 1024w, https:\/\/2024.wwii-refugees.ee\/wp-content\/uploads\/2024\/12\/20-300x197.png 300w, https:\/\/2024.wwii-refugees.ee\/wp-content\/uploads\/2024\/12\/20-768x505.png 768w, https:\/\/2024.wwii-refugees.ee\/wp-content\/uploads\/2024\/12\/20.png 1338w\" sizes=\"(max-width: 1024px) 100vw, 1024px\" \/>\t\t\t\t\t\t\t\t<\/a>\n\t\t\t\t\t\t\t\t\t\t\t\t\t\t\t<\/div>\n\t\t\t\t<\/div>\n\t\t\t\t<\/div>\n\t\t\t\t\t<\/div>\n\t\t\t\t<\/div>\n\t\t<div class=\"elementor-element elementor-element-eb08fa0 e-flex e-con-boxed e-con e-parent\" data-id=\"eb08fa0\" data-element_type=\"container\" data-e-type=\"container\" data-settings=\"{&quot;background_background&quot;:&quot;gradient&quot;}\">\n\t\t\t\t\t<div class=\"e-con-inner\">\n\t\t<div class=\"elementor-element elementor-element-b6f326f e-con-full e-flex e-con e-child\" data-id=\"b6f326f\" data-element_type=\"container\" data-e-type=\"container\">\n\t\t\t\t<div class=\"elementor-element elementor-element-cc441c2 elementor-invisible elementor-widget elementor-widget-image\" data-id=\"cc441c2\" data-element_type=\"widget\" data-e-type=\"widget\" data-settings=\"{&quot;_animation&quot;:&quot;fadeInRight&quot;}\" data-widget_type=\"image.default\">\n\t\t\t\t<div class=\"elementor-widget-container\">\n\t\t\t\t\t\t\t\t\t\t\t\t\t\t\t\t<a href=\"https:\/\/2024.wwii-refugees.ee\/wp-content\/uploads\/2024\/12\/21.png\" data-elementor-open-lightbox=\"yes\" data-elementor-lightbox-title=\"21\" data-e-action-hash=\"#elementor-action%3Aaction%3Dlightbox%26settings%3DeyJpZCI6OTYzLCJ1cmwiOiJodHRwczpcL1wvMjAyNC53d2lpLXJlZnVnZWVzLmVlXC93cC1jb250ZW50XC91cGxvYWRzXC8yMDI0XC8xMlwvMjEucG5nIn0%3D\">\n\t\t\t\t\t\t\t<img loading=\"lazy\" decoding=\"async\" width=\"1338\" height=\"922\" src=\"https:\/\/2024.wwii-refugees.ee\/wp-content\/uploads\/2024\/12\/21.png\" class=\"attachment-full size-full wp-image-963\" alt=\"\" srcset=\"https:\/\/2024.wwii-refugees.ee\/wp-content\/uploads\/2024\/12\/21.png 1338w, https:\/\/2024.wwii-refugees.ee\/wp-content\/uploads\/2024\/12\/21-300x207.png 300w, https:\/\/2024.wwii-refugees.ee\/wp-content\/uploads\/2024\/12\/21-1024x706.png 1024w, https:\/\/2024.wwii-refugees.ee\/wp-content\/uploads\/2024\/12\/21-768x529.png 768w\" sizes=\"(max-width: 1338px) 100vw, 1338px\" \/>\t\t\t\t\t\t\t\t<\/a>\n\t\t\t\t\t\t\t\t\t\t\t\t\t\t\t<\/div>\n\t\t\t\t<\/div>\n\t\t\t\t<\/div>\n\t\t<div class=\"elementor-element elementor-element-91a96b1 e-con-full e-flex e-con e-child\" data-id=\"91a96b1\" data-element_type=\"container\" data-e-type=\"container\">\n\t\t<div class=\"elementor-element elementor-element-da67648 e-con-full e-flex e-con e-child\" data-id=\"da67648\" data-element_type=\"container\" data-e-type=\"container\" data-settings=\"{&quot;background_background&quot;:&quot;gradient&quot;}\">\n\t\t\t\t<div class=\"elementor-element elementor-element-b19ddcf elementor-invisible elementor-widget elementor-widget-text-editor\" data-id=\"b19ddcf\" data-element_type=\"widget\" data-e-type=\"widget\" data-settings=\"{&quot;_animation&quot;:&quot;fadeInLeft&quot;}\" data-widget_type=\"text-editor.default\">\n\t\t\t\t<div class=\"elementor-widget-container\">\n\t\t\t\t\t\t\t\t\t<p style=\"text-align: justify;\"><strong>Rootsi j\u00f5udnud p\u00f5genike paadid anti p\u00e4rast s\u00f5da N\u00f5ukogude Liidule v\u00e4lja ja viidi tagasi Eestisse.<\/strong><\/p><p style=\"text-align: justify;\">The boats of the refugees who arrived in Sweden were given to the Soviet Union after the war and were taken back to Estonia.<\/p><p style=\"text-align: right;\"><strong>Illustratsioon \/ illustration: erakogu<br \/><\/strong><\/p>\t\t\t\t\t\t\t\t<\/div>\n\t\t\t\t<\/div>\n\t\t\t\t<\/div>\n\t\t\t\t<\/div>\n\t\t\t\t\t<\/div>\n\t\t\t\t<\/div>\n\t\t<div class=\"elementor-element elementor-element-970f841 e-flex e-con-boxed e-con e-parent\" data-id=\"970f841\" data-element_type=\"container\" data-e-type=\"container\">\n\t\t\t\t\t<div class=\"e-con-inner\">\n\t\t<div class=\"elementor-element elementor-element-36ed2c5 e-con-full e-flex e-con e-child\" data-id=\"36ed2c5\" data-element_type=\"container\" data-e-type=\"container\">\n\t\t\t\t<div class=\"elementor-element elementor-element-a5f9d79 elementor-invisible elementor-widget elementor-widget-text-editor\" data-id=\"a5f9d79\" data-element_type=\"widget\" data-e-type=\"widget\" data-settings=\"{&quot;_animation&quot;:&quot;fadeInRight&quot;}\" data-widget_type=\"text-editor.default\">\n\t\t\t\t<div class=\"elementor-widget-container\">\n\t\t\t\t\t\t\t\t\t<p style=\"text-align: justify;\"><strong><span style=\"color: #397c99;\">Merre paigaldatud miiniv\u00f5rk, veepinnal on n\u00e4htaval ujukid. Naissaare p\u00f5hjarannikult p\u00f5genejad pidid arvestama vees varitsevate ohtudega nagu meremiinid, allveelaevade p\u00fc\u00fcnised jm.<\/span><\/strong><\/p><p style=\"text-align: justify;\"><span style=\"color: #a3bccd;\">Network of mines laid in the sea. People who fled from the northern shore of Naissaar had to account for dangers lurking in the water such as sea mines, anti-submarine nets, and other such dangers. Floats are visible on the water surface.<\/span><\/p><p style=\"text-align: right;\"><span style=\"color: #397c99;\"><strong>Illustratsioon \/ illustration: RRM <\/strong><\/span><\/p><p style=\"text-align: right;\"><span style=\"color: #397c99;\"><strong>\u00a0<\/strong><\/span><\/p>\t\t\t\t\t\t\t\t<\/div>\n\t\t\t\t<\/div>\n\t\t\t\t<\/div>\n\t\t<div class=\"elementor-element elementor-element-94a5e53 e-con-full e-flex e-con e-child\" data-id=\"94a5e53\" data-element_type=\"container\" data-e-type=\"container\">\n\t\t\t\t<div class=\"elementor-element elementor-element-36a263e elementor-invisible elementor-widget elementor-widget-image\" data-id=\"36a263e\" data-element_type=\"widget\" data-e-type=\"widget\" data-settings=\"{&quot;_animation&quot;:&quot;fadeInLeft&quot;}\" data-widget_type=\"image.default\">\n\t\t\t\t<div class=\"elementor-widget-container\">\n\t\t\t\t\t\t\t\t\t\t\t\t\t\t\t\t<a href=\"https:\/\/2024.wwii-refugees.ee\/wp-content\/uploads\/2024\/12\/22.png\" data-elementor-open-lightbox=\"yes\" data-elementor-lightbox-title=\"22\" data-e-action-hash=\"#elementor-action%3Aaction%3Dlightbox%26settings%3DeyJpZCI6OTY0LCJ1cmwiOiJodHRwczpcL1wvMjAyNC53d2lpLXJlZnVnZWVzLmVlXC93cC1jb250ZW50XC91cGxvYWRzXC8yMDI0XC8xMlwvMjIucG5nIn0%3D\">\n\t\t\t\t\t\t\t<img loading=\"lazy\" decoding=\"async\" width=\"1024\" height=\"648\" src=\"https:\/\/2024.wwii-refugees.ee\/wp-content\/uploads\/2024\/12\/22-1024x648.png\" class=\"attachment-large size-large wp-image-964\" alt=\"\" srcset=\"https:\/\/2024.wwii-refugees.ee\/wp-content\/uploads\/2024\/12\/22-1024x648.png 1024w, https:\/\/2024.wwii-refugees.ee\/wp-content\/uploads\/2024\/12\/22-300x190.png 300w, https:\/\/2024.wwii-refugees.ee\/wp-content\/uploads\/2024\/12\/22-768x486.png 768w, https:\/\/2024.wwii-refugees.ee\/wp-content\/uploads\/2024\/12\/22.png 1235w\" sizes=\"(max-width: 1024px) 100vw, 1024px\" \/>\t\t\t\t\t\t\t\t<\/a>\n\t\t\t\t\t\t\t\t\t\t\t\t\t\t\t<\/div>\n\t\t\t\t<\/div>\n\t\t\t\t<\/div>\n\t\t\t\t\t<\/div>\n\t\t\t\t<\/div>\n\t\t<div class=\"elementor-element elementor-element-d4fa022 e-flex e-con-boxed e-con e-parent\" data-id=\"d4fa022\" data-element_type=\"container\" data-e-type=\"container\">\n\t\t\t\t\t<div class=\"e-con-inner\">\n\t\t\t\t<div class=\"elementor-element elementor-element-634c83e elementor-widget elementor-widget-heading\" data-id=\"634c83e\" data-element_type=\"widget\" data-e-type=\"widget\" data-widget_type=\"heading.default\">\n\t\t\t\t<div class=\"elementor-widget-container\">\n\t\t\t\t\t<h2 class=\"elementor-heading-title elementor-size-default\">NAISSAAR \/ NARG\u00d6<\/h2>\t\t\t\t<\/div>\n\t\t\t\t<\/div>\n\t\t\t\t\t<\/div>\n\t\t\t\t<\/div>\n\t\t<div class=\"elementor-element elementor-element-30e2c5d e-flex e-con-boxed e-con e-parent\" data-id=\"30e2c5d\" data-element_type=\"container\" data-e-type=\"container\">\n\t\t\t\t\t<div class=\"e-con-inner\">\n\t\t\t\t<div class=\"elementor-element elementor-element-f32ba68 elementor-widget elementor-widget-menu-anchor\" data-id=\"f32ba68\" data-element_type=\"widget\" data-e-type=\"widget\" data-widget_type=\"menu-anchor.default\">\n\t\t\t\t<div class=\"elementor-widget-container\">\n\t\t\t\t\t\t\t<div class=\"elementor-menu-anchor\" id=\"Naissaar\"><\/div>\n\t\t\t\t\t\t<\/div>\n\t\t\t\t<\/div>\n\t\t\t\t<div class=\"elementor-element elementor-element-4eaa9cd elementor-invisible elementor-widget elementor-widget-text-editor\" data-id=\"4eaa9cd\" data-element_type=\"widget\" data-e-type=\"widget\" data-settings=\"{&quot;_animation&quot;:&quot;slideInLeft&quot;}\" data-widget_type=\"text-editor.default\">\n\t\t\t\t<div class=\"elementor-widget-container\">\n\t\t\t\t\t\t\t\t\t<p style=\"text-align: justify;\"><span style=\"color: #397c99;\"><strong>1939. aastal elas Naissaarel ca 250 eesti ja rootsi rahvusest elanikku. Juunikuus 1940 saabusid saarele N\u00f5ukogude s\u00f5jav\u00e4elased ja 10. juulil teatati, et kohalikud elanikud peavad k\u00fcmne p\u00e4eva jooksul kodusaarelt lahkuma. Enamik peresid l\u00e4ks Tallinna ning Kakum\u00e4e ja Viimsi rannak\u00fcladesse, 14 inimest p\u00f5genes kolme kalapaadiga Soome kaudu Stockholmi. Naissaar muudeti tervikuna N\u00f5ukogude s\u00f5jav\u00e4ebaasiks.<br \/>Oktoobris 1941, kui N\u00f5ukogude okupatsioon oli asendunud Saksa\u00a0 \u00fclemv\u00f5imuga, lubati elanikel saarele tagasi tulla, kuid merre paigaldatud<br \/>miiniv\u00f5rk muutis kalap\u00fc\u00fcgi riskantseks. Lisaks sakslastele paiknes s\u00f5ja ajal saarel ka nende liitlaste Soome 16-liikmeline merevaatluspost. 1943. aasta s\u00fcgisel hakkasid perekonnad Saksa mobilisatsioonist hoidumiseks p\u00f5genema. Oma valvekordade ajal aitasid soomlased kohalikel Rootsi s\u00f5japakku p\u00f5geneda. Kooli\u00f5petaja Erik Schmidt riputas kooli uksele kirja \u201eL\u00e4ksin linna kartuleid tooma\u201c. Tegelikult oli ta saanud mobilisatsioonik\u00e4su ja p\u00f5genes 19. oktoobril kogu perega Rootsi.<\/strong><\/span><\/p>\t\t\t\t\t\t\t\t<\/div>\n\t\t\t\t<\/div>\n\t\t\t\t\t<\/div>\n\t\t\t\t<\/div>\n\t\t<div class=\"elementor-element elementor-element-94e83f9 e-flex e-con-boxed e-con e-parent\" data-id=\"94e83f9\" data-element_type=\"container\" data-e-type=\"container\">\n\t\t\t\t\t<div class=\"e-con-inner\">\n\t\t\t\t<div class=\"elementor-element elementor-element-8ac3d60 elementor-invisible elementor-widget elementor-widget-text-editor\" data-id=\"8ac3d60\" data-element_type=\"widget\" data-e-type=\"widget\" data-settings=\"{&quot;_animation&quot;:&quot;slideInRight&quot;}\" data-widget_type=\"text-editor.default\">\n\t\t\t\t<div class=\"elementor-widget-container\">\n\t\t\t\t\t\t\t\t\t<p style=\"text-align: justify;\"><span style=\"color: #a3bccd;\">In 1939, about 250 residents of Estonian and Swedish nationalities lived on Naissaar Island. Soviet military personnel arrived on the island in June of 1940. It was announced on 10 July that the local residents had to leave their home island in ten days. Most of the families went to Tallinn and the coastal villages of Kakum\u00e4e and Viimsi. Fourteen people fled to Stockholm via Finland in three fishing boats. The whole of Naissaar was turned into a Soviet military base. <\/span><\/p><p style=\"text-align: justify;\"><span style=\"color: #a3bccd;\">In October of 1941, when the Soviet occupation had been replaced by German rule, the islanders were allowed to return to the island but the network of mines that had been laid in the sea made fishing a risky venture.<br \/>In addition to the Germans, their ally Finland had a 16-member marine observation station on the island during the war. In the autumn of 1943, families started fleeing in order to evade the German mobilisation. On their watch, the Finns helped locals to flee to Sweden to find refuge from war.<br \/>The schoolteacher Erik Schmidt hung a sign on the school door that read \u2018Gone to town to buy potatoes\u2019. He had actually received a mobilisation order and fled with his entire family to Sweden on 19 October.<\/span><\/p>\t\t\t\t\t\t\t\t<\/div>\n\t\t\t\t<\/div>\n\t\t\t\t\t<\/div>\n\t\t\t\t<\/div>\n\t\t<div class=\"elementor-element elementor-element-3982d57 e-flex e-con-boxed e-con e-parent\" data-id=\"3982d57\" data-element_type=\"container\" data-e-type=\"container\" data-settings=\"{&quot;background_background&quot;:&quot;gradient&quot;}\">\n\t\t\t\t\t<div class=\"e-con-inner\">\n\t\t<div class=\"elementor-element elementor-element-61b22bc e-con-full e-flex e-con e-child\" data-id=\"61b22bc\" data-element_type=\"container\" data-e-type=\"container\">\n\t\t\t\t<div class=\"elementor-element elementor-element-72caee8 elementor-invisible elementor-widget elementor-widget-image\" data-id=\"72caee8\" data-element_type=\"widget\" data-e-type=\"widget\" data-settings=\"{&quot;_animation&quot;:&quot;fadeInRight&quot;}\" data-widget_type=\"image.default\">\n\t\t\t\t<div class=\"elementor-widget-container\">\n\t\t\t\t\t\t\t\t\t\t\t\t\t\t\t\t<a href=\"https:\/\/2024.wwii-refugees.ee\/wp-content\/uploads\/2024\/12\/23.png\" data-elementor-open-lightbox=\"yes\" data-elementor-lightbox-title=\"23\" data-e-action-hash=\"#elementor-action%3Aaction%3Dlightbox%26settings%3DeyJpZCI6OTY4LCJ1cmwiOiJodHRwczpcL1wvMjAyNC53d2lpLXJlZnVnZWVzLmVlXC93cC1jb250ZW50XC91cGxvYWRzXC8yMDI0XC8xMlwvMjMucG5nIn0%3D\">\n\t\t\t\t\t\t\t<img loading=\"lazy\" decoding=\"async\" width=\"1645\" height=\"1146\" src=\"https:\/\/2024.wwii-refugees.ee\/wp-content\/uploads\/2024\/12\/23.png\" class=\"attachment-full size-full wp-image-968\" alt=\"\" srcset=\"https:\/\/2024.wwii-refugees.ee\/wp-content\/uploads\/2024\/12\/23.png 1645w, https:\/\/2024.wwii-refugees.ee\/wp-content\/uploads\/2024\/12\/23-300x209.png 300w, https:\/\/2024.wwii-refugees.ee\/wp-content\/uploads\/2024\/12\/23-1024x713.png 1024w, https:\/\/2024.wwii-refugees.ee\/wp-content\/uploads\/2024\/12\/23-768x535.png 768w, https:\/\/2024.wwii-refugees.ee\/wp-content\/uploads\/2024\/12\/23-1536x1070.png 1536w\" sizes=\"(max-width: 1645px) 100vw, 1645px\" \/>\t\t\t\t\t\t\t\t<\/a>\n\t\t\t\t\t\t\t\t\t\t\t\t\t\t\t<\/div>\n\t\t\t\t<\/div>\n\t\t\t\t<\/div>\n\t\t<div class=\"elementor-element elementor-element-4604071 e-con-full e-flex e-con e-child\" data-id=\"4604071\" data-element_type=\"container\" data-e-type=\"container\">\n\t\t<div class=\"elementor-element elementor-element-ffa8777 e-con-full e-flex e-con e-child\" data-id=\"ffa8777\" data-element_type=\"container\" data-e-type=\"container\" data-settings=\"{&quot;background_background&quot;:&quot;gradient&quot;}\">\n\t\t\t\t<div class=\"elementor-element elementor-element-31b47f6 elementor-invisible elementor-widget elementor-widget-text-editor\" data-id=\"31b47f6\" data-element_type=\"widget\" data-e-type=\"widget\" data-settings=\"{&quot;_animation&quot;:&quot;fadeInLeft&quot;}\" data-widget_type=\"text-editor.default\">\n\t\t\t\t<div class=\"elementor-widget-container\">\n\t\t\t\t\t\t\t\t\t<p style=\"text-align: justify;\"><strong>Soomlaste merevaatlus- ja m\u00f5\u00f5tepost Naissaare p\u00f5hjaotsas.<\/strong><\/p><p style=\"text-align: justify;\">Finnish marine observation and measurement station at the northern tip of Naissaar.<\/p><p style=\"text-align: right;\"><strong>Illustratsioon \/ illustration: RRM<br \/><\/strong><\/p>\t\t\t\t\t\t\t\t<\/div>\n\t\t\t\t<\/div>\n\t\t\t\t<\/div>\n\t\t\t\t<\/div>\n\t\t\t\t\t<\/div>\n\t\t\t\t<\/div>\n\t\t<div class=\"elementor-element elementor-element-f0a6b41 e-flex e-con-boxed e-con e-parent\" data-id=\"f0a6b41\" data-element_type=\"container\" data-e-type=\"container\">\n\t\t\t\t\t<div class=\"e-con-inner\">\n\t\t<div class=\"elementor-element elementor-element-ffbc70f e-con-full e-flex e-con e-child\" data-id=\"ffbc70f\" data-element_type=\"container\" data-e-type=\"container\">\n\t\t\t\t<div class=\"elementor-element elementor-element-0212034 elementor-invisible elementor-widget elementor-widget-text-editor\" data-id=\"0212034\" data-element_type=\"widget\" data-e-type=\"widget\" data-settings=\"{&quot;_animation&quot;:&quot;fadeInRight&quot;}\" data-widget_type=\"text-editor.default\">\n\t\t\t\t<div class=\"elementor-widget-container\">\n\t\t\t\t\t\t\t\t\t<p style=\"text-align: justify;\"><strong><span style=\"color: #397c99;\">4. novembril 1943 lahkus Viktor Roseni paat Naissaarelt. Paati mahutati ka majakraam, kalav\u00f5rgud, r\u00f5ivad ja isegi jalgratas. Margit Roseni joonistus.<\/span><\/strong><\/p><p style=\"text-align: justify;\"><span style=\"color: #a3bccd;\">Viktor Rosen\u2019s boat left Naissaar on 4 November 1943. Household effects, fishing nets, clothing, and even a bicycle was fit into the boat. Drawing by Margit Rosen.<\/span><\/p><p style=\"text-align: right;\"><span style=\"color: #397c99;\"><strong>Illustratsioon \/ illustration: erakogu <\/strong><\/span><\/p><p style=\"text-align: right;\"><span style=\"color: #397c99;\"><strong>\u00a0<\/strong><\/span><\/p>\t\t\t\t\t\t\t\t<\/div>\n\t\t\t\t<\/div>\n\t\t\t\t<\/div>\n\t\t<div class=\"elementor-element elementor-element-83922a3 e-con-full e-flex e-con e-child\" data-id=\"83922a3\" data-element_type=\"container\" data-e-type=\"container\">\n\t\t\t\t<div class=\"elementor-element elementor-element-e48f31a elementor-invisible elementor-widget elementor-widget-image\" data-id=\"e48f31a\" data-element_type=\"widget\" data-e-type=\"widget\" data-settings=\"{&quot;_animation&quot;:&quot;fadeInLeft&quot;}\" data-widget_type=\"image.default\">\n\t\t\t\t<div class=\"elementor-widget-container\">\n\t\t\t\t\t\t\t\t\t\t\t\t\t\t\t\t<a href=\"https:\/\/2024.wwii-refugees.ee\/wp-content\/uploads\/2024\/12\/24.png\" data-elementor-open-lightbox=\"yes\" data-elementor-lightbox-title=\"24\" data-e-action-hash=\"#elementor-action%3Aaction%3Dlightbox%26settings%3DeyJpZCI6OTY5LCJ1cmwiOiJodHRwczpcL1wvMjAyNC53d2lpLXJlZnVnZWVzLmVlXC93cC1jb250ZW50XC91cGxvYWRzXC8yMDI0XC8xMlwvMjQucG5nIn0%3D\">\n\t\t\t\t\t\t\t<img loading=\"lazy\" decoding=\"async\" width=\"1024\" height=\"567\" src=\"https:\/\/2024.wwii-refugees.ee\/wp-content\/uploads\/2024\/12\/24-1024x567.png\" class=\"attachment-large size-large wp-image-969\" alt=\"\" srcset=\"https:\/\/2024.wwii-refugees.ee\/wp-content\/uploads\/2024\/12\/24-1024x567.png 1024w, https:\/\/2024.wwii-refugees.ee\/wp-content\/uploads\/2024\/12\/24-300x166.png 300w, https:\/\/2024.wwii-refugees.ee\/wp-content\/uploads\/2024\/12\/24-768x425.png 768w, https:\/\/2024.wwii-refugees.ee\/wp-content\/uploads\/2024\/12\/24-1536x850.png 1536w, https:\/\/2024.wwii-refugees.ee\/wp-content\/uploads\/2024\/12\/24.png 1713w\" sizes=\"(max-width: 1024px) 100vw, 1024px\" \/>\t\t\t\t\t\t\t\t<\/a>\n\t\t\t\t\t\t\t\t\t\t\t\t\t\t\t<\/div>\n\t\t\t\t<\/div>\n\t\t\t\t<\/div>\n\t\t\t\t\t<\/div>\n\t\t\t\t<\/div>\n\t\t<div class=\"elementor-element elementor-element-86ba35d e-flex e-con-boxed e-con e-parent\" data-id=\"86ba35d\" data-element_type=\"container\" data-e-type=\"container\" data-settings=\"{&quot;background_background&quot;:&quot;gradient&quot;}\">\n\t\t\t\t\t<div class=\"e-con-inner\">\n\t\t<div class=\"elementor-element elementor-element-8c1633b e-con-full e-flex e-con e-child\" data-id=\"8c1633b\" data-element_type=\"container\" data-e-type=\"container\">\n\t\t\t\t<div class=\"elementor-element elementor-element-13ae828 elementor-invisible elementor-widget elementor-widget-image\" data-id=\"13ae828\" data-element_type=\"widget\" data-e-type=\"widget\" data-settings=\"{&quot;_animation&quot;:&quot;fadeInRight&quot;}\" data-widget_type=\"image.default\">\n\t\t\t\t<div class=\"elementor-widget-container\">\n\t\t\t\t\t\t\t\t\t\t\t\t\t\t\t\t<a href=\"https:\/\/2024.wwii-refugees.ee\/wp-content\/uploads\/2024\/12\/25.png\" data-elementor-open-lightbox=\"yes\" data-elementor-lightbox-title=\"25\" data-e-action-hash=\"#elementor-action%3Aaction%3Dlightbox%26settings%3DeyJpZCI6OTczLCJ1cmwiOiJodHRwczpcL1wvMjAyNC53d2lpLXJlZnVnZWVzLmVlXC93cC1jb250ZW50XC91cGxvYWRzXC8yMDI0XC8xMlwvMjUucG5nIn0%3D\">\n\t\t\t\t\t\t\t<img loading=\"lazy\" decoding=\"async\" width=\"782\" height=\"1181\" src=\"https:\/\/2024.wwii-refugees.ee\/wp-content\/uploads\/2024\/12\/25.png\" class=\"attachment-full size-full wp-image-973\" alt=\"\" srcset=\"https:\/\/2024.wwii-refugees.ee\/wp-content\/uploads\/2024\/12\/25.png 782w, https:\/\/2024.wwii-refugees.ee\/wp-content\/uploads\/2024\/12\/25-199x300.png 199w, https:\/\/2024.wwii-refugees.ee\/wp-content\/uploads\/2024\/12\/25-678x1024.png 678w, https:\/\/2024.wwii-refugees.ee\/wp-content\/uploads\/2024\/12\/25-768x1160.png 768w\" sizes=\"(max-width: 782px) 100vw, 782px\" \/>\t\t\t\t\t\t\t\t<\/a>\n\t\t\t\t\t\t\t\t\t\t\t\t\t\t\t<\/div>\n\t\t\t\t<\/div>\n\t\t\t\t<\/div>\n\t\t<div class=\"elementor-element elementor-element-a863533 e-con-full e-flex e-con e-child\" data-id=\"a863533\" data-element_type=\"container\" data-e-type=\"container\">\n\t\t<div class=\"elementor-element elementor-element-d724612 e-con-full e-flex e-con e-child\" data-id=\"d724612\" data-element_type=\"container\" data-e-type=\"container\" data-settings=\"{&quot;background_background&quot;:&quot;gradient&quot;}\">\n\t\t\t\t<div class=\"elementor-element elementor-element-4de652b elementor-invisible elementor-widget elementor-widget-text-editor\" data-id=\"4de652b\" data-element_type=\"widget\" data-e-type=\"widget\" data-settings=\"{&quot;_animation&quot;:&quot;fadeInLeft&quot;}\" data-widget_type=\"text-editor.default\">\n\t\t\t\t<div class=\"elementor-widget-container\">\n\t\t\t\t\t\t\t\t\t<p style=\"text-align: justify;\"><strong>Rosenite paat Roslagenis \u2013 paat peideti \u00e4ra ja seda ei saadetud Eestisse tagasi.<\/strong><\/p><p style=\"text-align: justify;\">The Rosen family boat in Roslagen\u2013 the boat was hidden, and it was not sent back to Estonia.<\/p><p style=\"text-align: right;\"><strong>Illustratsioon \/ illustration: erakogu<br \/><\/strong><\/p>\t\t\t\t\t\t\t\t<\/div>\n\t\t\t\t<\/div>\n\t\t\t\t<\/div>\n\t\t\t\t<\/div>\n\t\t\t\t\t<\/div>\n\t\t\t\t<\/div>\n\t\t<div class=\"elementor-element elementor-element-a80238d e-flex e-con-boxed e-con e-parent\" data-id=\"a80238d\" data-element_type=\"container\" data-e-type=\"container\">\n\t\t\t\t\t<div class=\"e-con-inner\">\n\t\t\t\t<div class=\"elementor-element elementor-element-cf1622d elementor-invisible elementor-widget elementor-widget-text-editor\" data-id=\"cf1622d\" data-element_type=\"widget\" data-e-type=\"widget\" data-settings=\"{&quot;_animation&quot;:&quot;slideInLeft&quot;}\" data-widget_type=\"text-editor.default\">\n\t\t\t\t<div class=\"elementor-widget-container\">\n\t\t\t\t\t\t\t\t\t<p style=\"text-align: justify;\"><span style=\"color: #397c99;\"><strong>1944. aasta 4. veebruaril anti Naissaare elanikele korraldus s\u00f5jaolukorra t\u00f5ttu Saksamaale evakueeruda. 6. veebruariks kell 12 pidid elanikud olema saarelt lahkunud. Mitmed noormehed olid saanud mobilisatsiooni k\u00e4su. Vallandus suur p\u00f5genemine &#8211; rasketes oludes l\u00e4bi talvise mere. Ametlikult oli lubatud l\u00e4henevate N\u00f5ukogude v\u00e4gede eest vaid Saksamaale evakueeruda ja salaja \u00fcle Soome lahe suunduvad p\u00f5genikud riskisid v\u00f5imalusega saada Saksa merev\u00e4elaste poolt tabatud. M\u00f5nel perel \u00f5nnestus Rootsi p\u00e4\u00e4seda koos rannarootslastega, kes said kodumaalt lahkuda Rootsi ja Saksamaa vahelise kokkuleppe alusel. Osa naissaarlasi j\u00e4i Eestisse.<\/strong><\/span><\/p>\t\t\t\t\t\t\t\t<\/div>\n\t\t\t\t<\/div>\n\t\t\t\t\t<\/div>\n\t\t\t\t<\/div>\n\t\t<div class=\"elementor-element elementor-element-2126b96 e-flex e-con-boxed e-con e-parent\" data-id=\"2126b96\" data-element_type=\"container\" data-e-type=\"container\">\n\t\t\t\t\t<div class=\"e-con-inner\">\n\t\t\t\t<div class=\"elementor-element elementor-element-3511d36 elementor-invisible elementor-widget elementor-widget-text-editor\" data-id=\"3511d36\" data-element_type=\"widget\" data-e-type=\"widget\" data-settings=\"{&quot;_animation&quot;:&quot;slideInRight&quot;}\" data-widget_type=\"text-editor.default\">\n\t\t\t\t<div class=\"elementor-widget-container\">\n\t\t\t\t\t\t\t\t\t<p>The order was issued on 4 February 1944 to the residents of Naissaar to evacuate to Germany due to the war situation. The residents were to depart from the island by 12 o\u2019clock on 6 February 1944. Officially, they were only allowed to evacuate to Germany to escape the approaching Soviet forces. Refugees secretly fleeing across the Gulf of Finland risked being caught by German naval seamen. Some families succeeded in escaping to Sweden together with coastal Swedes, who were allowed to leave their homeland on the basis of an agreement between Sweden and Germany. Some Naissaar islanders remained in Estonia.<\/p>\t\t\t\t\t\t\t\t<\/div>\n\t\t\t\t<\/div>\n\t\t\t\t\t<\/div>\n\t\t\t\t<\/div>\n\t\t<div class=\"elementor-element elementor-element-cb2c609 e-flex e-con-boxed e-con e-parent\" data-id=\"cb2c609\" data-element_type=\"container\" data-e-type=\"container\">\n\t\t\t\t\t<div class=\"e-con-inner\">\n\t\t<div class=\"elementor-element elementor-element-f89585e e-con-full e-flex e-con e-child\" data-id=\"f89585e\" data-element_type=\"container\" data-e-type=\"container\">\n\t\t\t\t<div class=\"elementor-element elementor-element-f50cb77 elementor-invisible elementor-widget elementor-widget-text-editor\" data-id=\"f50cb77\" data-element_type=\"widget\" data-e-type=\"widget\" data-settings=\"{&quot;_animation&quot;:&quot;fadeInRight&quot;}\" data-widget_type=\"text-editor.default\">\n\t\t\t\t<div class=\"elementor-widget-container\">\n\t\t\t\t\t\t\t\t\t<p style=\"text-align: justify;\"><strong><span style=\"color: #397c99;\">1944. a veebruaris juhtis julge 32-aastane noor naine Elmeri Lillevars paadi \u00fcle talvise mere Hankosse, pardal kaks poega ja veel m\u00f5ned p\u00f5genikud. S\u00f5jaeelse meenutusena paat \u201eLinda\u201c veel Naissaare L\u00f5unak\u00fcla all ja Elmeri Rosen Lillevars koos abikaasa ja vanema pojaga. Perepea Edgar Lillevars mobiliseeriti 1941 Punaarmeesse ja j\u00e4i kadunuks.<\/span><\/strong><\/p><p style=\"text-align: justify;\"><span style=\"color: #a3bccd;\">In February of 1944, a courageous 32-year-old young woman named Elmeri Lillevars piloted a boat across the winter sea to Hank\u00f6 with her two sons and a few other refugees on board. As a prewar recollection, here we see Rosen and Elmeri Lillevars with their eldest son and the boat Linda still at L\u00f5unak\u00fcla hamlet on Naissaar. The head of the family Edgar Lillevars was mobilised into the Red Army in 1941 and went missing in action.<\/span><\/p><p style=\"text-align: right;\"><span style=\"color: #397c99;\"><strong>Illustratsioon \/ illustration: erakogu <\/strong><\/span><\/p><p style=\"text-align: right;\"><span style=\"color: #397c99;\"><strong>\u00a0<\/strong><\/span><\/p>\t\t\t\t\t\t\t\t<\/div>\n\t\t\t\t<\/div>\n\t\t\t\t<\/div>\n\t\t<div class=\"elementor-element elementor-element-ff0917b e-con-full e-flex e-con e-child\" data-id=\"ff0917b\" data-element_type=\"container\" data-e-type=\"container\">\n\t\t\t\t<div class=\"elementor-element elementor-element-4d5eb32 elementor-invisible elementor-widget elementor-widget-image\" data-id=\"4d5eb32\" data-element_type=\"widget\" data-e-type=\"widget\" data-settings=\"{&quot;_animation&quot;:&quot;fadeInLeft&quot;}\" data-widget_type=\"image.default\">\n\t\t\t\t<div class=\"elementor-widget-container\">\n\t\t\t\t\t\t\t\t\t\t\t\t\t\t\t\t<a href=\"https:\/\/2024.wwii-refugees.ee\/wp-content\/uploads\/2024\/12\/26.png\" data-elementor-open-lightbox=\"yes\" data-elementor-lightbox-title=\"26\" data-e-action-hash=\"#elementor-action%3Aaction%3Dlightbox%26settings%3DeyJpZCI6OTc0LCJ1cmwiOiJodHRwczpcL1wvMjAyNC53d2lpLXJlZnVnZWVzLmVlXC93cC1jb250ZW50XC91cGxvYWRzXC8yMDI0XC8xMlwvMjYucG5nIn0%3D\">\n\t\t\t\t\t\t\t<img loading=\"lazy\" decoding=\"async\" width=\"1024\" height=\"684\" src=\"https:\/\/2024.wwii-refugees.ee\/wp-content\/uploads\/2024\/12\/26-1024x684.png\" class=\"attachment-large size-large wp-image-974\" alt=\"\" srcset=\"https:\/\/2024.wwii-refugees.ee\/wp-content\/uploads\/2024\/12\/26-1024x684.png 1024w, https:\/\/2024.wwii-refugees.ee\/wp-content\/uploads\/2024\/12\/26-300x201.png 300w, https:\/\/2024.wwii-refugees.ee\/wp-content\/uploads\/2024\/12\/26-768x513.png 768w, https:\/\/2024.wwii-refugees.ee\/wp-content\/uploads\/2024\/12\/26-1536x1027.png 1536w, https:\/\/2024.wwii-refugees.ee\/wp-content\/uploads\/2024\/12\/26.png 1722w\" sizes=\"(max-width: 1024px) 100vw, 1024px\" \/>\t\t\t\t\t\t\t\t<\/a>\n\t\t\t\t\t\t\t\t\t\t\t\t\t\t\t<\/div>\n\t\t\t\t<\/div>\n\t\t\t\t<\/div>\n\t\t\t\t\t<\/div>\n\t\t\t\t<\/div>\n\t\t<div class=\"elementor-element elementor-element-a1e87bc e-flex e-con-boxed e-con e-parent\" data-id=\"a1e87bc\" data-element_type=\"container\" data-e-type=\"container\">\n\t\t\t\t\t<div class=\"e-con-inner\">\n\t\t\t\t<div class=\"elementor-element elementor-element-7a3298f elementor-invisible elementor-widget elementor-widget-text-editor\" data-id=\"7a3298f\" data-element_type=\"widget\" data-e-type=\"widget\" data-settings=\"{&quot;_animation&quot;:&quot;slideInLeft&quot;}\" data-widget_type=\"text-editor.default\">\n\t\t\t\t<div class=\"elementor-widget-container\">\n\t\t\t\t\t\t\t\t\t<p style=\"text-align: justify;\"><span style=\"color: #397c99;\"><strong>\u00d6\u00f6l vastu 6. veebruari p\u00f5genesid Axel Bertelsoni paadiga viimased kaks P\u00f5hjak\u00fcla peret \u2013 4 t\u00e4iskasvanut ja 3 last. Kui N\u00f5ukogude s\u00f5jav\u00e4elased s\u00fcgisel Naissaarele j\u00f5udsid, oli saar inimt\u00fchi.<\/strong><\/span><\/p>\t\t\t\t\t\t\t\t<\/div>\n\t\t\t\t<\/div>\n\t\t\t\t\t<\/div>\n\t\t\t\t<\/div>\n\t\t<div class=\"elementor-element elementor-element-ed83d8a e-flex e-con-boxed e-con e-parent\" data-id=\"ed83d8a\" data-element_type=\"container\" data-e-type=\"container\">\n\t\t\t\t\t<div class=\"e-con-inner\">\n\t\t\t\t<div class=\"elementor-element elementor-element-7e03164 elementor-invisible elementor-widget elementor-widget-text-editor\" data-id=\"7e03164\" data-element_type=\"widget\" data-e-type=\"widget\" data-settings=\"{&quot;_animation&quot;:&quot;slideInRight&quot;}\" data-widget_type=\"text-editor.default\">\n\t\t\t\t<div class=\"elementor-widget-container\">\n\t\t\t\t\t\t\t\t\t<p style=\"text-align: justify;\"><span style=\"color: #a3bccd;\">On the night before 6 February, the last two families from P\u00f5hjak\u00fcla hamlet fled in Axel Bertelson\u2019s boat \u2013 4 adults and 3 children. When Soviet soldiers arrived on Naissaar in the autumn, the island was deserted.<\/span><\/p>\t\t\t\t\t\t\t\t<\/div>\n\t\t\t\t<\/div>\n\t\t\t\t\t<\/div>\n\t\t\t\t<\/div>\n\t\t<div class=\"elementor-element elementor-element-f008f20 e-flex e-con-boxed e-con e-parent\" data-id=\"f008f20\" data-element_type=\"container\" data-e-type=\"container\">\n\t\t\t\t\t<div class=\"e-con-inner\">\n\t\t\t\t<div class=\"elementor-element elementor-element-169445c elementor-widget elementor-widget-image\" data-id=\"169445c\" data-element_type=\"widget\" data-e-type=\"widget\" data-widget_type=\"image.default\">\n\t\t\t\t<div class=\"elementor-widget-container\">\n\t\t\t\t\t\t\t\t\t\t\t\t\t\t\t<img fetchpriority=\"high\" decoding=\"async\" width=\"8667\" height=\"334\" src=\"https:\/\/2024.wwii-refugees.ee\/wp-content\/uploads\/2024\/04\/WWII_refugees_visuals_LAINE_3.png\" class=\"attachment-full size-full wp-image-121\" alt=\"\" srcset=\"https:\/\/2024.wwii-refugees.ee\/wp-content\/uploads\/2024\/04\/WWII_refugees_visuals_LAINE_3.png 8667w, https:\/\/2024.wwii-refugees.ee\/wp-content\/uploads\/2024\/04\/WWII_refugees_visuals_LAINE_3-300x12.png 300w, https:\/\/2024.wwii-refugees.ee\/wp-content\/uploads\/2024\/04\/WWII_refugees_visuals_LAINE_3-1024x39.png 1024w, https:\/\/2024.wwii-refugees.ee\/wp-content\/uploads\/2024\/04\/WWII_refugees_visuals_LAINE_3-768x30.png 768w, https:\/\/2024.wwii-refugees.ee\/wp-content\/uploads\/2024\/04\/WWII_refugees_visuals_LAINE_3-1536x59.png 1536w, https:\/\/2024.wwii-refugees.ee\/wp-content\/uploads\/2024\/04\/WWII_refugees_visuals_LAINE_3-2048x79.png 2048w\" sizes=\"(max-width: 8667px) 100vw, 8667px\" \/>\t\t\t\t\t\t\t\t\t\t\t\t\t\t\t<\/div>\n\t\t\t\t<\/div>\n\t\t\t\t\t<\/div>\n\t\t\t\t<\/div>\n\t\t<div class=\"elementor-element elementor-element-6347ea8 e-flex e-con-boxed e-con e-parent\" data-id=\"6347ea8\" data-element_type=\"container\" data-e-type=\"container\">\n\t\t\t\t\t<div class=\"e-con-inner\">\n\t\t\t\t<div class=\"elementor-element elementor-element-daafcba elementor-widget-divider--view-line elementor-widget elementor-widget-divider\" data-id=\"daafcba\" data-element_type=\"widget\" data-e-type=\"widget\" data-widget_type=\"divider.default\">\n\t\t\t\t<div class=\"elementor-widget-container\">\n\t\t\t\t\t\t\t<div class=\"elementor-divider\">\n\t\t\t<span class=\"elementor-divider-separator\">\n\t\t\t\t\t\t<\/span>\n\t\t<\/div>\n\t\t\t\t\t\t<\/div>\n\t\t\t\t<\/div>\n\t\t\t\t\t<\/div>\n\t\t\t\t<\/div>\n\t\t<div class=\"elementor-element elementor-element-7ba5c23 e-flex e-con-boxed e-con e-parent\" data-id=\"7ba5c23\" data-element_type=\"container\" data-e-type=\"container\">\n\t\t\t\t\t<div class=\"e-con-inner\">\n\t\t\t\t<div class=\"elementor-element elementor-element-57fd517 elementor-widget elementor-widget-heading\" data-id=\"57fd517\" data-element_type=\"widget\" data-e-type=\"widget\" data-widget_type=\"heading.default\">\n\t\t\t\t<div class=\"elementor-widget-container\">\n\t\t\t\t\t<h2 class=\"elementor-heading-title elementor-size-default\">PRANGLI JA AKSI<\/h2>\t\t\t\t<\/div>\n\t\t\t\t<\/div>\n\t\t\t\t\t<\/div>\n\t\t\t\t<\/div>\n\t\t<div class=\"elementor-element elementor-element-1d6a013 e-flex e-con-boxed e-con e-parent\" data-id=\"1d6a013\" data-element_type=\"container\" data-e-type=\"container\">\n\t\t\t\t\t<div class=\"e-con-inner\">\n\t\t\t\t<div class=\"elementor-element elementor-element-281fcb8 elementor-widget elementor-widget-heading\" data-id=\"281fcb8\" data-element_type=\"widget\" data-e-type=\"widget\" data-widget_type=\"heading.default\">\n\t\t\t\t<div class=\"elementor-widget-container\">\n\t\t\t\t\t<h3 class=\"elementor-heading-title elementor-size-default\">PRANGLI AND AKSI<\/h3>\t\t\t\t<\/div>\n\t\t\t\t<\/div>\n\t\t\t\t<div class=\"elementor-element elementor-element-02b8930 elementor-widget elementor-widget-menu-anchor\" data-id=\"02b8930\" data-element_type=\"widget\" data-e-type=\"widget\" data-widget_type=\"menu-anchor.default\">\n\t\t\t\t<div class=\"elementor-widget-container\">\n\t\t\t\t\t\t\t<div class=\"elementor-menu-anchor\" id=\"Prangli_Aksi\"><\/div>\n\t\t\t\t\t\t<\/div>\n\t\t\t\t<\/div>\n\t\t\t\t\t<\/div>\n\t\t\t\t<\/div>\n\t\t<div class=\"elementor-element elementor-element-15dfd11 e-flex e-con-boxed e-con e-parent\" data-id=\"15dfd11\" data-element_type=\"container\" data-e-type=\"container\">\n\t\t\t\t\t<div class=\"e-con-inner\">\n\t\t\t\t<div class=\"elementor-element elementor-element-83df34c elementor-invisible elementor-widget elementor-widget-text-editor\" data-id=\"83df34c\" data-element_type=\"widget\" data-e-type=\"widget\" data-settings=\"{&quot;_animation&quot;:&quot;slideInLeft&quot;}\" data-widget_type=\"text-editor.default\">\n\t\t\t\t<div class=\"elementor-widget-container\">\n\t\t\t\t\t\t\t\t\t<p style=\"text-align: justify;\"><span style=\"color: #397c99;\"><strong>Saareelanike tulevik oli ebakindel juba enne s\u00f5ja algust. 14. juunil 1940 olid Prangli kalurid tunnistajaks, kui N\u00f5ukogude lennuk tulistas alla Tallinna\u2013 Helsingi liinilennuki Kaleva. Teati, et naissaarlased sunniti kodudest lahkuma ja kardeti sama saatuse kordumist. Punaarmee Eestist p\u00f5genemisel j\u00f5udis 24. augustil 1941 saare idaranda pommitabamuse saanud laev \u201eEestirand\u201c mobiliseeritud meestega pardal. Saksa v\u00f5imud alustasid oma mobilisatsioonidega ning 1943. a p\u00f5genes 14 Prangli noormeest selle eest \u00fcle mere ja liitus Soome armeega.<br \/>Aksi saarel asus piirkonna t\u00e4htsaim paadiehituskeskus. S\u00f5ja ajal oli Aksi paljudele mandrilt tulnud p\u00f5genikele h\u00fcppelauaks \u2013 saarelt oli kergem p\u00f5genemist alustada, \u00fclevedusid korraldati juba 1943. a kevadest. Endel Aksbergi pere kolis Aksilt Soome Pirttisaarele ja s\u00fcgisel 1943 Trutlandeti saarele. Nende kodu oli p\u00f5genike vastuv\u00f5tupunkt, Endel tegi kokku 22 p\u00f5genikereisi.<\/strong><\/span><\/p>\t\t\t\t\t\t\t\t<\/div>\n\t\t\t\t<\/div>\n\t\t\t\t\t<\/div>\n\t\t\t\t<\/div>\n\t\t<div class=\"elementor-element elementor-element-be8c396 e-flex e-con-boxed e-con e-parent\" data-id=\"be8c396\" data-element_type=\"container\" data-e-type=\"container\">\n\t\t\t\t\t<div class=\"e-con-inner\">\n\t\t\t\t<div class=\"elementor-element elementor-element-4db1661 elementor-invisible elementor-widget elementor-widget-text-editor\" data-id=\"4db1661\" data-element_type=\"widget\" data-e-type=\"widget\" data-settings=\"{&quot;_animation&quot;:&quot;slideInRight&quot;}\" data-widget_type=\"text-editor.default\">\n\t\t\t\t<div class=\"elementor-widget-container\">\n\t\t\t\t\t\t\t\t\t<p style=\"text-align: justify;\"><span style=\"color: #a3bccd;\">The future of the islanders was already uncertain before the start of the war. On 14 June 1940, Prangli fishermen witnessed how a Soviet aircraft shot down the passenger airliner Kaleva, which was flying from Tallinn to Helsinki. They knew that the islanders of Naissaar had been forced to leave their homes and the people of Prangli feared a repeat of that same fate. While the Red Army was fleeing from Estonia, the ship Eestirand with mobilised men on board arrived at the island\u2019s eastern shore on 24 August 1941 after being hit by a bomb. The German authorities started their own mobilisations and in 1943, 14 young men from Prangli fled from the mobilisation across the sea and enlisted in the Finnish Army.<br \/>The region\u2019s most important boat-building center was on Aksi Island. During the war, Aksi was a springboard for many refugees from the mainland \u2013 it was easier to start the voyage abroad from the island. Trips were already organised starting from the spring of 1943 to ferry refugees across the gulf. Endel Aksberg\u2019s family moved from Aksi to Pirttisaar in Finland and in the autumn of 1943 on to Trutlandet Island. Their home was a station for receiving refugees. Endel made a total of 22 trips to ferry refugees.<\/span><\/p>\t\t\t\t\t\t\t\t<\/div>\n\t\t\t\t<\/div>\n\t\t\t\t\t<\/div>\n\t\t\t\t<\/div>\n\t\t<div class=\"elementor-element elementor-element-17fe510 e-flex e-con-boxed e-con e-parent\" data-id=\"17fe510\" data-element_type=\"container\" data-e-type=\"container\" data-settings=\"{&quot;background_background&quot;:&quot;gradient&quot;}\">\n\t\t\t\t\t<div class=\"e-con-inner\">\n\t\t<div class=\"elementor-element elementor-element-9af8855 e-con-full e-flex e-con e-child\" data-id=\"9af8855\" data-element_type=\"container\" data-e-type=\"container\">\n\t\t\t\t<div class=\"elementor-element elementor-element-0aa4cb5 elementor-invisible elementor-widget elementor-widget-image\" data-id=\"0aa4cb5\" data-element_type=\"widget\" data-e-type=\"widget\" data-settings=\"{&quot;_animation&quot;:&quot;fadeInRight&quot;}\" data-widget_type=\"image.default\">\n\t\t\t\t<div class=\"elementor-widget-container\">\n\t\t\t\t\t\t\t\t\t\t\t\t\t\t\t\t<a href=\"https:\/\/2024.wwii-refugees.ee\/wp-content\/uploads\/2024\/12\/27.png\" data-elementor-open-lightbox=\"yes\" data-elementor-lightbox-title=\"27\" data-e-action-hash=\"#elementor-action%3Aaction%3Dlightbox%26settings%3DeyJpZCI6OTc4LCJ1cmwiOiJodHRwczpcL1wvMjAyNC53d2lpLXJlZnVnZWVzLmVlXC93cC1jb250ZW50XC91cGxvYWRzXC8yMDI0XC8xMlwvMjcucG5nIn0%3D\">\n\t\t\t\t\t\t\t<img loading=\"lazy\" decoding=\"async\" width=\"1757\" height=\"1134\" src=\"https:\/\/2024.wwii-refugees.ee\/wp-content\/uploads\/2024\/12\/27.png\" class=\"attachment-full size-full wp-image-978\" alt=\"\" srcset=\"https:\/\/2024.wwii-refugees.ee\/wp-content\/uploads\/2024\/12\/27.png 1757w, https:\/\/2024.wwii-refugees.ee\/wp-content\/uploads\/2024\/12\/27-300x194.png 300w, https:\/\/2024.wwii-refugees.ee\/wp-content\/uploads\/2024\/12\/27-1024x661.png 1024w, https:\/\/2024.wwii-refugees.ee\/wp-content\/uploads\/2024\/12\/27-768x496.png 768w, https:\/\/2024.wwii-refugees.ee\/wp-content\/uploads\/2024\/12\/27-1536x991.png 1536w\" sizes=\"(max-width: 1757px) 100vw, 1757px\" \/>\t\t\t\t\t\t\t\t<\/a>\n\t\t\t\t\t\t\t\t\t\t\t\t\t\t\t<\/div>\n\t\t\t\t<\/div>\n\t\t\t\t<\/div>\n\t\t<div class=\"elementor-element elementor-element-d7f4798 e-con-full e-flex e-con e-child\" data-id=\"d7f4798\" data-element_type=\"container\" data-e-type=\"container\">\n\t\t<div class=\"elementor-element elementor-element-849a7f3 e-con-full e-flex e-con e-child\" data-id=\"849a7f3\" data-element_type=\"container\" data-e-type=\"container\" data-settings=\"{&quot;background_background&quot;:&quot;gradient&quot;}\">\n\t\t\t\t<div class=\"elementor-element elementor-element-df6ee43 elementor-invisible elementor-widget elementor-widget-text-editor\" data-id=\"df6ee43\" data-element_type=\"widget\" data-e-type=\"widget\" data-settings=\"{&quot;_animation&quot;:&quot;fadeInLeft&quot;}\" data-widget_type=\"text-editor.default\">\n\t\t\t\t<div class=\"elementor-widget-container\">\n\t\t\t\t\t\t\t\t\t<p style=\"text-align: justify;\"><strong>Aksi-Madise sadam umbes 1930. Vasakul Aleksander ja Rosine Aksberg nooremate laste Elleni ja Helmutiga.<\/strong><\/p><p style=\"text-align: justify;\">Aksi-Madise harbour around 1930. Aleksander and Rosine Aksberg are on the left with their younger children Ellen and Helmut.<\/p><p style=\"text-align: right;\"><strong>Illustratsioon \/ illustration: RRM<br \/><\/strong><\/p>\t\t\t\t\t\t\t\t<\/div>\n\t\t\t\t<\/div>\n\t\t\t\t<\/div>\n\t\t\t\t<\/div>\n\t\t\t\t\t<\/div>\n\t\t\t\t<\/div>\n\t\t<div class=\"elementor-element elementor-element-4b6365f e-flex e-con-boxed e-con e-parent\" data-id=\"4b6365f\" data-element_type=\"container\" data-e-type=\"container\">\n\t\t\t\t\t<div class=\"e-con-inner\">\n\t\t\t\t<div class=\"elementor-element elementor-element-d4103b4 elementor-invisible elementor-widget elementor-widget-text-editor\" data-id=\"d4103b4\" data-element_type=\"widget\" data-e-type=\"widget\" data-settings=\"{&quot;_animation&quot;:&quot;slideInLeft&quot;}\" data-widget_type=\"text-editor.default\">\n\t\t\t\t<div class=\"elementor-widget-container\">\n\t\t\t\t\t\t\t\t\t<p style=\"text-align: justify;\"><span style=\"color: #397c99;\"><strong>N\u00f5ukogude v\u00e4gede l\u00e4henedes p\u00f5genes Pranglilt ja Aksilt kokku v\u00e4hemalt 164 inimest \u2013 umbes kolmandik saarte toonasest elanikkonnast. Aksi-Madise Aksbergide pere (eestindatult Aaslepp) seadis septembris 1944 \u00fche mootorpaadi merek\u00f5lblikuks. \u00d6\u00f6 jooksul kogunes saarele \u00fcle 30 inimese. Helmut Aksberg kirjutab: \u201eP\u00e4ikeseloojangu ajaks olime \u00e4ras\u00f5iduks valmis, kuid papat, isa Aleksandrit, ei olnud kohal. Ta oli oreli juures \u2013 m\u00e4ngis viimase loo ja lahkus.\u201c<\/strong><\/span><\/p>\t\t\t\t\t\t\t\t<\/div>\n\t\t\t\t<\/div>\n\t\t\t\t\t<\/div>\n\t\t\t\t<\/div>\n\t\t<div class=\"elementor-element elementor-element-9150a23 e-flex e-con-boxed e-con e-parent\" data-id=\"9150a23\" data-element_type=\"container\" data-e-type=\"container\">\n\t\t\t\t\t<div class=\"e-con-inner\">\n\t\t\t\t<div class=\"elementor-element elementor-element-e8e3d82 elementor-invisible elementor-widget elementor-widget-text-editor\" data-id=\"e8e3d82\" data-element_type=\"widget\" data-e-type=\"widget\" data-settings=\"{&quot;_animation&quot;:&quot;slideInRight&quot;}\" data-widget_type=\"text-editor.default\">\n\t\t\t\t<div class=\"elementor-widget-container\">\n\t\t\t\t\t\t\t\t\t<p style=\"text-align: justify;\"><span style=\"color: #a3bccd;\">About a third of the population of those islands at that time \u2013 at least 164 people in total \u2013 fled from Prangli and Aksi as Soviet forces approached. The Aksberg family (Aaslepp after their name was Estonianised) of Aksi-Madise made a motorboat seaworthy in September of 1944. More than 30 people gathered on the island overnight. \u2018We were ready to depart by sunset but papa, the family father Aleksander, was missing. He was at the organ \u2013 he played his last piece of music and left.\u2019<\/span><\/p>\t\t\t\t\t\t\t\t<\/div>\n\t\t\t\t<\/div>\n\t\t\t\t\t<\/div>\n\t\t\t\t<\/div>\n\t\t<div class=\"elementor-element elementor-element-a4ea431 e-flex e-con-boxed e-con e-parent\" data-id=\"a4ea431\" data-element_type=\"container\" data-e-type=\"container\">\n\t\t\t\t\t<div class=\"e-con-inner\">\n\t\t<div class=\"elementor-element elementor-element-d1e438c e-con-full e-flex e-con e-child\" data-id=\"d1e438c\" data-element_type=\"container\" data-e-type=\"container\">\n\t\t\t\t<div class=\"elementor-element elementor-element-a50e0c3 elementor-invisible elementor-widget elementor-widget-text-editor\" data-id=\"a50e0c3\" data-element_type=\"widget\" data-e-type=\"widget\" data-settings=\"{&quot;_animation&quot;:&quot;fadeInRight&quot;}\" data-widget_type=\"text-editor.default\">\n\t\t\t\t<div class=\"elementor-widget-container\">\n\t\t\t\t\t\t\t\t\t<p style=\"text-align: justify;\"><strong><span style=\"color: #397c99;\">Ehitusj\u00e4rgus paat Aksi-Madise \u00f5uel 1942. a suvel. Kajutilael Helmut Aksberg, paadi k\u00f5rval Verner karkudega. 1941. a oli Aksilt konfiskeeritud 4 suuremat paati ning vennad Verner ja Helmut hakkasid uut paati ehitama. T\u00f6\u00f6 j\u00e4i pooleli, sest vennad vangistati \u201eSoome s\u00f5itude\u201c s\u00fc\u00fcdistusega. Endel Aksberg pukseeris paadi salaja Soome ja tegi korda. Sellest sai p\u00f5genikeveo paat.<\/span><\/strong><\/p><p style=\"text-align: justify;\"><span style=\"color: #a3bccd;\">A boat under construction in the yard of Aksi-Madise in the summer of 1942. Helmut Aksberg is on the cabin ceiling. Verner is on crutches beside the boat. Four large boats had been confiscated from Aksi in 1941 and the brothers Verner and Helmut started building a new boat. The work remained unfinished because the brothers were imprisoned under the accusation of making \u2018voyages to Finland\u2019. Endel Aksberg secretly towed the boat to Finland and finished building it. It became a boat for ferrying refugees.<\/span><\/p><p style=\"text-align: right;\"><span style=\"color: #397c99;\"><strong>Illustratsioon \/ illustration: RRM <\/strong><\/span><\/p><p style=\"text-align: right;\"><span style=\"color: #397c99;\"><strong>\u00a0<\/strong><\/span><\/p>\t\t\t\t\t\t\t\t<\/div>\n\t\t\t\t<\/div>\n\t\t\t\t<\/div>\n\t\t<div class=\"elementor-element elementor-element-f649727 e-con-full e-flex e-con e-child\" data-id=\"f649727\" data-element_type=\"container\" data-e-type=\"container\">\n\t\t\t\t<div class=\"elementor-element elementor-element-2b7f88c elementor-invisible elementor-widget elementor-widget-image\" data-id=\"2b7f88c\" data-element_type=\"widget\" data-e-type=\"widget\" data-settings=\"{&quot;_animation&quot;:&quot;fadeInLeft&quot;}\" data-widget_type=\"image.default\">\n\t\t\t\t<div class=\"elementor-widget-container\">\n\t\t\t\t\t\t\t\t\t\t\t\t\t\t\t\t<a href=\"https:\/\/2024.wwii-refugees.ee\/wp-content\/uploads\/2024\/12\/28.png\" data-elementor-open-lightbox=\"yes\" data-elementor-lightbox-title=\"28\" data-e-action-hash=\"#elementor-action%3Aaction%3Dlightbox%26settings%3DeyJpZCI6OTc5LCJ1cmwiOiJodHRwczpcL1wvMjAyNC53d2lpLXJlZnVnZWVzLmVlXC93cC1jb250ZW50XC91cGxvYWRzXC8yMDI0XC8xMlwvMjgucG5nIn0%3D\">\n\t\t\t\t\t\t\t<img loading=\"lazy\" decoding=\"async\" width=\"1024\" height=\"708\" src=\"https:\/\/2024.wwii-refugees.ee\/wp-content\/uploads\/2024\/12\/28-1024x708.png\" class=\"attachment-large size-large wp-image-979\" alt=\"\" srcset=\"https:\/\/2024.wwii-refugees.ee\/wp-content\/uploads\/2024\/12\/28-1024x708.png 1024w, https:\/\/2024.wwii-refugees.ee\/wp-content\/uploads\/2024\/12\/28-300x207.png 300w, https:\/\/2024.wwii-refugees.ee\/wp-content\/uploads\/2024\/12\/28-768x531.png 768w, https:\/\/2024.wwii-refugees.ee\/wp-content\/uploads\/2024\/12\/28.png 1321w\" sizes=\"(max-width: 1024px) 100vw, 1024px\" \/>\t\t\t\t\t\t\t\t<\/a>\n\t\t\t\t\t\t\t\t\t\t\t\t\t\t\t<\/div>\n\t\t\t\t<\/div>\n\t\t\t\t<\/div>\n\t\t\t\t\t<\/div>\n\t\t\t\t<\/div>\n\t\t<div class=\"elementor-element elementor-element-d820a69 e-flex e-con-boxed e-con e-parent\" data-id=\"d820a69\" data-element_type=\"container\" data-e-type=\"container\">\n\t\t\t\t\t<div class=\"e-con-inner\">\n\t\t\t\t<div class=\"elementor-element elementor-element-8f15dfa elementor-invisible elementor-widget elementor-widget-text-editor\" data-id=\"8f15dfa\" data-element_type=\"widget\" data-e-type=\"widget\" data-settings=\"{&quot;_animation&quot;:&quot;slideInLeft&quot;}\" data-widget_type=\"text-editor.default\">\n\t\t\t\t<div class=\"elementor-widget-container\">\n\t\t\t\t\t\t\t\t\t<p style=\"text-align: justify;\"><span style=\"color: #397c99;\"><strong>Kaasa v\u00f5eti nii palju inimesi kui v\u00f5imalik, kuid ei mingeid suuri pakke. Tuli valida inimhinged, ja neid maksimaalselt. Paati mahutati umbes kaksk\u00fcmmend inimest v\u00f5i rohkemgi. Ilm oli ilus ja \u00f6\u00f6 varjus s\u00f5ideti esmalt Soome poole. Hommikuvalguses j\u00f5uti Helsingi l\u00e4hedasele Eestinluoto saarele, seal elasid pere kauged sugulased. P\u00e4rast l\u00fchikest peatust paadisadamas ja kohtumist Soome rannavalvega, tuli neile appi perekonna noorim poeg Erkki. Ta oli kodumaalt lahkunud juba varem ja osalenud J\u00e4tkus\u00f5jas. Ta v\u00f5ttis oma mootorpaadi, s\u00f5itis ees ja juhatas teed Soome p\u00f5genike vastuv\u00f5tupunkti Jollases. Seal astusid enamik k\u00fc\u00fcti saanud<br \/>kaasp\u00f5genikest maale, abistajatega s\u00f5nagi r\u00e4\u00e4kimata, lootuses mugavamalt edasi reisida.<br \/>Kuna Soome-Vene vaheline J\u00e4tkus\u00f5da oli neil p\u00e4evil l\u00f5ppenud, siis 19. septembrist kehtiva vaherahu kohaselt pidi Punaarmee l\u00e4hip\u00e4evadel Porkkala ja Hang\u00f6 aladele sisse marssima. P\u00f5genikud pidid neist paigust enne m\u00f6\u00f6duma. Edasis\u00f5it Rootsi suunas arenes l\u00e4bi Soome saarestiku takistusteta. Ahvenamaa l\u00e4\u00e4nepoolsest lootsijaamast lahkuti reede \u00f5htul pimeduse varjus ja hommikuvalguses paistis silmapiiril Rootsi. Seal ootas p\u00f5genikke Rootsi p\u00e4\u00e4stelaev \u201e\u00d6rsk\u00e4r\u201c.<\/strong><\/span><\/p>\t\t\t\t\t\t\t\t<\/div>\n\t\t\t\t<\/div>\n\t\t\t\t\t<\/div>\n\t\t\t\t<\/div>\n\t\t<div class=\"elementor-element elementor-element-1963afd e-flex e-con-boxed e-con e-parent\" data-id=\"1963afd\" data-element_type=\"container\" data-e-type=\"container\">\n\t\t\t\t\t<div class=\"e-con-inner\">\n\t\t\t\t<div class=\"elementor-element elementor-element-dff5976 elementor-invisible elementor-widget elementor-widget-text-editor\" data-id=\"dff5976\" data-element_type=\"widget\" data-e-type=\"widget\" data-settings=\"{&quot;_animation&quot;:&quot;slideInRight&quot;}\" data-widget_type=\"text-editor.default\">\n\t\t\t\t<div class=\"elementor-widget-container\">\n\t\t\t\t\t\t\t\t\t<p style=\"text-align: justify;\"><span style=\"color: #a3bccd;\">As many people as possible were taken along but no large baggage was brought on board. Human souls had to be prioritised to the maximum. About twenty or more people were fit into the boat. The weather was fine, and the boat went first toward Finland under cover of night. In the morning light, they reached Eestinluoto Island near Helsinki. That is where the family\u2019s distant relatives lived. After a brief stop at the boat harbour and an encounter with Finnish border guards, the family\u2019s youngest son Erkki came to their assistance. He had already left his homeland earlier and had participated in Finland\u2019s Continuation War. He took the lead in his own motorboat and guided them to a Finnish refugee reception station in Jollase. There most of their fellow refugees who had been brought across the sea stepped ashore without saying a word to those who had helped them, hoping to continue their journey in more comfortable conditions.<br \/>Since the Continuation War between Finland and Russia had ended in those days, according to the armistice that went into effect on 19 September, the Red Army was to march into the regions of Porkkala and Hank\u00f6 in the next few days. The refugees had to get past those areas before that happened. Their voyage onward in the direction of Sweden continued through the Finnish archipelago without hindrances. They departed from \u00c5land\u2019s western pilot station on Friday evening under cover of darkness and Sweden appeared on the horizon in the morning light. There the Swedish rescue ship \u00d6rsk\u00e4r awaited the refugees.<\/span><\/p>\t\t\t\t\t\t\t\t<\/div>\n\t\t\t\t<\/div>\n\t\t\t\t\t<\/div>\n\t\t\t\t<\/div>\n\t\t<div class=\"elementor-element elementor-element-d9f634c e-flex e-con-boxed e-con e-parent\" data-id=\"d9f634c\" data-element_type=\"container\" data-e-type=\"container\" data-settings=\"{&quot;background_background&quot;:&quot;gradient&quot;}\">\n\t\t\t\t\t<div class=\"e-con-inner\">\n\t\t<div class=\"elementor-element elementor-element-43dd9e1 e-con-full e-flex e-con e-child\" data-id=\"43dd9e1\" data-element_type=\"container\" data-e-type=\"container\">\n\t\t\t\t<div class=\"elementor-element elementor-element-d4c879d elementor-invisible elementor-widget elementor-widget-image\" data-id=\"d4c879d\" data-element_type=\"widget\" data-e-type=\"widget\" data-settings=\"{&quot;_animation&quot;:&quot;fadeInRight&quot;}\" data-widget_type=\"image.default\">\n\t\t\t\t<div class=\"elementor-widget-container\">\n\t\t\t\t\t\t\t\t\t\t\t\t\t\t\t\t<a href=\"https:\/\/2024.wwii-refugees.ee\/wp-content\/uploads\/2024\/12\/29.png\" data-elementor-open-lightbox=\"yes\" data-elementor-lightbox-title=\"29\" data-e-action-hash=\"#elementor-action%3Aaction%3Dlightbox%26settings%3DeyJpZCI6OTgwLCJ1cmwiOiJodHRwczpcL1wvMjAyNC53d2lpLXJlZnVnZWVzLmVlXC93cC1jb250ZW50XC91cGxvYWRzXC8yMDI0XC8xMlwvMjkucG5nIn0%3D\">\n\t\t\t\t\t\t\t<img loading=\"lazy\" decoding=\"async\" width=\"1636\" height=\"946\" src=\"https:\/\/2024.wwii-refugees.ee\/wp-content\/uploads\/2024\/12\/29.png\" class=\"attachment-full size-full wp-image-980\" alt=\"\" srcset=\"https:\/\/2024.wwii-refugees.ee\/wp-content\/uploads\/2024\/12\/29.png 1636w, https:\/\/2024.wwii-refugees.ee\/wp-content\/uploads\/2024\/12\/29-300x173.png 300w, https:\/\/2024.wwii-refugees.ee\/wp-content\/uploads\/2024\/12\/29-1024x592.png 1024w, https:\/\/2024.wwii-refugees.ee\/wp-content\/uploads\/2024\/12\/29-768x444.png 768w, https:\/\/2024.wwii-refugees.ee\/wp-content\/uploads\/2024\/12\/29-1536x888.png 1536w\" sizes=\"(max-width: 1636px) 100vw, 1636px\" \/>\t\t\t\t\t\t\t\t<\/a>\n\t\t\t\t\t\t\t\t\t\t\t\t\t\t\t<\/div>\n\t\t\t\t<\/div>\n\t\t\t\t<\/div>\n\t\t<div class=\"elementor-element elementor-element-b881437 e-con-full e-flex e-con e-child\" data-id=\"b881437\" data-element_type=\"container\" data-e-type=\"container\">\n\t\t<div class=\"elementor-element elementor-element-e59c745 e-con-full e-flex e-con e-child\" data-id=\"e59c745\" data-element_type=\"container\" data-e-type=\"container\" data-settings=\"{&quot;background_background&quot;:&quot;gradient&quot;}\">\n\t\t\t\t<div class=\"elementor-element elementor-element-e454e90 elementor-invisible elementor-widget elementor-widget-text-editor\" data-id=\"e454e90\" data-element_type=\"widget\" data-e-type=\"widget\" data-settings=\"{&quot;_animation&quot;:&quot;fadeInLeft&quot;}\" data-widget_type=\"text-editor.default\">\n\t\t\t\t<div class=\"elementor-widget-container\">\n\t\t\t\t\t\t\t\t\t<p style=\"text-align: justify;\"><strong>P\u00f5genike paadid Rootsi merev\u00e4e aluse slepis \u00d6regrundis s\u00fcgisel 1944.<\/strong><\/p><p style=\"text-align: justify;\">Boats belonging to refugees being towed by a Swedish naval vessel, \u00d6regrund, autumn of 1944.<\/p><p style=\"text-align: right;\"><strong>Illustratsioon \/ illustration: \u00a9 Aftonbladet Bild\/IBL<br \/><\/strong><\/p>\t\t\t\t\t\t\t\t<\/div>\n\t\t\t\t<\/div>\n\t\t\t\t<\/div>\n\t\t\t\t<\/div>\n\t\t\t\t\t<\/div>\n\t\t\t\t<\/div>\n\t\t<div class=\"elementor-element elementor-element-1c507b3 e-flex e-con-boxed e-con e-parent\" data-id=\"1c507b3\" data-element_type=\"container\" data-e-type=\"container\">\n\t\t\t\t\t<div class=\"e-con-inner\">\n\t\t<div class=\"elementor-element elementor-element-aa33e7e e-con-full e-flex e-con e-child\" data-id=\"aa33e7e\" data-element_type=\"container\" data-e-type=\"container\">\n\t\t\t\t<div class=\"elementor-element elementor-element-2c9f256 elementor-invisible elementor-widget elementor-widget-text-editor\" data-id=\"2c9f256\" data-element_type=\"widget\" data-e-type=\"widget\" data-settings=\"{&quot;_animation&quot;:&quot;fadeInRight&quot;}\" data-widget_type=\"text-editor.default\">\n\t\t\t\t<div class=\"elementor-widget-container\">\n\t\t\t\t\t\t\t\t\t<p style=\"text-align: justify;\"><strong><span style=\"color: #397c99;\">Aksbergi vennad 1947. a metsas paati ehitamas. Paat tehti suur \u2013 et sinna mahuks kogu perekond, kui oleks vaja olnud edasi Kanadasse p\u00f5geneda. Perekond aga j\u00e4i Rootsi paigale.<\/span><\/strong><\/p><p style=\"text-align: justify;\"><span style=\"color: #a3bccd;\">The Aksberg brothers building a boat in the woods in 1947. The boat was large \u2013 so that the entire family could fit on board in case it would become necessary to flee onward to<br \/>Canada. However, the family remained in Sweden.<\/span><\/p><p style=\"text-align: right;\"><span style=\"color: #397c99;\"><strong>Illustratsioon \/ illustration: RRM <\/strong><\/span><\/p><p style=\"text-align: right;\"><span style=\"color: #397c99;\"><strong>\u00a0<\/strong><\/span><\/p>\t\t\t\t\t\t\t\t<\/div>\n\t\t\t\t<\/div>\n\t\t\t\t<\/div>\n\t\t<div class=\"elementor-element elementor-element-8dbc310 e-con-full e-flex e-con e-child\" data-id=\"8dbc310\" data-element_type=\"container\" data-e-type=\"container\">\n\t\t\t\t<div class=\"elementor-element elementor-element-a472533 elementor-invisible elementor-widget elementor-widget-image\" data-id=\"a472533\" data-element_type=\"widget\" data-e-type=\"widget\" data-settings=\"{&quot;_animation&quot;:&quot;fadeInLeft&quot;}\" data-widget_type=\"image.default\">\n\t\t\t\t<div class=\"elementor-widget-container\">\n\t\t\t\t\t\t\t\t\t\t\t\t\t\t\t\t<a href=\"https:\/\/2024.wwii-refugees.ee\/wp-content\/uploads\/2024\/12\/30.png\" data-elementor-open-lightbox=\"yes\" data-elementor-lightbox-title=\"30\" data-e-action-hash=\"#elementor-action%3Aaction%3Dlightbox%26settings%3DeyJpZCI6OTgxLCJ1cmwiOiJodHRwczpcL1wvMjAyNC53d2lpLXJlZnVnZWVzLmVlXC93cC1jb250ZW50XC91cGxvYWRzXC8yMDI0XC8xMlwvMzAucG5nIn0%3D\">\n\t\t\t\t\t\t\t<img loading=\"lazy\" decoding=\"async\" width=\"1024\" height=\"699\" src=\"https:\/\/2024.wwii-refugees.ee\/wp-content\/uploads\/2024\/12\/30-1024x699.png\" class=\"attachment-large size-large wp-image-981\" alt=\"\" srcset=\"https:\/\/2024.wwii-refugees.ee\/wp-content\/uploads\/2024\/12\/30-1024x699.png 1024w, https:\/\/2024.wwii-refugees.ee\/wp-content\/uploads\/2024\/12\/30-300x205.png 300w, https:\/\/2024.wwii-refugees.ee\/wp-content\/uploads\/2024\/12\/30-768x524.png 768w, https:\/\/2024.wwii-refugees.ee\/wp-content\/uploads\/2024\/12\/30-1536x1048.png 1536w, https:\/\/2024.wwii-refugees.ee\/wp-content\/uploads\/2024\/12\/30.png 1704w\" sizes=\"(max-width: 1024px) 100vw, 1024px\" \/>\t\t\t\t\t\t\t\t<\/a>\n\t\t\t\t\t\t\t\t\t\t\t\t\t\t\t<\/div>\n\t\t\t\t<\/div>\n\t\t\t\t<\/div>\n\t\t\t\t\t<\/div>\n\t\t\t\t<\/div>\n\t\t<div class=\"elementor-element elementor-element-693beb2 e-flex e-con-boxed e-con e-parent\" data-id=\"693beb2\" data-element_type=\"container\" data-e-type=\"container\" data-settings=\"{&quot;background_background&quot;:&quot;gradient&quot;}\">\n\t\t\t\t\t<div class=\"e-con-inner\">\n\t\t<div class=\"elementor-element elementor-element-7854233 e-con-full e-flex e-con e-child\" data-id=\"7854233\" data-element_type=\"container\" data-e-type=\"container\">\n\t\t\t\t<div class=\"elementor-element elementor-element-6ae15c9 elementor-invisible elementor-widget elementor-widget-image\" data-id=\"6ae15c9\" data-element_type=\"widget\" data-e-type=\"widget\" data-settings=\"{&quot;_animation&quot;:&quot;fadeInRight&quot;}\" data-widget_type=\"image.default\">\n\t\t\t\t<div class=\"elementor-widget-container\">\n\t\t\t\t\t\t\t\t\t\t\t\t\t\t\t\t<a href=\"https:\/\/2024.wwii-refugees.ee\/wp-content\/uploads\/2024\/12\/31.png\" data-elementor-open-lightbox=\"yes\" data-elementor-lightbox-title=\"31\" data-e-action-hash=\"#elementor-action%3Aaction%3Dlightbox%26settings%3DeyJpZCI6OTgyLCJ1cmwiOiJodHRwczpcL1wvMjAyNC53d2lpLXJlZnVnZWVzLmVlXC93cC1jb250ZW50XC91cGxvYWRzXC8yMDI0XC8xMlwvMzEucG5nIn0%3D\">\n\t\t\t\t\t\t\t<img loading=\"lazy\" decoding=\"async\" width=\"1615\" height=\"1079\" src=\"https:\/\/2024.wwii-refugees.ee\/wp-content\/uploads\/2024\/12\/31.png\" class=\"attachment-full size-full wp-image-982\" alt=\"\" srcset=\"https:\/\/2024.wwii-refugees.ee\/wp-content\/uploads\/2024\/12\/31.png 1615w, https:\/\/2024.wwii-refugees.ee\/wp-content\/uploads\/2024\/12\/31-300x200.png 300w, https:\/\/2024.wwii-refugees.ee\/wp-content\/uploads\/2024\/12\/31-1024x684.png 1024w, https:\/\/2024.wwii-refugees.ee\/wp-content\/uploads\/2024\/12\/31-768x513.png 768w, https:\/\/2024.wwii-refugees.ee\/wp-content\/uploads\/2024\/12\/31-1536x1026.png 1536w\" sizes=\"(max-width: 1615px) 100vw, 1615px\" \/>\t\t\t\t\t\t\t\t<\/a>\n\t\t\t\t\t\t\t\t\t\t\t\t\t\t\t<\/div>\n\t\t\t\t<\/div>\n\t\t\t\t<\/div>\n\t\t<div class=\"elementor-element elementor-element-90209a7 e-con-full e-flex e-con e-child\" data-id=\"90209a7\" data-element_type=\"container\" data-e-type=\"container\">\n\t\t<div class=\"elementor-element elementor-element-f81efee e-con-full e-flex e-con e-child\" data-id=\"f81efee\" data-element_type=\"container\" data-e-type=\"container\" data-settings=\"{&quot;background_background&quot;:&quot;gradient&quot;}\">\n\t\t\t\t<div class=\"elementor-element elementor-element-2aad9f3 elementor-invisible elementor-widget elementor-widget-text-editor\" data-id=\"2aad9f3\" data-element_type=\"widget\" data-e-type=\"widget\" data-settings=\"{&quot;_animation&quot;:&quot;fadeInLeft&quot;}\" data-widget_type=\"text-editor.default\">\n\t\t\t\t<div class=\"elementor-widget-container\">\n\t\t\t\t\t\t\t\t\t<p style=\"text-align: justify;\"><strong>Verner Aksberg kihutab 1947. aastal Eesti lipuga Stockholmis Liding\u00f6 silla all.<\/strong><\/p><p style=\"text-align: justify;\">Verner Aksberg races under the Liding\u00f6 bridge in Stockholm flying an Estonian flag in 1947.<\/p><p style=\"text-align: right;\"><strong>Illustratsioon \/ illustration: RRM<br \/><\/strong><\/p>\t\t\t\t\t\t\t\t<\/div>\n\t\t\t\t<\/div>\n\t\t\t\t<\/div>\n\t\t\t\t<\/div>\n\t\t\t\t\t<\/div>\n\t\t\t\t<\/div>\n\t\t<div class=\"elementor-element elementor-element-2a3d148 e-flex e-con-boxed e-con e-parent\" data-id=\"2a3d148\" data-element_type=\"container\" data-e-type=\"container\">\n\t\t\t\t\t<div class=\"e-con-inner\">\n\t\t<div class=\"elementor-element elementor-element-85bb31c e-con-full e-flex e-con e-child\" data-id=\"85bb31c\" data-element_type=\"container\" data-e-type=\"container\">\n\t\t\t\t<div class=\"elementor-element elementor-element-1c13715 elementor-invisible elementor-widget elementor-widget-text-editor\" data-id=\"1c13715\" data-element_type=\"widget\" data-e-type=\"widget\" data-settings=\"{&quot;_animation&quot;:&quot;fadeInRight&quot;}\" data-widget_type=\"text-editor.default\">\n\t\t\t\t<div class=\"elementor-widget-container\">\n\t\t\t\t\t\t\t\t\t<p style=\"text-align: justify;\"><strong><span style=\"color: #397c99;\">Aksbergid 1947. aastal Rootsis. Paremal seisab Endel.<\/span><\/strong><\/p><p style=\"text-align: justify;\"><span style=\"color: #a3bccd;\">The Aksbergs in Sweden in 1947. Endel stands on the right.<\/span><\/p><p style=\"text-align: right;\"><span style=\"color: #397c99;\"><strong>Illustratsioon \/ illustration: RRM <\/strong><\/span><\/p><p style=\"text-align: right;\"><span style=\"color: #397c99;\"><strong>\u00a0<\/strong><\/span><\/p>\t\t\t\t\t\t\t\t<\/div>\n\t\t\t\t<\/div>\n\t\t\t\t<\/div>\n\t\t<div class=\"elementor-element elementor-element-813be66 e-con-full e-flex e-con e-child\" data-id=\"813be66\" data-element_type=\"container\" data-e-type=\"container\">\n\t\t\t\t<div class=\"elementor-element elementor-element-b86df85 elementor-invisible elementor-widget elementor-widget-image\" data-id=\"b86df85\" data-element_type=\"widget\" data-e-type=\"widget\" data-settings=\"{&quot;_animation&quot;:&quot;fadeInLeft&quot;}\" data-widget_type=\"image.default\">\n\t\t\t\t<div class=\"elementor-widget-container\">\n\t\t\t\t\t\t\t\t\t\t\t\t\t\t\t\t<a href=\"https:\/\/2024.wwii-refugees.ee\/wp-content\/uploads\/2024\/12\/32.png\" data-elementor-open-lightbox=\"yes\" data-elementor-lightbox-title=\"32\" data-e-action-hash=\"#elementor-action%3Aaction%3Dlightbox%26settings%3DeyJpZCI6OTgzLCJ1cmwiOiJodHRwczpcL1wvMjAyNC53d2lpLXJlZnVnZWVzLmVlXC93cC1jb250ZW50XC91cGxvYWRzXC8yMDI0XC8xMlwvMzIucG5nIn0%3D\">\n\t\t\t\t\t\t\t<img loading=\"lazy\" decoding=\"async\" width=\"1024\" height=\"670\" src=\"https:\/\/2024.wwii-refugees.ee\/wp-content\/uploads\/2024\/12\/32-1024x670.png\" class=\"attachment-large size-large wp-image-983\" alt=\"\" srcset=\"https:\/\/2024.wwii-refugees.ee\/wp-content\/uploads\/2024\/12\/32-1024x670.png 1024w, https:\/\/2024.wwii-refugees.ee\/wp-content\/uploads\/2024\/12\/32-300x196.png 300w, https:\/\/2024.wwii-refugees.ee\/wp-content\/uploads\/2024\/12\/32-768x502.png 768w, https:\/\/2024.wwii-refugees.ee\/wp-content\/uploads\/2024\/12\/32-1536x1005.png 1536w, https:\/\/2024.wwii-refugees.ee\/wp-content\/uploads\/2024\/12\/32.png 1538w\" sizes=\"(max-width: 1024px) 100vw, 1024px\" \/>\t\t\t\t\t\t\t\t<\/a>\n\t\t\t\t\t\t\t\t\t\t\t\t\t\t\t<\/div>\n\t\t\t\t<\/div>\n\t\t\t\t<\/div>\n\t\t\t\t\t<\/div>\n\t\t\t\t<\/div>\n\t\t<div class=\"elementor-element elementor-element-10be101 e-flex e-con-boxed e-con e-parent\" data-id=\"10be101\" data-element_type=\"container\" data-e-type=\"container\">\n\t\t\t\t\t<div class=\"e-con-inner\">\n\t\t\t\t<div class=\"elementor-element elementor-element-dd23978 elementor-widget elementor-widget-image\" data-id=\"dd23978\" data-element_type=\"widget\" data-e-type=\"widget\" data-widget_type=\"image.default\">\n\t\t\t\t<div class=\"elementor-widget-container\">\n\t\t\t\t\t\t\t\t\t\t\t\t\t\t\t<img fetchpriority=\"high\" decoding=\"async\" width=\"8667\" height=\"334\" src=\"https:\/\/2024.wwii-refugees.ee\/wp-content\/uploads\/2024\/04\/WWII_refugees_visuals_LAINE_3.png\" class=\"attachment-full size-full wp-image-121\" alt=\"\" srcset=\"https:\/\/2024.wwii-refugees.ee\/wp-content\/uploads\/2024\/04\/WWII_refugees_visuals_LAINE_3.png 8667w, https:\/\/2024.wwii-refugees.ee\/wp-content\/uploads\/2024\/04\/WWII_refugees_visuals_LAINE_3-300x12.png 300w, https:\/\/2024.wwii-refugees.ee\/wp-content\/uploads\/2024\/04\/WWII_refugees_visuals_LAINE_3-1024x39.png 1024w, https:\/\/2024.wwii-refugees.ee\/wp-content\/uploads\/2024\/04\/WWII_refugees_visuals_LAINE_3-768x30.png 768w, https:\/\/2024.wwii-refugees.ee\/wp-content\/uploads\/2024\/04\/WWII_refugees_visuals_LAINE_3-1536x59.png 1536w, https:\/\/2024.wwii-refugees.ee\/wp-content\/uploads\/2024\/04\/WWII_refugees_visuals_LAINE_3-2048x79.png 2048w\" sizes=\"(max-width: 8667px) 100vw, 8667px\" \/>\t\t\t\t\t\t\t\t\t\t\t\t\t\t\t<\/div>\n\t\t\t\t<\/div>\n\t\t\t\t\t<\/div>\n\t\t\t\t<\/div>\n\t\t<div class=\"elementor-element elementor-element-ed3350c e-flex e-con-boxed e-con e-parent\" data-id=\"ed3350c\" data-element_type=\"container\" data-e-type=\"container\">\n\t\t\t\t\t<div class=\"e-con-inner\">\n\t\t\t\t<div class=\"elementor-element elementor-element-c613084 elementor-widget-divider--view-line elementor-widget elementor-widget-divider\" data-id=\"c613084\" data-element_type=\"widget\" data-e-type=\"widget\" data-widget_type=\"divider.default\">\n\t\t\t\t<div class=\"elementor-widget-container\">\n\t\t\t\t\t\t\t<div class=\"elementor-divider\">\n\t\t\t<span class=\"elementor-divider-separator\">\n\t\t\t\t\t\t<\/span>\n\t\t<\/div>\n\t\t\t\t\t\t<\/div>\n\t\t\t\t<\/div>\n\t\t\t\t\t<\/div>\n\t\t\t\t<\/div>\n\t\t<div class=\"elementor-element elementor-element-56c9087 e-flex e-con-boxed e-con e-parent\" data-id=\"56c9087\" data-element_type=\"container\" data-e-type=\"container\">\n\t\t\t\t\t<div class=\"e-con-inner\">\n\t\t\t\t<div class=\"elementor-element elementor-element-cefb1c6 elementor-widget elementor-widget-heading\" data-id=\"cefb1c6\" data-element_type=\"widget\" data-e-type=\"widget\" data-widget_type=\"heading.default\">\n\t\t\t\t<div class=\"elementor-widget-container\">\n\t\t\t\t\t<h2 class=\"elementor-heading-title elementor-size-default\">TARTU<\/h2>\t\t\t\t<\/div>\n\t\t\t\t<\/div>\n\t\t\t\t\t<\/div>\n\t\t\t\t<\/div>\n\t\t<div class=\"elementor-element elementor-element-5c7a51d e-flex e-con-boxed e-con e-parent\" data-id=\"5c7a51d\" data-element_type=\"container\" data-e-type=\"container\">\n\t\t\t\t\t<div class=\"e-con-inner\">\n\t\t\t\t<div class=\"elementor-element elementor-element-e7b9fe9 elementor-widget elementor-widget-heading\" data-id=\"e7b9fe9\" data-element_type=\"widget\" data-e-type=\"widget\" data-widget_type=\"heading.default\">\n\t\t\t\t<div class=\"elementor-widget-container\">\n\t\t\t\t\t<h6 class=\"elementor-heading-title elementor-size-default\">Koostaja\/Compiled by: Martin Jaigma<\/h6>\t\t\t\t<\/div>\n\t\t\t\t<\/div>\n\t\t\t\t\t<\/div>\n\t\t\t\t<\/div>\n\t\t<div class=\"elementor-element elementor-element-1236c647 e-flex e-con-boxed e-con e-parent\" data-id=\"1236c647\" data-element_type=\"container\" data-e-type=\"container\">\n\t\t\t\t\t<div class=\"e-con-inner\">\n\t\t\t\t<div class=\"elementor-element elementor-element-92c38fc elementor-widget elementor-widget-menu-anchor\" data-id=\"92c38fc\" data-element_type=\"widget\" data-e-type=\"widget\" data-widget_type=\"menu-anchor.default\">\n\t\t\t\t<div class=\"elementor-widget-container\">\n\t\t\t\t\t\t\t<div class=\"elementor-menu-anchor\" id=\"Tartu\"><\/div>\n\t\t\t\t\t\t<\/div>\n\t\t\t\t<\/div>\n\t\t\t\t<div class=\"elementor-element elementor-element-a04889d elementor-invisible elementor-widget elementor-widget-text-editor\" data-id=\"a04889d\" data-element_type=\"widget\" data-e-type=\"widget\" data-settings=\"{&quot;_animation&quot;:&quot;slideInLeft&quot;}\" data-widget_type=\"text-editor.default\">\n\t\t\t\t<div class=\"elementor-widget-container\">\n\t\t\t\t\t\t\t\t\t<p style=\"text-align: justify;\"><span style=\"color: #397c99;\"><strong>Augusti keskpaigas 1944 j\u00f5udis s\u00f5ja\u00e4revus, mida toitsid kulutulena levivad kuulujutud, taas Tartusse. Paljudel juhtudel t\u00e4hendas see v\u00e4hem v\u00f5i rohkem keerulist pagemisteed p\u00f5hja- v\u00f5i l\u00e4\u00e4nerannikule. \u00dchtset skeemi ei olnud \u2013 kas p\u00f5geneti, oldi mobiliseeritud t\u00f6\u00f6- v\u00f5i v\u00e4eteenistusse, evakueeritud v\u00f5i r\u00e4nnati v\u00e4lja mingil muul p\u00f5hjusel. Tartus toonaste s\u00fcndmuste tunnistaja literaat Jaan Roos kirjeldab, kuidas kord registreeriti lapsi ja naisi s\u00f5iduks l\u00e4bi Paldiski Soome, mis osutus t\u00fchjaks lubaduseks, kord k\u00f5las k\u00e4sk evakueerida linna Emaj\u00f5e l\u00f5unapoolne k\u00fclg, kord kahe tunni jooksul kogu linn, kusjuures k\u00e4su eirajad lubati maha lasta, samuti \u00f5hku lasta linna suurimad hooned. Samal ajal manitses N\u00f5ukogude propagandaraadio inimesi linnast mitte lahkuma \u2026<\/strong><\/span><\/p>\t\t\t\t\t\t\t\t<\/div>\n\t\t\t\t<\/div>\n\t\t\t\t\t<\/div>\n\t\t\t\t<\/div>\n\t\t<div class=\"elementor-element elementor-element-706f54c e-flex e-con-boxed e-con e-parent\" data-id=\"706f54c\" data-element_type=\"container\" data-e-type=\"container\">\n\t\t\t\t\t<div class=\"e-con-inner\">\n\t\t\t\t<div class=\"elementor-element elementor-element-63ff9f85 elementor-invisible elementor-widget elementor-widget-text-editor\" data-id=\"63ff9f85\" data-element_type=\"widget\" data-e-type=\"widget\" data-settings=\"{&quot;_animation&quot;:&quot;slideInRight&quot;}\" data-widget_type=\"text-editor.default\">\n\t\t\t\t<div class=\"elementor-widget-container\">\n\t\t\t\t\t\t\t\t\t<p style=\"text-align: justify;\"><span style=\"color: #a3bccd;\">War anxiety fed by rumours that spread like wildfire reached Tartu again in mid-August of 1944. In many cases, that meant a more or less difficult exodus route to the northern or western coast. There was no single approach \u2013 people fled, were mobilised into labour service or military service, were evacuated, or emigrated for some other reason. The man of letters Jaan Roos witnessed the events of that time in Tartu. He describes how children and women were once registered to be taken via Paldiski to Finland, which proved to be an empty promise. On another occasion, the order was issued to evacuate the side of the city on the southern bank of the Emaj\u00f5gi River, while another order stated that the entire city had to be evacuated within two hours, whereas people who disobeyed the order were to be shot, and the city\u2019s largest buildings were to be blown up. At the same time, Soviet propaganda radio urged people not to leave the city\u2026<\/span><\/p>\t\t\t\t\t\t\t\t<\/div>\n\t\t\t\t<\/div>\n\t\t\t\t\t<\/div>\n\t\t\t\t<\/div>\n\t\t<div class=\"elementor-element elementor-element-8cbc885 e-flex e-con-boxed e-con e-parent\" data-id=\"8cbc885\" data-element_type=\"container\" data-e-type=\"container\" data-settings=\"{&quot;background_background&quot;:&quot;gradient&quot;}\">\n\t\t\t\t\t<div class=\"e-con-inner\">\n\t\t<div class=\"elementor-element elementor-element-1ecc78c e-con-full e-flex e-con e-child\" data-id=\"1ecc78c\" data-element_type=\"container\" data-e-type=\"container\">\n\t\t\t\t<div class=\"elementor-element elementor-element-a91cdff elementor-invisible elementor-widget elementor-widget-image\" data-id=\"a91cdff\" data-element_type=\"widget\" data-e-type=\"widget\" data-settings=\"{&quot;_animation&quot;:&quot;fadeInRight&quot;}\" data-widget_type=\"image.default\">\n\t\t\t\t<div class=\"elementor-widget-container\">\n\t\t\t\t\t\t\t\t\t\t\t\t\t\t\t\t<a href=\"https:\/\/2024.wwii-refugees.ee\/wp-content\/uploads\/2024\/12\/33.png\" data-elementor-open-lightbox=\"yes\" data-elementor-lightbox-title=\"33\" data-e-action-hash=\"#elementor-action%3Aaction%3Dlightbox%26settings%3DeyJpZCI6MTAxOCwidXJsIjoiaHR0cHM6XC9cLzIwMjQud3dpaS1yZWZ1Z2Vlcy5lZVwvd3AtY29udGVudFwvdXBsb2Fkc1wvMjAyNFwvMTJcLzMzLnBuZyJ9\">\n\t\t\t\t\t\t\t<img loading=\"lazy\" decoding=\"async\" width=\"1930\" height=\"1284\" src=\"https:\/\/2024.wwii-refugees.ee\/wp-content\/uploads\/2024\/12\/33.png\" class=\"attachment-full size-full wp-image-1018\" alt=\"\" srcset=\"https:\/\/2024.wwii-refugees.ee\/wp-content\/uploads\/2024\/12\/33.png 1930w, https:\/\/2024.wwii-refugees.ee\/wp-content\/uploads\/2024\/12\/33-300x200.png 300w, https:\/\/2024.wwii-refugees.ee\/wp-content\/uploads\/2024\/12\/33-1024x681.png 1024w, https:\/\/2024.wwii-refugees.ee\/wp-content\/uploads\/2024\/12\/33-768x511.png 768w, https:\/\/2024.wwii-refugees.ee\/wp-content\/uploads\/2024\/12\/33-1536x1022.png 1536w\" sizes=\"(max-width: 1930px) 100vw, 1930px\" \/>\t\t\t\t\t\t\t\t<\/a>\n\t\t\t\t\t\t\t\t\t\t\t\t\t\t\t<\/div>\n\t\t\t\t<\/div>\n\t\t\t\t<\/div>\n\t\t<div class=\"elementor-element elementor-element-68555f3 e-con-full e-flex e-con e-child\" data-id=\"68555f3\" data-element_type=\"container\" data-e-type=\"container\">\n\t\t<div class=\"elementor-element elementor-element-d1ebd2a e-con-full e-flex e-con e-child\" data-id=\"d1ebd2a\" data-element_type=\"container\" data-e-type=\"container\" data-settings=\"{&quot;background_background&quot;:&quot;gradient&quot;}\">\n\t\t\t\t<div class=\"elementor-element elementor-element-459d5a3 elementor-invisible elementor-widget elementor-widget-text-editor\" data-id=\"459d5a3\" data-element_type=\"widget\" data-e-type=\"widget\" data-settings=\"{&quot;_animation&quot;:&quot;fadeInLeft&quot;}\" data-widget_type=\"text-editor.default\">\n\t\t\t\t<div class=\"elementor-widget-container\">\n\t\t\t\t\t\t\t\t\t<p style=\"text-align: justify;\"><strong>Tartu jaama p\u00f5genejaist tulvil perroon augustis 1944.<\/strong><\/p><p style=\"text-align: justify;\">Passenger platform at Tartu railway station crowded with refugees, August 1944.<\/p><p style=\"text-align: right;\"><strong>Illustratsioon \/ illustration: erakogu, <\/strong><\/p><p style=\"text-align: right;\"><strong>autor \/ author: E. Soovere<\/strong><\/p>\t\t\t\t\t\t\t\t<\/div>\n\t\t\t\t<\/div>\n\t\t\t\t<\/div>\n\t\t\t\t<\/div>\n\t\t\t\t\t<\/div>\n\t\t\t\t<\/div>\n\t\t<div class=\"elementor-element elementor-element-84dbf91 e-flex e-con-boxed e-con e-parent\" data-id=\"84dbf91\" data-element_type=\"container\" data-e-type=\"container\">\n\t\t\t\t\t<div class=\"e-con-inner\">\n\t\t\t\t<div class=\"elementor-element elementor-element-3942b24 elementor-invisible elementor-widget elementor-widget-text-editor\" data-id=\"3942b24\" data-element_type=\"widget\" data-e-type=\"widget\" data-settings=\"{&quot;_animation&quot;:&quot;slideInLeft&quot;}\" data-widget_type=\"text-editor.default\">\n\t\t\t\t<div class=\"elementor-widget-container\">\n\t\t\t\t\t\t\t\t\t<p style=\"text-align: justify;\"><span style=\"color: #397c99;\"><strong>Punaarmee vallutas Tartu 25. augustil 1944. Selleks ajaks oli linnaelanikkond suures osas juba evakueerunud. Lahkunud olid linnav\u00f5imu ametkonnad, aga ka muud Tartu s\u00fcmbolid, n\u00e4iteks ajaleht \u201ePostimees\u201c, mille 25. augusti number andis teada, et \u201eBol\u0161evistliku vaenlase roimarlik katse vallutada meie v\u00e4ikest Eestit on sundinud ka \u201ePostimeest\u201c ajutiselt siirduma p\u00f5lisest asukohast Tartu linnast Viljandi linna.\u201c \u00dclikooli rektoraat lahkus Tartust 24. augustil, ametlikult l\u00f5petas Tallinnasse suundunud rektor Edgar Kant \u00fclikooli tegevuse 18. septembril.<\/strong><\/span><\/p>\t\t\t\t\t\t\t\t<\/div>\n\t\t\t\t<\/div>\n\t\t\t\t\t<\/div>\n\t\t\t\t<\/div>\n\t\t<div class=\"elementor-element elementor-element-c7a873d e-flex e-con-boxed e-con e-parent\" data-id=\"c7a873d\" data-element_type=\"container\" data-e-type=\"container\">\n\t\t\t\t\t<div class=\"e-con-inner\">\n\t\t\t\t<div class=\"elementor-element elementor-element-2146458 elementor-invisible elementor-widget elementor-widget-text-editor\" data-id=\"2146458\" data-element_type=\"widget\" data-e-type=\"widget\" data-settings=\"{&quot;_animation&quot;:&quot;slideInRight&quot;}\" data-widget_type=\"text-editor.default\">\n\t\t\t\t<div class=\"elementor-widget-container\">\n\t\t\t\t\t\t\t\t\t<p style=\"text-align: justify;\"><span style=\"color: #a3bccd;\">The Red Army captured Tartu on 25 August 1944. By that time, city residents had largely already been evacuated. The agencies of the municipal authorities had also left along with other symbols of Tartu, such as the Postimees newspaper. Its edition of 25 August announced that \u2018the bolshevist enemy\u2019s criminal attempt to capture our little Estonia has forced the Postimees to also move temporarily from its native location in the city of Tartu to the city of Viljandi\u2019. The rector\u2019s office of the university left Tartu on 24 August. Rector Edgar Kant went to Tallinn and officially terminated the activity of the university on 18 September.<\/span><\/p>\t\t\t\t\t\t\t\t<\/div>\n\t\t\t\t<\/div>\n\t\t\t\t\t<\/div>\n\t\t\t\t<\/div>\n\t\t<div class=\"elementor-element elementor-element-805141b e-flex e-con-boxed e-con e-parent\" data-id=\"805141b\" data-element_type=\"container\" data-e-type=\"container\">\n\t\t\t\t\t<div class=\"e-con-inner\">\n\t\t<div class=\"elementor-element elementor-element-5f2e587 e-con-full e-flex e-con e-child\" data-id=\"5f2e587\" data-element_type=\"container\" data-e-type=\"container\">\n\t\t\t\t<div class=\"elementor-element elementor-element-c9dd611 elementor-invisible elementor-widget elementor-widget-text-editor\" data-id=\"c9dd611\" data-element_type=\"widget\" data-e-type=\"widget\" data-settings=\"{&quot;_animation&quot;:&quot;fadeInRight&quot;}\" data-widget_type=\"text-editor.default\">\n\t\t\t\t<div class=\"elementor-widget-container\">\n\t\t\t\t\t\t\t\t\t<p style=\"text-align: justify;\"><strong><span style=\"color: #397c99;\">P\u00f5genikevoorid teel J\u00f5gevale augustis 1944.<\/span><\/strong><\/p><p style=\"text-align: justify;\"><span style=\"color: #a3bccd;\">Refugees on their way to J\u00f5geva, August 1944.<br \/><br \/><\/span><\/p><p style=\"text-align: right;\"><span style=\"color: #397c99;\"><strong>Illustratsioon \/ illustration: erakogu, <\/strong><\/span><\/p><p style=\"text-align: right;\"><span style=\"color: #397c99;\"><strong>autor \/ author: E. Soovere<\/strong><\/span><\/p><p style=\"text-align: right;\"><span style=\"color: #397c99;\"><strong>\u00a0<\/strong><\/span><\/p>\t\t\t\t\t\t\t\t<\/div>\n\t\t\t\t<\/div>\n\t\t\t\t<\/div>\n\t\t<div class=\"elementor-element elementor-element-a35cdb1 e-con-full e-flex e-con e-child\" data-id=\"a35cdb1\" data-element_type=\"container\" data-e-type=\"container\">\n\t\t\t\t<div class=\"elementor-element elementor-element-4b8f0cc elementor-invisible elementor-widget elementor-widget-image\" data-id=\"4b8f0cc\" data-element_type=\"widget\" data-e-type=\"widget\" data-settings=\"{&quot;_animation&quot;:&quot;fadeInLeft&quot;}\" data-widget_type=\"image.default\">\n\t\t\t\t<div class=\"elementor-widget-container\">\n\t\t\t\t\t\t\t\t\t\t\t\t\t\t\t\t<a href=\"https:\/\/2024.wwii-refugees.ee\/wp-content\/uploads\/2024\/12\/34.png\" data-elementor-open-lightbox=\"yes\" data-elementor-lightbox-title=\"34\" data-e-action-hash=\"#elementor-action%3Aaction%3Dlightbox%26settings%3DeyJpZCI6MTAyNiwidXJsIjoiaHR0cHM6XC9cLzIwMjQud3dpaS1yZWZ1Z2Vlcy5lZVwvd3AtY29udGVudFwvdXBsb2Fkc1wvMjAyNFwvMTJcLzM0LnBuZyJ9\">\n\t\t\t\t\t\t\t<img loading=\"lazy\" decoding=\"async\" width=\"1024\" height=\"662\" src=\"https:\/\/2024.wwii-refugees.ee\/wp-content\/uploads\/2024\/12\/34-1024x662.png\" class=\"attachment-large size-large wp-image-1026\" alt=\"\" srcset=\"https:\/\/2024.wwii-refugees.ee\/wp-content\/uploads\/2024\/12\/34-1024x662.png 1024w, https:\/\/2024.wwii-refugees.ee\/wp-content\/uploads\/2024\/12\/34-300x194.png 300w, https:\/\/2024.wwii-refugees.ee\/wp-content\/uploads\/2024\/12\/34-768x496.png 768w, https:\/\/2024.wwii-refugees.ee\/wp-content\/uploads\/2024\/12\/34-1536x993.png 1536w, https:\/\/2024.wwii-refugees.ee\/wp-content\/uploads\/2024\/12\/34.png 1860w\" sizes=\"(max-width: 1024px) 100vw, 1024px\" \/>\t\t\t\t\t\t\t\t<\/a>\n\t\t\t\t\t\t\t\t\t\t\t\t\t\t\t<\/div>\n\t\t\t\t<\/div>\n\t\t\t\t<\/div>\n\t\t\t\t\t<\/div>\n\t\t\t\t<\/div>\n\t\t<div class=\"elementor-element elementor-element-ed78242 e-flex e-con-boxed e-con e-parent\" data-id=\"ed78242\" data-element_type=\"container\" data-e-type=\"container\" data-settings=\"{&quot;background_background&quot;:&quot;gradient&quot;}\">\n\t\t\t\t\t<div class=\"e-con-inner\">\n\t\t<div class=\"elementor-element elementor-element-1365da4 e-con-full e-flex e-con e-child\" data-id=\"1365da4\" data-element_type=\"container\" data-e-type=\"container\">\n\t\t\t\t<div class=\"elementor-element elementor-element-56f372d elementor-invisible elementor-widget elementor-widget-image\" data-id=\"56f372d\" data-element_type=\"widget\" data-e-type=\"widget\" data-settings=\"{&quot;_animation&quot;:&quot;fadeInRight&quot;}\" data-widget_type=\"image.default\">\n\t\t\t\t<div class=\"elementor-widget-container\">\n\t\t\t\t\t\t\t\t\t\t\t\t\t\t\t\t<a href=\"https:\/\/2024.wwii-refugees.ee\/wp-content\/uploads\/2024\/12\/35.png\" data-elementor-open-lightbox=\"yes\" data-elementor-lightbox-title=\"35\" data-e-action-hash=\"#elementor-action%3Aaction%3Dlightbox%26settings%3DeyJpZCI6MTAyNywidXJsIjoiaHR0cHM6XC9cLzIwMjQud3dpaS1yZWZ1Z2Vlcy5lZVwvd3AtY29udGVudFwvdXBsb2Fkc1wvMjAyNFwvMTJcLzM1LnBuZyJ9\">\n\t\t\t\t\t\t\t<img loading=\"lazy\" decoding=\"async\" width=\"2196\" height=\"1582\" src=\"https:\/\/2024.wwii-refugees.ee\/wp-content\/uploads\/2024\/12\/35.png\" class=\"attachment-full size-full wp-image-1027\" alt=\"\" srcset=\"https:\/\/2024.wwii-refugees.ee\/wp-content\/uploads\/2024\/12\/35.png 2196w, https:\/\/2024.wwii-refugees.ee\/wp-content\/uploads\/2024\/12\/35-300x216.png 300w, https:\/\/2024.wwii-refugees.ee\/wp-content\/uploads\/2024\/12\/35-1024x738.png 1024w, https:\/\/2024.wwii-refugees.ee\/wp-content\/uploads\/2024\/12\/35-768x553.png 768w, https:\/\/2024.wwii-refugees.ee\/wp-content\/uploads\/2024\/12\/35-1536x1107.png 1536w, https:\/\/2024.wwii-refugees.ee\/wp-content\/uploads\/2024\/12\/35-2048x1475.png 2048w\" sizes=\"(max-width: 2196px) 100vw, 2196px\" \/>\t\t\t\t\t\t\t\t<\/a>\n\t\t\t\t\t\t\t\t\t\t\t\t\t\t\t<\/div>\n\t\t\t\t<\/div>\n\t\t\t\t<\/div>\n\t\t<div class=\"elementor-element elementor-element-051a2ee e-con-full e-flex e-con e-child\" data-id=\"051a2ee\" data-element_type=\"container\" data-e-type=\"container\">\n\t\t<div class=\"elementor-element elementor-element-1bca6e2 e-con-full e-flex e-con e-child\" data-id=\"1bca6e2\" data-element_type=\"container\" data-e-type=\"container\" data-settings=\"{&quot;background_background&quot;:&quot;gradient&quot;}\">\n\t\t\t\t<div class=\"elementor-element elementor-element-9d57247 elementor-invisible elementor-widget elementor-widget-text-editor\" data-id=\"9d57247\" data-element_type=\"widget\" data-e-type=\"widget\" data-settings=\"{&quot;_animation&quot;:&quot;fadeInLeft&quot;}\" data-widget_type=\"text-editor.default\">\n\t\t\t\t<div class=\"elementor-widget-container\">\n\t\t\t\t\t\t\t\t\t<p><strong>Tartu langes Punaarmee k\u00e4tte 25. augustil 1944.<\/strong><\/p><p>The Red Army captured Tartu on 25 August 1944.<\/p><p style=\"text-align: right;\"><strong>Illustratsioon \/ illustration: Ra<br \/><\/strong><\/p>\t\t\t\t\t\t\t\t<\/div>\n\t\t\t\t<\/div>\n\t\t\t\t<\/div>\n\t\t\t\t<\/div>\n\t\t\t\t\t<\/div>\n\t\t\t\t<\/div>\n\t\t<div class=\"elementor-element elementor-element-6a59a32c e-flex e-con-boxed e-con e-parent\" data-id=\"6a59a32c\" data-element_type=\"container\" data-e-type=\"container\">\n\t\t\t\t\t<div class=\"e-con-inner\">\n\t\t<div class=\"elementor-element elementor-element-2bdc20c3 e-con-full e-flex e-con e-child\" data-id=\"2bdc20c3\" data-element_type=\"container\" data-e-type=\"container\">\n\t\t\t\t<div class=\"elementor-element elementor-element-242a677f elementor-invisible elementor-widget elementor-widget-text-editor\" data-id=\"242a677f\" data-element_type=\"widget\" data-e-type=\"widget\" data-settings=\"{&quot;_animation&quot;:&quot;fadeInRight&quot;}\" data-widget_type=\"text-editor.default\">\n\t\t\t\t<div class=\"elementor-widget-container\">\n\t\t\t\t\t\t\t\t\t<p style=\"text-align: justify;\"><strong><span style=\"color: #397c99;\">Teatri Vanemuine orkestri dirigent Eduard Tubin (paremal) katmas teatri fassaadi \u00f5hur\u00fcnnakute kartuses kamuflaa\u017e v\u00e4rviga mais 1944.<\/span><\/strong><\/p><p style=\"text-align: justify;\"><span style=\"color: #a3bccd;\">Eduard Tubin (on the right), conductor of the Vanemuine Theatre Orchestra, covering the theatre facade with camouflage paint in fear of air raids in May 1944.<\/span><\/p><p style=\"text-align: right;\"><span style=\"color: #397c99;\"><strong>Illustratsioon \/ illustration: RA <\/strong><\/span><\/p><p style=\"text-align: right;\"><span style=\"color: #397c99;\"><strong>\u00a0<\/strong><\/span><\/p>\t\t\t\t\t\t\t\t<\/div>\n\t\t\t\t<\/div>\n\t\t\t\t<\/div>\n\t\t<div class=\"elementor-element elementor-element-659095da e-con-full e-flex e-con e-child\" data-id=\"659095da\" data-element_type=\"container\" data-e-type=\"container\">\n\t\t\t\t<div class=\"elementor-element elementor-element-6cedcf79 elementor-invisible elementor-widget elementor-widget-image\" data-id=\"6cedcf79\" data-element_type=\"widget\" data-e-type=\"widget\" data-settings=\"{&quot;_animation&quot;:&quot;fadeInLeft&quot;}\" data-widget_type=\"image.default\">\n\t\t\t\t<div class=\"elementor-widget-container\">\n\t\t\t\t\t\t\t\t\t\t\t\t\t\t\t\t<a href=\"https:\/\/2024.wwii-refugees.ee\/wp-content\/uploads\/2024\/12\/36.png\" data-elementor-open-lightbox=\"yes\" data-elementor-lightbox-title=\"36\" data-e-action-hash=\"#elementor-action%3Aaction%3Dlightbox%26settings%3DeyJpZCI6MTAyOCwidXJsIjoiaHR0cHM6XC9cLzIwMjQud3dpaS1yZWZ1Z2Vlcy5lZVwvd3AtY29udGVudFwvdXBsb2Fkc1wvMjAyNFwvMTJcLzM2LnBuZyJ9\">\n\t\t\t\t\t\t\t<img loading=\"lazy\" decoding=\"async\" width=\"785\" height=\"1024\" src=\"https:\/\/2024.wwii-refugees.ee\/wp-content\/uploads\/2024\/12\/36-785x1024.png\" class=\"attachment-large size-large wp-image-1028\" alt=\"\" srcset=\"https:\/\/2024.wwii-refugees.ee\/wp-content\/uploads\/2024\/12\/36-785x1024.png 785w, https:\/\/2024.wwii-refugees.ee\/wp-content\/uploads\/2024\/12\/36-230x300.png 230w, https:\/\/2024.wwii-refugees.ee\/wp-content\/uploads\/2024\/12\/36-768x1001.png 768w, https:\/\/2024.wwii-refugees.ee\/wp-content\/uploads\/2024\/12\/36-1178x1536.png 1178w, https:\/\/2024.wwii-refugees.ee\/wp-content\/uploads\/2024\/12\/36.png 1396w\" sizes=\"(max-width: 785px) 100vw, 785px\" \/>\t\t\t\t\t\t\t\t<\/a>\n\t\t\t\t\t\t\t\t\t\t\t\t\t\t\t<\/div>\n\t\t\t\t<\/div>\n\t\t\t\t<\/div>\n\t\t\t\t\t<\/div>\n\t\t\t\t<\/div>\n\t\t<div class=\"elementor-element elementor-element-d63df7a e-flex e-con-boxed e-con e-parent\" data-id=\"d63df7a\" data-element_type=\"container\" data-e-type=\"container\" data-settings=\"{&quot;background_background&quot;:&quot;gradient&quot;}\">\n\t\t\t\t\t<div class=\"e-con-inner\">\n\t\t<div class=\"elementor-element elementor-element-f05b61d e-con-full e-flex e-con e-child\" data-id=\"f05b61d\" data-element_type=\"container\" data-e-type=\"container\">\n\t\t\t\t<div class=\"elementor-element elementor-element-ebe4f5a elementor-invisible elementor-widget elementor-widget-image\" data-id=\"ebe4f5a\" data-element_type=\"widget\" data-e-type=\"widget\" data-settings=\"{&quot;_animation&quot;:&quot;fadeInRight&quot;}\" data-widget_type=\"image.default\">\n\t\t\t\t<div class=\"elementor-widget-container\">\n\t\t\t\t\t\t\t\t\t\t\t\t\t\t\t\t<a href=\"https:\/\/2024.wwii-refugees.ee\/wp-content\/uploads\/2024\/12\/37.png\" data-elementor-open-lightbox=\"yes\" data-elementor-lightbox-title=\"37\" data-e-action-hash=\"#elementor-action%3Aaction%3Dlightbox%26settings%3DeyJpZCI6MTAzMCwidXJsIjoiaHR0cHM6XC9cLzIwMjQud3dpaS1yZWZ1Z2Vlcy5lZVwvd3AtY29udGVudFwvdXBsb2Fkc1wvMjAyNFwvMTJcLzM3LnBuZyJ9\">\n\t\t\t\t\t\t\t<img loading=\"lazy\" decoding=\"async\" width=\"2168\" height=\"1412\" src=\"https:\/\/2024.wwii-refugees.ee\/wp-content\/uploads\/2024\/12\/37.png\" class=\"attachment-full size-full wp-image-1030\" alt=\"\" srcset=\"https:\/\/2024.wwii-refugees.ee\/wp-content\/uploads\/2024\/12\/37.png 2168w, https:\/\/2024.wwii-refugees.ee\/wp-content\/uploads\/2024\/12\/37-300x195.png 300w, https:\/\/2024.wwii-refugees.ee\/wp-content\/uploads\/2024\/12\/37-1024x667.png 1024w, https:\/\/2024.wwii-refugees.ee\/wp-content\/uploads\/2024\/12\/37-768x500.png 768w, https:\/\/2024.wwii-refugees.ee\/wp-content\/uploads\/2024\/12\/37-1536x1000.png 1536w, https:\/\/2024.wwii-refugees.ee\/wp-content\/uploads\/2024\/12\/37-2048x1334.png 2048w\" sizes=\"(max-width: 2168px) 100vw, 2168px\" \/>\t\t\t\t\t\t\t\t<\/a>\n\t\t\t\t\t\t\t\t\t\t\t\t\t\t\t<\/div>\n\t\t\t\t<\/div>\n\t\t\t\t<\/div>\n\t\t<div class=\"elementor-element elementor-element-ec88cda e-con-full e-flex e-con e-child\" data-id=\"ec88cda\" data-element_type=\"container\" data-e-type=\"container\">\n\t\t<div class=\"elementor-element elementor-element-e711cb9 e-con-full e-flex e-con e-child\" data-id=\"e711cb9\" data-element_type=\"container\" data-e-type=\"container\" data-settings=\"{&quot;background_background&quot;:&quot;gradient&quot;}\">\n\t\t\t\t<div class=\"elementor-element elementor-element-d48d4ec elementor-invisible elementor-widget elementor-widget-text-editor\" data-id=\"d48d4ec\" data-element_type=\"widget\" data-e-type=\"widget\" data-settings=\"{&quot;_animation&quot;:&quot;fadeInLeft&quot;}\" data-widget_type=\"text-editor.default\">\n\t\t\t\t<div class=\"elementor-widget-container\">\n\t\t\t\t\t\t\t\t\t<p style=\"text-align: justify;\"><strong>S\u00f5jas purustatud Tartu \u00fclikooli peahoone oktoobris 1944.<\/strong><\/p><p style=\"text-align: justify;\">The main building of the University of Tartu damaged in the war, October 1944.<\/p><p style=\"text-align: right;\"><strong>Illustratsioon \/ illustration: RA<br \/><\/strong><\/p>\t\t\t\t\t\t\t\t<\/div>\n\t\t\t\t<\/div>\n\t\t\t\t<\/div>\n\t\t\t\t<\/div>\n\t\t\t\t\t<\/div>\n\t\t\t\t<\/div>\n\t\t<div class=\"elementor-element elementor-element-54cf15a5 e-flex e-con-boxed e-con e-parent\" data-id=\"54cf15a5\" data-element_type=\"container\" data-e-type=\"container\">\n\t\t\t\t\t<div class=\"e-con-inner\">\n\t\t\t\t<div class=\"elementor-element elementor-element-153e2b33 elementor-invisible elementor-widget elementor-widget-text-editor\" data-id=\"153e2b33\" data-element_type=\"widget\" data-e-type=\"widget\" data-settings=\"{&quot;_animation&quot;:&quot;slideInLeft&quot;}\" data-widget_type=\"text-editor.default\">\n\t\t\t\t<div class=\"elementor-widget-container\">\n\t\t\t\t\t\t\t\t\t<p style=\"text-align: justify;\"><span style=\"color: #397c99;\"><strong>1941. a s\u00f5jasuvi oli Tartu \u00fclikooli suhteliselt kergelt riivanud, enamik \u00fclikooli hallatavast 172 hoonest oli alles. Isegi peahoone oli imetabasel kombel m\u00fcrsutabamustest puutumata, ehkki kaks n\u00e4dalat rindelinnaks olemist oli suure osa linnas\u00fcdamikust varemeteks muutnud. \u00dclikooli \u00f5ppet\u00f6\u00f6 oli seoses \u00fcldmobilisatsiooniga katkenud juba 1944. a m\u00e4rtsis ning sama kuu l\u00f5pus langes linn Punaarmee massiivse \u00f5hur\u00fcnnaku ohvriks. See andis paljudele t\u00f5uke linnast lahkuda ning otsida pidepunkti mujal Eestis. Juba kevadel oli alanud ka Tartu \u00fclikooli varade ning t\u00f6\u00f6tajate p\u00e4\u00e4stmine, mille eestvedajaks sai kunstiajaloo professor Armin Tuulse, hiljem etnograaf Gustav R\u00e4nk.<\/strong><\/span><\/p>\t\t\t\t\t\t\t\t<\/div>\n\t\t\t\t<\/div>\n\t\t\t\t\t<\/div>\n\t\t\t\t<\/div>\n\t\t<div class=\"elementor-element elementor-element-586d73e e-flex e-con-boxed e-con e-parent\" data-id=\"586d73e\" data-element_type=\"container\" data-e-type=\"container\">\n\t\t\t\t\t<div class=\"e-con-inner\">\n\t\t\t\t<div class=\"elementor-element elementor-element-50199f63 elementor-invisible elementor-widget elementor-widget-text-editor\" data-id=\"50199f63\" data-element_type=\"widget\" data-e-type=\"widget\" data-settings=\"{&quot;_animation&quot;:&quot;slideInRight&quot;}\" data-widget_type=\"text-editor.default\">\n\t\t\t\t<div class=\"elementor-widget-container\">\n\t\t\t\t\t\t\t\t\t<p style=\"text-align: justify;\"><span style=\"color: #a3bccd;\">The war in the summer of 1941 had affected the University of Tartu relatively little. Most of the 172 buildings administered by the university survived. Even its main building was miraculously spared from artillery strikes regardless of the fact that two weeks as a front-line city had reduced a sizable part of the city centre to ruins. Teaching had already ceased at the university in connection with the general mobilisation in March of 1944. The city suffered a massive Red Army bombing raid at the end of that same month. That provided the impetus for many to leave the city and seek shelter elsewhere in Estonia. The rescue of the property and employees of the University of Tartu had also already begun in the spring. Professor of Art History Armin Tuulse led those efforts, followed later by the ethnographer Gustav R\u00e4nk.<\/span><\/p>\t\t\t\t\t\t\t\t<\/div>\n\t\t\t\t<\/div>\n\t\t\t\t\t<\/div>\n\t\t\t\t<\/div>\n\t\t<div class=\"elementor-element elementor-element-114370fa e-flex e-con-boxed e-con e-parent\" data-id=\"114370fa\" data-element_type=\"container\" data-e-type=\"container\">\n\t\t\t\t\t<div class=\"e-con-inner\">\n\t\t<div class=\"elementor-element elementor-element-5b2012cc e-con-full e-flex e-con e-child\" data-id=\"5b2012cc\" data-element_type=\"container\" data-e-type=\"container\">\n\t\t\t\t<div class=\"elementor-element elementor-element-62aad315 elementor-invisible elementor-widget elementor-widget-text-editor\" data-id=\"62aad315\" data-element_type=\"widget\" data-e-type=\"widget\" data-settings=\"{&quot;_animation&quot;:&quot;fadeInRight&quot;}\" data-widget_type=\"text-editor.default\">\n\t\t\t\t<div class=\"elementor-widget-container\">\n\t\t\t\t\t\t\t\t\t<p style=\"text-align: justify;\"><strong><span style=\"color: #397c99;\">Professor Armin Tuulse koos poja Taneliga kodus Tartus Jakobsoni t\u00e4naval, 1943\u20131944.<\/span><\/strong><\/p><p style=\"text-align: justify;\"><span style=\"color: #a3bccd;\">Professor Armin Tuulse together with his son Tanel at home in Tartu on Jakobson Street, 1943\u20131944.<\/span><\/p><p style=\"text-align: right;\"><span style=\"color: #397c99;\"><strong>Illustratsioon \/ illustration: RA <\/strong><\/span><\/p><p style=\"text-align: right;\"><span style=\"color: #397c99;\"><strong>\u00a0<\/strong><\/span><\/p>\t\t\t\t\t\t\t\t<\/div>\n\t\t\t\t<\/div>\n\t\t\t\t<\/div>\n\t\t<div class=\"elementor-element elementor-element-4533786a e-con-full e-flex e-con e-child\" data-id=\"4533786a\" data-element_type=\"container\" data-e-type=\"container\">\n\t\t\t\t<div class=\"elementor-element elementor-element-19d7532d elementor-invisible elementor-widget elementor-widget-image\" data-id=\"19d7532d\" data-element_type=\"widget\" data-e-type=\"widget\" data-settings=\"{&quot;_animation&quot;:&quot;fadeInLeft&quot;}\" data-widget_type=\"image.default\">\n\t\t\t\t<div class=\"elementor-widget-container\">\n\t\t\t\t\t\t\t\t\t\t\t\t\t\t\t\t<a href=\"https:\/\/2024.wwii-refugees.ee\/wp-content\/uploads\/2024\/12\/38.png\" data-elementor-open-lightbox=\"yes\" data-elementor-lightbox-title=\"38\" data-e-action-hash=\"#elementor-action%3Aaction%3Dlightbox%26settings%3DeyJpZCI6MTAzMSwidXJsIjoiaHR0cHM6XC9cLzIwMjQud3dpaS1yZWZ1Z2Vlcy5lZVwvd3AtY29udGVudFwvdXBsb2Fkc1wvMjAyNFwvMTJcLzM4LnBuZyJ9\">\n\t\t\t\t\t\t\t<img loading=\"lazy\" decoding=\"async\" width=\"1024\" height=\"761\" src=\"https:\/\/2024.wwii-refugees.ee\/wp-content\/uploads\/2024\/12\/38-1024x761.png\" class=\"attachment-large size-large wp-image-1031\" alt=\"\" srcset=\"https:\/\/2024.wwii-refugees.ee\/wp-content\/uploads\/2024\/12\/38-1024x761.png 1024w, https:\/\/2024.wwii-refugees.ee\/wp-content\/uploads\/2024\/12\/38-300x223.png 300w, https:\/\/2024.wwii-refugees.ee\/wp-content\/uploads\/2024\/12\/38-768x571.png 768w, https:\/\/2024.wwii-refugees.ee\/wp-content\/uploads\/2024\/12\/38-1536x1142.png 1536w, https:\/\/2024.wwii-refugees.ee\/wp-content\/uploads\/2024\/12\/38.png 1781w\" sizes=\"(max-width: 1024px) 100vw, 1024px\" \/>\t\t\t\t\t\t\t\t<\/a>\n\t\t\t\t\t\t\t\t\t\t\t\t\t\t\t<\/div>\n\t\t\t\t<\/div>\n\t\t\t\t<\/div>\n\t\t\t\t\t<\/div>\n\t\t\t\t<\/div>\n\t\t<div class=\"elementor-element elementor-element-6d66ef1 e-flex e-con-boxed e-con e-parent\" data-id=\"6d66ef1\" data-element_type=\"container\" data-e-type=\"container\">\n\t\t\t\t\t<div class=\"e-con-inner\">\n\t\t\t\t<div class=\"elementor-element elementor-element-cabd2fd elementor-invisible elementor-widget elementor-widget-text-editor\" data-id=\"cabd2fd\" data-element_type=\"widget\" data-e-type=\"widget\" data-settings=\"{&quot;_animation&quot;:&quot;slideInLeft&quot;}\" data-widget_type=\"text-editor.default\">\n\t\t\t\t<div class=\"elementor-widget-container\">\n\t\t\t\t\t\t\t\t\t<p style=\"text-align: justify;\"><span style=\"color: #397c99;\"><strong>\u00d5nneks l\u00e4ks eestlastest ametnikel korda v\u00e4\u00e4rata Saksa v\u00f5imude plaan viia \u00fclikool \u00fcle Warthegausse (t\u00e4nasel Poola alal, keskusega Poznanis) ning hiljem K\u00f6nigsbergi. \u00dclikooli varad ja inimesed hajutati \u00fcle Eesti: Haapsalu\u2013Uuem\u00f5isa, Viljandi- ja P\u00f5hja-Tartumaale, Tallinnasse. Selle k\u00e4igus lahkus Tartust umbes 400 \u00fclikooliga seotud inimest. Septembris, teise N\u00f5ukogude okupatsiooni alguses, oli Tartus v\u00e4idetavalt kohal ainult \u00fcks \u00f5ppej\u00f5ud \u2013 \u00f5igusteaduste professor Elmar Ilus. Alles oktoobris, kui Haapsalust naasis 281 arstiteaduskonna t\u00f6\u00f6tajat, kes polnud Eestist lahkunud, sai m\u00f5elda \u00fclikooli avamise peale. \u00dclikooli t\u00f6\u00f6 taastati 24. oktoobril 1944.<\/strong><\/span><\/p>\t\t\t\t\t\t\t\t<\/div>\n\t\t\t\t<\/div>\n\t\t\t\t\t<\/div>\n\t\t\t\t<\/div>\n\t\t<div class=\"elementor-element elementor-element-2c5a95e e-flex e-con-boxed e-con e-parent\" data-id=\"2c5a95e\" data-element_type=\"container\" data-e-type=\"container\">\n\t\t\t\t\t<div class=\"e-con-inner\">\n\t\t\t\t<div class=\"elementor-element elementor-element-4261f60 elementor-invisible elementor-widget elementor-widget-text-editor\" data-id=\"4261f60\" data-element_type=\"widget\" data-e-type=\"widget\" data-settings=\"{&quot;_animation&quot;:&quot;slideInRight&quot;}\" data-widget_type=\"text-editor.default\">\n\t\t\t\t<div class=\"elementor-widget-container\">\n\t\t\t\t\t\t\t\t\t<p style=\"text-align: justify;\"><span style=\"color: #a3bccd;\">Fortunately, Estonian officials succeeded in averting the plans of the German authorities to transfer the university to Warthegau (in present-day Polish territory with its centre in Poznan) and later to K\u00f6nigsberg. University property and its employees were spread throughout Estonia: to Haapsalu- Uuem\u00f5isa, Viljandi and Northern Tartu counties, and Tallinn. Together with the university, around 400 people associated with the university left Tartu. One lecturer \u2013 the law professor Elmar Ilus \u2013 was reportedly the only one who remained in Tartu in September at the start of the second Soviet occupation. It was not until October, when 281 employees from the Faculty of Medicine, who had not left Estonia, returned from Haapsalu, that the opening of the university could even be considered. The university began operating once again on 24 October 1944.<\/span><\/p>\t\t\t\t\t\t\t\t<\/div>\n\t\t\t\t<\/div>\n\t\t\t\t\t<\/div>\n\t\t\t\t<\/div>\n\t\t<div class=\"elementor-element elementor-element-87f9f03 e-flex e-con-boxed e-con e-parent\" data-id=\"87f9f03\" data-element_type=\"container\" data-e-type=\"container\" data-settings=\"{&quot;background_background&quot;:&quot;gradient&quot;}\">\n\t\t\t\t\t<div class=\"e-con-inner\">\n\t\t<div class=\"elementor-element elementor-element-a9b2c6c e-con-full e-flex e-con e-child\" data-id=\"a9b2c6c\" data-element_type=\"container\" data-e-type=\"container\">\n\t\t\t\t<div class=\"elementor-element elementor-element-57e1130 elementor-invisible elementor-widget elementor-widget-image\" data-id=\"57e1130\" data-element_type=\"widget\" data-e-type=\"widget\" data-settings=\"{&quot;_animation&quot;:&quot;fadeInRight&quot;}\" data-widget_type=\"image.default\">\n\t\t\t\t<div class=\"elementor-widget-container\">\n\t\t\t\t\t\t\t\t\t\t\t\t\t\t\t\t<a href=\"https:\/\/2024.wwii-refugees.ee\/wp-content\/uploads\/2024\/12\/39.png\" data-elementor-open-lightbox=\"yes\" data-elementor-lightbox-title=\"39\" data-e-action-hash=\"#elementor-action%3Aaction%3Dlightbox%26settings%3DeyJpZCI6MTAzMiwidXJsIjoiaHR0cHM6XC9cLzIwMjQud3dpaS1yZWZ1Z2Vlcy5lZVwvd3AtY29udGVudFwvdXBsb2Fkc1wvMjAyNFwvMTJcLzM5LnBuZyJ9\">\n\t\t\t\t\t\t\t<img loading=\"lazy\" decoding=\"async\" width=\"1648\" height=\"1650\" src=\"https:\/\/2024.wwii-refugees.ee\/wp-content\/uploads\/2024\/12\/39.png\" class=\"attachment-full size-full wp-image-1032\" alt=\"\" srcset=\"https:\/\/2024.wwii-refugees.ee\/wp-content\/uploads\/2024\/12\/39.png 1648w, https:\/\/2024.wwii-refugees.ee\/wp-content\/uploads\/2024\/12\/39-300x300.png 300w, https:\/\/2024.wwii-refugees.ee\/wp-content\/uploads\/2024\/12\/39-1024x1024.png 1024w, https:\/\/2024.wwii-refugees.ee\/wp-content\/uploads\/2024\/12\/39-150x150.png 150w, https:\/\/2024.wwii-refugees.ee\/wp-content\/uploads\/2024\/12\/39-768x769.png 768w, https:\/\/2024.wwii-refugees.ee\/wp-content\/uploads\/2024\/12\/39-1534x1536.png 1534w\" sizes=\"(max-width: 1648px) 100vw, 1648px\" \/>\t\t\t\t\t\t\t\t<\/a>\n\t\t\t\t\t\t\t\t\t\t\t\t\t\t\t<\/div>\n\t\t\t\t<\/div>\n\t\t\t\t<\/div>\n\t\t<div class=\"elementor-element elementor-element-caa8ba4 e-con-full e-flex e-con e-child\" data-id=\"caa8ba4\" data-element_type=\"container\" data-e-type=\"container\">\n\t\t<div class=\"elementor-element elementor-element-f27ffcc e-con-full e-flex e-con e-child\" data-id=\"f27ffcc\" data-element_type=\"container\" data-e-type=\"container\" data-settings=\"{&quot;background_background&quot;:&quot;gradient&quot;}\">\n\t\t\t\t<div class=\"elementor-element elementor-element-0aa02de elementor-invisible elementor-widget elementor-widget-text-editor\" data-id=\"0aa02de\" data-element_type=\"widget\" data-e-type=\"widget\" data-settings=\"{&quot;_animation&quot;:&quot;fadeInLeft&quot;}\" data-widget_type=\"text-editor.default\">\n\t\t\t\t<div class=\"elementor-widget-container\">\n\t\t\t\t\t\t\t\t\t<p style=\"text-align: justify;\"><strong>Tartu \u00fclikooli rahvaluule arhiivi (t\u00e4nase Eesti Kirjandusmuuseumi) evakueeritud varade vedu Palivere jaamast Liivi algkooli, 1944.<\/strong><\/p><p style=\"text-align: justify;\">Transportation of property that had been evacuated from the University of Tartu folklore archive (currently at the Estonian Literary Museum) from Palivere station to Liivi elementary school, 1944.<\/p><p style=\"text-align: right;\"><strong>Illustratsioon \/ illustration: KIRMUS<br \/><\/strong><\/p>\t\t\t\t\t\t\t\t<\/div>\n\t\t\t\t<\/div>\n\t\t\t\t<\/div>\n\t\t\t\t<\/div>\n\t\t\t\t\t<\/div>\n\t\t\t\t<\/div>\n\t\t<div class=\"elementor-element elementor-element-3a516789 e-flex e-con-boxed e-con e-parent\" data-id=\"3a516789\" data-element_type=\"container\" data-e-type=\"container\">\n\t\t\t\t\t<div class=\"e-con-inner\">\n\t\t\t\t<div class=\"elementor-element elementor-element-136d7e91 elementor-widget elementor-widget-image\" data-id=\"136d7e91\" data-element_type=\"widget\" data-e-type=\"widget\" data-widget_type=\"image.default\">\n\t\t\t\t<div class=\"elementor-widget-container\">\n\t\t\t\t\t\t\t\t\t\t\t\t\t\t\t<img fetchpriority=\"high\" decoding=\"async\" width=\"8667\" height=\"334\" src=\"https:\/\/2024.wwii-refugees.ee\/wp-content\/uploads\/2024\/04\/WWII_refugees_visuals_LAINE_3.png\" class=\"attachment-full size-full wp-image-121\" alt=\"\" srcset=\"https:\/\/2024.wwii-refugees.ee\/wp-content\/uploads\/2024\/04\/WWII_refugees_visuals_LAINE_3.png 8667w, https:\/\/2024.wwii-refugees.ee\/wp-content\/uploads\/2024\/04\/WWII_refugees_visuals_LAINE_3-300x12.png 300w, https:\/\/2024.wwii-refugees.ee\/wp-content\/uploads\/2024\/04\/WWII_refugees_visuals_LAINE_3-1024x39.png 1024w, https:\/\/2024.wwii-refugees.ee\/wp-content\/uploads\/2024\/04\/WWII_refugees_visuals_LAINE_3-768x30.png 768w, https:\/\/2024.wwii-refugees.ee\/wp-content\/uploads\/2024\/04\/WWII_refugees_visuals_LAINE_3-1536x59.png 1536w, https:\/\/2024.wwii-refugees.ee\/wp-content\/uploads\/2024\/04\/WWII_refugees_visuals_LAINE_3-2048x79.png 2048w\" sizes=\"(max-width: 8667px) 100vw, 8667px\" \/>\t\t\t\t\t\t\t\t\t\t\t\t\t\t\t<\/div>\n\t\t\t\t<\/div>\n\t\t\t\t\t<\/div>\n\t\t\t\t<\/div>\n\t\t<div class=\"elementor-element elementor-element-517a5619 e-flex e-con-boxed e-con e-parent\" data-id=\"517a5619\" data-element_type=\"container\" data-e-type=\"container\">\n\t\t\t\t\t<div class=\"e-con-inner\">\n\t\t\t\t<div class=\"elementor-element elementor-element-17df2d14 elementor-widget-divider--view-line elementor-widget elementor-widget-divider\" data-id=\"17df2d14\" data-element_type=\"widget\" data-e-type=\"widget\" data-widget_type=\"divider.default\">\n\t\t\t\t<div class=\"elementor-widget-container\">\n\t\t\t\t\t\t\t<div class=\"elementor-divider\">\n\t\t\t<span class=\"elementor-divider-separator\">\n\t\t\t\t\t\t<\/span>\n\t\t<\/div>\n\t\t\t\t\t\t<\/div>\n\t\t\t\t<\/div>\n\t\t\t\t\t<\/div>\n\t\t\t\t<\/div>\n\t\t<div class=\"elementor-element elementor-element-7e79eb2 e-flex e-con-boxed e-con e-parent\" data-id=\"7e79eb2\" data-element_type=\"container\" data-e-type=\"container\">\n\t\t\t\t\t<div class=\"e-con-inner\">\n\t\t\t\t<div class=\"elementor-element elementor-element-48af91f elementor-widget elementor-widget-heading\" data-id=\"48af91f\" data-element_type=\"widget\" data-e-type=\"widget\" data-widget_type=\"heading.default\">\n\t\t\t\t<div class=\"elementor-widget-container\">\n\t\t\t\t\t<h2 class=\"elementor-heading-title elementor-size-default\">P\u00d5GENEMINE<\/h2>\t\t\t\t<\/div>\n\t\t\t\t<\/div>\n\t\t\t\t\t<\/div>\n\t\t\t\t<\/div>\n\t\t<div class=\"elementor-element elementor-element-0faad7f e-flex e-con-boxed e-con e-parent\" data-id=\"0faad7f\" data-element_type=\"container\" data-e-type=\"container\">\n\t\t\t\t\t<div class=\"e-con-inner\">\n\t\t\t\t<div class=\"elementor-element elementor-element-6a60ccd elementor-widget elementor-widget-heading\" data-id=\"6a60ccd\" data-element_type=\"widget\" data-e-type=\"widget\" data-widget_type=\"heading.default\">\n\t\t\t\t<div class=\"elementor-widget-container\">\n\t\t\t\t\t<h3 class=\"elementor-heading-title elementor-size-default\">FLIGHT<\/h3>\t\t\t\t<\/div>\n\t\t\t\t<\/div>\n\t\t\t\t\t<\/div>\n\t\t\t\t<\/div>\n\t\t<div class=\"elementor-element elementor-element-b882691 e-flex e-con-boxed e-con e-parent\" data-id=\"b882691\" data-element_type=\"container\" data-e-type=\"container\">\n\t\t\t\t\t<div class=\"e-con-inner\">\n\t\t\t\t<div class=\"elementor-element elementor-element-f94999a elementor-invisible elementor-widget elementor-widget-text-editor\" data-id=\"f94999a\" data-element_type=\"widget\" data-e-type=\"widget\" data-settings=\"{&quot;_animation&quot;:&quot;slideInLeft&quot;}\" data-widget_type=\"text-editor.default\">\n\t\t\t\t<div class=\"elementor-widget-container\">\n\t\t\t\t\t\t\t\t\t<p style=\"text-align: justify;\"><span style=\"color: #397c99;\"><strong>1944. a s\u00fcgisel p\u00f5geneti nii Rootsi kui Saksamaale, kuid Tartu intelligents v\u00f5ttis eelissuuna Rootsi poole. Seda toetasid sealsed eestlaste juhitud abiorganisatsioonid, mille eesm\u00e4rgiks oli p\u00e4\u00e4sta Eesti haritlaskond. Samas oli Tartust p\u00e4rit inimeste osakaal m\u00e4rkimisv\u00e4\u00e4rne ka Saksamaal asuvates pagulaslaagrites, n\u00e4iteks Geislingenis.<\/strong><\/span><\/p>\t\t\t\t\t\t\t\t<\/div>\n\t\t\t\t<\/div>\n\t\t\t\t\t<\/div>\n\t\t\t\t<\/div>\n\t\t<div class=\"elementor-element elementor-element-62309f4 e-flex e-con-boxed e-con e-parent\" data-id=\"62309f4\" data-element_type=\"container\" data-e-type=\"container\">\n\t\t\t\t\t<div class=\"e-con-inner\">\n\t\t\t\t<div class=\"elementor-element elementor-element-4b13dd6 elementor-invisible elementor-widget elementor-widget-text-editor\" data-id=\"4b13dd6\" data-element_type=\"widget\" data-e-type=\"widget\" data-settings=\"{&quot;_animation&quot;:&quot;slideInRight&quot;}\" data-widget_type=\"text-editor.default\">\n\t\t\t\t<div class=\"elementor-widget-container\">\n\t\t\t\t\t\t\t\t\t<p style=\"text-align: justify;\"><span style=\"color: #a3bccd;\">People fled to both Sweden and Germany in the autumn of 1944, yet the preferred destination of Tartu\u2019s intellectuals was Sweden. Sweden\u2019s aid organisations run by Estonians supported that development. Its aim was to save Estonia\u2019s intellectuals. At the same time, the relative proportion of people from Tartu at the numerous refugee camps in Germany was also considerable, for instance in Geislingen.<\/span><\/p>\t\t\t\t\t\t\t\t<\/div>\n\t\t\t\t<\/div>\n\t\t\t\t\t<\/div>\n\t\t\t\t<\/div>\n\t\t<div class=\"elementor-element elementor-element-46eeec7 e-flex e-con-boxed e-con e-parent\" data-id=\"46eeec7\" data-element_type=\"container\" data-e-type=\"container\">\n\t\t\t\t\t<div class=\"e-con-inner\">\n\t\t<div class=\"elementor-element elementor-element-6ead3fb e-con-full e-flex e-con e-child\" data-id=\"6ead3fb\" data-element_type=\"container\" data-e-type=\"container\">\n\t\t\t\t<div class=\"elementor-element elementor-element-2402700 elementor-invisible elementor-widget elementor-widget-text-editor\" data-id=\"2402700\" data-element_type=\"widget\" data-e-type=\"widget\" data-settings=\"{&quot;_animation&quot;:&quot;fadeInRight&quot;}\" data-widget_type=\"text-editor.default\">\n\t\t\t\t<div class=\"elementor-widget-container\">\n\t\t\t\t\t\t\t\t\t<p style=\"text-align: justify;\"><strong><span style=\"color: #397c99;\">Eesti agronoomid Geislingenis agronoomide ja p\u00f5llumeeste p\u00e4eva puhul. Teiste hulgas varasemad Tartu \u00dclikooli professorid.<\/span><\/strong><\/p><p style=\"text-align: justify;\"><span style=\"color: #a3bccd;\">Estonian agronomists in Geislingen on the occasion of agronomists\u2019 and farmers\u2019 day. Among others are former University of Tartu professors.<\/span><\/p><p style=\"text-align: right;\"><span style=\"color: #397c99;\"><strong>Illustratsioon \/ illustration: RA <\/strong><\/span><\/p><p style=\"text-align: right;\"><span style=\"color: #397c99;\"><strong>\u00a0<\/strong><\/span><\/p>\t\t\t\t\t\t\t\t<\/div>\n\t\t\t\t<\/div>\n\t\t\t\t<\/div>\n\t\t<div class=\"elementor-element elementor-element-97ac292 e-con-full e-flex e-con e-child\" data-id=\"97ac292\" data-element_type=\"container\" data-e-type=\"container\">\n\t\t\t\t<div class=\"elementor-element elementor-element-3e27202 elementor-invisible elementor-widget elementor-widget-image\" data-id=\"3e27202\" data-element_type=\"widget\" data-e-type=\"widget\" data-settings=\"{&quot;_animation&quot;:&quot;fadeInLeft&quot;}\" data-widget_type=\"image.default\">\n\t\t\t\t<div class=\"elementor-widget-container\">\n\t\t\t\t\t\t\t\t\t\t\t\t\t\t\t\t<a href=\"https:\/\/2024.wwii-refugees.ee\/wp-content\/uploads\/2024\/12\/40.png\" data-elementor-open-lightbox=\"yes\" data-elementor-lightbox-title=\"40\" data-e-action-hash=\"#elementor-action%3Aaction%3Dlightbox%26settings%3DeyJpZCI6MTA1MCwidXJsIjoiaHR0cHM6XC9cLzIwMjQud3dpaS1yZWZ1Z2Vlcy5lZVwvd3AtY29udGVudFwvdXBsb2Fkc1wvMjAyNFwvMTJcLzQwLnBuZyJ9\">\n\t\t\t\t\t\t\t<img loading=\"lazy\" decoding=\"async\" width=\"1024\" height=\"708\" src=\"https:\/\/2024.wwii-refugees.ee\/wp-content\/uploads\/2024\/12\/40-1024x708.png\" class=\"attachment-large size-large wp-image-1050\" alt=\"\" srcset=\"https:\/\/2024.wwii-refugees.ee\/wp-content\/uploads\/2024\/12\/40-1024x708.png 1024w, https:\/\/2024.wwii-refugees.ee\/wp-content\/uploads\/2024\/12\/40-300x207.png 300w, https:\/\/2024.wwii-refugees.ee\/wp-content\/uploads\/2024\/12\/40-768x531.png 768w, https:\/\/2024.wwii-refugees.ee\/wp-content\/uploads\/2024\/12\/40-1536x1062.png 1536w, https:\/\/2024.wwii-refugees.ee\/wp-content\/uploads\/2024\/12\/40.png 1692w\" sizes=\"(max-width: 1024px) 100vw, 1024px\" \/>\t\t\t\t\t\t\t\t<\/a>\n\t\t\t\t\t\t\t\t\t\t\t\t\t\t\t<\/div>\n\t\t\t\t<\/div>\n\t\t\t\t<\/div>\n\t\t\t\t\t<\/div>\n\t\t\t\t<\/div>\n\t\t<div class=\"elementor-element elementor-element-b0a6a7b e-flex e-con-boxed e-con e-parent\" data-id=\"b0a6a7b\" data-element_type=\"container\" data-e-type=\"container\">\n\t\t\t\t\t<div class=\"e-con-inner\">\n\t\t\t\t<div class=\"elementor-element elementor-element-c26c0de elementor-invisible elementor-widget elementor-widget-text-editor\" data-id=\"c26c0de\" data-element_type=\"widget\" data-e-type=\"widget\" data-settings=\"{&quot;_animation&quot;:&quot;slideInLeft&quot;}\" data-widget_type=\"text-editor.default\">\n\t\t\t\t<div class=\"elementor-widget-container\">\n\t\t\t\t\t\t\t\t\t<p style=\"text-align: justify;\"><span style=\"color: #397c99;\"><strong>Professor Armin Tuulse oli juba 1930. aastail oma teadust\u00f6\u00f6 raames Rootsis tegutsenud ning n\u00fc\u00fcd kostis tema ning teiste haritlaste eest Rootsi riigiarhivaar Sigurd Curman. T\u00e4nu sellele \u00f5nnestus mitmetel haritlastel suunduda Rootsi mootorpurjekal \u201eJuhan\u201c, mis oli Saksa v\u00f5imudelt saanud loa rannarootslaste evakueerimiseks. Lisaks professor Tuulse perekonnale j\u00f5udis sama laevaga Rootsi n\u00e4iteks professor Aadu L\u00fc\u00fcs, kes oli olnud Tartu \u00fclikooli arstiteaduskonna dekaan. Septembris j\u00f5udsid Rootsi ka helilooja Eduard Tubin ning Tartu \u00fclikooli rektor Edgar Kant, kes lahkus koos presidendi kohuset\u00e4itja J\u00fcri Uluotsaga.<\/strong><\/span><\/p>\t\t\t\t\t\t\t\t<\/div>\n\t\t\t\t<\/div>\n\t\t\t\t\t<\/div>\n\t\t\t\t<\/div>\n\t\t<div class=\"elementor-element elementor-element-0b2b87c e-flex e-con-boxed e-con e-parent\" data-id=\"0b2b87c\" data-element_type=\"container\" data-e-type=\"container\">\n\t\t\t\t\t<div class=\"e-con-inner\">\n\t\t\t\t<div class=\"elementor-element elementor-element-950a9c7 elementor-invisible elementor-widget elementor-widget-text-editor\" data-id=\"950a9c7\" data-element_type=\"widget\" data-e-type=\"widget\" data-settings=\"{&quot;_animation&quot;:&quot;slideInRight&quot;}\" data-widget_type=\"text-editor.default\">\n\t\t\t\t<div class=\"elementor-widget-container\">\n\t\t\t\t\t\t\t\t\t<p style=\"text-align: justify;\"><span style=\"color: #a3bccd;\">Professor Armin Tuulse had already worked in Sweden within the framework of his research work in the 1930s. Now Sweden\u2019s National Archivist Sigurd Curman vouched for him and other intellectuals. For that reason, several intellectuals succeeded in going to Sweden on board the motor sailboat Juhan, which had received permission from the German authorities to evacuate the coastal Swedes. In addition to the family of Professor Tuulse, Professor Aadu L\u00fc\u00fcs, who had served as dean of the University of Tartu Faculty of Medicine, arrived in Sweden on board the same ship. The composer Eduard Tubin and the Rector of the University of Tartu Edgar Kant, who left together with J\u00fcri Uluots, the Prime Minister of Estonia in the duties of President, also reached Sweden in September.<\/span><\/p>\t\t\t\t\t\t\t\t<\/div>\n\t\t\t\t<\/div>\n\t\t\t\t\t<\/div>\n\t\t\t\t<\/div>\n\t\t<div class=\"elementor-element elementor-element-39efb6d e-flex e-con-boxed e-con e-parent\" data-id=\"39efb6d\" data-element_type=\"container\" data-e-type=\"container\" data-settings=\"{&quot;background_background&quot;:&quot;gradient&quot;}\">\n\t\t\t\t\t<div class=\"e-con-inner\">\n\t\t<div class=\"elementor-element elementor-element-9810e41 e-con-full e-flex e-con e-child\" data-id=\"9810e41\" data-element_type=\"container\" data-e-type=\"container\">\n\t\t\t\t<div class=\"elementor-element elementor-element-c3cf75a elementor-invisible elementor-widget elementor-widget-image\" data-id=\"c3cf75a\" data-element_type=\"widget\" data-e-type=\"widget\" data-settings=\"{&quot;_animation&quot;:&quot;fadeInRight&quot;}\" data-widget_type=\"image.default\">\n\t\t\t\t<div class=\"elementor-widget-container\">\n\t\t\t\t\t\t\t\t\t\t\t\t\t\t\t\t<a href=\"https:\/\/2024.wwii-refugees.ee\/wp-content\/uploads\/2024\/12\/41.png\" data-elementor-open-lightbox=\"yes\" data-elementor-lightbox-title=\"41\" data-e-action-hash=\"#elementor-action%3Aaction%3Dlightbox%26settings%3DeyJpZCI6MTA1MSwidXJsIjoiaHR0cHM6XC9cLzIwMjQud3dpaS1yZWZ1Z2Vlcy5lZVwvd3AtY29udGVudFwvdXBsb2Fkc1wvMjAyNFwvMTJcLzQxLnBuZyJ9\">\n\t\t\t\t\t\t\t<img loading=\"lazy\" decoding=\"async\" width=\"1702\" height=\"1039\" src=\"https:\/\/2024.wwii-refugees.ee\/wp-content\/uploads\/2024\/12\/41.png\" class=\"attachment-full size-full wp-image-1051\" alt=\"\" srcset=\"https:\/\/2024.wwii-refugees.ee\/wp-content\/uploads\/2024\/12\/41.png 1702w, https:\/\/2024.wwii-refugees.ee\/wp-content\/uploads\/2024\/12\/41-300x183.png 300w, https:\/\/2024.wwii-refugees.ee\/wp-content\/uploads\/2024\/12\/41-1024x625.png 1024w, https:\/\/2024.wwii-refugees.ee\/wp-content\/uploads\/2024\/12\/41-768x469.png 768w, https:\/\/2024.wwii-refugees.ee\/wp-content\/uploads\/2024\/12\/41-1536x938.png 1536w\" sizes=\"(max-width: 1702px) 100vw, 1702px\" \/>\t\t\t\t\t\t\t\t<\/a>\n\t\t\t\t\t\t\t\t\t\t\t\t\t\t\t<\/div>\n\t\t\t\t<\/div>\n\t\t\t\t<\/div>\n\t\t<div class=\"elementor-element elementor-element-1b8736b e-con-full e-flex e-con e-child\" data-id=\"1b8736b\" data-element_type=\"container\" data-e-type=\"container\">\n\t\t<div class=\"elementor-element elementor-element-91e9d9e e-con-full e-flex e-con e-child\" data-id=\"91e9d9e\" data-element_type=\"container\" data-e-type=\"container\" data-settings=\"{&quot;background_background&quot;:&quot;gradient&quot;}\">\n\t\t\t\t<div class=\"elementor-element elementor-element-3dafe4d elementor-invisible elementor-widget elementor-widget-text-editor\" data-id=\"3dafe4d\" data-element_type=\"widget\" data-e-type=\"widget\" data-settings=\"{&quot;_animation&quot;:&quot;fadeInLeft&quot;}\" data-widget_type=\"text-editor.default\">\n\t\t\t\t<div class=\"elementor-widget-container\">\n\t\t\t\t\t\t\t\t\t<p style=\"text-align: justify;\"><strong>Mootorpurjekas \u201eJuhan\u201c Rootsis Vikingshillis 28. mail 1945 enne v\u00e4lja andmist NSV Liidule.<\/strong><\/p><p style=\"text-align: justify;\">The motor sailboat Juhan at Vikingshill in Sweden, 28 May 1945 before it was handed over to the Soviet Union.<\/p><p style=\"text-align: right;\"><strong>Illustratsioon \/ illustration: GM<br \/><\/strong><\/p>\t\t\t\t\t\t\t\t<\/div>\n\t\t\t\t<\/div>\n\t\t\t\t<\/div>\n\t\t\t\t<\/div>\n\t\t\t\t\t<\/div>\n\t\t\t\t<\/div>\n\t\t<div class=\"elementor-element elementor-element-fde6af1 e-flex e-con-boxed e-con e-parent\" data-id=\"fde6af1\" data-element_type=\"container\" data-e-type=\"container\">\n\t\t\t\t\t<div class=\"e-con-inner\">\n\t\t<div class=\"elementor-element elementor-element-f1b31b2 e-con-full e-flex e-con e-child\" data-id=\"f1b31b2\" data-element_type=\"container\" data-e-type=\"container\">\n\t\t\t\t<div class=\"elementor-element elementor-element-6277c32 elementor-invisible elementor-widget elementor-widget-text-editor\" data-id=\"6277c32\" data-element_type=\"widget\" data-e-type=\"widget\" data-settings=\"{&quot;_animation&quot;:&quot;fadeInRight&quot;}\" data-widget_type=\"text-editor.default\">\n\t\t\t\t<div class=\"elementor-widget-container\">\n\t\t\t\t\t\t\t\t\t<p style=\"text-align: justify;\"><strong><span style=\"color: #397c99;\">Tartu \u00fclikooli rektor professor Edgar Kant, 29.01.1942.<\/span><\/strong><\/p><p style=\"text-align: justify;\"><span style=\"color: #a3bccd;\">Professor Edgar Kant, Rector of the University of Tartu, 29 January 1942.<\/span><\/p><p style=\"text-align: right;\"><span style=\"color: #397c99;\"><strong>Illustratsioon \/ illustration: RA <\/strong><\/span><\/p><p style=\"text-align: right;\"><span style=\"color: #397c99;\"><strong>\u00a0<\/strong><\/span><\/p>\t\t\t\t\t\t\t\t<\/div>\n\t\t\t\t<\/div>\n\t\t\t\t<\/div>\n\t\t<div class=\"elementor-element elementor-element-c4f0634 e-con-full e-flex e-con e-child\" data-id=\"c4f0634\" data-element_type=\"container\" data-e-type=\"container\">\n\t\t\t\t<div class=\"elementor-element elementor-element-f75e108 elementor-invisible elementor-widget elementor-widget-image\" data-id=\"f75e108\" data-element_type=\"widget\" data-e-type=\"widget\" data-settings=\"{&quot;_animation&quot;:&quot;fadeInLeft&quot;}\" data-widget_type=\"image.default\">\n\t\t\t\t<div class=\"elementor-widget-container\">\n\t\t\t\t\t\t\t\t\t\t\t\t\t\t\t\t<a href=\"https:\/\/2024.wwii-refugees.ee\/wp-content\/uploads\/2024\/12\/42.png\" data-elementor-open-lightbox=\"yes\" data-elementor-lightbox-title=\"42\" data-e-action-hash=\"#elementor-action%3Aaction%3Dlightbox%26settings%3DeyJpZCI6MTA1MiwidXJsIjoiaHR0cHM6XC9cLzIwMjQud3dpaS1yZWZ1Z2Vlcy5lZVwvd3AtY29udGVudFwvdXBsb2Fkc1wvMjAyNFwvMTJcLzQyLnBuZyJ9\">\n\t\t\t\t\t\t\t<img loading=\"lazy\" decoding=\"async\" width=\"1024\" height=\"708\" src=\"https:\/\/2024.wwii-refugees.ee\/wp-content\/uploads\/2024\/12\/42-1024x708.png\" class=\"attachment-large size-large wp-image-1052\" alt=\"\" srcset=\"https:\/\/2024.wwii-refugees.ee\/wp-content\/uploads\/2024\/12\/42-1024x708.png 1024w, https:\/\/2024.wwii-refugees.ee\/wp-content\/uploads\/2024\/12\/42-300x207.png 300w, https:\/\/2024.wwii-refugees.ee\/wp-content\/uploads\/2024\/12\/42-768x531.png 768w, https:\/\/2024.wwii-refugees.ee\/wp-content\/uploads\/2024\/12\/42-1536x1062.png 1536w, https:\/\/2024.wwii-refugees.ee\/wp-content\/uploads\/2024\/12\/42.png 1601w\" sizes=\"(max-width: 1024px) 100vw, 1024px\" \/>\t\t\t\t\t\t\t\t<\/a>\n\t\t\t\t\t\t\t\t\t\t\t\t\t\t\t<\/div>\n\t\t\t\t<\/div>\n\t\t\t\t<\/div>\n\t\t\t\t\t<\/div>\n\t\t\t\t<\/div>\n\t\t<div class=\"elementor-element elementor-element-ec61d37 e-flex e-con-boxed e-con e-parent\" data-id=\"ec61d37\" data-element_type=\"container\" data-e-type=\"container\">\n\t\t\t\t\t<div class=\"e-con-inner\">\n\t\t\t\t<div class=\"elementor-element elementor-element-66b06b0 elementor-invisible elementor-widget elementor-widget-text-editor\" data-id=\"66b06b0\" data-element_type=\"widget\" data-e-type=\"widget\" data-settings=\"{&quot;_animation&quot;:&quot;slideInLeft&quot;}\" data-widget_type=\"text-editor.default\">\n\t\t\t\t<div class=\"elementor-widget-container\">\n\t\t\t\t\t\t\t\t\t<p style=\"text-align: justify;\"><span style=\"color: #397c99;\"><strong>Oli ka neid, kellel ei l\u00e4inud k\u00f5ik plaanikohaselt. Plaan laevaga Rootsi p\u00f5geneda luhtus n\u00e4iteks kirjanik Friedebert Tuglasel ja tema abikaasal Elo Tuglasel. Suvel 1944 pagesid nad l\u00e4heneva Punaarmee eest esmalt Viljandimaale ja sealt Tallinnasse, kus peatuti Marie Underi ning Artur Adsoni juures. Under ja Adson p\u00e4\u00e4sesid Tallinnast veel mootorpurjekas \u201eTriina\u201c pardale 20. septembril, mis oli viimane Saksa v\u00f5imudega koosk\u00f5lastatud reis rannarootslaste evakueerimiseks. Tuglased sinna peale aga ei mahtunud ning paar lahkus Tallinnast, proovides \u00f5nne l\u00e4\u00e4nerannikul, aga sedagi ei krooninud edu. L\u00f5puks suunduti jalgsi tagasi Viljandi poole, N\u00f5ukogude v\u00f5imu haardest enam ei p\u00e4\u00e4setud.<\/strong><\/span><\/p>\t\t\t\t\t\t\t\t<\/div>\n\t\t\t\t<\/div>\n\t\t\t\t\t<\/div>\n\t\t\t\t<\/div>\n\t\t<div class=\"elementor-element elementor-element-08b4b3c e-flex e-con-boxed e-con e-parent\" data-id=\"08b4b3c\" data-element_type=\"container\" data-e-type=\"container\">\n\t\t\t\t\t<div class=\"e-con-inner\">\n\t\t\t\t<div class=\"elementor-element elementor-element-9a5c8db elementor-invisible elementor-widget elementor-widget-text-editor\" data-id=\"9a5c8db\" data-element_type=\"widget\" data-e-type=\"widget\" data-settings=\"{&quot;_animation&quot;:&quot;slideInRight&quot;}\" data-widget_type=\"text-editor.default\">\n\t\t\t\t<div class=\"elementor-widget-container\">\n\t\t\t\t\t\t\t\t\t<p style=\"text-align: justify;\"><span style=\"color: #a3bccd;\">There were also those for whom everything did not go according to plans. For instance, the plan of the writer Fridebert Tuglas and his wife Elo Tuglas to flee by ship to Sweden came to nought. They fled to Viljandi County ahead of the advancing Red Army in the summer of 1944 and from there to Tallinn, where they stayed with Marie Under and Artur Adson. Under and Adson made it on board the motor sailboat Triina, which left Tallinn on 20 September and was the last voyage for evacuating coastal Swedes that had been agreed to with the German authorities. There was no space on board for the Tuglases and the couple left Tallinn, trying their luck on the west coast, but that did not succeed either. Finally, they went back towards Viljandi on foot. They could no longer escape the grasp of the Soviet regime.<\/span><\/p>\t\t\t\t\t\t\t\t<\/div>\n\t\t\t\t<\/div>\n\t\t\t\t\t<\/div>\n\t\t\t\t<\/div>\n\t\t<div class=\"elementor-element elementor-element-16839ef e-flex e-con-boxed e-con e-parent\" data-id=\"16839ef\" data-element_type=\"container\" data-e-type=\"container\" data-settings=\"{&quot;background_background&quot;:&quot;gradient&quot;}\">\n\t\t\t\t\t<div class=\"e-con-inner\">\n\t\t<div class=\"elementor-element elementor-element-a49c925 e-con-full e-flex e-con e-child\" data-id=\"a49c925\" data-element_type=\"container\" data-e-type=\"container\">\n\t\t\t\t<div class=\"elementor-element elementor-element-0751ab3 elementor-invisible elementor-widget elementor-widget-image\" data-id=\"0751ab3\" data-element_type=\"widget\" data-e-type=\"widget\" data-settings=\"{&quot;_animation&quot;:&quot;fadeInRight&quot;}\" data-widget_type=\"image.default\">\n\t\t\t\t<div class=\"elementor-widget-container\">\n\t\t\t\t\t\t\t\t\t\t\t\t\t\t\t\t<a href=\"https:\/\/2024.wwii-refugees.ee\/wp-content\/uploads\/2024\/12\/43.png\" data-elementor-open-lightbox=\"yes\" data-elementor-lightbox-title=\"43\" data-e-action-hash=\"#elementor-action%3Aaction%3Dlightbox%26settings%3DeyJpZCI6MTA1MywidXJsIjoiaHR0cHM6XC9cLzIwMjQud3dpaS1yZWZ1Z2Vlcy5lZVwvd3AtY29udGVudFwvdXBsb2Fkc1wvMjAyNFwvMTJcLzQzLnBuZyJ9\">\n\t\t\t\t\t\t\t<img loading=\"lazy\" decoding=\"async\" width=\"1776\" height=\"1102\" src=\"https:\/\/2024.wwii-refugees.ee\/wp-content\/uploads\/2024\/12\/43.png\" class=\"attachment-full size-full wp-image-1053\" alt=\"\" srcset=\"https:\/\/2024.wwii-refugees.ee\/wp-content\/uploads\/2024\/12\/43.png 1776w, https:\/\/2024.wwii-refugees.ee\/wp-content\/uploads\/2024\/12\/43-300x186.png 300w, https:\/\/2024.wwii-refugees.ee\/wp-content\/uploads\/2024\/12\/43-1024x635.png 1024w, https:\/\/2024.wwii-refugees.ee\/wp-content\/uploads\/2024\/12\/43-768x477.png 768w, https:\/\/2024.wwii-refugees.ee\/wp-content\/uploads\/2024\/12\/43-1536x953.png 1536w\" sizes=\"(max-width: 1776px) 100vw, 1776px\" \/>\t\t\t\t\t\t\t\t<\/a>\n\t\t\t\t\t\t\t\t\t\t\t\t\t\t\t<\/div>\n\t\t\t\t<\/div>\n\t\t\t\t<\/div>\n\t\t<div class=\"elementor-element elementor-element-4cfee67 e-con-full e-flex e-con e-child\" data-id=\"4cfee67\" data-element_type=\"container\" data-e-type=\"container\">\n\t\t<div class=\"elementor-element elementor-element-9f6c39e e-con-full e-flex e-con e-child\" data-id=\"9f6c39e\" data-element_type=\"container\" data-e-type=\"container\" data-settings=\"{&quot;background_background&quot;:&quot;gradient&quot;}\">\n\t\t\t\t<div class=\"elementor-element elementor-element-9768bc3 elementor-invisible elementor-widget elementor-widget-text-editor\" data-id=\"9768bc3\" data-element_type=\"widget\" data-e-type=\"widget\" data-settings=\"{&quot;_animation&quot;:&quot;fadeInLeft&quot;}\" data-widget_type=\"text-editor.default\">\n\t\t\t\t<div class=\"elementor-widget-container\">\n\t\t\t\t\t\t\t\t\t<p style=\"text-align: justify;\"><strong>Laev \u201eTriina\u201c s\u00f5jap\u00f5genikega v\u00e4ljas\u00f5idul Tallinna sadamast, tagaplaanil vesilennukite angaarid, 20. september 1944.<\/strong><\/p><p style=\"text-align: justify;\">The ship Triina with war refugees on board at its departure from Tallinn\u2019s harbour. The seaplane hangars are in the background, 20 September 1944.<\/p><p style=\"text-align: right;\"><strong>Illustratsioon \/ illustration: RA<br \/><\/strong><\/p>\t\t\t\t\t\t\t\t<\/div>\n\t\t\t\t<\/div>\n\t\t\t\t<\/div>\n\t\t\t\t<\/div>\n\t\t\t\t\t<\/div>\n\t\t\t\t<\/div>\n\t\t<div class=\"elementor-element elementor-element-8325749 e-flex e-con-boxed e-con e-parent\" data-id=\"8325749\" data-element_type=\"container\" data-e-type=\"container\">\n\t\t\t\t\t<div class=\"e-con-inner\">\n\t\t<div class=\"elementor-element elementor-element-c226115 e-con-full e-flex e-con e-child\" data-id=\"c226115\" data-element_type=\"container\" data-e-type=\"container\">\n\t\t\t\t<div class=\"elementor-element elementor-element-eccc780 elementor-invisible elementor-widget elementor-widget-text-editor\" data-id=\"eccc780\" data-element_type=\"widget\" data-e-type=\"widget\" data-settings=\"{&quot;_animation&quot;:&quot;fadeInRight&quot;}\" data-widget_type=\"text-editor.default\">\n\t\t\t\t<div class=\"elementor-widget-container\">\n\t\t\t\t\t\t\t\t\t<p style=\"text-align: justify;\"><strong><span style=\"color: #397c99;\">Friedebert ja Elo Tuglas 1944. a. s\u00fcgisel rinde jalust p\u00f5genemas.<\/span><\/strong><\/p><p style=\"text-align: justify;\"><span style=\"color: #a3bccd;\">Friedebert and Elo Tuglas fleeing from the front in the autumn of 1944.<\/span><\/p><p style=\"text-align: right;\"><span style=\"color: #397c99;\"><strong>Illustratsioon \/ illustration: KIRMUS <\/strong><\/span><\/p><p style=\"text-align: right;\"><span style=\"color: #397c99;\"><strong>\u00a0<\/strong><\/span><\/p>\t\t\t\t\t\t\t\t<\/div>\n\t\t\t\t<\/div>\n\t\t\t\t<\/div>\n\t\t<div class=\"elementor-element elementor-element-d3db6ad e-con-full e-flex e-con e-child\" data-id=\"d3db6ad\" data-element_type=\"container\" data-e-type=\"container\">\n\t\t\t\t<div class=\"elementor-element elementor-element-ea90865 elementor-invisible elementor-widget elementor-widget-image\" data-id=\"ea90865\" data-element_type=\"widget\" data-e-type=\"widget\" data-settings=\"{&quot;_animation&quot;:&quot;fadeInLeft&quot;}\" data-widget_type=\"image.default\">\n\t\t\t\t<div class=\"elementor-widget-container\">\n\t\t\t\t\t\t\t\t\t\t\t\t\t\t\t\t<a href=\"https:\/\/2024.wwii-refugees.ee\/wp-content\/uploads\/2024\/12\/44.png\" data-elementor-open-lightbox=\"yes\" data-elementor-lightbox-title=\"44\" data-e-action-hash=\"#elementor-action%3Aaction%3Dlightbox%26settings%3DeyJpZCI6MTA1NCwidXJsIjoiaHR0cHM6XC9cLzIwMjQud3dpaS1yZWZ1Z2Vlcy5lZVwvd3AtY29udGVudFwvdXBsb2Fkc1wvMjAyNFwvMTJcLzQ0LnBuZyJ9\">\n\t\t\t\t\t\t\t<img loading=\"lazy\" decoding=\"async\" width=\"1024\" height=\"665\" src=\"https:\/\/2024.wwii-refugees.ee\/wp-content\/uploads\/2024\/12\/44-1024x665.png\" class=\"attachment-large size-large wp-image-1054\" alt=\"\" srcset=\"https:\/\/2024.wwii-refugees.ee\/wp-content\/uploads\/2024\/12\/44-1024x665.png 1024w, https:\/\/2024.wwii-refugees.ee\/wp-content\/uploads\/2024\/12\/44-300x195.png 300w, https:\/\/2024.wwii-refugees.ee\/wp-content\/uploads\/2024\/12\/44-768x499.png 768w, https:\/\/2024.wwii-refugees.ee\/wp-content\/uploads\/2024\/12\/44.png 1377w\" sizes=\"(max-width: 1024px) 100vw, 1024px\" \/>\t\t\t\t\t\t\t\t<\/a>\n\t\t\t\t\t\t\t\t\t\t\t\t\t\t\t<\/div>\n\t\t\t\t<\/div>\n\t\t\t\t<\/div>\n\t\t\t\t\t<\/div>\n\t\t\t\t<\/div>\n\t\t<div class=\"elementor-element elementor-element-ea2de90 e-flex e-con-boxed e-con e-parent\" data-id=\"ea2de90\" data-element_type=\"container\" data-e-type=\"container\">\n\t\t\t\t\t<div class=\"e-con-inner\">\n\t\t\t\t<div class=\"elementor-element elementor-element-ff1899c elementor-invisible elementor-widget elementor-widget-text-editor\" data-id=\"ff1899c\" data-element_type=\"widget\" data-e-type=\"widget\" data-settings=\"{&quot;_animation&quot;:&quot;slideInLeft&quot;}\" data-widget_type=\"text-editor.default\">\n\t\t\t\t<div class=\"elementor-widget-container\">\n\t\t\t\t\t\t\t\t\t<p style=\"text-align: justify;\"><span style=\"color: #397c99;\"><strong>Tehti aga ka teistsuguseid otsuseid. P\u00e4rast s\u00f5ja l\u00f5ppu 1945. a p\u00f6\u00f6rdus Tartusse tagasi mobiliseerituna Saksamaale sattunud f\u00fc\u00fcsik ja tulevane Teaduste Akadeemia liige Harald Keres, hilisem Tartu linna aukodanik ning maletaja Paul Kerese vend. Nende pere kaotas Tartus m\u00e4rtsipommitamistes oma kodu ning Haraldi t\u00fctar oli koos vanaemaga juba varem s\u00f5ja eest P\u00e4rnumaale saadetud. Augustis asus Harald koos naisega jalgratastega ka ise teele, alguses Haapsallu, siis Tallinnasse. Tallinnas v\u00f5eti Harald Saksa v\u00f5imude poolt merev\u00e4e abiteenistuslaste hooldus\u00f5petajaks ning evakueeriti \u00fcksuse koosseisus transpordilaevaga Saksamaale. P\u00e4rast s\u00f5ja l\u00f5ppu otsustas Harald Keres mitte l\u00e4\u00e4nde suunduda, vaid hoopis Eestisse tagasi seigelda, mis tal ka \u00f5nnestus.<\/strong><\/span><\/p>\t\t\t\t\t\t\t\t<\/div>\n\t\t\t\t<\/div>\n\t\t\t\t\t<\/div>\n\t\t\t\t<\/div>\n\t\t<div class=\"elementor-element elementor-element-46bee52 e-flex e-con-boxed e-con e-parent\" data-id=\"46bee52\" data-element_type=\"container\" data-e-type=\"container\">\n\t\t\t\t\t<div class=\"e-con-inner\">\n\t\t\t\t<div class=\"elementor-element elementor-element-d2342e6 elementor-invisible elementor-widget elementor-widget-text-editor\" data-id=\"d2342e6\" data-element_type=\"widget\" data-e-type=\"widget\" data-settings=\"{&quot;_animation&quot;:&quot;slideInRight&quot;}\" data-widget_type=\"text-editor.default\">\n\t\t\t\t<div class=\"elementor-widget-container\">\n\t\t\t\t\t\t\t\t\t<p style=\"text-align: justify;\"><span style=\"color: #a3bccd;\">Other kinds of decisions were also made. After the end of the war in 1945, the physicist and future member of the Academy of Sciences Harald Keres, who had been mobilised and taken to Germany, returned to Tartu. Harald was the brother of the chess master Paul Keres and was later made an honorary citizen of the city of Tartu. Their family had lost their home in Tartu when the city was bombed in March of 1944. Harald\u2019s daughter had already been sent to P\u00e4rnu County with her grandmother earlier to keep them out of harm\u2019s way. In August, Harald left Tartu together with his wife by bicycle, first to Haapsalu and then to Tallinn. In Tallinn, the German authorities hired Harald as pastoral support teacher for men in the navy auxiliary service. He was evacuated in the ranks of that unit on a transport ship to Germany. After the end of the war, Harald Keres decided not to go to the West, but rather to return to Estonia. He succeeded in that adventure.<\/span><\/p>\t\t\t\t\t\t\t\t<\/div>\n\t\t\t\t<\/div>\n\t\t\t\t\t<\/div>\n\t\t\t\t<\/div>\n\t\t<div class=\"elementor-element elementor-element-e8270eb e-flex e-con-boxed e-con e-parent\" data-id=\"e8270eb\" data-element_type=\"container\" data-e-type=\"container\" data-settings=\"{&quot;background_background&quot;:&quot;gradient&quot;}\">\n\t\t\t\t\t<div class=\"e-con-inner\">\n\t\t<div class=\"elementor-element elementor-element-16d085b e-con-full e-flex e-con e-child\" data-id=\"16d085b\" data-element_type=\"container\" data-e-type=\"container\">\n\t\t\t\t<div class=\"elementor-element elementor-element-8be2be4 elementor-invisible elementor-widget elementor-widget-image\" data-id=\"8be2be4\" data-element_type=\"widget\" data-e-type=\"widget\" data-settings=\"{&quot;_animation&quot;:&quot;fadeInRight&quot;}\" data-widget_type=\"image.default\">\n\t\t\t\t<div class=\"elementor-widget-container\">\n\t\t\t\t\t\t\t\t\t\t\t\t\t\t\t\t<a href=\"https:\/\/2024.wwii-refugees.ee\/wp-content\/uploads\/2024\/12\/45.png\" data-elementor-open-lightbox=\"yes\" data-elementor-lightbox-title=\"45\" data-e-action-hash=\"#elementor-action%3Aaction%3Dlightbox%26settings%3DeyJpZCI6MTA1NSwidXJsIjoiaHR0cHM6XC9cLzIwMjQud3dpaS1yZWZ1Z2Vlcy5lZVwvd3AtY29udGVudFwvdXBsb2Fkc1wvMjAyNFwvMTJcLzQ1LnBuZyJ9\">\n\t\t\t\t\t\t\t<img loading=\"lazy\" decoding=\"async\" width=\"1240\" height=\"1877\" src=\"https:\/\/2024.wwii-refugees.ee\/wp-content\/uploads\/2024\/12\/45.png\" class=\"attachment-full size-full wp-image-1055\" alt=\"\" srcset=\"https:\/\/2024.wwii-refugees.ee\/wp-content\/uploads\/2024\/12\/45.png 1240w, https:\/\/2024.wwii-refugees.ee\/wp-content\/uploads\/2024\/12\/45-198x300.png 198w, https:\/\/2024.wwii-refugees.ee\/wp-content\/uploads\/2024\/12\/45-676x1024.png 676w, https:\/\/2024.wwii-refugees.ee\/wp-content\/uploads\/2024\/12\/45-768x1163.png 768w, https:\/\/2024.wwii-refugees.ee\/wp-content\/uploads\/2024\/12\/45-1015x1536.png 1015w\" sizes=\"(max-width: 1240px) 100vw, 1240px\" \/>\t\t\t\t\t\t\t\t<\/a>\n\t\t\t\t\t\t\t\t\t\t\t\t\t\t\t<\/div>\n\t\t\t\t<\/div>\n\t\t\t\t<\/div>\n\t\t<div class=\"elementor-element elementor-element-9700573 e-con-full e-flex e-con e-child\" data-id=\"9700573\" data-element_type=\"container\" data-e-type=\"container\">\n\t\t<div class=\"elementor-element elementor-element-e92b852 e-con-full e-flex e-con e-child\" data-id=\"e92b852\" data-element_type=\"container\" data-e-type=\"container\" data-settings=\"{&quot;background_background&quot;:&quot;gradient&quot;}\">\n\t\t\t\t<div class=\"elementor-element elementor-element-0a99d68 elementor-invisible elementor-widget elementor-widget-text-editor\" data-id=\"0a99d68\" data-element_type=\"widget\" data-e-type=\"widget\" data-settings=\"{&quot;_animation&quot;:&quot;fadeInLeft&quot;}\" data-widget_type=\"text-editor.default\">\n\t\t\t\t<div class=\"elementor-widget-container\">\n\t\t\t\t\t\t\t\t\t<p style=\"text-align: justify;\"><strong>Harald Kerese doktorit\u00f6\u00f6 kaitsmine Tartu \u00fclikooli aulas <\/strong><\/p><p style=\"text-align: justify;\"><strong>3. oktoobril 1947.<\/strong><\/p><p style=\"text-align: justify;\">Defense of Harald Keres\u2019 doctoral thesis in University of Tartu hall on October 3, 1947.<\/p><p style=\"text-align: right;\"><strong>Illustratsioon \/ illustration: \u00dcAM F 466:352 F<\/strong><\/p>\t\t\t\t\t\t\t\t<\/div>\n\t\t\t\t<\/div>\n\t\t\t\t<\/div>\n\t\t\t\t<\/div>\n\t\t\t\t\t<\/div>\n\t\t\t\t<\/div>\n\t\t<div class=\"elementor-element elementor-element-4a338c8 e-flex e-con-boxed e-con e-parent\" data-id=\"4a338c8\" data-element_type=\"container\" data-e-type=\"container\">\n\t\t\t\t\t<div class=\"e-con-inner\">\n\t\t\t\t<div class=\"elementor-element elementor-element-ffa5554 elementor-invisible elementor-widget elementor-widget-text-editor\" data-id=\"ffa5554\" data-element_type=\"widget\" data-e-type=\"widget\" data-settings=\"{&quot;_animation&quot;:&quot;slideInLeft&quot;}\" data-widget_type=\"text-editor.default\">\n\t\t\t\t<div class=\"elementor-widget-container\">\n\t\t\t\t\t\t\t\t\t<p style=\"text-align: justify;\"><span style=\"color: #397c99;\"><strong>T\u00e4pseid arve ja usaldusv\u00e4\u00e4rset statistikat, kuhu ja kui palju Tartu kandi inimesi 1944. a s\u00fcgisel Eestist v\u00e4lja liikus, praegu pole. 1941. a oli Tartu elanike arv 59 500, 1945. a \u00fcksnes 34 000. S\u00f5da oli oluliselt muutnud nii linna v\u00e4list ilmet kui ka demograafi list pilti.<\/strong><\/span><\/p>\t\t\t\t\t\t\t\t<\/div>\n\t\t\t\t<\/div>\n\t\t\t\t\t<\/div>\n\t\t\t\t<\/div>\n\t\t<div class=\"elementor-element elementor-element-c3ff0f7 e-flex e-con-boxed e-con e-parent\" data-id=\"c3ff0f7\" data-element_type=\"container\" data-e-type=\"container\">\n\t\t\t\t\t<div class=\"e-con-inner\">\n\t\t\t\t<div class=\"elementor-element elementor-element-d8b7d40 elementor-invisible elementor-widget elementor-widget-text-editor\" data-id=\"d8b7d40\" data-element_type=\"widget\" data-e-type=\"widget\" data-settings=\"{&quot;_animation&quot;:&quot;slideInRight&quot;}\" data-widget_type=\"text-editor.default\">\n\t\t\t\t<div class=\"elementor-widget-container\">\n\t\t\t\t\t\t\t\t\t<p style=\"text-align: justify;\"><span style=\"color: #a3bccd;\">There currently are no exact figures and reliable statistics on how many people from the Tartu area left Estonia in the autumn of 1944 and where they went. The population of Tartu was 59,500 in 1941, but only 34,000 in 1945. The war had significantly altered the city\u2019s external appearance as well as its demographic structure.<\/span><\/p>\t\t\t\t\t\t\t\t<\/div>\n\t\t\t\t<\/div>\n\t\t\t\t\t<\/div>\n\t\t\t\t<\/div>\n\t\t<div class=\"elementor-element elementor-element-553feb4b e-flex e-con-boxed e-con e-parent\" data-id=\"553feb4b\" data-element_type=\"container\" data-e-type=\"container\">\n\t\t\t\t\t<div class=\"e-con-inner\">\n\t\t\t\t<div class=\"elementor-element elementor-element-75ff14c6 elementor-widget elementor-widget-image\" data-id=\"75ff14c6\" data-element_type=\"widget\" data-e-type=\"widget\" data-widget_type=\"image.default\">\n\t\t\t\t<div class=\"elementor-widget-container\">\n\t\t\t\t\t\t\t\t\t\t\t\t\t\t\t<img fetchpriority=\"high\" decoding=\"async\" width=\"8667\" height=\"334\" src=\"https:\/\/2024.wwii-refugees.ee\/wp-content\/uploads\/2024\/04\/WWII_refugees_visuals_LAINE_3.png\" class=\"attachment-full size-full wp-image-121\" alt=\"\" srcset=\"https:\/\/2024.wwii-refugees.ee\/wp-content\/uploads\/2024\/04\/WWII_refugees_visuals_LAINE_3.png 8667w, https:\/\/2024.wwii-refugees.ee\/wp-content\/uploads\/2024\/04\/WWII_refugees_visuals_LAINE_3-300x12.png 300w, https:\/\/2024.wwii-refugees.ee\/wp-content\/uploads\/2024\/04\/WWII_refugees_visuals_LAINE_3-1024x39.png 1024w, https:\/\/2024.wwii-refugees.ee\/wp-content\/uploads\/2024\/04\/WWII_refugees_visuals_LAINE_3-768x30.png 768w, https:\/\/2024.wwii-refugees.ee\/wp-content\/uploads\/2024\/04\/WWII_refugees_visuals_LAINE_3-1536x59.png 1536w, https:\/\/2024.wwii-refugees.ee\/wp-content\/uploads\/2024\/04\/WWII_refugees_visuals_LAINE_3-2048x79.png 2048w\" sizes=\"(max-width: 8667px) 100vw, 8667px\" \/>\t\t\t\t\t\t\t\t\t\t\t\t\t\t\t<\/div>\n\t\t\t\t<\/div>\n\t\t\t\t\t<\/div>\n\t\t\t\t<\/div>\n\t\t<div class=\"elementor-element elementor-element-e3a90f0 e-flex e-con-boxed e-con e-parent\" data-id=\"e3a90f0\" data-element_type=\"container\" data-e-type=\"container\">\n\t\t\t\t\t<div class=\"e-con-inner\">\n\t\t\t\t<div class=\"elementor-element elementor-element-90641a4 elementor-widget-divider--view-line elementor-widget elementor-widget-divider\" data-id=\"90641a4\" data-element_type=\"widget\" data-e-type=\"widget\" data-widget_type=\"divider.default\">\n\t\t\t\t<div class=\"elementor-widget-container\">\n\t\t\t\t\t\t\t<div class=\"elementor-divider\">\n\t\t\t<span class=\"elementor-divider-separator\">\n\t\t\t\t\t\t<\/span>\n\t\t<\/div>\n\t\t\t\t\t\t<\/div>\n\t\t\t\t<\/div>\n\t\t\t\t\t<\/div>\n\t\t\t\t<\/div>\n\t\t<div class=\"elementor-element elementor-element-f2b435c e-flex e-con-boxed e-con e-parent\" data-id=\"f2b435c\" data-element_type=\"container\" data-e-type=\"container\">\n\t\t\t\t\t<div class=\"e-con-inner\">\n\t\t\t\t<div class=\"elementor-element elementor-element-c65d20e elementor-widget elementor-widget-heading\" data-id=\"c65d20e\" data-element_type=\"widget\" data-e-type=\"widget\" data-widget_type=\"heading.default\">\n\t\t\t\t<div class=\"elementor-widget-container\">\n\t\t\t\t\t<h2 class=\"elementor-heading-title elementor-size-default\">LAHKUMINE TALLINNAST<\/h2>\t\t\t\t<\/div>\n\t\t\t\t<\/div>\n\t\t\t\t\t<\/div>\n\t\t\t\t<\/div>\n\t\t<div class=\"elementor-element elementor-element-7b3630d e-flex e-con-boxed e-con e-parent\" data-id=\"7b3630d\" data-element_type=\"container\" data-e-type=\"container\">\n\t\t\t\t\t<div class=\"e-con-inner\">\n\t\t\t\t<div class=\"elementor-element elementor-element-27a0640 elementor-widget elementor-widget-heading\" data-id=\"27a0640\" data-element_type=\"widget\" data-e-type=\"widget\" data-widget_type=\"heading.default\">\n\t\t\t\t<div class=\"elementor-widget-container\">\n\t\t\t\t\t<h3 class=\"elementor-heading-title elementor-size-default\">FLIGHT FROM TALLINN<\/h3>\t\t\t\t<\/div>\n\t\t\t\t<\/div>\n\t\t\t\t\t<\/div>\n\t\t\t\t<\/div>\n\t\t<div class=\"elementor-element elementor-element-a1498e4 e-flex e-con-boxed e-con e-parent\" data-id=\"a1498e4\" data-element_type=\"container\" data-e-type=\"container\">\n\t\t\t\t\t<div class=\"e-con-inner\">\n\t\t\t\t<div class=\"elementor-element elementor-element-1eb27c4 elementor-widget elementor-widget-heading\" data-id=\"1eb27c4\" data-element_type=\"widget\" data-e-type=\"widget\" data-widget_type=\"heading.default\">\n\t\t\t\t<div class=\"elementor-widget-container\">\n\t\t\t\t\t<h6 class=\"elementor-heading-title elementor-size-default\">Koostaja\/Compiled by: Meelis Maripuu, \u00dclle Kraft, Aivar Niglas<\/h6>\t\t\t\t<\/div>\n\t\t\t\t<\/div>\n\t\t\t\t\t<\/div>\n\t\t\t\t<\/div>\n\t\t<div class=\"elementor-element elementor-element-5d2ffb2 e-flex e-con-boxed e-con e-parent\" data-id=\"5d2ffb2\" data-element_type=\"container\" data-e-type=\"container\">\n\t\t\t\t\t<div class=\"e-con-inner\">\n\t\t\t\t<div class=\"elementor-element elementor-element-93c8622 elementor-widget elementor-widget-menu-anchor\" data-id=\"93c8622\" data-element_type=\"widget\" data-e-type=\"widget\" data-widget_type=\"menu-anchor.default\">\n\t\t\t\t<div class=\"elementor-widget-container\">\n\t\t\t\t\t\t\t<div class=\"elementor-menu-anchor\" id=\"Tallinn\"><\/div>\n\t\t\t\t\t\t<\/div>\n\t\t\t\t<\/div>\n\t\t\t\t\t<\/div>\n\t\t\t\t<\/div>\n\t\t<div class=\"elementor-element elementor-element-972d24f e-flex e-con-boxed e-con e-parent\" data-id=\"972d24f\" data-element_type=\"container\" data-e-type=\"container\">\n\t\t\t\t\t<div class=\"e-con-inner\">\n\t\t\t\t<div class=\"elementor-element elementor-element-7c6b8d5 elementor-invisible elementor-widget elementor-widget-text-editor\" data-id=\"7c6b8d5\" data-element_type=\"widget\" data-e-type=\"widget\" data-settings=\"{&quot;_animation&quot;:&quot;slideInLeft&quot;}\" data-widget_type=\"text-editor.default\">\n\t\t\t\t<div class=\"elementor-widget-container\">\n\t\t\t\t\t\t\t\t\t<p style=\"text-align: justify;\"><span style=\"color: #397c99;\"><strong>1944. aasta aprillis, kui Punaarmee surus Eesti piiridele, oli Saksa v\u00e4ejuhatus otsustanud Tallinna v\u00e4lja ehitada \u201ekindlustatud linnaks\u201c (Fester Platz), mis pidanuks pikemat aega vastu pidama vastase r\u00fcnnakutele. Soome vaherahu NSV Liiduga 4. septembril ning v\u00e4ljumine s\u00f5jast j\u00e4ttis siinse rinde p\u00f5hjatiiva kaitseta ning muutis s\u00f5jalist olukorda drastiliselt. Kuigi Hitler oli andnud k\u00e4su rinnet iga hinna eest hoida, alustas maav\u00e4gede juhtkond kiireid ettevalmistusi Eestist taandumiseks. 14. septembril alustas Punaarmee siinses piirkonnas ulatuslikku pealetungi.<\/strong><\/span><\/p>\t\t\t\t\t\t\t\t<\/div>\n\t\t\t\t<\/div>\n\t\t\t\t\t<\/div>\n\t\t\t\t<\/div>\n\t\t<div class=\"elementor-element elementor-element-e5aecb6 e-flex e-con-boxed e-con e-parent\" data-id=\"e5aecb6\" data-element_type=\"container\" data-e-type=\"container\">\n\t\t\t\t\t<div class=\"e-con-inner\">\n\t\t\t\t<div class=\"elementor-element elementor-element-0448665 elementor-invisible elementor-widget elementor-widget-text-editor\" data-id=\"0448665\" data-element_type=\"widget\" data-e-type=\"widget\" data-settings=\"{&quot;_animation&quot;:&quot;slideInRight&quot;}\" data-widget_type=\"text-editor.default\">\n\t\t\t\t<div class=\"elementor-widget-container\">\n\t\t\t\t\t\t\t\t\t<p style=\"text-align: justify;\"><span style=\"color: #a3bccd;\">In April of 1944, when the Red Army approached Estonia\u2019s borders, German Army Command had decided to turn Tallinn into a \u2018fortified city\u2019 (Fester Platz), which was meant to withstand enemy attacks at length. Finland\u2019s ceasefire with the Soviet Union on 4 September and its exit from the war left the northern flank of the front in Estonia defenceless and drastically altered the military situation. Although Hitler had issued an order to hold the front at all costs, German Ground Forces Command started rapid preparations for retreating from Estonia. On 14 September, the Red Army launched an extensive offensive in the region around Estonia.<\/span><\/p>\t\t\t\t\t\t\t\t<\/div>\n\t\t\t\t<\/div>\n\t\t\t\t\t<\/div>\n\t\t\t\t<\/div>\n\t\t<div class=\"elementor-element elementor-element-56f982f e-flex e-con-boxed e-con e-parent\" data-id=\"56f982f\" data-element_type=\"container\" data-e-type=\"container\">\n\t\t\t\t\t<div class=\"e-con-inner\">\n\t\t<div class=\"elementor-element elementor-element-eacf205 e-con-full e-flex e-con e-child\" data-id=\"eacf205\" data-element_type=\"container\" data-e-type=\"container\">\n\t\t\t\t<div class=\"elementor-element elementor-element-0ce3e7a elementor-invisible elementor-widget elementor-widget-text-editor\" data-id=\"0ce3e7a\" data-element_type=\"widget\" data-e-type=\"widget\" data-settings=\"{&quot;_animation&quot;:&quot;fadeInRight&quot;}\" data-widget_type=\"text-editor.default\">\n\t\t\t\t<div class=\"elementor-widget-container\">\n\t\t\t\t\t\t\t\t\t<p style=\"text-align: justify;\"><strong><span style=\"color: #397c99;\">Punaarmee vanemleitnant J. Strut\u0161enkovi tankibrigaad Tallinna l\u00e4histel.<\/span><\/strong><\/p><p style=\"text-align: justify;\"><span style=\"color: #a3bccd;\">Red Army First Lieutenant J. Strut\u0161enkov\u2019s tank brigade near Tallinn.<\/span><\/p><p style=\"text-align: right;\"><span style=\"color: #397c99;\"><strong>Illustratsioon \/ illustration: RA<\/strong><\/span><\/p><p style=\"text-align: right;\"><span style=\"color: #397c99;\"><strong>\u00a0<\/strong><\/span><\/p>\t\t\t\t\t\t\t\t<\/div>\n\t\t\t\t<\/div>\n\t\t\t\t<\/div>\n\t\t<div class=\"elementor-element elementor-element-dcadadf e-con-full e-flex e-con e-child\" data-id=\"dcadadf\" data-element_type=\"container\" data-e-type=\"container\">\n\t\t\t\t<div class=\"elementor-element elementor-element-4028bfc elementor-invisible elementor-widget elementor-widget-image\" data-id=\"4028bfc\" data-element_type=\"widget\" data-e-type=\"widget\" data-settings=\"{&quot;_animation&quot;:&quot;fadeInLeft&quot;}\" data-widget_type=\"image.default\">\n\t\t\t\t<div class=\"elementor-widget-container\">\n\t\t\t\t\t\t\t\t\t\t\t\t\t\t\t\t<a href=\"https:\/\/2024.wwii-refugees.ee\/wp-content\/uploads\/2024\/12\/46.png\" data-elementor-open-lightbox=\"yes\" data-elementor-lightbox-title=\"46\" data-e-action-hash=\"#elementor-action%3Aaction%3Dlightbox%26settings%3DeyJpZCI6MTA2MywidXJsIjoiaHR0cHM6XC9cLzIwMjQud3dpaS1yZWZ1Z2Vlcy5lZVwvd3AtY29udGVudFwvdXBsb2Fkc1wvMjAyNFwvMTJcLzQ2LnBuZyJ9\">\n\t\t\t\t\t\t\t<img loading=\"lazy\" decoding=\"async\" width=\"1024\" height=\"753\" src=\"https:\/\/2024.wwii-refugees.ee\/wp-content\/uploads\/2024\/12\/46-1024x753.png\" class=\"attachment-large size-large wp-image-1063\" alt=\"\" srcset=\"https:\/\/2024.wwii-refugees.ee\/wp-content\/uploads\/2024\/12\/46-1024x753.png 1024w, https:\/\/2024.wwii-refugees.ee\/wp-content\/uploads\/2024\/12\/46-300x221.png 300w, https:\/\/2024.wwii-refugees.ee\/wp-content\/uploads\/2024\/12\/46-768x565.png 768w, https:\/\/2024.wwii-refugees.ee\/wp-content\/uploads\/2024\/12\/46-1536x1130.png 1536w, https:\/\/2024.wwii-refugees.ee\/wp-content\/uploads\/2024\/12\/46.png 1648w\" sizes=\"(max-width: 1024px) 100vw, 1024px\" \/>\t\t\t\t\t\t\t\t<\/a>\n\t\t\t\t\t\t\t\t\t\t\t\t\t\t\t<\/div>\n\t\t\t\t<\/div>\n\t\t\t\t<\/div>\n\t\t\t\t\t<\/div>\n\t\t\t\t<\/div>\n\t\t<div class=\"elementor-element elementor-element-338f85d e-flex e-con-boxed e-con e-parent\" data-id=\"338f85d\" data-element_type=\"container\" data-e-type=\"container\">\n\t\t\t\t\t<div class=\"e-con-inner\">\n\t\t\t\t<div class=\"elementor-element elementor-element-9d6451f elementor-invisible elementor-widget elementor-widget-text-editor\" data-id=\"9d6451f\" data-element_type=\"widget\" data-e-type=\"widget\" data-settings=\"{&quot;_animation&quot;:&quot;slideInLeft&quot;}\" data-widget_type=\"text-editor.default\">\n\t\t\t\t<div class=\"elementor-widget-container\">\n\t\t\t\t\t\t\t\t\t<p style=\"text-align: justify;\"><span style=\"color: #397c99;\"><strong>16. septembril andis Hitler siiski n\u00f5usoleku evakueerimisplaani \u201eAster\u201c k\u00e4ivitamiseks, kuna vastasel korral \u00e4hvardas kogu v\u00e4egruppi Nord kotti j\u00e4\u00e4mine. Algse kava kohaselt pidi Tallinna evakueerimiseks kuluma 12 p\u00e4eva, kuid Punaarmee \u00fcha tugevneva surve all viidi see l\u00e4bi kuue p\u00e4evaga. 28. septembriks oli juba kogu Mandri-Eesti langenud N\u00f5ukogude okupatsiooni alla.<\/strong><\/span><\/p>\t\t\t\t\t\t\t\t<\/div>\n\t\t\t\t<\/div>\n\t\t\t\t\t<\/div>\n\t\t\t\t<\/div>\n\t\t<div class=\"elementor-element elementor-element-fb47e3f e-flex e-con-boxed e-con e-parent\" data-id=\"fb47e3f\" data-element_type=\"container\" data-e-type=\"container\">\n\t\t\t\t\t<div class=\"e-con-inner\">\n\t\t\t\t<div class=\"elementor-element elementor-element-b4701d2 elementor-invisible elementor-widget elementor-widget-text-editor\" data-id=\"b4701d2\" data-element_type=\"widget\" data-e-type=\"widget\" data-settings=\"{&quot;_animation&quot;:&quot;slideInRight&quot;}\" data-widget_type=\"text-editor.default\">\n\t\t\t\t<div class=\"elementor-widget-container\">\n\t\t\t\t\t\t\t\t\t<p style=\"text-align: justify;\"><span style=\"color: #a3bccd;\">On 16 September, Hitler nevertheless granted his consent for implementing the Aster evacuation plan since otherwise the entire Nord Army Group was in danger of being encircled. The initial plan estimated that it would take 12 days to evacuate Tallinn, yet under ever increasing Red Army pressure, it was completed in six days. By 28 September, the Soviets already occupied all of continental Estonia.<\/span><\/p>\t\t\t\t\t\t\t\t<\/div>\n\t\t\t\t<\/div>\n\t\t\t\t\t<\/div>\n\t\t\t\t<\/div>\n\t\t<div class=\"elementor-element elementor-element-6ec007b e-flex e-con-boxed e-con e-parent\" data-id=\"6ec007b\" data-element_type=\"container\" data-e-type=\"container\" data-settings=\"{&quot;background_background&quot;:&quot;gradient&quot;}\">\n\t\t\t\t\t<div class=\"e-con-inner\">\n\t\t<div class=\"elementor-element elementor-element-3920e47 e-con-full e-flex e-con e-child\" data-id=\"3920e47\" data-element_type=\"container\" data-e-type=\"container\">\n\t\t\t\t<div class=\"elementor-element elementor-element-e675513 elementor-invisible elementor-widget elementor-widget-image\" data-id=\"e675513\" data-element_type=\"widget\" data-e-type=\"widget\" data-settings=\"{&quot;_animation&quot;:&quot;fadeInRight&quot;}\" data-widget_type=\"image.default\">\n\t\t\t\t<div class=\"elementor-widget-container\">\n\t\t\t\t\t\t\t\t\t\t\t\t\t\t\t\t<a href=\"https:\/\/2024.wwii-refugees.ee\/wp-content\/uploads\/2024\/12\/47.png\" data-elementor-open-lightbox=\"yes\" data-elementor-lightbox-title=\"47\" data-e-action-hash=\"#elementor-action%3Aaction%3Dlightbox%26settings%3DeyJpZCI6MTA2NCwidXJsIjoiaHR0cHM6XC9cLzIwMjQud3dpaS1yZWZ1Z2Vlcy5lZVwvd3AtY29udGVudFwvdXBsb2Fkc1wvMjAyNFwvMTJcLzQ3LnBuZyJ9\">\n\t\t\t\t\t\t\t<img loading=\"lazy\" decoding=\"async\" width=\"1643\" height=\"1039\" src=\"https:\/\/2024.wwii-refugees.ee\/wp-content\/uploads\/2024\/12\/47.png\" class=\"attachment-full size-full wp-image-1064\" alt=\"\" srcset=\"https:\/\/2024.wwii-refugees.ee\/wp-content\/uploads\/2024\/12\/47.png 1643w, https:\/\/2024.wwii-refugees.ee\/wp-content\/uploads\/2024\/12\/47-300x190.png 300w, https:\/\/2024.wwii-refugees.ee\/wp-content\/uploads\/2024\/12\/47-1024x648.png 1024w, https:\/\/2024.wwii-refugees.ee\/wp-content\/uploads\/2024\/12\/47-768x486.png 768w, https:\/\/2024.wwii-refugees.ee\/wp-content\/uploads\/2024\/12\/47-1536x971.png 1536w\" sizes=\"(max-width: 1643px) 100vw, 1643px\" \/>\t\t\t\t\t\t\t\t<\/a>\n\t\t\t\t\t\t\t\t\t\t\t\t\t\t\t<\/div>\n\t\t\t\t<\/div>\n\t\t\t\t<\/div>\n\t\t<div class=\"elementor-element elementor-element-69cd1bd e-con-full e-flex e-con e-child\" data-id=\"69cd1bd\" data-element_type=\"container\" data-e-type=\"container\">\n\t\t<div class=\"elementor-element elementor-element-c93f6f0 e-con-full e-flex e-con e-child\" data-id=\"c93f6f0\" data-element_type=\"container\" data-e-type=\"container\" data-settings=\"{&quot;background_background&quot;:&quot;gradient&quot;}\">\n\t\t\t\t<div class=\"elementor-element elementor-element-b754824 elementor-invisible elementor-widget elementor-widget-text-editor\" data-id=\"b754824\" data-element_type=\"widget\" data-e-type=\"widget\" data-settings=\"{&quot;_animation&quot;:&quot;fadeInLeft&quot;}\" data-widget_type=\"text-editor.default\">\n\t\t\t\t<div class=\"elementor-widget-container\">\n\t\t\t\t\t\t\t\t\t<p style=\"text-align: justify;\"><strong>Saksa komandantuuri sildi mahav\u00f5tmine Harju t\u00e4nav 13 hoonelt.<\/strong><\/p><p style=\"text-align: justify;\">The German Commandant\u2019s Offi ce sign is taken down from the building at Harju Street 13.<\/p><p style=\"text-align: right;\"><strong>Illustratsioon \/ illustration: TLM<\/strong><\/p>\t\t\t\t\t\t\t\t<\/div>\n\t\t\t\t<\/div>\n\t\t\t\t<\/div>\n\t\t\t\t<\/div>\n\t\t\t\t\t<\/div>\n\t\t\t\t<\/div>\n\t\t<div class=\"elementor-element elementor-element-388cafe e-flex e-con-boxed e-con e-parent\" data-id=\"388cafe\" data-element_type=\"container\" data-e-type=\"container\">\n\t\t\t\t\t<div class=\"e-con-inner\">\n\t\t<div class=\"elementor-element elementor-element-327fae0 e-con-full e-flex e-con e-child\" data-id=\"327fae0\" data-element_type=\"container\" data-e-type=\"container\">\n\t\t\t\t<div class=\"elementor-element elementor-element-f113a3f elementor-invisible elementor-widget elementor-widget-text-editor\" data-id=\"f113a3f\" data-element_type=\"widget\" data-e-type=\"widget\" data-settings=\"{&quot;_animation&quot;:&quot;fadeInRight&quot;}\" data-widget_type=\"text-editor.default\">\n\t\t\t\t<div class=\"elementor-widget-container\">\n\t\t\t\t\t\t\t\t\t<p style=\"text-align: justify;\"><strong><span style=\"color: #397c99;\">Suitsupilv Tallinna kohal.<\/span><\/strong><\/p><p style=\"text-align: justify;\"><span style=\"color: #a3bccd;\">Cloud of smoke above Tallinn.<\/span><\/p><p style=\"text-align: right;\"><span style=\"color: #397c99;\"><strong>Illustratsioon \/ illustration: TLM<br \/><\/strong><\/span><\/p><p style=\"text-align: right;\"><span style=\"color: #397c99;\"><strong>\u00a0<\/strong><\/span><\/p>\t\t\t\t\t\t\t\t<\/div>\n\t\t\t\t<\/div>\n\t\t\t\t<\/div>\n\t\t<div class=\"elementor-element elementor-element-a47a3f8 e-con-full e-flex e-con e-child\" data-id=\"a47a3f8\" data-element_type=\"container\" data-e-type=\"container\">\n\t\t\t\t<div class=\"elementor-element elementor-element-a760839 elementor-invisible elementor-widget elementor-widget-image\" data-id=\"a760839\" data-element_type=\"widget\" data-e-type=\"widget\" data-settings=\"{&quot;_animation&quot;:&quot;fadeInLeft&quot;}\" data-widget_type=\"image.default\">\n\t\t\t\t<div class=\"elementor-widget-container\">\n\t\t\t\t\t\t\t\t\t\t\t\t\t\t\t\t<a href=\"https:\/\/2024.wwii-refugees.ee\/wp-content\/uploads\/2024\/12\/48.png\" data-elementor-open-lightbox=\"yes\" data-elementor-lightbox-title=\"48\" data-e-action-hash=\"#elementor-action%3Aaction%3Dlightbox%26settings%3DeyJpZCI6MTA2NSwidXJsIjoiaHR0cHM6XC9cLzIwMjQud3dpaS1yZWZ1Z2Vlcy5lZVwvd3AtY29udGVudFwvdXBsb2Fkc1wvMjAyNFwvMTJcLzQ4LnBuZyJ9\">\n\t\t\t\t\t\t\t<img loading=\"lazy\" decoding=\"async\" width=\"1024\" height=\"690\" src=\"https:\/\/2024.wwii-refugees.ee\/wp-content\/uploads\/2024\/12\/48-1024x690.png\" class=\"attachment-large size-large wp-image-1065\" alt=\"\" srcset=\"https:\/\/2024.wwii-refugees.ee\/wp-content\/uploads\/2024\/12\/48-1024x690.png 1024w, https:\/\/2024.wwii-refugees.ee\/wp-content\/uploads\/2024\/12\/48-300x202.png 300w, https:\/\/2024.wwii-refugees.ee\/wp-content\/uploads\/2024\/12\/48-768x517.png 768w, https:\/\/2024.wwii-refugees.ee\/wp-content\/uploads\/2024\/12\/48-1536x1035.png 1536w, https:\/\/2024.wwii-refugees.ee\/wp-content\/uploads\/2024\/12\/48.png 1639w\" sizes=\"(max-width: 1024px) 100vw, 1024px\" \/>\t\t\t\t\t\t\t\t<\/a>\n\t\t\t\t\t\t\t\t\t\t\t\t\t\t\t<\/div>\n\t\t\t\t<\/div>\n\t\t\t\t<\/div>\n\t\t\t\t\t<\/div>\n\t\t\t\t<\/div>\n\t\t<div class=\"elementor-element elementor-element-08ccab7 e-flex e-con-boxed e-con e-parent\" data-id=\"08ccab7\" data-element_type=\"container\" data-e-type=\"container\">\n\t\t\t\t\t<div class=\"e-con-inner\">\n\t\t\t\t<div class=\"elementor-element elementor-element-c652d38 elementor-invisible elementor-widget elementor-widget-text-editor\" data-id=\"c652d38\" data-element_type=\"widget\" data-e-type=\"widget\" data-settings=\"{&quot;_animation&quot;:&quot;slideInLeft&quot;}\" data-widget_type=\"text-editor.default\">\n\t\t\t\t<div class=\"elementor-widget-container\">\n\t\t\t\t\t\t\t\t\t<p style=\"text-align: justify;\"><span style=\"color: #397c99;\"><strong>17. septembril algas Punaarmee r\u00fcnnak Emaj\u00f5e rindel ja see murti l\u00e4bi. Tallinna evakueerimist pidi ca 10 000 mehega katma kindral Gerocki lahingugrupp, kellele allutati ka Tallinna komandandi, kindralmajori Artur Bisle ja Paldiski komandandi lahingugrupid. Evakuatsiooni korraldamise p\u00f5hiraskus langes Idapoolse L\u00e4\u00e4nemere Admiralile, (Kommandierender Admiral \u00f6stliche Ostsee) viitseadmiral Theodor Burchardile. Tema k\u00e4sutuses oli selleks umbes 50 erinevat ujuvvahendit, kuid neid tuli alles hakata Tallinna koondama ja suurem hulk laevu j\u00f5udis Tallinnasse alles 19. septembril. Saksa evakueerimiskomissari hinnangu kohaselt oli lisaks s\u00f5jav\u00e4elastele vaja evakueerida 35 000 isikut.<\/strong><\/span><\/p>\t\t\t\t\t\t\t\t<\/div>\n\t\t\t\t<\/div>\n\t\t\t\t\t<\/div>\n\t\t\t\t<\/div>\n\t\t<div class=\"elementor-element elementor-element-ccb163f e-flex e-con-boxed e-con e-parent\" data-id=\"ccb163f\" data-element_type=\"container\" data-e-type=\"container\">\n\t\t\t\t\t<div class=\"e-con-inner\">\n\t\t\t\t<div class=\"elementor-element elementor-element-629f918 elementor-invisible elementor-widget elementor-widget-text-editor\" data-id=\"629f918\" data-element_type=\"widget\" data-e-type=\"widget\" data-settings=\"{&quot;_animation&quot;:&quot;slideInRight&quot;}\" data-widget_type=\"text-editor.default\">\n\t\t\t\t<div class=\"elementor-widget-container\">\n\t\t\t\t\t\t\t\t\t<p style=\"text-align: justify;\"><span style=\"color: #a3bccd;\">On 17 September, the Red Army offensive along the Emaj\u00f5gi Front began and achieved a breakthrough. General Gerock\u2019s battle group of about 10,000 men was assigned to cover the evacuation of Tallinn. The battle groups of the commandants of Tallinn, Major General Artur Bisle, and Paldiski were additionally placed under Gerock\u2019s command. Vice Admiral Theodor Burchard, the Kommandierender Admiral \u00f6stliche Ostsee (Commanding Admiral of the eastern Baltic Sea), was assigned the main responsibility for organising the evacuation. He had about 50 various floating vessels at his disposal for this purpose, but they were not at Tallinn yet. He had to start having them sent to Tallinn. Most of the ships did not reach Tallinn until 19 September. According to the estimation of the German evacuation commissar, 35,000 persons had to be evacuated in addition to military personnel.<\/span><\/p>\t\t\t\t\t\t\t\t<\/div>\n\t\t\t\t<\/div>\n\t\t\t\t\t<\/div>\n\t\t\t\t<\/div>\n\t\t<div class=\"elementor-element elementor-element-83f1e03 e-flex e-con-boxed e-con e-parent\" data-id=\"83f1e03\" data-element_type=\"container\" data-e-type=\"container\" data-settings=\"{&quot;background_background&quot;:&quot;gradient&quot;}\">\n\t\t\t\t\t<div class=\"e-con-inner\">\n\t\t<div class=\"elementor-element elementor-element-95496b9 e-con-full e-flex e-con e-child\" data-id=\"95496b9\" data-element_type=\"container\" data-e-type=\"container\">\n\t\t\t\t<div class=\"elementor-element elementor-element-b8550ba elementor-invisible elementor-widget elementor-widget-image\" data-id=\"b8550ba\" data-element_type=\"widget\" data-e-type=\"widget\" data-settings=\"{&quot;_animation&quot;:&quot;fadeInRight&quot;}\" data-widget_type=\"image.default\">\n\t\t\t\t<div class=\"elementor-widget-container\">\n\t\t\t\t\t\t\t\t\t\t\t\t\t\t\t\t<a href=\"https:\/\/2024.wwii-refugees.ee\/wp-content\/uploads\/2024\/12\/49.png\" data-elementor-open-lightbox=\"yes\" data-elementor-lightbox-title=\"49\" data-e-action-hash=\"#elementor-action%3Aaction%3Dlightbox%26settings%3DeyJpZCI6MTA2NiwidXJsIjoiaHR0cHM6XC9cLzIwMjQud3dpaS1yZWZ1Z2Vlcy5lZVwvd3AtY29udGVudFwvdXBsb2Fkc1wvMjAyNFwvMTJcLzQ5LnBuZyJ9\">\n\t\t\t\t\t\t\t<img loading=\"lazy\" decoding=\"async\" width=\"1475\" height=\"2019\" src=\"https:\/\/2024.wwii-refugees.ee\/wp-content\/uploads\/2024\/12\/49.png\" class=\"attachment-full size-full wp-image-1066\" alt=\"\" srcset=\"https:\/\/2024.wwii-refugees.ee\/wp-content\/uploads\/2024\/12\/49.png 1475w, https:\/\/2024.wwii-refugees.ee\/wp-content\/uploads\/2024\/12\/49-219x300.png 219w, https:\/\/2024.wwii-refugees.ee\/wp-content\/uploads\/2024\/12\/49-748x1024.png 748w, https:\/\/2024.wwii-refugees.ee\/wp-content\/uploads\/2024\/12\/49-768x1051.png 768w, https:\/\/2024.wwii-refugees.ee\/wp-content\/uploads\/2024\/12\/49-1122x1536.png 1122w\" sizes=\"(max-width: 1475px) 100vw, 1475px\" \/>\t\t\t\t\t\t\t\t<\/a>\n\t\t\t\t\t\t\t\t\t\t\t\t\t\t\t<\/div>\n\t\t\t\t<\/div>\n\t\t\t\t<\/div>\n\t\t<div class=\"elementor-element elementor-element-3534d3c e-con-full e-flex e-con e-child\" data-id=\"3534d3c\" data-element_type=\"container\" data-e-type=\"container\">\n\t\t<div class=\"elementor-element elementor-element-8a5c08f e-con-full e-flex e-con e-child\" data-id=\"8a5c08f\" data-element_type=\"container\" data-e-type=\"container\" data-settings=\"{&quot;background_background&quot;:&quot;gradient&quot;}\">\n\t\t\t\t<div class=\"elementor-element elementor-element-3c68b52 elementor-invisible elementor-widget elementor-widget-text-editor\" data-id=\"3c68b52\" data-element_type=\"widget\" data-e-type=\"widget\" data-settings=\"{&quot;_animation&quot;:&quot;fadeInLeft&quot;}\" data-widget_type=\"text-editor.default\">\n\t\t\t\t<div class=\"elementor-widget-container\">\n\t\t\t\t\t\t\t\t\t<p style=\"text-align: justify;\"><strong>Kodumaalt p\u00f5geneda soovijad Soome saatkonna ees, lootuses saada luba.<\/strong><\/p><p style=\"text-align: justify;\">People who wanted to flee from their homeland gathered in front of the Finnish Embassy in the hope of obtaining permits.<\/p><p style=\"text-align: right;\"><strong>Illustratsioon \/ illustration: RA, autor \/ author: A. Kalm<\/strong><\/p>\t\t\t\t\t\t\t\t<\/div>\n\t\t\t\t<\/div>\n\t\t\t\t<\/div>\n\t\t\t\t<\/div>\n\t\t\t\t\t<\/div>\n\t\t\t\t<\/div>\n\t\t<div class=\"elementor-element elementor-element-3580e94 e-flex e-con-boxed e-con e-parent\" data-id=\"3580e94\" data-element_type=\"container\" data-e-type=\"container\">\n\t\t\t\t\t<div class=\"e-con-inner\">\n\t\t\t\t<div class=\"elementor-element elementor-element-77ff9fc elementor-invisible elementor-widget elementor-widget-text-editor\" data-id=\"77ff9fc\" data-element_type=\"widget\" data-e-type=\"widget\" data-settings=\"{&quot;_animation&quot;:&quot;slideInLeft&quot;}\" data-widget_type=\"text-editor.default\">\n\t\t\t\t<div class=\"elementor-widget-container\">\n\t\t\t\t\t\t\t\t\t<p style=\"text-align: justify;\"><span style=\"color: #397c99;\"><strong>18. septembril tunnistati l\u00f5plikult h\u00e4davajadust alustada kiireimas korras \u00fcksuste evakueerimist ning esimesed 3000 meest saadeti teele. Sadamas avanenud pilt r\u00e4\u00e4kis selget keelt sellest, et lahkujad \u00fcritasid kaasa viia suurt hulka keelatud s\u00f5jasaaki. Kaose v\u00e4ltimiseks otsustati karmilt toimuvasse sekkuda ning j\u00e4rgmisel p\u00e4eval suudeti sadamas tagada rahuldav kord.<\/strong><\/span><\/p>\t\t\t\t\t\t\t\t<\/div>\n\t\t\t\t<\/div>\n\t\t\t\t\t<\/div>\n\t\t\t\t<\/div>\n\t\t<div class=\"elementor-element elementor-element-3b8fee4 e-flex e-con-boxed e-con e-parent\" data-id=\"3b8fee4\" data-element_type=\"container\" data-e-type=\"container\">\n\t\t\t\t\t<div class=\"e-con-inner\">\n\t\t\t\t<div class=\"elementor-element elementor-element-8ca280b elementor-invisible elementor-widget elementor-widget-text-editor\" data-id=\"8ca280b\" data-element_type=\"widget\" data-e-type=\"widget\" data-settings=\"{&quot;_animation&quot;:&quot;slideInRight&quot;}\" data-widget_type=\"text-editor.default\">\n\t\t\t\t<div class=\"elementor-widget-container\">\n\t\t\t\t\t\t\t\t\t<p style=\"text-align: justify;\"><span style=\"color: #a3bccd;\">The urgent need to start evacuating military units as quickly as possible was finally recognised on 18 September and the first 3,000 men were sent on their way. The scene at the harbour clearly indicated that the departees were trying to take along with them a large quantity of forbidden war booty. To prevent chaos, it was decided to harshly intervene in that, which was taking place there. Satisfactory order was successfully restored at the harbour on the next day.<\/span><\/p>\t\t\t\t\t\t\t\t<\/div>\n\t\t\t\t<\/div>\n\t\t\t\t\t<\/div>\n\t\t\t\t<\/div>\n\t\t<div class=\"elementor-element elementor-element-0bbb4b1 e-flex e-con-boxed e-con e-parent\" data-id=\"0bbb4b1\" data-element_type=\"container\" data-e-type=\"container\">\n\t\t\t\t\t<div class=\"e-con-inner\">\n\t\t<div class=\"elementor-element elementor-element-365a633 e-con-full e-flex e-con e-child\" data-id=\"365a633\" data-element_type=\"container\" data-e-type=\"container\">\n\t\t\t\t<div class=\"elementor-element elementor-element-b13f5ec elementor-invisible elementor-widget elementor-widget-text-editor\" data-id=\"b13f5ec\" data-element_type=\"widget\" data-e-type=\"widget\" data-settings=\"{&quot;_animation&quot;:&quot;fadeInRight&quot;}\" data-widget_type=\"text-editor.default\">\n\t\t\t\t<div class=\"elementor-widget-container\">\n\t\t\t\t\t\t\t\t\t<p style=\"text-align: justify;\"><strong><span style=\"color: #397c99;\">Admiral Pitka p\u00fc\u00fcdis organiseerida Eesti \u00fcksuste vastupanu Punaarmeele ja soovitas inimestel kodumaalt mitte p\u00f5geneda. Pitka \u00fcleskutsega lendlehtede jagamine 21. septembril 1944.<\/span><\/strong><\/p><p style=\"text-align: justify;\"><span style=\"color: #a3bccd;\">Admiral Pitka tried to organise resistance to the Red Army by Estonian units and urged people not to flee from their homeland. Distribution of flyers bearing Pitka\u2019s appeal, 21 September 1944.<\/span><\/p><p style=\"text-align: right;\"><span style=\"color: #397c99;\"><strong>Illustratsioon \/ illustration: RA<br \/><\/strong><\/span><\/p><p style=\"text-align: right;\"><span style=\"color: #397c99;\"><strong>\u00a0<\/strong><\/span><\/p>\t\t\t\t\t\t\t\t<\/div>\n\t\t\t\t<\/div>\n\t\t\t\t<\/div>\n\t\t<div class=\"elementor-element elementor-element-1bbc316 e-con-full e-flex e-con e-child\" data-id=\"1bbc316\" data-element_type=\"container\" data-e-type=\"container\">\n\t\t\t\t<div class=\"elementor-element elementor-element-01fcaed elementor-invisible elementor-widget elementor-widget-image\" data-id=\"01fcaed\" data-element_type=\"widget\" data-e-type=\"widget\" data-settings=\"{&quot;_animation&quot;:&quot;fadeInLeft&quot;}\" data-widget_type=\"image.default\">\n\t\t\t\t<div class=\"elementor-widget-container\">\n\t\t\t\t\t\t\t\t\t\t\t\t\t\t\t\t<a href=\"https:\/\/2024.wwii-refugees.ee\/wp-content\/uploads\/2024\/12\/50.png\" data-elementor-open-lightbox=\"yes\" data-elementor-lightbox-title=\"50\" data-e-action-hash=\"#elementor-action%3Aaction%3Dlightbox%26settings%3DeyJpZCI6MTA2NywidXJsIjoiaHR0cHM6XC9cLzIwMjQud3dpaS1yZWZ1Z2Vlcy5lZVwvd3AtY29udGVudFwvdXBsb2Fkc1wvMjAyNFwvMTJcLzUwLnBuZyJ9\">\n\t\t\t\t\t\t\t<img loading=\"lazy\" decoding=\"async\" width=\"1024\" height=\"671\" src=\"https:\/\/2024.wwii-refugees.ee\/wp-content\/uploads\/2024\/12\/50-1024x671.png\" class=\"attachment-large size-large wp-image-1067\" alt=\"\" srcset=\"https:\/\/2024.wwii-refugees.ee\/wp-content\/uploads\/2024\/12\/50-1024x671.png 1024w, https:\/\/2024.wwii-refugees.ee\/wp-content\/uploads\/2024\/12\/50-300x197.png 300w, https:\/\/2024.wwii-refugees.ee\/wp-content\/uploads\/2024\/12\/50-768x504.png 768w, https:\/\/2024.wwii-refugees.ee\/wp-content\/uploads\/2024\/12\/50.png 1464w\" sizes=\"(max-width: 1024px) 100vw, 1024px\" \/>\t\t\t\t\t\t\t\t<\/a>\n\t\t\t\t\t\t\t\t\t\t\t\t\t\t\t<\/div>\n\t\t\t\t<\/div>\n\t\t\t\t<\/div>\n\t\t\t\t\t<\/div>\n\t\t\t\t<\/div>\n\t\t<div class=\"elementor-element elementor-element-bcfffe1 e-flex e-con-boxed e-con e-parent\" data-id=\"bcfffe1\" data-element_type=\"container\" data-e-type=\"container\">\n\t\t\t\t\t<div class=\"e-con-inner\">\n\t\t\t\t<div class=\"elementor-element elementor-element-ec6eed4 elementor-invisible elementor-widget elementor-widget-text-editor\" data-id=\"ec6eed4\" data-element_type=\"widget\" data-e-type=\"widget\" data-settings=\"{&quot;_animation&quot;:&quot;slideInLeft&quot;}\" data-widget_type=\"text-editor.default\">\n\t\t\t\t<div class=\"elementor-widget-container\">\n\t\t\t\t\t\t\t\t\t<p style=\"text-align: justify;\"><span style=\"color: #397c99;\"><strong>Arvestades v\u00e4hest laevade hulka, otsustati evakueerimist vajavad vangid paigutada mitte laevadele, vaid saata jalgsimarsil Saaremaale, kust nad hiljem meritsi evakueeriti. Klooga koonduslaagris olnud juutide osas langetas SS paraku teistsuguse otsuse, seni kavas olnud evakueerimise asemel nad hukati. Tallinna keskvanglasse oli j\u00e4\u00e4nud veel \u00fcle 1500 vangi, kes saadeti samuti jalgsimarsil l\u00e4\u00e4neranniku suunas, kuid esmalt valvemeeskond ja seej\u00e4rel ka vangid hajusid enne sihtkohta j\u00f5udmist.<\/strong><\/span><\/p>\t\t\t\t\t\t\t\t<\/div>\n\t\t\t\t<\/div>\n\t\t\t\t\t<\/div>\n\t\t\t\t<\/div>\n\t\t<div class=\"elementor-element elementor-element-4e1dae8 e-flex e-con-boxed e-con e-parent\" data-id=\"4e1dae8\" data-element_type=\"container\" data-e-type=\"container\">\n\t\t\t\t\t<div class=\"e-con-inner\">\n\t\t\t\t<div class=\"elementor-element elementor-element-6a9cd60 elementor-invisible elementor-widget elementor-widget-text-editor\" data-id=\"6a9cd60\" data-element_type=\"widget\" data-e-type=\"widget\" data-settings=\"{&quot;_animation&quot;:&quot;slideInRight&quot;}\" data-widget_type=\"text-editor.default\">\n\t\t\t\t<div class=\"elementor-widget-container\">\n\t\t\t\t\t\t\t\t\t<p style=\"text-align: justify;\"><span style=\"color: #a3bccd;\">Considering the small quantity of ships available, it was decided not to place prisoners in need of evacuation on ships, but rather to send them on foot to Saaremaa, from where they were later evacuated by sea. Sadly, the SS made a different decision regarding Jews at the Klooga concentration camp. They were executed instead of the evacuation that had been planned until then. More than 1,500 prisoners still remained in Tallinn\u2019s central prison. They were similarly sent to march on foot towards the western coast, but first the convoy guards and thereafter the prisoners themselves dispersed before reaching their destination.<\/span><\/p>\t\t\t\t\t\t\t\t<\/div>\n\t\t\t\t<\/div>\n\t\t\t\t\t<\/div>\n\t\t\t\t<\/div>\n\t\t<div class=\"elementor-element elementor-element-8a06a6a e-flex e-con-boxed e-con e-parent\" data-id=\"8a06a6a\" data-element_type=\"container\" data-e-type=\"container\" data-settings=\"{&quot;background_background&quot;:&quot;gradient&quot;}\">\n\t\t\t\t\t<div class=\"e-con-inner\">\n\t\t<div class=\"elementor-element elementor-element-b222d2d e-con-full e-flex e-con e-child\" data-id=\"b222d2d\" data-element_type=\"container\" data-e-type=\"container\">\n\t\t\t\t<div class=\"elementor-element elementor-element-f19662f elementor-invisible elementor-widget elementor-widget-image\" data-id=\"f19662f\" data-element_type=\"widget\" data-e-type=\"widget\" data-settings=\"{&quot;_animation&quot;:&quot;fadeInRight&quot;}\" data-widget_type=\"image.default\">\n\t\t\t\t<div class=\"elementor-widget-container\">\n\t\t\t\t\t\t\t\t\t\t\t\t\t\t\t\t<a href=\"https:\/\/2024.wwii-refugees.ee\/wp-content\/uploads\/2024\/12\/51.png\" data-elementor-open-lightbox=\"yes\" data-elementor-lightbox-title=\"51\" data-e-action-hash=\"#elementor-action%3Aaction%3Dlightbox%26settings%3DeyJpZCI6MTA2OCwidXJsIjoiaHR0cHM6XC9cLzIwMjQud3dpaS1yZWZ1Z2Vlcy5lZVwvd3AtY29udGVudFwvdXBsb2Fkc1wvMjAyNFwvMTJcLzUxLnBuZyJ9\">\n\t\t\t\t\t\t\t<img loading=\"lazy\" decoding=\"async\" width=\"878\" height=\"1293\" src=\"https:\/\/2024.wwii-refugees.ee\/wp-content\/uploads\/2024\/12\/51.png\" class=\"attachment-full size-full wp-image-1068\" alt=\"\" srcset=\"https:\/\/2024.wwii-refugees.ee\/wp-content\/uploads\/2024\/12\/51.png 878w, https:\/\/2024.wwii-refugees.ee\/wp-content\/uploads\/2024\/12\/51-204x300.png 204w, https:\/\/2024.wwii-refugees.ee\/wp-content\/uploads\/2024\/12\/51-695x1024.png 695w, https:\/\/2024.wwii-refugees.ee\/wp-content\/uploads\/2024\/12\/51-768x1131.png 768w\" sizes=\"(max-width: 878px) 100vw, 878px\" \/>\t\t\t\t\t\t\t\t<\/a>\n\t\t\t\t\t\t\t\t\t\t\t\t\t\t\t<\/div>\n\t\t\t\t<\/div>\n\t\t\t\t<\/div>\n\t\t<div class=\"elementor-element elementor-element-9362ff3 e-con-full e-flex e-con e-child\" data-id=\"9362ff3\" data-element_type=\"container\" data-e-type=\"container\">\n\t\t<div class=\"elementor-element elementor-element-392fa8a e-con-full e-flex e-con e-child\" data-id=\"392fa8a\" data-element_type=\"container\" data-e-type=\"container\" data-settings=\"{&quot;background_background&quot;:&quot;gradient&quot;}\">\n\t\t\t\t<div class=\"elementor-element elementor-element-826bd89 elementor-invisible elementor-widget elementor-widget-text-editor\" data-id=\"826bd89\" data-element_type=\"widget\" data-e-type=\"widget\" data-settings=\"{&quot;_animation&quot;:&quot;fadeInLeft&quot;}\" data-widget_type=\"text-editor.default\">\n\t\t\t\t<div class=\"elementor-widget-container\">\n\t\t\t\t\t\t\t\t\t<p style=\"text-align: justify;\"><strong>18. septembri \u00f5htul andis Vabariigi Presidendi \u00fclesandeid t\u00e4itev J\u00fcri Uluots Otto Tiefi le \u00fcle valitsuse moodustamise k\u00e4skkirja: \u201eSakslased taganevad Eestist. Aeg on tegutseda! Koguge kokku valitsuse liikmed ning asuge tegevusse.\u201c<\/strong><\/p><p style=\"text-align: justify;\">On the evening of 18 September, J\u00fcri Uluots, acting in the duties of the President of the Republic of Estonia, handed Otto Tief the directive to form the government of the Republic of Estonia: \u2018The Germans are retreating from Estonia. Now is the time to act! Gather the members of the government together and take action.\u2019 Unfortunately, the formation of the Estonian government remained a symbolic act at that moment.<\/p><p style=\"text-align: right;\"><strong>Illustratsioon \/ illustration: TLM<\/strong><\/p>\t\t\t\t\t\t\t\t<\/div>\n\t\t\t\t<\/div>\n\t\t\t\t<\/div>\n\t\t\t\t<\/div>\n\t\t\t\t\t<\/div>\n\t\t\t\t<\/div>\n\t\t<div class=\"elementor-element elementor-element-649070e e-flex e-con-boxed e-con e-parent\" data-id=\"649070e\" data-element_type=\"container\" data-e-type=\"container\">\n\t\t\t\t\t<div class=\"e-con-inner\">\n\t\t\t\t<div class=\"elementor-element elementor-element-386fa22 elementor-widget elementor-widget-image\" data-id=\"386fa22\" data-element_type=\"widget\" data-e-type=\"widget\" data-widget_type=\"image.default\">\n\t\t\t\t<div class=\"elementor-widget-container\">\n\t\t\t\t\t\t\t\t\t\t\t\t\t\t\t<img fetchpriority=\"high\" decoding=\"async\" width=\"8667\" height=\"334\" src=\"https:\/\/2024.wwii-refugees.ee\/wp-content\/uploads\/2024\/04\/WWII_refugees_visuals_LAINE_3.png\" class=\"attachment-full size-full wp-image-121\" alt=\"\" srcset=\"https:\/\/2024.wwii-refugees.ee\/wp-content\/uploads\/2024\/04\/WWII_refugees_visuals_LAINE_3.png 8667w, https:\/\/2024.wwii-refugees.ee\/wp-content\/uploads\/2024\/04\/WWII_refugees_visuals_LAINE_3-300x12.png 300w, https:\/\/2024.wwii-refugees.ee\/wp-content\/uploads\/2024\/04\/WWII_refugees_visuals_LAINE_3-1024x39.png 1024w, https:\/\/2024.wwii-refugees.ee\/wp-content\/uploads\/2024\/04\/WWII_refugees_visuals_LAINE_3-768x30.png 768w, https:\/\/2024.wwii-refugees.ee\/wp-content\/uploads\/2024\/04\/WWII_refugees_visuals_LAINE_3-1536x59.png 1536w, https:\/\/2024.wwii-refugees.ee\/wp-content\/uploads\/2024\/04\/WWII_refugees_visuals_LAINE_3-2048x79.png 2048w\" sizes=\"(max-width: 8667px) 100vw, 8667px\" \/>\t\t\t\t\t\t\t\t\t\t\t\t\t\t\t<\/div>\n\t\t\t\t<\/div>\n\t\t\t\t\t<\/div>\n\t\t\t\t<\/div>\n\t\t<div class=\"elementor-element elementor-element-794dda1 e-flex e-con-boxed e-con e-parent\" data-id=\"794dda1\" data-element_type=\"container\" data-e-type=\"container\">\n\t\t\t\t\t<div class=\"e-con-inner\">\n\t\t\t\t<div class=\"elementor-element elementor-element-68f2154 elementor-widget-divider--view-line elementor-widget elementor-widget-divider\" data-id=\"68f2154\" data-element_type=\"widget\" data-e-type=\"widget\" data-widget_type=\"divider.default\">\n\t\t\t\t<div class=\"elementor-widget-container\">\n\t\t\t\t\t\t\t<div class=\"elementor-divider\">\n\t\t\t<span class=\"elementor-divider-separator\">\n\t\t\t\t\t\t<\/span>\n\t\t<\/div>\n\t\t\t\t\t\t<\/div>\n\t\t\t\t<\/div>\n\t\t\t\t\t<\/div>\n\t\t\t\t<\/div>\n\t\t<div class=\"elementor-element elementor-element-758eaaa e-flex e-con-boxed e-con e-parent\" data-id=\"758eaaa\" data-element_type=\"container\" data-e-type=\"container\">\n\t\t\t\t\t<div class=\"e-con-inner\">\n\t\t\t\t<div class=\"elementor-element elementor-element-38b112e elementor-widget elementor-widget-heading\" data-id=\"38b112e\" data-element_type=\"widget\" data-e-type=\"widget\" data-widget_type=\"heading.default\">\n\t\t\t\t<div class=\"elementor-widget-container\">\n\t\t\t\t\t<h2 class=\"elementor-heading-title elementor-size-default\">EVAKUEERIMISE K\u00c4IK<\/h2>\t\t\t\t<\/div>\n\t\t\t\t<\/div>\n\t\t\t\t\t<\/div>\n\t\t\t\t<\/div>\n\t\t<div class=\"elementor-element elementor-element-1a7fcd5 e-flex e-con-boxed e-con e-parent\" data-id=\"1a7fcd5\" data-element_type=\"container\" data-e-type=\"container\">\n\t\t\t\t\t<div class=\"e-con-inner\">\n\t\t\t\t<div class=\"elementor-element elementor-element-666df3e elementor-widget elementor-widget-heading\" data-id=\"666df3e\" data-element_type=\"widget\" data-e-type=\"widget\" data-widget_type=\"heading.default\">\n\t\t\t\t<div class=\"elementor-widget-container\">\n\t\t\t\t\t<h3 class=\"elementor-heading-title elementor-size-default\">EVACUATION PROCESS<\/h3>\t\t\t\t<\/div>\n\t\t\t\t<\/div>\n\t\t\t\t\t<\/div>\n\t\t\t\t<\/div>\n\t\t<div class=\"elementor-element elementor-element-115225a e-flex e-con-boxed e-con e-parent\" data-id=\"115225a\" data-element_type=\"container\" data-e-type=\"container\">\n\t\t\t\t\t<div class=\"e-con-inner\">\n\t\t\t\t<div class=\"elementor-element elementor-element-7ebfdc1 elementor-invisible elementor-widget elementor-widget-text-editor\" data-id=\"7ebfdc1\" data-element_type=\"widget\" data-e-type=\"widget\" data-settings=\"{&quot;_animation&quot;:&quot;slideInLeft&quot;}\" data-widget_type=\"text-editor.default\">\n\t\t\t\t<div class=\"elementor-widget-container\">\n\t\t\t\t\t\t\t\t\t<p style=\"text-align: justify;\"><span style=\"color: #397c99;\"><strong>19. septembril paigutati laevadele umbes 8000 inimest. Esmajoones oli tegu Virumaalt evakueeritud Balt\u00d6li t\u00f6\u00f6liste ja personaliga ning Saksa s\u00f5jav\u00e4elastega. P\u00e4eva jooksul hakkasid Tallinna saabuma t\u00fchjad laevad, mis laaditi t\u00e4is j\u00e4rgmisel p\u00e4eval. Evakueerimise tegi veelgi keerukamaks asjaolu, et merev\u00e4e alluvusse antud eesti lenduritest moodustatud lennu\u00fcksus (Aufkl\u00e4rungsfl iegegruppe 127) l\u00f5petas oma luurelennud ning evakueerimise korraldajatel puudus \u00fclevaade olukorrast rindel. <\/strong><\/span><\/p><p style=\"text-align: justify;\"><span style=\"color: #397c99;\"><strong>20. september kujunes evakuatsiooni keskseks p\u00e4evaks. Tingimused olid soodsad: saabunud oli piisavalt laevu, meri oli praktiliselt tuulevaikne, N\u00f5ukogude lennuv\u00e4e tegevus pea olematu. Viiel suurel aurikul ning v\u00e4iksematel abilaevadel lahkus sel p\u00e4eval Tallinnast eri andmetel 21 000 \u2013 23 000 inimest, nende hulgas laeval \u201eWartheland\u201c Saksa tsiviilametnikud ja Saksa v\u00f5imude teenistuses olnud eestlased oma pere liikmetega. P\u00e4eva l\u00f5puks suudeti enamik sadamasse saabunuid paigutada laevadele.<\/strong><\/span><\/p>\t\t\t\t\t\t\t\t<\/div>\n\t\t\t\t<\/div>\n\t\t\t\t\t<\/div>\n\t\t\t\t<\/div>\n\t\t<div class=\"elementor-element elementor-element-06a747a e-flex e-con-boxed e-con e-parent\" data-id=\"06a747a\" data-element_type=\"container\" data-e-type=\"container\">\n\t\t\t\t\t<div class=\"e-con-inner\">\n\t\t\t\t<div class=\"elementor-element elementor-element-e4d2e55 elementor-invisible elementor-widget elementor-widget-text-editor\" data-id=\"e4d2e55\" data-element_type=\"widget\" data-e-type=\"widget\" data-settings=\"{&quot;_animation&quot;:&quot;slideInRight&quot;}\" data-widget_type=\"text-editor.default\">\n\t\t\t\t<div class=\"elementor-widget-container\">\n\t\t\t\t\t\t\t\t\t<p style=\"text-align: justify;\"><span style=\"color: #a3bccd;\">About 8,000 people were loaded onto ships on 19 September. Most of them were German military personnel along with workers and personnel from the Balt\u00d6l mines and factories who had been evacuated from Viru County. Empty ships started arriving at Tallinn over the course of the day. They were loaded up on the following day. The fact that the Aufkl\u00e4rungsfliegegruppe 127 air force unit formed out of Estonian pilots, which had been placed under the command of the navy, had discontinued its reconnaissance flights made the evacuation even more complicated since the organisers of the evacuation had no overview of the situation at the front. <\/span><\/p><p style=\"text-align: justify;\"><span style=\"color: #a3bccd;\">20 September turned out to be the primary day of the evacuation. The conditions were favourable: a sufficient number of ships had arrived, the sea was practically calm, and the Soviet air force was almost inactive. According to various sources, 21,000\u201323,000 people left Tallinn on that day on board five large steamships and smaller auxiliary ships. Among them, the ship Wartheland transported German civilian public servants and Estonians who had worked in the service of the German authorities, along with their family members. Most of the people who had come to the harbour were successfully loaded onto ships by the end of the day.<\/span><\/p>\t\t\t\t\t\t\t\t<\/div>\n\t\t\t\t<\/div>\n\t\t\t\t\t<\/div>\n\t\t\t\t<\/div>\n\t\t<div class=\"elementor-element elementor-element-39aacb3 e-flex e-con-boxed e-con e-parent\" data-id=\"39aacb3\" data-element_type=\"container\" data-e-type=\"container\">\n\t\t\t\t\t<div class=\"e-con-inner\">\n\t\t<div class=\"elementor-element elementor-element-5f0765b e-con-full e-flex e-con e-child\" data-id=\"5f0765b\" data-element_type=\"container\" data-e-type=\"container\">\n\t\t\t\t<div class=\"elementor-element elementor-element-c184cdb elementor-invisible elementor-widget elementor-widget-text-editor\" data-id=\"c184cdb\" data-element_type=\"widget\" data-e-type=\"widget\" data-settings=\"{&quot;_animation&quot;:&quot;fadeInRight&quot;}\" data-widget_type=\"text-editor.default\">\n\t\t\t\t<div class=\"elementor-widget-container\">\n\t\t\t\t\t\t\t\t\t<p style=\"text-align: justify;\"><strong><span style=\"color: #397c99;\">Eestimaa kindralkomissar Karl-Siegmund Litzmann (esiplaanil) lahkub Eestist koos teiste Saksa v\u00f5imuesindajatega laeval \u201eWartheland\u201c 20. septembril 1944.<\/span><\/strong><\/p><p style=\"text-align: justify;\"><span style=\"color: #a3bccd;\">Karl-Siegmund Litzmann, the Commissar General of Estland (in the foreground), leaves Estonia on the ship Wartheland together with other representatives of the German authorities, 20 September 1944.<\/span><\/p><p style=\"text-align: right;\"><span style=\"color: #397c99;\"><strong>Illustratsioon \/ illustration: ERM<br \/><\/strong><\/span><\/p><p style=\"text-align: right;\"><span style=\"color: #397c99;\"><strong>\u00a0<\/strong><\/span><\/p>\t\t\t\t\t\t\t\t<\/div>\n\t\t\t\t<\/div>\n\t\t\t\t<\/div>\n\t\t<div class=\"elementor-element elementor-element-8051efe e-con-full e-flex e-con e-child\" data-id=\"8051efe\" data-element_type=\"container\" data-e-type=\"container\">\n\t\t\t\t<div class=\"elementor-element elementor-element-f4e9126 elementor-invisible elementor-widget elementor-widget-image\" data-id=\"f4e9126\" data-element_type=\"widget\" data-e-type=\"widget\" data-settings=\"{&quot;_animation&quot;:&quot;fadeInLeft&quot;}\" data-widget_type=\"image.default\">\n\t\t\t\t<div class=\"elementor-widget-container\">\n\t\t\t\t\t\t\t\t\t\t\t\t\t\t\t\t<a href=\"https:\/\/2024.wwii-refugees.ee\/wp-content\/uploads\/2024\/12\/52.png\" data-elementor-open-lightbox=\"yes\" data-elementor-lightbox-title=\"52\" data-e-action-hash=\"#elementor-action%3Aaction%3Dlightbox%26settings%3DeyJpZCI6MTA3MiwidXJsIjoiaHR0cHM6XC9cLzIwMjQud3dpaS1yZWZ1Z2Vlcy5lZVwvd3AtY29udGVudFwvdXBsb2Fkc1wvMjAyNFwvMTJcLzUyLnBuZyJ9\">\n\t\t\t\t\t\t\t<img loading=\"lazy\" decoding=\"async\" width=\"1024\" height=\"911\" src=\"https:\/\/2024.wwii-refugees.ee\/wp-content\/uploads\/2024\/12\/52-1024x911.png\" class=\"attachment-large size-large wp-image-1072\" alt=\"\" srcset=\"https:\/\/2024.wwii-refugees.ee\/wp-content\/uploads\/2024\/12\/52-1024x911.png 1024w, https:\/\/2024.wwii-refugees.ee\/wp-content\/uploads\/2024\/12\/52-300x267.png 300w, https:\/\/2024.wwii-refugees.ee\/wp-content\/uploads\/2024\/12\/52-768x684.png 768w, https:\/\/2024.wwii-refugees.ee\/wp-content\/uploads\/2024\/12\/52.png 1356w\" sizes=\"(max-width: 1024px) 100vw, 1024px\" \/>\t\t\t\t\t\t\t\t<\/a>\n\t\t\t\t\t\t\t\t\t\t\t\t\t\t\t<\/div>\n\t\t\t\t<\/div>\n\t\t\t\t<\/div>\n\t\t\t\t\t<\/div>\n\t\t\t\t<\/div>\n\t\t<div class=\"elementor-element elementor-element-118b70a e-flex e-con-boxed e-con e-parent\" data-id=\"118b70a\" data-element_type=\"container\" data-e-type=\"container\">\n\t\t\t\t\t<div class=\"e-con-inner\">\n\t\t\t\t<div class=\"elementor-element elementor-element-a040da8 elementor-invisible elementor-widget elementor-widget-text-editor\" data-id=\"a040da8\" data-element_type=\"widget\" data-e-type=\"widget\" data-settings=\"{&quot;_animation&quot;:&quot;slideInLeft&quot;}\" data-widget_type=\"text-editor.default\">\n\t\t\t\t<div class=\"elementor-widget-container\">\n\t\t\t\t\t\t\t\t\t<p style=\"text-align: justify;\"><span style=\"color: #397c99;\"><strong>Raskelt haige riigipea kt J\u00fcri Uluots lahkus 20. septembri hommikul Rootsi, et s\u00e4ilitada paguluses Eesti riiklikku j\u00e4rjepidevust. Otto Tiefi valitsus oli selleks ajaks juba kaks p\u00e4eva ametis olnud, kuid kohalikud Saksa v\u00f5imukandjad ei paistnud end sellest h\u00e4irida laskvat.<br \/>T\u00f5sisem ja k\u00f5igile n\u00e4htav m\u00e4rk oli sinimustvalge lipp, mis 20. septembril p\u00e4rast kindralkomissari ametkonna lahkumist Pika Hermanni torni t\u00f5mmati. Rahvas r\u00f5\u00f5mustas ning lasi sakslaste hinnangul end eksitada valedest lootustest ning alusetutest kuulujuttudest, mille tulemusena v\u00e4henes sakslaste hinnangul j\u00e4rgmisel p\u00e4eval m\u00e4rgatavalt evakueeruda soovivate eestlaste hulk<\/strong><\/span><\/p>\t\t\t\t\t\t\t\t<\/div>\n\t\t\t\t<\/div>\n\t\t\t\t\t<\/div>\n\t\t\t\t<\/div>\n\t\t<div class=\"elementor-element elementor-element-218d3cf e-flex e-con-boxed e-con e-parent\" data-id=\"218d3cf\" data-element_type=\"container\" data-e-type=\"container\">\n\t\t\t\t\t<div class=\"e-con-inner\">\n\t\t\t\t<div class=\"elementor-element elementor-element-2c620f4 elementor-invisible elementor-widget elementor-widget-text-editor\" data-id=\"2c620f4\" data-element_type=\"widget\" data-e-type=\"widget\" data-settings=\"{&quot;_animation&quot;:&quot;slideInRight&quot;}\" data-widget_type=\"text-editor.default\">\n\t\t\t\t<div class=\"elementor-widget-container\">\n\t\t\t\t\t\t\t\t\t<p style=\"text-align: justify;\"><span style=\"color: #a3bccd;\">Estonia\u2019s head of state J\u00fcri Uluots, who was seriously ill, left for Sweden on the morning of 20 September to preserve the continuity of Estonia\u2019s independent statehood in exile. By then, Otto Tief\u2019s government had already been in office for two days but the representatives of the local German authorities did not appear to let that disturb them. <\/span><\/p><p style=\"text-align: justify;\"><span style=\"color: #a3bccd;\">The blue, black, and white flag was a more tangible sign that was visible to all when it was hoisted at the tip of Pikk Hermann Tower on 20 September after the Commissar General\u2019s office had left. The people rejoiced. In the estimation of the Germans, Estonians allowed themselves to be misled by false hopes and groundless rumours, as a result of which, in the estimation of the Germans, the number of Estonians wishing to evacuate dropped considerably on the following day.<\/span><\/p><p style=\"text-align: justify;\">\u00a0<\/p>\t\t\t\t\t\t\t\t<\/div>\n\t\t\t\t<\/div>\n\t\t\t\t\t<\/div>\n\t\t\t\t<\/div>\n\t\t<div class=\"elementor-element elementor-element-7543838 e-flex e-con-boxed e-con e-parent\" data-id=\"7543838\" data-element_type=\"container\" data-e-type=\"container\" data-settings=\"{&quot;background_background&quot;:&quot;gradient&quot;}\">\n\t\t\t\t\t<div class=\"e-con-inner\">\n\t\t<div class=\"elementor-element elementor-element-49dc625 e-con-full e-flex e-con e-child\" data-id=\"49dc625\" data-element_type=\"container\" data-e-type=\"container\">\n\t\t\t\t<div class=\"elementor-element elementor-element-98f82a1 elementor-invisible elementor-widget elementor-widget-image\" data-id=\"98f82a1\" data-element_type=\"widget\" data-e-type=\"widget\" data-settings=\"{&quot;_animation&quot;:&quot;fadeInRight&quot;}\" data-widget_type=\"image.default\">\n\t\t\t\t<div class=\"elementor-widget-container\">\n\t\t\t\t\t\t\t\t\t\t\t\t\t\t\t\t<a href=\"https:\/\/2024.wwii-refugees.ee\/wp-content\/uploads\/2024\/12\/53.png\" data-elementor-open-lightbox=\"yes\" data-elementor-lightbox-title=\"53\" data-e-action-hash=\"#elementor-action%3Aaction%3Dlightbox%26settings%3DeyJpZCI6MTA3NCwidXJsIjoiaHR0cHM6XC9cLzIwMjQud3dpaS1yZWZ1Z2Vlcy5lZVwvd3AtY29udGVudFwvdXBsb2Fkc1wvMjAyNFwvMTJcLzUzLnBuZyJ9\">\n\t\t\t\t\t\t\t<img loading=\"lazy\" decoding=\"async\" width=\"1508\" height=\"1023\" src=\"https:\/\/2024.wwii-refugees.ee\/wp-content\/uploads\/2024\/12\/53.png\" class=\"attachment-full size-full wp-image-1074\" alt=\"\" srcset=\"https:\/\/2024.wwii-refugees.ee\/wp-content\/uploads\/2024\/12\/53.png 1508w, https:\/\/2024.wwii-refugees.ee\/wp-content\/uploads\/2024\/12\/53-300x204.png 300w, https:\/\/2024.wwii-refugees.ee\/wp-content\/uploads\/2024\/12\/53-1024x695.png 1024w, https:\/\/2024.wwii-refugees.ee\/wp-content\/uploads\/2024\/12\/53-768x521.png 768w\" sizes=\"(max-width: 1508px) 100vw, 1508px\" \/>\t\t\t\t\t\t\t\t<\/a>\n\t\t\t\t\t\t\t\t\t\t\t\t\t\t\t<\/div>\n\t\t\t\t<\/div>\n\t\t\t\t<\/div>\n\t\t<div class=\"elementor-element elementor-element-012f9b2 e-con-full e-flex e-con e-child\" data-id=\"012f9b2\" data-element_type=\"container\" data-e-type=\"container\">\n\t\t<div class=\"elementor-element elementor-element-5a90482 e-con-full e-flex e-con e-child\" data-id=\"5a90482\" data-element_type=\"container\" data-e-type=\"container\" data-settings=\"{&quot;background_background&quot;:&quot;gradient&quot;}\">\n\t\t\t\t<div class=\"elementor-element elementor-element-0f534a7 elementor-invisible elementor-widget elementor-widget-text-editor\" data-id=\"0f534a7\" data-element_type=\"widget\" data-e-type=\"widget\" data-settings=\"{&quot;_animation&quot;:&quot;fadeInLeft&quot;}\" data-widget_type=\"text-editor.default\">\n\t\t\t\t<div class=\"elementor-widget-container\">\n\t\t\t\t\t\t\t\t\t<p style=\"text-align: justify;\"><strong>P\u00f5genikud Tallinna sadamas 22. septembril 1944.<\/strong><\/p><p>Refugees at Tallinn harbour, 22 September 1944.<\/p><p style=\"text-align: right;\"><strong>Illustratsioon \/ illustration: RA, autor \/ author: A. Kalm<\/strong><\/p>\t\t\t\t\t\t\t\t<\/div>\n\t\t\t\t<\/div>\n\t\t\t\t<\/div>\n\t\t\t\t<\/div>\n\t\t\t\t\t<\/div>\n\t\t\t\t<\/div>\n\t\t<div class=\"elementor-element elementor-element-9c0fc4e e-flex e-con-boxed e-con e-parent\" data-id=\"9c0fc4e\" data-element_type=\"container\" data-e-type=\"container\">\n\t\t\t\t\t<div class=\"e-con-inner\">\n\t\t\t\t<div class=\"elementor-element elementor-element-b0f1361 elementor-invisible elementor-widget elementor-widget-text-editor\" data-id=\"b0f1361\" data-element_type=\"widget\" data-e-type=\"widget\" data-settings=\"{&quot;_animation&quot;:&quot;slideInLeft&quot;}\" data-widget_type=\"text-editor.default\">\n\t\t\t\t<div class=\"elementor-widget-container\">\n\t\t\t\t\t\t\t\t\t<p style=\"text-align: justify;\"><span style=\"color: #397c99;\"><strong>21. septembril oli selge, et Saksa maav\u00e4gedel \u00f5nnestub taanduda maad m\u00f6\u00f6da l\u00f5una suunas ning seega v\u00e4henes oluliselt evakueerimist vajavate<br \/>s\u00f5jav\u00e4elaste arv. 21. ja 22. septembril paigutati laevadele veel ligikaudu 10 000 tsiviilisikut ning teist samapalju s\u00f5jav\u00e4elasi, kes olid moodustanud linna viimase kaitse. \u00d6\u00f6sel toimusid sadamas relvastatud kokkup\u00f5rked eestlaste ja sakslaste vahel. Saksa andmeil tapeti umbes 25 eestlast ning 150 relvitustatud eesti s\u00f5jav\u00e4elast saadeti t\u00f6\u00f6j\u00f5una Saksamaale.<br \/>22. septembri hommikul kell 10 olid viimased evakueerumist kaitsnud \u00fcksused laevadel ning viimaseid Tallinna reidilt lahkuvaid laevu saatis teele Pirita poolt tulistatud m\u00fcrsk, mis arvati p\u00e4rinevat esimestelt kohale j\u00f5udnud Punaarmee tankidelt. Pool tundi hiljem sisenes Tartu maanteed pidi linna Punaarmee Eesti laskurkorpuse propagandistlik eelsalk, kellel ei \u00f5nnestunud lahkuvatele sakslastele ilmselt ka mitte s\u00fcmboolset p\u00fcssipauku j\u00e4rgi lasta.<\/strong><\/span><\/p>\t\t\t\t\t\t\t\t<\/div>\n\t\t\t\t<\/div>\n\t\t\t\t\t<\/div>\n\t\t\t\t<\/div>\n\t\t<div class=\"elementor-element elementor-element-02b46a7 e-flex e-con-boxed e-con e-parent\" data-id=\"02b46a7\" data-element_type=\"container\" data-e-type=\"container\">\n\t\t\t\t\t<div class=\"e-con-inner\">\n\t\t\t\t<div class=\"elementor-element elementor-element-5868ec2 elementor-invisible elementor-widget elementor-widget-text-editor\" data-id=\"5868ec2\" data-element_type=\"widget\" data-e-type=\"widget\" data-settings=\"{&quot;_animation&quot;:&quot;slideInRight&quot;}\" data-widget_type=\"text-editor.default\">\n\t\t\t\t<div class=\"elementor-widget-container\">\n\t\t\t\t\t\t\t\t\t<p style=\"text-align: justify;\"><span style=\"color: #a3bccd;\">On 21 September, it was clear that German ground troops would be able to retreat by land towards the south. Thus, the number of military personnel that had to be evacuated markedly decreased. On 21 and 22 September, another roughly 10,000 civilians and the same number of military personnel, who had manned the city\u2019s last line of defence, were loaded onto ships. Armed skirmishes broke out between Estonians and Germans at night at the harbour. According to information from German sources, around 25 Estonians were killed, and 150 armed Estonian soldiers were sent to Germany as labour manpower.<br \/>At 10 o\u2019clock on the morning of 22 September, the last units that had covered the evacuation were on board ships. A shell fired from the direction of Pirita, which was thought to be from the first Red Army tanks that had arrived, sent off the ships departing from Tallinn\u2019s roads. A half hour later,&#8217; the propagandistic advance party of the Red Army Estonian Rifle Corps entered the city along Tartu Highway. It evidently was not able to fire even a symbolic rifle shot after the departing Germans.<\/span><\/p><p style=\"text-align: justify;\">\u00a0<\/p>\t\t\t\t\t\t\t\t<\/div>\n\t\t\t\t<\/div>\n\t\t\t\t\t<\/div>\n\t\t\t\t<\/div>\n\t\t<div class=\"elementor-element elementor-element-01af69d e-flex e-con-boxed e-con e-parent\" data-id=\"01af69d\" data-element_type=\"container\" data-e-type=\"container\">\n\t\t\t\t\t<div class=\"e-con-inner\">\n\t\t<div class=\"elementor-element elementor-element-a7bcdf9 e-con-full e-flex e-con e-child\" data-id=\"a7bcdf9\" data-element_type=\"container\" data-e-type=\"container\">\n\t\t\t\t<div class=\"elementor-element elementor-element-7c315f6 elementor-invisible elementor-widget elementor-widget-text-editor\" data-id=\"7c315f6\" data-element_type=\"widget\" data-e-type=\"widget\" data-settings=\"{&quot;_animation&quot;:&quot;fadeInRight&quot;}\" data-widget_type=\"text-editor.default\">\n\t\t\t\t<div class=\"elementor-widget-container\">\n\t\t\t\t\t\t\t\t\t<p style=\"text-align: justify;\"><strong><span style=\"color: #397c99;\">Gotenhafeni (Gdansk) sadamasse j\u00f5udnud Eesti s\u00f5jap\u00f5genikud septembris 1944.<\/span><\/strong><\/p><p style=\"text-align: justify;\"><span style=\"color: #a3bccd;\">Estonian war refugees upon their arrival at Gotenhafen (Gdansk) harbour, September 1944.<\/span><\/p><p style=\"text-align: right;\"><span style=\"color: #397c99;\"><strong>Illustratsioon \/ illustration: RA, <\/strong><\/span><\/p><p style=\"text-align: right;\"><span style=\"color: #397c99;\"><strong>autor \/ author: A. Kalm<\/strong><\/span><\/p><p style=\"text-align: right;\"><span style=\"color: #397c99;\"><strong>\u00a0<\/strong><\/span><\/p>\t\t\t\t\t\t\t\t<\/div>\n\t\t\t\t<\/div>\n\t\t\t\t<\/div>\n\t\t<div class=\"elementor-element elementor-element-253ba13 e-con-full e-flex e-con e-child\" data-id=\"253ba13\" data-element_type=\"container\" data-e-type=\"container\">\n\t\t\t\t<div class=\"elementor-element elementor-element-3c9c77c elementor-invisible elementor-widget elementor-widget-image\" data-id=\"3c9c77c\" data-element_type=\"widget\" data-e-type=\"widget\" data-settings=\"{&quot;_animation&quot;:&quot;fadeInLeft&quot;}\" data-widget_type=\"image.default\">\n\t\t\t\t<div class=\"elementor-widget-container\">\n\t\t\t\t\t\t\t\t\t\t\t\t\t\t\t\t<a href=\"https:\/\/2024.wwii-refugees.ee\/wp-content\/uploads\/2024\/12\/54.png\" data-elementor-open-lightbox=\"yes\" data-elementor-lightbox-title=\"54\" data-e-action-hash=\"#elementor-action%3Aaction%3Dlightbox%26settings%3DeyJpZCI6MTA3NSwidXJsIjoiaHR0cHM6XC9cLzIwMjQud3dpaS1yZWZ1Z2Vlcy5lZVwvd3AtY29udGVudFwvdXBsb2Fkc1wvMjAyNFwvMTJcLzU0LnBuZyJ9\">\n\t\t\t\t\t\t\t<img loading=\"lazy\" decoding=\"async\" width=\"1024\" height=\"722\" src=\"https:\/\/2024.wwii-refugees.ee\/wp-content\/uploads\/2024\/12\/54-1024x722.png\" class=\"attachment-large size-large wp-image-1075\" alt=\"\" srcset=\"https:\/\/2024.wwii-refugees.ee\/wp-content\/uploads\/2024\/12\/54-1024x722.png 1024w, https:\/\/2024.wwii-refugees.ee\/wp-content\/uploads\/2024\/12\/54-300x211.png 300w, https:\/\/2024.wwii-refugees.ee\/wp-content\/uploads\/2024\/12\/54-768x541.png 768w, https:\/\/2024.wwii-refugees.ee\/wp-content\/uploads\/2024\/12\/54.png 1454w\" sizes=\"(max-width: 1024px) 100vw, 1024px\" \/>\t\t\t\t\t\t\t\t<\/a>\n\t\t\t\t\t\t\t\t\t\t\t\t\t\t\t<\/div>\n\t\t\t\t<\/div>\n\t\t\t\t<\/div>\n\t\t\t\t\t<\/div>\n\t\t\t\t<\/div>\n\t\t<div class=\"elementor-element elementor-element-87e8800 e-flex e-con-boxed e-con e-parent\" data-id=\"87e8800\" data-element_type=\"container\" data-e-type=\"container\" data-settings=\"{&quot;background_background&quot;:&quot;gradient&quot;}\">\n\t\t\t\t\t<div class=\"e-con-inner\">\n\t\t<div class=\"elementor-element elementor-element-ec87d8a e-con-full e-flex e-con e-child\" data-id=\"ec87d8a\" data-element_type=\"container\" data-e-type=\"container\">\n\t\t\t\t<div class=\"elementor-element elementor-element-6830305 elementor-invisible elementor-widget elementor-widget-image\" data-id=\"6830305\" data-element_type=\"widget\" data-e-type=\"widget\" data-settings=\"{&quot;_animation&quot;:&quot;fadeInRight&quot;}\" data-widget_type=\"image.default\">\n\t\t\t\t<div class=\"elementor-widget-container\">\n\t\t\t\t\t\t\t\t\t\t\t\t\t\t\t\t<a href=\"https:\/\/2024.wwii-refugees.ee\/wp-content\/uploads\/2024\/12\/55.png\" data-elementor-open-lightbox=\"yes\" data-elementor-lightbox-title=\"55\" data-e-action-hash=\"#elementor-action%3Aaction%3Dlightbox%26settings%3DeyJpZCI6MTA3NiwidXJsIjoiaHR0cHM6XC9cLzIwMjQud3dpaS1yZWZ1Z2Vlcy5lZVwvd3AtY29udGVudFwvdXBsb2Fkc1wvMjAyNFwvMTJcLzU1LnBuZyJ9\">\n\t\t\t\t\t\t\t<img loading=\"lazy\" decoding=\"async\" width=\"670\" height=\"1067\" src=\"https:\/\/2024.wwii-refugees.ee\/wp-content\/uploads\/2024\/12\/55.png\" class=\"attachment-full size-full wp-image-1076\" alt=\"\" srcset=\"https:\/\/2024.wwii-refugees.ee\/wp-content\/uploads\/2024\/12\/55.png 670w, https:\/\/2024.wwii-refugees.ee\/wp-content\/uploads\/2024\/12\/55-188x300.png 188w, https:\/\/2024.wwii-refugees.ee\/wp-content\/uploads\/2024\/12\/55-643x1024.png 643w\" sizes=\"(max-width: 670px) 100vw, 670px\" \/>\t\t\t\t\t\t\t\t<\/a>\n\t\t\t\t\t\t\t\t\t\t\t\t\t\t\t<\/div>\n\t\t\t\t<\/div>\n\t\t\t\t<\/div>\n\t\t<div class=\"elementor-element elementor-element-a746efb e-con-full e-flex e-con e-child\" data-id=\"a746efb\" data-element_type=\"container\" data-e-type=\"container\">\n\t\t<div class=\"elementor-element elementor-element-6a75a21 e-con-full e-flex e-con e-child\" data-id=\"6a75a21\" data-element_type=\"container\" data-e-type=\"container\" data-settings=\"{&quot;background_background&quot;:&quot;gradient&quot;}\">\n\t\t\t\t<div class=\"elementor-element elementor-element-a7444a6 elementor-invisible elementor-widget elementor-widget-text-editor\" data-id=\"a7444a6\" data-element_type=\"widget\" data-e-type=\"widget\" data-settings=\"{&quot;_animation&quot;:&quot;fadeInLeft&quot;}\" data-widget_type=\"text-editor.default\">\n\t\t\t\t<div class=\"elementor-widget-container\">\n\t\t\t\t\t\t\t\t\t<p style=\"text-align: justify;\"><strong>Gotenhafenisse (Gdansk) evakueeritud haavatud Eestis\u00f5durid septembris 1944.<\/strong><\/p><p>Wounded Estonian soldiers who had been evacuated to Gotenhafen (Gdansk), September 1944.<\/p><p style=\"text-align: right;\"><strong>Illustratsioon \/ illustration: RA, autor \/ author: A. Kalm<\/strong><\/p>\t\t\t\t\t\t\t\t<\/div>\n\t\t\t\t<\/div>\n\t\t\t\t<\/div>\n\t\t\t\t<\/div>\n\t\t\t\t\t<\/div>\n\t\t\t\t<\/div>\n\t\t<div class=\"elementor-element elementor-element-96b980e e-flex e-con-boxed e-con e-parent\" data-id=\"96b980e\" data-element_type=\"container\" data-e-type=\"container\">\n\t\t\t\t\t<div class=\"e-con-inner\">\n\t\t\t\t<div class=\"elementor-element elementor-element-c8bb5fe elementor-invisible elementor-widget elementor-widget-text-editor\" data-id=\"c8bb5fe\" data-element_type=\"widget\" data-e-type=\"widget\" data-settings=\"{&quot;_animation&quot;:&quot;slideInLeft&quot;}\" data-widget_type=\"text-editor.default\">\n\t\t\t\t<div class=\"elementor-widget-container\">\n\t\t\t\t\t\t\t\t\t<p style=\"text-align: justify;\"><span style=\"color: #397c99;\"><strong>Kokkuv\u00f5ttes oli 17.\u201322. septembrini Tallinnast Saksa v\u00f5imude organiseerimisel evakueeritud v\u00e4hemalt 50 000 inimest, sh \u00fcle 27 000 tsiviilisiku, kellest valdava osa moodustasid eestlased. Tallinlaste k\u00f5rval oli suurem osa laevadele asunud eestlasi saabunud teistest maakondadest otsima v\u00f5imalust punaterrori eest p\u00e4\u00e4seda.<br \/>Transpordilaevad \u201eMalgache\u201c, \u201eSumatra\u201c ja \u201eGotenland\u201c lahkusid Tallinnast t\u00fchjalt, sest nende jaoks ei j\u00e4tkunud evakueeritavaid, hinnanguliselt suudetuks evakueerida veel v\u00e4hemalt 2000\u20132500 isikut.<\/strong><\/span><\/p>\t\t\t\t\t\t\t\t<\/div>\n\t\t\t\t<\/div>\n\t\t\t\t\t<\/div>\n\t\t\t\t<\/div>\n\t\t<div class=\"elementor-element elementor-element-ee300c8 e-flex e-con-boxed e-con e-parent\" data-id=\"ee300c8\" data-element_type=\"container\" data-e-type=\"container\">\n\t\t\t\t\t<div class=\"e-con-inner\">\n\t\t\t\t<div class=\"elementor-element elementor-element-4893d86 elementor-invisible elementor-widget elementor-widget-text-editor\" data-id=\"4893d86\" data-element_type=\"widget\" data-e-type=\"widget\" data-settings=\"{&quot;_animation&quot;:&quot;slideInRight&quot;}\" data-widget_type=\"text-editor.default\">\n\t\t\t\t<div class=\"elementor-widget-container\">\n\t\t\t\t\t\t\t\t\t<p style=\"text-align: justify;\"><span style=\"color: #a3bccd;\">In sum, at least 50,000 people, including over 27,000 civilians, of whom the vast majority were Estonians, were evacuated from Tallinn as organised by the German authorities from 17 to 22 September. Alongside Tallinners, the greater part of the Estonians who boarded the ships had come from other counties seeking the chance to escape from the Red Terror.<br \/>The transport ships Malgache, Sumatra, and Gotenland departed from Tallinn empty because there were no more people seeking to be evacuated to load onto those ships. At least another estimated 2,000 to 2,500 people could have been evacuated. <\/span><\/p><p style=\"text-align: justify;\">\u00a0<\/p>\t\t\t\t\t\t\t\t<\/div>\n\t\t\t\t<\/div>\n\t\t\t\t\t<\/div>\n\t\t\t\t<\/div>\n\t\t<div class=\"elementor-element elementor-element-f0b59ae e-flex e-con-boxed e-con e-parent\" data-id=\"f0b59ae\" data-element_type=\"container\" data-e-type=\"container\">\n\t\t\t\t\t<div class=\"e-con-inner\">\n\t\t<div class=\"elementor-element elementor-element-67cf06b e-con-full e-flex e-con e-child\" data-id=\"67cf06b\" data-element_type=\"container\" data-e-type=\"container\">\n\t\t\t\t<div class=\"elementor-element elementor-element-f02c489 elementor-invisible elementor-widget elementor-widget-text-editor\" data-id=\"f02c489\" data-element_type=\"widget\" data-e-type=\"widget\" data-settings=\"{&quot;_animation&quot;:&quot;fadeInRight&quot;}\" data-widget_type=\"text-editor.default\">\n\t\t\t\t<div class=\"elementor-widget-container\">\n\t\t\t\t\t\t\t\t\t<p style=\"text-align: justify;\"><strong><span style=\"color: #397c99;\">Evakueerumise k\u00e4igus j\u00e4i Tallinna sadamasse maha hulgaliselt Saksa s\u00f5jatehnikat.<\/span><\/strong><\/p><p style=\"text-align: justify;\"><span style=\"color: #a3bccd;\">A large quantity of German military equipment was left behind at Tallinn harbour in the course of the evacuation.<\/span><\/p><p style=\"text-align: right;\"><span style=\"color: #397c99;\"><strong>Illustratsioon \/ illustration: RA, <\/strong><\/span><\/p><p style=\"text-align: right;\"><span style=\"color: #397c99;\"><strong>\u00a0<\/strong><\/span><\/p><p style=\"text-align: right;\"><span style=\"color: #397c99;\"><strong>\u00a0<\/strong><\/span><\/p>\t\t\t\t\t\t\t\t<\/div>\n\t\t\t\t<\/div>\n\t\t\t\t<\/div>\n\t\t<div class=\"elementor-element elementor-element-e7b417d e-con-full e-flex e-con e-child\" data-id=\"e7b417d\" data-element_type=\"container\" data-e-type=\"container\">\n\t\t\t\t<div class=\"elementor-element elementor-element-65beb2c elementor-invisible elementor-widget elementor-widget-image\" data-id=\"65beb2c\" data-element_type=\"widget\" data-e-type=\"widget\" data-settings=\"{&quot;_animation&quot;:&quot;fadeInLeft&quot;}\" data-widget_type=\"image.default\">\n\t\t\t\t<div class=\"elementor-widget-container\">\n\t\t\t\t\t\t\t\t\t\t\t\t\t\t\t\t<a href=\"https:\/\/2024.wwii-refugees.ee\/wp-content\/uploads\/2024\/12\/56.png\" data-elementor-open-lightbox=\"yes\" data-elementor-lightbox-title=\"56\" data-e-action-hash=\"#elementor-action%3Aaction%3Dlightbox%26settings%3DeyJpZCI6MTA3NywidXJsIjoiaHR0cHM6XC9cLzIwMjQud3dpaS1yZWZ1Z2Vlcy5lZVwvd3AtY29udGVudFwvdXBsb2Fkc1wvMjAyNFwvMTJcLzU2LnBuZyJ9\">\n\t\t\t\t\t\t\t<img loading=\"lazy\" decoding=\"async\" width=\"1024\" height=\"744\" src=\"https:\/\/2024.wwii-refugees.ee\/wp-content\/uploads\/2024\/12\/56-1024x744.png\" class=\"attachment-large size-large wp-image-1077\" alt=\"\" srcset=\"https:\/\/2024.wwii-refugees.ee\/wp-content\/uploads\/2024\/12\/56-1024x744.png 1024w, https:\/\/2024.wwii-refugees.ee\/wp-content\/uploads\/2024\/12\/56-300x218.png 300w, https:\/\/2024.wwii-refugees.ee\/wp-content\/uploads\/2024\/12\/56-768x558.png 768w, https:\/\/2024.wwii-refugees.ee\/wp-content\/uploads\/2024\/12\/56.png 1317w\" sizes=\"(max-width: 1024px) 100vw, 1024px\" \/>\t\t\t\t\t\t\t\t<\/a>\n\t\t\t\t\t\t\t\t\t\t\t\t\t\t\t<\/div>\n\t\t\t\t<\/div>\n\t\t\t\t<\/div>\n\t\t\t\t\t<\/div>\n\t\t\t\t<\/div>\n\t\t<div class=\"elementor-element elementor-element-ac98a4e e-flex e-con-boxed e-con e-parent\" data-id=\"ac98a4e\" data-element_type=\"container\" data-e-type=\"container\" data-settings=\"{&quot;background_background&quot;:&quot;gradient&quot;}\">\n\t\t\t\t\t<div class=\"e-con-inner\">\n\t\t<div class=\"elementor-element elementor-element-3eb6ecb e-con-full e-flex e-con e-child\" data-id=\"3eb6ecb\" data-element_type=\"container\" data-e-type=\"container\">\n\t\t\t\t<div class=\"elementor-element elementor-element-24730c4 elementor-invisible elementor-widget elementor-widget-image\" data-id=\"24730c4\" data-element_type=\"widget\" data-e-type=\"widget\" data-settings=\"{&quot;_animation&quot;:&quot;fadeInRight&quot;}\" data-widget_type=\"image.default\">\n\t\t\t\t<div class=\"elementor-widget-container\">\n\t\t\t\t\t\t\t\t\t\t\t\t\t\t\t\t<a href=\"https:\/\/2024.wwii-refugees.ee\/wp-content\/uploads\/2024\/12\/58.png\" data-elementor-open-lightbox=\"yes\" data-elementor-lightbox-title=\"58\" data-e-action-hash=\"#elementor-action%3Aaction%3Dlightbox%26settings%3DeyJpZCI6MTA3OCwidXJsIjoiaHR0cHM6XC9cLzIwMjQud3dpaS1yZWZ1Z2Vlcy5lZVwvd3AtY29udGVudFwvdXBsb2Fkc1wvMjAyNFwvMTJcLzU4LnBuZyJ9\">\n\t\t\t\t\t\t\t<img loading=\"lazy\" decoding=\"async\" width=\"1076\" height=\"729\" src=\"https:\/\/2024.wwii-refugees.ee\/wp-content\/uploads\/2024\/12\/58.png\" class=\"attachment-full size-full wp-image-1078\" alt=\"\" srcset=\"https:\/\/2024.wwii-refugees.ee\/wp-content\/uploads\/2024\/12\/58.png 1076w, https:\/\/2024.wwii-refugees.ee\/wp-content\/uploads\/2024\/12\/58-300x203.png 300w, https:\/\/2024.wwii-refugees.ee\/wp-content\/uploads\/2024\/12\/58-1024x694.png 1024w, https:\/\/2024.wwii-refugees.ee\/wp-content\/uploads\/2024\/12\/58-768x520.png 768w\" sizes=\"(max-width: 1076px) 100vw, 1076px\" \/>\t\t\t\t\t\t\t\t<\/a>\n\t\t\t\t\t\t\t\t\t\t\t\t\t\t\t<\/div>\n\t\t\t\t<\/div>\n\t\t\t\t<\/div>\n\t\t<div class=\"elementor-element elementor-element-4ec99e7 e-con-full e-flex e-con e-child\" data-id=\"4ec99e7\" data-element_type=\"container\" data-e-type=\"container\">\n\t\t<div class=\"elementor-element elementor-element-8a2f64c e-con-full e-flex e-con e-child\" data-id=\"8a2f64c\" data-element_type=\"container\" data-e-type=\"container\" data-settings=\"{&quot;background_background&quot;:&quot;gradient&quot;}\">\n\t\t\t\t<div class=\"elementor-element elementor-element-13b20ec elementor-invisible elementor-widget elementor-widget-text-editor\" data-id=\"13b20ec\" data-element_type=\"widget\" data-e-type=\"widget\" data-settings=\"{&quot;_animation&quot;:&quot;fadeInLeft&quot;}\" data-widget_type=\"text-editor.default\">\n\t\t\t\t<div class=\"elementor-widget-container\">\n\t\t\t\t\t\t\t\t\t<p style=\"text-align: justify;\"><strong>Lahkudes purustasid sakslased sadama infrastruktuuri.<\/strong><\/p><p>The Germans destroyed the harbour\u2019s infrastructure as they left.<\/p><p style=\"text-align: right;\"><strong>Illustratsioon \/ illustration: RA<\/strong><\/p>\t\t\t\t\t\t\t\t<\/div>\n\t\t\t\t<\/div>\n\t\t\t\t<\/div>\n\t\t\t\t<\/div>\n\t\t\t\t\t<\/div>\n\t\t\t\t<\/div>\n\t\t<div class=\"elementor-element elementor-element-6a5833e e-flex e-con-boxed e-con e-parent\" data-id=\"6a5833e\" data-element_type=\"container\" data-e-type=\"container\">\n\t\t\t\t\t<div class=\"e-con-inner\">\n\t\t\t\t<div class=\"elementor-element elementor-element-14c2fb0 elementor-invisible elementor-widget elementor-widget-text-editor\" data-id=\"14c2fb0\" data-element_type=\"widget\" data-e-type=\"widget\" data-settings=\"{&quot;_animation&quot;:&quot;slideInLeft&quot;}\" data-widget_type=\"text-editor.default\">\n\t\t\t\t<div class=\"elementor-widget-container\">\n\t\t\t\t\t\t\t\t\t<p style=\"text-align: justify;\"><span style=\"color: #397c99;\"><strong>Enamik Tallinnast teele asunud laevu j\u00f5udis kaotusteta sihtpunkti. Suurim trag\u00f6\u00f6dia tabas 21. septembril lahkunud laatsaretlaeva \u201eMoero\u201c, mis N\u00f5ukogude lennukite r\u00fcnnaku tulemusena 22. septembri hommikupoolikul Ventspilsi l\u00e4hedal uppus. Nii hukkunute kui ka p\u00e4\u00e4senute arvu osas puudub kindel teadmine. Saksa merev\u00e4e andmeil asus Tallinnas laeva pardale \u00fcle 1200 inimese, neist pooled haavatud s\u00f5durid, kel polnud mingit p\u00e4\u00e4semislootust. Hukkus ka sadu Eesti p\u00f5genikke, enam kui sajal \u00f5nnestus siiski p\u00e4\u00e4seda.<\/strong><\/span><\/p>\t\t\t\t\t\t\t\t<\/div>\n\t\t\t\t<\/div>\n\t\t\t\t\t<\/div>\n\t\t\t\t<\/div>\n\t\t<div class=\"elementor-element elementor-element-15864b1 e-flex e-con-boxed e-con e-parent\" data-id=\"15864b1\" data-element_type=\"container\" data-e-type=\"container\">\n\t\t\t\t\t<div class=\"e-con-inner\">\n\t\t\t\t<div class=\"elementor-element elementor-element-4e02678 elementor-invisible elementor-widget elementor-widget-text-editor\" data-id=\"4e02678\" data-element_type=\"widget\" data-e-type=\"widget\" data-settings=\"{&quot;_animation&quot;:&quot;slideInRight&quot;}\" data-widget_type=\"text-editor.default\">\n\t\t\t\t<div class=\"elementor-widget-container\">\n\t\t\t\t\t\t\t\t\t<p style=\"text-align: justify;\"><span style=\"color: #a3bccd;\">Most of the ships that departed from Tallinn reached their destinations without losses. The greatest tragedy struck the hospital ship Moero, which departed on 21 September and sank near Ventspils on the morning of 22 September as the result of an attack by Soviet warplanes. It is not known for certain how many people perished and how many people were rescued. According to the German Navy, more than 1,200 people boarded<br \/>the ship in Tallinn. Half of them were wounded soldiers who had no hope of being rescued. Hundreds of Estonian refugees also perished, yet more than a hundred Estonians managed to survive.<\/span><\/p><p style=\"text-align: justify;\">\u00a0<\/p>\t\t\t\t\t\t\t\t<\/div>\n\t\t\t\t<\/div>\n\t\t\t\t\t<\/div>\n\t\t\t\t<\/div>\n\t\t<div class=\"elementor-element elementor-element-8fcccdc e-flex e-con-boxed e-con e-parent\" data-id=\"8fcccdc\" data-element_type=\"container\" data-e-type=\"container\">\n\t\t\t\t\t<div class=\"e-con-inner\">\n\t\t<div class=\"elementor-element elementor-element-cba90ce e-con-full e-flex e-con e-child\" data-id=\"cba90ce\" data-element_type=\"container\" data-e-type=\"container\">\n\t\t\t\t<div class=\"elementor-element elementor-element-61e087e elementor-invisible elementor-widget elementor-widget-text-editor\" data-id=\"61e087e\" data-element_type=\"widget\" data-e-type=\"widget\" data-settings=\"{&quot;_animation&quot;:&quot;fadeInRight&quot;}\" data-widget_type=\"text-editor.default\">\n\t\t\t\t<div class=\"elementor-widget-container\">\n\t\t\t\t\t\t\t\t\t<p style=\"text-align: justify;\"><strong><span style=\"color: #397c99;\">1996. aastal p\u00fcstitati \u201eMoerol\u201c hukkunutele m\u00e4lestusrist l\u00e4himale Eesti kalmistule S\u00f5rve poolsaarel J\u00e4maja kalmistul.<\/span><\/strong><\/p><p style=\"text-align: justify;\"><span style=\"color: #a3bccd;\">In 1996, a cross in memory of the people who perished on board the Moero was erected in J\u00e4maja Cemetery on S\u00f5rve Peninsula, the Estonian cemetery that is closest to the spot where the ship sank.<\/span><\/p><p style=\"text-align: right;\"><span style=\"color: #397c99;\"><strong>Illustratsioon \/ illustration: EVM<\/strong><\/span><\/p><p style=\"text-align: right;\"><span style=\"color: #397c99;\"><strong>\u00a0<\/strong><\/span><\/p><p style=\"text-align: right;\"><span style=\"color: #397c99;\"><strong>\u00a0<\/strong><\/span><\/p>\t\t\t\t\t\t\t\t<\/div>\n\t\t\t\t<\/div>\n\t\t\t\t<\/div>\n\t\t<div class=\"elementor-element elementor-element-28f7882 e-con-full e-flex e-con e-child\" data-id=\"28f7882\" data-element_type=\"container\" data-e-type=\"container\">\n\t\t\t\t<div class=\"elementor-element elementor-element-dbff532 elementor-invisible elementor-widget elementor-widget-image\" data-id=\"dbff532\" data-element_type=\"widget\" data-e-type=\"widget\" data-settings=\"{&quot;_animation&quot;:&quot;fadeInLeft&quot;}\" data-widget_type=\"image.default\">\n\t\t\t\t<div class=\"elementor-widget-container\">\n\t\t\t\t\t\t\t\t\t\t\t\t\t\t\t\t<a href=\"https:\/\/2024.wwii-refugees.ee\/wp-content\/uploads\/2024\/12\/59.png\" data-elementor-open-lightbox=\"yes\" data-elementor-lightbox-title=\"59\" data-e-action-hash=\"#elementor-action%3Aaction%3Dlightbox%26settings%3DeyJpZCI6MTA3OSwidXJsIjoiaHR0cHM6XC9cLzIwMjQud3dpaS1yZWZ1Z2Vlcy5lZVwvd3AtY29udGVudFwvdXBsb2Fkc1wvMjAyNFwvMTJcLzU5LnBuZyJ9\">\n\t\t\t\t\t\t\t<img loading=\"lazy\" decoding=\"async\" width=\"683\" height=\"1024\" src=\"https:\/\/2024.wwii-refugees.ee\/wp-content\/uploads\/2024\/12\/59-683x1024.png\" class=\"attachment-large size-large wp-image-1079\" alt=\"\" srcset=\"https:\/\/2024.wwii-refugees.ee\/wp-content\/uploads\/2024\/12\/59-683x1024.png 683w, https:\/\/2024.wwii-refugees.ee\/wp-content\/uploads\/2024\/12\/59-200x300.png 200w, https:\/\/2024.wwii-refugees.ee\/wp-content\/uploads\/2024\/12\/59-768x1152.png 768w, https:\/\/2024.wwii-refugees.ee\/wp-content\/uploads\/2024\/12\/59.png 791w\" sizes=\"(max-width: 683px) 100vw, 683px\" \/>\t\t\t\t\t\t\t\t<\/a>\n\t\t\t\t\t\t\t\t\t\t\t\t\t\t\t<\/div>\n\t\t\t\t<\/div>\n\t\t\t\t<\/div>\n\t\t\t\t\t<\/div>\n\t\t\t\t<\/div>\n\t\t<div class=\"elementor-element elementor-element-3b5f339 e-flex e-con-boxed e-con e-parent\" data-id=\"3b5f339\" data-element_type=\"container\" data-e-type=\"container\">\n\t\t\t\t\t<div class=\"e-con-inner\">\n\t\t\t\t<div class=\"elementor-element elementor-element-6dcd3cb elementor-widget elementor-widget-image\" data-id=\"6dcd3cb\" data-element_type=\"widget\" data-e-type=\"widget\" data-widget_type=\"image.default\">\n\t\t\t\t<div class=\"elementor-widget-container\">\n\t\t\t\t\t\t\t\t\t\t\t\t\t\t\t<img fetchpriority=\"high\" decoding=\"async\" width=\"8667\" height=\"334\" src=\"https:\/\/2024.wwii-refugees.ee\/wp-content\/uploads\/2024\/04\/WWII_refugees_visuals_LAINE_3.png\" class=\"attachment-full size-full wp-image-121\" alt=\"\" srcset=\"https:\/\/2024.wwii-refugees.ee\/wp-content\/uploads\/2024\/04\/WWII_refugees_visuals_LAINE_3.png 8667w, https:\/\/2024.wwii-refugees.ee\/wp-content\/uploads\/2024\/04\/WWII_refugees_visuals_LAINE_3-300x12.png 300w, https:\/\/2024.wwii-refugees.ee\/wp-content\/uploads\/2024\/04\/WWII_refugees_visuals_LAINE_3-1024x39.png 1024w, https:\/\/2024.wwii-refugees.ee\/wp-content\/uploads\/2024\/04\/WWII_refugees_visuals_LAINE_3-768x30.png 768w, https:\/\/2024.wwii-refugees.ee\/wp-content\/uploads\/2024\/04\/WWII_refugees_visuals_LAINE_3-1536x59.png 1536w, https:\/\/2024.wwii-refugees.ee\/wp-content\/uploads\/2024\/04\/WWII_refugees_visuals_LAINE_3-2048x79.png 2048w\" sizes=\"(max-width: 8667px) 100vw, 8667px\" \/>\t\t\t\t\t\t\t\t\t\t\t\t\t\t\t<\/div>\n\t\t\t\t<\/div>\n\t\t\t\t\t<\/div>\n\t\t\t\t<\/div>\n\t\t<div class=\"elementor-element elementor-element-ee517de e-flex e-con-boxed e-con e-parent\" data-id=\"ee517de\" data-element_type=\"container\" data-e-type=\"container\">\n\t\t\t\t\t<div class=\"e-con-inner\">\n\t\t\t\t<div class=\"elementor-element elementor-element-f319643 elementor-widget-divider--view-line elementor-widget elementor-widget-divider\" data-id=\"f319643\" data-element_type=\"widget\" data-e-type=\"widget\" data-widget_type=\"divider.default\">\n\t\t\t\t<div class=\"elementor-widget-container\">\n\t\t\t\t\t\t\t<div class=\"elementor-divider\">\n\t\t\t<span class=\"elementor-divider-separator\">\n\t\t\t\t\t\t<\/span>\n\t\t<\/div>\n\t\t\t\t\t\t<\/div>\n\t\t\t\t<\/div>\n\t\t\t\t\t<\/div>\n\t\t\t\t<\/div>\n\t\t<div class=\"elementor-element elementor-element-d832282 e-flex e-con-boxed e-con e-parent\" data-id=\"d832282\" data-element_type=\"container\" data-e-type=\"container\">\n\t\t\t\t\t<div class=\"e-con-inner\">\n\t\t\t\t<div class=\"elementor-element elementor-element-acfa356 elementor-widget elementor-widget-heading\" data-id=\"acfa356\" data-element_type=\"widget\" data-e-type=\"widget\" data-widget_type=\"heading.default\">\n\t\t\t\t<div class=\"elementor-widget-container\">\n\t\t\t\t\t<h2 class=\"elementor-heading-title elementor-size-default\">P\u00d5GENEMINE HIIUMAALT<\/h2>\t\t\t\t<\/div>\n\t\t\t\t<\/div>\n\t\t\t\t\t<\/div>\n\t\t\t\t<\/div>\n\t\t<div class=\"elementor-element elementor-element-5e922dd e-flex e-con-boxed e-con e-parent\" data-id=\"5e922dd\" data-element_type=\"container\" data-e-type=\"container\">\n\t\t\t\t\t<div class=\"e-con-inner\">\n\t\t\t\t<div class=\"elementor-element elementor-element-9054e33 elementor-widget elementor-widget-heading\" data-id=\"9054e33\" data-element_type=\"widget\" data-e-type=\"widget\" data-widget_type=\"heading.default\">\n\t\t\t\t<div class=\"elementor-widget-container\">\n\t\t\t\t\t<h3 class=\"elementor-heading-title elementor-size-default\">EXODUS FROM HIIUMAA<\/h3>\t\t\t\t<\/div>\n\t\t\t\t<\/div>\n\t\t\t\t<div class=\"elementor-element elementor-element-87a91f8 elementor-widget elementor-widget-menu-anchor\" data-id=\"87a91f8\" data-element_type=\"widget\" data-e-type=\"widget\" data-widget_type=\"menu-anchor.default\">\n\t\t\t\t<div class=\"elementor-widget-container\">\n\t\t\t\t\t\t\t<div class=\"elementor-menu-anchor\" id=\"Hiiumaa\"><\/div>\n\t\t\t\t\t\t<\/div>\n\t\t\t\t<\/div>\n\t\t\t\t\t<\/div>\n\t\t\t\t<\/div>\n\t\t<div class=\"elementor-element elementor-element-f714879 e-flex e-con-boxed e-con e-parent\" data-id=\"f714879\" data-element_type=\"container\" data-e-type=\"container\">\n\t\t\t\t\t<div class=\"e-con-inner\">\n\t\t\t\t<div class=\"elementor-element elementor-element-e9cd607 elementor-widget elementor-widget-heading\" data-id=\"e9cd607\" data-element_type=\"widget\" data-e-type=\"widget\" data-widget_type=\"heading.default\">\n\t\t\t\t<div class=\"elementor-widget-container\">\n\t\t\t\t\t<h6 class=\"elementor-heading-title elementor-size-default\">Koostaja\/Compiled by: Patrick Rang, Mart M\u00f5niste, Enn Veevo.<\/h6>\t\t\t\t<\/div>\n\t\t\t\t<\/div>\n\t\t\t\t\t<\/div>\n\t\t\t\t<\/div>\n\t\t<div class=\"elementor-element elementor-element-c5de3d3 e-flex e-con-boxed e-con e-parent\" data-id=\"c5de3d3\" data-element_type=\"container\" data-e-type=\"container\">\n\t\t\t\t\t<div class=\"e-con-inner\">\n\t\t\t\t<div class=\"elementor-element elementor-element-e7bd831 elementor-invisible elementor-widget elementor-widget-text-editor\" data-id=\"e7bd831\" data-element_type=\"widget\" data-e-type=\"widget\" data-settings=\"{&quot;_animation&quot;:&quot;slideInLeft&quot;}\" data-widget_type=\"text-editor.default\">\n\t\t\t\t<div class=\"elementor-widget-container\">\n\t\t\t\t\t\t\t\t\t<p style=\"text-align: justify;\"><span style=\"color: #397c99;\"><strong>Sarnaselt teistele Eesti piirkondadele algas Hiiumaalt p\u00f5genemine 1943. aastal: Saksa mobilisatsiooni eest k\u00f5rvale hoidmise, Soome armeega liitumise ja v\u00e4hemal m\u00e4\u00e4ral eestirootslaste p\u00f5genemise k\u00e4igus. Verepuhtaid rootslasi oli selleks ajaks Hiiumaale j\u00e4\u00e4nud napilt, k\u00fcll aga leiti arvukalt hiiurootsi esivanemaid, kelle olemasolu t\u00f5endamine andis lootust saada luba Eestist lahkumiseks.<\/strong><\/span><\/p>\t\t\t\t\t\t\t\t<\/div>\n\t\t\t\t<\/div>\n\t\t\t\t\t<\/div>\n\t\t\t\t<\/div>\n\t\t<div class=\"elementor-element elementor-element-b8c1d17 e-flex e-con-boxed e-con e-parent\" data-id=\"b8c1d17\" data-element_type=\"container\" data-e-type=\"container\">\n\t\t\t\t\t<div class=\"e-con-inner\">\n\t\t\t\t<div class=\"elementor-element elementor-element-7217519 elementor-invisible elementor-widget elementor-widget-text-editor\" data-id=\"7217519\" data-element_type=\"widget\" data-e-type=\"widget\" data-settings=\"{&quot;_animation&quot;:&quot;slideInRight&quot;}\" data-widget_type=\"text-editor.default\">\n\t\t\t\t<div class=\"elementor-widget-container\">\n\t\t\t\t\t\t\t\t\t<p style=\"text-align: justify;\"><span style=\"color: #a3bccd;\">Similarly to other Estonian areas, people started fleeing from Hiiumaa in 1943: to evade German mobilisation, to join the Finnish Army, and to a lesser extent the exodus of Estonian Swedes. By that time, few pureblooded Swedes remained in Hiiumaa, yet many islanders discovered that they had Swedish ancestors from Hiiumaa. Proving their existence provided hope for obtaining permits to leave Estonia.<\/span><\/p><p style=\"text-align: justify;\">\u00a0<\/p>\t\t\t\t\t\t\t\t<\/div>\n\t\t\t\t<\/div>\n\t\t\t\t\t<\/div>\n\t\t\t\t<\/div>\n\t\t<div class=\"elementor-element elementor-element-f2da478 e-flex e-con-boxed e-con e-parent\" data-id=\"f2da478\" data-element_type=\"container\" data-e-type=\"container\" data-settings=\"{&quot;background_background&quot;:&quot;gradient&quot;}\">\n\t\t\t\t\t<div class=\"e-con-inner\">\n\t\t<div class=\"elementor-element elementor-element-fe23220 e-con-full e-flex e-con e-child\" data-id=\"fe23220\" data-element_type=\"container\" data-e-type=\"container\">\n\t\t\t\t<div class=\"elementor-element elementor-element-0f5cdc0 elementor-invisible elementor-widget elementor-widget-image\" data-id=\"0f5cdc0\" data-element_type=\"widget\" data-e-type=\"widget\" data-settings=\"{&quot;_animation&quot;:&quot;fadeInRight&quot;}\" data-widget_type=\"image.default\">\n\t\t\t\t<div class=\"elementor-widget-container\">\n\t\t\t\t\t\t\t\t\t\t\t\t\t\t\t\t<a href=\"https:\/\/2024.wwii-refugees.ee\/wp-content\/uploads\/2024\/12\/60.png\" data-elementor-open-lightbox=\"yes\" data-elementor-lightbox-title=\"60\" data-e-action-hash=\"#elementor-action%3Aaction%3Dlightbox%26settings%3DeyJpZCI6MTA4NCwidXJsIjoiaHR0cHM6XC9cLzIwMjQud3dpaS1yZWZ1Z2Vlcy5lZVwvd3AtY29udGVudFwvdXBsb2Fkc1wvMjAyNFwvMTJcLzYwLnBuZyJ9\">\n\t\t\t\t\t\t\t<img loading=\"lazy\" decoding=\"async\" width=\"1424\" height=\"1160\" src=\"https:\/\/2024.wwii-refugees.ee\/wp-content\/uploads\/2024\/12\/60.png\" class=\"attachment-full size-full wp-image-1084\" alt=\"\" srcset=\"https:\/\/2024.wwii-refugees.ee\/wp-content\/uploads\/2024\/12\/60.png 1424w, https:\/\/2024.wwii-refugees.ee\/wp-content\/uploads\/2024\/12\/60-300x244.png 300w, https:\/\/2024.wwii-refugees.ee\/wp-content\/uploads\/2024\/12\/60-1024x834.png 1024w, https:\/\/2024.wwii-refugees.ee\/wp-content\/uploads\/2024\/12\/60-768x626.png 768w\" sizes=\"(max-width: 1424px) 100vw, 1424px\" \/>\t\t\t\t\t\t\t\t<\/a>\n\t\t\t\t\t\t\t\t\t\t\t\t\t\t\t<\/div>\n\t\t\t\t<\/div>\n\t\t\t\t<\/div>\n\t\t<div class=\"elementor-element elementor-element-307dcab e-con-full e-flex e-con e-child\" data-id=\"307dcab\" data-element_type=\"container\" data-e-type=\"container\">\n\t\t<div class=\"elementor-element elementor-element-233f4ef e-con-full e-flex e-con e-child\" data-id=\"233f4ef\" data-element_type=\"container\" data-e-type=\"container\" data-settings=\"{&quot;background_background&quot;:&quot;gradient&quot;}\">\n\t\t\t\t<div class=\"elementor-element elementor-element-5247ea5 elementor-invisible elementor-widget elementor-widget-text-editor\" data-id=\"5247ea5\" data-element_type=\"widget\" data-e-type=\"widget\" data-settings=\"{&quot;_animation&quot;:&quot;fadeInLeft&quot;}\" data-widget_type=\"text-editor.default\">\n\t\t\t\t<div class=\"elementor-widget-container\">\n\t\t\t\t\t\t\t\t\t<p style=\"text-align: justify;\"><strong>Notari kinnitatud tunnistus Felix Elleri rootsi p\u00e4ritolu kohta 21. m\u00e4rtsist 1944. Tema p\u00f5genemisest sellegipoolest asja ei saanud.<\/strong><\/p><p>Notarised certificate of the Swedish origin of Felix Eller from 21 March 1944. Regardless of this, his attempt to flee failed.<\/p><p style=\"text-align: right;\"><strong>Illustratsioon \/ illustration: erakogu<br \/><\/strong><\/p>\t\t\t\t\t\t\t\t<\/div>\n\t\t\t\t<\/div>\n\t\t\t\t<\/div>\n\t\t\t\t<\/div>\n\t\t\t\t\t<\/div>\n\t\t\t\t<\/div>\n\t\t<div class=\"elementor-element elementor-element-fc25bbb e-flex e-con-boxed e-con e-parent\" data-id=\"fc25bbb\" data-element_type=\"container\" data-e-type=\"container\">\n\t\t\t\t\t<div class=\"e-con-inner\">\n\t\t\t\t<div class=\"elementor-element elementor-element-00cc5ca elementor-invisible elementor-widget elementor-widget-text-editor\" data-id=\"00cc5ca\" data-element_type=\"widget\" data-e-type=\"widget\" data-settings=\"{&quot;_animation&quot;:&quot;slideInLeft&quot;}\" data-widget_type=\"text-editor.default\">\n\t\t\t\t<div class=\"elementor-widget-container\">\n\t\t\t\t\t\t\t\t\t<p style=\"text-align: justify;\"><span style=\"color: #397c99;\"><strong>Saksa v\u00f5imud \u00fcritasid pea viimse hetkeni p\u00f5genemisi takistada. Nii j\u00e4i \u00e4ra ka t\u00e4naseks legendi seisu t\u00f5usnud hiidlaste mootorpurjeka \u201eAlar\u201c p\u00f5genemine. Kapten Feliks Voolens otsustas koos meeskonna, pere ja kaasa v\u00f5etud p\u00f5genikega K\u00f5rgessaarest teele asuda 9. septembril 1944, kuid Saksa valvekaater katkestas teekonna. Kinniv\u00f5etutega siiski suuremat kurja ei s\u00fcndinud ja nii m\u00f5nigi laeval olnu p\u00e4\u00e4ses veel samal s\u00fcgisel p\u00f5genema. Sakslased viisid \u201eAlari\u201c evakueerudes Saksamaale, kuid p\u00e4rast s\u00f5da \u00f5nnestus l\u00e4\u00e4nde j\u00f5udnud omanikel laev tagasi saada ning see on t\u00e4naseni s\u00e4ilinud. 1998. aastast on ta tagasi kodusaarel, S\u00f5ru sadamas.<\/strong><\/span><\/p>\t\t\t\t\t\t\t\t<\/div>\n\t\t\t\t<\/div>\n\t\t\t\t\t<\/div>\n\t\t\t\t<\/div>\n\t\t<div class=\"elementor-element elementor-element-7a5eb67 e-flex e-con-boxed e-con e-parent\" data-id=\"7a5eb67\" data-element_type=\"container\" data-e-type=\"container\">\n\t\t\t\t\t<div class=\"e-con-inner\">\n\t\t\t\t<div class=\"elementor-element elementor-element-06cafd4 elementor-invisible elementor-widget elementor-widget-text-editor\" data-id=\"06cafd4\" data-element_type=\"widget\" data-e-type=\"widget\" data-settings=\"{&quot;_animation&quot;:&quot;slideInRight&quot;}\" data-widget_type=\"text-editor.default\">\n\t\t\t\t<div class=\"elementor-widget-container\">\n\t\t\t\t\t\t\t\t\t<p style=\"text-align: justify;\"><span style=\"color: #a3bccd;\">The German authorities tried to prevent people from fleeing until almost the last minute. Thus, the escape of the motor sailboat Alar, which belonged to Hiiumaa islanders and has become a legend, did not materialise. Captain Feliks Voolens decided to set sail from K\u00f5rgessaare on 9 September 1944 together with his crew, family, and refugees whom he had taken along, but a German guard launch stopped them. There were no serious repercussions for the apprehended persons and thus quite a few of the people that had been on board still succeeded in fleeing that same autumn. As they evacuated, the Germans took Alar to Germany but after the war, its owners, who had reached the West, managed to get the ship back and it has been preserved to this day.<br \/>Starting from 1998, it is back in its home at S\u00f5ru harbour.<\/span><\/p><p style=\"text-align: justify;\">\u00a0<\/p>\t\t\t\t\t\t\t\t<\/div>\n\t\t\t\t<\/div>\n\t\t\t\t\t<\/div>\n\t\t\t\t<\/div>\n\t\t<div class=\"elementor-element elementor-element-0fb9248 e-flex e-con-boxed e-con e-parent\" data-id=\"0fb9248\" data-element_type=\"container\" data-e-type=\"container\">\n\t\t\t\t\t<div class=\"e-con-inner\">\n\t\t<div class=\"elementor-element elementor-element-44608f7 e-con-full e-flex e-con e-child\" data-id=\"44608f7\" data-element_type=\"container\" data-e-type=\"container\">\n\t\t\t\t<div class=\"elementor-element elementor-element-6844f4c elementor-invisible elementor-widget elementor-widget-text-editor\" data-id=\"6844f4c\" data-element_type=\"widget\" data-e-type=\"widget\" data-settings=\"{&quot;_animation&quot;:&quot;fadeInRight&quot;}\" data-widget_type=\"text-editor.default\">\n\t\t\t\t<div class=\"elementor-widget-container\">\n\t\t\t\t\t\t\t\t\t<p style=\"text-align: justify;\"><strong><span style=\"color: #397c99;\">Mootorpurjekas \u201eAlar\u201c 1941. aastal Taanis.<\/span><\/strong><\/p><p style=\"text-align: justify;\"><span style=\"color: #a3bccd;\">The motor sailboat Alar in Denmark in 1941.<\/span><\/p><p style=\"text-align: right;\"><span style=\"color: #397c99;\"><strong>Illustratsioon \/ illustration: MM<\/strong><\/span><\/p><p style=\"text-align: right;\"><span style=\"color: #397c99;\"><strong>\u00a0<\/strong><\/span><\/p><p style=\"text-align: right;\"><span style=\"color: #397c99;\"><strong>\u00a0<\/strong><\/span><\/p>\t\t\t\t\t\t\t\t<\/div>\n\t\t\t\t<\/div>\n\t\t\t\t<\/div>\n\t\t<div class=\"elementor-element elementor-element-66fe82b e-con-full e-flex e-con e-child\" data-id=\"66fe82b\" data-element_type=\"container\" data-e-type=\"container\">\n\t\t\t\t<div class=\"elementor-element elementor-element-6e9a8c0 elementor-invisible elementor-widget elementor-widget-image\" data-id=\"6e9a8c0\" data-element_type=\"widget\" data-e-type=\"widget\" data-settings=\"{&quot;_animation&quot;:&quot;fadeInLeft&quot;}\" data-widget_type=\"image.default\">\n\t\t\t\t<div class=\"elementor-widget-container\">\n\t\t\t\t\t\t\t\t\t\t\t\t\t\t\t\t<a href=\"https:\/\/2024.wwii-refugees.ee\/wp-content\/uploads\/2024\/12\/61.png\" data-elementor-open-lightbox=\"yes\" data-elementor-lightbox-title=\"61\" data-e-action-hash=\"#elementor-action%3Aaction%3Dlightbox%26settings%3DeyJpZCI6MTA4NSwidXJsIjoiaHR0cHM6XC9cLzIwMjQud3dpaS1yZWZ1Z2Vlcy5lZVwvd3AtY29udGVudFwvdXBsb2Fkc1wvMjAyNFwvMTJcLzYxLnBuZyJ9\">\n\t\t\t\t\t\t\t<img loading=\"lazy\" decoding=\"async\" width=\"1024\" height=\"720\" src=\"https:\/\/2024.wwii-refugees.ee\/wp-content\/uploads\/2024\/12\/61-1024x720.png\" class=\"attachment-large size-large wp-image-1085\" alt=\"\" srcset=\"https:\/\/2024.wwii-refugees.ee\/wp-content\/uploads\/2024\/12\/61-1024x720.png 1024w, https:\/\/2024.wwii-refugees.ee\/wp-content\/uploads\/2024\/12\/61-300x211.png 300w, https:\/\/2024.wwii-refugees.ee\/wp-content\/uploads\/2024\/12\/61-768x540.png 768w, https:\/\/2024.wwii-refugees.ee\/wp-content\/uploads\/2024\/12\/61.png 1480w\" sizes=\"(max-width: 1024px) 100vw, 1024px\" \/>\t\t\t\t\t\t\t\t<\/a>\n\t\t\t\t\t\t\t\t\t\t\t\t\t\t\t<\/div>\n\t\t\t\t<\/div>\n\t\t\t\t<\/div>\n\t\t\t\t\t<\/div>\n\t\t\t\t<\/div>\n\t\t<div class=\"elementor-element elementor-element-dd2126d e-flex e-con-boxed e-con e-parent\" data-id=\"dd2126d\" data-element_type=\"container\" data-e-type=\"container\" data-settings=\"{&quot;background_background&quot;:&quot;gradient&quot;}\">\n\t\t\t\t\t<div class=\"e-con-inner\">\n\t\t<div class=\"elementor-element elementor-element-152ad7c e-con-full e-flex e-con e-child\" data-id=\"152ad7c\" data-element_type=\"container\" data-e-type=\"container\">\n\t\t\t\t<div class=\"elementor-element elementor-element-f69e0b5 elementor-invisible elementor-widget elementor-widget-image\" data-id=\"f69e0b5\" data-element_type=\"widget\" data-e-type=\"widget\" data-settings=\"{&quot;_animation&quot;:&quot;fadeInRight&quot;}\" data-widget_type=\"image.default\">\n\t\t\t\t<div class=\"elementor-widget-container\">\n\t\t\t\t\t\t\t\t\t\t\t\t\t\t\t\t<a href=\"https:\/\/2024.wwii-refugees.ee\/wp-content\/uploads\/2024\/12\/62.png\" data-elementor-open-lightbox=\"yes\" data-elementor-lightbox-title=\"62\" data-e-action-hash=\"#elementor-action%3Aaction%3Dlightbox%26settings%3DeyJpZCI6MTA4NiwidXJsIjoiaHR0cHM6XC9cLzIwMjQud3dpaS1yZWZ1Z2Vlcy5lZVwvd3AtY29udGVudFwvdXBsb2Fkc1wvMjAyNFwvMTJcLzYyLnBuZyJ9\">\n\t\t\t\t\t\t\t<img loading=\"lazy\" decoding=\"async\" width=\"1645\" height=\"1081\" src=\"https:\/\/2024.wwii-refugees.ee\/wp-content\/uploads\/2024\/12\/62.png\" class=\"attachment-full size-full wp-image-1086\" alt=\"\" srcset=\"https:\/\/2024.wwii-refugees.ee\/wp-content\/uploads\/2024\/12\/62.png 1645w, https:\/\/2024.wwii-refugees.ee\/wp-content\/uploads\/2024\/12\/62-300x197.png 300w, https:\/\/2024.wwii-refugees.ee\/wp-content\/uploads\/2024\/12\/62-1024x673.png 1024w, https:\/\/2024.wwii-refugees.ee\/wp-content\/uploads\/2024\/12\/62-768x505.png 768w, https:\/\/2024.wwii-refugees.ee\/wp-content\/uploads\/2024\/12\/62-1536x1009.png 1536w\" sizes=\"(max-width: 1645px) 100vw, 1645px\" \/>\t\t\t\t\t\t\t\t<\/a>\n\t\t\t\t\t\t\t\t\t\t\t\t\t\t\t<\/div>\n\t\t\t\t<\/div>\n\t\t\t\t<\/div>\n\t\t<div class=\"elementor-element elementor-element-d9ad93f e-con-full e-flex e-con e-child\" data-id=\"d9ad93f\" data-element_type=\"container\" data-e-type=\"container\">\n\t\t<div class=\"elementor-element elementor-element-da00662 e-con-full e-flex e-con e-child\" data-id=\"da00662\" data-element_type=\"container\" data-e-type=\"container\" data-settings=\"{&quot;background_background&quot;:&quot;gradient&quot;}\">\n\t\t\t\t<div class=\"elementor-element elementor-element-380f382 elementor-invisible elementor-widget elementor-widget-text-editor\" data-id=\"380f382\" data-element_type=\"widget\" data-e-type=\"widget\" data-settings=\"{&quot;_animation&quot;:&quot;fadeInLeft&quot;}\" data-widget_type=\"text-editor.default\">\n\t\t\t\t<div class=\"elementor-widget-container\">\n\t\t\t\t\t\t\t\t\t<p style=\"text-align: justify;\"><strong>\u201eAlar\u201c teel tagasi koduranda, 1998.<\/strong><\/p><p>Alar on its way back to its home coast, 1998.<\/p><p style=\"text-align: right;\"><strong>Illustratsioon: erakogu, autor A. Vahtras<br \/>Illustration: private collection, author: A. Vahtras<\/strong><\/p>\t\t\t\t\t\t\t\t<\/div>\n\t\t\t\t<\/div>\n\t\t\t\t<\/div>\n\t\t\t\t<\/div>\n\t\t\t\t\t<\/div>\n\t\t\t\t<\/div>\n\t\t<div class=\"elementor-element elementor-element-bf15cf5 e-flex e-con-boxed e-con e-parent\" data-id=\"bf15cf5\" data-element_type=\"container\" data-e-type=\"container\">\n\t\t\t\t\t<div class=\"e-con-inner\">\n\t\t<div class=\"elementor-element elementor-element-3ca61cd e-con-full e-flex e-con e-child\" data-id=\"3ca61cd\" data-element_type=\"container\" data-e-type=\"container\">\n\t\t\t\t<div class=\"elementor-element elementor-element-2fc5de3 elementor-invisible elementor-widget elementor-widget-text-editor\" data-id=\"2fc5de3\" data-element_type=\"widget\" data-e-type=\"widget\" data-settings=\"{&quot;_animation&quot;:&quot;fadeInRight&quot;}\" data-widget_type=\"text-editor.default\">\n\t\t\t\t<div class=\"elementor-widget-container\">\n\t\t\t\t\t\t\t\t\t<p style=\"text-align: justify;\"><strong><span style=\"color: #397c99;\">Kapten Feliks Voolens elutoa laua taga, 1960.<\/span><\/strong><\/p><p style=\"text-align: justify;\"><span style=\"color: #a3bccd;\">Captain Feliks Voolens at his living room table, 1960.<\/span><\/p><p style=\"text-align: right;\"><span style=\"color: #397c99;\"><strong>Illustratsioon \/ illustration: MM<\/strong><\/span><\/p><p style=\"text-align: right;\"><span style=\"color: #397c99;\"><strong>\u00a0<\/strong><\/span><\/p><p style=\"text-align: right;\"><span style=\"color: #397c99;\"><strong>\u00a0 <br \/><\/strong><\/span><\/p>\t\t\t\t\t\t\t\t<\/div>\n\t\t\t\t<\/div>\n\t\t\t\t<\/div>\n\t\t<div class=\"elementor-element elementor-element-6615f31 e-con-full e-flex e-con e-child\" data-id=\"6615f31\" data-element_type=\"container\" data-e-type=\"container\">\n\t\t\t\t<div class=\"elementor-element elementor-element-d68250a elementor-invisible elementor-widget elementor-widget-image\" data-id=\"d68250a\" data-element_type=\"widget\" data-e-type=\"widget\" data-settings=\"{&quot;_animation&quot;:&quot;fadeInLeft&quot;}\" data-widget_type=\"image.default\">\n\t\t\t\t<div class=\"elementor-widget-container\">\n\t\t\t\t\t\t\t\t\t\t\t\t\t\t\t\t<a href=\"https:\/\/2024.wwii-refugees.ee\/wp-content\/uploads\/2024\/12\/63.png\" data-elementor-open-lightbox=\"yes\" data-elementor-lightbox-title=\"63\" data-e-action-hash=\"#elementor-action%3Aaction%3Dlightbox%26settings%3DeyJpZCI6MTA4NywidXJsIjoiaHR0cHM6XC9cLzIwMjQud3dpaS1yZWZ1Z2Vlcy5lZVwvd3AtY29udGVudFwvdXBsb2Fkc1wvMjAyNFwvMTJcLzYzLnBuZyJ9\">\n\t\t\t\t\t\t\t<img loading=\"lazy\" decoding=\"async\" width=\"932\" height=\"635\" src=\"https:\/\/2024.wwii-refugees.ee\/wp-content\/uploads\/2024\/12\/63.png\" class=\"attachment-large size-large wp-image-1087\" alt=\"\" srcset=\"https:\/\/2024.wwii-refugees.ee\/wp-content\/uploads\/2024\/12\/63.png 932w, https:\/\/2024.wwii-refugees.ee\/wp-content\/uploads\/2024\/12\/63-300x204.png 300w, https:\/\/2024.wwii-refugees.ee\/wp-content\/uploads\/2024\/12\/63-768x523.png 768w\" sizes=\"(max-width: 932px) 100vw, 932px\" \/>\t\t\t\t\t\t\t\t<\/a>\n\t\t\t\t\t\t\t\t\t\t\t\t\t\t\t<\/div>\n\t\t\t\t<\/div>\n\t\t\t\t<\/div>\n\t\t\t\t\t<\/div>\n\t\t\t\t<\/div>\n\t\t<div class=\"elementor-element elementor-element-aa3f385 e-flex e-con-boxed e-con e-parent\" data-id=\"aa3f385\" data-element_type=\"container\" data-e-type=\"container\">\n\t\t\t\t\t<div class=\"e-con-inner\">\n\t\t\t\t<div class=\"elementor-element elementor-element-4cc0a75 elementor-invisible elementor-widget elementor-widget-text-editor\" data-id=\"4cc0a75\" data-element_type=\"widget\" data-e-type=\"widget\" data-settings=\"{&quot;_animation&quot;:&quot;slideInLeft&quot;}\" data-widget_type=\"text-editor.default\">\n\t\t\t\t<div class=\"elementor-widget-container\">\n\t\t\t\t\t\t\t\t\t<p style=\"text-align: justify;\"><span style=\"color: #397c99;\"><strong>Kui laev oli K\u00f5rgessaare sadamas, varjas end selle pardal teadaolevalt Eesti ainuke \u201emeremetsavend\u201c, Lepiku k\u00fclast p\u00e4rit Arvid Saart. Arvid otsustas p\u00e4rast sundteenimist nii Punav\u00e4es kui Saksa s\u00f5jav\u00e4es, et \u201eaitab jamast\u201c ja jaanuarist m\u00e4rtsini 1944. a varjas ta end \u201eAlaril\u201c.<\/strong><\/span><\/p>\t\t\t\t\t\t\t\t<\/div>\n\t\t\t\t<\/div>\n\t\t\t\t\t<\/div>\n\t\t\t\t<\/div>\n\t\t<div class=\"elementor-element elementor-element-7360688 e-flex e-con-boxed e-con e-parent\" data-id=\"7360688\" data-element_type=\"container\" data-e-type=\"container\">\n\t\t\t\t\t<div class=\"e-con-inner\">\n\t\t\t\t<div class=\"elementor-element elementor-element-de12192 elementor-invisible elementor-widget elementor-widget-text-editor\" data-id=\"de12192\" data-element_type=\"widget\" data-e-type=\"widget\" data-settings=\"{&quot;_animation&quot;:&quot;slideInRight&quot;}\" data-widget_type=\"text-editor.default\">\n\t\t\t\t<div class=\"elementor-widget-container\">\n\t\t\t\t\t\t\t\t\t<p style=\"text-align: justify;\"><span style=\"color: #a3bccd;\">When the ship was at K\u00f5rgessaare harbour, Arvid Saart from Lepiku hamlet, the only known \u2018maritime forest brother\u2019 in Estonia, was in hiding on board that ship. After being forced to serve in both the Red Army and the German Army, Arvid decided that he had had \u2018enough of that nonsense\u2019. He hid on board Alar from January to March of 1944.<\/span><\/p><p style=\"text-align: justify;\">\u00a0<\/p>\t\t\t\t\t\t\t\t<\/div>\n\t\t\t\t<\/div>\n\t\t\t\t\t<\/div>\n\t\t\t\t<\/div>\n\t\t<div class=\"elementor-element elementor-element-015cdbe e-flex e-con-boxed e-con e-parent\" data-id=\"015cdbe\" data-element_type=\"container\" data-e-type=\"container\" data-settings=\"{&quot;background_background&quot;:&quot;gradient&quot;}\">\n\t\t\t\t\t<div class=\"e-con-inner\">\n\t\t<div class=\"elementor-element elementor-element-c3eab8d e-con-full e-flex e-con e-child\" data-id=\"c3eab8d\" data-element_type=\"container\" data-e-type=\"container\">\n\t\t\t\t<div class=\"elementor-element elementor-element-d31b5a2 elementor-invisible elementor-widget elementor-widget-image\" data-id=\"d31b5a2\" data-element_type=\"widget\" data-e-type=\"widget\" data-settings=\"{&quot;_animation&quot;:&quot;fadeInRight&quot;}\" data-widget_type=\"image.default\">\n\t\t\t\t<div class=\"elementor-widget-container\">\n\t\t\t\t\t\t\t\t\t\t\t\t\t\t\t\t<a href=\"https:\/\/2024.wwii-refugees.ee\/wp-content\/uploads\/2024\/12\/64.png\" data-elementor-open-lightbox=\"yes\" data-elementor-lightbox-title=\"64\" data-e-action-hash=\"#elementor-action%3Aaction%3Dlightbox%26settings%3DeyJpZCI6MTA4OCwidXJsIjoiaHR0cHM6XC9cLzIwMjQud3dpaS1yZWZ1Z2Vlcy5lZVwvd3AtY29udGVudFwvdXBsb2Fkc1wvMjAyNFwvMTJcLzY0LnBuZyJ9\">\n\t\t\t\t\t\t\t<img loading=\"lazy\" decoding=\"async\" width=\"1270\" height=\"1135\" src=\"https:\/\/2024.wwii-refugees.ee\/wp-content\/uploads\/2024\/12\/64.png\" class=\"attachment-full size-full wp-image-1088\" alt=\"\" srcset=\"https:\/\/2024.wwii-refugees.ee\/wp-content\/uploads\/2024\/12\/64.png 1270w, https:\/\/2024.wwii-refugees.ee\/wp-content\/uploads\/2024\/12\/64-300x268.png 300w, https:\/\/2024.wwii-refugees.ee\/wp-content\/uploads\/2024\/12\/64-1024x915.png 1024w, https:\/\/2024.wwii-refugees.ee\/wp-content\/uploads\/2024\/12\/64-768x686.png 768w\" sizes=\"(max-width: 1270px) 100vw, 1270px\" \/>\t\t\t\t\t\t\t\t<\/a>\n\t\t\t\t\t\t\t\t\t\t\t\t\t\t\t<\/div>\n\t\t\t\t<\/div>\n\t\t\t\t<\/div>\n\t\t<div class=\"elementor-element elementor-element-872030c e-con-full e-flex e-con e-child\" data-id=\"872030c\" data-element_type=\"container\" data-e-type=\"container\">\n\t\t<div class=\"elementor-element elementor-element-a05f1e3 e-con-full e-flex e-con e-child\" data-id=\"a05f1e3\" data-element_type=\"container\" data-e-type=\"container\" data-settings=\"{&quot;background_background&quot;:&quot;gradient&quot;}\">\n\t\t\t\t<div class=\"elementor-element elementor-element-7cbc19c elementor-invisible elementor-widget elementor-widget-text-editor\" data-id=\"7cbc19c\" data-element_type=\"widget\" data-e-type=\"widget\" data-settings=\"{&quot;_animation&quot;:&quot;fadeInLeft&quot;}\" data-widget_type=\"text-editor.default\">\n\t\t\t\t<div class=\"elementor-widget-container\">\n\t\t\t\t\t\t\t\t\t<p style=\"text-align: justify;\"><strong>Hiiumaa K\u00f5rgessaare sadam, u 1939.<\/strong><\/p><p>K\u00f5rgessaare harbour in Hiiumaa, about 1939.<\/p><p style=\"text-align: right;\"><strong>Illustratsioon \/ illustration: TLM<\/strong><\/p>\t\t\t\t\t\t\t\t<\/div>\n\t\t\t\t<\/div>\n\t\t\t\t<\/div>\n\t\t\t\t<\/div>\n\t\t\t\t\t<\/div>\n\t\t\t\t<\/div>\n\t\t<div class=\"elementor-element elementor-element-fc87d6c e-flex e-con-boxed e-con e-parent\" data-id=\"fc87d6c\" data-element_type=\"container\" data-e-type=\"container\">\n\t\t\t\t\t<div class=\"e-con-inner\">\n\t\t<div class=\"elementor-element elementor-element-a85ede3 e-con-full e-flex e-con e-child\" data-id=\"a85ede3\" data-element_type=\"container\" data-e-type=\"container\">\n\t\t\t\t<div class=\"elementor-element elementor-element-d8a4d30 elementor-invisible elementor-widget elementor-widget-text-editor\" data-id=\"d8a4d30\" data-element_type=\"widget\" data-e-type=\"widget\" data-settings=\"{&quot;_animation&quot;:&quot;fadeInRight&quot;}\" data-widget_type=\"text-editor.default\">\n\t\t\t\t<div class=\"elementor-widget-container\">\n\t\t\t\t\t\t\t\t\t<p style=\"text-align: justify;\"><strong><span style=\"color: #397c99;\">Eesti p\u00f5genike purjekad \u201eKodu\u201c, \u201eL\u00fcbeck\u201c, \u201eHiiu\u201c, \u201eTriina\u201c, \u201eVello\u201c ja \u201eKristiine\u201c Rootsis Vikinghillis 28. mail 1945. aastal enne NSV Liidule \u00fcle andmist.<\/span><\/strong><\/p><p style=\"text-align: justify;\"><span style=\"color: #a3bccd;\">The sailboats Kodu, L\u00fcbeck, Hiiu, Triina, Vello, and Kristiine at Vikinghill in Sweden on 28 May 1945 before they were handed over to the Soviet Union.<\/span><\/p><p style=\"text-align: right;\"><span style=\"color: #397c99;\"><strong>Illustratsioon \/ illustration: GM<\/strong><\/span><\/p><p style=\"text-align: right;\"><span style=\"color: #397c99;\"><strong>\u00a0<\/strong><\/span><\/p><p style=\"text-align: right;\"><span style=\"color: #397c99;\"><strong>\u00a0 <br \/><\/strong><\/span><\/p>\t\t\t\t\t\t\t\t<\/div>\n\t\t\t\t<\/div>\n\t\t\t\t<\/div>\n\t\t<div class=\"elementor-element elementor-element-48626b8 e-con-full e-flex e-con e-child\" data-id=\"48626b8\" data-element_type=\"container\" data-e-type=\"container\">\n\t\t\t\t<div class=\"elementor-element elementor-element-f0064ad elementor-invisible elementor-widget elementor-widget-image\" data-id=\"f0064ad\" data-element_type=\"widget\" data-e-type=\"widget\" data-settings=\"{&quot;_animation&quot;:&quot;fadeInLeft&quot;}\" data-widget_type=\"image.default\">\n\t\t\t\t<div class=\"elementor-widget-container\">\n\t\t\t\t\t\t\t\t\t\t\t\t\t\t\t\t<a href=\"https:\/\/2024.wwii-refugees.ee\/wp-content\/uploads\/2024\/12\/65.png\" data-elementor-open-lightbox=\"yes\" data-elementor-lightbox-title=\"65\" data-e-action-hash=\"#elementor-action%3Aaction%3Dlightbox%26settings%3DeyJpZCI6MTA4OSwidXJsIjoiaHR0cHM6XC9cLzIwMjQud3dpaS1yZWZ1Z2Vlcy5lZVwvd3AtY29udGVudFwvdXBsb2Fkc1wvMjAyNFwvMTJcLzY1LnBuZyJ9\">\n\t\t\t\t\t\t\t<img loading=\"lazy\" decoding=\"async\" width=\"1024\" height=\"615\" src=\"https:\/\/2024.wwii-refugees.ee\/wp-content\/uploads\/2024\/12\/65-1024x615.png\" class=\"attachment-large size-large wp-image-1089\" alt=\"\" srcset=\"https:\/\/2024.wwii-refugees.ee\/wp-content\/uploads\/2024\/12\/65-1024x615.png 1024w, https:\/\/2024.wwii-refugees.ee\/wp-content\/uploads\/2024\/12\/65-300x180.png 300w, https:\/\/2024.wwii-refugees.ee\/wp-content\/uploads\/2024\/12\/65-768x462.png 768w, https:\/\/2024.wwii-refugees.ee\/wp-content\/uploads\/2024\/12\/65-1536x923.png 1536w, https:\/\/2024.wwii-refugees.ee\/wp-content\/uploads\/2024\/12\/65.png 1702w\" sizes=\"(max-width: 1024px) 100vw, 1024px\" \/>\t\t\t\t\t\t\t\t<\/a>\n\t\t\t\t\t\t\t\t\t\t\t\t\t\t\t<\/div>\n\t\t\t\t<\/div>\n\t\t\t\t<\/div>\n\t\t\t\t\t<\/div>\n\t\t\t\t<\/div>\n\t\t<div class=\"elementor-element elementor-element-72f3e28 e-flex e-con-boxed e-con e-parent\" data-id=\"72f3e28\" data-element_type=\"container\" data-e-type=\"container\">\n\t\t\t\t\t<div class=\"e-con-inner\">\n\t\t\t\t<div class=\"elementor-element elementor-element-e22d3d5 elementor-invisible elementor-widget elementor-widget-text-editor\" data-id=\"e22d3d5\" data-element_type=\"widget\" data-e-type=\"widget\" data-settings=\"{&quot;_animation&quot;:&quot;slideInLeft&quot;}\" data-widget_type=\"text-editor.default\">\n\t\t\t\t<div class=\"elementor-widget-container\">\n\t\t\t\t\t\t\t\t\t<p style=\"text-align: justify;\"><span style=\"color: #397c99;\"><strong>Septembri keskpaigas p\u00f5genemine intensiivistus veelgi. Hiiumaalt \u00fcritasid p\u00f5geneda nii hiidlased ise kui ka sajad mandrilt saabunud. P\u00f5geneti nii v\u00e4ikeste paatidega kui ka suuremate alustega. Suurematest alustest lahkusid Hiiumaalt Rootsi n\u00e4iteks purjekas \u201eEnge\u201c umbes 500 inimesega pardal, mootorpurjekas \u201eHiiu\u201c umbes 100 inimesega, purjelaev \u201eMunter\u201c umbes 150 inimesega.<\/strong><\/span><\/p>\t\t\t\t\t\t\t\t<\/div>\n\t\t\t\t<\/div>\n\t\t\t\t\t<\/div>\n\t\t\t\t<\/div>\n\t\t<div class=\"elementor-element elementor-element-fdb936d e-flex e-con-boxed e-con e-parent\" data-id=\"fdb936d\" data-element_type=\"container\" data-e-type=\"container\">\n\t\t\t\t\t<div class=\"e-con-inner\">\n\t\t\t\t<div class=\"elementor-element elementor-element-6f15145 elementor-invisible elementor-widget elementor-widget-text-editor\" data-id=\"6f15145\" data-element_type=\"widget\" data-e-type=\"widget\" data-settings=\"{&quot;_animation&quot;:&quot;slideInRight&quot;}\" data-widget_type=\"text-editor.default\">\n\t\t\t\t<div class=\"elementor-widget-container\">\n\t\t\t\t\t\t\t\t\t<p style=\"text-align: justify;\"><span style=\"color: #a3bccd;\">The exodus intensified even more in mid-September. Hiiumaa islanders themselves and also hundreds of people who arrived there from the mainland tried to flee from Hiiumaa. People fled in small boats as well as on larger vessels. The sailboat Enge with about 500 people on board, the motor sailboat Hiiu with about 100 people on board, and the sailing ship Munter with about 150 people on board were among the larger vessels that left Hiiumaa for Sweden.<\/span><\/p><p style=\"text-align: justify;\">\u00a0<\/p>\t\t\t\t\t\t\t\t<\/div>\n\t\t\t\t<\/div>\n\t\t\t\t\t<\/div>\n\t\t\t\t<\/div>\n\t\t<div class=\"elementor-element elementor-element-572fe8f e-flex e-con-boxed e-con e-parent\" data-id=\"572fe8f\" data-element_type=\"container\" data-e-type=\"container\" data-settings=\"{&quot;background_background&quot;:&quot;gradient&quot;}\">\n\t\t\t\t\t<div class=\"e-con-inner\">\n\t\t<div class=\"elementor-element elementor-element-08df5d9 e-con-full e-flex e-con e-child\" data-id=\"08df5d9\" data-element_type=\"container\" data-e-type=\"container\">\n\t\t\t\t<div class=\"elementor-element elementor-element-34d6782 elementor-invisible elementor-widget elementor-widget-image\" data-id=\"34d6782\" data-element_type=\"widget\" data-e-type=\"widget\" data-settings=\"{&quot;_animation&quot;:&quot;fadeInRight&quot;}\" data-widget_type=\"image.default\">\n\t\t\t\t<div class=\"elementor-widget-container\">\n\t\t\t\t\t\t\t\t\t\t\t\t\t\t\t\t<a href=\"https:\/\/2024.wwii-refugees.ee\/wp-content\/uploads\/2024\/12\/66.png\" data-elementor-open-lightbox=\"yes\" data-elementor-lightbox-title=\"66\" data-e-action-hash=\"#elementor-action%3Aaction%3Dlightbox%26settings%3DeyJpZCI6MTA5MCwidXJsIjoiaHR0cHM6XC9cLzIwMjQud3dpaS1yZWZ1Z2Vlcy5lZVwvd3AtY29udGVudFwvdXBsb2Fkc1wvMjAyNFwvMTJcLzY2LnBuZyJ9\">\n\t\t\t\t\t\t\t<img loading=\"lazy\" decoding=\"async\" width=\"1559\" height=\"1015\" src=\"https:\/\/2024.wwii-refugees.ee\/wp-content\/uploads\/2024\/12\/66.png\" class=\"attachment-full size-full wp-image-1090\" alt=\"\" srcset=\"https:\/\/2024.wwii-refugees.ee\/wp-content\/uploads\/2024\/12\/66.png 1559w, https:\/\/2024.wwii-refugees.ee\/wp-content\/uploads\/2024\/12\/66-300x195.png 300w, https:\/\/2024.wwii-refugees.ee\/wp-content\/uploads\/2024\/12\/66-1024x667.png 1024w, https:\/\/2024.wwii-refugees.ee\/wp-content\/uploads\/2024\/12\/66-768x500.png 768w, https:\/\/2024.wwii-refugees.ee\/wp-content\/uploads\/2024\/12\/66-1536x1000.png 1536w\" sizes=\"(max-width: 1559px) 100vw, 1559px\" \/>\t\t\t\t\t\t\t\t<\/a>\n\t\t\t\t\t\t\t\t\t\t\t\t\t\t\t<\/div>\n\t\t\t\t<\/div>\n\t\t\t\t<\/div>\n\t\t<div class=\"elementor-element elementor-element-57fdf0f e-con-full e-flex e-con e-child\" data-id=\"57fdf0f\" data-element_type=\"container\" data-e-type=\"container\">\n\t\t<div class=\"elementor-element elementor-element-53ee250 e-con-full e-flex e-con e-child\" data-id=\"53ee250\" data-element_type=\"container\" data-e-type=\"container\" data-settings=\"{&quot;background_background&quot;:&quot;gradient&quot;}\">\n\t\t\t\t<div class=\"elementor-element elementor-element-78c471e elementor-invisible elementor-widget elementor-widget-text-editor\" data-id=\"78c471e\" data-element_type=\"widget\" data-e-type=\"widget\" data-settings=\"{&quot;_animation&quot;:&quot;fadeInLeft&quot;}\" data-widget_type=\"text-editor.default\">\n\t\t\t\t<div class=\"elementor-widget-container\">\n\t\t\t\t\t\t\t\t\t<p style=\"text-align: justify;\"><strong>Purjelaev \u201eEnge\u201c enne Teist maailmas\u00f5da.<\/strong><\/p><p>The sailing ship Enge before the Second World War.<\/p><p style=\"text-align: right;\"><strong>Illustratsioon \/ illustration: MM<\/strong><\/p>\t\t\t\t\t\t\t\t<\/div>\n\t\t\t\t<\/div>\n\t\t\t\t<\/div>\n\t\t\t\t<\/div>\n\t\t\t\t\t<\/div>\n\t\t\t\t<\/div>\n\t\t<div class=\"elementor-element elementor-element-cf451d9 e-flex e-con-boxed e-con e-parent\" data-id=\"cf451d9\" data-element_type=\"container\" data-e-type=\"container\">\n\t\t\t\t\t<div class=\"e-con-inner\">\n\t\t\t\t<div class=\"elementor-element elementor-element-6add0c9 elementor-invisible elementor-widget elementor-widget-text-editor\" data-id=\"6add0c9\" data-element_type=\"widget\" data-e-type=\"widget\" data-settings=\"{&quot;_animation&quot;:&quot;slideInLeft&quot;}\" data-widget_type=\"text-editor.default\">\n\t\t\t\t<div class=\"elementor-widget-container\">\n\t\t\t\t\t\t\t\t\t<p style=\"text-align: justify;\"><span style=\"color: #397c99;\"><strong>Koht Rootsi suunduvas paadis v\u00f5i laevas ei olnud odav. Kaptenid soovisid sageli, et \u00fcleveo eest makstaks tsaari kuldrublades ja \u00fcleveo hind oli k\u00fcmme kuldm\u00fcnti ehk sada kuldrubla. \u00dcleveo maksumust t\u00e4nases v\u00e4\u00e4ringus on raske m\u00e4\u00e4rata, kuid see v\u00f5ib j\u00e4\u00e4da vahemikku 1500\u20132000 eurot. Samas mobilisatsiooniealisi poisse v\u00f5i Saksa s\u00f5jav\u00e4es teeninuid v\u00f5eti mitmel puhul pardale tasuta.<\/strong><\/span><\/p>\t\t\t\t\t\t\t\t<\/div>\n\t\t\t\t<\/div>\n\t\t\t\t\t<\/div>\n\t\t\t\t<\/div>\n\t\t<div class=\"elementor-element elementor-element-3862db2 e-flex e-con-boxed e-con e-parent\" data-id=\"3862db2\" data-element_type=\"container\" data-e-type=\"container\">\n\t\t\t\t\t<div class=\"e-con-inner\">\n\t\t\t\t<div class=\"elementor-element elementor-element-2404fbb elementor-invisible elementor-widget elementor-widget-text-editor\" data-id=\"2404fbb\" data-element_type=\"widget\" data-e-type=\"widget\" data-settings=\"{&quot;_animation&quot;:&quot;slideInRight&quot;}\" data-widget_type=\"text-editor.default\">\n\t\t\t\t<div class=\"elementor-widget-container\">\n\t\t\t\t\t\t\t\t\t<p style=\"text-align: justify;\"><span style=\"color: #a3bccd;\">It was not cheap to gain a place on board a boat or ship heading for Sweden. Captains often wanted to be paid in gold roubles from the tsarist era for ferrying people. The price for being taken across the sea was ten gold coins, in other words one hundred gold roubles. It is difficult to determine the cost of transportation across the sea, but it can be somewhere between 1,500 and 2,000 euros. At the same time, young men in the age range subject to mobilisation or who had served in the German Army were taken on board free of charge on many occasions.<\/span><\/p>\t\t\t\t\t\t\t\t<\/div>\n\t\t\t\t<\/div>\n\t\t\t\t\t<\/div>\n\t\t\t\t<\/div>\n\t\t<div class=\"elementor-element elementor-element-10986ae e-flex e-con-boxed e-con e-parent\" data-id=\"10986ae\" data-element_type=\"container\" data-e-type=\"container\">\n\t\t\t\t\t<div class=\"e-con-inner\">\n\t\t<div class=\"elementor-element elementor-element-d1c5e0b e-con-full e-flex e-con e-child\" data-id=\"d1c5e0b\" data-element_type=\"container\" data-e-type=\"container\">\n\t\t\t\t<div class=\"elementor-element elementor-element-35a2fcc elementor-invisible elementor-widget elementor-widget-text-editor\" data-id=\"35a2fcc\" data-element_type=\"widget\" data-e-type=\"widget\" data-settings=\"{&quot;_animation&quot;:&quot;fadeInRight&quot;}\" data-widget_type=\"text-editor.default\">\n\t\t\t\t<div class=\"elementor-widget-container\">\n\t\t\t\t\t\t\t\t\t<p style=\"text-align: justify;\"><strong><span style=\"color: #397c99;\">Eesti p\u00f5genike purjekad \u201eVirre\u201c, \u201eEnge\u201c, \u201eEllen\u201c ja \u201eJuno\u201c Rootsis enne NSV Liidule \u00fcle andmist 1945. aastal.<\/span><\/strong><\/p><p style=\"text-align: justify;\"><span style=\"color: #a3bccd;\">The sailboats Virre, Enge, Ellen, and Juno, which belonged to Estonian refugees, in Sweden before they were handed over to the Soviet Union in 1945.<\/span><\/p><p style=\"text-align: right;\"><span style=\"color: #397c99;\"><strong>Illustratsioon \/ illustration: GM<\/strong><\/span><\/p><p style=\"text-align: right;\"><span style=\"color: #397c99;\"><strong>\u00a0<\/strong><\/span><\/p><p style=\"text-align: right;\"><span style=\"color: #397c99;\"><strong>\u00a0 <br \/><\/strong><\/span><\/p>\t\t\t\t\t\t\t\t<\/div>\n\t\t\t\t<\/div>\n\t\t\t\t<\/div>\n\t\t<div class=\"elementor-element elementor-element-f96f9c8 e-con-full e-flex e-con e-child\" data-id=\"f96f9c8\" data-element_type=\"container\" data-e-type=\"container\">\n\t\t\t\t<div class=\"elementor-element elementor-element-656d0b0 elementor-invisible elementor-widget elementor-widget-image\" data-id=\"656d0b0\" data-element_type=\"widget\" data-e-type=\"widget\" data-settings=\"{&quot;_animation&quot;:&quot;fadeInLeft&quot;}\" data-widget_type=\"image.default\">\n\t\t\t\t<div class=\"elementor-widget-container\">\n\t\t\t\t\t\t\t\t\t\t\t\t\t\t\t\t<a href=\"https:\/\/2024.wwii-refugees.ee\/wp-content\/uploads\/2024\/12\/67.png\" data-elementor-open-lightbox=\"yes\" data-elementor-lightbox-title=\"67\" data-e-action-hash=\"#elementor-action%3Aaction%3Dlightbox%26settings%3DeyJpZCI6MTA5MSwidXJsIjoiaHR0cHM6XC9cLzIwMjQud3dpaS1yZWZ1Z2Vlcy5lZVwvd3AtY29udGVudFwvdXBsb2Fkc1wvMjAyNFwvMTJcLzY3LnBuZyJ9\">\n\t\t\t\t\t\t\t<img loading=\"lazy\" decoding=\"async\" width=\"690\" height=\"1024\" src=\"https:\/\/2024.wwii-refugees.ee\/wp-content\/uploads\/2024\/12\/67-690x1024.png\" class=\"attachment-large size-large wp-image-1091\" alt=\"\" srcset=\"https:\/\/2024.wwii-refugees.ee\/wp-content\/uploads\/2024\/12\/67-690x1024.png 690w, https:\/\/2024.wwii-refugees.ee\/wp-content\/uploads\/2024\/12\/67-202x300.png 202w, https:\/\/2024.wwii-refugees.ee\/wp-content\/uploads\/2024\/12\/67-768x1140.png 768w, https:\/\/2024.wwii-refugees.ee\/wp-content\/uploads\/2024\/12\/67-1035x1536.png 1035w, https:\/\/2024.wwii-refugees.ee\/wp-content\/uploads\/2024\/12\/67.png 1076w\" sizes=\"(max-width: 690px) 100vw, 690px\" \/>\t\t\t\t\t\t\t\t<\/a>\n\t\t\t\t\t\t\t\t\t\t\t\t\t\t\t<\/div>\n\t\t\t\t<\/div>\n\t\t\t\t<\/div>\n\t\t\t\t\t<\/div>\n\t\t\t\t<\/div>\n\t\t<div class=\"elementor-element elementor-element-0522b31 e-flex e-con-boxed e-con e-parent\" data-id=\"0522b31\" data-element_type=\"container\" data-e-type=\"container\">\n\t\t\t\t\t<div class=\"e-con-inner\">\n\t\t\t\t<div class=\"elementor-element elementor-element-e1bdde9 elementor-widget elementor-widget-image\" data-id=\"e1bdde9\" data-element_type=\"widget\" data-e-type=\"widget\" data-widget_type=\"image.default\">\n\t\t\t\t<div class=\"elementor-widget-container\">\n\t\t\t\t\t\t\t\t\t\t\t\t\t\t\t<img fetchpriority=\"high\" decoding=\"async\" width=\"8667\" height=\"334\" src=\"https:\/\/2024.wwii-refugees.ee\/wp-content\/uploads\/2024\/04\/WWII_refugees_visuals_LAINE_3.png\" class=\"attachment-full size-full wp-image-121\" alt=\"\" srcset=\"https:\/\/2024.wwii-refugees.ee\/wp-content\/uploads\/2024\/04\/WWII_refugees_visuals_LAINE_3.png 8667w, https:\/\/2024.wwii-refugees.ee\/wp-content\/uploads\/2024\/04\/WWII_refugees_visuals_LAINE_3-300x12.png 300w, https:\/\/2024.wwii-refugees.ee\/wp-content\/uploads\/2024\/04\/WWII_refugees_visuals_LAINE_3-1024x39.png 1024w, https:\/\/2024.wwii-refugees.ee\/wp-content\/uploads\/2024\/04\/WWII_refugees_visuals_LAINE_3-768x30.png 768w, https:\/\/2024.wwii-refugees.ee\/wp-content\/uploads\/2024\/04\/WWII_refugees_visuals_LAINE_3-1536x59.png 1536w, https:\/\/2024.wwii-refugees.ee\/wp-content\/uploads\/2024\/04\/WWII_refugees_visuals_LAINE_3-2048x79.png 2048w\" sizes=\"(max-width: 8667px) 100vw, 8667px\" \/>\t\t\t\t\t\t\t\t\t\t\t\t\t\t\t<\/div>\n\t\t\t\t<\/div>\n\t\t\t\t\t<\/div>\n\t\t\t\t<\/div>\n\t\t<div class=\"elementor-element elementor-element-316108b e-flex e-con-boxed e-con e-parent\" data-id=\"316108b\" data-element_type=\"container\" data-e-type=\"container\">\n\t\t\t\t\t<div class=\"e-con-inner\">\n\t\t\t\t<div class=\"elementor-element elementor-element-e96f6d2 elementor-widget-divider--view-line elementor-widget elementor-widget-divider\" data-id=\"e96f6d2\" data-element_type=\"widget\" data-e-type=\"widget\" data-widget_type=\"divider.default\">\n\t\t\t\t<div class=\"elementor-widget-container\">\n\t\t\t\t\t\t\t<div class=\"elementor-divider\">\n\t\t\t<span class=\"elementor-divider-separator\">\n\t\t\t\t\t\t<\/span>\n\t\t<\/div>\n\t\t\t\t\t\t<\/div>\n\t\t\t\t<\/div>\n\t\t\t\t\t<\/div>\n\t\t\t\t<\/div>\n\t\t<div class=\"elementor-element elementor-element-6a70beb e-flex e-con-boxed e-con e-parent\" data-id=\"6a70beb\" data-element_type=\"container\" data-e-type=\"container\">\n\t\t\t\t\t<div class=\"e-con-inner\">\n\t\t\t\t<div class=\"elementor-element elementor-element-a4debb4 elementor-widget elementor-widget-heading\" data-id=\"a4debb4\" data-element_type=\"widget\" data-e-type=\"widget\" data-widget_type=\"heading.default\">\n\t\t\t\t<div class=\"elementor-widget-container\">\n\t\t\t\t\t<h2 class=\"elementor-heading-title elementor-size-default\">P\u00d5GENIKE LOOD<\/h2>\t\t\t\t<\/div>\n\t\t\t\t<\/div>\n\t\t\t\t\t<\/div>\n\t\t\t\t<\/div>\n\t\t<div class=\"elementor-element elementor-element-23d0724 e-flex e-con-boxed e-con e-parent\" data-id=\"23d0724\" data-element_type=\"container\" data-e-type=\"container\">\n\t\t\t\t\t<div class=\"e-con-inner\">\n\t\t\t\t<div class=\"elementor-element elementor-element-5bce35a elementor-widget elementor-widget-heading\" data-id=\"5bce35a\" data-element_type=\"widget\" data-e-type=\"widget\" data-widget_type=\"heading.default\">\n\t\t\t\t<div class=\"elementor-widget-container\">\n\t\t\t\t\t<h3 class=\"elementor-heading-title elementor-size-default\">STORIES OF REFUGEES<\/h3>\t\t\t\t<\/div>\n\t\t\t\t<\/div>\n\t\t\t\t\t<\/div>\n\t\t\t\t<\/div>\n\t\t<div class=\"elementor-element elementor-element-6cf0740 e-flex e-con-boxed e-con e-parent\" data-id=\"6cf0740\" data-element_type=\"container\" data-e-type=\"container\">\n\t\t\t\t\t<div class=\"e-con-inner\">\n\t\t\t\t<div class=\"elementor-element elementor-element-48fd06a elementor-invisible elementor-widget elementor-widget-text-editor\" data-id=\"48fd06a\" data-element_type=\"widget\" data-e-type=\"widget\" data-settings=\"{&quot;_animation&quot;:&quot;slideInLeft&quot;}\" data-widget_type=\"text-editor.default\">\n\t\t\t\t<div class=\"elementor-widget-container\">\n\t\t\t\t\t\t\t\t\t<p style=\"text-align: justify;\"><span style=\"color: #397c99;\"><strong>Endine hiidlasest Riigivolikogu liige ja baptistikoguduste jutlustaja Karl Kaups on kirjeldanud oma pere p\u00f5genemist 24. septembri p\u00e4rastl\u00f5unal K\u00e4rdla sadamast venna Richardi mootorita purjejahil \u201eAili\u201c:<br \/>\u201eTuul oli soodus. \/\u2026\/ Koidu eel m\u00f6\u00f6dusime Tahkuna ninast. Seda paika tuli karta. Siin olid Saksa merepatareid ja rannakaitse v\u00e4ed.\u201c \/\u2026\/ Siis ilm halvenes: \u201eKesk\u00f6\u00f6 paiku jooksis jaht suure lainem\u00e4e harjalt alla ja purje tuulest t\u00fchjaks. \/\u2026\/ Varsti purunes \u00fcks vant. \/\u2026\/ Masti murdumise oht oli k\u00e4ega katsutav.\u201c K\u00f5ik l\u00f5ppes \u00f5nnelikult ja kuigi tuul \u00f6\u00f6sel rauges, t\u00f5usis see hommikul uuesti ja tugevnes \u00fcha koos vihma sajuga: \u201eOli tunne, et kolmandat \u00f6\u00f6d ei suudaks enam vastu pidada merel. Teine kestev mure oli: kas rand hakkab paistma enne pimedat. Ja kui paistab, kus oleme.\u201c Siis n\u00e4hti maad: \u201eN\u00e4gime, et rannast s\u00f6\u00f6stus merele kiirpaat. L\u00e4henedes h\u00fc\u00fcti meile: \u201eTere tulemast Rootsi!\u201c\u201c<\/strong><\/span><\/p>\t\t\t\t\t\t\t\t<\/div>\n\t\t\t\t<\/div>\n\t\t\t\t\t<\/div>\n\t\t\t\t<\/div>\n\t\t<div class=\"elementor-element elementor-element-fc5c242 e-flex e-con-boxed e-con e-parent\" data-id=\"fc5c242\" data-element_type=\"container\" data-e-type=\"container\">\n\t\t\t\t\t<div class=\"e-con-inner\">\n\t\t\t\t<div class=\"elementor-element elementor-element-985ca62 elementor-invisible elementor-widget elementor-widget-text-editor\" data-id=\"985ca62\" data-element_type=\"widget\" data-e-type=\"widget\" data-settings=\"{&quot;_animation&quot;:&quot;slideInRight&quot;}\" data-widget_type=\"text-editor.default\">\n\t\t\t\t<div class=\"elementor-widget-container\">\n\t\t\t\t\t\t\t\t\t<p style=\"text-align: justify;\"><span style=\"color: #a3bccd;\">Karl Kaups, a Hiiumaa islander who was a Baptist congregation preacher and a former member of the Riigivolikogu (upper chamber of the Estonian parliament) has described the departure of his family from K\u00e4rdla harbour on 24 September on board the sailing yacht Aili with no motor, which belonged to his brother Richard:<br \/>\u2018The wind was favourable. \/\u2026\/ Before dawn, we passed the Cape of Tahkuna. That place was to be feared. German sea batteries and coastal defence forces were there.\u2019 \/\u2026\/ Then the weather worsened: \u2018Around midnight, the yacht rode down from the crest of a huge mountain of a wave and the wind came out of its sail. \/\u2026\/ A shroud soon broke. \/\u2026\/<br \/>There was a tangible danger that the mast would break.\u2019 All ended well and although the wind died down at night, it rose again in the morning and continually strengthened together with rain: \u2018We felt as if we could no longer withstand a third night at sea. Another lasting concern was: will the coast come into view before dark? And if it does, where are we?\u2019 Then they saw land: \u2018We saw that a speedboat raced from the coast out to sea. As it approached, they shouted to us: \u2018Welcome to Sweden!\u2019 <\/span><\/p>\t\t\t\t\t\t\t\t<\/div>\n\t\t\t\t<\/div>\n\t\t\t\t\t<\/div>\n\t\t\t\t<\/div>\n\t\t<div class=\"elementor-element elementor-element-5c53ad3 e-flex e-con-boxed e-con e-parent\" data-id=\"5c53ad3\" data-element_type=\"container\" data-e-type=\"container\" data-settings=\"{&quot;background_background&quot;:&quot;gradient&quot;}\">\n\t\t\t\t\t<div class=\"e-con-inner\">\n\t\t<div class=\"elementor-element elementor-element-0a3c16f e-con-full e-flex e-con e-child\" data-id=\"0a3c16f\" data-element_type=\"container\" data-e-type=\"container\">\n\t\t\t\t<div class=\"elementor-element elementor-element-24c8beb elementor-invisible elementor-widget elementor-widget-image\" data-id=\"24c8beb\" data-element_type=\"widget\" data-e-type=\"widget\" data-settings=\"{&quot;_animation&quot;:&quot;fadeInRight&quot;}\" data-widget_type=\"image.default\">\n\t\t\t\t<div class=\"elementor-widget-container\">\n\t\t\t\t\t\t\t\t\t\t\t\t\t\t\t\t<a href=\"https:\/\/2024.wwii-refugees.ee\/wp-content\/uploads\/2024\/12\/68.png\" data-elementor-open-lightbox=\"yes\" data-elementor-lightbox-title=\"68\" data-e-action-hash=\"#elementor-action%3Aaction%3Dlightbox%26settings%3DeyJpZCI6MTA5MiwidXJsIjoiaHR0cHM6XC9cLzIwMjQud3dpaS1yZWZ1Z2Vlcy5lZVwvd3AtY29udGVudFwvdXBsb2Fkc1wvMjAyNFwvMTJcLzY4LnBuZyJ9\">\n\t\t\t\t\t\t\t<img loading=\"lazy\" decoding=\"async\" width=\"1583\" height=\"1156\" src=\"https:\/\/2024.wwii-refugees.ee\/wp-content\/uploads\/2024\/12\/68.png\" class=\"attachment-full size-full wp-image-1092\" alt=\"\" srcset=\"https:\/\/2024.wwii-refugees.ee\/wp-content\/uploads\/2024\/12\/68.png 1583w, https:\/\/2024.wwii-refugees.ee\/wp-content\/uploads\/2024\/12\/68-300x219.png 300w, https:\/\/2024.wwii-refugees.ee\/wp-content\/uploads\/2024\/12\/68-1024x748.png 1024w, https:\/\/2024.wwii-refugees.ee\/wp-content\/uploads\/2024\/12\/68-768x561.png 768w, https:\/\/2024.wwii-refugees.ee\/wp-content\/uploads\/2024\/12\/68-1536x1122.png 1536w\" sizes=\"(max-width: 1583px) 100vw, 1583px\" \/>\t\t\t\t\t\t\t\t<\/a>\n\t\t\t\t\t\t\t\t\t\t\t\t\t\t\t<\/div>\n\t\t\t\t<\/div>\n\t\t\t\t<\/div>\n\t\t<div class=\"elementor-element elementor-element-7926eb6 e-con-full e-flex e-con e-child\" data-id=\"7926eb6\" data-element_type=\"container\" data-e-type=\"container\">\n\t\t<div class=\"elementor-element elementor-element-2843016 e-con-full e-flex e-con e-child\" data-id=\"2843016\" data-element_type=\"container\" data-e-type=\"container\" data-settings=\"{&quot;background_background&quot;:&quot;gradient&quot;}\">\n\t\t\t\t<div class=\"elementor-element elementor-element-bb6b536 elementor-invisible elementor-widget elementor-widget-text-editor\" data-id=\"bb6b536\" data-element_type=\"widget\" data-e-type=\"widget\" data-settings=\"{&quot;_animation&quot;:&quot;fadeInLeft&quot;}\" data-widget_type=\"text-editor.default\">\n\t\t\t\t<div class=\"elementor-widget-container\">\n\t\t\t\t\t\t\t\t\t<p style=\"text-align: justify;\"><strong>Karl Kaups Stockholmis 1945. a perekonna keskel. Esireas vasakult: poeg T\u00f5nis, abikaasa Elsa, lapsed Andres ja Tiiu; seisavad pojanaine Asta, poeg Peeter ja t\u00fctar Mai.<\/strong><\/p><p style=\"text-align: justify;\">Karl Kaups in Stockholm in 1945 with his family. Front row from the left: his son T\u00f5nis, his wife Elsa, children Andres and Tiiu; standing are Asta, his son\u2019s wife, his son Peeter, and his daughter Mai.<\/p><p style=\"text-align: right;\"><strong>Illustratsioon \/ illustration: MM<\/strong><\/p>\t\t\t\t\t\t\t\t<\/div>\n\t\t\t\t<\/div>\n\t\t\t\t<\/div>\n\t\t\t\t<\/div>\n\t\t\t\t\t<\/div>\n\t\t\t\t<\/div>\n\t\t<div class=\"elementor-element elementor-element-a3a1598 e-flex e-con-boxed e-con e-parent\" data-id=\"a3a1598\" data-element_type=\"container\" data-e-type=\"container\">\n\t\t\t\t\t<div class=\"e-con-inner\">\n\t\t<div class=\"elementor-element elementor-element-e61cc1f e-con-full e-flex e-con e-child\" data-id=\"e61cc1f\" data-element_type=\"container\" data-e-type=\"container\">\n\t\t\t\t<div class=\"elementor-element elementor-element-fb88d5e elementor-invisible elementor-widget elementor-widget-text-editor\" data-id=\"fb88d5e\" data-element_type=\"widget\" data-e-type=\"widget\" data-settings=\"{&quot;_animation&quot;:&quot;fadeInRight&quot;}\" data-widget_type=\"text-editor.default\">\n\t\t\t\t<div class=\"elementor-widget-container\">\n\t\t\t\t\t\t\t\t\t<p style=\"text-align: justify;\"><strong><span style=\"color: #397c99;\">Portreefoto. Karl Kaups<\/span><\/strong><\/p><p style=\"text-align: justify;\"><span style=\"color: #a3bccd;\">Portrait photo. Karl Kaups<\/span><\/p><p style=\"text-align: right;\"><span style=\"color: #397c99;\"><strong>Illustratsioon \/ illustration: HM<\/strong><\/span><\/p><p style=\"text-align: right;\"><span style=\"color: #397c99;\"><strong>\u00a0<\/strong><\/span><\/p><p style=\"text-align: right;\"><span style=\"color: #397c99;\"><strong>\u00a0 <br \/><\/strong><\/span><\/p>\t\t\t\t\t\t\t\t<\/div>\n\t\t\t\t<\/div>\n\t\t\t\t<\/div>\n\t\t<div class=\"elementor-element elementor-element-2da0ab7 e-con-full e-flex e-con e-child\" data-id=\"2da0ab7\" data-element_type=\"container\" data-e-type=\"container\">\n\t\t\t\t<div class=\"elementor-element elementor-element-696142e elementor-invisible elementor-widget elementor-widget-image\" data-id=\"696142e\" data-element_type=\"widget\" data-e-type=\"widget\" data-settings=\"{&quot;_animation&quot;:&quot;fadeInLeft&quot;}\" data-widget_type=\"image.default\">\n\t\t\t\t<div class=\"elementor-widget-container\">\n\t\t\t\t\t\t\t\t\t\t\t\t\t\t\t\t<a href=\"https:\/\/2024.wwii-refugees.ee\/wp-content\/uploads\/2024\/12\/69.png\" data-elementor-open-lightbox=\"yes\" data-elementor-lightbox-title=\"69\" data-e-action-hash=\"#elementor-action%3Aaction%3Dlightbox%26settings%3DeyJpZCI6MTA5MywidXJsIjoiaHR0cHM6XC9cLzIwMjQud3dpaS1yZWZ1Z2Vlcy5lZVwvd3AtY29udGVudFwvdXBsb2Fkc1wvMjAyNFwvMTJcLzY5LnBuZyJ9\">\n\t\t\t\t\t\t\t<img loading=\"lazy\" decoding=\"async\" width=\"644\" height=\"1024\" src=\"https:\/\/2024.wwii-refugees.ee\/wp-content\/uploads\/2024\/12\/69-644x1024.png\" class=\"attachment-large size-large wp-image-1093\" alt=\"\" srcset=\"https:\/\/2024.wwii-refugees.ee\/wp-content\/uploads\/2024\/12\/69-644x1024.png 644w, https:\/\/2024.wwii-refugees.ee\/wp-content\/uploads\/2024\/12\/69-189x300.png 189w, https:\/\/2024.wwii-refugees.ee\/wp-content\/uploads\/2024\/12\/69.png 735w\" sizes=\"(max-width: 644px) 100vw, 644px\" \/>\t\t\t\t\t\t\t\t<\/a>\n\t\t\t\t\t\t\t\t\t\t\t\t\t\t\t<\/div>\n\t\t\t\t<\/div>\n\t\t\t\t<\/div>\n\t\t\t\t\t<\/div>\n\t\t\t\t<\/div>\n\t\t<div class=\"elementor-element elementor-element-4dd8fbd e-flex e-con-boxed e-con e-parent\" data-id=\"4dd8fbd\" data-element_type=\"container\" data-e-type=\"container\" data-settings=\"{&quot;background_background&quot;:&quot;gradient&quot;}\">\n\t\t\t\t\t<div class=\"e-con-inner\">\n\t\t<div class=\"elementor-element elementor-element-fa0d84e e-con-full e-flex e-con e-child\" data-id=\"fa0d84e\" data-element_type=\"container\" data-e-type=\"container\">\n\t\t\t\t<div class=\"elementor-element elementor-element-c01576c elementor-invisible elementor-widget elementor-widget-image\" data-id=\"c01576c\" data-element_type=\"widget\" data-e-type=\"widget\" data-settings=\"{&quot;_animation&quot;:&quot;fadeInRight&quot;}\" data-widget_type=\"image.default\">\n\t\t\t\t<div class=\"elementor-widget-container\">\n\t\t\t\t\t\t\t\t\t\t\t\t\t\t\t\t<a href=\"https:\/\/2024.wwii-refugees.ee\/wp-content\/uploads\/2024\/12\/70.png\" data-elementor-open-lightbox=\"yes\" data-elementor-lightbox-title=\"70\" data-e-action-hash=\"#elementor-action%3Aaction%3Dlightbox%26settings%3DeyJpZCI6MTA5NCwidXJsIjoiaHR0cHM6XC9cLzIwMjQud3dpaS1yZWZ1Z2Vlcy5lZVwvd3AtY29udGVudFwvdXBsb2Fkc1wvMjAyNFwvMTJcLzcwLnBuZyJ9\">\n\t\t\t\t\t\t\t<img loading=\"lazy\" decoding=\"async\" width=\"680\" height=\"1051\" src=\"https:\/\/2024.wwii-refugees.ee\/wp-content\/uploads\/2024\/12\/70.png\" class=\"attachment-full size-full wp-image-1094\" alt=\"\" srcset=\"https:\/\/2024.wwii-refugees.ee\/wp-content\/uploads\/2024\/12\/70.png 680w, https:\/\/2024.wwii-refugees.ee\/wp-content\/uploads\/2024\/12\/70-194x300.png 194w, https:\/\/2024.wwii-refugees.ee\/wp-content\/uploads\/2024\/12\/70-663x1024.png 663w\" sizes=\"(max-width: 680px) 100vw, 680px\" \/>\t\t\t\t\t\t\t\t<\/a>\n\t\t\t\t\t\t\t\t\t\t\t\t\t\t\t<\/div>\n\t\t\t\t<\/div>\n\t\t\t\t<\/div>\n\t\t<div class=\"elementor-element elementor-element-d833f2a e-con-full e-flex e-con e-child\" data-id=\"d833f2a\" data-element_type=\"container\" data-e-type=\"container\">\n\t\t<div class=\"elementor-element elementor-element-f66ea2e e-con-full e-flex e-con e-child\" data-id=\"f66ea2e\" data-element_type=\"container\" data-e-type=\"container\" data-settings=\"{&quot;background_background&quot;:&quot;gradient&quot;}\">\n\t\t\t\t<div class=\"elementor-element elementor-element-ad6bbb0 elementor-invisible elementor-widget elementor-widget-text-editor\" data-id=\"ad6bbb0\" data-element_type=\"widget\" data-e-type=\"widget\" data-settings=\"{&quot;_animation&quot;:&quot;fadeInLeft&quot;}\" data-widget_type=\"text-editor.default\">\n\t\t\t\t<div class=\"elementor-widget-container\">\n\t\t\t\t\t\t\t\t\t<p style=\"text-align: justify;\"><strong>Baptistikoguduse eestvedajad, vasakul Karl Kaups.<\/strong><\/p><p>Leaders of the Baptist Church, Karl Kaups on the left.<\/p><p style=\"text-align: right;\"><strong>Illustratsioon \/ illustration: HM<\/strong><\/p>\t\t\t\t\t\t\t\t<\/div>\n\t\t\t\t<\/div>\n\t\t\t\t<\/div>\n\t\t\t\t<\/div>\n\t\t\t\t\t<\/div>\n\t\t\t\t<\/div>\n\t\t<div class=\"elementor-element elementor-element-70d4eed e-flex e-con-boxed e-con e-parent\" data-id=\"70d4eed\" data-element_type=\"container\" data-e-type=\"container\">\n\t\t\t\t\t<div class=\"e-con-inner\">\n\t\t\t\t<div class=\"elementor-element elementor-element-a1404cc elementor-invisible elementor-widget elementor-widget-text-editor\" data-id=\"a1404cc\" data-element_type=\"widget\" data-e-type=\"widget\" data-settings=\"{&quot;_animation&quot;:&quot;slideInLeft&quot;}\" data-widget_type=\"text-editor.default\">\n\t\t\t\t<div class=\"elementor-widget-container\">\n\t\t\t\t\t\t\t\t\t<p style=\"text-align: justify;\"><span style=\"color: #397c99;\"><strong>Saab t\u00f5mmata paralleeli Astrid Lindgreni raamatus \u201eV\u00e4ike Tjorven, Pootsman ja Mooses\u201c kirjeldatud mereh\u00e4daliste ja raamatute illustraatori, samuti lapsena Rootsi p\u00f5genenud Ilon Wiklandi saatuse vahel:<br \/>\u201e\u00dcksainus pisike saareke oli k\u00f5ik, mida nad tahtsid. See ei tarvitseks olla eriti suur ega eriti ilus v\u00f5i mingil muul viisil t\u00e4helepanuv\u00e4\u00e4rne, \/\u2026\/ aga siiski niisugune, et saaks maale minna, tule \u00fcles v\u00f5tta ja v\u00f5ib-olla selgusele j\u00f5uda, kus sa viibid, v\u00f5ib-olla aga ka peavarju leida \u2026\u201c<\/strong><\/span><\/p>\t\t\t\t\t\t\t\t<\/div>\n\t\t\t\t<\/div>\n\t\t\t\t\t<\/div>\n\t\t\t\t<\/div>\n\t\t<div class=\"elementor-element elementor-element-c3aa795 e-flex e-con-boxed e-con e-parent\" data-id=\"c3aa795\" data-element_type=\"container\" data-e-type=\"container\">\n\t\t\t\t\t<div class=\"e-con-inner\">\n\t\t\t\t<div class=\"elementor-element elementor-element-15982f8 elementor-invisible elementor-widget elementor-widget-text-editor\" data-id=\"15982f8\" data-element_type=\"widget\" data-e-type=\"widget\" data-settings=\"{&quot;_animation&quot;:&quot;slideInRight&quot;}\" data-widget_type=\"text-editor.default\">\n\t\t\t\t<div class=\"elementor-widget-container\">\n\t\t\t\t\t\t\t\t\t<p style=\"text-align: justify;\"><span style=\"color: #a3bccd;\">A parallel can be drawn between the castaways described in Astrid Lindgren\u2019s book Vip\u00e5 Saltkr\u00e5kan (Seacrow Island) and the fate of the illustrator of her books Ilon Wikland, who had fled to Sweden as a child:<br \/>\u2018Just one tiny island was all that they wanted. It need not be particularly big or especially lovely or noteworthy in any other way, \/\u2026\/ but it should still be the kind where one could go ashore, build a fi re, and perhaps figure out where you are, maybe also to find shelter\u2026\u2019<\/span><\/p><p style=\"text-align: justify;\"><span style=\"color: #a3bccd;\">\u00a0<\/span><\/p>\t\t\t\t\t\t\t\t<\/div>\n\t\t\t\t<\/div>\n\t\t\t\t\t<\/div>\n\t\t\t\t<\/div>\n\t\t<div class=\"elementor-element elementor-element-a6c1f77 e-flex e-con-boxed e-con e-parent\" data-id=\"a6c1f77\" data-element_type=\"container\" data-e-type=\"container\">\n\t\t\t\t\t<div class=\"e-con-inner\">\n\t\t<div class=\"elementor-element elementor-element-2131b81 e-con-full e-flex e-con e-child\" data-id=\"2131b81\" data-element_type=\"container\" data-e-type=\"container\">\n\t\t\t\t<div class=\"elementor-element elementor-element-43eef25 elementor-invisible elementor-widget elementor-widget-text-editor\" data-id=\"43eef25\" data-element_type=\"widget\" data-e-type=\"widget\" data-settings=\"{&quot;_animation&quot;:&quot;fadeInRight&quot;}\" data-widget_type=\"text-editor.default\">\n\t\t\t\t<div class=\"elementor-widget-container\">\n\t\t\t\t\t\t\t\t\t<p style=\"text-align: justify;\"><strong><span style=\"color: #397c99;\">Ilon Wikland (snd P\u00e4\u00e4bo) lahkus 14-aastase neiuna Haapsalust purjekal \u201eMerit\u00e4ht\u201c. Ilon Wiklandi kujutatud p\u00f5genike laeva j\u00f5udmine Rootsi raamatus \u201ePikk-pikk teekond\u201c.<\/span><\/strong><\/p><p style=\"text-align: justify;\"><span style=\"color: #a3bccd;\">Ilon Wikland (maiden name P\u00e4\u00e4bo) left Haapsalu as a 14-year-old girl on the sailboat Merit\u00e4ht. The arrival of a refugee ship in Sweden as depicted by Ilon Wikland in the book Pikk-pikk teekond.<\/span><\/p><p style=\"text-align: right;\"><span style=\"color: #397c99;\"><strong>Illustratsioon \/ illustration: HM<\/strong><\/span><\/p><p style=\"text-align: right;\"><span style=\"color: #397c99;\"><strong>\u00a0<\/strong><\/span><\/p><p style=\"text-align: right;\"><span style=\"color: #397c99;\"><strong>\u00a0 <br \/><\/strong><\/span><\/p>\t\t\t\t\t\t\t\t<\/div>\n\t\t\t\t<\/div>\n\t\t\t\t<\/div>\n\t\t<div class=\"elementor-element elementor-element-0f81680 e-con-full e-flex e-con e-child\" data-id=\"0f81680\" data-element_type=\"container\" data-e-type=\"container\">\n\t\t\t\t<div class=\"elementor-element elementor-element-7f6170a elementor-invisible elementor-widget elementor-widget-image\" data-id=\"7f6170a\" data-element_type=\"widget\" data-e-type=\"widget\" data-settings=\"{&quot;_animation&quot;:&quot;fadeInLeft&quot;}\" data-widget_type=\"image.default\">\n\t\t\t\t<div class=\"elementor-widget-container\">\n\t\t\t\t\t\t\t\t\t\t\t\t\t\t\t\t<a href=\"https:\/\/2024.wwii-refugees.ee\/wp-content\/uploads\/2024\/12\/71.png\" data-elementor-open-lightbox=\"yes\" data-elementor-lightbox-title=\"71\" data-e-action-hash=\"#elementor-action%3Aaction%3Dlightbox%26settings%3DeyJpZCI6MTA5NSwidXJsIjoiaHR0cHM6XC9cLzIwMjQud3dpaS1yZWZ1Z2Vlcy5lZVwvd3AtY29udGVudFwvdXBsb2Fkc1wvMjAyNFwvMTJcLzcxLnBuZyJ9\">\n\t\t\t\t\t\t\t<img loading=\"lazy\" decoding=\"async\" width=\"1024\" height=\"737\" src=\"https:\/\/2024.wwii-refugees.ee\/wp-content\/uploads\/2024\/12\/71-1024x737.png\" class=\"attachment-large size-large wp-image-1095\" alt=\"\" srcset=\"https:\/\/2024.wwii-refugees.ee\/wp-content\/uploads\/2024\/12\/71-1024x737.png 1024w, https:\/\/2024.wwii-refugees.ee\/wp-content\/uploads\/2024\/12\/71-300x216.png 300w, https:\/\/2024.wwii-refugees.ee\/wp-content\/uploads\/2024\/12\/71-768x553.png 768w, https:\/\/2024.wwii-refugees.ee\/wp-content\/uploads\/2024\/12\/71.png 1305w\" sizes=\"(max-width: 1024px) 100vw, 1024px\" \/>\t\t\t\t\t\t\t\t<\/a>\n\t\t\t\t\t\t\t\t\t\t\t\t\t\t\t<\/div>\n\t\t\t\t<\/div>\n\t\t\t\t<\/div>\n\t\t\t\t\t<\/div>\n\t\t\t\t<\/div>\n\t\t<div class=\"elementor-element elementor-element-ef7a8c8 e-flex e-con-boxed e-con e-parent\" data-id=\"ef7a8c8\" data-element_type=\"container\" data-e-type=\"container\">\n\t\t\t\t\t<div class=\"e-con-inner\">\n\t\t\t\t<div class=\"elementor-element elementor-element-a575f2a elementor-invisible elementor-widget elementor-widget-text-editor\" data-id=\"a575f2a\" data-element_type=\"widget\" data-e-type=\"widget\" data-settings=\"{&quot;_animation&quot;:&quot;slideInLeft&quot;}\" data-widget_type=\"text-editor.default\">\n\t\t\t\t<div class=\"elementor-widget-container\">\n\t\t\t\t\t\t\t\t\t<p style=\"text-align: justify;\"><span style=\"color: #397c99;\"><strong>K\u00e4rdlas keelasid sakslased endiselt meestel maalt lahkuda ja p\u00f5genikelaevadele p\u00e4\u00e4sesid eesk\u00e4tt naised-lapsed. Karl Kaups kirjeldab Hirmuste sadamast m\u00f6\u00f6dumist:<br \/>\u201eMehed aga, kasutades juhust, \/\u2026\/ valgusid Hermuste sadamasse, sest kokkuleppe kohaselt pidi laev [23. septembril K\u00e4rdlast teele asunud purjelaev \u201eMunter\u201c] siit l\u00e4bi tulema. Laev l\u00e4ks aga K\u00e4rdlast otse Rootsi. Meeste nukrus, \u00e4revus ja pettumus oli suur. \/\u2026\/ N\u00e4hes meie purje l\u00e4henemas [Ristna] sadamale, oletasid [nad] esialgu, et see on vist nende laev. \/\u2026\/ Salk mehi piki randa t\u00f5ttasid meile j\u00e4rele. Meie kohale j\u00f5udes riietusid lahti ja katsusid ujuda meie laevani. Aga vesi oli liiga k\u00fclm ja kaugus liiga suur.\u201c Purjelaev \u201eMunter\u201c j\u00f5udis Rootsi Nynashamni sadamasse 25. septembril 1944.<\/strong><\/span><\/p>\t\t\t\t\t\t\t\t<\/div>\n\t\t\t\t<\/div>\n\t\t\t\t\t<\/div>\n\t\t\t\t<\/div>\n\t\t<div class=\"elementor-element elementor-element-d701a15 e-flex e-con-boxed e-con e-parent\" data-id=\"d701a15\" data-element_type=\"container\" data-e-type=\"container\">\n\t\t\t\t\t<div class=\"e-con-inner\">\n\t\t\t\t<div class=\"elementor-element elementor-element-a70a35c elementor-invisible elementor-widget elementor-widget-text-editor\" data-id=\"a70a35c\" data-element_type=\"widget\" data-e-type=\"widget\" data-settings=\"{&quot;_animation&quot;:&quot;slideInRight&quot;}\" data-widget_type=\"text-editor.default\">\n\t\t\t\t<div class=\"elementor-widget-container\">\n\t\t\t\t\t\t\t\t\t<p style=\"text-align: justify;\"><span style=\"color: #a3bccd;\">In K\u00e4rdla, the Germans continued to prohibit men to leave the country. Primarily women and children were allowed to board refugee ships. Karl Kaups describes how they passed Hirmuste harbour:<br \/>\u2018But the men used the opportunity, \/\u2026\/ they gathered at Hermuste harbour because it had been agreed that the ship [the sailing ship Munter, which set out from K\u00e4rdla on 23 September] would pass through here. But the ship went from K\u00e4rdla straight to Sweden. The despondency, anxiety, and disappointment of the men was great. \/\u2026\/ When they saw our sail approaching the [Ristna] harbour, [they] initially assumed that it was perhaps their ship. \/\u2026\/ A group of men hurried after us along the shore. When we arrived, they undressed and tried to swim to our ship. But the water was too cold, and the distance was too great.\u2019 The sailing ship Munter arrived at Nynashamn harbour in Sweden on 25 September 1944.<\/span><\/p>\t\t\t\t\t\t\t\t<\/div>\n\t\t\t\t<\/div>\n\t\t\t\t\t<\/div>\n\t\t\t\t<\/div>\n\t\t<div class=\"elementor-element elementor-element-4cf97b8 e-flex e-con-boxed e-con e-parent\" data-id=\"4cf97b8\" data-element_type=\"container\" data-e-type=\"container\" data-settings=\"{&quot;background_background&quot;:&quot;gradient&quot;}\">\n\t\t\t\t\t<div class=\"e-con-inner\">\n\t\t<div class=\"elementor-element elementor-element-5c97b6d e-con-full e-flex e-con e-child\" data-id=\"5c97b6d\" data-element_type=\"container\" data-e-type=\"container\">\n\t\t\t\t<div class=\"elementor-element elementor-element-5274217 elementor-invisible elementor-widget elementor-widget-image\" data-id=\"5274217\" data-element_type=\"widget\" data-e-type=\"widget\" data-settings=\"{&quot;_animation&quot;:&quot;fadeInRight&quot;}\" data-widget_type=\"image.default\">\n\t\t\t\t<div class=\"elementor-widget-container\">\n\t\t\t\t\t\t\t\t\t\t\t\t\t\t\t\t<a href=\"https:\/\/2024.wwii-refugees.ee\/wp-content\/uploads\/2024\/12\/72.png\" data-elementor-open-lightbox=\"yes\" data-elementor-lightbox-title=\"72\" data-e-action-hash=\"#elementor-action%3Aaction%3Dlightbox%26settings%3DeyJpZCI6MTA5NiwidXJsIjoiaHR0cHM6XC9cLzIwMjQud3dpaS1yZWZ1Z2Vlcy5lZVwvd3AtY29udGVudFwvdXBsb2Fkc1wvMjAyNFwvMTJcLzcyLnBuZyJ9\">\n\t\t\t\t\t\t\t<img loading=\"lazy\" decoding=\"async\" width=\"1447\" height=\"946\" src=\"https:\/\/2024.wwii-refugees.ee\/wp-content\/uploads\/2024\/12\/72.png\" class=\"attachment-full size-full wp-image-1096\" alt=\"\" srcset=\"https:\/\/2024.wwii-refugees.ee\/wp-content\/uploads\/2024\/12\/72.png 1447w, https:\/\/2024.wwii-refugees.ee\/wp-content\/uploads\/2024\/12\/72-300x196.png 300w, https:\/\/2024.wwii-refugees.ee\/wp-content\/uploads\/2024\/12\/72-1024x669.png 1024w, https:\/\/2024.wwii-refugees.ee\/wp-content\/uploads\/2024\/12\/72-768x502.png 768w\" sizes=\"(max-width: 1447px) 100vw, 1447px\" \/>\t\t\t\t\t\t\t\t<\/a>\n\t\t\t\t\t\t\t\t\t\t\t\t\t\t\t<\/div>\n\t\t\t\t<\/div>\n\t\t\t\t<\/div>\n\t\t<div class=\"elementor-element elementor-element-6e6bcb2 e-con-full e-flex e-con e-child\" data-id=\"6e6bcb2\" data-element_type=\"container\" data-e-type=\"container\">\n\t\t<div class=\"elementor-element elementor-element-616aea7 e-con-full e-flex e-con e-child\" data-id=\"616aea7\" data-element_type=\"container\" data-e-type=\"container\" data-settings=\"{&quot;background_background&quot;:&quot;gradient&quot;}\">\n\t\t\t\t<div class=\"elementor-element elementor-element-5ddf1ad elementor-invisible elementor-widget elementor-widget-text-editor\" data-id=\"5ddf1ad\" data-element_type=\"widget\" data-e-type=\"widget\" data-settings=\"{&quot;_animation&quot;:&quot;fadeInLeft&quot;}\" data-widget_type=\"text-editor.default\">\n\t\t\t\t<div class=\"elementor-widget-container\">\n\t\t\t\t\t\t\t\t\t<p style=\"text-align: justify;\"><strong>Hiidlaste purjekas \u201eMunter\u201c Rootsis S\u00f6dert\u00e4ljes 26. juunil 1945 enne \u00fcleandmist NSV Liidule.<\/strong><\/p><p>The sailing ship Munter, which belonged to Hiiumaa islanders, in S\u00f6dert\u00e4lje, Sweden on 26 June 1954 before it was handed over to the Soviet Union.<\/p><p style=\"text-align: right;\"><strong>Illustratsioon \/ illustration: HM<\/strong><\/p>\t\t\t\t\t\t\t\t<\/div>\n\t\t\t\t<\/div>\n\t\t\t\t<\/div>\n\t\t\t\t<\/div>\n\t\t\t\t\t<\/div>\n\t\t\t\t<\/div>\n\t\t<div class=\"elementor-element elementor-element-3430b73 e-flex e-con-boxed e-con e-parent\" data-id=\"3430b73\" data-element_type=\"container\" data-e-type=\"container\">\n\t\t\t\t\t<div class=\"e-con-inner\">\n\t\t<div class=\"elementor-element elementor-element-bae5c04 e-con-full e-flex e-con e-child\" data-id=\"bae5c04\" data-element_type=\"container\" data-e-type=\"container\">\n\t\t\t\t<div class=\"elementor-element elementor-element-6fcc9cf elementor-invisible elementor-widget elementor-widget-text-editor\" data-id=\"6fcc9cf\" data-element_type=\"widget\" data-e-type=\"widget\" data-settings=\"{&quot;_animation&quot;:&quot;fadeInRight&quot;}\" data-widget_type=\"text-editor.default\">\n\t\t\t\t<div class=\"elementor-widget-container\">\n\t\t\t\t\t\t\t\t\t<p style=\"text-align: justify;\"><strong><span style=\"color: #397c99;\">Koos teiste p\u00f5genikega Ilon Wiklandi Rootsi viinud purjekas \u201eMerit\u00e4ht\u201c (vasakult neljas) koos teiste p\u00f5genikelaevadega 1945. aastal Rootsis enne NSV Liidule \u00fcle andmist.<\/span><\/strong><\/p><p style=\"text-align: justify;\"><span style=\"color: #a3bccd;\">The sailboat Merit\u00e4ht (fourth from the left), which took Ilon Wikland to Sweden together with other refugees, with other ships belonging to refugees in 1945 in Sweden before they were handed over to the Soviet Union.<\/span><\/p><p style=\"text-align: right;\"><span style=\"color: #397c99;\"><strong>Illustratsioon \/ illustration: GM<\/strong><\/span><\/p><p style=\"text-align: right;\"><span style=\"color: #397c99;\"><strong>\u00a0<\/strong><\/span><\/p><p style=\"text-align: right;\"><span style=\"color: #397c99;\"><strong>\u00a0 <br \/><\/strong><\/span><\/p>\t\t\t\t\t\t\t\t<\/div>\n\t\t\t\t<\/div>\n\t\t\t\t<\/div>\n\t\t<div class=\"elementor-element elementor-element-ce5ae28 e-con-full e-flex e-con e-child\" data-id=\"ce5ae28\" data-element_type=\"container\" data-e-type=\"container\">\n\t\t\t\t<div class=\"elementor-element elementor-element-dd45c18 elementor-invisible elementor-widget elementor-widget-image\" data-id=\"dd45c18\" data-element_type=\"widget\" data-e-type=\"widget\" data-settings=\"{&quot;_animation&quot;:&quot;fadeInLeft&quot;}\" data-widget_type=\"image.default\">\n\t\t\t\t<div class=\"elementor-widget-container\">\n\t\t\t\t\t\t\t\t\t\t\t\t\t\t\t\t<a href=\"https:\/\/2024.wwii-refugees.ee\/wp-content\/uploads\/2024\/12\/73.png\" data-elementor-open-lightbox=\"yes\" data-elementor-lightbox-title=\"73\" data-e-action-hash=\"#elementor-action%3Aaction%3Dlightbox%26settings%3DeyJpZCI6MTA5NywidXJsIjoiaHR0cHM6XC9cLzIwMjQud3dpaS1yZWZ1Z2Vlcy5lZVwvd3AtY29udGVudFwvdXBsb2Fkc1wvMjAyNFwvMTJcLzczLnBuZyJ9\">\n\t\t\t\t\t\t\t<img loading=\"lazy\" decoding=\"async\" width=\"1024\" height=\"648\" src=\"https:\/\/2024.wwii-refugees.ee\/wp-content\/uploads\/2024\/12\/73-1024x648.png\" class=\"attachment-large size-large wp-image-1097\" alt=\"\" srcset=\"https:\/\/2024.wwii-refugees.ee\/wp-content\/uploads\/2024\/12\/73-1024x648.png 1024w, https:\/\/2024.wwii-refugees.ee\/wp-content\/uploads\/2024\/12\/73-300x190.png 300w, https:\/\/2024.wwii-refugees.ee\/wp-content\/uploads\/2024\/12\/73-768x486.png 768w, https:\/\/2024.wwii-refugees.ee\/wp-content\/uploads\/2024\/12\/73.png 1477w\" sizes=\"(max-width: 1024px) 100vw, 1024px\" \/>\t\t\t\t\t\t\t\t<\/a>\n\t\t\t\t\t\t\t\t\t\t\t\t\t\t\t<\/div>\n\t\t\t\t<\/div>\n\t\t\t\t<\/div>\n\t\t\t\t\t<\/div>\n\t\t\t\t<\/div>\n\t\t<div class=\"elementor-element elementor-element-31103f9 e-flex e-con-boxed e-con e-parent\" data-id=\"31103f9\" data-element_type=\"container\" data-e-type=\"container\">\n\t\t\t\t\t<div class=\"e-con-inner\">\n\t\t\t\t<div class=\"elementor-element elementor-element-db9a0ba elementor-invisible elementor-widget elementor-widget-text-editor\" data-id=\"db9a0ba\" data-element_type=\"widget\" data-e-type=\"widget\" data-settings=\"{&quot;_animation&quot;:&quot;slideInLeft&quot;}\" data-widget_type=\"text-editor.default\">\n\t\t\t\t<div class=\"elementor-widget-container\">\n\t\t\t\t\t\t\t\t\t<p style=\"text-align: justify;\"><span style=\"color: #397c99;\"><strong>Viimased Saksa \u00fcksused lahkusid Hiiumaalt 4. oktoobril ja saar langes N\u00f5ukogude v\u00f5imu alla. Kuid p\u00f5genemine j\u00e4tkus viimase v\u00f5imaluseni. Luuletaja Kalju Lepik oli \u00fcks viimastest, kes pakku sai. Ta kirjeldab oma pea kuu pikkuseks veninud p\u00f5genemist: <\/strong><\/span><\/p><p style=\"text-align: justify;\"><span style=\"color: #397c99;\"><strong>\u201e23.09.44. Heltermaalt autoga K\u00e4inasse. \/&#8230;\/ 24.09.44. Hobusega Leigrist \u00d5ngule. Otsime merelt purjepaati. Laevad olid lahkunud eelmine \u00f6\u00f6 kell 4.00. \/\u2026\/ 27.09.44. Randa Rootsist mootorpaat. Vangistatakse piirivalve poolt. \/\u2026\/ 04.10.44. Hommikul K\u00fclak\u00fclast M\u00e4nsp\u00e4\u00e4le. \u00d6\u00f6sel lahkub K\u00fclak\u00fclast kiirpaat. \/\u2026\/ 13.10.44. \u00f5htul kell 10.00 lahkume paadiga Kitsalt. \/\u2026\/ 15.10. kell 12.00 hakkab paistma Rootsi saarestik. Kell 17.00 maabume Tor\u00f6 asulas.\u201c<\/strong><\/span><\/p>\t\t\t\t\t\t\t\t<\/div>\n\t\t\t\t<\/div>\n\t\t\t\t\t<\/div>\n\t\t\t\t<\/div>\n\t\t<div class=\"elementor-element elementor-element-1eaa497 e-flex e-con-boxed e-con e-parent\" data-id=\"1eaa497\" data-element_type=\"container\" data-e-type=\"container\">\n\t\t\t\t\t<div class=\"e-con-inner\">\n\t\t\t\t<div class=\"elementor-element elementor-element-8db3d46 elementor-invisible elementor-widget elementor-widget-text-editor\" data-id=\"8db3d46\" data-element_type=\"widget\" data-e-type=\"widget\" data-settings=\"{&quot;_animation&quot;:&quot;slideInRight&quot;}\" data-widget_type=\"text-editor.default\">\n\t\t\t\t<div class=\"elementor-widget-container\">\n\t\t\t\t\t\t\t\t\t<p style=\"text-align: justify;\"><span style=\"color: #a3bccd;\">German forces left Hiiumaa on 4 October and the Soviet regime took control of the island. Yet people continued to flee until the last possible moment. The poet Kalju Lepik was one of the last people who was able to flee. He describes his journey of exodus, which dragged out to almost a month in length: <\/span><\/p><p style=\"text-align: justify;\"><span style=\"color: #a3bccd;\">\u201823 September 1944. By automobile from Heltermaa to K\u00e4ina. \/&#8230;\/ 24 September 1944. By horse from Leigri to \u00d5ngu. We search the sea for a sailboat. The ships had left the previous night at 4:00. \/&#8230;\/ 27 September 1944. A motorboat from Sweden comes ashore. It is arrested by border guards. \/&#8230;\/ 4 October 1944. From K\u00fclak\u00fcla to M\u00e4nsp\u00e4\u00e4 in the morning. A speedboat is to leave K\u00fclak\u00fcla at night. \/&#8230;\/ 13 October 1944. We leave Kitsa by boat at 10:00 in the evening. \/&#8230;\/ 15 October. The Swedish archipelago starts to come into view at 12:00. We land at the Tor\u00f6 settlement at 17:00.\u2019<\/span><\/p>\t\t\t\t\t\t\t\t<\/div>\n\t\t\t\t<\/div>\n\t\t\t\t\t<\/div>\n\t\t\t\t<\/div>\n\t\t<div class=\"elementor-element elementor-element-2753bd3 e-flex e-con-boxed e-con e-parent\" data-id=\"2753bd3\" data-element_type=\"container\" data-e-type=\"container\" data-settings=\"{&quot;background_background&quot;:&quot;gradient&quot;}\">\n\t\t\t\t\t<div class=\"e-con-inner\">\n\t\t<div class=\"elementor-element elementor-element-59bedfa e-con-full e-flex e-con e-child\" data-id=\"59bedfa\" data-element_type=\"container\" data-e-type=\"container\">\n\t\t\t\t<div class=\"elementor-element elementor-element-df54cb0 elementor-invisible elementor-widget elementor-widget-image\" data-id=\"df54cb0\" data-element_type=\"widget\" data-e-type=\"widget\" data-settings=\"{&quot;_animation&quot;:&quot;fadeInRight&quot;}\" data-widget_type=\"image.default\">\n\t\t\t\t<div class=\"elementor-widget-container\">\n\t\t\t\t\t\t\t\t\t\t\t\t\t\t\t\t<a href=\"https:\/\/2024.wwii-refugees.ee\/wp-content\/uploads\/2024\/12\/74.png\" data-elementor-open-lightbox=\"yes\" data-elementor-lightbox-title=\"74\" data-e-action-hash=\"#elementor-action%3Aaction%3Dlightbox%26settings%3DeyJpZCI6MTA5OCwidXJsIjoiaHR0cHM6XC9cLzIwMjQud3dpaS1yZWZ1Z2Vlcy5lZVwvd3AtY29udGVudFwvdXBsb2Fkc1wvMjAyNFwvMTJcLzc0LnBuZyJ9\">\n\t\t\t\t\t\t\t<img loading=\"lazy\" decoding=\"async\" width=\"1524\" height=\"1048\" src=\"https:\/\/2024.wwii-refugees.ee\/wp-content\/uploads\/2024\/12\/74.png\" class=\"attachment-full size-full wp-image-1098\" alt=\"\" srcset=\"https:\/\/2024.wwii-refugees.ee\/wp-content\/uploads\/2024\/12\/74.png 1524w, https:\/\/2024.wwii-refugees.ee\/wp-content\/uploads\/2024\/12\/74-300x206.png 300w, https:\/\/2024.wwii-refugees.ee\/wp-content\/uploads\/2024\/12\/74-1024x704.png 1024w, https:\/\/2024.wwii-refugees.ee\/wp-content\/uploads\/2024\/12\/74-768x528.png 768w\" sizes=\"(max-width: 1524px) 100vw, 1524px\" \/>\t\t\t\t\t\t\t\t<\/a>\n\t\t\t\t\t\t\t\t\t\t\t\t\t\t\t<\/div>\n\t\t\t\t<\/div>\n\t\t\t\t<\/div>\n\t\t<div class=\"elementor-element elementor-element-6f53a1c e-con-full e-flex e-con e-child\" data-id=\"6f53a1c\" data-element_type=\"container\" data-e-type=\"container\">\n\t\t<div class=\"elementor-element elementor-element-0bda0e4 e-con-full e-flex e-con e-child\" data-id=\"0bda0e4\" data-element_type=\"container\" data-e-type=\"container\" data-settings=\"{&quot;background_background&quot;:&quot;gradient&quot;}\">\n\t\t\t\t<div class=\"elementor-element elementor-element-b4c73c8 elementor-invisible elementor-widget elementor-widget-text-editor\" data-id=\"b4c73c8\" data-element_type=\"widget\" data-e-type=\"widget\" data-settings=\"{&quot;_animation&quot;:&quot;fadeInLeft&quot;}\" data-widget_type=\"text-editor.default\">\n\t\t\t\t<div class=\"elementor-widget-container\">\n\t\t\t\t\t\t\t\t\t<p style=\"text-align: justify;\"><strong>Kalju Lepik (paremalt esimene) koos kolleegidega Eesti raamatun\u00e4ituse kirjanike\u00f5htul Norrk\u00f6pingis 1948. aastal.<\/strong><\/p><p style=\"text-align: justify;\">Kalju Lepik (first on the right) with his colleagues at the Estonian Book Exhibition\u2019s Writers\u2019 Evening in Norrk\u00f6ping in 1948.<\/p><p style=\"text-align: right;\"><strong>Illustratsioon \/ illustration: RA<br \/><\/strong><\/p>\t\t\t\t\t\t\t\t<\/div>\n\t\t\t\t<\/div>\n\t\t\t\t<\/div>\n\t\t\t\t<\/div>\n\t\t\t\t\t<\/div>\n\t\t\t\t<\/div>\n\t\t<div class=\"elementor-element elementor-element-ae043ac e-flex e-con-boxed e-con e-parent\" data-id=\"ae043ac\" data-element_type=\"container\" data-e-type=\"container\">\n\t\t\t\t\t<div class=\"e-con-inner\">\n\t\t\t\t<div class=\"elementor-element elementor-element-84f80c4 elementor-invisible elementor-widget elementor-widget-text-editor\" data-id=\"84f80c4\" data-element_type=\"widget\" data-e-type=\"widget\" data-settings=\"{&quot;_animation&quot;:&quot;slideInLeft&quot;}\" data-widget_type=\"text-editor.default\">\n\t\t\t\t<div class=\"elementor-widget-container\">\n\t\t\t\t\t\t\t\t\t<p style=\"text-align: justify;\"><span style=\"color: #397c99;\"><strong>Hiiumaalt p\u00f5genenud inimeste arvu ei ole v\u00f5imalik t\u00e4pselt kindlaks teha. Paadip\u00f5genikest hiidlaste arvu on hinnatud umbes 2000 inimesele. Paljud p\u00f5geneda soovinud pered j\u00e4id kodumaale, sest perekond oli otsustanud j\u00e4\u00e4da kokku, heas ja kurjas. Hoolimata N\u00f5ukogude re\u017eiimi valvsusest, k\u00e4isid mitmed juba Rootsis olevad mehed oma l\u00e4hedasi Hiiumaalt ka veel 1940. aastate teisel poolel \u00e4ra toomas, kuid osa neist sattus N\u00f5ukogude piirivalve k\u00fc\u00fcsi.<\/strong><\/span><\/p>\t\t\t\t\t\t\t\t<\/div>\n\t\t\t\t<\/div>\n\t\t\t\t\t<\/div>\n\t\t\t\t<\/div>\n\t\t<div class=\"elementor-element elementor-element-faa27f6 e-flex e-con-boxed e-con e-parent\" data-id=\"faa27f6\" data-element_type=\"container\" data-e-type=\"container\">\n\t\t\t\t\t<div class=\"e-con-inner\">\n\t\t\t\t<div class=\"elementor-element elementor-element-96781d0 elementor-invisible elementor-widget elementor-widget-text-editor\" data-id=\"96781d0\" data-element_type=\"widget\" data-e-type=\"widget\" data-settings=\"{&quot;_animation&quot;:&quot;slideInRight&quot;}\" data-widget_type=\"text-editor.default\">\n\t\t\t\t<div class=\"elementor-widget-container\">\n\t\t\t\t\t\t\t\t\t<p style=\"text-align: justify;\"><span style=\"color: #a3bccd;\">It is not possible to precisely ascertain the number of people who fled from Hiiumaa. The number of Hiiumaa islanders among the boat refugees is estimated at about 2,000 people. Many families that wanted to flee remained in their homeland because the family had decided to stay together for better or worse. Regardless of the vigilance of the Soviet regime, many men who were already in Sweden went to Hiiumaa to bring out their close relatives even in the latter half of the 1940s, but some of\u00a0 them were caught by the Soviet border guards.<\/span><\/p>\t\t\t\t\t\t\t\t<\/div>\n\t\t\t\t<\/div>\n\t\t\t\t\t<\/div>\n\t\t\t\t<\/div>\n\t\t<div class=\"elementor-element elementor-element-61c7ba2 e-flex e-con-boxed e-con e-parent\" data-id=\"61c7ba2\" data-element_type=\"container\" data-e-type=\"container\">\n\t\t\t\t\t<div class=\"e-con-inner\">\n\t\t\t\t<div class=\"elementor-element elementor-element-3a3a3c1 elementor-widget elementor-widget-image\" data-id=\"3a3a3c1\" data-element_type=\"widget\" data-e-type=\"widget\" data-widget_type=\"image.default\">\n\t\t\t\t<div class=\"elementor-widget-container\">\n\t\t\t\t\t\t\t\t\t\t\t\t\t\t\t<img fetchpriority=\"high\" decoding=\"async\" width=\"8667\" height=\"334\" src=\"https:\/\/2024.wwii-refugees.ee\/wp-content\/uploads\/2024\/04\/WWII_refugees_visuals_LAINE_3.png\" class=\"attachment-full size-full wp-image-121\" alt=\"\" srcset=\"https:\/\/2024.wwii-refugees.ee\/wp-content\/uploads\/2024\/04\/WWII_refugees_visuals_LAINE_3.png 8667w, https:\/\/2024.wwii-refugees.ee\/wp-content\/uploads\/2024\/04\/WWII_refugees_visuals_LAINE_3-300x12.png 300w, https:\/\/2024.wwii-refugees.ee\/wp-content\/uploads\/2024\/04\/WWII_refugees_visuals_LAINE_3-1024x39.png 1024w, https:\/\/2024.wwii-refugees.ee\/wp-content\/uploads\/2024\/04\/WWII_refugees_visuals_LAINE_3-768x30.png 768w, https:\/\/2024.wwii-refugees.ee\/wp-content\/uploads\/2024\/04\/WWII_refugees_visuals_LAINE_3-1536x59.png 1536w, https:\/\/2024.wwii-refugees.ee\/wp-content\/uploads\/2024\/04\/WWII_refugees_visuals_LAINE_3-2048x79.png 2048w\" sizes=\"(max-width: 8667px) 100vw, 8667px\" \/>\t\t\t\t\t\t\t\t\t\t\t\t\t\t\t<\/div>\n\t\t\t\t<\/div>\n\t\t\t\t\t<\/div>\n\t\t\t\t<\/div>\n\t\t<div class=\"elementor-element elementor-element-b7980af e-flex e-con-boxed e-con e-parent\" data-id=\"b7980af\" data-element_type=\"container\" data-e-type=\"container\">\n\t\t\t\t\t<div class=\"e-con-inner\">\n\t\t\t\t<div class=\"elementor-element elementor-element-bcf0556 elementor-widget-divider--view-line elementor-widget elementor-widget-divider\" data-id=\"bcf0556\" data-element_type=\"widget\" data-e-type=\"widget\" data-widget_type=\"divider.default\">\n\t\t\t\t<div class=\"elementor-widget-container\">\n\t\t\t\t\t\t\t<div class=\"elementor-divider\">\n\t\t\t<span class=\"elementor-divider-separator\">\n\t\t\t\t\t\t<\/span>\n\t\t<\/div>\n\t\t\t\t\t\t<\/div>\n\t\t\t\t<\/div>\n\t\t\t\t\t<\/div>\n\t\t\t\t<\/div>\n\t\t<div class=\"elementor-element elementor-element-44f224b e-flex e-con-boxed e-con e-parent\" data-id=\"44f224b\" data-element_type=\"container\" data-e-type=\"container\">\n\t\t\t\t\t<div class=\"e-con-inner\">\n\t\t\t\t<div class=\"elementor-element elementor-element-9e563eb elementor-widget elementor-widget-heading\" data-id=\"9e563eb\" data-element_type=\"widget\" data-e-type=\"widget\" data-widget_type=\"heading.default\">\n\t\t\t\t<div class=\"elementor-widget-container\">\n\t\t\t\t\t<h2 class=\"elementor-heading-title elementor-size-default\">KURESSAARE<\/h2>\t\t\t\t<\/div>\n\t\t\t\t<\/div>\n\t\t\t\t\t<\/div>\n\t\t\t\t<\/div>\n\t\t<div class=\"elementor-element elementor-element-d9662b5 e-flex e-con-boxed e-con e-parent\" data-id=\"d9662b5\" data-element_type=\"container\" data-e-type=\"container\">\n\t\t\t\t\t<div class=\"e-con-inner\">\n\t\t\t\t<div class=\"elementor-element elementor-element-59a58c0 elementor-widget elementor-widget-heading\" data-id=\"59a58c0\" data-element_type=\"widget\" data-e-type=\"widget\" data-widget_type=\"heading.default\">\n\t\t\t\t<div class=\"elementor-widget-container\">\n\t\t\t\t\t<h6 class=\"elementor-heading-title elementor-size-default\">Koostaja\/Compiled by: Priit Kivi<\/h6>\t\t\t\t<\/div>\n\t\t\t\t<\/div>\n\t\t\t\t\t<\/div>\n\t\t\t\t<\/div>\n\t\t<div class=\"elementor-element elementor-element-75ecb9d e-flex e-con-boxed e-con e-parent\" data-id=\"75ecb9d\" data-element_type=\"container\" data-e-type=\"container\">\n\t\t\t\t\t<div class=\"e-con-inner\">\n\t\t\t\t<div class=\"elementor-element elementor-element-b22a24c elementor-widget elementor-widget-menu-anchor\" data-id=\"b22a24c\" data-element_type=\"widget\" data-e-type=\"widget\" data-widget_type=\"menu-anchor.default\">\n\t\t\t\t<div class=\"elementor-widget-container\">\n\t\t\t\t\t\t\t<div class=\"elementor-menu-anchor\" id=\"Kuressaare\"><\/div>\n\t\t\t\t\t\t<\/div>\n\t\t\t\t<\/div>\n\t\t\t\t<div class=\"elementor-element elementor-element-0eca693 elementor-invisible elementor-widget elementor-widget-text-editor\" data-id=\"0eca693\" data-element_type=\"widget\" data-e-type=\"widget\" data-settings=\"{&quot;_animation&quot;:&quot;slideInLeft&quot;}\" data-widget_type=\"text-editor.default\">\n\t\t\t\t<div class=\"elementor-widget-container\">\n\t\t\t\t\t\t\t\t\t<p style=\"text-align: justify;\"><span style=\"color: #397c99;\"><strong>1944. a kestis saarel Saksa okupatsioon, kuid 5. oktoobril tungisid N\u00f5ukogude v\u00e4ed \u00fcle V\u00e4ikese v\u00e4ina Saaremaale ja vallutasid 7. oktoobril kiire pealetungiga Kuressaare. 10. oktoobril algasid \u00e4gedad lahingud S\u00f5rve poolsaare p\u00e4rast, viimased Saksa \u00fcksused lahkusid S\u00f5rve s\u00e4\u00e4relt 24. novembril 1944. Kogu Eesti oli langenud N\u00f5ukogude okupatsiooni alla.<\/strong><\/span><\/p>\t\t\t\t\t\t\t\t<\/div>\n\t\t\t\t<\/div>\n\t\t\t\t\t<\/div>\n\t\t\t\t<\/div>\n\t\t<div class=\"elementor-element elementor-element-1a6cb2b e-flex e-con-boxed e-con e-parent\" data-id=\"1a6cb2b\" data-element_type=\"container\" data-e-type=\"container\">\n\t\t\t\t\t<div class=\"e-con-inner\">\n\t\t\t\t<div class=\"elementor-element elementor-element-707565e elementor-invisible elementor-widget elementor-widget-text-editor\" data-id=\"707565e\" data-element_type=\"widget\" data-e-type=\"widget\" data-settings=\"{&quot;_animation&quot;:&quot;slideInRight&quot;}\" data-widget_type=\"text-editor.default\">\n\t\t\t\t<div class=\"elementor-widget-container\">\n\t\t\t\t\t\t\t\t\t<p style=\"text-align: justify;\"><span style=\"color: #a3bccd;\">The German occupation continued on the island in 1944, yet on 5 October, Soviet forces crossed the V\u00e4ike Strait to invade Saaremaa. They captured Kuressaare with a rapid offensive on 7 October. Fierce battles for the S\u00f5rve Peninsula began on 10 October. The last German units left the S\u00f5rve headland on 24 November 1944. All of Estonia had fallen under Soviet occupation.<\/span><\/p>\t\t\t\t\t\t\t\t<\/div>\n\t\t\t\t<\/div>\n\t\t\t\t\t<\/div>\n\t\t\t\t<\/div>\n\t\t<div class=\"elementor-element elementor-element-f375368 e-flex e-con-boxed e-con e-parent\" data-id=\"f375368\" data-element_type=\"container\" data-e-type=\"container\">\n\t\t\t\t\t<div class=\"e-con-inner\">\n\t\t<div class=\"elementor-element elementor-element-5fb203f e-con-full e-flex e-con e-child\" data-id=\"5fb203f\" data-element_type=\"container\" data-e-type=\"container\">\n\t\t\t\t<div class=\"elementor-element elementor-element-ac63d87 elementor-invisible elementor-widget elementor-widget-text-editor\" data-id=\"ac63d87\" data-element_type=\"widget\" data-e-type=\"widget\" data-settings=\"{&quot;_animation&quot;:&quot;fadeInRight&quot;}\" data-widget_type=\"text-editor.default\">\n\t\t\t\t<div class=\"elementor-widget-container\">\n\t\t\t\t\t\t\t\t\t<p style=\"text-align: justify;\"><strong><span style=\"color: #397c99;\">Seltskond Saksa ohvitsere koos med\u00f5dedega Kuressaare haigla ees augustis 1944.<\/span><\/strong><\/p><p style=\"text-align: justify;\"><span style=\"color: #a3bccd;\">A group of German officers together with nurses in front of Kuressaare hospital in August of 1944.<\/span><\/p><p style=\"text-align: right;\"><span style=\"color: #397c99;\"><strong>Illustratsioon \/ illustration: SM<\/strong><\/span><\/p><p style=\"text-align: right;\"><span style=\"color: #397c99;\"><strong>\u00a0<\/strong><\/span><\/p><p style=\"text-align: right;\"><span style=\"color: #397c99;\"><strong>\u00a0 <br \/><\/strong><\/span><\/p>\t\t\t\t\t\t\t\t<\/div>\n\t\t\t\t<\/div>\n\t\t\t\t<\/div>\n\t\t<div class=\"elementor-element elementor-element-670964f e-con-full e-flex e-con e-child\" data-id=\"670964f\" data-element_type=\"container\" data-e-type=\"container\">\n\t\t\t\t<div class=\"elementor-element elementor-element-00b0091 elementor-invisible elementor-widget elementor-widget-image\" data-id=\"00b0091\" data-element_type=\"widget\" data-e-type=\"widget\" data-settings=\"{&quot;_animation&quot;:&quot;fadeInLeft&quot;}\" data-widget_type=\"image.default\">\n\t\t\t\t<div class=\"elementor-widget-container\">\n\t\t\t\t\t\t\t\t\t\t\t\t\t\t\t\t<a href=\"https:\/\/2024.wwii-refugees.ee\/wp-content\/uploads\/2024\/12\/76.png\" data-elementor-open-lightbox=\"yes\" data-elementor-lightbox-title=\"76\" data-e-action-hash=\"#elementor-action%3Aaction%3Dlightbox%26settings%3DeyJpZCI6MTEwMywidXJsIjoiaHR0cHM6XC9cLzIwMjQud3dpaS1yZWZ1Z2Vlcy5lZVwvd3AtY29udGVudFwvdXBsb2Fkc1wvMjAyNFwvMTJcLzc2LnBuZyJ9\">\n\t\t\t\t\t\t\t<img loading=\"lazy\" decoding=\"async\" width=\"1024\" height=\"985\" src=\"https:\/\/2024.wwii-refugees.ee\/wp-content\/uploads\/2024\/12\/76-1024x985.png\" class=\"attachment-large size-large wp-image-1103\" alt=\"\" srcset=\"https:\/\/2024.wwii-refugees.ee\/wp-content\/uploads\/2024\/12\/76-1024x985.png 1024w, https:\/\/2024.wwii-refugees.ee\/wp-content\/uploads\/2024\/12\/76-300x289.png 300w, https:\/\/2024.wwii-refugees.ee\/wp-content\/uploads\/2024\/12\/76-768x739.png 768w, https:\/\/2024.wwii-refugees.ee\/wp-content\/uploads\/2024\/12\/76.png 1223w\" sizes=\"(max-width: 1024px) 100vw, 1024px\" \/>\t\t\t\t\t\t\t\t<\/a>\n\t\t\t\t\t\t\t\t\t\t\t\t\t\t\t<\/div>\n\t\t\t\t<\/div>\n\t\t\t\t<\/div>\n\t\t\t\t\t<\/div>\n\t\t\t\t<\/div>\n\t\t<div class=\"elementor-element elementor-element-ef08353 e-flex e-con-boxed e-con e-parent\" data-id=\"ef08353\" data-element_type=\"container\" data-e-type=\"container\">\n\t\t\t\t\t<div class=\"e-con-inner\">\n\t\t\t\t<div class=\"elementor-element elementor-element-79dc12e elementor-invisible elementor-widget elementor-widget-text-editor\" data-id=\"79dc12e\" data-element_type=\"widget\" data-e-type=\"widget\" data-settings=\"{&quot;_animation&quot;:&quot;slideInLeft&quot;}\" data-widget_type=\"text-editor.default\">\n\t\t\t\t<div class=\"elementor-widget-container\">\n\t\t\t\t\t\t\t\t\t<p style=\"text-align: justify;\"><span style=\"color: #397c99;\"><strong>1944. aasta s\u00fcgiseni olid Kuressaare linnapildis Saksa okupatsiooniv\u00e4ed. Alates 7. oktoobrist v\u00f5tsid nende koha \u00fcle N\u00f5ukogude okupatsiooniv\u00e4ed. Kohapeal asuvate s\u00f5jav\u00e4elaste tegevusetuse t\u00f5ttu muutus Kuressaare heakord oluliselt halvemaks. Linna hakkas tulema arvukalt uusi elanikke s\u00f5jav\u00e4elaste ja n\u00f5ukogude funktsion\u00e4\u00e4ride n\u00e4ol. Paljud maainimesed olid samuti sunnitud erinevatel p\u00f5hjustel linna kolima.<\/strong><\/span><\/p>\t\t\t\t\t\t\t\t<\/div>\n\t\t\t\t<\/div>\n\t\t\t\t\t<\/div>\n\t\t\t\t<\/div>\n\t\t<div class=\"elementor-element elementor-element-e301b77 e-flex e-con-boxed e-con e-parent\" data-id=\"e301b77\" data-element_type=\"container\" data-e-type=\"container\">\n\t\t\t\t\t<div class=\"e-con-inner\">\n\t\t\t\t<div class=\"elementor-element elementor-element-c2ef545 elementor-invisible elementor-widget elementor-widget-text-editor\" data-id=\"c2ef545\" data-element_type=\"widget\" data-e-type=\"widget\" data-settings=\"{&quot;_animation&quot;:&quot;slideInRight&quot;}\" data-widget_type=\"text-editor.default\">\n\t\t\t\t<div class=\"elementor-widget-container\">\n\t\t\t\t\t\t\t\t\t<p style=\"text-align: justify;\"><span style=\"color: #a3bccd;\">German occupation forces were visible in Kuressaare until the autumn of 1944. Starting from 7 October, Soviet occupation forces replaced them. The good maintenance and orderliness of Kuressaare deteriorated significantly due to the inactivity of the soldiers stationed there. New inhabitants in the form of soldiers and Soviet functionaries started coming to the city in considerable numbers. At the same time, many people from the countryside were forced to move to the city for various reasons.<\/span><\/p>\t\t\t\t\t\t\t\t<\/div>\n\t\t\t\t<\/div>\n\t\t\t\t\t<\/div>\n\t\t\t\t<\/div>\n\t\t<div class=\"elementor-element elementor-element-91c7091 e-flex e-con-boxed e-con e-parent\" data-id=\"91c7091\" data-element_type=\"container\" data-e-type=\"container\" data-settings=\"{&quot;background_background&quot;:&quot;gradient&quot;}\">\n\t\t\t\t\t<div class=\"e-con-inner\">\n\t\t<div class=\"elementor-element elementor-element-de5353f e-con-full e-flex e-con e-child\" data-id=\"de5353f\" data-element_type=\"container\" data-e-type=\"container\">\n\t\t\t\t<div class=\"elementor-element elementor-element-032def6 elementor-invisible elementor-widget elementor-widget-image\" data-id=\"032def6\" data-element_type=\"widget\" data-e-type=\"widget\" data-settings=\"{&quot;_animation&quot;:&quot;fadeInRight&quot;}\" data-widget_type=\"image.default\">\n\t\t\t\t<div class=\"elementor-widget-container\">\n\t\t\t\t\t\t\t\t\t\t\t\t\t\t\t\t<a href=\"https:\/\/2024.wwii-refugees.ee\/wp-content\/uploads\/2024\/12\/77.png\" data-elementor-open-lightbox=\"yes\" data-elementor-lightbox-title=\"77\" data-e-action-hash=\"#elementor-action%3Aaction%3Dlightbox%26settings%3DeyJpZCI6MTEwNCwidXJsIjoiaHR0cHM6XC9cLzIwMjQud3dpaS1yZWZ1Z2Vlcy5lZVwvd3AtY29udGVudFwvdXBsb2Fkc1wvMjAyNFwvMTJcLzc3LnBuZyJ9\">\n\t\t\t\t\t\t\t<img loading=\"lazy\" decoding=\"async\" width=\"1744\" height=\"1198\" src=\"https:\/\/2024.wwii-refugees.ee\/wp-content\/uploads\/2024\/12\/77.png\" class=\"attachment-full size-full wp-image-1104\" alt=\"\" srcset=\"https:\/\/2024.wwii-refugees.ee\/wp-content\/uploads\/2024\/12\/77.png 1744w, https:\/\/2024.wwii-refugees.ee\/wp-content\/uploads\/2024\/12\/77-300x206.png 300w, https:\/\/2024.wwii-refugees.ee\/wp-content\/uploads\/2024\/12\/77-1024x703.png 1024w, https:\/\/2024.wwii-refugees.ee\/wp-content\/uploads\/2024\/12\/77-768x528.png 768w, https:\/\/2024.wwii-refugees.ee\/wp-content\/uploads\/2024\/12\/77-1536x1055.png 1536w\" sizes=\"(max-width: 1744px) 100vw, 1744px\" \/>\t\t\t\t\t\t\t\t<\/a>\n\t\t\t\t\t\t\t\t\t\t\t\t\t\t\t<\/div>\n\t\t\t\t<\/div>\n\t\t\t\t<\/div>\n\t\t<div class=\"elementor-element elementor-element-2521d27 e-con-full e-flex e-con e-child\" data-id=\"2521d27\" data-element_type=\"container\" data-e-type=\"container\">\n\t\t<div class=\"elementor-element elementor-element-68f6e51 e-con-full e-flex e-con e-child\" data-id=\"68f6e51\" data-element_type=\"container\" data-e-type=\"container\" data-settings=\"{&quot;background_background&quot;:&quot;gradient&quot;}\">\n\t\t\t\t<div class=\"elementor-element elementor-element-8804202 elementor-invisible elementor-widget elementor-widget-text-editor\" data-id=\"8804202\" data-element_type=\"widget\" data-e-type=\"widget\" data-settings=\"{&quot;_animation&quot;:&quot;fadeInLeft&quot;}\" data-widget_type=\"text-editor.default\">\n\t\t\t\t<div class=\"elementor-widget-container\">\n\t\t\t\t\t\t\t\t\t<p style=\"text-align: justify;\"><strong>N\u00f5ukogude s\u00f5durid ja s\u00f5jatehnika \u00fcletamas Kuressaare raekoja platsi, 1944.<\/strong><\/p><p style=\"text-align: justify;\">Soviet soldiers and military equipment crossing Kuressaare\u2019s Town Hall Square, 1944.<\/p><p style=\"text-align: right;\"><strong>Illustratsioon \/ illustration: SM<br \/><\/strong><\/p>\t\t\t\t\t\t\t\t<\/div>\n\t\t\t\t<\/div>\n\t\t\t\t<\/div>\n\t\t\t\t<\/div>\n\t\t\t\t\t<\/div>\n\t\t\t\t<\/div>\n\t\t<div class=\"elementor-element elementor-element-78ea8af e-flex e-con-boxed e-con e-parent\" data-id=\"78ea8af\" data-element_type=\"container\" data-e-type=\"container\">\n\t\t\t\t\t<div class=\"e-con-inner\">\n\t\t\t\t<div class=\"elementor-element elementor-element-6f5dd72 elementor-invisible elementor-widget elementor-widget-text-editor\" data-id=\"6f5dd72\" data-element_type=\"widget\" data-e-type=\"widget\" data-settings=\"{&quot;_animation&quot;:&quot;slideInLeft&quot;}\" data-widget_type=\"text-editor.default\">\n\t\t\t\t<div class=\"elementor-widget-container\">\n\t\t\t\t\t\t\t\t\t<p style=\"text-align: justify;\"><span style=\"color: #397c99;\"><strong>Kuressaarlased pidid vaatama, kuidas rasketes s\u00f5jaoludes igap\u00e4evaste vajaduste rahuldamisega toime tulla. Teravalt andis tunda toidu- ja tarbekaupade \u00fcha rangemaks muutuv normeerimine. Toorainenappuse t\u00f5ttu olid laialdaselt kasutusel mitmesugustest mittet\u00e4isv\u00e4\u00e4rtuslikest asendusmaterjalidest valmistatud tooted. T\u00f6\u00f6stuskaupade puuduse t\u00f5ttu asuti neid valmistama kodudes.<\/strong><\/span><\/p>\t\t\t\t\t\t\t\t<\/div>\n\t\t\t\t<\/div>\n\t\t\t\t\t<\/div>\n\t\t\t\t<\/div>\n\t\t<div class=\"elementor-element elementor-element-a1f43f7 e-flex e-con-boxed e-con e-parent\" data-id=\"a1f43f7\" data-element_type=\"container\" data-e-type=\"container\">\n\t\t\t\t\t<div class=\"e-con-inner\">\n\t\t\t\t<div class=\"elementor-element elementor-element-a61c0f0 elementor-invisible elementor-widget elementor-widget-text-editor\" data-id=\"a61c0f0\" data-element_type=\"widget\" data-e-type=\"widget\" data-settings=\"{&quot;_animation&quot;:&quot;slideInRight&quot;}\" data-widget_type=\"text-editor.default\">\n\t\t\t\t<div class=\"elementor-widget-container\">\n\t\t\t\t\t\t\t\t\t<p style=\"text-align: justify;\"><span style=\"color: #a3bccd;\">The people of Kuressaare had to consider how to cope with meeting their everyday needs in difficult war conditions. The increasingly strict rationing of food and consumer goods was felt acutely. Products made out of various poor quality replacement materials were in widespread use due to a shortage of raw materials. Due to the general lack of consumer goods, people started making them at home.<\/span><\/p>\t\t\t\t\t\t\t\t<\/div>\n\t\t\t\t<\/div>\n\t\t\t\t\t<\/div>\n\t\t\t\t<\/div>\n\t\t<div class=\"elementor-element elementor-element-0374fee e-flex e-con-boxed e-con e-parent\" data-id=\"0374fee\" data-element_type=\"container\" data-e-type=\"container\">\n\t\t\t\t\t<div class=\"e-con-inner\">\n\t\t<div class=\"elementor-element elementor-element-a9ddcac e-con-full e-flex e-con e-child\" data-id=\"a9ddcac\" data-element_type=\"container\" data-e-type=\"container\">\n\t\t\t\t<div class=\"elementor-element elementor-element-18af5e4 elementor-invisible elementor-widget elementor-widget-text-editor\" data-id=\"18af5e4\" data-element_type=\"widget\" data-e-type=\"widget\" data-settings=\"{&quot;_animation&quot;:&quot;fadeInRight&quot;}\" data-widget_type=\"text-editor.default\">\n\t\t\t\t<div class=\"elementor-widget-container\">\n\t\t\t\t\t\t\t\t\t<p style=\"text-align: justify;\"><strong><span style=\"color: #397c99;\">Saksa okupatsiooniv\u00f5imude Oskar Munk\u2019ile antud ostuluba\u00fche paari pastelde soetamiseks, 17. mai 1944.<\/span><\/strong><\/p><p style=\"text-align: justify;\"><span style=\"color: #a3bccd;\">A permit for purchasing a pair of soft, heelless leather shoes issued by the German occupation authorities to Oskar Munk,\u00a0 \u00a0 \u00a0 \u00a0 \u00a0 \u00a0 \u00a0 <\/span><span style=\"color: #a3bccd;\">17 May 1944.<\/span><\/p><p style=\"text-align: right;\"><span style=\"color: #397c99;\"><strong>Illustratsioon \/ illustration: SM<\/strong><\/span><\/p><p style=\"text-align: right;\"><span style=\"color: #397c99;\"><strong>\u00a0<\/strong><\/span><\/p><p style=\"text-align: right;\"><span style=\"color: #397c99;\"><strong>\u00a0 <br \/><\/strong><\/span><\/p>\t\t\t\t\t\t\t\t<\/div>\n\t\t\t\t<\/div>\n\t\t\t\t<\/div>\n\t\t<div class=\"elementor-element elementor-element-d52436d e-con-full e-flex e-con e-child\" data-id=\"d52436d\" data-element_type=\"container\" data-e-type=\"container\">\n\t\t\t\t<div class=\"elementor-element elementor-element-d99aa22 elementor-invisible elementor-widget elementor-widget-image\" data-id=\"d99aa22\" data-element_type=\"widget\" data-e-type=\"widget\" data-settings=\"{&quot;_animation&quot;:&quot;fadeInLeft&quot;}\" data-widget_type=\"image.default\">\n\t\t\t\t<div class=\"elementor-widget-container\">\n\t\t\t\t\t\t\t\t\t\t\t\t\t\t\t\t<a href=\"https:\/\/2024.wwii-refugees.ee\/wp-content\/uploads\/2024\/12\/78.png\" data-elementor-open-lightbox=\"yes\" data-elementor-lightbox-title=\"78\" data-e-action-hash=\"#elementor-action%3Aaction%3Dlightbox%26settings%3DeyJpZCI6MTEwNSwidXJsIjoiaHR0cHM6XC9cLzIwMjQud3dpaS1yZWZ1Z2Vlcy5lZVwvd3AtY29udGVudFwvdXBsb2Fkc1wvMjAyNFwvMTJcLzc4LnBuZyJ9\">\n\t\t\t\t\t\t\t<img loading=\"lazy\" decoding=\"async\" width=\"1024\" height=\"737\" src=\"https:\/\/2024.wwii-refugees.ee\/wp-content\/uploads\/2024\/12\/78-1024x737.png\" class=\"attachment-large size-large wp-image-1105\" alt=\"\" srcset=\"https:\/\/2024.wwii-refugees.ee\/wp-content\/uploads\/2024\/12\/78-1024x737.png 1024w, https:\/\/2024.wwii-refugees.ee\/wp-content\/uploads\/2024\/12\/78-300x216.png 300w, https:\/\/2024.wwii-refugees.ee\/wp-content\/uploads\/2024\/12\/78-768x553.png 768w, https:\/\/2024.wwii-refugees.ee\/wp-content\/uploads\/2024\/12\/78.png 1158w\" sizes=\"(max-width: 1024px) 100vw, 1024px\" \/>\t\t\t\t\t\t\t\t<\/a>\n\t\t\t\t\t\t\t\t\t\t\t\t\t\t\t<\/div>\n\t\t\t\t<\/div>\n\t\t\t\t<\/div>\n\t\t\t\t\t<\/div>\n\t\t\t\t<\/div>\n\t\t<div class=\"elementor-element elementor-element-fd0469d e-flex e-con-boxed e-con e-parent\" data-id=\"fd0469d\" data-element_type=\"container\" data-e-type=\"container\">\n\t\t\t\t\t<div class=\"e-con-inner\">\n\t\t\t\t<div class=\"elementor-element elementor-element-c11db36 elementor-invisible elementor-widget elementor-widget-text-editor\" data-id=\"c11db36\" data-element_type=\"widget\" data-e-type=\"widget\" data-settings=\"{&quot;_animation&quot;:&quot;slideInLeft&quot;}\" data-widget_type=\"text-editor.default\">\n\t\t\t\t<div class=\"elementor-widget-container\">\n\t\t\t\t\t\t\t\t\t<p style=\"text-align: justify;\"><span style=\"color: #397c99;\"><strong>S\u00f5jategevuse t\u00f5ttu h\u00e4visid osaliselt v\u00f5i t\u00e4ielikult paljud Kuressaare hooned. P\u00e4rast lahingute l\u00f5ppu 1944. aastal olid linnas mitmed paigad rusudes.<\/strong><\/span><\/p>\t\t\t\t\t\t\t\t<\/div>\n\t\t\t\t<\/div>\n\t\t\t\t\t<\/div>\n\t\t\t\t<\/div>\n\t\t<div class=\"elementor-element elementor-element-fae11e5 e-flex e-con-boxed e-con e-parent\" data-id=\"fae11e5\" data-element_type=\"container\" data-e-type=\"container\">\n\t\t\t\t\t<div class=\"e-con-inner\">\n\t\t\t\t<div class=\"elementor-element elementor-element-f087524 elementor-invisible elementor-widget elementor-widget-text-editor\" data-id=\"f087524\" data-element_type=\"widget\" data-e-type=\"widget\" data-settings=\"{&quot;_animation&quot;:&quot;slideInRight&quot;}\" data-widget_type=\"text-editor.default\">\n\t\t\t\t<div class=\"elementor-widget-container\">\n\t\t\t\t\t\t\t\t\t<p style=\"text-align: justify;\"><span style=\"color: #a3bccd;\">After the battles ended in 1944, many locations in the city were in ruins. Many buildings in Kuressaare were partially or completely destroyed due to warfare.<\/span><\/p>\t\t\t\t\t\t\t\t<\/div>\n\t\t\t\t<\/div>\n\t\t\t\t\t<\/div>\n\t\t\t\t<\/div>\n\t\t<div class=\"elementor-element elementor-element-1d58b6b e-flex e-con-boxed e-con e-parent\" data-id=\"1d58b6b\" data-element_type=\"container\" data-e-type=\"container\" data-settings=\"{&quot;background_background&quot;:&quot;gradient&quot;}\">\n\t\t\t\t\t<div class=\"e-con-inner\">\n\t\t<div class=\"elementor-element elementor-element-4ae01cb e-con-full e-flex e-con e-child\" data-id=\"4ae01cb\" data-element_type=\"container\" data-e-type=\"container\">\n\t\t\t\t<div class=\"elementor-element elementor-element-4e74823 elementor-invisible elementor-widget elementor-widget-image\" data-id=\"4e74823\" data-element_type=\"widget\" data-e-type=\"widget\" data-settings=\"{&quot;_animation&quot;:&quot;fadeInRight&quot;}\" data-widget_type=\"image.default\">\n\t\t\t\t<div class=\"elementor-widget-container\">\n\t\t\t\t\t\t\t\t\t\t\t\t\t\t\t\t<a href=\"https:\/\/2024.wwii-refugees.ee\/wp-content\/uploads\/2024\/12\/79.png\" data-elementor-open-lightbox=\"yes\" data-elementor-lightbox-title=\"79\" data-e-action-hash=\"#elementor-action%3Aaction%3Dlightbox%26settings%3DeyJpZCI6MTEwNiwidXJsIjoiaHR0cHM6XC9cLzIwMjQud3dpaS1yZWZ1Z2Vlcy5lZVwvd3AtY29udGVudFwvdXBsb2Fkc1wvMjAyNFwvMTJcLzc5LnBuZyJ9\">\n\t\t\t\t\t\t\t<img loading=\"lazy\" decoding=\"async\" width=\"1557\" height=\"1044\" src=\"https:\/\/2024.wwii-refugees.ee\/wp-content\/uploads\/2024\/12\/79.png\" class=\"attachment-full size-full wp-image-1106\" alt=\"\" srcset=\"https:\/\/2024.wwii-refugees.ee\/wp-content\/uploads\/2024\/12\/79.png 1557w, https:\/\/2024.wwii-refugees.ee\/wp-content\/uploads\/2024\/12\/79-300x201.png 300w, https:\/\/2024.wwii-refugees.ee\/wp-content\/uploads\/2024\/12\/79-1024x687.png 1024w, https:\/\/2024.wwii-refugees.ee\/wp-content\/uploads\/2024\/12\/79-768x515.png 768w, https:\/\/2024.wwii-refugees.ee\/wp-content\/uploads\/2024\/12\/79-1536x1030.png 1536w\" sizes=\"(max-width: 1557px) 100vw, 1557px\" \/>\t\t\t\t\t\t\t\t<\/a>\n\t\t\t\t\t\t\t\t\t\t\t\t\t\t\t<\/div>\n\t\t\t\t<\/div>\n\t\t\t\t<\/div>\n\t\t<div class=\"elementor-element elementor-element-21cab02 e-con-full e-flex e-con e-child\" data-id=\"21cab02\" data-element_type=\"container\" data-e-type=\"container\">\n\t\t<div class=\"elementor-element elementor-element-f80f62d e-con-full e-flex e-con e-child\" data-id=\"f80f62d\" data-element_type=\"container\" data-e-type=\"container\" data-settings=\"{&quot;background_background&quot;:&quot;gradient&quot;}\">\n\t\t\t\t<div class=\"elementor-element elementor-element-b3086f0 elementor-invisible elementor-widget elementor-widget-text-editor\" data-id=\"b3086f0\" data-element_type=\"widget\" data-e-type=\"widget\" data-settings=\"{&quot;_animation&quot;:&quot;fadeInLeft&quot;}\" data-widget_type=\"text-editor.default\">\n\t\t\t\t<div class=\"elementor-widget-container\">\n\t\t\t\t\t\t\t\t\t<p style=\"text-align: justify;\"><strong>N\u00f5ukogude punaarmee s\u00f5durid p\u00f5leva Kuressaare taustal, 7. oktoober 1944.<\/strong><\/p><p style=\"text-align: justify;\">Soviet Red Army soldiers on the background of burning Kuressaare, 7 October 1944.<\/p><p style=\"text-align: right;\"><strong>Illustratsioon \/ illustration: RA , autor \/ author: J. Fetissov<\/strong><\/p>\t\t\t\t\t\t\t\t<\/div>\n\t\t\t\t<\/div>\n\t\t\t\t<\/div>\n\t\t\t\t<\/div>\n\t\t\t\t\t<\/div>\n\t\t\t\t<\/div>\n\t\t<div class=\"elementor-element elementor-element-cb815c0 e-flex e-con-boxed e-con e-parent\" data-id=\"cb815c0\" data-element_type=\"container\" data-e-type=\"container\">\n\t\t\t\t\t<div class=\"e-con-inner\">\n\t\t<div class=\"elementor-element elementor-element-ea3f0ce e-con-full e-flex e-con e-child\" data-id=\"ea3f0ce\" data-element_type=\"container\" data-e-type=\"container\">\n\t\t\t\t<div class=\"elementor-element elementor-element-26bb453 elementor-invisible elementor-widget elementor-widget-text-editor\" data-id=\"26bb453\" data-element_type=\"widget\" data-e-type=\"widget\" data-settings=\"{&quot;_animation&quot;:&quot;fadeInRight&quot;}\" data-widget_type=\"text-editor.default\">\n\t\t\t\t<div class=\"elementor-widget-container\">\n\t\t\t\t\t\t\t\t\t<p style=\"text-align: justify;\"><strong><span style=\"color: #397c99;\">Endise Kuressaare algkooli varemed (2024. aastal Tallinna t\u00e4nav 8).<\/span><\/strong><\/p><p style=\"text-align: justify;\"><span style=\"color: #a3bccd;\">The ruins of the former Kuressaare elementary school (Tallinna Street 8 in 2024).<\/span><\/p><p style=\"text-align: right;\"><span style=\"color: #397c99;\"><strong>Illustratsioon \/ illustration: SM<\/strong><\/span><\/p><p style=\"text-align: right;\"><span style=\"color: #397c99;\"><strong>\u00a0<\/strong><\/span><\/p><p style=\"text-align: right;\"><span style=\"color: #397c99;\"><strong>\u00a0 <br \/><\/strong><\/span><\/p>\t\t\t\t\t\t\t\t<\/div>\n\t\t\t\t<\/div>\n\t\t\t\t<\/div>\n\t\t<div class=\"elementor-element elementor-element-2fdb236 e-con-full e-flex e-con e-child\" data-id=\"2fdb236\" data-element_type=\"container\" data-e-type=\"container\">\n\t\t\t\t<div class=\"elementor-element elementor-element-ab6b18f elementor-invisible elementor-widget elementor-widget-image\" data-id=\"ab6b18f\" data-element_type=\"widget\" data-e-type=\"widget\" data-settings=\"{&quot;_animation&quot;:&quot;fadeInLeft&quot;}\" data-widget_type=\"image.default\">\n\t\t\t\t<div class=\"elementor-widget-container\">\n\t\t\t\t\t\t\t\t\t\t\t\t\t\t\t\t<a href=\"https:\/\/2024.wwii-refugees.ee\/wp-content\/uploads\/2024\/12\/80.png\" data-elementor-open-lightbox=\"yes\" data-elementor-lightbox-title=\"80\" data-e-action-hash=\"#elementor-action%3Aaction%3Dlightbox%26settings%3DeyJpZCI6MTEwNywidXJsIjoiaHR0cHM6XC9cLzIwMjQud3dpaS1yZWZ1Z2Vlcy5lZVwvd3AtY29udGVudFwvdXBsb2Fkc1wvMjAyNFwvMTJcLzgwLnBuZyJ9\">\n\t\t\t\t\t\t\t<img loading=\"lazy\" decoding=\"async\" width=\"1024\" height=\"743\" src=\"https:\/\/2024.wwii-refugees.ee\/wp-content\/uploads\/2024\/12\/80-1024x743.png\" class=\"attachment-large size-large wp-image-1107\" alt=\"\" srcset=\"https:\/\/2024.wwii-refugees.ee\/wp-content\/uploads\/2024\/12\/80-1024x743.png 1024w, https:\/\/2024.wwii-refugees.ee\/wp-content\/uploads\/2024\/12\/80-300x218.png 300w, https:\/\/2024.wwii-refugees.ee\/wp-content\/uploads\/2024\/12\/80-768x558.png 768w, https:\/\/2024.wwii-refugees.ee\/wp-content\/uploads\/2024\/12\/80.png 1438w\" sizes=\"(max-width: 1024px) 100vw, 1024px\" \/>\t\t\t\t\t\t\t\t<\/a>\n\t\t\t\t\t\t\t\t\t\t\t\t\t\t\t<\/div>\n\t\t\t\t<\/div>\n\t\t\t\t<\/div>\n\t\t\t\t\t<\/div>\n\t\t\t\t<\/div>\n\t\t<div class=\"elementor-element elementor-element-55cd78d e-flex e-con-boxed e-con e-parent\" data-id=\"55cd78d\" data-element_type=\"container\" data-e-type=\"container\" data-settings=\"{&quot;background_background&quot;:&quot;gradient&quot;}\">\n\t\t\t\t\t<div class=\"e-con-inner\">\n\t\t<div class=\"elementor-element elementor-element-6f9f253 e-con-full e-flex e-con e-child\" data-id=\"6f9f253\" data-element_type=\"container\" data-e-type=\"container\">\n\t\t\t\t<div class=\"elementor-element elementor-element-0a29f94 elementor-invisible elementor-widget elementor-widget-image\" data-id=\"0a29f94\" data-element_type=\"widget\" data-e-type=\"widget\" data-settings=\"{&quot;_animation&quot;:&quot;fadeInRight&quot;}\" data-widget_type=\"image.default\">\n\t\t\t\t<div class=\"elementor-widget-container\">\n\t\t\t\t\t\t\t\t\t\t\t\t\t\t\t\t<a href=\"https:\/\/2024.wwii-refugees.ee\/wp-content\/uploads\/2024\/12\/81.png\" data-elementor-open-lightbox=\"yes\" data-elementor-lightbox-title=\"81\" data-e-action-hash=\"#elementor-action%3Aaction%3Dlightbox%26settings%3DeyJpZCI6MTEwOCwidXJsIjoiaHR0cHM6XC9cLzIwMjQud3dpaS1yZWZ1Z2Vlcy5lZVwvd3AtY29udGVudFwvdXBsb2Fkc1wvMjAyNFwvMTJcLzgxLnBuZyJ9\">\n\t\t\t\t\t\t\t<img loading=\"lazy\" decoding=\"async\" width=\"1394\" height=\"952\" src=\"https:\/\/2024.wwii-refugees.ee\/wp-content\/uploads\/2024\/12\/81.png\" class=\"attachment-full size-full wp-image-1108\" alt=\"\" srcset=\"https:\/\/2024.wwii-refugees.ee\/wp-content\/uploads\/2024\/12\/81.png 1394w, https:\/\/2024.wwii-refugees.ee\/wp-content\/uploads\/2024\/12\/81-300x205.png 300w, https:\/\/2024.wwii-refugees.ee\/wp-content\/uploads\/2024\/12\/81-1024x699.png 1024w, https:\/\/2024.wwii-refugees.ee\/wp-content\/uploads\/2024\/12\/81-768x524.png 768w\" sizes=\"(max-width: 1394px) 100vw, 1394px\" \/>\t\t\t\t\t\t\t\t<\/a>\n\t\t\t\t\t\t\t\t\t\t\t\t\t\t\t<\/div>\n\t\t\t\t<\/div>\n\t\t\t\t<\/div>\n\t\t<div class=\"elementor-element elementor-element-06efb44 e-con-full e-flex e-con e-child\" data-id=\"06efb44\" data-element_type=\"container\" data-e-type=\"container\">\n\t\t<div class=\"elementor-element elementor-element-594cd8f e-con-full e-flex e-con e-child\" data-id=\"594cd8f\" data-element_type=\"container\" data-e-type=\"container\" data-settings=\"{&quot;background_background&quot;:&quot;gradient&quot;}\">\n\t\t\t\t<div class=\"elementor-element elementor-element-75707bb elementor-invisible elementor-widget elementor-widget-text-editor\" data-id=\"75707bb\" data-element_type=\"widget\" data-e-type=\"widget\" data-settings=\"{&quot;_animation&quot;:&quot;fadeInLeft&quot;}\" data-widget_type=\"text-editor.default\">\n\t\t\t\t<div class=\"elementor-widget-container\">\n\t\t\t\t\t\t\t\t\t<p style=\"text-align: justify;\"><strong>Varemetes Roomassaare mudaravila (2024. aastal t\u00fchi plats).<\/strong><\/p><p style=\"text-align: justify;\">The Roomassaare mud baths in ruins (this is a vacant lot in 2024).<\/p><p style=\"text-align: right;\"><strong>Illustratsioon \/ illustration: SM<\/strong><\/p>\t\t\t\t\t\t\t\t<\/div>\n\t\t\t\t<\/div>\n\t\t\t\t<\/div>\n\t\t\t\t<\/div>\n\t\t\t\t\t<\/div>\n\t\t\t\t<\/div>\n\t\t<div class=\"elementor-element elementor-element-2ec29d8 e-flex e-con-boxed e-con e-parent\" data-id=\"2ec29d8\" data-element_type=\"container\" data-e-type=\"container\">\n\t\t\t\t\t<div class=\"e-con-inner\">\n\t\t<div class=\"elementor-element elementor-element-e168dfc e-con-full e-flex e-con e-child\" data-id=\"e168dfc\" data-element_type=\"container\" data-e-type=\"container\">\n\t\t\t\t<div class=\"elementor-element elementor-element-f0e594c elementor-invisible elementor-widget elementor-widget-text-editor\" data-id=\"f0e594c\" data-element_type=\"widget\" data-e-type=\"widget\" data-settings=\"{&quot;_animation&quot;:&quot;fadeInRight&quot;}\" data-widget_type=\"text-editor.default\">\n\t\t\t\t<div class=\"elementor-widget-container\">\n\t\t\t\t\t\t\t\t\t<p style=\"text-align: justify;\"><strong><span style=\"color: #397c99;\">Varemetes g\u00fcmnaasiumihoone (2024. aastal Pikk t\u00e4nav 31).<\/span><\/strong><\/p><p style=\"text-align: justify;\"><span style=\"color: #a3bccd;\">The gymnasium building in ruins (Pikk Street 31 in 2024).<\/span><\/p><p style=\"text-align: right;\"><span style=\"color: #397c99;\"><strong>Illustratsioon \/ illustration: SM<\/strong><\/span><\/p><p style=\"text-align: right;\"><span style=\"color: #397c99;\"><strong>\u00a0<\/strong><\/span><\/p><p style=\"text-align: right;\"><span style=\"color: #397c99;\"><strong>\u00a0 <br \/><\/strong><\/span><\/p>\t\t\t\t\t\t\t\t<\/div>\n\t\t\t\t<\/div>\n\t\t\t\t<\/div>\n\t\t<div class=\"elementor-element elementor-element-32d0465 e-con-full e-flex e-con e-child\" data-id=\"32d0465\" data-element_type=\"container\" data-e-type=\"container\">\n\t\t\t\t<div class=\"elementor-element elementor-element-66a0f4b elementor-invisible elementor-widget elementor-widget-image\" data-id=\"66a0f4b\" data-element_type=\"widget\" data-e-type=\"widget\" data-settings=\"{&quot;_animation&quot;:&quot;fadeInLeft&quot;}\" data-widget_type=\"image.default\">\n\t\t\t\t<div class=\"elementor-widget-container\">\n\t\t\t\t\t\t\t\t\t\t\t\t\t\t\t\t<a href=\"https:\/\/2024.wwii-refugees.ee\/wp-content\/uploads\/2024\/12\/82.png\" data-elementor-open-lightbox=\"yes\" data-elementor-lightbox-title=\"82\" data-e-action-hash=\"#elementor-action%3Aaction%3Dlightbox%26settings%3DeyJpZCI6MTEwOSwidXJsIjoiaHR0cHM6XC9cLzIwMjQud3dpaS1yZWZ1Z2Vlcy5lZVwvd3AtY29udGVudFwvdXBsb2Fkc1wvMjAyNFwvMTJcLzgyLnBuZyJ9\">\n\t\t\t\t\t\t\t<img loading=\"lazy\" decoding=\"async\" width=\"1024\" height=\"693\" src=\"https:\/\/2024.wwii-refugees.ee\/wp-content\/uploads\/2024\/12\/82-1024x693.png\" class=\"attachment-large size-large wp-image-1109\" alt=\"\" srcset=\"https:\/\/2024.wwii-refugees.ee\/wp-content\/uploads\/2024\/12\/82-1024x693.png 1024w, https:\/\/2024.wwii-refugees.ee\/wp-content\/uploads\/2024\/12\/82-300x203.png 300w, https:\/\/2024.wwii-refugees.ee\/wp-content\/uploads\/2024\/12\/82-768x519.png 768w, https:\/\/2024.wwii-refugees.ee\/wp-content\/uploads\/2024\/12\/82.png 1492w\" sizes=\"(max-width: 1024px) 100vw, 1024px\" \/>\t\t\t\t\t\t\t\t<\/a>\n\t\t\t\t\t\t\t\t\t\t\t\t\t\t\t<\/div>\n\t\t\t\t<\/div>\n\t\t\t\t<\/div>\n\t\t\t\t\t<\/div>\n\t\t\t\t<\/div>\n\t\t<div class=\"elementor-element elementor-element-5c5147a e-flex e-con-boxed e-con e-parent\" data-id=\"5c5147a\" data-element_type=\"container\" data-e-type=\"container\" data-settings=\"{&quot;background_background&quot;:&quot;gradient&quot;}\">\n\t\t\t\t\t<div class=\"e-con-inner\">\n\t\t<div class=\"elementor-element elementor-element-88b638d e-con-full e-flex e-con e-child\" data-id=\"88b638d\" data-element_type=\"container\" data-e-type=\"container\">\n\t\t\t\t<div class=\"elementor-element elementor-element-59662f6 elementor-invisible elementor-widget elementor-widget-image\" data-id=\"59662f6\" data-element_type=\"widget\" data-e-type=\"widget\" data-settings=\"{&quot;_animation&quot;:&quot;fadeInRight&quot;}\" data-widget_type=\"image.default\">\n\t\t\t\t<div class=\"elementor-widget-container\">\n\t\t\t\t\t\t\t\t\t\t\t\t\t\t\t\t<a href=\"https:\/\/2024.wwii-refugees.ee\/wp-content\/uploads\/2024\/12\/83.png\" data-elementor-open-lightbox=\"yes\" data-elementor-lightbox-title=\"83\" data-e-action-hash=\"#elementor-action%3Aaction%3Dlightbox%26settings%3DeyJpZCI6MTExMCwidXJsIjoiaHR0cHM6XC9cLzIwMjQud3dpaS1yZWZ1Z2Vlcy5lZVwvd3AtY29udGVudFwvdXBsb2Fkc1wvMjAyNFwvMTJcLzgzLnBuZyJ9\">\n\t\t\t\t\t\t\t<img loading=\"lazy\" decoding=\"async\" width=\"1429\" height=\"927\" src=\"https:\/\/2024.wwii-refugees.ee\/wp-content\/uploads\/2024\/12\/83.png\" class=\"attachment-full size-full wp-image-1110\" alt=\"\" srcset=\"https:\/\/2024.wwii-refugees.ee\/wp-content\/uploads\/2024\/12\/83.png 1429w, https:\/\/2024.wwii-refugees.ee\/wp-content\/uploads\/2024\/12\/83-300x195.png 300w, https:\/\/2024.wwii-refugees.ee\/wp-content\/uploads\/2024\/12\/83-1024x664.png 1024w, https:\/\/2024.wwii-refugees.ee\/wp-content\/uploads\/2024\/12\/83-768x498.png 768w\" sizes=\"(max-width: 1429px) 100vw, 1429px\" \/>\t\t\t\t\t\t\t\t<\/a>\n\t\t\t\t\t\t\t\t\t\t\t\t\t\t\t<\/div>\n\t\t\t\t<\/div>\n\t\t\t\t<\/div>\n\t\t<div class=\"elementor-element elementor-element-3606dea e-con-full e-flex e-con e-child\" data-id=\"3606dea\" data-element_type=\"container\" data-e-type=\"container\">\n\t\t<div class=\"elementor-element elementor-element-8e639cb e-con-full e-flex e-con e-child\" data-id=\"8e639cb\" data-element_type=\"container\" data-e-type=\"container\" data-settings=\"{&quot;background_background&quot;:&quot;gradient&quot;}\">\n\t\t\t\t<div class=\"elementor-element elementor-element-aa93b5c elementor-invisible elementor-widget elementor-widget-text-editor\" data-id=\"aa93b5c\" data-element_type=\"widget\" data-e-type=\"widget\" data-settings=\"{&quot;_animation&quot;:&quot;fadeInLeft&quot;}\" data-widget_type=\"text-editor.default\">\n\t\t\t\t<div class=\"elementor-widget-container\">\n\t\t\t\t\t\t\t\t\t<p style=\"text-align: justify;\"><strong>Kuressaare elektrijaama varemed ja \u00f5hkulaskmisel t\u00e4navale paiskunud j\u00f5umasinate osad, 20. detsember 1944.<\/strong><\/p><p style=\"text-align: justify;\">Ruins of the Kuressaare electric power plant and parts of engines that were scattered on the street when the plant was blown up, 20 December 1944.<\/p><p style=\"text-align: right;\"><strong>Illustratsioon \/ illustration: RA , autor \/ author: F. Olop<\/strong><\/p>\t\t\t\t\t\t\t\t<\/div>\n\t\t\t\t<\/div>\n\t\t\t\t<\/div>\n\t\t\t\t<\/div>\n\t\t\t\t\t<\/div>\n\t\t\t\t<\/div>\n\t\t<div class=\"elementor-element elementor-element-bb6044e e-flex e-con-boxed e-con e-parent\" data-id=\"bb6044e\" data-element_type=\"container\" data-e-type=\"container\">\n\t\t\t\t\t<div class=\"e-con-inner\">\n\t\t<div class=\"elementor-element elementor-element-b950fda e-con-full e-flex e-con e-child\" data-id=\"b950fda\" data-element_type=\"container\" data-e-type=\"container\">\n\t\t\t\t<div class=\"elementor-element elementor-element-7ce5c3b elementor-invisible elementor-widget elementor-widget-text-editor\" data-id=\"7ce5c3b\" data-element_type=\"widget\" data-e-type=\"widget\" data-settings=\"{&quot;_animation&quot;:&quot;fadeInRight&quot;}\" data-widget_type=\"text-editor.default\">\n\t\t\t\t<div class=\"elementor-widget-container\">\n\t\t\t\t\t\t\t\t\t<p style=\"text-align: justify;\"><strong><span style=\"color: #397c99;\">Punaarmee Kuressaares 1944. a s\u00fcgisel. Linna vallutamist t\u00e4histati aupaukudega.<\/span><\/strong><\/p><p style=\"text-align: justify;\"><span style=\"color: #a3bccd;\">The Red Army in Kuressaare in the autumn of 1944. Salutes were fired to celebrate the capture of the city.<\/span><\/p><p style=\"text-align: right;\"><span style=\"color: #397c99;\"><strong>Illustratsioon \/ illustration: RA<br \/><\/strong><\/span><\/p><p style=\"text-align: right;\"><span style=\"color: #397c99;\"><strong>\u00a0<\/strong><\/span><\/p><p style=\"text-align: right;\"><span style=\"color: #397c99;\"><strong>\u00a0 <br \/><\/strong><\/span><\/p>\t\t\t\t\t\t\t\t<\/div>\n\t\t\t\t<\/div>\n\t\t\t\t<\/div>\n\t\t<div class=\"elementor-element elementor-element-da98fe8 e-con-full e-flex e-con e-child\" data-id=\"da98fe8\" data-element_type=\"container\" data-e-type=\"container\">\n\t\t\t\t<div class=\"elementor-element elementor-element-40b652a elementor-invisible elementor-widget elementor-widget-image\" data-id=\"40b652a\" data-element_type=\"widget\" data-e-type=\"widget\" data-settings=\"{&quot;_animation&quot;:&quot;fadeInLeft&quot;}\" data-widget_type=\"image.default\">\n\t\t\t\t<div class=\"elementor-widget-container\">\n\t\t\t\t\t\t\t\t\t\t\t\t\t\t\t\t<a href=\"https:\/\/2024.wwii-refugees.ee\/wp-content\/uploads\/2024\/12\/84.png\" data-elementor-open-lightbox=\"yes\" data-elementor-lightbox-title=\"84\" data-e-action-hash=\"#elementor-action%3Aaction%3Dlightbox%26settings%3DeyJpZCI6MTExMSwidXJsIjoiaHR0cHM6XC9cLzIwMjQud3dpaS1yZWZ1Z2Vlcy5lZVwvd3AtY29udGVudFwvdXBsb2Fkc1wvMjAyNFwvMTJcLzg0LnBuZyJ9\">\n\t\t\t\t\t\t\t<img loading=\"lazy\" decoding=\"async\" width=\"1024\" height=\"687\" src=\"https:\/\/2024.wwii-refugees.ee\/wp-content\/uploads\/2024\/12\/84-1024x687.png\" class=\"attachment-large size-large wp-image-1111\" alt=\"\" srcset=\"https:\/\/2024.wwii-refugees.ee\/wp-content\/uploads\/2024\/12\/84-1024x687.png 1024w, https:\/\/2024.wwii-refugees.ee\/wp-content\/uploads\/2024\/12\/84-300x201.png 300w, https:\/\/2024.wwii-refugees.ee\/wp-content\/uploads\/2024\/12\/84-768x515.png 768w, https:\/\/2024.wwii-refugees.ee\/wp-content\/uploads\/2024\/12\/84.png 1452w\" sizes=\"(max-width: 1024px) 100vw, 1024px\" \/>\t\t\t\t\t\t\t\t<\/a>\n\t\t\t\t\t\t\t\t\t\t\t\t\t\t\t<\/div>\n\t\t\t\t<\/div>\n\t\t\t\t<\/div>\n\t\t\t\t\t<\/div>\n\t\t\t\t<\/div>\n\t\t<div class=\"elementor-element elementor-element-797b072 e-flex e-con-boxed e-con e-parent\" data-id=\"797b072\" data-element_type=\"container\" data-e-type=\"container\">\n\t\t\t\t\t<div class=\"e-con-inner\">\n\t\t\t\t<div class=\"elementor-element elementor-element-c4de287 elementor-widget elementor-widget-image\" data-id=\"c4de287\" data-element_type=\"widget\" data-e-type=\"widget\" data-widget_type=\"image.default\">\n\t\t\t\t<div class=\"elementor-widget-container\">\n\t\t\t\t\t\t\t\t\t\t\t\t\t\t\t<img fetchpriority=\"high\" decoding=\"async\" width=\"8667\" height=\"334\" src=\"https:\/\/2024.wwii-refugees.ee\/wp-content\/uploads\/2024\/04\/WWII_refugees_visuals_LAINE_3.png\" class=\"attachment-full size-full wp-image-121\" alt=\"\" srcset=\"https:\/\/2024.wwii-refugees.ee\/wp-content\/uploads\/2024\/04\/WWII_refugees_visuals_LAINE_3.png 8667w, https:\/\/2024.wwii-refugees.ee\/wp-content\/uploads\/2024\/04\/WWII_refugees_visuals_LAINE_3-300x12.png 300w, https:\/\/2024.wwii-refugees.ee\/wp-content\/uploads\/2024\/04\/WWII_refugees_visuals_LAINE_3-1024x39.png 1024w, https:\/\/2024.wwii-refugees.ee\/wp-content\/uploads\/2024\/04\/WWII_refugees_visuals_LAINE_3-768x30.png 768w, https:\/\/2024.wwii-refugees.ee\/wp-content\/uploads\/2024\/04\/WWII_refugees_visuals_LAINE_3-1536x59.png 1536w, https:\/\/2024.wwii-refugees.ee\/wp-content\/uploads\/2024\/04\/WWII_refugees_visuals_LAINE_3-2048x79.png 2048w\" sizes=\"(max-width: 8667px) 100vw, 8667px\" \/>\t\t\t\t\t\t\t\t\t\t\t\t\t\t\t<\/div>\n\t\t\t\t<\/div>\n\t\t\t\t\t<\/div>\n\t\t\t\t<\/div>\n\t\t<div class=\"elementor-element elementor-element-3eeea63 e-flex e-con-boxed e-con e-parent\" data-id=\"3eeea63\" data-element_type=\"container\" data-e-type=\"container\">\n\t\t\t\t\t<div class=\"e-con-inner\">\n\t\t\t\t<div class=\"elementor-element elementor-element-96b54aa elementor-widget-divider--view-line elementor-widget elementor-widget-divider\" data-id=\"96b54aa\" data-element_type=\"widget\" data-e-type=\"widget\" data-widget_type=\"divider.default\">\n\t\t\t\t<div class=\"elementor-widget-container\">\n\t\t\t\t\t\t\t<div class=\"elementor-divider\">\n\t\t\t<span class=\"elementor-divider-separator\">\n\t\t\t\t\t\t<\/span>\n\t\t<\/div>\n\t\t\t\t\t\t<\/div>\n\t\t\t\t<\/div>\n\t\t\t\t\t<\/div>\n\t\t\t\t<\/div>\n\t\t<div class=\"elementor-element elementor-element-fd48bf5 e-flex e-con-boxed e-con e-parent\" data-id=\"fd48bf5\" data-element_type=\"container\" data-e-type=\"container\">\n\t\t\t\t\t<div class=\"e-con-inner\">\n\t\t\t\t<div class=\"elementor-element elementor-element-ea11b44 elementor-widget elementor-widget-heading\" data-id=\"ea11b44\" data-element_type=\"widget\" data-e-type=\"widget\" data-widget_type=\"heading.default\">\n\t\t\t\t<div class=\"elementor-widget-container\">\n\t\t\t\t\t<h2 class=\"elementor-heading-title elementor-size-default\">P\u00d5GENEMINE<\/h2>\t\t\t\t<\/div>\n\t\t\t\t<\/div>\n\t\t\t\t\t<\/div>\n\t\t\t\t<\/div>\n\t\t<div class=\"elementor-element elementor-element-7a58cf3 e-flex e-con-boxed e-con e-parent\" data-id=\"7a58cf3\" data-element_type=\"container\" data-e-type=\"container\">\n\t\t\t\t\t<div class=\"e-con-inner\">\n\t\t\t\t<div class=\"elementor-element elementor-element-8756888 elementor-widget elementor-widget-heading\" data-id=\"8756888\" data-element_type=\"widget\" data-e-type=\"widget\" data-widget_type=\"heading.default\">\n\t\t\t\t<div class=\"elementor-widget-container\">\n\t\t\t\t\t<h3 class=\"elementor-heading-title elementor-size-default\">FLIGHT<\/h3>\t\t\t\t<\/div>\n\t\t\t\t<\/div>\n\t\t\t\t<div class=\"elementor-element elementor-element-260b81d elementor-widget elementor-widget-heading\" data-id=\"260b81d\" data-element_type=\"widget\" data-e-type=\"widget\" data-widget_type=\"heading.default\">\n\t\t\t\t<div class=\"elementor-widget-container\">\n\t\t\t\t\t<h6 class=\"elementor-heading-title elementor-size-default\">Koostaja\/Compiled by: Priit Kivi\n<\/h6>\t\t\t\t<\/div>\n\t\t\t\t<\/div>\n\t\t\t\t\t<\/div>\n\t\t\t\t<\/div>\n\t\t<div class=\"elementor-element elementor-element-aea898f e-flex e-con-boxed e-con e-parent\" data-id=\"aea898f\" data-element_type=\"container\" data-e-type=\"container\">\n\t\t\t\t\t<div class=\"e-con-inner\">\n\t\t\t\t<div class=\"elementor-element elementor-element-0c08012 elementor-invisible elementor-widget elementor-widget-text-editor\" data-id=\"0c08012\" data-element_type=\"widget\" data-e-type=\"widget\" data-settings=\"{&quot;_animation&quot;:&quot;slideInLeft&quot;}\" data-widget_type=\"text-editor.default\">\n\t\t\t\t<div class=\"elementor-widget-container\">\n\t\t\t\t\t\t\t\t\t<p style=\"text-align: justify;\"><span style=\"color: #397c99;\"><strong>1944. aasta septembris ja oktoobris toimus L\u00e4\u00e4ne-Eesti saartelt tsiviilelanikkonna massiline pagemine \u00fcle mere Rootsi. Hinnanguliselt p\u00f5genes kodumaalt umbes 6000 saarlast ja muhulast, seda oli m\u00e4rksa rohkem kui Eestist keskmiselt. Kui mitte arvestada rannarootslaste lahkumist, siis k\u00f5ige enam p\u00f5genikke oli Saaremaa l\u00e4\u00e4neranniku Kihelkonna ja L\u00fcmanda vallast \u2013 u 15% elanikkonnast. Lisaks kohalikele elanikele oli rindejoone ees Saaremaale p\u00f5genenud suur hulk inimesi mandrilt, kes lootsid veel pakku p\u00e4\u00e4seda. Saksa okupatsiooni v\u00f5imud korraldasid Roomassaare sadamast veel inimeste evakueerimist Saksamaale, kuid eestlaste esimene soov oli p\u00e4\u00e4seda Rootsi. Juba s\u00f5ja alguses kadusid Kuressaare linnapildist siinset elu sajandeid m\u00f5jutanud baltisakslased. 20. oktoobril 1939 lahkus Roomassaare sadama kaudu 310 saksa rahvusest saarlast, et Hitleri kutsel \u00fcmber asuda (nn Umsiedlung). Aastail 1939\u20131941 lahkus maakonnast rohkem kui 500 baltisakslast, kellele see oli olnud kodusaareks.<\/strong><\/span><\/p>\t\t\t\t\t\t\t\t<\/div>\n\t\t\t\t<\/div>\n\t\t\t\t\t<\/div>\n\t\t\t\t<\/div>\n\t\t<div class=\"elementor-element elementor-element-b0137ef e-flex e-con-boxed e-con e-parent\" data-id=\"b0137ef\" data-element_type=\"container\" data-e-type=\"container\">\n\t\t\t\t\t<div class=\"e-con-inner\">\n\t\t\t\t<div class=\"elementor-element elementor-element-f5b12d6 elementor-invisible elementor-widget elementor-widget-text-editor\" data-id=\"f5b12d6\" data-element_type=\"widget\" data-e-type=\"widget\" data-settings=\"{&quot;_animation&quot;:&quot;slideInRight&quot;}\" data-widget_type=\"text-editor.default\">\n\t\t\t\t<div class=\"elementor-widget-container\">\n\t\t\t\t\t\t\t\t\t<p style=\"text-align: justify;\"><span style=\"color: #a3bccd;\">In September and October of 1944, massive flight of the civilian population took place from the Western Estonian islands across the sea to Sweden. Roughly an estimated 6,000 islanders from Saaremaa and Muhumaa fled from their homeland. That was considerably more than from Estonia on average. Excluding the departure of the coastal Swedes, the most refugees were from Kihelkonna and L\u00fcmanda rural municipalities on the western coast of Saaremaa \u2013 about 15% of the population. In addition to local residents, a large number of people had fled from the mainland to Saaremaa ahead of the front line in the hope of escaping abroad. The German occupation authorities organised the evacuation of people from Roomassaare harbour to Germany, but Estonians primarily wanted to escape to Sweden. Baltic Germans, who had affected local life for centuries, already dis appeared from view in Kuressaare at the start of the war. On 20 October 1939, 310 islanders of German nationality departed from Roomassaare harbour to resettle in response to Hitler\u2019s appeal (the so-called Umsiedlung). More than 500 Baltic Germans left the county, for whom it had been their home island, in 1939\u20131941.<\/span><\/p>\t\t\t\t\t\t\t\t<\/div>\n\t\t\t\t<\/div>\n\t\t\t\t\t<\/div>\n\t\t\t\t<\/div>\n\t\t<div class=\"elementor-element elementor-element-c4570db e-flex e-con-boxed e-con e-parent\" data-id=\"c4570db\" data-element_type=\"container\" data-e-type=\"container\" data-settings=\"{&quot;background_background&quot;:&quot;gradient&quot;}\">\n\t\t\t\t\t<div class=\"e-con-inner\">\n\t\t<div class=\"elementor-element elementor-element-1afd43c e-con-full e-flex e-con e-child\" data-id=\"1afd43c\" data-element_type=\"container\" data-e-type=\"container\">\n\t\t\t\t<div class=\"elementor-element elementor-element-358aeb6 elementor-invisible elementor-widget elementor-widget-image\" data-id=\"358aeb6\" data-element_type=\"widget\" data-e-type=\"widget\" data-settings=\"{&quot;_animation&quot;:&quot;fadeInRight&quot;}\" data-widget_type=\"image.default\">\n\t\t\t\t<div class=\"elementor-widget-container\">\n\t\t\t\t\t\t\t\t\t\t\t\t\t\t\t\t<a href=\"https:\/\/2024.wwii-refugees.ee\/wp-content\/uploads\/2024\/12\/85.png\" data-elementor-open-lightbox=\"yes\" data-elementor-lightbox-title=\"85\" data-e-action-hash=\"#elementor-action%3Aaction%3Dlightbox%26settings%3DeyJpZCI6MTEyMiwidXJsIjoiaHR0cHM6XC9cLzIwMjQud3dpaS1yZWZ1Z2Vlcy5lZVwvd3AtY29udGVudFwvdXBsb2Fkc1wvMjAyNFwvMTJcLzg1LnBuZyJ9\">\n\t\t\t\t\t\t\t<img loading=\"lazy\" decoding=\"async\" width=\"628\" height=\"983\" src=\"https:\/\/2024.wwii-refugees.ee\/wp-content\/uploads\/2024\/12\/85.png\" class=\"attachment-full size-full wp-image-1122\" alt=\"\" srcset=\"https:\/\/2024.wwii-refugees.ee\/wp-content\/uploads\/2024\/12\/85.png 628w, https:\/\/2024.wwii-refugees.ee\/wp-content\/uploads\/2024\/12\/85-192x300.png 192w\" sizes=\"(max-width: 628px) 100vw, 628px\" \/>\t\t\t\t\t\t\t\t<\/a>\n\t\t\t\t\t\t\t\t\t\t\t\t\t\t\t<\/div>\n\t\t\t\t<\/div>\n\t\t\t\t<\/div>\n\t\t<div class=\"elementor-element elementor-element-b8111c3 e-con-full e-flex e-con e-child\" data-id=\"b8111c3\" data-element_type=\"container\" data-e-type=\"container\">\n\t\t<div class=\"elementor-element elementor-element-2d116ca e-con-full e-flex e-con e-child\" data-id=\"2d116ca\" data-element_type=\"container\" data-e-type=\"container\" data-settings=\"{&quot;background_background&quot;:&quot;gradient&quot;}\">\n\t\t\t\t<div class=\"elementor-element elementor-element-d589419 elementor-invisible elementor-widget elementor-widget-text-editor\" data-id=\"d589419\" data-element_type=\"widget\" data-e-type=\"widget\" data-settings=\"{&quot;_animation&quot;:&quot;fadeInLeft&quot;}\" data-widget_type=\"text-editor.default\">\n\t\t\t\t<div class=\"elementor-widget-container\">\n\t\t\t\t\t\t\t\t\t<p style=\"text-align: justify;\"><strong>Baltisaksa \u00fcmberasujaid transportinud aurik \u201eAdler\u201c Roomassaare sadamas 9. oktoobril 1939.<\/strong><\/p><p style=\"text-align: justify;\">The steamship Adler, which transported Baltic German resettlers, in Roomassaare harbour on 9 October 1939.<\/p><p style=\"text-align: right;\"><strong>Illustratsioon \/ illustration: SM<\/strong><\/p>\t\t\t\t\t\t\t\t<\/div>\n\t\t\t\t<\/div>\n\t\t\t\t<\/div>\n\t\t\t\t<\/div>\n\t\t\t\t\t<\/div>\n\t\t\t\t<\/div>\n\t\t<div class=\"elementor-element elementor-element-f59fe4c e-flex e-con-boxed e-con e-parent\" data-id=\"f59fe4c\" data-element_type=\"container\" data-e-type=\"container\">\n\t\t\t\t\t<div class=\"e-con-inner\">\n\t\t\t\t<div class=\"elementor-element elementor-element-b53b6c5 elementor-invisible elementor-widget elementor-widget-text-editor\" data-id=\"b53b6c5\" data-element_type=\"widget\" data-e-type=\"widget\" data-settings=\"{&quot;_animation&quot;:&quot;slideInLeft&quot;}\" data-widget_type=\"text-editor.default\">\n\t\t\t\t<div class=\"elementor-widget-container\">\n\t\t\t\t\t\t\t\t\t<p style=\"text-align: justify;\"><span style=\"color: #397c99;\"><strong>Saksamaa ja Rootsi vahelise kokkuleppe tulemusena alustati 1943. aastal Eesti rannarootslaste evakueerimist nende ajaloolisele kodumaale. Saare maakonnas puudutas see eelk\u00f5ige Ruhnu saart, kust enamik p\u00f5lis ruhnlasi lahkus mootorpurjekal \u201eJuhan\u201c 4. augustil 1944.<\/strong><\/span><\/p>\t\t\t\t\t\t\t\t<\/div>\n\t\t\t\t<\/div>\n\t\t\t\t\t<\/div>\n\t\t\t\t<\/div>\n\t\t<div class=\"elementor-element elementor-element-616503b e-flex e-con-boxed e-con e-parent\" data-id=\"616503b\" data-element_type=\"container\" data-e-type=\"container\">\n\t\t\t\t\t<div class=\"e-con-inner\">\n\t\t\t\t<div class=\"elementor-element elementor-element-677a745 elementor-invisible elementor-widget elementor-widget-text-editor\" data-id=\"677a745\" data-element_type=\"widget\" data-e-type=\"widget\" data-settings=\"{&quot;_animation&quot;:&quot;slideInRight&quot;}\" data-widget_type=\"text-editor.default\">\n\t\t\t\t<div class=\"elementor-widget-container\">\n\t\t\t\t\t\t\t\t\t<p style=\"text-align: justify;\"><span style=\"color: #a3bccd;\">As a result of an agreement between Germany and Sweden, the evacuationof Estonia\u2019s coastal Swedes to their historical homeland began in 1943. In Saare County, that affected primarily Ruhnu Island, from where mostnative Ruhnu islanders departed on board the motor sailboat Juhan on 4 August 1944.<\/span><\/p>\t\t\t\t\t\t\t\t<\/div>\n\t\t\t\t<\/div>\n\t\t\t\t\t<\/div>\n\t\t\t\t<\/div>\n\t\t<div class=\"elementor-element elementor-element-a6513b5 e-flex e-con-boxed e-con e-parent\" data-id=\"a6513b5\" data-element_type=\"container\" data-e-type=\"container\">\n\t\t\t\t\t<div class=\"e-con-inner\">\n\t\t<div class=\"elementor-element elementor-element-8665e2f e-con-full e-flex e-con e-child\" data-id=\"8665e2f\" data-element_type=\"container\" data-e-type=\"container\">\n\t\t\t\t<div class=\"elementor-element elementor-element-3c90a85 elementor-invisible elementor-widget elementor-widget-text-editor\" data-id=\"3c90a85\" data-element_type=\"widget\" data-e-type=\"widget\" data-settings=\"{&quot;_animation&quot;:&quot;fadeInRight&quot;}\" data-widget_type=\"text-editor.default\">\n\t\t\t\t<div class=\"elementor-widget-container\">\n\t\t\t\t\t\t\t\t\t<p style=\"text-align: justify;\"><strong><span style=\"color: #397c99;\">Mootorpurjekas \u201eJuhan\u201c Rootsi Breviksi sadamas, 1944.<\/span><\/strong><\/p><p style=\"text-align: justify;\"><span style=\"color: #a3bccd;\">The motor sailboat Juhan at Breviks harbour in Sweden, 1944.<\/span><\/p><p style=\"text-align: right;\"><span style=\"color: #397c99;\"><strong>\u00a0<\/strong><\/span><\/p><p style=\"text-align: right;\"><span style=\"color: #397c99;\"><strong>\u00a0<\/strong><\/span><\/p><p style=\"text-align: right;\"><span style=\"color: #397c99;\"><strong>\u00a0 <br \/><\/strong><\/span><\/p>\t\t\t\t\t\t\t\t<\/div>\n\t\t\t\t<\/div>\n\t\t\t\t<\/div>\n\t\t<div class=\"elementor-element elementor-element-2e339a7 e-con-full e-flex e-con e-child\" data-id=\"2e339a7\" data-element_type=\"container\" data-e-type=\"container\">\n\t\t\t\t<div class=\"elementor-element elementor-element-25a3e56 elementor-invisible elementor-widget elementor-widget-image\" data-id=\"25a3e56\" data-element_type=\"widget\" data-e-type=\"widget\" data-settings=\"{&quot;_animation&quot;:&quot;fadeInLeft&quot;}\" data-widget_type=\"image.default\">\n\t\t\t\t<div class=\"elementor-widget-container\">\n\t\t\t\t\t\t\t\t\t\t\t\t\t\t\t\t<a href=\"https:\/\/2024.wwii-refugees.ee\/wp-content\/uploads\/2024\/12\/86.png\" data-elementor-open-lightbox=\"yes\" data-elementor-lightbox-title=\"86\" data-e-action-hash=\"#elementor-action%3Aaction%3Dlightbox%26settings%3DeyJpZCI6MTEyMywidXJsIjoiaHR0cHM6XC9cLzIwMjQud3dpaS1yZWZ1Z2Vlcy5lZVwvd3AtY29udGVudFwvdXBsb2Fkc1wvMjAyNFwvMTJcLzg2LnBuZyJ9\">\n\t\t\t\t\t\t\t<img loading=\"lazy\" decoding=\"async\" width=\"1024\" height=\"712\" src=\"https:\/\/2024.wwii-refugees.ee\/wp-content\/uploads\/2024\/12\/86-1024x712.png\" class=\"attachment-large size-large wp-image-1123\" alt=\"\" srcset=\"https:\/\/2024.wwii-refugees.ee\/wp-content\/uploads\/2024\/12\/86-1024x712.png 1024w, https:\/\/2024.wwii-refugees.ee\/wp-content\/uploads\/2024\/12\/86-300x208.png 300w, https:\/\/2024.wwii-refugees.ee\/wp-content\/uploads\/2024\/12\/86-768x534.png 768w, https:\/\/2024.wwii-refugees.ee\/wp-content\/uploads\/2024\/12\/86.png 1331w\" sizes=\"(max-width: 1024px) 100vw, 1024px\" \/>\t\t\t\t\t\t\t\t<\/a>\n\t\t\t\t\t\t\t\t\t\t\t\t\t\t\t<\/div>\n\t\t\t\t<\/div>\n\t\t\t\t<\/div>\n\t\t\t\t\t<\/div>\n\t\t\t\t<\/div>\n\t\t<div class=\"elementor-element elementor-element-599c918 e-flex e-con-boxed e-con e-parent\" data-id=\"599c918\" data-element_type=\"container\" data-e-type=\"container\">\n\t\t\t\t\t<div class=\"e-con-inner\">\n\t\t\t\t<div class=\"elementor-element elementor-element-0e63c8c elementor-invisible elementor-widget elementor-widget-text-editor\" data-id=\"0e63c8c\" data-element_type=\"widget\" data-e-type=\"widget\" data-settings=\"{&quot;_animation&quot;:&quot;slideInLeft&quot;}\" data-widget_type=\"text-editor.default\">\n\t\t\t\t<div class=\"elementor-widget-container\">\n\t\t\t\t\t\t\t\t\t<p style=\"text-align: justify;\"><span style=\"color: #397c99;\"><strong>1944. aasta s\u00fcgisel saavutas p\u00f5genemine haripunkti, p\u00f5geneti nii Kuressaarest kui ka mujalt Saaremaalt. Mootorpurjekas \u201eElli\u201c lahkus 22. septembril K\u00fcdema lahest, samal p\u00e4eval lahkus purjelaev \u201eLuise\u201c Laugu rannast.<\/strong><\/span><\/p>\t\t\t\t\t\t\t\t<\/div>\n\t\t\t\t<\/div>\n\t\t\t\t\t<\/div>\n\t\t\t\t<\/div>\n\t\t<div class=\"elementor-element elementor-element-f36b421 e-flex e-con-boxed e-con e-parent\" data-id=\"f36b421\" data-element_type=\"container\" data-e-type=\"container\">\n\t\t\t\t\t<div class=\"e-con-inner\">\n\t\t\t\t<div class=\"elementor-element elementor-element-050ad31 elementor-invisible elementor-widget elementor-widget-text-editor\" data-id=\"050ad31\" data-element_type=\"widget\" data-e-type=\"widget\" data-settings=\"{&quot;_animation&quot;:&quot;slideInRight&quot;}\" data-widget_type=\"text-editor.default\">\n\t\t\t\t<div class=\"elementor-widget-container\">\n\t\t\t\t\t\t\t\t\t<p style=\"text-align: justify;\"><span style=\"color: #a3bccd;\">Departure from the homeland culminated in the autumn of 1944. People fled from Kuressaare and also from elsewhere in Saaremaa. The motor sailboat Elli departed from K\u00fcdema Bay on 22 September. The sailboat Luise departed from the Laugu coast on the same day.<\/span><\/p>\t\t\t\t\t\t\t\t<\/div>\n\t\t\t\t<\/div>\n\t\t\t\t\t<\/div>\n\t\t\t\t<\/div>\n\t\t<div class=\"elementor-element elementor-element-76eb07d e-flex e-con-boxed e-con e-parent\" data-id=\"76eb07d\" data-element_type=\"container\" data-e-type=\"container\" data-settings=\"{&quot;background_background&quot;:&quot;gradient&quot;}\">\n\t\t\t\t\t<div class=\"e-con-inner\">\n\t\t<div class=\"elementor-element elementor-element-2a04c97 e-con-full e-flex e-con e-child\" data-id=\"2a04c97\" data-element_type=\"container\" data-e-type=\"container\">\n\t\t\t\t<div class=\"elementor-element elementor-element-1bed3db elementor-invisible elementor-widget elementor-widget-image\" data-id=\"1bed3db\" data-element_type=\"widget\" data-e-type=\"widget\" data-settings=\"{&quot;_animation&quot;:&quot;fadeInRight&quot;}\" data-widget_type=\"image.default\">\n\t\t\t\t<div class=\"elementor-widget-container\">\n\t\t\t\t\t\t\t\t\t\t\t\t\t\t\t\t<a href=\"https:\/\/2024.wwii-refugees.ee\/wp-content\/uploads\/2024\/12\/87.png\" data-elementor-open-lightbox=\"yes\" data-elementor-lightbox-title=\"87\" data-e-action-hash=\"#elementor-action%3Aaction%3Dlightbox%26settings%3DeyJpZCI6MTEyNCwidXJsIjoiaHR0cHM6XC9cLzIwMjQud3dpaS1yZWZ1Z2Vlcy5lZVwvd3AtY29udGVudFwvdXBsb2Fkc1wvMjAyNFwvMTJcLzg3LnBuZyJ9\">\n\t\t\t\t\t\t\t<img loading=\"lazy\" decoding=\"async\" width=\"1506\" height=\"1023\" src=\"https:\/\/2024.wwii-refugees.ee\/wp-content\/uploads\/2024\/12\/87.png\" class=\"attachment-full size-full wp-image-1124\" alt=\"\" srcset=\"https:\/\/2024.wwii-refugees.ee\/wp-content\/uploads\/2024\/12\/87.png 1506w, https:\/\/2024.wwii-refugees.ee\/wp-content\/uploads\/2024\/12\/87-300x204.png 300w, https:\/\/2024.wwii-refugees.ee\/wp-content\/uploads\/2024\/12\/87-1024x696.png 1024w, https:\/\/2024.wwii-refugees.ee\/wp-content\/uploads\/2024\/12\/87-768x522.png 768w\" sizes=\"(max-width: 1506px) 100vw, 1506px\" \/>\t\t\t\t\t\t\t\t<\/a>\n\t\t\t\t\t\t\t\t\t\t\t\t\t\t\t<\/div>\n\t\t\t\t<\/div>\n\t\t\t\t<\/div>\n\t\t<div class=\"elementor-element elementor-element-2e1e0a2 e-con-full e-flex e-con e-child\" data-id=\"2e1e0a2\" data-element_type=\"container\" data-e-type=\"container\">\n\t\t<div class=\"elementor-element elementor-element-3ab5cd6 e-con-full e-flex e-con e-child\" data-id=\"3ab5cd6\" data-element_type=\"container\" data-e-type=\"container\" data-settings=\"{&quot;background_background&quot;:&quot;gradient&quot;}\">\n\t\t\t\t<div class=\"elementor-element elementor-element-00d7900 elementor-invisible elementor-widget elementor-widget-text-editor\" data-id=\"00d7900\" data-element_type=\"widget\" data-e-type=\"widget\" data-settings=\"{&quot;_animation&quot;:&quot;fadeInLeft&quot;}\" data-widget_type=\"text-editor.default\">\n\t\t\t\t<div class=\"elementor-widget-container\">\n\t\t\t\t\t\t\t\t\t<p style=\"text-align: justify;\"><strong>Mootorpurjekas \u201eHelene\u201c, 483 p\u00f5genikuga pardal, v\u00e4ljus K\u00f5iguste sadamast 24. septembril 1944. Foto on tehtud arvatavasti siis, kui laeva juba Ahvenamaalt Rootsi randa pukseeriti.<\/strong><\/p><p style=\"text-align: justify;\">The motor sailboat Helene departed from K\u00f5iguste harbour on 24 September 1944 with 483 refugees on board. This photograph was probably taken when the ship was already being towed from \u00c5land to Sweden\u2019s coast.<\/p><p style=\"text-align: right;\"><strong>Illustratsioon \/ illustration: SM<\/strong><\/p>\t\t\t\t\t\t\t\t<\/div>\n\t\t\t\t<\/div>\n\t\t\t\t<\/div>\n\t\t\t\t<\/div>\n\t\t\t\t\t<\/div>\n\t\t\t\t<\/div>\n\t\t<div class=\"elementor-element elementor-element-d5f7dd8 e-flex e-con-boxed e-con e-parent\" data-id=\"d5f7dd8\" data-element_type=\"container\" data-e-type=\"container\">\n\t\t\t\t\t<div class=\"e-con-inner\">\n\t\t<div class=\"elementor-element elementor-element-e3762b5 e-con-full e-flex e-con e-child\" data-id=\"e3762b5\" data-element_type=\"container\" data-e-type=\"container\">\n\t\t\t\t<div class=\"elementor-element elementor-element-d1d52b5 elementor-invisible elementor-widget elementor-widget-text-editor\" data-id=\"d1d52b5\" data-element_type=\"widget\" data-e-type=\"widget\" data-settings=\"{&quot;_animation&quot;:&quot;fadeInRight&quot;}\" data-widget_type=\"text-editor.default\">\n\t\t\t\t<div class=\"elementor-widget-container\">\n\t\t\t\t\t\t\t\t\t<p style=\"text-align: justify;\"><strong><span style=\"color: #397c99;\">Purjelaev \u201eViru\u201c p\u00f5genemisteekonnal Kuressaarest Gotlandile. Laeval olnud Ants L\u00e4\u00e4ne foto, 22.\u201323. september 1944.<\/span><\/strong><\/p><p style=\"text-align: justify;\"><span style=\"color: #a3bccd;\">The sailing ship Viru on its voyage of escape from Kuressaare to Gotland. Photograph from Ants L\u00e4\u00e4ne, who was on board the ship, 22\u201323 September 1944.<\/span><\/p><p style=\"text-align: right;\"><span style=\"color: #397c99;\"><strong>\u00a0<\/strong><\/span><\/p><p style=\"text-align: right;\"><span style=\"color: #397c99;\"><strong>Illustratsioon \/ illustration: SM\u00a0<\/strong><\/span><\/p><p style=\"text-align: right;\"><span style=\"color: #397c99;\"><strong>\u00a0 <br \/><\/strong><\/span><\/p>\t\t\t\t\t\t\t\t<\/div>\n\t\t\t\t<\/div>\n\t\t\t\t<\/div>\n\t\t<div class=\"elementor-element elementor-element-8866abe e-con-full e-flex e-con e-child\" data-id=\"8866abe\" data-element_type=\"container\" data-e-type=\"container\">\n\t\t\t\t<div class=\"elementor-element elementor-element-5dd7485 elementor-invisible elementor-widget elementor-widget-image\" data-id=\"5dd7485\" data-element_type=\"widget\" data-e-type=\"widget\" data-settings=\"{&quot;_animation&quot;:&quot;fadeInLeft&quot;}\" data-widget_type=\"image.default\">\n\t\t\t\t<div class=\"elementor-widget-container\">\n\t\t\t\t\t\t\t\t\t\t\t\t\t\t\t\t<a href=\"https:\/\/2024.wwii-refugees.ee\/wp-content\/uploads\/2024\/12\/88.png\" data-elementor-open-lightbox=\"yes\" data-elementor-lightbox-title=\"88\" data-e-action-hash=\"#elementor-action%3Aaction%3Dlightbox%26settings%3DeyJpZCI6MTEyNSwidXJsIjoiaHR0cHM6XC9cLzIwMjQud3dpaS1yZWZ1Z2Vlcy5lZVwvd3AtY29udGVudFwvdXBsb2Fkc1wvMjAyNFwvMTJcLzg4LnBuZyJ9\">\n\t\t\t\t\t\t\t<img loading=\"lazy\" decoding=\"async\" width=\"1024\" height=\"677\" src=\"https:\/\/2024.wwii-refugees.ee\/wp-content\/uploads\/2024\/12\/88-1024x677.png\" class=\"attachment-large size-large wp-image-1125\" alt=\"\" srcset=\"https:\/\/2024.wwii-refugees.ee\/wp-content\/uploads\/2024\/12\/88-1024x677.png 1024w, https:\/\/2024.wwii-refugees.ee\/wp-content\/uploads\/2024\/12\/88-300x198.png 300w, https:\/\/2024.wwii-refugees.ee\/wp-content\/uploads\/2024\/12\/88-768x508.png 768w, https:\/\/2024.wwii-refugees.ee\/wp-content\/uploads\/2024\/12\/88.png 1412w\" sizes=\"(max-width: 1024px) 100vw, 1024px\" \/>\t\t\t\t\t\t\t\t<\/a>\n\t\t\t\t\t\t\t\t\t\t\t\t\t\t\t<\/div>\n\t\t\t\t<\/div>\n\t\t\t\t<\/div>\n\t\t\t\t\t<\/div>\n\t\t\t\t<\/div>\n\t\t<div class=\"elementor-element elementor-element-1f32e4f e-flex e-con-boxed e-con e-parent\" data-id=\"1f32e4f\" data-element_type=\"container\" data-e-type=\"container\">\n\t\t\t\t\t<div class=\"e-con-inner\">\n\t\t\t\t<div class=\"elementor-element elementor-element-85c440e elementor-invisible elementor-widget elementor-widget-text-editor\" data-id=\"85c440e\" data-element_type=\"widget\" data-e-type=\"widget\" data-settings=\"{&quot;_animation&quot;:&quot;slideInLeft&quot;}\" data-widget_type=\"text-editor.default\">\n\t\t\t\t<div class=\"elementor-widget-container\">\n\t\t\t\t\t\t\t\t\t<p style=\"text-align: justify;\"><span style=\"color: #397c99;\"><strong>P\u00f5genikke Saksamaale viivatest laevadest hukkus kaks. 21. septembril Tallinnast v\u00e4lja s\u00f5itnud \u201eMoero\u201c ja 3. oktoobril Kures saarest Roomassaare sadamast lahkunud \u201eNordstern\u201c. Viimase hukutas allveelaevalt lastud torpeedo.<\/strong><\/span><\/p>\t\t\t\t\t\t\t\t<\/div>\n\t\t\t\t<\/div>\n\t\t\t\t\t<\/div>\n\t\t\t\t<\/div>\n\t\t<div class=\"elementor-element elementor-element-829d09d e-flex e-con-boxed e-con e-parent\" data-id=\"829d09d\" data-element_type=\"container\" data-e-type=\"container\">\n\t\t\t\t\t<div class=\"e-con-inner\">\n\t\t\t\t<div class=\"elementor-element elementor-element-797ddc9 elementor-invisible elementor-widget elementor-widget-text-editor\" data-id=\"797ddc9\" data-element_type=\"widget\" data-e-type=\"widget\" data-settings=\"{&quot;_animation&quot;:&quot;slideInRight&quot;}\" data-widget_type=\"text-editor.default\">\n\t\t\t\t<div class=\"elementor-widget-container\">\n\t\t\t\t\t\t\t\t\t<p style=\"text-align: justify;\"><span style=\"color: #a3bccd;\">Two of the ships taking refugees to Germany sank: Moero, which departed from Tallinn on 21 September, and Nordstern, which departed from Roomassaare harbour, Kuressaare on 3 October. A torpedo fired from a submarine sank the latter.<\/span><\/p>\t\t\t\t\t\t\t\t<\/div>\n\t\t\t\t<\/div>\n\t\t\t\t\t<\/div>\n\t\t\t\t<\/div>\n\t\t<div class=\"elementor-element elementor-element-3ad06e7 e-flex e-con-boxed e-con e-parent\" data-id=\"3ad06e7\" data-element_type=\"container\" data-e-type=\"container\" data-settings=\"{&quot;background_background&quot;:&quot;gradient&quot;}\">\n\t\t\t\t\t<div class=\"e-con-inner\">\n\t\t<div class=\"elementor-element elementor-element-a30e1d8 e-con-full e-flex e-con e-child\" data-id=\"a30e1d8\" data-element_type=\"container\" data-e-type=\"container\">\n\t\t\t\t<div class=\"elementor-element elementor-element-b3fb4f6 elementor-invisible elementor-widget elementor-widget-image\" data-id=\"b3fb4f6\" data-element_type=\"widget\" data-e-type=\"widget\" data-settings=\"{&quot;_animation&quot;:&quot;fadeInRight&quot;}\" data-widget_type=\"image.default\">\n\t\t\t\t<div class=\"elementor-widget-container\">\n\t\t\t\t\t\t\t\t\t\t\t\t\t\t\t\t<a href=\"https:\/\/2024.wwii-refugees.ee\/wp-content\/uploads\/2024\/12\/89.png\" data-elementor-open-lightbox=\"yes\" data-elementor-lightbox-title=\"89\" data-e-action-hash=\"#elementor-action%3Aaction%3Dlightbox%26settings%3DeyJpZCI6MTEyOSwidXJsIjoiaHR0cHM6XC9cLzIwMjQud3dpaS1yZWZ1Z2Vlcy5lZVwvd3AtY29udGVudFwvdXBsb2Fkc1wvMjAyNFwvMTJcLzg5LnBuZyJ9\">\n\t\t\t\t\t\t\t<img loading=\"lazy\" decoding=\"async\" width=\"1480\" height=\"939\" src=\"https:\/\/2024.wwii-refugees.ee\/wp-content\/uploads\/2024\/12\/89.png\" class=\"attachment-full size-full wp-image-1129\" alt=\"\" srcset=\"https:\/\/2024.wwii-refugees.ee\/wp-content\/uploads\/2024\/12\/89.png 1480w, https:\/\/2024.wwii-refugees.ee\/wp-content\/uploads\/2024\/12\/89-300x190.png 300w, https:\/\/2024.wwii-refugees.ee\/wp-content\/uploads\/2024\/12\/89-1024x650.png 1024w, https:\/\/2024.wwii-refugees.ee\/wp-content\/uploads\/2024\/12\/89-768x487.png 768w\" sizes=\"(max-width: 1480px) 100vw, 1480px\" \/>\t\t\t\t\t\t\t\t<\/a>\n\t\t\t\t\t\t\t\t\t\t\t\t\t\t\t<\/div>\n\t\t\t\t<\/div>\n\t\t\t\t<\/div>\n\t\t<div class=\"elementor-element elementor-element-d39bf38 e-con-full e-flex e-con e-child\" data-id=\"d39bf38\" data-element_type=\"container\" data-e-type=\"container\">\n\t\t<div class=\"elementor-element elementor-element-e6d3aeb e-con-full e-flex e-con e-child\" data-id=\"e6d3aeb\" data-element_type=\"container\" data-e-type=\"container\" data-settings=\"{&quot;background_background&quot;:&quot;gradient&quot;}\">\n\t\t\t\t<div class=\"elementor-element elementor-element-fe713a7 elementor-invisible elementor-widget elementor-widget-text-editor\" data-id=\"fe713a7\" data-element_type=\"widget\" data-e-type=\"widget\" data-settings=\"{&quot;_animation&quot;:&quot;fadeInLeft&quot;}\" data-widget_type=\"text-editor.default\">\n\t\t\t\t<div class=\"elementor-widget-container\">\n\t\t\t\t\t\t\t\t\t<p style=\"text-align: justify;\"><strong>Roomassaare sadam oktoobris 1944.<\/strong><\/p><p>Roomassaare harbour in October of 1944.<\/p><p style=\"text-align: right;\"><strong>Illustratsioon \/ illustration: RA<br \/><\/strong><\/p>\t\t\t\t\t\t\t\t<\/div>\n\t\t\t\t<\/div>\n\t\t\t\t<\/div>\n\t\t\t\t<\/div>\n\t\t\t\t\t<\/div>\n\t\t\t\t<\/div>\n\t\t<div class=\"elementor-element elementor-element-24842f9 e-flex e-con-boxed e-con e-parent\" data-id=\"24842f9\" data-element_type=\"container\" data-e-type=\"container\">\n\t\t\t\t\t<div class=\"e-con-inner\">\n\t\t\t\t<div class=\"elementor-element elementor-element-52069fe elementor-invisible elementor-widget elementor-widget-text-editor\" data-id=\"52069fe\" data-element_type=\"widget\" data-e-type=\"widget\" data-settings=\"{&quot;_animation&quot;:&quot;slideInLeft&quot;}\" data-widget_type=\"text-editor.default\">\n\t\t\t\t<div class=\"elementor-widget-container\">\n\t\t\t\t\t\t\t\t\t<p style=\"text-align: justify;\"><span style=\"color: #397c99;\"><strong>Suurem osa Saaremaalt p\u00f5genejaid kasutas Rootsi j\u00f5udmiseks mitmesuguseid paate, ehkki enamiku neist olid sakslased konfiskeeritud. Purje riide muretsemisel ja vanade paatide s\u00f5idukorda seadmisel n\u00e4idati \u00fcles uskumatut leidlikkust. Paatide v\u00e4hesuse t\u00f5ttu olid need enamasti \u00e4\u00e4rmiselt \u00fclekoormatud.<\/strong><\/span><\/p>\t\t\t\t\t\t\t\t<\/div>\n\t\t\t\t<\/div>\n\t\t\t\t\t<\/div>\n\t\t\t\t<\/div>\n\t\t<div class=\"elementor-element elementor-element-0533b4b e-flex e-con-boxed e-con e-parent\" data-id=\"0533b4b\" data-element_type=\"container\" data-e-type=\"container\">\n\t\t\t\t\t<div class=\"e-con-inner\">\n\t\t\t\t<div class=\"elementor-element elementor-element-2807d8b elementor-invisible elementor-widget elementor-widget-text-editor\" data-id=\"2807d8b\" data-element_type=\"widget\" data-e-type=\"widget\" data-settings=\"{&quot;_animation&quot;:&quot;slideInRight&quot;}\" data-widget_type=\"text-editor.default\">\n\t\t\t\t<div class=\"elementor-widget-container\">\n\t\t\t\t\t\t\t\t\t<p style=\"text-align: justify;\"><span style=\"color: #a3bccd;\">Most of the people fleeing from Saaremaa used various boats to reach Sweden, even though the Germans had confiscated most of them. Astonishing ingenuity was demonstrated in obtaining sailcloth and fixing up old boats to make them seaworthy. Boats were mostly extremely overloaded since there were so few of them.<\/span><\/p>\t\t\t\t\t\t\t\t<\/div>\n\t\t\t\t<\/div>\n\t\t\t\t\t<\/div>\n\t\t\t\t<\/div>\n\t\t<div class=\"elementor-element elementor-element-25ab3c9 e-flex e-con-boxed e-con e-parent\" data-id=\"25ab3c9\" data-element_type=\"container\" data-e-type=\"container\">\n\t\t\t\t\t<div class=\"e-con-inner\">\n\t\t<div class=\"elementor-element elementor-element-fa0503b e-con-full e-flex e-con e-child\" data-id=\"fa0503b\" data-element_type=\"container\" data-e-type=\"container\">\n\t\t\t\t<div class=\"elementor-element elementor-element-a29f9ee elementor-invisible elementor-widget elementor-widget-text-editor\" data-id=\"a29f9ee\" data-element_type=\"widget\" data-e-type=\"widget\" data-settings=\"{&quot;_animation&quot;:&quot;fadeInRight&quot;}\" data-widget_type=\"text-editor.default\">\n\t\t\t\t<div class=\"elementor-widget-container\">\n\t\t\t\t\t\t\t\t\t<p style=\"text-align: justify;\"><strong><span style=\"color: #397c99;\">P\u00e4rale j\u00f5udnud p\u00f5genike paadid Gotlandi rannas, 1944.<\/span><\/strong><\/p><p style=\"text-align: justify;\"><span style=\"color: #a3bccd;\">Boats of refugees that had reached their destination on the beach in Gotland, 1944.<\/span><\/p><p style=\"text-align: right;\"><span style=\"color: #397c99;\"><strong>\u00a0<\/strong><\/span><\/p><p style=\"text-align: right;\"><span style=\"color: #397c99;\"><strong>Illustratsioon \/ illustration: SM<br \/><\/strong><\/span><\/p><p style=\"text-align: right;\"><span style=\"color: #397c99;\"><strong>\u00a0 <br \/><\/strong><\/span><\/p>\t\t\t\t\t\t\t\t<\/div>\n\t\t\t\t<\/div>\n\t\t\t\t<\/div>\n\t\t<div class=\"elementor-element elementor-element-92fe645 e-con-full e-flex e-con e-child\" data-id=\"92fe645\" data-element_type=\"container\" data-e-type=\"container\">\n\t\t\t\t<div class=\"elementor-element elementor-element-61d6669 elementor-invisible elementor-widget elementor-widget-image\" data-id=\"61d6669\" data-element_type=\"widget\" data-e-type=\"widget\" data-settings=\"{&quot;_animation&quot;:&quot;fadeInLeft&quot;}\" data-widget_type=\"image.default\">\n\t\t\t\t<div class=\"elementor-widget-container\">\n\t\t\t\t\t\t\t\t\t\t\t\t\t\t\t\t<a href=\"https:\/\/2024.wwii-refugees.ee\/wp-content\/uploads\/2024\/12\/90.png\" data-elementor-open-lightbox=\"yes\" data-elementor-lightbox-title=\"90\" data-e-action-hash=\"#elementor-action%3Aaction%3Dlightbox%26settings%3DeyJpZCI6MTEzMCwidXJsIjoiaHR0cHM6XC9cLzIwMjQud3dpaS1yZWZ1Z2Vlcy5lZVwvd3AtY29udGVudFwvdXBsb2Fkc1wvMjAyNFwvMTJcLzkwLnBuZyJ9\">\n\t\t\t\t\t\t\t<img loading=\"lazy\" decoding=\"async\" width=\"1024\" height=\"661\" src=\"https:\/\/2024.wwii-refugees.ee\/wp-content\/uploads\/2024\/12\/90-1024x661.png\" class=\"attachment-large size-large wp-image-1130\" alt=\"\" srcset=\"https:\/\/2024.wwii-refugees.ee\/wp-content\/uploads\/2024\/12\/90-1024x661.png 1024w, https:\/\/2024.wwii-refugees.ee\/wp-content\/uploads\/2024\/12\/90-300x194.png 300w, https:\/\/2024.wwii-refugees.ee\/wp-content\/uploads\/2024\/12\/90-768x496.png 768w, https:\/\/2024.wwii-refugees.ee\/wp-content\/uploads\/2024\/12\/90-1536x991.png 1536w, https:\/\/2024.wwii-refugees.ee\/wp-content\/uploads\/2024\/12\/90.png 1650w\" sizes=\"(max-width: 1024px) 100vw, 1024px\" \/>\t\t\t\t\t\t\t\t<\/a>\n\t\t\t\t\t\t\t\t\t\t\t\t\t\t\t<\/div>\n\t\t\t\t<\/div>\n\t\t\t\t<\/div>\n\t\t\t\t\t<\/div>\n\t\t\t\t<\/div>\n\t\t<div class=\"elementor-element elementor-element-c892fa9 e-flex e-con-boxed e-con e-parent\" data-id=\"c892fa9\" data-element_type=\"container\" data-e-type=\"container\">\n\t\t\t\t\t<div class=\"e-con-inner\">\n\t\t\t\t<div class=\"elementor-element elementor-element-87afd9b elementor-invisible elementor-widget elementor-widget-text-editor\" data-id=\"87afd9b\" data-element_type=\"widget\" data-e-type=\"widget\" data-settings=\"{&quot;_animation&quot;:&quot;slideInLeft&quot;}\" data-widget_type=\"text-editor.default\">\n\t\t\t\t<div class=\"elementor-widget-container\">\n\t\t\t\t\t\t\t\t\t<p style=\"text-align: justify;\"><span style=\"color: #397c99;\"><strong>V\u00f5\u00f5rale maale sattunud inimesed paigutati esialgu p\u00f5genikelaagritesse. Rootsis j\u00e4i laagriaeg v\u00f5rreldes Saksamaaga v\u00e4ga l\u00fchikeseks, kuna kiirelt alustati eestlaste suunamist kohalikku ellu.<\/strong><\/span><\/p>\t\t\t\t\t\t\t\t<\/div>\n\t\t\t\t<\/div>\n\t\t\t\t\t<\/div>\n\t\t\t\t<\/div>\n\t\t<div class=\"elementor-element elementor-element-ee8ad66 e-flex e-con-boxed e-con e-parent\" data-id=\"ee8ad66\" data-element_type=\"container\" data-e-type=\"container\">\n\t\t\t\t\t<div class=\"e-con-inner\">\n\t\t\t\t<div class=\"elementor-element elementor-element-e4dc1e5 elementor-invisible elementor-widget elementor-widget-text-editor\" data-id=\"e4dc1e5\" data-element_type=\"widget\" data-e-type=\"widget\" data-settings=\"{&quot;_animation&quot;:&quot;slideInRight&quot;}\" data-widget_type=\"text-editor.default\">\n\t\t\t\t<div class=\"elementor-widget-container\">\n\t\t\t\t\t\t\t\t\t<p style=\"text-align: justify;\"><span style=\"color: #a3bccd;\">People who ended up in foreign countries were initially placed in refugee camps. Compared to Germany, the time that people spent in camps in Sweden was very brief because the authorities quickly began integrating Estonians into local life.<\/span><\/p>\t\t\t\t\t\t\t\t<\/div>\n\t\t\t\t<\/div>\n\t\t\t\t\t<\/div>\n\t\t\t\t<\/div>\n\t\t<div class=\"elementor-element elementor-element-f17ef71 e-flex e-con-boxed e-con e-parent\" data-id=\"f17ef71\" data-element_type=\"container\" data-e-type=\"container\" data-settings=\"{&quot;background_background&quot;:&quot;gradient&quot;}\">\n\t\t\t\t\t<div class=\"e-con-inner\">\n\t\t<div class=\"elementor-element elementor-element-dcd93c5 e-con-full e-flex e-con e-child\" data-id=\"dcd93c5\" data-element_type=\"container\" data-e-type=\"container\">\n\t\t\t\t<div class=\"elementor-element elementor-element-65e0356 elementor-invisible elementor-widget elementor-widget-image\" data-id=\"65e0356\" data-element_type=\"widget\" data-e-type=\"widget\" data-settings=\"{&quot;_animation&quot;:&quot;fadeInRight&quot;}\" data-widget_type=\"image.default\">\n\t\t\t\t<div class=\"elementor-widget-container\">\n\t\t\t\t\t\t\t\t\t\t\t\t\t\t\t\t<a href=\"https:\/\/2024.wwii-refugees.ee\/wp-content\/uploads\/2024\/12\/91.png\" data-elementor-open-lightbox=\"yes\" data-elementor-lightbox-title=\"91\" data-e-action-hash=\"#elementor-action%3Aaction%3Dlightbox%26settings%3DeyJpZCI6MTEzMiwidXJsIjoiaHR0cHM6XC9cLzIwMjQud3dpaS1yZWZ1Z2Vlcy5lZVwvd3AtY29udGVudFwvdXBsb2Fkc1wvMjAyNFwvMTJcLzkxLnBuZyJ9\">\n\t\t\t\t\t\t\t<img loading=\"lazy\" decoding=\"async\" width=\"1547\" height=\"1020\" src=\"https:\/\/2024.wwii-refugees.ee\/wp-content\/uploads\/2024\/12\/91.png\" class=\"attachment-full size-full wp-image-1132\" alt=\"\" srcset=\"https:\/\/2024.wwii-refugees.ee\/wp-content\/uploads\/2024\/12\/91.png 1547w, https:\/\/2024.wwii-refugees.ee\/wp-content\/uploads\/2024\/12\/91-300x198.png 300w, https:\/\/2024.wwii-refugees.ee\/wp-content\/uploads\/2024\/12\/91-1024x675.png 1024w, https:\/\/2024.wwii-refugees.ee\/wp-content\/uploads\/2024\/12\/91-768x506.png 768w, https:\/\/2024.wwii-refugees.ee\/wp-content\/uploads\/2024\/12\/91-1536x1013.png 1536w\" sizes=\"(max-width: 1547px) 100vw, 1547px\" \/>\t\t\t\t\t\t\t\t<\/a>\n\t\t\t\t\t\t\t\t\t\t\t\t\t\t\t<\/div>\n\t\t\t\t<\/div>\n\t\t\t\t<\/div>\n\t\t<div class=\"elementor-element elementor-element-702f2fc e-con-full e-flex e-con e-child\" data-id=\"702f2fc\" data-element_type=\"container\" data-e-type=\"container\">\n\t\t<div class=\"elementor-element elementor-element-3afcd4f e-con-full e-flex e-con e-child\" data-id=\"3afcd4f\" data-element_type=\"container\" data-e-type=\"container\" data-settings=\"{&quot;background_background&quot;:&quot;gradient&quot;}\">\n\t\t\t\t<div class=\"elementor-element elementor-element-b6a88b3 elementor-invisible elementor-widget elementor-widget-text-editor\" data-id=\"b6a88b3\" data-element_type=\"widget\" data-e-type=\"widget\" data-settings=\"{&quot;_animation&quot;:&quot;fadeInLeft&quot;}\" data-widget_type=\"text-editor.default\">\n\t\t\t\t<div class=\"elementor-widget-container\">\n\t\t\t\t\t\t\t\t\t<p style=\"text-align: justify;\"><strong>Saaremaalt p\u00f5genenud naised ja lapsed Gotlandil, 1944.<\/strong><\/p><p>Women and children who had fled from Saaremaa in Gotland, 1944.<\/p><p style=\"text-align: right;\"><strong>Illustratsioon \/ illustration: SM<\/strong><\/p>\t\t\t\t\t\t\t\t<\/div>\n\t\t\t\t<\/div>\n\t\t\t\t<\/div>\n\t\t\t\t<\/div>\n\t\t\t\t\t<\/div>\n\t\t\t\t<\/div>\n\t\t<div class=\"elementor-element elementor-element-ed3cd78 e-flex e-con-boxed e-con e-parent\" data-id=\"ed3cd78\" data-element_type=\"container\" data-e-type=\"container\">\n\t\t\t\t\t<div class=\"e-con-inner\">\n\t\t<div class=\"elementor-element elementor-element-de2a43c e-con-full e-flex e-con e-child\" data-id=\"de2a43c\" data-element_type=\"container\" data-e-type=\"container\">\n\t\t\t\t<div class=\"elementor-element elementor-element-adab59b elementor-invisible elementor-widget elementor-widget-text-editor\" data-id=\"adab59b\" data-element_type=\"widget\" data-e-type=\"widget\" data-settings=\"{&quot;_animation&quot;:&quot;fadeInRight&quot;}\" data-widget_type=\"text-editor.default\">\n\t\t\t\t<div class=\"elementor-widget-container\">\n\t\t\t\t\t\t\t\t\t<p style=\"text-align: justify;\"><strong><span style=\"color: #397c99;\">P\u00f5genikud kooliv\u00f5imlas Gotlandil, 1944.<\/span><\/strong><\/p><p style=\"text-align: justify;\"><span style=\"color: #a3bccd;\">Refugees in a school gymnasium in Gotland, 1944.<\/span><\/p><p style=\"text-align: right;\"><span style=\"color: #397c99;\"><strong>\u00a0<\/strong><\/span><\/p><p style=\"text-align: right;\"><span style=\"color: #397c99;\"><strong>Illustratsioon \/ illustration: SM\u00a0<\/strong><\/span><\/p><p style=\"text-align: right;\"><span style=\"color: #397c99;\"><strong>\u00a0 <br \/><\/strong><\/span><\/p>\t\t\t\t\t\t\t\t<\/div>\n\t\t\t\t<\/div>\n\t\t\t\t<\/div>\n\t\t<div class=\"elementor-element elementor-element-efd348e e-con-full e-flex e-con e-child\" data-id=\"efd348e\" data-element_type=\"container\" data-e-type=\"container\">\n\t\t\t\t<div class=\"elementor-element elementor-element-64d7c60 elementor-invisible elementor-widget elementor-widget-image\" data-id=\"64d7c60\" data-element_type=\"widget\" data-e-type=\"widget\" data-settings=\"{&quot;_animation&quot;:&quot;fadeInLeft&quot;}\" data-widget_type=\"image.default\">\n\t\t\t\t<div class=\"elementor-widget-container\">\n\t\t\t\t\t\t\t\t\t\t\t\t\t\t\t\t<a href=\"https:\/\/2024.wwii-refugees.ee\/wp-content\/uploads\/2024\/12\/92.png\" data-elementor-open-lightbox=\"yes\" data-elementor-lightbox-title=\"92\" data-e-action-hash=\"#elementor-action%3Aaction%3Dlightbox%26settings%3DeyJpZCI6MTEzMywidXJsIjoiaHR0cHM6XC9cLzIwMjQud3dpaS1yZWZ1Z2Vlcy5lZVwvd3AtY29udGVudFwvdXBsb2Fkc1wvMjAyNFwvMTJcLzkyLnBuZyJ9\">\n\t\t\t\t\t\t\t<img loading=\"lazy\" decoding=\"async\" width=\"1024\" height=\"669\" src=\"https:\/\/2024.wwii-refugees.ee\/wp-content\/uploads\/2024\/12\/92-1024x669.png\" class=\"attachment-large size-large wp-image-1133\" alt=\"\" srcset=\"https:\/\/2024.wwii-refugees.ee\/wp-content\/uploads\/2024\/12\/92-1024x669.png 1024w, https:\/\/2024.wwii-refugees.ee\/wp-content\/uploads\/2024\/12\/92-300x196.png 300w, https:\/\/2024.wwii-refugees.ee\/wp-content\/uploads\/2024\/12\/92-768x502.png 768w, https:\/\/2024.wwii-refugees.ee\/wp-content\/uploads\/2024\/12\/92-1536x1003.png 1536w, https:\/\/2024.wwii-refugees.ee\/wp-content\/uploads\/2024\/12\/92.png 1652w\" sizes=\"(max-width: 1024px) 100vw, 1024px\" \/>\t\t\t\t\t\t\t\t<\/a>\n\t\t\t\t\t\t\t\t\t\t\t\t\t\t\t<\/div>\n\t\t\t\t<\/div>\n\t\t\t\t<\/div>\n\t\t\t\t\t<\/div>\n\t\t\t\t<\/div>\n\t\t<div class=\"elementor-element elementor-element-296583c e-flex e-con-boxed e-con e-parent\" data-id=\"296583c\" data-element_type=\"container\" data-e-type=\"container\">\n\t\t\t\t\t<div class=\"e-con-inner\">\n\t\t\t\t<div class=\"elementor-element elementor-element-9205439 elementor-widget elementor-widget-image\" data-id=\"9205439\" data-element_type=\"widget\" data-e-type=\"widget\" data-widget_type=\"image.default\">\n\t\t\t\t<div class=\"elementor-widget-container\">\n\t\t\t\t\t\t\t\t\t\t\t\t\t\t\t<img fetchpriority=\"high\" decoding=\"async\" width=\"8667\" height=\"334\" src=\"https:\/\/2024.wwii-refugees.ee\/wp-content\/uploads\/2024\/04\/WWII_refugees_visuals_LAINE_3.png\" class=\"attachment-full size-full wp-image-121\" alt=\"\" srcset=\"https:\/\/2024.wwii-refugees.ee\/wp-content\/uploads\/2024\/04\/WWII_refugees_visuals_LAINE_3.png 8667w, https:\/\/2024.wwii-refugees.ee\/wp-content\/uploads\/2024\/04\/WWII_refugees_visuals_LAINE_3-300x12.png 300w, https:\/\/2024.wwii-refugees.ee\/wp-content\/uploads\/2024\/04\/WWII_refugees_visuals_LAINE_3-1024x39.png 1024w, https:\/\/2024.wwii-refugees.ee\/wp-content\/uploads\/2024\/04\/WWII_refugees_visuals_LAINE_3-768x30.png 768w, https:\/\/2024.wwii-refugees.ee\/wp-content\/uploads\/2024\/04\/WWII_refugees_visuals_LAINE_3-1536x59.png 1536w, https:\/\/2024.wwii-refugees.ee\/wp-content\/uploads\/2024\/04\/WWII_refugees_visuals_LAINE_3-2048x79.png 2048w\" sizes=\"(max-width: 8667px) 100vw, 8667px\" \/>\t\t\t\t\t\t\t\t\t\t\t\t\t\t\t<\/div>\n\t\t\t\t<\/div>\n\t\t\t\t\t<\/div>\n\t\t\t\t<\/div>\n\t\t<div class=\"elementor-element elementor-element-08b9bd4 e-flex e-con-boxed e-con e-parent\" data-id=\"08b9bd4\" data-element_type=\"container\" data-e-type=\"container\">\n\t\t\t\t\t<div class=\"e-con-inner\">\n\t\t\t\t<div class=\"elementor-element elementor-element-686a9ce elementor-widget-divider--view-line elementor-widget elementor-widget-divider\" data-id=\"686a9ce\" data-element_type=\"widget\" data-e-type=\"widget\" data-widget_type=\"divider.default\">\n\t\t\t\t<div class=\"elementor-widget-container\">\n\t\t\t\t\t\t\t<div class=\"elementor-divider\">\n\t\t\t<span class=\"elementor-divider-separator\">\n\t\t\t\t\t\t<\/span>\n\t\t<\/div>\n\t\t\t\t\t\t<\/div>\n\t\t\t\t<\/div>\n\t\t\t\t\t<\/div>\n\t\t\t\t<\/div>\n\t\t<div class=\"elementor-element elementor-element-3107f99 e-flex e-con-boxed e-con e-parent\" data-id=\"3107f99\" data-element_type=\"container\" data-e-type=\"container\">\n\t\t\t\t\t<div class=\"e-con-inner\">\n\t\t\t\t<div class=\"elementor-element elementor-element-15e1ce5 elementor-widget elementor-widget-heading\" data-id=\"15e1ce5\" data-element_type=\"widget\" data-e-type=\"widget\" data-widget_type=\"heading.default\">\n\t\t\t\t<div class=\"elementor-widget-container\">\n\t\t\t\t\t<h2 class=\"elementor-heading-title elementor-size-default\">SAAREMAA<\/h2>\t\t\t\t<\/div>\n\t\t\t\t<\/div>\n\t\t\t\t<div class=\"elementor-element elementor-element-9a216fb elementor-widget elementor-widget-menu-anchor\" data-id=\"9a216fb\" data-element_type=\"widget\" data-e-type=\"widget\" data-widget_type=\"menu-anchor.default\">\n\t\t\t\t<div class=\"elementor-widget-container\">\n\t\t\t\t\t\t\t<div class=\"elementor-menu-anchor\" id=\"Saaremaa\"><\/div>\n\t\t\t\t\t\t<\/div>\n\t\t\t\t<\/div>\n\t\t\t\t\t<\/div>\n\t\t\t\t<\/div>\n\t\t<div class=\"elementor-element elementor-element-bff399e e-flex e-con-boxed e-con e-parent\" data-id=\"bff399e\" data-element_type=\"container\" data-e-type=\"container\">\n\t\t\t\t\t<div class=\"e-con-inner\">\n\t\t\t\t<div class=\"elementor-element elementor-element-63f1f79 elementor-widget elementor-widget-heading\" data-id=\"63f1f79\" data-element_type=\"widget\" data-e-type=\"widget\" data-widget_type=\"heading.default\">\n\t\t\t\t<div class=\"elementor-widget-container\">\n\t\t\t\t\t<h6 class=\"elementor-heading-title elementor-size-default\">Koostaja\/Compiled by: Priit Kivi<\/h6>\t\t\t\t<\/div>\n\t\t\t\t<\/div>\n\t\t\t\t\t<\/div>\n\t\t\t\t<\/div>\n\t\t<div class=\"elementor-element elementor-element-d15cac9 e-flex e-con-boxed e-con e-parent\" data-id=\"d15cac9\" data-element_type=\"container\" data-e-type=\"container\">\n\t\t\t\t\t<div class=\"e-con-inner\">\n\t\t\t\t<div class=\"elementor-element elementor-element-a89352b elementor-invisible elementor-widget elementor-widget-text-editor\" data-id=\"a89352b\" data-element_type=\"widget\" data-e-type=\"widget\" data-settings=\"{&quot;_animation&quot;:&quot;slideInLeft&quot;}\" data-widget_type=\"text-editor.default\">\n\t\t\t\t<div class=\"elementor-widget-container\">\n\t\t\t\t\t\t\t\t\t<p style=\"text-align: justify;\"><span style=\"color: #397c99;\"><strong>1944. a kestis saarel Saksa okupatsioon, kuid 5. oktoobril tungisid N\u00f5ukogude v\u00e4ed \u00fcle V\u00e4ikese v\u00e4ina Saaremaale ja vallutasid 7. oktoobril kiire pealetungiga Kuressaare. 10. oktoobril algasid \u00e4gedad lahingud S\u00f5rve poolsaare p\u00e4rast, viimased Saksa \u00fcksused lahkusid S\u00f5rve s\u00e4\u00e4relt 24. novembril 1944. Kogu Eesti oli langenud N\u00f5ukogude okupatsiooni alla.<\/strong><\/span><\/p>\t\t\t\t\t\t\t\t<\/div>\n\t\t\t\t<\/div>\n\t\t\t\t\t<\/div>\n\t\t\t\t<\/div>\n\t\t<div class=\"elementor-element elementor-element-770ebee e-flex e-con-boxed e-con e-parent\" data-id=\"770ebee\" data-element_type=\"container\" data-e-type=\"container\">\n\t\t\t\t\t<div class=\"e-con-inner\">\n\t\t\t\t<div class=\"elementor-element elementor-element-530c4f2 elementor-invisible elementor-widget elementor-widget-text-editor\" data-id=\"530c4f2\" data-element_type=\"widget\" data-e-type=\"widget\" data-settings=\"{&quot;_animation&quot;:&quot;slideInRight&quot;}\" data-widget_type=\"text-editor.default\">\n\t\t\t\t<div class=\"elementor-widget-container\">\n\t\t\t\t\t\t\t\t\t<p style=\"text-align: justify;\"><span style=\"color: #a3bccd;\">The German occupation continued on the island in 1944, yet on 5 October, Soviet forces crossed the V\u00e4ike Strait to invade Saaremaa. They captured Kuressaare with a rapid offensive on 7 October. Fierce battles for the S\u00f5rve Peninsula began on 10 October. The last German units left the S\u00f5rve headland on 24 November 1944. All of Estonia had fallen under Soviet occupation.<\/span><\/p>\t\t\t\t\t\t\t\t<\/div>\n\t\t\t\t<\/div>\n\t\t\t\t\t<\/div>\n\t\t\t\t<\/div>\n\t\t<div class=\"elementor-element elementor-element-f4ad13b e-flex e-con-boxed e-con e-parent\" data-id=\"f4ad13b\" data-element_type=\"container\" data-e-type=\"container\" data-settings=\"{&quot;background_background&quot;:&quot;gradient&quot;}\">\n\t\t\t\t\t<div class=\"e-con-inner\">\n\t\t<div class=\"elementor-element elementor-element-08be753 e-con-full e-flex e-con e-child\" data-id=\"08be753\" data-element_type=\"container\" data-e-type=\"container\">\n\t\t\t\t<div class=\"elementor-element elementor-element-34d7dfb elementor-invisible elementor-widget elementor-widget-image\" data-id=\"34d7dfb\" data-element_type=\"widget\" data-e-type=\"widget\" data-settings=\"{&quot;_animation&quot;:&quot;fadeInRight&quot;}\" data-widget_type=\"image.default\">\n\t\t\t\t<div class=\"elementor-widget-container\">\n\t\t\t\t\t\t\t\t\t\t\t\t\t\t\t\t<a href=\"https:\/\/2024.wwii-refugees.ee\/wp-content\/uploads\/2024\/12\/93.png\" data-elementor-open-lightbox=\"yes\" data-elementor-lightbox-title=\"93\" data-e-action-hash=\"#elementor-action%3Aaction%3Dlightbox%26settings%3DeyJpZCI6MTEzNywidXJsIjoiaHR0cHM6XC9cLzIwMjQud3dpaS1yZWZ1Z2Vlcy5lZVwvd3AtY29udGVudFwvdXBsb2Fkc1wvMjAyNFwvMTJcLzkzLnBuZyJ9\">\n\t\t\t\t\t\t\t<img loading=\"lazy\" decoding=\"async\" width=\"1184\" height=\"838\" src=\"https:\/\/2024.wwii-refugees.ee\/wp-content\/uploads\/2024\/12\/93.png\" class=\"attachment-full size-full wp-image-1137\" alt=\"\" srcset=\"https:\/\/2024.wwii-refugees.ee\/wp-content\/uploads\/2024\/12\/93.png 1184w, https:\/\/2024.wwii-refugees.ee\/wp-content\/uploads\/2024\/12\/93-300x212.png 300w, https:\/\/2024.wwii-refugees.ee\/wp-content\/uploads\/2024\/12\/93-1024x725.png 1024w, https:\/\/2024.wwii-refugees.ee\/wp-content\/uploads\/2024\/12\/93-768x544.png 768w\" sizes=\"(max-width: 1184px) 100vw, 1184px\" \/>\t\t\t\t\t\t\t\t<\/a>\n\t\t\t\t\t\t\t\t\t\t\t\t\t\t\t<\/div>\n\t\t\t\t<\/div>\n\t\t\t\t<\/div>\n\t\t<div class=\"elementor-element elementor-element-4a49423 e-con-full e-flex e-con e-child\" data-id=\"4a49423\" data-element_type=\"container\" data-e-type=\"container\">\n\t\t<div class=\"elementor-element elementor-element-2fe3ce3 e-con-full e-flex e-con e-child\" data-id=\"2fe3ce3\" data-element_type=\"container\" data-e-type=\"container\" data-settings=\"{&quot;background_background&quot;:&quot;gradient&quot;}\">\n\t\t\t\t<\/div>\n\t\t\t\t<\/div>\n\t\t\t\t\t<\/div>\n\t\t\t\t<\/div>\n\t\t<div class=\"elementor-element elementor-element-c3057d9 e-flex e-con-boxed e-con e-parent\" data-id=\"c3057d9\" data-element_type=\"container\" data-e-type=\"container\">\n\t\t\t\t\t<div class=\"e-con-inner\">\n\t\t\t\t<div class=\"elementor-element elementor-element-de60478 elementor-invisible elementor-widget elementor-widget-text-editor\" data-id=\"de60478\" data-element_type=\"widget\" data-e-type=\"widget\" data-settings=\"{&quot;_animation&quot;:&quot;slideInLeft&quot;}\" data-widget_type=\"text-editor.default\">\n\t\t\t\t<div class=\"elementor-widget-container\">\n\t\t\t\t\t\t\t\t\t<p style=\"text-align: justify;\"><span style=\"color: #397c99;\"><strong>Sel aastal v\u00f5is Saaremaal n\u00e4ha nii N\u00f5ukogude kui ka Saksa s\u00f5dureid. Kui suvel oli saartel vaid m\u00f5ni julgestuspataljon, siis 9. septembril saabusid Riiast Roomassaare sadamasse L\u00e4timaa lahingutes tugevasti r\u00e4sida saanud 23. jalav\u00e4ediviisi eelv\u00e4eosad. V\u00e4gede arvukus saarel hakkas h\u00fcppeliselt kasvama. Lisaks toodi septembri l\u00f5pus Saaremaale \u00fcle 16 000 s\u00f5javangi.<\/strong><\/span><\/p>\t\t\t\t\t\t\t\t<\/div>\n\t\t\t\t<\/div>\n\t\t\t\t\t<\/div>\n\t\t\t\t<\/div>\n\t\t<div class=\"elementor-element elementor-element-31b95e6 e-flex e-con-boxed e-con e-parent\" data-id=\"31b95e6\" data-element_type=\"container\" data-e-type=\"container\">\n\t\t\t\t\t<div class=\"e-con-inner\">\n\t\t\t\t<div class=\"elementor-element elementor-element-4e61e82 elementor-invisible elementor-widget elementor-widget-text-editor\" data-id=\"4e61e82\" data-element_type=\"widget\" data-e-type=\"widget\" data-settings=\"{&quot;_animation&quot;:&quot;slideInRight&quot;}\" data-widget_type=\"text-editor.default\">\n\t\t\t\t<div class=\"elementor-widget-container\">\n\t\t\t\t\t\t\t\t\t<p style=\"text-align: justify;\"><span style=\"color: #a3bccd;\">In that year, both Soviet and German soldiers could be seen in Saaremaa. While only a few security battalions were on the islands in the summer, advance units of the 23rd Infantry Division, which had suffered severe losses in battles in Latvia, arrived from Riga at Roomassaare harbour on 9 September. The number of armed forces on the island started increasing sharply. Additionally, more than 16,000 prisoners of war were also brought to Saaremaa at the end of September.<\/span><\/p>\t\t\t\t\t\t\t\t<\/div>\n\t\t\t\t<\/div>\n\t\t\t\t\t<\/div>\n\t\t\t\t<\/div>\n\t\t<div class=\"elementor-element elementor-element-e5a3d17 e-flex e-con-boxed e-con e-parent\" data-id=\"e5a3d17\" data-element_type=\"container\" data-e-type=\"container\">\n\t\t\t\t\t<div class=\"e-con-inner\">\n\t\t<div class=\"elementor-element elementor-element-6b03bfd e-con-full e-flex e-con e-child\" data-id=\"6b03bfd\" data-element_type=\"container\" data-e-type=\"container\">\n\t\t\t\t<div class=\"elementor-element elementor-element-444cb67 elementor-invisible elementor-widget elementor-widget-text-editor\" data-id=\"444cb67\" data-element_type=\"widget\" data-e-type=\"widget\" data-settings=\"{&quot;_animation&quot;:&quot;fadeInRight&quot;}\" data-widget_type=\"text-editor.default\">\n\t\t\t\t<div class=\"elementor-widget-container\">\n\t\t\t\t\t\t\t\t\t<p style=\"text-align: justify;\"><strong><span style=\"color: #397c99;\">Eesti Laskurkorpuse v\u00e4eosad Muhu v\u00e4ina lahingutes teel Saaremaale V\u00e4ikese v\u00e4ina tammil oktoobris 1944.<\/span><\/strong><\/p><p style=\"text-align: justify;\"><span style=\"color: #a3bccd;\">Units of the Estonian Rifl e Corps in battles at the Strait Sea on the embankment across V\u00e4ike Strait on their way to Saaremaa, October of 1944.<\/span><\/p><p style=\"text-align: right;\"><span style=\"color: #397c99;\"><strong>\u00a0<\/strong><\/span><\/p><p style=\"text-align: right;\"><span style=\"color: #397c99;\"><strong>Illustratsioon \/ illustration: AM\u00a0<\/strong><\/span><\/p><p style=\"text-align: right;\"><span style=\"color: #397c99;\"><strong>\u00a0 <br \/><\/strong><\/span><\/p>\t\t\t\t\t\t\t\t<\/div>\n\t\t\t\t<\/div>\n\t\t\t\t<\/div>\n\t\t<div class=\"elementor-element elementor-element-eab139b e-con-full e-flex e-con e-child\" data-id=\"eab139b\" data-element_type=\"container\" data-e-type=\"container\">\n\t\t\t\t<div class=\"elementor-element elementor-element-601d28e elementor-invisible elementor-widget elementor-widget-image\" data-id=\"601d28e\" data-element_type=\"widget\" data-e-type=\"widget\" data-settings=\"{&quot;_animation&quot;:&quot;fadeInLeft&quot;}\" data-widget_type=\"image.default\">\n\t\t\t\t<div class=\"elementor-widget-container\">\n\t\t\t\t\t\t\t\t\t\t\t\t\t\t\t\t<a href=\"https:\/\/2024.wwii-refugees.ee\/wp-content\/uploads\/2024\/12\/94.png\" data-elementor-open-lightbox=\"yes\" data-elementor-lightbox-title=\"94\" data-e-action-hash=\"#elementor-action%3Aaction%3Dlightbox%26settings%3DeyJpZCI6MTEzOCwidXJsIjoiaHR0cHM6XC9cLzIwMjQud3dpaS1yZWZ1Z2Vlcy5lZVwvd3AtY29udGVudFwvdXBsb2Fkc1wvMjAyNFwvMTJcLzk0LnBuZyJ9\">\n\t\t\t\t\t\t\t<img loading=\"lazy\" decoding=\"async\" width=\"1024\" height=\"668\" src=\"https:\/\/2024.wwii-refugees.ee\/wp-content\/uploads\/2024\/12\/94-1024x668.png\" class=\"attachment-large size-large wp-image-1138\" alt=\"\" srcset=\"https:\/\/2024.wwii-refugees.ee\/wp-content\/uploads\/2024\/12\/94-1024x668.png 1024w, https:\/\/2024.wwii-refugees.ee\/wp-content\/uploads\/2024\/12\/94-300x196.png 300w, https:\/\/2024.wwii-refugees.ee\/wp-content\/uploads\/2024\/12\/94-768x501.png 768w, https:\/\/2024.wwii-refugees.ee\/wp-content\/uploads\/2024\/12\/94.png 1310w\" sizes=\"(max-width: 1024px) 100vw, 1024px\" \/>\t\t\t\t\t\t\t\t<\/a>\n\t\t\t\t\t\t\t\t\t\t\t\t\t\t\t<\/div>\n\t\t\t\t<\/div>\n\t\t\t\t<\/div>\n\t\t\t\t\t<\/div>\n\t\t\t\t<\/div>\n\t\t<div class=\"elementor-element elementor-element-869021f e-flex e-con-boxed e-con e-parent\" data-id=\"869021f\" data-element_type=\"container\" data-e-type=\"container\" data-settings=\"{&quot;background_background&quot;:&quot;gradient&quot;}\">\n\t\t\t\t\t<div class=\"e-con-inner\">\n\t\t<div class=\"elementor-element elementor-element-fca1b45 e-con-full e-flex e-con e-child\" data-id=\"fca1b45\" data-element_type=\"container\" data-e-type=\"container\">\n\t\t\t\t<div class=\"elementor-element elementor-element-7871f5d elementor-invisible elementor-widget elementor-widget-image\" data-id=\"7871f5d\" data-element_type=\"widget\" data-e-type=\"widget\" data-settings=\"{&quot;_animation&quot;:&quot;fadeInRight&quot;}\" data-widget_type=\"image.default\">\n\t\t\t\t<div class=\"elementor-widget-container\">\n\t\t\t\t\t\t\t\t\t\t\t\t\t\t\t\t<a href=\"https:\/\/2024.wwii-refugees.ee\/wp-content\/uploads\/2024\/12\/96.png\" data-elementor-open-lightbox=\"yes\" data-elementor-lightbox-title=\"96\" data-e-action-hash=\"#elementor-action%3Aaction%3Dlightbox%26settings%3DeyJpZCI6MTEzOSwidXJsIjoiaHR0cHM6XC9cLzIwMjQud3dpaS1yZWZ1Z2Vlcy5lZVwvd3AtY29udGVudFwvdXBsb2Fkc1wvMjAyNFwvMTJcLzk2LnBuZyJ9\">\n\t\t\t\t\t\t\t<img loading=\"lazy\" decoding=\"async\" width=\"1309\" height=\"934\" src=\"https:\/\/2024.wwii-refugees.ee\/wp-content\/uploads\/2024\/12\/96.png\" class=\"attachment-full size-full wp-image-1139\" alt=\"\" srcset=\"https:\/\/2024.wwii-refugees.ee\/wp-content\/uploads\/2024\/12\/96.png 1309w, https:\/\/2024.wwii-refugees.ee\/wp-content\/uploads\/2024\/12\/96-300x214.png 300w, https:\/\/2024.wwii-refugees.ee\/wp-content\/uploads\/2024\/12\/96-1024x731.png 1024w, https:\/\/2024.wwii-refugees.ee\/wp-content\/uploads\/2024\/12\/96-768x548.png 768w\" sizes=\"(max-width: 1309px) 100vw, 1309px\" \/>\t\t\t\t\t\t\t\t<\/a>\n\t\t\t\t\t\t\t\t\t\t\t\t\t\t\t<\/div>\n\t\t\t\t<\/div>\n\t\t\t\t<\/div>\n\t\t<div class=\"elementor-element elementor-element-6214164 e-con-full e-flex e-con e-child\" data-id=\"6214164\" data-element_type=\"container\" data-e-type=\"container\">\n\t\t<div class=\"elementor-element elementor-element-f7ad40d e-con-full e-flex e-con e-child\" data-id=\"f7ad40d\" data-element_type=\"container\" data-e-type=\"container\" data-settings=\"{&quot;background_background&quot;:&quot;gradient&quot;}\">\n\t\t\t\t<div class=\"elementor-element elementor-element-3e149c1 elementor-invisible elementor-widget elementor-widget-text-editor\" data-id=\"3e149c1\" data-element_type=\"widget\" data-e-type=\"widget\" data-settings=\"{&quot;_animation&quot;:&quot;fadeInLeft&quot;}\" data-widget_type=\"text-editor.default\">\n\t\t\t\t<div class=\"elementor-widget-container\">\n\t\t\t\t\t\t\t\t\t<p style=\"text-align: justify;\"><strong>Saksa s\u00f5jav\u00e4epraam teel Saaremaale 1944. a.<\/strong><\/p><p style=\"text-align: justify;\">German military ferry heading for Saaremaa, 1944.<\/p><p style=\"text-align: right;\"><strong>Illustratsioon \/ illustration: SM, autor \/ author: H. Claussen<\/strong><\/p>\t\t\t\t\t\t\t\t<\/div>\n\t\t\t\t<\/div>\n\t\t\t\t<\/div>\n\t\t\t\t<\/div>\n\t\t\t\t\t<\/div>\n\t\t\t\t<\/div>\n\t\t<div class=\"elementor-element elementor-element-3e5c8e5 e-flex e-con-boxed e-con e-parent\" data-id=\"3e5c8e5\" data-element_type=\"container\" data-e-type=\"container\">\n\t\t\t\t\t<div class=\"e-con-inner\">\n\t\t\t\t<div class=\"elementor-element elementor-element-a62ffc5 elementor-invisible elementor-widget elementor-widget-text-editor\" data-id=\"a62ffc5\" data-element_type=\"widget\" data-e-type=\"widget\" data-settings=\"{&quot;_animation&quot;:&quot;slideInLeft&quot;}\" data-widget_type=\"text-editor.default\">\n\t\t\t\t<div class=\"elementor-widget-container\">\n\t\t\t\t\t\t\t\t\t<p style=\"text-align: justify;\"><span style=\"color: #397c99;\"><strong>Nii Saksa kui ka N\u00f5ukogude okupatsiooniv\u00f5imud suhtlesid saarlastega peamiselt k\u00e4skude ja keeldude keeles. Igap\u00e4evaelus andis teravalt tunda<br \/>toidu- ja tarbeainete \u00fcha rangemaks muutuv normeerimine. Lisaks korraldati Saksa v\u00f5imude poolt pea vahetpidamatult k\u00f5ikv\u00f5imalikke korje-, annetus- ja t\u00f6\u00f6kampaaniad <span style=\"color: #333399;\">\u2014<\/span> lihtsa saarlase toimetulek muutus seega \u00fcha keerulisemaks.<\/strong><\/span><\/p>\t\t\t\t\t\t\t\t<\/div>\n\t\t\t\t<\/div>\n\t\t\t\t\t<\/div>\n\t\t\t\t<\/div>\n\t\t<div class=\"elementor-element elementor-element-abadff7 e-flex e-con-boxed e-con e-parent\" data-id=\"abadff7\" data-element_type=\"container\" data-e-type=\"container\">\n\t\t\t\t\t<div class=\"e-con-inner\">\n\t\t\t\t<div class=\"elementor-element elementor-element-282758b elementor-invisible elementor-widget elementor-widget-text-editor\" data-id=\"282758b\" data-element_type=\"widget\" data-e-type=\"widget\" data-settings=\"{&quot;_animation&quot;:&quot;slideInRight&quot;}\" data-widget_type=\"text-editor.default\">\n\t\t\t\t<div class=\"elementor-widget-container\">\n\t\t\t\t\t\t\t\t\t<p style=\"text-align: justify;\"><span style=\"color: #a3bccd;\">Both the German and Soviet occupation authorities communicated with the islanders mostly in the language of orders and prohibitions. The increasingly strict rationing of food and consumer goods was acutely felt in daily life. Additionally, the German authorities almost constantly organised all manner of collection, donation, and labour campaigns \u2014 thereby it became ever more difficult for ordinary islanders to cope.<\/span><\/p>\t\t\t\t\t\t\t\t<\/div>\n\t\t\t\t<\/div>\n\t\t\t\t\t<\/div>\n\t\t\t\t<\/div>\n\t\t<div class=\"elementor-element elementor-element-88c6e50 e-flex e-con-boxed e-con e-parent\" data-id=\"88c6e50\" data-element_type=\"container\" data-e-type=\"container\">\n\t\t\t\t\t<div class=\"e-con-inner\">\n\t\t<div class=\"elementor-element elementor-element-81ba9b7 e-con-full e-flex e-con e-child\" data-id=\"81ba9b7\" data-element_type=\"container\" data-e-type=\"container\">\n\t\t\t\t<div class=\"elementor-element elementor-element-727c12a elementor-invisible elementor-widget elementor-widget-text-editor\" data-id=\"727c12a\" data-element_type=\"widget\" data-e-type=\"widget\" data-settings=\"{&quot;_animation&quot;:&quot;fadeInRight&quot;}\" data-widget_type=\"text-editor.default\">\n\t\t\t\t<div class=\"elementor-widget-container\">\n\t\t\t\t\t\t\t\t\t<p style=\"text-align: justify;\"><strong><span style=\"color: #397c99;\">Punaarmee Saaremaa garnisoni \u00fclema k\u00e4skkiri 26. oktoobrist 1944 relvade \u00e4ra andmise kohta.<\/span><\/strong><\/p><p style=\"text-align: justify;\"><span style=\"color: #a3bccd;\">Directive issued by the commander of the Red Army Saaremaa garrison on 26 October 1944 regarding relinquishing arms.<\/span><\/p><p style=\"text-align: right;\"><span style=\"color: #397c99;\"><strong>\u00a0<\/strong><\/span><\/p><p style=\"text-align: right;\"><span style=\"color: #397c99;\"><strong>Illustratsioon \/ illustration: SM\u00a0<\/strong><\/span><\/p><p style=\"text-align: right;\"><span style=\"color: #397c99;\"><strong>\u00a0 <br \/><\/strong><\/span><\/p>\t\t\t\t\t\t\t\t<\/div>\n\t\t\t\t<\/div>\n\t\t\t\t<\/div>\n\t\t<div class=\"elementor-element elementor-element-330bd91 e-con-full e-flex e-con e-child\" data-id=\"330bd91\" data-element_type=\"container\" data-e-type=\"container\">\n\t\t\t\t<div class=\"elementor-element elementor-element-1048bb4 elementor-invisible elementor-widget elementor-widget-image\" data-id=\"1048bb4\" data-element_type=\"widget\" data-e-type=\"widget\" data-settings=\"{&quot;_animation&quot;:&quot;fadeInLeft&quot;}\" data-widget_type=\"image.default\">\n\t\t\t\t<div class=\"elementor-widget-container\">\n\t\t\t\t\t\t\t\t\t\t\t\t\t\t\t\t<a href=\"https:\/\/2024.wwii-refugees.ee\/wp-content\/uploads\/2024\/12\/97.png\" data-elementor-open-lightbox=\"yes\" data-elementor-lightbox-title=\"97\" data-e-action-hash=\"#elementor-action%3Aaction%3Dlightbox%26settings%3DeyJpZCI6MTE0MCwidXJsIjoiaHR0cHM6XC9cLzIwMjQud3dpaS1yZWZ1Z2Vlcy5lZVwvd3AtY29udGVudFwvdXBsb2Fkc1wvMjAyNFwvMTJcLzk3LnBuZyJ9\">\n\t\t\t\t\t\t\t<img loading=\"lazy\" decoding=\"async\" width=\"698\" height=\"1024\" src=\"https:\/\/2024.wwii-refugees.ee\/wp-content\/uploads\/2024\/12\/97-698x1024.png\" class=\"attachment-large size-large wp-image-1140\" alt=\"\" srcset=\"https:\/\/2024.wwii-refugees.ee\/wp-content\/uploads\/2024\/12\/97-698x1024.png 698w, https:\/\/2024.wwii-refugees.ee\/wp-content\/uploads\/2024\/12\/97-205x300.png 205w, https:\/\/2024.wwii-refugees.ee\/wp-content\/uploads\/2024\/12\/97.png 766w\" sizes=\"(max-width: 698px) 100vw, 698px\" \/>\t\t\t\t\t\t\t\t<\/a>\n\t\t\t\t\t\t\t\t\t\t\t\t\t\t\t<\/div>\n\t\t\t\t<\/div>\n\t\t\t\t<\/div>\n\t\t\t\t\t<\/div>\n\t\t\t\t<\/div>\n\t\t<div class=\"elementor-element elementor-element-fd3f61d e-flex e-con-boxed e-con e-parent\" data-id=\"fd3f61d\" data-element_type=\"container\" data-e-type=\"container\" data-settings=\"{&quot;background_background&quot;:&quot;gradient&quot;}\">\n\t\t\t\t\t<div class=\"e-con-inner\">\n\t\t<div class=\"elementor-element elementor-element-9ff3b3f e-con-full e-flex e-con e-child\" data-id=\"9ff3b3f\" data-element_type=\"container\" data-e-type=\"container\">\n\t\t\t\t<div class=\"elementor-element elementor-element-b57db48 elementor-invisible elementor-widget elementor-widget-image\" data-id=\"b57db48\" data-element_type=\"widget\" data-e-type=\"widget\" data-settings=\"{&quot;_animation&quot;:&quot;fadeInRight&quot;}\" data-widget_type=\"image.default\">\n\t\t\t\t<div class=\"elementor-widget-container\">\n\t\t\t\t\t\t\t\t\t\t\t\t\t\t\t\t<a href=\"https:\/\/2024.wwii-refugees.ee\/wp-content\/uploads\/2024\/12\/98.png\" data-elementor-open-lightbox=\"yes\" data-elementor-lightbox-title=\"98\" data-e-action-hash=\"#elementor-action%3Aaction%3Dlightbox%26settings%3DeyJpZCI6MTE0MSwidXJsIjoiaHR0cHM6XC9cLzIwMjQud3dpaS1yZWZ1Z2Vlcy5lZVwvd3AtY29udGVudFwvdXBsb2Fkc1wvMjAyNFwvMTJcLzk4LnBuZyJ9\">\n\t\t\t\t\t\t\t<img loading=\"lazy\" decoding=\"async\" width=\"1309\" height=\"955\" src=\"https:\/\/2024.wwii-refugees.ee\/wp-content\/uploads\/2024\/12\/98.png\" class=\"attachment-full size-full wp-image-1141\" alt=\"\" srcset=\"https:\/\/2024.wwii-refugees.ee\/wp-content\/uploads\/2024\/12\/98.png 1309w, https:\/\/2024.wwii-refugees.ee\/wp-content\/uploads\/2024\/12\/98-300x219.png 300w, https:\/\/2024.wwii-refugees.ee\/wp-content\/uploads\/2024\/12\/98-1024x747.png 1024w, https:\/\/2024.wwii-refugees.ee\/wp-content\/uploads\/2024\/12\/98-768x560.png 768w\" sizes=\"(max-width: 1309px) 100vw, 1309px\" \/>\t\t\t\t\t\t\t\t<\/a>\n\t\t\t\t\t\t\t\t\t\t\t\t\t\t\t<\/div>\n\t\t\t\t<\/div>\n\t\t\t\t<\/div>\n\t\t<div class=\"elementor-element elementor-element-0e77b8f e-con-full e-flex e-con e-child\" data-id=\"0e77b8f\" data-element_type=\"container\" data-e-type=\"container\">\n\t\t<div class=\"elementor-element elementor-element-120293b e-con-full e-flex e-con e-child\" data-id=\"120293b\" data-element_type=\"container\" data-e-type=\"container\" data-settings=\"{&quot;background_background&quot;:&quot;gradient&quot;}\">\n\t\t\t\t<div class=\"elementor-element elementor-element-8153a4d elementor-invisible elementor-widget elementor-widget-text-editor\" data-id=\"8153a4d\" data-element_type=\"widget\" data-e-type=\"widget\" data-settings=\"{&quot;_animation&quot;:&quot;fadeInLeft&quot;}\" data-widget_type=\"text-editor.default\">\n\t\t\t\t<div class=\"elementor-widget-container\">\n\t\t\t\t\t\t\t\t\t<p style=\"text-align: justify;\"><strong>Balti saarte s\u00f5jav\u00e4ekomandandi kindralleitnant Hans Hugo Schirmeri (1888\u20131955) teadaanne 3. oktoobril 1944 Kuressaare ja Saaremaa elanikkonnale kohustusest asuda karistuse \u00e4hvardusel t\u00f6\u00f6le oma senisel t\u00f6\u00f6kohal.<\/strong><\/p><p style=\"text-align: justify;\">Announcement issued on 3 October 1944 by Lieutenant General Hans Hugo Schirmer (1888\u20131955), the military commandant of the Baltic islands, to the population of Kuressaare and Saaremaa on the duty to set to work at their former jobs on threat of punishment.<\/p><p style=\"text-align: right;\"><strong>Illustratsioon \/ illustration: SM<\/strong><\/p>\t\t\t\t\t\t\t\t<\/div>\n\t\t\t\t<\/div>\n\t\t\t\t<\/div>\n\t\t\t\t<\/div>\n\t\t\t\t\t<\/div>\n\t\t\t\t<\/div>\n\t\t<div class=\"elementor-element elementor-element-9deb884 e-flex e-con-boxed e-con e-parent\" data-id=\"9deb884\" data-element_type=\"container\" data-e-type=\"container\">\n\t\t\t\t\t<div class=\"e-con-inner\">\n\t\t\t\t<div class=\"elementor-element elementor-element-60d6e87 elementor-invisible elementor-widget elementor-widget-text-editor\" data-id=\"60d6e87\" data-element_type=\"widget\" data-e-type=\"widget\" data-settings=\"{&quot;_animation&quot;:&quot;slideInLeft&quot;}\" data-widget_type=\"text-editor.default\">\n\t\t\t\t<div class=\"elementor-widget-container\">\n\t\t\t\t\t\t\t\t\t<p style=\"text-align: justify;\"><span style=\"color: #397c99;\"><strong>Juba aasta alguses p\u00f6\u00f6rdusid paljud saarlased tagasi kodusaarele. Suurem p\u00f5genikelaine saabus seoses Tallinna pommitamisega 9. m\u00e4rtsil. Eesti Rahva \u00dchisabi avas h\u00e4daliste tarbeks Kuressaares \u00f6\u00f6maja, kust need edasi maale taludesse suunati. Samas soovitati ka kuressaarlastel endil maal elavad sugulased ja tuttavad \u00fcles otsida, et v\u00f5imalike \u00f5hur\u00fcnnakute eest rettu minna.<\/strong><\/span><\/p>\t\t\t\t\t\t\t\t<\/div>\n\t\t\t\t<\/div>\n\t\t\t\t\t<\/div>\n\t\t\t\t<\/div>\n\t\t<div class=\"elementor-element elementor-element-6f99b18 e-flex e-con-boxed e-con e-parent\" data-id=\"6f99b18\" data-element_type=\"container\" data-e-type=\"container\">\n\t\t\t\t\t<div class=\"e-con-inner\">\n\t\t\t\t<div class=\"elementor-element elementor-element-9b42c1b elementor-invisible elementor-widget elementor-widget-text-editor\" data-id=\"9b42c1b\" data-element_type=\"widget\" data-e-type=\"widget\" data-settings=\"{&quot;_animation&quot;:&quot;slideInRight&quot;}\" data-widget_type=\"text-editor.default\">\n\t\t\t\t<div class=\"elementor-widget-container\">\n\t\t\t\t\t\t\t\t\t<p style=\"text-align: justify;\"><span style=\"color: #a3bccd;\">Many Saaremaa islanders already returned to their home island at the start of the year. The largest wave of refugees arrived in connection with the bombing of Tallinn on 9 March. Eesti Rahva \u00dchisabi (Cooperative aid for the Estonian people) opened a boarding house in Kuressaare for people in need, from where they were sent onward to farms in the countryside. At the same time, it was also recommended to Kuressaare residents themselves to seek out relatives and friends living in the country side, where they could go to escape possible air raids.<\/span><\/p>\t\t\t\t\t\t\t\t<\/div>\n\t\t\t\t<\/div>\n\t\t\t\t\t<\/div>\n\t\t\t\t<\/div>\n\t\t<div class=\"elementor-element elementor-element-c311d95 e-flex e-con-boxed e-con e-parent\" data-id=\"c311d95\" data-element_type=\"container\" data-e-type=\"container\">\n\t\t\t\t\t<div class=\"e-con-inner\">\n\t\t<div class=\"elementor-element elementor-element-9eacd2b e-con-full e-flex e-con e-child\" data-id=\"9eacd2b\" data-element_type=\"container\" data-e-type=\"container\">\n\t\t\t\t<div class=\"elementor-element elementor-element-b4c3d87 elementor-invisible elementor-widget elementor-widget-text-editor\" data-id=\"b4c3d87\" data-element_type=\"widget\" data-e-type=\"widget\" data-settings=\"{&quot;_animation&quot;:&quot;fadeInRight&quot;}\" data-widget_type=\"text-editor.default\">\n\t\t\t\t<div class=\"elementor-widget-container\">\n\t\t\t\t\t\t\t\t\t<p style=\"text-align: justify;\"><strong><span style=\"color: #397c99;\">Tallinna Linnavalitsuse korteriameti v\u00e4lja antud evakueerimist\u00f5end Tallinnast Saaremaale, 24. m\u00e4rts 1944. Jelisaveta Adosoni (Tang) korter Tallinnas \u00d5una tn maja number 9 h\u00e4vis 9. m\u00e4rtsi pommitamisel.<\/span><\/strong><\/p><p style=\"text-align: justify;\"><span style=\"color: #a3bccd;\">Evacuation certifi cate from Tallinn to Saaremaa issued by Tallinn\u2019s Municipal Government Apartment Administration, 24 March 1944. Jelisaveta Adoson\u2019s (Tang) apartment in Tallinn in building no. 9 on \u00d5una Street was destroyed in the bombing of 9 March.<\/span><\/p><p style=\"text-align: right;\"><span style=\"color: #397c99;\"><strong>\u00a0<\/strong><\/span><\/p><p style=\"text-align: right;\"><span style=\"color: #397c99;\"><strong>Illustratsioon \/ illustration: SM\u00a0<\/strong><\/span><\/p><p style=\"text-align: right;\"><span style=\"color: #397c99;\"><strong>\u00a0 <br \/><\/strong><\/span><\/p>\t\t\t\t\t\t\t\t<\/div>\n\t\t\t\t<\/div>\n\t\t\t\t<\/div>\n\t\t<div class=\"elementor-element elementor-element-6aad54f e-con-full e-flex e-con e-child\" data-id=\"6aad54f\" data-element_type=\"container\" data-e-type=\"container\">\n\t\t\t\t<div class=\"elementor-element elementor-element-711fd8b elementor-invisible elementor-widget elementor-widget-image\" data-id=\"711fd8b\" data-element_type=\"widget\" data-e-type=\"widget\" data-settings=\"{&quot;_animation&quot;:&quot;fadeInLeft&quot;}\" data-widget_type=\"image.default\">\n\t\t\t\t<div class=\"elementor-widget-container\">\n\t\t\t\t\t\t\t\t\t\t\t\t\t\t\t\t<a href=\"https:\/\/2024.wwii-refugees.ee\/wp-content\/uploads\/2024\/12\/99.png\" data-elementor-open-lightbox=\"yes\" data-elementor-lightbox-title=\"99\" data-e-action-hash=\"#elementor-action%3Aaction%3Dlightbox%26settings%3DeyJpZCI6MTE0MiwidXJsIjoiaHR0cHM6XC9cLzIwMjQud3dpaS1yZWZ1Z2Vlcy5lZVwvd3AtY29udGVudFwvdXBsb2Fkc1wvMjAyNFwvMTJcLzk5LnBuZyJ9\">\n\t\t\t\t\t\t\t<img loading=\"lazy\" decoding=\"async\" width=\"901\" height=\"694\" src=\"https:\/\/2024.wwii-refugees.ee\/wp-content\/uploads\/2024\/12\/99.png\" class=\"attachment-large size-large wp-image-1142\" alt=\"\" srcset=\"https:\/\/2024.wwii-refugees.ee\/wp-content\/uploads\/2024\/12\/99.png 901w, https:\/\/2024.wwii-refugees.ee\/wp-content\/uploads\/2024\/12\/99-300x231.png 300w, https:\/\/2024.wwii-refugees.ee\/wp-content\/uploads\/2024\/12\/99-768x592.png 768w\" sizes=\"(max-width: 901px) 100vw, 901px\" \/>\t\t\t\t\t\t\t\t<\/a>\n\t\t\t\t\t\t\t\t\t\t\t\t\t\t\t<\/div>\n\t\t\t\t<\/div>\n\t\t\t\t<\/div>\n\t\t\t\t\t<\/div>\n\t\t\t\t<\/div>\n\t\t<div class=\"elementor-element elementor-element-4832827 e-flex e-con-boxed e-con e-parent\" data-id=\"4832827\" data-element_type=\"container\" data-e-type=\"container\">\n\t\t\t\t\t<div class=\"e-con-inner\">\n\t\t\t\t<div class=\"elementor-element elementor-element-560fae7 elementor-invisible elementor-widget elementor-widget-text-editor\" data-id=\"560fae7\" data-element_type=\"widget\" data-e-type=\"widget\" data-settings=\"{&quot;_animation&quot;:&quot;slideInLeft&quot;}\" data-widget_type=\"text-editor.default\">\n\t\t\t\t<div class=\"elementor-widget-container\">\n\t\t\t\t\t\t\t\t\t<p style=\"text-align: justify;\"><span style=\"color: #397c99;\"><strong>S\u00fcgisel tulvas rinde ees mandrilt Saaremaale palju p\u00f5genikke, ujutades \u00fcles\u00f5idu v\u00f5imalusi otsides \u00fcle rannak\u00fclad. Nende autodel ja hobu vankritel kaasa toodud varandus vaadati p\u00f5hjalikult l\u00e4bi, v\u00e4hev\u00e4\u00e4rtuslikum osa sellest j\u00e4eti kohalikele elanikele. Paljud olid sunnitud paadipuudusel koju tagasi minema.<\/strong><\/span><\/p>\t\t\t\t\t\t\t\t<\/div>\n\t\t\t\t<\/div>\n\t\t\t\t\t<\/div>\n\t\t\t\t<\/div>\n\t\t<div class=\"elementor-element elementor-element-ff882c2 e-flex e-con-boxed e-con e-parent\" data-id=\"ff882c2\" data-element_type=\"container\" data-e-type=\"container\">\n\t\t\t\t\t<div class=\"e-con-inner\">\n\t\t\t\t<div class=\"elementor-element elementor-element-f1528a2 elementor-invisible elementor-widget elementor-widget-text-editor\" data-id=\"f1528a2\" data-element_type=\"widget\" data-e-type=\"widget\" data-settings=\"{&quot;_animation&quot;:&quot;slideInRight&quot;}\" data-widget_type=\"text-editor.default\">\n\t\t\t\t<div class=\"elementor-widget-container\">\n\t\t\t\t\t\t\t\t\t<p style=\"text-align: justify;\"><span style=\"color: #a3bccd;\">In the autumn, many refugees flooded from the mainland to Saaremaa ahead of the front, inundating the coastal hamlets in search of possibilities for crossing the sea. In those hamlets, people sorted through the property that had been brought along in automobiles and horse carriages. Less valuable items were left to local people. Many people were forced to return home because they could not find a boat for crossing the sea.<\/span><\/p>\t\t\t\t\t\t\t\t<\/div>\n\t\t\t\t<\/div>\n\t\t\t\t\t<\/div>\n\t\t\t\t<\/div>\n\t\t<div class=\"elementor-element elementor-element-c87521a e-flex e-con-boxed e-con e-parent\" data-id=\"c87521a\" data-element_type=\"container\" data-e-type=\"container\" data-settings=\"{&quot;background_background&quot;:&quot;gradient&quot;}\">\n\t\t\t\t\t<div class=\"e-con-inner\">\n\t\t<div class=\"elementor-element elementor-element-131f3ce e-con-full e-flex e-con e-child\" data-id=\"131f3ce\" data-element_type=\"container\" data-e-type=\"container\">\n\t\t\t\t<div class=\"elementor-element elementor-element-1aac2b5 elementor-invisible elementor-widget elementor-widget-image\" data-id=\"1aac2b5\" data-element_type=\"widget\" data-e-type=\"widget\" data-settings=\"{&quot;_animation&quot;:&quot;fadeInRight&quot;}\" data-widget_type=\"image.default\">\n\t\t\t\t<div class=\"elementor-widget-container\">\n\t\t\t\t\t\t\t\t\t\t\t\t\t\t\t\t<a href=\"https:\/\/2024.wwii-refugees.ee\/wp-content\/uploads\/2024\/12\/100.png\" data-elementor-open-lightbox=\"yes\" data-elementor-lightbox-title=\"100\" data-e-action-hash=\"#elementor-action%3Aaction%3Dlightbox%26settings%3DeyJpZCI6MTE0MywidXJsIjoiaHR0cHM6XC9cLzIwMjQud3dpaS1yZWZ1Z2Vlcy5lZVwvd3AtY29udGVudFwvdXBsb2Fkc1wvMjAyNFwvMTJcLzEwMC5wbmcifQ%3D%3D\">\n\t\t\t\t\t\t\t<img loading=\"lazy\" decoding=\"async\" width=\"1548\" height=\"955\" src=\"https:\/\/2024.wwii-refugees.ee\/wp-content\/uploads\/2024\/12\/100.png\" class=\"attachment-full size-full wp-image-1143\" alt=\"\" srcset=\"https:\/\/2024.wwii-refugees.ee\/wp-content\/uploads\/2024\/12\/100.png 1548w, https:\/\/2024.wwii-refugees.ee\/wp-content\/uploads\/2024\/12\/100-300x185.png 300w, https:\/\/2024.wwii-refugees.ee\/wp-content\/uploads\/2024\/12\/100-1024x632.png 1024w, https:\/\/2024.wwii-refugees.ee\/wp-content\/uploads\/2024\/12\/100-768x474.png 768w, https:\/\/2024.wwii-refugees.ee\/wp-content\/uploads\/2024\/12\/100-1536x948.png 1536w\" sizes=\"(max-width: 1548px) 100vw, 1548px\" \/>\t\t\t\t\t\t\t\t<\/a>\n\t\t\t\t\t\t\t\t\t\t\t\t\t\t\t<\/div>\n\t\t\t\t<\/div>\n\t\t\t\t<\/div>\n\t\t<div class=\"elementor-element elementor-element-7f70182 e-con-full e-flex e-con e-child\" data-id=\"7f70182\" data-element_type=\"container\" data-e-type=\"container\">\n\t\t<div class=\"elementor-element elementor-element-b4d2c12 e-con-full e-flex e-con e-child\" data-id=\"b4d2c12\" data-element_type=\"container\" data-e-type=\"container\" data-settings=\"{&quot;background_background&quot;:&quot;gradient&quot;}\">\n\t\t\t\t<div class=\"elementor-element elementor-element-2cec7fd elementor-invisible elementor-widget elementor-widget-text-editor\" data-id=\"2cec7fd\" data-element_type=\"widget\" data-e-type=\"widget\" data-settings=\"{&quot;_animation&quot;:&quot;fadeInLeft&quot;}\" data-widget_type=\"text-editor.default\">\n\t\t\t\t<div class=\"elementor-widget-container\">\n\t\t\t\t\t\t\t\t\t<p style=\"text-align: justify;\"><strong>P\u00f5genikud Saaremaal septembris 1944. (4 pilti)<br \/><\/strong><\/p><p style=\"text-align: justify;\">Refugees in Saaremaa in September of 1944. (4 photos)<\/p><p style=\"text-align: right;\"><strong>Illustratsioon \/ illustration: RA<br \/><\/strong><\/p>\t\t\t\t\t\t\t\t<\/div>\n\t\t\t\t<\/div>\n\t\t\t\t<\/div>\n\t\t\t\t<\/div>\n\t\t\t\t\t<\/div>\n\t\t\t\t<\/div>\n\t\t<div class=\"elementor-element elementor-element-07f6a25 e-flex e-con-boxed e-con e-parent\" data-id=\"07f6a25\" data-element_type=\"container\" data-e-type=\"container\">\n\t\t\t\t\t<div class=\"e-con-inner\">\n\t\t<div class=\"elementor-element elementor-element-3fb7040 e-con-full e-flex e-con e-child\" data-id=\"3fb7040\" data-element_type=\"container\" data-e-type=\"container\">\n\t\t\t\t<\/div>\n\t\t<div class=\"elementor-element elementor-element-3408cdf e-con-full e-flex e-con e-child\" data-id=\"3408cdf\" data-element_type=\"container\" data-e-type=\"container\">\n\t\t\t\t<div class=\"elementor-element elementor-element-40eae4a elementor-invisible elementor-widget elementor-widget-image\" data-id=\"40eae4a\" data-element_type=\"widget\" data-e-type=\"widget\" data-settings=\"{&quot;_animation&quot;:&quot;fadeInLeft&quot;}\" data-widget_type=\"image.default\">\n\t\t\t\t<div class=\"elementor-widget-container\">\n\t\t\t\t\t\t\t\t\t\t\t\t\t\t\t\t<a href=\"https:\/\/2024.wwii-refugees.ee\/wp-content\/uploads\/2024\/12\/101.png\" data-elementor-open-lightbox=\"yes\" data-elementor-lightbox-title=\"101\" data-e-action-hash=\"#elementor-action%3Aaction%3Dlightbox%26settings%3DeyJpZCI6MTE0NCwidXJsIjoiaHR0cHM6XC9cLzIwMjQud3dpaS1yZWZ1Z2Vlcy5lZVwvd3AtY29udGVudFwvdXBsb2Fkc1wvMjAyNFwvMTJcLzEwMS5wbmcifQ%3D%3D\">\n\t\t\t\t\t\t\t<img loading=\"lazy\" decoding=\"async\" width=\"1024\" height=\"676\" src=\"https:\/\/2024.wwii-refugees.ee\/wp-content\/uploads\/2024\/12\/101-1024x676.png\" class=\"attachment-large size-large wp-image-1144\" alt=\"\" srcset=\"https:\/\/2024.wwii-refugees.ee\/wp-content\/uploads\/2024\/12\/101-1024x676.png 1024w, https:\/\/2024.wwii-refugees.ee\/wp-content\/uploads\/2024\/12\/101-300x198.png 300w, https:\/\/2024.wwii-refugees.ee\/wp-content\/uploads\/2024\/12\/101-768x507.png 768w, https:\/\/2024.wwii-refugees.ee\/wp-content\/uploads\/2024\/12\/101-1536x1014.png 1536w, https:\/\/2024.wwii-refugees.ee\/wp-content\/uploads\/2024\/12\/101.png 1550w\" sizes=\"(max-width: 1024px) 100vw, 1024px\" \/>\t\t\t\t\t\t\t\t<\/a>\n\t\t\t\t\t\t\t\t\t\t\t\t\t\t\t<\/div>\n\t\t\t\t<\/div>\n\t\t\t\t<\/div>\n\t\t\t\t\t<\/div>\n\t\t\t\t<\/div>\n\t\t<div class=\"elementor-element elementor-element-43bff53 e-flex e-con-boxed e-con e-parent\" data-id=\"43bff53\" data-element_type=\"container\" data-e-type=\"container\" data-settings=\"{&quot;background_background&quot;:&quot;gradient&quot;}\">\n\t\t\t\t\t<div class=\"e-con-inner\">\n\t\t<div class=\"elementor-element elementor-element-f5ff99e e-con-full e-flex e-con e-child\" data-id=\"f5ff99e\" data-element_type=\"container\" data-e-type=\"container\">\n\t\t\t\t<div class=\"elementor-element elementor-element-4f5495c elementor-invisible elementor-widget elementor-widget-image\" data-id=\"4f5495c\" data-element_type=\"widget\" data-e-type=\"widget\" data-settings=\"{&quot;_animation&quot;:&quot;fadeInRight&quot;}\" data-widget_type=\"image.default\">\n\t\t\t\t<div class=\"elementor-widget-container\">\n\t\t\t\t\t\t\t\t\t\t\t\t\t\t\t\t<a href=\"https:\/\/2024.wwii-refugees.ee\/wp-content\/uploads\/2024\/12\/102.png\" data-elementor-open-lightbox=\"yes\" data-elementor-lightbox-title=\"102\" data-e-action-hash=\"#elementor-action%3Aaction%3Dlightbox%26settings%3DeyJpZCI6MTE0NSwidXJsIjoiaHR0cHM6XC9cLzIwMjQud3dpaS1yZWZ1Z2Vlcy5lZVwvd3AtY29udGVudFwvdXBsb2Fkc1wvMjAyNFwvMTJcLzEwMi5wbmcifQ%3D%3D\">\n\t\t\t\t\t\t\t<img loading=\"lazy\" decoding=\"async\" width=\"1562\" height=\"1097\" src=\"https:\/\/2024.wwii-refugees.ee\/wp-content\/uploads\/2024\/12\/102.png\" class=\"attachment-full size-full wp-image-1145\" alt=\"\" srcset=\"https:\/\/2024.wwii-refugees.ee\/wp-content\/uploads\/2024\/12\/102.png 1562w, https:\/\/2024.wwii-refugees.ee\/wp-content\/uploads\/2024\/12\/102-300x211.png 300w, https:\/\/2024.wwii-refugees.ee\/wp-content\/uploads\/2024\/12\/102-1024x719.png 1024w, https:\/\/2024.wwii-refugees.ee\/wp-content\/uploads\/2024\/12\/102-768x539.png 768w, https:\/\/2024.wwii-refugees.ee\/wp-content\/uploads\/2024\/12\/102-1536x1079.png 1536w\" sizes=\"(max-width: 1562px) 100vw, 1562px\" \/>\t\t\t\t\t\t\t\t<\/a>\n\t\t\t\t\t\t\t\t\t\t\t\t\t\t\t<\/div>\n\t\t\t\t<\/div>\n\t\t\t\t<\/div>\n\t\t<div class=\"elementor-element elementor-element-08ec6f2 e-con-full e-flex e-con e-child\" data-id=\"08ec6f2\" data-element_type=\"container\" data-e-type=\"container\">\n\t\t<div class=\"elementor-element elementor-element-d8f2f1f e-con-full e-flex e-con e-child\" data-id=\"d8f2f1f\" data-element_type=\"container\" data-e-type=\"container\" data-settings=\"{&quot;background_background&quot;:&quot;gradient&quot;}\">\n\t\t\t\t<\/div>\n\t\t\t\t<\/div>\n\t\t\t\t\t<\/div>\n\t\t\t\t<\/div>\n\t\t<div class=\"elementor-element elementor-element-1024e5d e-flex e-con-boxed e-con e-parent\" data-id=\"1024e5d\" data-element_type=\"container\" data-e-type=\"container\">\n\t\t\t\t\t<div class=\"e-con-inner\">\n\t\t<div class=\"elementor-element elementor-element-7bc34c5 e-con-full e-flex e-con e-child\" data-id=\"7bc34c5\" data-element_type=\"container\" data-e-type=\"container\">\n\t\t\t\t<div class=\"elementor-element elementor-element-96c7928 elementor-invisible elementor-widget elementor-widget-text-editor\" data-id=\"96c7928\" data-element_type=\"widget\" data-e-type=\"widget\" data-settings=\"{&quot;_animation&quot;:&quot;fadeInRight&quot;}\" data-widget_type=\"text-editor.default\">\n\t\t\t\t<div class=\"elementor-widget-container\">\n\t\t\t\t\t\t\t\t\t<p style=\"text-align: justify;\"><strong><span style=\"color: #397c99;\">P\u00f5genikud Saaremaal septembris 1944.<\/span><\/strong><\/p><p style=\"text-align: justify;\"><span style=\"color: #a3bccd;\">Refugees in Saaremaa in September of 1944.<\/span><\/p><p style=\"text-align: right;\"><span style=\"color: #397c99;\"><strong>\u00a0<\/strong><\/span><\/p><p style=\"text-align: right;\"><span style=\"color: #397c99;\"><strong>Illustratsioon \/ illustration: RA\u00a0<\/strong><\/span><\/p><p style=\"text-align: right;\"><span style=\"color: #397c99;\"><strong>\u00a0 <br \/><\/strong><\/span><\/p>\t\t\t\t\t\t\t\t<\/div>\n\t\t\t\t<\/div>\n\t\t\t\t<\/div>\n\t\t<div class=\"elementor-element elementor-element-36a6b90 e-con-full e-flex e-con e-child\" data-id=\"36a6b90\" data-element_type=\"container\" data-e-type=\"container\">\n\t\t\t\t<div class=\"elementor-element elementor-element-e3f58c0 elementor-invisible elementor-widget elementor-widget-image\" data-id=\"e3f58c0\" data-element_type=\"widget\" data-e-type=\"widget\" data-settings=\"{&quot;_animation&quot;:&quot;fadeInLeft&quot;}\" data-widget_type=\"image.default\">\n\t\t\t\t<div class=\"elementor-widget-container\">\n\t\t\t\t\t\t\t\t\t\t\t\t\t\t\t\t<a href=\"https:\/\/2024.wwii-refugees.ee\/wp-content\/uploads\/2024\/12\/103.png\" data-elementor-open-lightbox=\"yes\" data-elementor-lightbox-title=\"103\" data-e-action-hash=\"#elementor-action%3Aaction%3Dlightbox%26settings%3DeyJpZCI6MTE0NiwidXJsIjoiaHR0cHM6XC9cLzIwMjQud3dpaS1yZWZ1Z2Vlcy5lZVwvd3AtY29udGVudFwvdXBsb2Fkc1wvMjAyNFwvMTJcLzEwMy5wbmcifQ%3D%3D\">\n\t\t\t\t\t\t\t<img loading=\"lazy\" decoding=\"async\" width=\"1024\" height=\"618\" src=\"https:\/\/2024.wwii-refugees.ee\/wp-content\/uploads\/2024\/12\/103-1024x618.png\" class=\"attachment-large size-large wp-image-1146\" alt=\"\" srcset=\"https:\/\/2024.wwii-refugees.ee\/wp-content\/uploads\/2024\/12\/103-1024x618.png 1024w, https:\/\/2024.wwii-refugees.ee\/wp-content\/uploads\/2024\/12\/103-300x181.png 300w, https:\/\/2024.wwii-refugees.ee\/wp-content\/uploads\/2024\/12\/103-768x464.png 768w, https:\/\/2024.wwii-refugees.ee\/wp-content\/uploads\/2024\/12\/103-1536x928.png 1536w, https:\/\/2024.wwii-refugees.ee\/wp-content\/uploads\/2024\/12\/103.png 1550w\" sizes=\"(max-width: 1024px) 100vw, 1024px\" \/>\t\t\t\t\t\t\t\t<\/a>\n\t\t\t\t\t\t\t\t\t\t\t\t\t\t\t<\/div>\n\t\t\t\t<\/div>\n\t\t\t\t<\/div>\n\t\t\t\t\t<\/div>\n\t\t\t\t<\/div>\n\t\t<div class=\"elementor-element elementor-element-602ee23 e-flex e-con-boxed e-con e-parent\" data-id=\"602ee23\" data-element_type=\"container\" data-e-type=\"container\">\n\t\t\t\t\t<div class=\"e-con-inner\">\n\t\t\t\t<div class=\"elementor-element elementor-element-1f49d50 elementor-widget elementor-widget-image\" data-id=\"1f49d50\" data-element_type=\"widget\" data-e-type=\"widget\" data-widget_type=\"image.default\">\n\t\t\t\t<div class=\"elementor-widget-container\">\n\t\t\t\t\t\t\t\t\t\t\t\t\t\t\t<img fetchpriority=\"high\" decoding=\"async\" width=\"8667\" height=\"334\" src=\"https:\/\/2024.wwii-refugees.ee\/wp-content\/uploads\/2024\/04\/WWII_refugees_visuals_LAINE_3.png\" class=\"attachment-full size-full wp-image-121\" alt=\"\" srcset=\"https:\/\/2024.wwii-refugees.ee\/wp-content\/uploads\/2024\/04\/WWII_refugees_visuals_LAINE_3.png 8667w, https:\/\/2024.wwii-refugees.ee\/wp-content\/uploads\/2024\/04\/WWII_refugees_visuals_LAINE_3-300x12.png 300w, https:\/\/2024.wwii-refugees.ee\/wp-content\/uploads\/2024\/04\/WWII_refugees_visuals_LAINE_3-1024x39.png 1024w, https:\/\/2024.wwii-refugees.ee\/wp-content\/uploads\/2024\/04\/WWII_refugees_visuals_LAINE_3-768x30.png 768w, https:\/\/2024.wwii-refugees.ee\/wp-content\/uploads\/2024\/04\/WWII_refugees_visuals_LAINE_3-1536x59.png 1536w, https:\/\/2024.wwii-refugees.ee\/wp-content\/uploads\/2024\/04\/WWII_refugees_visuals_LAINE_3-2048x79.png 2048w\" sizes=\"(max-width: 8667px) 100vw, 8667px\" \/>\t\t\t\t\t\t\t\t\t\t\t\t\t\t\t<\/div>\n\t\t\t\t<\/div>\n\t\t\t\t\t<\/div>\n\t\t\t\t<\/div>\n\t\t<div class=\"elementor-element elementor-element-156e362 e-flex e-con-boxed e-con e-parent\" data-id=\"156e362\" data-element_type=\"container\" data-e-type=\"container\">\n\t\t\t\t\t<div class=\"e-con-inner\">\n\t\t\t\t<div class=\"elementor-element elementor-element-4dfc10e elementor-widget-divider--view-line elementor-widget elementor-widget-divider\" data-id=\"4dfc10e\" data-element_type=\"widget\" data-e-type=\"widget\" data-widget_type=\"divider.default\">\n\t\t\t\t<div class=\"elementor-widget-container\">\n\t\t\t\t\t\t\t<div class=\"elementor-divider\">\n\t\t\t<span class=\"elementor-divider-separator\">\n\t\t\t\t\t\t<\/span>\n\t\t<\/div>\n\t\t\t\t\t\t<\/div>\n\t\t\t\t<\/div>\n\t\t\t\t\t<\/div>\n\t\t\t\t<\/div>\n\t\t<div class=\"elementor-element elementor-element-890df45 e-flex e-con-boxed e-con e-parent\" data-id=\"890df45\" data-element_type=\"container\" data-e-type=\"container\">\n\t\t\t\t\t<div class=\"e-con-inner\">\n\t\t\t\t<div class=\"elementor-element elementor-element-7dd61f2 elementor-widget elementor-widget-heading\" data-id=\"7dd61f2\" data-element_type=\"widget\" data-e-type=\"widget\" data-widget_type=\"heading.default\">\n\t\t\t\t<div class=\"elementor-widget-container\">\n\t\t\t\t\t<h2 class=\"elementor-heading-title elementor-size-default\">P\u00d5GENEMINE<\/h2>\t\t\t\t<\/div>\n\t\t\t\t<\/div>\n\t\t\t\t\t<\/div>\n\t\t\t\t<\/div>\n\t\t<div class=\"elementor-element elementor-element-1c45137 e-flex e-con-boxed e-con e-parent\" data-id=\"1c45137\" data-element_type=\"container\" data-e-type=\"container\">\n\t\t\t\t\t<div class=\"e-con-inner\">\n\t\t\t\t<div class=\"elementor-element elementor-element-5762b80 elementor-widget elementor-widget-heading\" data-id=\"5762b80\" data-element_type=\"widget\" data-e-type=\"widget\" data-widget_type=\"heading.default\">\n\t\t\t\t<div class=\"elementor-widget-container\">\n\t\t\t\t\t<h3 class=\"elementor-heading-title elementor-size-default\">FLIGHT<\/h3>\t\t\t\t<\/div>\n\t\t\t\t<\/div>\n\t\t\t\t\t<\/div>\n\t\t\t\t<\/div>\n\t\t<div class=\"elementor-element elementor-element-f40f9ba e-flex e-con-boxed e-con e-parent\" data-id=\"f40f9ba\" data-element_type=\"container\" data-e-type=\"container\">\n\t\t\t\t\t<div class=\"e-con-inner\">\n\t\t\t\t<div class=\"elementor-element elementor-element-82afab2 elementor-invisible elementor-widget elementor-widget-text-editor\" data-id=\"82afab2\" data-element_type=\"widget\" data-e-type=\"widget\" data-settings=\"{&quot;_animation&quot;:&quot;slideInLeft&quot;}\" data-widget_type=\"text-editor.default\">\n\t\t\t\t<div class=\"elementor-widget-container\">\n\t\t\t\t\t\t\t\t\t<p style=\"text-align: justify;\"><span style=\"color: #397c99;\"><strong>1944. aasta septembris ja oktoobris toimus L\u00e4\u00e4ne-Eesti saartelt tsiviilelanikkonna massiline pagemine \u00fcle mere Rootsi. Hinnanguliselt p\u00f5genes kodumaalt umbes 6000 saarlast ja muhulast, seda oli m\u00e4rksa rohkem kui Eestist keskmiselt. Kui mitte arvestada rannarootslaste lahkumist, siis k\u00f5ige enam p\u00f5genikke oli Saaremaa l\u00e4\u00e4neranniku Kihelkonna ja L\u00fcmanda vallast \u2013 u 15% elanikkonnast. Saaremaa l\u00e4\u00e4neranniku v\u00e4ikesaared (Salava, Loonalaid jm) olid p\u00f5genemiseks v\u00e4ga sobivad kohad. L\u00e4him sihtkoht oli Rootsi Gotlandi saar, kus Slite sadama kaudu organiseeris p\u00f5genike \u00fclevedu kohapeal tegutsev Eesti Abistamisorganisatsioon. K\u00f5ige rohkem, tervelt kaheksa paati v\u00e4ljus Slitest Saaremaa suunas 4. oktoobril, s.o p\u00e4ev enne N\u00f5ukogude v\u00e4gede Saaremaale sissetungi. Eesti poolel maabus suurem osa paate Loonalaiule. Kokku p\u00e4\u00e4steti sel moel u 1500 p\u00f5genikku.<\/strong><\/span><\/p>\t\t\t\t\t\t\t\t<\/div>\n\t\t\t\t<\/div>\n\t\t\t\t\t<\/div>\n\t\t\t\t<\/div>\n\t\t<div class=\"elementor-element elementor-element-24a72e8 e-flex e-con-boxed e-con e-parent\" data-id=\"24a72e8\" data-element_type=\"container\" data-e-type=\"container\">\n\t\t\t\t\t<div class=\"e-con-inner\">\n\t\t\t\t<div class=\"elementor-element elementor-element-e12902d elementor-invisible elementor-widget elementor-widget-text-editor\" data-id=\"e12902d\" data-element_type=\"widget\" data-e-type=\"widget\" data-settings=\"{&quot;_animation&quot;:&quot;slideInRight&quot;}\" data-widget_type=\"text-editor.default\">\n\t\t\t\t<div class=\"elementor-widget-container\">\n\t\t\t\t\t\t\t\t\t<p style=\"text-align: justify;\"><span style=\"color: #a3bccd;\">In September and October of 1944, massive flight of the civilian population took place from the Western Estonian islands across the sea to Sweden. Roughly an estimated 6,000 islanders from Saaremaa and Muhumaa fled from their homeland. That was considerably more than from Estonia on average. Excluding the departure of the coastal Swedes, the most refugees were from Kihelkonna and L\u00fcmanda rural municipalities on the western coast of Saaremaa \u2013 about 15% of the population. The small islands along Saaremaa\u2019s western coast (Salava, Loonalaid, and others) were very suitable places for fleeing. The closest destination was the island of Gotland in Sweden, where the Eesti Abistamisorganisatsioon (Estonian Assistance Organisation) operated on site and organised the ferrying of refugees by way of Slite harbour. The most boats, altogether eight, departed from Slite headed for Saaremaa on 4 October, that is a day before the invasion of Saaremaa by Soviet forces. Most of the boats landed on the Estonian side on Loonalaid. About 1,500 refugees in total were rescued in that way.<\/span><\/p>\t\t\t\t\t\t\t\t<\/div>\n\t\t\t\t<\/div>\n\t\t\t\t\t<\/div>\n\t\t\t\t<\/div>\n\t\t<div class=\"elementor-element elementor-element-9999a22 e-flex e-con-boxed e-con e-parent\" data-id=\"9999a22\" data-element_type=\"container\" data-e-type=\"container\" data-settings=\"{&quot;background_background&quot;:&quot;gradient&quot;}\">\n\t\t\t\t\t<div class=\"e-con-inner\">\n\t\t<div class=\"elementor-element elementor-element-376a4df e-con-full e-flex e-con e-child\" data-id=\"376a4df\" data-element_type=\"container\" data-e-type=\"container\">\n\t\t\t\t<div class=\"elementor-element elementor-element-76a1e19 elementor-invisible elementor-widget elementor-widget-image\" data-id=\"76a1e19\" data-element_type=\"widget\" data-e-type=\"widget\" data-settings=\"{&quot;_animation&quot;:&quot;fadeInRight&quot;}\" data-widget_type=\"image.default\">\n\t\t\t\t<div class=\"elementor-widget-container\">\n\t\t\t\t\t\t\t\t\t\t\t\t\t\t\t\t<a href=\"https:\/\/2024.wwii-refugees.ee\/wp-content\/uploads\/2024\/12\/104.png\" data-elementor-open-lightbox=\"yes\" data-elementor-lightbox-title=\"104\" data-e-action-hash=\"#elementor-action%3Aaction%3Dlightbox%26settings%3DeyJpZCI6MTE0OCwidXJsIjoiaHR0cHM6XC9cLzIwMjQud3dpaS1yZWZ1Z2Vlcy5lZVwvd3AtY29udGVudFwvdXBsb2Fkc1wvMjAyNFwvMTJcLzEwNC5wbmcifQ%3D%3D\">\n\t\t\t\t\t\t\t<img loading=\"lazy\" decoding=\"async\" width=\"974\" height=\"680\" src=\"https:\/\/2024.wwii-refugees.ee\/wp-content\/uploads\/2024\/12\/104.png\" class=\"attachment-full size-full wp-image-1148\" alt=\"\" srcset=\"https:\/\/2024.wwii-refugees.ee\/wp-content\/uploads\/2024\/12\/104.png 974w, https:\/\/2024.wwii-refugees.ee\/wp-content\/uploads\/2024\/12\/104-300x209.png 300w, https:\/\/2024.wwii-refugees.ee\/wp-content\/uploads\/2024\/12\/104-768x536.png 768w\" sizes=\"(max-width: 974px) 100vw, 974px\" \/>\t\t\t\t\t\t\t\t<\/a>\n\t\t\t\t\t\t\t\t\t\t\t\t\t\t\t<\/div>\n\t\t\t\t<\/div>\n\t\t\t\t<\/div>\n\t\t<div class=\"elementor-element elementor-element-43b824a e-con-full e-flex e-con e-child\" data-id=\"43b824a\" data-element_type=\"container\" data-e-type=\"container\">\n\t\t<div class=\"elementor-element elementor-element-fc0a25d e-con-full e-flex e-con e-child\" data-id=\"fc0a25d\" data-element_type=\"container\" data-e-type=\"container\" data-settings=\"{&quot;background_background&quot;:&quot;gradient&quot;}\">\n\t\t\t\t<div class=\"elementor-element elementor-element-1282a1c elementor-invisible elementor-widget elementor-widget-text-editor\" data-id=\"1282a1c\" data-element_type=\"widget\" data-e-type=\"widget\" data-settings=\"{&quot;_animation&quot;:&quot;fadeInLeft&quot;}\" data-widget_type=\"text-editor.default\">\n\t\t\t\t<div class=\"elementor-widget-container\">\n\t\t\t\t\t\t\t\t\t<p style=\"text-align: justify;\"><strong>\u00c4ras\u00f5idu ootel p\u00f5genikud Salava saarel 1944. a.<\/strong><\/p><p style=\"text-align: justify;\">Refugees on Salava Island awaiting their departure, 1944.<\/p><p style=\"text-align: right;\"><strong>Illustratsioon \/ illustration: RA<br \/><\/strong><\/p>\t\t\t\t\t\t\t\t<\/div>\n\t\t\t\t<\/div>\n\t\t\t\t<\/div>\n\t\t\t\t<\/div>\n\t\t\t\t\t<\/div>\n\t\t\t\t<\/div>\n\t\t<div class=\"elementor-element elementor-element-5df6da0 e-flex e-con-boxed e-con e-parent\" data-id=\"5df6da0\" data-element_type=\"container\" data-e-type=\"container\">\n\t\t\t\t\t<div class=\"e-con-inner\">\n\t\t<div class=\"elementor-element elementor-element-1a328db e-con-full e-flex e-con e-child\" data-id=\"1a328db\" data-element_type=\"container\" data-e-type=\"container\">\n\t\t\t\t<div class=\"elementor-element elementor-element-b59caee elementor-invisible elementor-widget elementor-widget-text-editor\" data-id=\"b59caee\" data-element_type=\"widget\" data-e-type=\"widget\" data-settings=\"{&quot;_animation&quot;:&quot;fadeInRight&quot;}\" data-widget_type=\"text-editor.default\">\n\t\t\t\t<div class=\"elementor-widget-container\">\n\t\t\t\t\t\t\t\t\t<p style=\"text-align: justify;\"><strong><span style=\"color: #397c99;\">P\u00f5genike paadid Gotlandil 1944. a.<\/span><\/strong><\/p><p style=\"text-align: justify;\"><span style=\"color: #a3bccd;\">Refugee boats in Gotland, 1944.<\/span><\/p><p style=\"text-align: right;\"><span style=\"color: #397c99;\"><strong>\u00a0<\/strong><\/span><\/p><p style=\"text-align: right;\"><span style=\"color: #397c99;\"><strong>Illustratsioon \/ illustration: GM\u00a0<\/strong><\/span><\/p><p style=\"text-align: right;\"><span style=\"color: #397c99;\"><strong>\u00a0 <br \/><\/strong><\/span><\/p>\t\t\t\t\t\t\t\t<\/div>\n\t\t\t\t<\/div>\n\t\t\t\t<\/div>\n\t\t<div class=\"elementor-element elementor-element-513b834 e-con-full e-flex e-con e-child\" data-id=\"513b834\" data-element_type=\"container\" data-e-type=\"container\">\n\t\t\t\t<div class=\"elementor-element elementor-element-89000a5 elementor-invisible elementor-widget elementor-widget-image\" data-id=\"89000a5\" data-element_type=\"widget\" data-e-type=\"widget\" data-settings=\"{&quot;_animation&quot;:&quot;fadeInLeft&quot;}\" data-widget_type=\"image.default\">\n\t\t\t\t<div class=\"elementor-widget-container\">\n\t\t\t\t\t\t\t\t\t\t\t\t\t\t\t\t<a href=\"https:\/\/2024.wwii-refugees.ee\/wp-content\/uploads\/2024\/12\/105.png\" data-elementor-open-lightbox=\"yes\" data-elementor-lightbox-title=\"105\" data-e-action-hash=\"#elementor-action%3Aaction%3Dlightbox%26settings%3DeyJpZCI6MTE0OSwidXJsIjoiaHR0cHM6XC9cLzIwMjQud3dpaS1yZWZ1Z2Vlcy5lZVwvd3AtY29udGVudFwvdXBsb2Fkc1wvMjAyNFwvMTJcLzEwNS5wbmcifQ%3D%3D\">\n\t\t\t\t\t\t\t<img loading=\"lazy\" decoding=\"async\" width=\"1024\" height=\"600\" src=\"https:\/\/2024.wwii-refugees.ee\/wp-content\/uploads\/2024\/12\/105-1024x600.png\" class=\"attachment-large size-large wp-image-1149\" alt=\"\" srcset=\"https:\/\/2024.wwii-refugees.ee\/wp-content\/uploads\/2024\/12\/105-1024x600.png 1024w, https:\/\/2024.wwii-refugees.ee\/wp-content\/uploads\/2024\/12\/105-300x176.png 300w, https:\/\/2024.wwii-refugees.ee\/wp-content\/uploads\/2024\/12\/105-768x450.png 768w, https:\/\/2024.wwii-refugees.ee\/wp-content\/uploads\/2024\/12\/105.png 1069w\" sizes=\"(max-width: 1024px) 100vw, 1024px\" \/>\t\t\t\t\t\t\t\t<\/a>\n\t\t\t\t\t\t\t\t\t\t\t\t\t\t\t<\/div>\n\t\t\t\t<\/div>\n\t\t\t\t<\/div>\n\t\t\t\t\t<\/div>\n\t\t\t\t<\/div>\n\t\t<div class=\"elementor-element elementor-element-c24cabb e-flex e-con-boxed e-con e-parent\" data-id=\"c24cabb\" data-element_type=\"container\" data-e-type=\"container\" data-settings=\"{&quot;background_background&quot;:&quot;gradient&quot;}\">\n\t\t\t\t\t<div class=\"e-con-inner\">\n\t\t<div class=\"elementor-element elementor-element-245971c e-con-full e-flex e-con e-child\" data-id=\"245971c\" data-element_type=\"container\" data-e-type=\"container\">\n\t\t\t\t<div class=\"elementor-element elementor-element-3a4352e elementor-invisible elementor-widget elementor-widget-image\" data-id=\"3a4352e\" data-element_type=\"widget\" data-e-type=\"widget\" data-settings=\"{&quot;_animation&quot;:&quot;fadeInRight&quot;}\" data-widget_type=\"image.default\">\n\t\t\t\t<div class=\"elementor-widget-container\">\n\t\t\t\t\t\t\t\t\t\t\t\t\t\t\t\t<a href=\"https:\/\/2024.wwii-refugees.ee\/wp-content\/uploads\/2024\/12\/106.png\" data-elementor-open-lightbox=\"yes\" data-elementor-lightbox-title=\"106\" data-e-action-hash=\"#elementor-action%3Aaction%3Dlightbox%26settings%3DeyJpZCI6MTE1MCwidXJsIjoiaHR0cHM6XC9cLzIwMjQud3dpaS1yZWZ1Z2Vlcy5lZVwvd3AtY29udGVudFwvdXBsb2Fkc1wvMjAyNFwvMTJcLzEwNi5wbmcifQ%3D%3D\">\n\t\t\t\t\t\t\t<img loading=\"lazy\" decoding=\"async\" width=\"973\" height=\"586\" src=\"https:\/\/2024.wwii-refugees.ee\/wp-content\/uploads\/2024\/12\/106.png\" class=\"attachment-full size-full wp-image-1150\" alt=\"\" srcset=\"https:\/\/2024.wwii-refugees.ee\/wp-content\/uploads\/2024\/12\/106.png 973w, https:\/\/2024.wwii-refugees.ee\/wp-content\/uploads\/2024\/12\/106-300x181.png 300w, https:\/\/2024.wwii-refugees.ee\/wp-content\/uploads\/2024\/12\/106-768x463.png 768w\" sizes=\"(max-width: 973px) 100vw, 973px\" \/>\t\t\t\t\t\t\t\t<\/a>\n\t\t\t\t\t\t\t\t\t\t\t\t\t\t\t<\/div>\n\t\t\t\t<\/div>\n\t\t\t\t<\/div>\n\t\t<div class=\"elementor-element elementor-element-3838764 e-con-full e-flex e-con e-child\" data-id=\"3838764\" data-element_type=\"container\" data-e-type=\"container\">\n\t\t<div class=\"elementor-element elementor-element-7388c87 e-con-full e-flex e-con e-child\" data-id=\"7388c87\" data-element_type=\"container\" data-e-type=\"container\" data-settings=\"{&quot;background_background&quot;:&quot;gradient&quot;}\">\n\t\t\t\t<div class=\"elementor-element elementor-element-f16fc81 elementor-invisible elementor-widget elementor-widget-text-editor\" data-id=\"f16fc81\" data-element_type=\"widget\" data-e-type=\"widget\" data-settings=\"{&quot;_animation&quot;:&quot;fadeInLeft&quot;}\" data-widget_type=\"text-editor.default\">\n\t\t\t\t<div class=\"elementor-widget-container\">\n\t\t\t\t\t\t\t\t\t<p style=\"text-align: justify;\"><strong>Mustjala kandi mehed Herbert Saamel ja Robert P\u00f5lder 1945. aastal Rootsis p\u00f5genemispaadi juures.<\/strong><\/p><p style=\"text-align: justify;\">Herbert Saamel and Robert P\u00f5lder, both from the Mustjala area, in Sweden in 1945 with the refugee boat.<\/p><p style=\"text-align: right;\"><strong>Illustratsioon \/ illustration: GM<\/strong><\/p>\t\t\t\t\t\t\t\t<\/div>\n\t\t\t\t<\/div>\n\t\t\t\t<\/div>\n\t\t\t\t<\/div>\n\t\t\t\t\t<\/div>\n\t\t\t\t<\/div>\n\t\t<div class=\"elementor-element elementor-element-8d494c0 e-flex e-con-boxed e-con e-parent\" data-id=\"8d494c0\" data-element_type=\"container\" data-e-type=\"container\">\n\t\t\t\t\t<div class=\"e-con-inner\">\n\t\t\t\t<div class=\"elementor-element elementor-element-9da7614 elementor-invisible elementor-widget elementor-widget-text-editor\" data-id=\"9da7614\" data-element_type=\"widget\" data-e-type=\"widget\" data-settings=\"{&quot;_animation&quot;:&quot;slideInLeft&quot;}\" data-widget_type=\"text-editor.default\">\n\t\t\t\t<div class=\"elementor-widget-container\">\n\t\t\t\t\t\t\t\t\t<p style=\"text-align: justify;\"><span style=\"color: #397c99;\"><strong>23. septembril 1944 p\u00f5genesid L\u00e4\u00e4ne-Saaremaalt Pidula rannast teiste hulgas saarlasest \u00f5igusteadlane ja diplomaat Nikolai Kaasik (1900 Kuressaare \u2013 1950 Stockholm) ning Riigivolikogu esimees Otto Richard Pukk (1900 Saaremaa Kihelkonna khk \u2013 1951 Stockholm).<\/strong><\/span><\/p>\t\t\t\t\t\t\t\t<\/div>\n\t\t\t\t<\/div>\n\t\t\t\t\t<\/div>\n\t\t\t\t<\/div>\n\t\t<div class=\"elementor-element elementor-element-1b87b49 e-flex e-con-boxed e-con e-parent\" data-id=\"1b87b49\" data-element_type=\"container\" data-e-type=\"container\">\n\t\t\t\t\t<div class=\"e-con-inner\">\n\t\t\t\t<div class=\"elementor-element elementor-element-448a65d elementor-invisible elementor-widget elementor-widget-text-editor\" data-id=\"448a65d\" data-element_type=\"widget\" data-e-type=\"widget\" data-settings=\"{&quot;_animation&quot;:&quot;slideInRight&quot;}\" data-widget_type=\"text-editor.default\">\n\t\t\t\t<div class=\"elementor-widget-container\">\n\t\t\t\t\t\t\t\t\t<p style=\"text-align: justify;\"><span style=\"color: #a3bccd;\">On 23 September 1944, the jurist and diplomat Nikolai Kaasik (born in 1900 in Kuressaare \u2013 died in 1950 in Stockholm), who was from Saaremaa, and the chairman of the Riigivolikogu (the upper chamber of the Estonian parliament) Otto Richard Pukk (born in 1900 in Kihelkonna Parish in Saaremaa \u2013 died in 1951 in Stockholm) were among the people who fled from the Pidula coast in Western Saaremaa.<\/span><\/p>\t\t\t\t\t\t\t\t<\/div>\n\t\t\t\t<\/div>\n\t\t\t\t\t<\/div>\n\t\t\t\t<\/div>\n\t\t<div class=\"elementor-element elementor-element-a6d4135 e-flex e-con-boxed e-con e-parent\" data-id=\"a6d4135\" data-element_type=\"container\" data-e-type=\"container\">\n\t\t\t\t\t<div class=\"e-con-inner\">\n\t\t<div class=\"elementor-element elementor-element-eea408a e-con-full e-flex e-con e-child\" data-id=\"eea408a\" data-element_type=\"container\" data-e-type=\"container\">\n\t\t\t\t<div class=\"elementor-element elementor-element-bf08a77 elementor-invisible elementor-widget elementor-widget-text-editor\" data-id=\"bf08a77\" data-element_type=\"widget\" data-e-type=\"widget\" data-settings=\"{&quot;_animation&quot;:&quot;fadeInRight&quot;}\" data-widget_type=\"text-editor.default\">\n\t\t\t\t<div class=\"elementor-widget-container\">\n\t\t\t\t\t\t\t\t\t<p style=\"text-align: justify;\"><strong><span style=\"color: #397c99;\">Otto Richard Pukk p\u00f5genikuna Gotlandil 1944. a.<\/span><\/strong><\/p><p style=\"text-align: justify;\"><span style=\"color: #a3bccd;\">Otto Richard Pukk as a refugee in Gotland in 1944.<\/span><\/p><p style=\"text-align: right;\"><span style=\"color: #397c99;\"><strong>\u00a0<\/strong><\/span><\/p><p style=\"text-align: right;\"><span style=\"color: #397c99;\"><strong>Illustratsioon \/ illustration: SM\u00a0<\/strong><\/span><\/p><p style=\"text-align: right;\"><span style=\"color: #397c99;\"><strong>\u00a0 <br \/><\/strong><\/span><\/p>\t\t\t\t\t\t\t\t<\/div>\n\t\t\t\t<\/div>\n\t\t\t\t<\/div>\n\t\t<div class=\"elementor-element elementor-element-fac6091 e-con-full e-flex e-con e-child\" data-id=\"fac6091\" data-element_type=\"container\" data-e-type=\"container\">\n\t\t\t\t<div class=\"elementor-element elementor-element-8139572 elementor-invisible elementor-widget elementor-widget-image\" data-id=\"8139572\" data-element_type=\"widget\" data-e-type=\"widget\" data-settings=\"{&quot;_animation&quot;:&quot;fadeInLeft&quot;}\" data-widget_type=\"image.default\">\n\t\t\t\t<div class=\"elementor-widget-container\">\n\t\t\t\t\t\t\t\t\t\t\t\t\t\t\t\t<a href=\"https:\/\/2024.wwii-refugees.ee\/wp-content\/uploads\/2024\/12\/107.png\" data-elementor-open-lightbox=\"yes\" data-elementor-lightbox-title=\"107\" data-e-action-hash=\"#elementor-action%3Aaction%3Dlightbox%26settings%3DeyJpZCI6MTE1MSwidXJsIjoiaHR0cHM6XC9cLzIwMjQud3dpaS1yZWZ1Z2Vlcy5lZVwvd3AtY29udGVudFwvdXBsb2Fkc1wvMjAyNFwvMTJcLzEwNy5wbmcifQ%3D%3D\">\n\t\t\t\t\t\t\t<img loading=\"lazy\" decoding=\"async\" width=\"551\" height=\"652\" src=\"https:\/\/2024.wwii-refugees.ee\/wp-content\/uploads\/2024\/12\/107.png\" class=\"attachment-large size-large wp-image-1151\" alt=\"\" srcset=\"https:\/\/2024.wwii-refugees.ee\/wp-content\/uploads\/2024\/12\/107.png 551w, https:\/\/2024.wwii-refugees.ee\/wp-content\/uploads\/2024\/12\/107-254x300.png 254w\" sizes=\"(max-width: 551px) 100vw, 551px\" \/>\t\t\t\t\t\t\t\t<\/a>\n\t\t\t\t\t\t\t\t\t\t\t\t\t\t\t<\/div>\n\t\t\t\t<\/div>\n\t\t\t\t<\/div>\n\t\t\t\t\t<\/div>\n\t\t\t\t<\/div>\n\t\t<div class=\"elementor-element elementor-element-6afef1f e-flex e-con-boxed e-con e-parent\" data-id=\"6afef1f\" data-element_type=\"container\" data-e-type=\"container\" data-settings=\"{&quot;background_background&quot;:&quot;gradient&quot;}\">\n\t\t\t\t\t<div class=\"e-con-inner\">\n\t\t<div class=\"elementor-element elementor-element-a1a49bb e-con-full e-flex e-con e-child\" data-id=\"a1a49bb\" data-element_type=\"container\" data-e-type=\"container\">\n\t\t\t\t<div class=\"elementor-element elementor-element-3b63482 elementor-invisible elementor-widget elementor-widget-image\" data-id=\"3b63482\" data-element_type=\"widget\" data-e-type=\"widget\" data-settings=\"{&quot;_animation&quot;:&quot;fadeInRight&quot;}\" data-widget_type=\"image.default\">\n\t\t\t\t<div class=\"elementor-widget-container\">\n\t\t\t\t\t\t\t\t\t\t\t\t\t\t\t\t<a href=\"https:\/\/2024.wwii-refugees.ee\/wp-content\/uploads\/2024\/12\/108.png\" data-elementor-open-lightbox=\"yes\" data-elementor-lightbox-title=\"108\" data-e-action-hash=\"#elementor-action%3Aaction%3Dlightbox%26settings%3DeyJpZCI6MTE1NSwidXJsIjoiaHR0cHM6XC9cLzIwMjQud3dpaS1yZWZ1Z2Vlcy5lZVwvd3AtY29udGVudFwvdXBsb2Fkc1wvMjAyNFwvMTJcLzEwOC5wbmcifQ%3D%3D\">\n\t\t\t\t\t\t\t<img loading=\"lazy\" decoding=\"async\" width=\"1363\" height=\"960\" src=\"https:\/\/2024.wwii-refugees.ee\/wp-content\/uploads\/2024\/12\/108.png\" class=\"attachment-full size-full wp-image-1155\" alt=\"\" srcset=\"https:\/\/2024.wwii-refugees.ee\/wp-content\/uploads\/2024\/12\/108.png 1363w, https:\/\/2024.wwii-refugees.ee\/wp-content\/uploads\/2024\/12\/108-300x211.png 300w, https:\/\/2024.wwii-refugees.ee\/wp-content\/uploads\/2024\/12\/108-1024x721.png 1024w, https:\/\/2024.wwii-refugees.ee\/wp-content\/uploads\/2024\/12\/108-768x541.png 768w\" sizes=\"(max-width: 1363px) 100vw, 1363px\" \/>\t\t\t\t\t\t\t\t<\/a>\n\t\t\t\t\t\t\t\t\t\t\t\t\t\t\t<\/div>\n\t\t\t\t<\/div>\n\t\t\t\t<\/div>\n\t\t<div class=\"elementor-element elementor-element-3921d7e e-con-full e-flex e-con e-child\" data-id=\"3921d7e\" data-element_type=\"container\" data-e-type=\"container\">\n\t\t<div class=\"elementor-element elementor-element-e4be9f1 e-con-full e-flex e-con e-child\" data-id=\"e4be9f1\" data-element_type=\"container\" data-e-type=\"container\" data-settings=\"{&quot;background_background&quot;:&quot;gradient&quot;}\">\n\t\t\t\t<div class=\"elementor-element elementor-element-de23923 elementor-invisible elementor-widget elementor-widget-text-editor\" data-id=\"de23923\" data-element_type=\"widget\" data-e-type=\"widget\" data-settings=\"{&quot;_animation&quot;:&quot;fadeInLeft&quot;}\" data-widget_type=\"text-editor.default\">\n\t\t\t\t<div class=\"elementor-widget-container\">\n\t\t\t\t\t\t\t\t\t<p style=\"text-align: justify;\"><strong>Kunstnik Eerik Haamer (1908 Kuressaare \u2013 1994 Rootsi) p\u00f5genes sakslastelt varastatud p\u00e4\u00e4stepaadiga \u00f6\u00f6l vastu 19. septembrit 1944 koos 12 kaaslasega Vilsandi saarelt aerutades Rootsi. V\u00e4ljav\u00f5te Eerik Haameri Rootsi Kuningriigi v\u00e4lismaalase passist, v\u00e4lja antud 1. oktoobril 1944.<\/strong><\/p><p style=\"text-align: justify;\">The artist Eerik Haamer (born in 1908 in Kuressaare \u2013 died in 1994 in Sweden) departed from the island of Vilsandi on the night before 19 September 1944 in a rescue boat stolen from the Germans together with 12 companions, rowing to Sweden. Excerpt from Eerik Haamer\u2019s Kingdom of Sweden foreigner\u2019s passport issued on 1 October 1944.<\/p><p style=\"text-align: right;\"><strong>Illustratsioon \/ illustration: SM<\/strong><\/p>\t\t\t\t\t\t\t\t<\/div>\n\t\t\t\t<\/div>\n\t\t\t\t<\/div>\n\t\t\t\t<\/div>\n\t\t\t\t\t<\/div>\n\t\t\t\t<\/div>\n\t\t<div class=\"elementor-element elementor-element-6d9d403 e-flex e-con-boxed e-con e-parent\" data-id=\"6d9d403\" data-element_type=\"container\" data-e-type=\"container\">\n\t\t\t\t\t<div class=\"e-con-inner\">\n\t\t<div class=\"elementor-element elementor-element-264578b e-con-full e-flex e-con e-child\" data-id=\"264578b\" data-element_type=\"container\" data-e-type=\"container\">\n\t\t\t\t<div class=\"elementor-element elementor-element-e363fe8 elementor-invisible elementor-widget elementor-widget-text-editor\" data-id=\"e363fe8\" data-element_type=\"widget\" data-e-type=\"widget\" data-settings=\"{&quot;_animation&quot;:&quot;fadeInRight&quot;}\" data-widget_type=\"text-editor.default\">\n\t\t\t\t<div class=\"elementor-widget-container\">\n\t\t\t\t\t\t\t\t\t<p style=\"text-align: justify;\"><strong><span style=\"color: #397c99;\">Etnoloogiaprofessori Gustav R\u00e4nga (1902 Saaremaa Karja khk \u2013 1998 Stockholm) ja abikaasa Aino teekond \u00fcle mere algas Salava saarelt 1944. aasta 7. oktoobri \u00f5htul. Pere lapsed Taavi, Ristjan ja Anne p\u00f5genikuteele asumas.<\/span><\/strong><\/p><p>\u00a0<\/p><p style=\"text-align: justify;\"><span style=\"color: #a3bccd;\">The voyage across the sea of ethnology professor Gustav R\u00e4nk (born in 1902 in Karja Parish, Saaremaa \u2013 died in 1998 in Stockholm) and his wife Aino started from the island of Salava in the evening on 7 October 1944. The family\u2019s children Taavi, Ristjan, and Anne setting out on their refugee voyage.<\/span><\/p><p style=\"text-align: right;\"><span style=\"color: #397c99;\"><strong>\u00a0<\/strong><\/span><\/p><p style=\"text-align: right;\"><span style=\"color: #397c99;\"><strong>Illustratsioon \/ illustration: SM\u00a0<\/strong><\/span><\/p><p style=\"text-align: right;\"><span style=\"color: #397c99;\"><strong>\u00a0 <br \/><\/strong><\/span><\/p>\t\t\t\t\t\t\t\t<\/div>\n\t\t\t\t<\/div>\n\t\t\t\t<\/div>\n\t\t<div class=\"elementor-element elementor-element-294ac75 e-con-full e-flex e-con e-child\" data-id=\"294ac75\" data-element_type=\"container\" data-e-type=\"container\">\n\t\t\t\t<div class=\"elementor-element elementor-element-899526d elementor-invisible elementor-widget elementor-widget-image\" data-id=\"899526d\" data-element_type=\"widget\" data-e-type=\"widget\" data-settings=\"{&quot;_animation&quot;:&quot;fadeInLeft&quot;}\" data-widget_type=\"image.default\">\n\t\t\t\t<div class=\"elementor-widget-container\">\n\t\t\t\t\t\t\t\t\t\t\t\t\t\t\t\t<a href=\"https:\/\/2024.wwii-refugees.ee\/wp-content\/uploads\/2024\/12\/109.png\" data-elementor-open-lightbox=\"yes\" data-elementor-lightbox-title=\"109\" data-e-action-hash=\"#elementor-action%3Aaction%3Dlightbox%26settings%3DeyJpZCI6MTE1NiwidXJsIjoiaHR0cHM6XC9cLzIwMjQud3dpaS1yZWZ1Z2Vlcy5lZVwvd3AtY29udGVudFwvdXBsb2Fkc1wvMjAyNFwvMTJcLzEwOS5wbmcifQ%3D%3D\">\n\t\t\t\t\t\t\t<img loading=\"lazy\" decoding=\"async\" width=\"696\" height=\"1024\" src=\"https:\/\/2024.wwii-refugees.ee\/wp-content\/uploads\/2024\/12\/109-696x1024.png\" class=\"attachment-large size-large wp-image-1156\" alt=\"\" srcset=\"https:\/\/2024.wwii-refugees.ee\/wp-content\/uploads\/2024\/12\/109-696x1024.png 696w, https:\/\/2024.wwii-refugees.ee\/wp-content\/uploads\/2024\/12\/109-204x300.png 204w, https:\/\/2024.wwii-refugees.ee\/wp-content\/uploads\/2024\/12\/109-768x1130.png 768w, https:\/\/2024.wwii-refugees.ee\/wp-content\/uploads\/2024\/12\/109.png 798w\" sizes=\"(max-width: 696px) 100vw, 696px\" \/>\t\t\t\t\t\t\t\t<\/a>\n\t\t\t\t\t\t\t\t\t\t\t\t\t\t\t<\/div>\n\t\t\t\t<\/div>\n\t\t\t\t<\/div>\n\t\t\t\t\t<\/div>\n\t\t\t\t<\/div>\n\t\t<div class=\"elementor-element elementor-element-16580a6 e-flex e-con-boxed e-con e-parent\" data-id=\"16580a6\" data-element_type=\"container\" data-e-type=\"container\">\n\t\t\t\t\t<div class=\"e-con-inner\">\n\t\t\t\t<div class=\"elementor-element elementor-element-71308df elementor-invisible elementor-widget elementor-widget-text-editor\" data-id=\"71308df\" data-element_type=\"widget\" data-e-type=\"widget\" data-settings=\"{&quot;_animation&quot;:&quot;slideInLeft&quot;}\" data-widget_type=\"text-editor.default\">\n\t\t\t\t<div class=\"elementor-widget-container\">\n\t\t\t\t\t\t\t\t\t<p style=\"text-align: justify;\"><span style=\"color: #397c99;\"><strong>Saaremaa kaudu p\u00f5genes lisaks saarlastele ka palju mandri inimesi. 1944. aasta oktoobris sattus luuletaja Henrik Visnapuu (1890 Helme khk \u2013 1951 New York) Saaremaal Jaagarahu sadamas Saksa miinitraalerile. Traaler viis ta Ventspilsi. Seal seisid kai \u00e4\u00e4res k\u00f5rvuti \u00e4sja Kuressaarest p\u00f5genikega\u00b4saabunud merev\u00e4e \u00f5ppelaevad \u201eNordstern\u201c ja \u201eNautik\u201c. Kuigi Visnapuu oleks peaaegu l\u00e4inud \u201eNordsterni\u201c pardale, s\u00f5itis ta Saksa maale siiski \u201eNautikul\u201c. Merel n\u00e4gi ta pealt \u201eNordsterni\u201c hukkumist, sellelt elluj\u00e4\u00e4nud v\u00f5ttis pardale \u201eNautik\u201c.<\/strong><\/span><\/p>\t\t\t\t\t\t\t\t<\/div>\n\t\t\t\t<\/div>\n\t\t\t\t\t<\/div>\n\t\t\t\t<\/div>\n\t\t<div class=\"elementor-element elementor-element-88d71ae e-flex e-con-boxed e-con e-parent\" data-id=\"88d71ae\" data-element_type=\"container\" data-e-type=\"container\">\n\t\t\t\t\t<div class=\"e-con-inner\">\n\t\t\t\t<div class=\"elementor-element elementor-element-3531fd6 elementor-invisible elementor-widget elementor-widget-text-editor\" data-id=\"3531fd6\" data-element_type=\"widget\" data-e-type=\"widget\" data-settings=\"{&quot;_animation&quot;:&quot;slideInRight&quot;}\" data-widget_type=\"text-editor.default\">\n\t\t\t\t<div class=\"elementor-widget-container\">\n\t\t\t\t\t\t\t\t\t<p style=\"text-align: justify;\"><span style=\"color: #a3bccd;\">In addition to Saaremaa islanders, many people from the mainland fled by way of Saaremaa. In October of 1944, the poet Henrik Visnapuu (born in 1890 in Helme Parish \u2013 died in 1951 in New York) ended up on a German minesweeper in Jaagarahu harbour in Saaremaa. The minesweeper took him to Ventspils. There the navy\u2019s training ships Nordstern and Nautik were moored side by side alongside the pier. They had just arrived from Kuressaare with refugees. Although Visnapuu would almost have boarded Nordstern, he nevertheless went to Germany onboard the Nautik. At sea he witnessed the sinking of Nordstern. Nautik took its survivors on board.<\/span><\/p>\t\t\t\t\t\t\t\t<\/div>\n\t\t\t\t<\/div>\n\t\t\t\t\t<\/div>\n\t\t\t\t<\/div>\n\t\t<div class=\"elementor-element elementor-element-8f1b6b3 e-flex e-con-boxed e-con e-parent\" data-id=\"8f1b6b3\" data-element_type=\"container\" data-e-type=\"container\" data-settings=\"{&quot;background_background&quot;:&quot;gradient&quot;}\">\n\t\t\t\t\t<div class=\"e-con-inner\">\n\t\t<div class=\"elementor-element elementor-element-f470023 e-con-full e-flex e-con e-child\" data-id=\"f470023\" data-element_type=\"container\" data-e-type=\"container\">\n\t\t\t\t<div class=\"elementor-element elementor-element-f233c86 elementor-invisible elementor-widget elementor-widget-image\" data-id=\"f233c86\" data-element_type=\"widget\" data-e-type=\"widget\" data-settings=\"{&quot;_animation&quot;:&quot;fadeInRight&quot;}\" data-widget_type=\"image.default\">\n\t\t\t\t<div class=\"elementor-widget-container\">\n\t\t\t\t\t\t\t\t\t\t\t\t\t\t\t\t<a href=\"https:\/\/2024.wwii-refugees.ee\/wp-content\/uploads\/2024\/12\/110.png\" data-elementor-open-lightbox=\"yes\" data-elementor-lightbox-title=\"110\" data-e-action-hash=\"#elementor-action%3Aaction%3Dlightbox%26settings%3DeyJpZCI6MTE1NywidXJsIjoiaHR0cHM6XC9cLzIwMjQud3dpaS1yZWZ1Z2Vlcy5lZVwvd3AtY29udGVudFwvdXBsb2Fkc1wvMjAyNFwvMTJcLzExMC5wbmcifQ%3D%3D\">\n\t\t\t\t\t\t\t<img loading=\"lazy\" decoding=\"async\" width=\"1004\" height=\"805\" src=\"https:\/\/2024.wwii-refugees.ee\/wp-content\/uploads\/2024\/12\/110.png\" class=\"attachment-full size-full wp-image-1157\" alt=\"\" srcset=\"https:\/\/2024.wwii-refugees.ee\/wp-content\/uploads\/2024\/12\/110.png 1004w, https:\/\/2024.wwii-refugees.ee\/wp-content\/uploads\/2024\/12\/110-300x241.png 300w, https:\/\/2024.wwii-refugees.ee\/wp-content\/uploads\/2024\/12\/110-768x616.png 768w\" sizes=\"(max-width: 1004px) 100vw, 1004px\" \/>\t\t\t\t\t\t\t\t<\/a>\n\t\t\t\t\t\t\t\t\t\t\t\t\t\t\t<\/div>\n\t\t\t\t<\/div>\n\t\t\t\t<\/div>\n\t\t<div class=\"elementor-element elementor-element-a1120f4 e-con-full e-flex e-con e-child\" data-id=\"a1120f4\" data-element_type=\"container\" data-e-type=\"container\">\n\t\t<div class=\"elementor-element elementor-element-f41dcee e-con-full e-flex e-con e-child\" data-id=\"f41dcee\" data-element_type=\"container\" data-e-type=\"container\" data-settings=\"{&quot;background_background&quot;:&quot;gradient&quot;}\">\n\t\t\t\t<div class=\"elementor-element elementor-element-b8c2c57 elementor-invisible elementor-widget elementor-widget-text-editor\" data-id=\"b8c2c57\" data-element_type=\"widget\" data-e-type=\"widget\" data-settings=\"{&quot;_animation&quot;:&quot;fadeInLeft&quot;}\" data-widget_type=\"text-editor.default\">\n\t\t\t\t<div class=\"elementor-widget-container\">\n\t\t\t\t\t\t\t\t\t<p style=\"text-align: justify;\"><strong>V\u00e4ljav\u00f5te Henrik Visnapuu esimesest paguluses dateeritud luuletusest \u201eIkka viirastub\u201c, 10. oktoober 1944.<\/strong><\/p><p style=\"text-align: justify;\">Excerpt from Henrik Visnapuu\u2019s first poem dated in exile, Ikka viirastub [It still appears like a phantom], 10 October 1944.<\/p><p style=\"text-align: right;\"><strong>\u00a0<\/strong><\/p>\t\t\t\t\t\t\t\t<\/div>\n\t\t\t\t<\/div>\n\t\t\t\t<\/div>\n\t\t\t\t<\/div>\n\t\t\t\t\t<\/div>\n\t\t\t\t<\/div>\n\t\t<div class=\"elementor-element elementor-element-8c1b787 e-flex e-con-boxed e-con e-parent\" data-id=\"8c1b787\" data-element_type=\"container\" data-e-type=\"container\">\n\t\t\t\t\t<div class=\"e-con-inner\">\n\t\t\t\t<div class=\"elementor-element elementor-element-07f83fc elementor-invisible elementor-widget elementor-widget-text-editor\" data-id=\"07f83fc\" data-element_type=\"widget\" data-e-type=\"widget\" data-settings=\"{&quot;_animation&quot;:&quot;slideInLeft&quot;}\" data-widget_type=\"text-editor.default\">\n\t\t\t\t<div class=\"elementor-widget-container\">\n\t\t\t\t\t\t\t\t\t<p style=\"text-align: justify;\"><span style=\"color: #397c99;\"><strong>Lisaks paatidele p\u00f5geneti ka suuremate alustega: mootorpurjekas \u201eElli\u201c lahkus 22. septembril K\u00fcdema lahest, samal p\u00e4eval lahkus purjelaev \u201eLuise\u201c Laugu rannast.<\/strong><\/span><\/p>\t\t\t\t\t\t\t\t<\/div>\n\t\t\t\t<\/div>\n\t\t\t\t\t<\/div>\n\t\t\t\t<\/div>\n\t\t<div class=\"elementor-element elementor-element-e6fb429 e-flex e-con-boxed e-con e-parent\" data-id=\"e6fb429\" data-element_type=\"container\" data-e-type=\"container\">\n\t\t\t\t\t<div class=\"e-con-inner\">\n\t\t\t\t<div class=\"elementor-element elementor-element-3a835a1 elementor-invisible elementor-widget elementor-widget-text-editor\" data-id=\"3a835a1\" data-element_type=\"widget\" data-e-type=\"widget\" data-settings=\"{&quot;_animation&quot;:&quot;slideInRight&quot;}\" data-widget_type=\"text-editor.default\">\n\t\t\t\t<div class=\"elementor-widget-container\">\n\t\t\t\t\t\t\t\t\t<p style=\"text-align: justify;\"><span style=\"color: #a3bccd;\">Alongside boats, people also fled in larger vessels: the motor sailboat Ellideparted from K\u00fcdema Bay on 22 September. The sailboat Luise departed from the Laugu coast on the same day.<\/span><\/p>\t\t\t\t\t\t\t\t<\/div>\n\t\t\t\t<\/div>\n\t\t\t\t\t<\/div>\n\t\t\t\t<\/div>\n\t\t<div class=\"elementor-element elementor-element-b290632 e-flex e-con-boxed e-con e-parent\" data-id=\"b290632\" data-element_type=\"container\" data-e-type=\"container\">\n\t\t\t\t\t<div class=\"e-con-inner\">\n\t\t<div class=\"elementor-element elementor-element-b3fef4b e-con-full e-flex e-con e-child\" data-id=\"b3fef4b\" data-element_type=\"container\" data-e-type=\"container\">\n\t\t\t\t<div class=\"elementor-element elementor-element-e707d90 elementor-invisible elementor-widget elementor-widget-text-editor\" data-id=\"e707d90\" data-element_type=\"widget\" data-e-type=\"widget\" data-settings=\"{&quot;_animation&quot;:&quot;fadeInRight&quot;}\" data-widget_type=\"text-editor.default\">\n\t\t\t\t<div class=\"elementor-widget-container\">\n\t\t\t\t\t\t\t\t\t<p style=\"text-align: justify;\"><strong><span style=\"color: #397c99;\">Purjelaev \u201eViru\u201c p\u00f5genemisteekonnal Kuressaarest Gotlandile 22.\u201323. septembril 1944.<\/span><\/strong><\/p><p style=\"text-align: justify;\"><span style=\"color: #a3bccd;\">Purjelaev \u201eViru\u201c p\u00f5genemisteekonnal Kuressaarest Gotlandile 22.\u201323. septembril 1944.<\/span><\/p><p style=\"text-align: right;\"><span style=\"color: #397c99;\"><strong>\u00a0<\/strong><\/span><\/p><p style=\"text-align: right;\"><span style=\"color: #397c99;\"><strong>Illustratsioon \/ illustration: SM, <\/strong><\/span><\/p><p style=\"text-align: right;\"><span style=\"color: #397c99;\"><strong>autor \/ author: A. L\u00e4\u00e4ne <\/strong><\/span><\/p><p style=\"text-align: right;\"><span style=\"color: #397c99;\"><strong>\u00a0 <br \/><\/strong><\/span><\/p>\t\t\t\t\t\t\t\t<\/div>\n\t\t\t\t<\/div>\n\t\t\t\t<\/div>\n\t\t<div class=\"elementor-element elementor-element-925d767 e-con-full e-flex e-con e-child\" data-id=\"925d767\" data-element_type=\"container\" data-e-type=\"container\">\n\t\t\t\t<div class=\"elementor-element elementor-element-2b8a5dd elementor-invisible elementor-widget elementor-widget-image\" data-id=\"2b8a5dd\" data-element_type=\"widget\" data-e-type=\"widget\" data-settings=\"{&quot;_animation&quot;:&quot;fadeInLeft&quot;}\" data-widget_type=\"image.default\">\n\t\t\t\t<div class=\"elementor-widget-container\">\n\t\t\t\t\t\t\t\t\t\t\t\t\t\t\t\t<a href=\"https:\/\/2024.wwii-refugees.ee\/wp-content\/uploads\/2024\/12\/111.png\" data-elementor-open-lightbox=\"yes\" data-elementor-lightbox-title=\"111\" data-e-action-hash=\"#elementor-action%3Aaction%3Dlightbox%26settings%3DeyJpZCI6MTE1OCwidXJsIjoiaHR0cHM6XC9cLzIwMjQud3dpaS1yZWZ1Z2Vlcy5lZVwvd3AtY29udGVudFwvdXBsb2Fkc1wvMjAyNFwvMTJcLzExMS5wbmcifQ%3D%3D\">\n\t\t\t\t\t\t\t<img loading=\"lazy\" decoding=\"async\" width=\"1024\" height=\"698\" src=\"https:\/\/2024.wwii-refugees.ee\/wp-content\/uploads\/2024\/12\/111-1024x698.png\" class=\"attachment-large size-large wp-image-1158\" alt=\"\" srcset=\"https:\/\/2024.wwii-refugees.ee\/wp-content\/uploads\/2024\/12\/111-1024x698.png 1024w, https:\/\/2024.wwii-refugees.ee\/wp-content\/uploads\/2024\/12\/111-300x204.png 300w, https:\/\/2024.wwii-refugees.ee\/wp-content\/uploads\/2024\/12\/111-768x523.png 768w, https:\/\/2024.wwii-refugees.ee\/wp-content\/uploads\/2024\/12\/111-1536x1047.png 1536w, https:\/\/2024.wwii-refugees.ee\/wp-content\/uploads\/2024\/12\/111.png 1648w\" sizes=\"(max-width: 1024px) 100vw, 1024px\" \/>\t\t\t\t\t\t\t\t<\/a>\n\t\t\t\t\t\t\t\t\t\t\t\t\t\t\t<\/div>\n\t\t\t\t<\/div>\n\t\t\t\t<\/div>\n\t\t\t\t\t<\/div>\n\t\t\t\t<\/div>\n\t\t<div class=\"elementor-element elementor-element-2dd8f09 e-flex e-con-boxed e-con e-parent\" data-id=\"2dd8f09\" data-element_type=\"container\" data-e-type=\"container\" data-settings=\"{&quot;background_background&quot;:&quot;gradient&quot;}\">\n\t\t\t\t\t<div class=\"e-con-inner\">\n\t\t<div class=\"elementor-element elementor-element-bcdf576 e-con-full e-flex e-con e-child\" data-id=\"bcdf576\" data-element_type=\"container\" data-e-type=\"container\">\n\t\t\t\t<div class=\"elementor-element elementor-element-dc55653 elementor-invisible elementor-widget elementor-widget-image\" data-id=\"dc55653\" data-element_type=\"widget\" data-e-type=\"widget\" data-settings=\"{&quot;_animation&quot;:&quot;fadeInRight&quot;}\" data-widget_type=\"image.default\">\n\t\t\t\t<div class=\"elementor-widget-container\">\n\t\t\t\t\t\t\t\t\t\t\t\t\t\t\t\t<a href=\"https:\/\/2024.wwii-refugees.ee\/wp-content\/uploads\/2024\/12\/87.png\" data-elementor-open-lightbox=\"yes\" data-elementor-lightbox-title=\"87\" data-e-action-hash=\"#elementor-action%3Aaction%3Dlightbox%26settings%3DeyJpZCI6MTEyNCwidXJsIjoiaHR0cHM6XC9cLzIwMjQud3dpaS1yZWZ1Z2Vlcy5lZVwvd3AtY29udGVudFwvdXBsb2Fkc1wvMjAyNFwvMTJcLzg3LnBuZyJ9\">\n\t\t\t\t\t\t\t<img loading=\"lazy\" decoding=\"async\" width=\"1506\" height=\"1023\" src=\"https:\/\/2024.wwii-refugees.ee\/wp-content\/uploads\/2024\/12\/87.png\" class=\"attachment-full size-full wp-image-1124\" alt=\"\" srcset=\"https:\/\/2024.wwii-refugees.ee\/wp-content\/uploads\/2024\/12\/87.png 1506w, https:\/\/2024.wwii-refugees.ee\/wp-content\/uploads\/2024\/12\/87-300x204.png 300w, https:\/\/2024.wwii-refugees.ee\/wp-content\/uploads\/2024\/12\/87-1024x696.png 1024w, https:\/\/2024.wwii-refugees.ee\/wp-content\/uploads\/2024\/12\/87-768x522.png 768w\" sizes=\"(max-width: 1506px) 100vw, 1506px\" \/>\t\t\t\t\t\t\t\t<\/a>\n\t\t\t\t\t\t\t\t\t\t\t\t\t\t\t<\/div>\n\t\t\t\t<\/div>\n\t\t\t\t<\/div>\n\t\t<div class=\"elementor-element elementor-element-903c127 e-con-full e-flex e-con e-child\" data-id=\"903c127\" data-element_type=\"container\" data-e-type=\"container\">\n\t\t<div class=\"elementor-element elementor-element-1b82ac3 e-con-full e-flex e-con e-child\" data-id=\"1b82ac3\" data-element_type=\"container\" data-e-type=\"container\" data-settings=\"{&quot;background_background&quot;:&quot;gradient&quot;}\">\n\t\t\t\t<div class=\"elementor-element elementor-element-d2a7c27 elementor-invisible elementor-widget elementor-widget-text-editor\" data-id=\"d2a7c27\" data-element_type=\"widget\" data-e-type=\"widget\" data-settings=\"{&quot;_animation&quot;:&quot;fadeInLeft&quot;}\" data-widget_type=\"text-editor.default\">\n\t\t\t\t<div class=\"elementor-widget-container\">\n\t\t\t\t\t\t\t\t\t<p style=\"text-align: justify;\"><strong>Mootorpurjekas \u201eHelene\u201c, mille pardal oli 483 p\u00f5genikku, v\u00e4ljus K\u00f5iguste sadamast 24. septembril 1944. Foto on tehtud arvatavasti siis, kui laeva juba Ahvenamaalt Rootsi randa pukseeriti.<\/strong><\/p><p style=\"text-align: justify;\">The motor sailboat Helene departed from K\u00f5iguste harbour on 24 September 1944 with 483 refugees on board. This photograph was probably taken when the ship was already being towed from \u00c5land to Sweden.<\/p><p style=\"text-align: right;\"><strong>\u00a0<\/strong><\/p>\t\t\t\t\t\t\t\t<\/div>\n\t\t\t\t<\/div>\n\t\t\t\t<\/div>\n\t\t\t\t<\/div>\n\t\t\t\t\t<\/div>\n\t\t\t\t<\/div>\n\t\t<div class=\"elementor-element elementor-element-6080319 e-flex e-con-boxed e-con e-parent\" data-id=\"6080319\" data-element_type=\"container\" data-e-type=\"container\">\n\t\t\t\t\t<div class=\"e-con-inner\">\n\t\t<div class=\"elementor-element elementor-element-1610017 e-con-full e-flex e-con e-child\" data-id=\"1610017\" data-element_type=\"container\" data-e-type=\"container\">\n\t\t\t\t<div class=\"elementor-element elementor-element-67a6e83 elementor-invisible elementor-widget elementor-widget-text-editor\" data-id=\"67a6e83\" data-element_type=\"widget\" data-e-type=\"widget\" data-settings=\"{&quot;_animation&quot;:&quot;fadeInRight&quot;}\" data-widget_type=\"text-editor.default\">\n\t\t\t\t<div class=\"elementor-widget-container\">\n\t\t\t\t\t\t\t\t\t<p style=\"text-align: justify;\"><strong><span style=\"color: #397c99;\">Mootorpurjekas \u201eHelene\u201c Rootsis 1945. a.<\/span><\/strong><\/p><p style=\"text-align: justify;\"><span style=\"color: #a3bccd;\">The motor sailboat Helene in Sweden in 1945.<\/span><\/p><p style=\"text-align: right;\"><span style=\"color: #397c99;\"><strong>\u00a0<\/strong><\/span><\/p><p style=\"text-align: right;\"><span style=\"color: #397c99;\"><strong>Illustratsioon \/ illustration: GM\u00a0<\/strong><\/span><\/p><p style=\"text-align: right;\"><span style=\"color: #397c99;\"><strong>\u00a0 <br \/><\/strong><\/span><\/p>\t\t\t\t\t\t\t\t<\/div>\n\t\t\t\t<\/div>\n\t\t\t\t<\/div>\n\t\t<div class=\"elementor-element elementor-element-8fed65b e-con-full e-flex e-con e-child\" data-id=\"8fed65b\" data-element_type=\"container\" data-e-type=\"container\">\n\t\t\t\t<div class=\"elementor-element elementor-element-b0ffbc0 elementor-invisible elementor-widget elementor-widget-image\" data-id=\"b0ffbc0\" data-element_type=\"widget\" data-e-type=\"widget\" data-settings=\"{&quot;_animation&quot;:&quot;fadeInLeft&quot;}\" data-widget_type=\"image.default\">\n\t\t\t\t<div class=\"elementor-widget-container\">\n\t\t\t\t\t\t\t\t\t\t\t\t\t\t\t\t<a href=\"https:\/\/2024.wwii-refugees.ee\/wp-content\/uploads\/2024\/12\/113.png\" data-elementor-open-lightbox=\"yes\" data-elementor-lightbox-title=\"113\" data-e-action-hash=\"#elementor-action%3Aaction%3Dlightbox%26settings%3DeyJpZCI6MTE1OSwidXJsIjoiaHR0cHM6XC9cLzIwMjQud3dpaS1yZWZ1Z2Vlcy5lZVwvd3AtY29udGVudFwvdXBsb2Fkc1wvMjAyNFwvMTJcLzExMy5wbmcifQ%3D%3D\">\n\t\t\t\t\t\t\t<img loading=\"lazy\" decoding=\"async\" width=\"1024\" height=\"635\" src=\"https:\/\/2024.wwii-refugees.ee\/wp-content\/uploads\/2024\/12\/113-1024x635.png\" class=\"attachment-large size-large wp-image-1159\" alt=\"\" srcset=\"https:\/\/2024.wwii-refugees.ee\/wp-content\/uploads\/2024\/12\/113-1024x635.png 1024w, https:\/\/2024.wwii-refugees.ee\/wp-content\/uploads\/2024\/12\/113-300x186.png 300w, https:\/\/2024.wwii-refugees.ee\/wp-content\/uploads\/2024\/12\/113-768x476.png 768w, https:\/\/2024.wwii-refugees.ee\/wp-content\/uploads\/2024\/12\/113-1536x952.png 1536w, https:\/\/2024.wwii-refugees.ee\/wp-content\/uploads\/2024\/12\/113.png 1650w\" sizes=\"(max-width: 1024px) 100vw, 1024px\" \/>\t\t\t\t\t\t\t\t<\/a>\n\t\t\t\t\t\t\t\t\t\t\t\t\t\t\t<\/div>\n\t\t\t\t<\/div>\n\t\t\t\t<\/div>\n\t\t\t\t\t<\/div>\n\t\t\t\t<\/div>\n\t\t<div class=\"elementor-element elementor-element-6ea5006 e-flex e-con-boxed e-con e-parent\" data-id=\"6ea5006\" data-element_type=\"container\" data-e-type=\"container\">\n\t\t\t\t\t<div class=\"e-con-inner\">\n\t\t\t\t<div class=\"elementor-element elementor-element-f0e3b07 elementor-widget elementor-widget-image\" data-id=\"f0e3b07\" data-element_type=\"widget\" data-e-type=\"widget\" data-widget_type=\"image.default\">\n\t\t\t\t<div class=\"elementor-widget-container\">\n\t\t\t\t\t\t\t\t\t\t\t\t\t\t\t<img fetchpriority=\"high\" decoding=\"async\" width=\"8667\" height=\"334\" src=\"https:\/\/2024.wwii-refugees.ee\/wp-content\/uploads\/2024\/04\/WWII_refugees_visuals_LAINE_3.png\" class=\"attachment-full size-full wp-image-121\" alt=\"\" srcset=\"https:\/\/2024.wwii-refugees.ee\/wp-content\/uploads\/2024\/04\/WWII_refugees_visuals_LAINE_3.png 8667w, https:\/\/2024.wwii-refugees.ee\/wp-content\/uploads\/2024\/04\/WWII_refugees_visuals_LAINE_3-300x12.png 300w, https:\/\/2024.wwii-refugees.ee\/wp-content\/uploads\/2024\/04\/WWII_refugees_visuals_LAINE_3-1024x39.png 1024w, https:\/\/2024.wwii-refugees.ee\/wp-content\/uploads\/2024\/04\/WWII_refugees_visuals_LAINE_3-768x30.png 768w, https:\/\/2024.wwii-refugees.ee\/wp-content\/uploads\/2024\/04\/WWII_refugees_visuals_LAINE_3-1536x59.png 1536w, https:\/\/2024.wwii-refugees.ee\/wp-content\/uploads\/2024\/04\/WWII_refugees_visuals_LAINE_3-2048x79.png 2048w\" sizes=\"(max-width: 8667px) 100vw, 8667px\" \/>\t\t\t\t\t\t\t\t\t\t\t\t\t\t\t<\/div>\n\t\t\t\t<\/div>\n\t\t\t\t\t<\/div>\n\t\t\t\t<\/div>\n\t\t<div class=\"elementor-element elementor-element-d70e423 e-flex e-con-boxed e-con e-parent\" data-id=\"d70e423\" data-element_type=\"container\" data-e-type=\"container\">\n\t\t\t\t\t<div class=\"e-con-inner\">\n\t\t\t\t<div class=\"elementor-element elementor-element-3490e46 elementor-widget-divider--view-line elementor-widget elementor-widget-divider\" data-id=\"3490e46\" data-element_type=\"widget\" data-e-type=\"widget\" data-widget_type=\"divider.default\">\n\t\t\t\t<div class=\"elementor-widget-container\">\n\t\t\t\t\t\t\t<div class=\"elementor-divider\">\n\t\t\t<span class=\"elementor-divider-separator\">\n\t\t\t\t\t\t<\/span>\n\t\t<\/div>\n\t\t\t\t\t\t<\/div>\n\t\t\t\t<\/div>\n\t\t\t\t\t<\/div>\n\t\t\t\t<\/div>\n\t\t<div class=\"elementor-element elementor-element-ee0de2b e-flex e-con-boxed e-con e-parent\" data-id=\"ee0de2b\" data-element_type=\"container\" data-e-type=\"container\">\n\t\t\t\t\t<div class=\"e-con-inner\">\n\t\t\t\t<div class=\"elementor-element elementor-element-01fdf0b elementor-widget elementor-widget-heading\" data-id=\"01fdf0b\" data-element_type=\"widget\" data-e-type=\"widget\" data-widget_type=\"heading.default\">\n\t\t\t\t<div class=\"elementor-widget-container\">\n\t\t\t\t\t<h2 class=\"elementor-heading-title elementor-size-default\">S\u00d5RVE<\/h2>\t\t\t\t<\/div>\n\t\t\t\t<\/div>\n\t\t\t\t\t<\/div>\n\t\t\t\t<\/div>\n\t\t<div class=\"elementor-element elementor-element-dbbdda7 e-flex e-con-boxed e-con e-parent\" data-id=\"dbbdda7\" data-element_type=\"container\" data-e-type=\"container\">\n\t\t\t\t\t<div class=\"e-con-inner\">\n\t\t\t\t<div class=\"elementor-element elementor-element-8cd03d4 elementor-widget elementor-widget-heading\" data-id=\"8cd03d4\" data-element_type=\"widget\" data-e-type=\"widget\" data-widget_type=\"heading.default\">\n\t\t\t\t<div class=\"elementor-widget-container\">\n\t\t\t\t\t<h6 class=\"elementor-heading-title elementor-size-default\">Koostaja\/Compiled by: Priit Kivi ja Katirn \u00e4\u00e4r<\/h6>\t\t\t\t<\/div>\n\t\t\t\t<\/div>\n\t\t\t\t\t<\/div>\n\t\t\t\t<\/div>\n\t\t<div class=\"elementor-element elementor-element-a369e82 e-flex e-con-boxed e-con e-parent\" data-id=\"a369e82\" data-element_type=\"container\" data-e-type=\"container\">\n\t\t\t\t\t<div class=\"e-con-inner\">\n\t\t\t\t<div class=\"elementor-element elementor-element-2d062e6 elementor-invisible elementor-widget elementor-widget-text-editor\" data-id=\"2d062e6\" data-element_type=\"widget\" data-e-type=\"widget\" data-settings=\"{&quot;_animation&quot;:&quot;slideInLeft&quot;}\" data-widget_type=\"text-editor.default\">\n\t\t\t\t<div class=\"elementor-widget-container\">\n\t\t\t\t\t\t\t\t\t<p style=\"text-align: justify;\"><span style=\"color: #397c99;\"><strong>5. oktoobril 1944 tungisid N\u00f5ukogude v\u00e4ed \u00fcle V\u00e4ikese v\u00e4ina Saaremaale ja vallutasid kiire pealetungiga 7. oktoobril Kuressaare. 10. oktoobril algasid \u00e4gedad lahingud S\u00f5rve poolsaare p\u00e4rast, viimased Saksa \u00fcksused lahkusid S\u00f5rve s\u00e4\u00e4relt 24. novembril 1944. Kogu Eesti oli langenud N\u00f5ukogude okupatsiooni alla.<\/strong><\/span><\/p>\t\t\t\t\t\t\t\t<\/div>\n\t\t\t\t<\/div>\n\t\t\t\t\t<\/div>\n\t\t\t\t<\/div>\n\t\t<div class=\"elementor-element elementor-element-0c136fb e-flex e-con-boxed e-con e-parent\" data-id=\"0c136fb\" data-element_type=\"container\" data-e-type=\"container\">\n\t\t\t\t\t<div class=\"e-con-inner\">\n\t\t\t\t<div class=\"elementor-element elementor-element-317747e elementor-invisible elementor-widget elementor-widget-text-editor\" data-id=\"317747e\" data-element_type=\"widget\" data-e-type=\"widget\" data-settings=\"{&quot;_animation&quot;:&quot;slideInRight&quot;}\" data-widget_type=\"text-editor.default\">\n\t\t\t\t<div class=\"elementor-widget-container\">\n\t\t\t\t\t\t\t\t\t<p style=\"text-align: justify;\"><span style=\"color: #a3bccd;\">On 5 October 1944, Soviet forces crossed the V\u00e4ike Strait to invade Saaremaa. They captured Kuressaare with a rapid offensive on 7 October. Fierce battles for the S\u00f5rve Peninsula began on 10 October. The last German units left the S\u00f5rve headland on 24 November 1944. All of Estonia had fallen under Soviet occupation.<\/span><\/p>\t\t\t\t\t\t\t\t<\/div>\n\t\t\t\t<\/div>\n\t\t\t\t\t<\/div>\n\t\t\t\t<\/div>\n\t\t<div class=\"elementor-element elementor-element-fcc54f2 e-flex e-con-boxed e-con e-parent\" data-id=\"fcc54f2\" data-element_type=\"container\" data-e-type=\"container\" data-settings=\"{&quot;background_background&quot;:&quot;gradient&quot;}\">\n\t\t\t\t\t<div class=\"e-con-inner\">\n\t\t<div class=\"elementor-element elementor-element-1959041 e-con-full e-flex e-con e-child\" data-id=\"1959041\" data-element_type=\"container\" data-e-type=\"container\">\n\t\t\t\t<div class=\"elementor-element elementor-element-af2f884 elementor-invisible elementor-widget elementor-widget-image\" data-id=\"af2f884\" data-element_type=\"widget\" data-e-type=\"widget\" data-settings=\"{&quot;_animation&quot;:&quot;fadeInRight&quot;}\" data-widget_type=\"image.default\">\n\t\t\t\t<div class=\"elementor-widget-container\">\n\t\t\t\t\t\t\t\t\t\t\t\t\t\t\t\t<a href=\"https:\/\/2024.wwii-refugees.ee\/wp-content\/uploads\/2024\/12\/114.png\" data-elementor-open-lightbox=\"yes\" data-elementor-lightbox-title=\"114\" data-e-action-hash=\"#elementor-action%3Aaction%3Dlightbox%26settings%3DeyJpZCI6MTE2NCwidXJsIjoiaHR0cHM6XC9cLzIwMjQud3dpaS1yZWZ1Z2Vlcy5lZVwvd3AtY29udGVudFwvdXBsb2Fkc1wvMjAyNFwvMTJcLzExNC5wbmcifQ%3D%3D\">\n\t\t\t\t\t\t\t<img loading=\"lazy\" decoding=\"async\" width=\"1156\" height=\"861\" src=\"https:\/\/2024.wwii-refugees.ee\/wp-content\/uploads\/2024\/12\/114.png\" class=\"attachment-full size-full wp-image-1164\" alt=\"\" srcset=\"https:\/\/2024.wwii-refugees.ee\/wp-content\/uploads\/2024\/12\/114.png 1156w, https:\/\/2024.wwii-refugees.ee\/wp-content\/uploads\/2024\/12\/114-300x223.png 300w, https:\/\/2024.wwii-refugees.ee\/wp-content\/uploads\/2024\/12\/114-1024x763.png 1024w, https:\/\/2024.wwii-refugees.ee\/wp-content\/uploads\/2024\/12\/114-768x572.png 768w\" sizes=\"(max-width: 1156px) 100vw, 1156px\" \/>\t\t\t\t\t\t\t\t<\/a>\n\t\t\t\t\t\t\t\t\t\t\t\t\t\t\t<\/div>\n\t\t\t\t<\/div>\n\t\t\t\t<\/div>\n\t\t<div class=\"elementor-element elementor-element-b0050a1 e-con-full e-flex e-con e-child\" data-id=\"b0050a1\" data-element_type=\"container\" data-e-type=\"container\">\n\t\t<div class=\"elementor-element elementor-element-21984d5 e-con-full e-flex e-con e-child\" data-id=\"21984d5\" data-element_type=\"container\" data-e-type=\"container\" data-settings=\"{&quot;background_background&quot;:&quot;gradient&quot;}\">\n\t\t\t\t<div class=\"elementor-element elementor-element-6a5bc3f elementor-invisible elementor-widget elementor-widget-text-editor\" data-id=\"6a5bc3f\" data-element_type=\"widget\" data-e-type=\"widget\" data-settings=\"{&quot;_animation&quot;:&quot;fadeInLeft&quot;}\" data-widget_type=\"text-editor.default\">\n\t\t\t\t<div class=\"elementor-widget-container\">\n\t\t\t\t\t\t\t\t\t<p style=\"text-align: justify;\"><strong>N\u00f5ukogude \u201eKatjuu\u0161ad\u201c tulepositsioonil S\u00f5rves 18. novembril 1944.<\/strong><\/p><p style=\"text-align: justify;\">Soviet Katyusha rocket launchers in firing position in S\u00f5rve on 18 November 1944.<\/p><p style=\"text-align: right;\"><strong>Illustratsioon \/ illustration: SM\u00a0<\/strong><\/p>\t\t\t\t\t\t\t\t<\/div>\n\t\t\t\t<\/div>\n\t\t\t\t<\/div>\n\t\t\t\t<\/div>\n\t\t\t\t\t<\/div>\n\t\t\t\t<\/div>\n\t\t<div class=\"elementor-element elementor-element-3b10a91 e-flex e-con-boxed e-con e-parent\" data-id=\"3b10a91\" data-element_type=\"container\" data-e-type=\"container\">\n\t\t\t\t\t<div class=\"e-con-inner\">\n\t\t\t\t<div class=\"elementor-element elementor-element-3be46a9 elementor-invisible elementor-widget elementor-widget-text-editor\" data-id=\"3be46a9\" data-element_type=\"widget\" data-e-type=\"widget\" data-settings=\"{&quot;_animation&quot;:&quot;slideInLeft&quot;}\" data-widget_type=\"text-editor.default\">\n\t\t\t\t<div class=\"elementor-widget-container\">\n\t\t\t\t\t\t\t\t\t<p style=\"text-align: justify;\"><span style=\"color: #397c99;\"><strong>V\u00e4ga intensiivsete lahingute t\u00f5ttu h\u00e4visid hooned ning kannatasid ja surid paljud s\u00f5rulased. Paljud hooned h\u00e4vitati, j\u00e4id t\u00fchjaks v\u00f5i muutusid elamisk\u00f5lbmatuks.<\/strong><\/span><\/p>\t\t\t\t\t\t\t\t<\/div>\n\t\t\t\t<\/div>\n\t\t\t\t\t<\/div>\n\t\t\t\t<\/div>\n\t\t<div class=\"elementor-element elementor-element-e97b767 e-flex e-con-boxed e-con e-parent\" data-id=\"e97b767\" data-element_type=\"container\" data-e-type=\"container\">\n\t\t\t\t\t<div class=\"e-con-inner\">\n\t\t\t\t<div class=\"elementor-element elementor-element-345deac elementor-invisible elementor-widget elementor-widget-text-editor\" data-id=\"345deac\" data-element_type=\"widget\" data-e-type=\"widget\" data-settings=\"{&quot;_animation&quot;:&quot;slideInRight&quot;}\" data-widget_type=\"text-editor.default\">\n\t\t\t\t<div class=\"elementor-widget-container\">\n\t\t\t\t\t\t\t\t\t<p style=\"text-align: justify;\"><span style=\"color: #a3bccd;\">Due to very intense battles, buildings were destroyed and many S\u00f5rve inhabitants suffered and died. Many buildings were destroyed, remained empty, or became uninhabitable.<\/span><\/p>\t\t\t\t\t\t\t\t<\/div>\n\t\t\t\t<\/div>\n\t\t\t\t\t<\/div>\n\t\t\t\t<\/div>\n\t\t<div class=\"elementor-element elementor-element-7eae4b6 e-flex e-con-boxed e-con e-parent\" data-id=\"7eae4b6\" data-element_type=\"container\" data-e-type=\"container\">\n\t\t\t\t\t<div class=\"e-con-inner\">\n\t\t<div class=\"elementor-element elementor-element-6da2dd2 e-con-full e-flex e-con e-child\" data-id=\"6da2dd2\" data-element_type=\"container\" data-e-type=\"container\">\n\t\t\t\t<div class=\"elementor-element elementor-element-5a08653 elementor-invisible elementor-widget elementor-widget-text-editor\" data-id=\"5a08653\" data-element_type=\"widget\" data-e-type=\"widget\" data-settings=\"{&quot;_animation&quot;:&quot;fadeInRight&quot;}\" data-widget_type=\"text-editor.default\">\n\t\t\t\t<div class=\"elementor-widget-container\">\n\t\t\t\t\t\t\t\t\t<p style=\"text-align: justify;\"><strong><span style=\"color: #397c99;\">Vahtra talu varemed Karuste k\u00fclas Torgu vallas 1944. aastal.<\/span><\/strong><\/p><p style=\"text-align: justify;\"><span style=\"color: #a3bccd;\">The ruins of Vahtra Farm in the village of Karuste, Torgu Parish in 1944.<\/span><\/p><p style=\"text-align: right;\"><span style=\"color: #397c99;\"><strong>\u00a0<\/strong><\/span><\/p><p style=\"text-align: right;\"><span style=\"color: #397c99;\"><strong>Illustratsioon \/ illustration: RA, <\/strong><\/span><\/p><p style=\"text-align: right;\"><span style=\"color: #397c99;\"><strong>autor \/ author: F. Olop <\/strong><\/span><\/p><p style=\"text-align: right;\"><span style=\"color: #397c99;\"><strong>\u00a0 <br \/><\/strong><\/span><\/p>\t\t\t\t\t\t\t\t<\/div>\n\t\t\t\t<\/div>\n\t\t\t\t<\/div>\n\t\t<div class=\"elementor-element elementor-element-65c6ecc e-con-full e-flex e-con e-child\" data-id=\"65c6ecc\" data-element_type=\"container\" data-e-type=\"container\">\n\t\t\t\t<div class=\"elementor-element elementor-element-72881f3 elementor-invisible elementor-widget elementor-widget-image\" data-id=\"72881f3\" data-element_type=\"widget\" data-e-type=\"widget\" data-settings=\"{&quot;_animation&quot;:&quot;fadeInLeft&quot;}\" data-widget_type=\"image.default\">\n\t\t\t\t<div class=\"elementor-widget-container\">\n\t\t\t\t\t\t\t\t\t\t\t\t\t\t\t\t<a href=\"https:\/\/2024.wwii-refugees.ee\/wp-content\/uploads\/2024\/12\/115.png\" data-elementor-open-lightbox=\"yes\" data-elementor-lightbox-title=\"115\" data-e-action-hash=\"#elementor-action%3Aaction%3Dlightbox%26settings%3DeyJpZCI6MTE2NSwidXJsIjoiaHR0cHM6XC9cLzIwMjQud3dpaS1yZWZ1Z2Vlcy5lZVwvd3AtY29udGVudFwvdXBsb2Fkc1wvMjAyNFwvMTJcLzExNS5wbmcifQ%3D%3D\">\n\t\t\t\t\t\t\t<img loading=\"lazy\" decoding=\"async\" width=\"1024\" height=\"649\" src=\"https:\/\/2024.wwii-refugees.ee\/wp-content\/uploads\/2024\/12\/115-1024x649.png\" class=\"attachment-large size-large wp-image-1165\" alt=\"\" srcset=\"https:\/\/2024.wwii-refugees.ee\/wp-content\/uploads\/2024\/12\/115-1024x649.png 1024w, https:\/\/2024.wwii-refugees.ee\/wp-content\/uploads\/2024\/12\/115-300x190.png 300w, https:\/\/2024.wwii-refugees.ee\/wp-content\/uploads\/2024\/12\/115-768x487.png 768w, https:\/\/2024.wwii-refugees.ee\/wp-content\/uploads\/2024\/12\/115-1536x974.png 1536w, https:\/\/2024.wwii-refugees.ee\/wp-content\/uploads\/2024\/12\/115.png 1569w\" sizes=\"(max-width: 1024px) 100vw, 1024px\" \/>\t\t\t\t\t\t\t\t<\/a>\n\t\t\t\t\t\t\t\t\t\t\t\t\t\t\t<\/div>\n\t\t\t\t<\/div>\n\t\t\t\t<\/div>\n\t\t\t\t\t<\/div>\n\t\t\t\t<\/div>\n\t\t<div class=\"elementor-element elementor-element-792607b e-flex e-con-boxed e-con e-parent\" data-id=\"792607b\" data-element_type=\"container\" data-e-type=\"container\" data-settings=\"{&quot;background_background&quot;:&quot;gradient&quot;}\">\n\t\t\t\t\t<div class=\"e-con-inner\">\n\t\t<div class=\"elementor-element elementor-element-86c51b6 e-con-full e-flex e-con e-child\" data-id=\"86c51b6\" data-element_type=\"container\" data-e-type=\"container\">\n\t\t\t\t<div class=\"elementor-element elementor-element-23d0dcf elementor-invisible elementor-widget elementor-widget-image\" data-id=\"23d0dcf\" data-element_type=\"widget\" data-e-type=\"widget\" data-settings=\"{&quot;_animation&quot;:&quot;fadeInRight&quot;}\" data-widget_type=\"image.default\">\n\t\t\t\t<div class=\"elementor-widget-container\">\n\t\t\t\t\t\t\t\t\t\t\t\t\t\t\t\t<a href=\"https:\/\/2024.wwii-refugees.ee\/wp-content\/uploads\/2024\/12\/116.png\" data-elementor-open-lightbox=\"yes\" data-elementor-lightbox-title=\"116\" data-e-action-hash=\"#elementor-action%3Aaction%3Dlightbox%26settings%3DeyJpZCI6MTE2NiwidXJsIjoiaHR0cHM6XC9cLzIwMjQud3dpaS1yZWZ1Z2Vlcy5lZVwvd3AtY29udGVudFwvdXBsb2Fkc1wvMjAyNFwvMTJcLzExNi5wbmcifQ%3D%3D\">\n\t\t\t\t\t\t\t<img loading=\"lazy\" decoding=\"async\" width=\"1566\" height=\"985\" src=\"https:\/\/2024.wwii-refugees.ee\/wp-content\/uploads\/2024\/12\/116.png\" class=\"attachment-full size-full wp-image-1166\" alt=\"\" srcset=\"https:\/\/2024.wwii-refugees.ee\/wp-content\/uploads\/2024\/12\/116.png 1566w, https:\/\/2024.wwii-refugees.ee\/wp-content\/uploads\/2024\/12\/116-300x189.png 300w, https:\/\/2024.wwii-refugees.ee\/wp-content\/uploads\/2024\/12\/116-1024x644.png 1024w, https:\/\/2024.wwii-refugees.ee\/wp-content\/uploads\/2024\/12\/116-768x483.png 768w, https:\/\/2024.wwii-refugees.ee\/wp-content\/uploads\/2024\/12\/116-1536x966.png 1536w\" sizes=\"(max-width: 1566px) 100vw, 1566px\" \/>\t\t\t\t\t\t\t\t<\/a>\n\t\t\t\t\t\t\t\t\t\t\t\t\t\t\t<\/div>\n\t\t\t\t<\/div>\n\t\t\t\t<\/div>\n\t\t<div class=\"elementor-element elementor-element-539e518 e-con-full e-flex e-con e-child\" data-id=\"539e518\" data-element_type=\"container\" data-e-type=\"container\">\n\t\t<div class=\"elementor-element elementor-element-51425bd e-con-full e-flex e-con e-child\" data-id=\"51425bd\" data-element_type=\"container\" data-e-type=\"container\" data-settings=\"{&quot;background_background&quot;:&quot;gradient&quot;}\">\n\t\t\t\t<div class=\"elementor-element elementor-element-bb15bb8 elementor-invisible elementor-widget elementor-widget-text-editor\" data-id=\"bb15bb8\" data-element_type=\"widget\" data-e-type=\"widget\" data-settings=\"{&quot;_animation&quot;:&quot;fadeInLeft&quot;}\" data-widget_type=\"text-editor.default\">\n\t\t\t\t<div class=\"elementor-widget-container\">\n\t\t\t\t\t\t\t\t\t<p style=\"text-align: justify;\"><strong>Sakslaste purustatud tuuleveski rusud Salme k\u00fclas 29. detsembril 1944.<\/strong><\/p><p style=\"text-align: justify;\">Wreckage of a windmill destroyed by the Germans in Salme village, 29 December 1944.<\/p><p style=\"text-align: right;\"><strong>Illustratsioon \/ illustration: RA,<\/strong><\/p><p style=\"text-align: right;\"><strong> autor \/ author: F. Olop<\/strong><\/p>\t\t\t\t\t\t\t\t<\/div>\n\t\t\t\t<\/div>\n\t\t\t\t<\/div>\n\t\t\t\t<\/div>\n\t\t\t\t\t<\/div>\n\t\t\t\t<\/div>\n\t\t<div class=\"elementor-element elementor-element-37ebd4b e-flex e-con-boxed e-con e-parent\" data-id=\"37ebd4b\" data-element_type=\"container\" data-e-type=\"container\">\n\t\t\t\t\t<div class=\"e-con-inner\">\n\t\t\t\t<div class=\"elementor-element elementor-element-b97546e elementor-invisible elementor-widget elementor-widget-text-editor\" data-id=\"b97546e\" data-element_type=\"widget\" data-e-type=\"widget\" data-settings=\"{&quot;_animation&quot;:&quot;slideInLeft&quot;}\" data-widget_type=\"text-editor.default\">\n\t\t\t\t<div class=\"elementor-widget-container\">\n\t\t\t\t\t\t\t\t\t<p style=\"text-align: justify;\"><span style=\"color: #397c99;\"><strong>1944. aasta s\u00fcgisel sai hoo sisse l\u00e4\u00e4nde p\u00f5genemine. Hinnanguliselt p\u00f5genes kodumaalt umbes 6000 saarlast ja muhulast \u2013 rohkem kui Eestist keskmiselt. S\u00f5rvest viis paljude tee Rootsi, peamiselt Gotlandile. Seegi l\u00fchike meretee oli piisavalt pikk ja ohtlik, eriti just s\u00fcgistormide ajal. Nii mitmedki v\u00e4iksemad ja viletsamad paadid j\u00e4id koos p\u00f5genikega tormisesse L\u00e4\u00e4nemerre.<\/strong><\/span><\/p>\t\t\t\t\t\t\t\t<\/div>\n\t\t\t\t<\/div>\n\t\t\t\t\t<\/div>\n\t\t\t\t<\/div>\n\t\t<div class=\"elementor-element elementor-element-ba48837 e-flex e-con-boxed e-con e-parent\" data-id=\"ba48837\" data-element_type=\"container\" data-e-type=\"container\">\n\t\t\t\t\t<div class=\"e-con-inner\">\n\t\t\t\t<div class=\"elementor-element elementor-element-d6d2102 elementor-invisible elementor-widget elementor-widget-text-editor\" data-id=\"d6d2102\" data-element_type=\"widget\" data-e-type=\"widget\" data-settings=\"{&quot;_animation&quot;:&quot;slideInRight&quot;}\" data-widget_type=\"text-editor.default\">\n\t\t\t\t<div class=\"elementor-widget-container\">\n\t\t\t\t\t\t\t\t\t<p style=\"text-align: justify;\"><span style=\"color: #a3bccd;\">Flight to the West gathered steam in the autumn of 1944. It is estimated that around 6,000 islanders from Saaremaa and Muhumaa fled from their homeland \u2013 more than from continental Estonia on average. The path of many people led from S\u00f5rve to Sweden, primarily Gotland. Even that short sea route was sufficiently long and dangerous, especially during autumn storms. Many small boats in poor condition sank in the stormy Baltic Sea together with the refugees on board.<\/span><\/p>\t\t\t\t\t\t\t\t<\/div>\n\t\t\t\t<\/div>\n\t\t\t\t\t<\/div>\n\t\t\t\t<\/div>\n\t\t<div class=\"elementor-element elementor-element-1e5bfa2 e-flex e-con-boxed e-con e-parent\" data-id=\"1e5bfa2\" data-element_type=\"container\" data-e-type=\"container\">\n\t\t\t\t\t<div class=\"e-con-inner\">\n\t\t<div class=\"elementor-element elementor-element-a84f08c e-con-full e-flex e-con e-child\" data-id=\"a84f08c\" data-element_type=\"container\" data-e-type=\"container\">\n\t\t\t\t<div class=\"elementor-element elementor-element-a1af9e9 elementor-invisible elementor-widget elementor-widget-text-editor\" data-id=\"a1af9e9\" data-element_type=\"widget\" data-e-type=\"widget\" data-settings=\"{&quot;_animation&quot;:&quot;fadeInRight&quot;}\" data-widget_type=\"text-editor.default\">\n\t\t\t\t<div class=\"elementor-widget-container\">\n\t\t\t\t\t\t\t\t\t<p style=\"text-align: justify;\"><strong><span style=\"color: #397c99;\">Grupp S\u00f5rve naisi ja lapsi Rootsis Gotlandil oktoobris 1944.<br \/>Fotol: Vambola ja Leili Mann, Elfriede R\u00e4\u00e4k, Laine Mann, Maimu Mann, Leo R\u00e4\u00e4k, Linda Hull, Sohvie Vapper, Triin Hull, Taimi M\u00e4gi, Meida R\u00e4\u00e4k, Marga M\u00e4gi, Triin Mann, Helmi Timmermann ja Kusti Timmermann.<\/span><\/strong><\/p><p style=\"text-align: justify;\"><span style=\"color: #a3bccd;\">A group of women and children from S\u00f5rve in Gotland, Sweden in October of 1944.<br \/>People at the photo: Vambola and Leili Mann, Elfriede R\u00e4\u00e4k, Laine Mann, Maimu Mann, Leo R\u00e4\u00e4k, Linda Hull, Sohvie Vapper, Triin Hull, Taimi M\u00e4gi, Meida R\u00e4\u00e4k, Marga M\u00e4gi, Triin Mann, Helmi Timmermann and Kusti Timmermann.<\/span><\/p><p style=\"text-align: right;\"><span style=\"color: #397c99;\"><strong>\u00a0<\/strong><\/span><\/p><p style=\"text-align: right;\"><span style=\"color: #397c99;\"><strong>Illustratsioon \/ illustration: SM, <\/strong><\/span><\/p><p style=\"text-align: right;\"><span style=\"color: #397c99;\"><strong>autor \/ author: D. Holmert<\/strong><\/span><\/p><p style=\"text-align: right;\"><span style=\"color: #397c99;\"><strong>\u00a0<\/strong><\/span><\/p><p style=\"text-align: right;\"><span style=\"color: #397c99;\"><strong>\u00a0 <br \/><\/strong><\/span><\/p>\t\t\t\t\t\t\t\t<\/div>\n\t\t\t\t<\/div>\n\t\t\t\t<\/div>\n\t\t<div class=\"elementor-element elementor-element-524eb31 e-con-full e-flex e-con e-child\" data-id=\"524eb31\" data-element_type=\"container\" data-e-type=\"container\">\n\t\t\t\t<div class=\"elementor-element elementor-element-e321fce elementor-invisible elementor-widget elementor-widget-image\" data-id=\"e321fce\" data-element_type=\"widget\" data-e-type=\"widget\" data-settings=\"{&quot;_animation&quot;:&quot;fadeInLeft&quot;}\" data-widget_type=\"image.default\">\n\t\t\t\t<div class=\"elementor-widget-container\">\n\t\t\t\t\t\t\t\t\t\t\t\t\t\t\t\t<a href=\"https:\/\/2024.wwii-refugees.ee\/wp-content\/uploads\/2024\/12\/91.png\" data-elementor-open-lightbox=\"yes\" data-elementor-lightbox-title=\"91\" data-e-action-hash=\"#elementor-action%3Aaction%3Dlightbox%26settings%3DeyJpZCI6MTEzMiwidXJsIjoiaHR0cHM6XC9cLzIwMjQud3dpaS1yZWZ1Z2Vlcy5lZVwvd3AtY29udGVudFwvdXBsb2Fkc1wvMjAyNFwvMTJcLzkxLnBuZyJ9\">\n\t\t\t\t\t\t\t<img loading=\"lazy\" decoding=\"async\" width=\"1024\" height=\"675\" src=\"https:\/\/2024.wwii-refugees.ee\/wp-content\/uploads\/2024\/12\/91-1024x675.png\" class=\"attachment-large size-large wp-image-1132\" alt=\"\" srcset=\"https:\/\/2024.wwii-refugees.ee\/wp-content\/uploads\/2024\/12\/91-1024x675.png 1024w, https:\/\/2024.wwii-refugees.ee\/wp-content\/uploads\/2024\/12\/91-300x198.png 300w, https:\/\/2024.wwii-refugees.ee\/wp-content\/uploads\/2024\/12\/91-768x506.png 768w, https:\/\/2024.wwii-refugees.ee\/wp-content\/uploads\/2024\/12\/91-1536x1013.png 1536w, https:\/\/2024.wwii-refugees.ee\/wp-content\/uploads\/2024\/12\/91.png 1547w\" sizes=\"(max-width: 1024px) 100vw, 1024px\" \/>\t\t\t\t\t\t\t\t<\/a>\n\t\t\t\t\t\t\t\t\t\t\t\t\t\t\t<\/div>\n\t\t\t\t<\/div>\n\t\t\t\t<\/div>\n\t\t\t\t\t<\/div>\n\t\t\t\t<\/div>\n\t\t<div class=\"elementor-element elementor-element-9408e30 e-flex e-con-boxed e-con e-parent\" data-id=\"9408e30\" data-element_type=\"container\" data-e-type=\"container\" data-settings=\"{&quot;background_background&quot;:&quot;gradient&quot;}\">\n\t\t\t\t\t<div class=\"e-con-inner\">\n\t\t<div class=\"elementor-element elementor-element-d7dd869 e-con-full e-flex e-con e-child\" data-id=\"d7dd869\" data-element_type=\"container\" data-e-type=\"container\">\n\t\t\t\t<div class=\"elementor-element elementor-element-52b45c4 elementor-invisible elementor-widget elementor-widget-image\" data-id=\"52b45c4\" data-element_type=\"widget\" data-e-type=\"widget\" data-settings=\"{&quot;_animation&quot;:&quot;fadeInRight&quot;}\" data-widget_type=\"image.default\">\n\t\t\t\t<div class=\"elementor-widget-container\">\n\t\t\t\t\t\t\t\t\t\t\t\t\t\t\t\t<a href=\"https:\/\/2024.wwii-refugees.ee\/wp-content\/uploads\/2024\/12\/117.png\" data-elementor-open-lightbox=\"yes\" data-elementor-lightbox-title=\"117\" data-e-action-hash=\"#elementor-action%3Aaction%3Dlightbox%26settings%3DeyJpZCI6MTE2NywidXJsIjoiaHR0cHM6XC9cLzIwMjQud3dpaS1yZWZ1Z2Vlcy5lZVwvd3AtY29udGVudFwvdXBsb2Fkc1wvMjAyNFwvMTJcLzExNy5wbmcifQ%3D%3D\">\n\t\t\t\t\t\t\t<img loading=\"lazy\" decoding=\"async\" width=\"1643\" height=\"1088\" src=\"https:\/\/2024.wwii-refugees.ee\/wp-content\/uploads\/2024\/12\/117.png\" class=\"attachment-full size-full wp-image-1167\" alt=\"\" srcset=\"https:\/\/2024.wwii-refugees.ee\/wp-content\/uploads\/2024\/12\/117.png 1643w, https:\/\/2024.wwii-refugees.ee\/wp-content\/uploads\/2024\/12\/117-300x199.png 300w, https:\/\/2024.wwii-refugees.ee\/wp-content\/uploads\/2024\/12\/117-1024x678.png 1024w, https:\/\/2024.wwii-refugees.ee\/wp-content\/uploads\/2024\/12\/117-768x509.png 768w, https:\/\/2024.wwii-refugees.ee\/wp-content\/uploads\/2024\/12\/117-1536x1017.png 1536w\" sizes=\"(max-width: 1643px) 100vw, 1643px\" \/>\t\t\t\t\t\t\t\t<\/a>\n\t\t\t\t\t\t\t\t\t\t\t\t\t\t\t<\/div>\n\t\t\t\t<\/div>\n\t\t\t\t<\/div>\n\t\t<div class=\"elementor-element elementor-element-cd0ed9f e-con-full e-flex e-con e-child\" data-id=\"cd0ed9f\" data-element_type=\"container\" data-e-type=\"container\">\n\t\t<div class=\"elementor-element elementor-element-1fe178f e-con-full e-flex e-con e-child\" data-id=\"1fe178f\" data-element_type=\"container\" data-e-type=\"container\" data-settings=\"{&quot;background_background&quot;:&quot;gradient&quot;}\">\n\t\t\t\t<div class=\"elementor-element elementor-element-545758d elementor-invisible elementor-widget elementor-widget-text-editor\" data-id=\"545758d\" data-element_type=\"widget\" data-e-type=\"widget\" data-settings=\"{&quot;_animation&quot;:&quot;fadeInLeft&quot;}\" data-widget_type=\"text-editor.default\">\n\t\t\t\t<div class=\"elementor-widget-container\">\n\t\t\t\t\t\t\t\t\t<p style=\"text-align: justify;\"><strong>Marie R\u00e4\u00e4k (1903 T\u00fcrju k\u00fcla K\u00f5rste talu \u2013 1986 USA) p\u00f5genes 25. oktoobril 1944 koos abikaasa ja lastega S\u00f5rvest Gotlandile. See pluus tegi kaasa kogu p\u00f5genemisteekonna.<\/strong><\/p><p style=\"text-align: justify;\">Marie R\u00e4\u00e4k (born in 1903 at K\u00f5rste Farm in T\u00fcrju hamlet \u2013 died in 1986 in the USA) fled on 25 October 1944 with her husband and children from S\u00f5rve to Gotland. She wore this blouse during the entire escape journey<\/p><p style=\"text-align: right;\"><strong>Illustratsioon \/ illustration: SM,<\/strong><\/p><p style=\"text-align: right;\"><strong>\u00a0<\/strong><\/p>\t\t\t\t\t\t\t\t<\/div>\n\t\t\t\t<\/div>\n\t\t\t\t<\/div>\n\t\t\t\t<\/div>\n\t\t\t\t\t<\/div>\n\t\t\t\t<\/div>\n\t\t<div class=\"elementor-element elementor-element-3ffd9b6 e-flex e-con-boxed e-con e-parent\" data-id=\"3ffd9b6\" data-element_type=\"container\" data-e-type=\"container\">\n\t\t\t\t\t<div class=\"e-con-inner\">\n\t\t<div class=\"elementor-element elementor-element-9f9fbdd e-con-full e-flex e-con e-child\" data-id=\"9f9fbdd\" data-element_type=\"container\" data-e-type=\"container\">\n\t\t\t\t<div class=\"elementor-element elementor-element-72dacd9 elementor-invisible elementor-widget elementor-widget-text-editor\" data-id=\"72dacd9\" data-element_type=\"widget\" data-e-type=\"widget\" data-settings=\"{&quot;_animation&quot;:&quot;fadeInRight&quot;}\" data-widget_type=\"text-editor.default\">\n\t\t\t\t<div class=\"elementor-widget-container\">\n\t\t\t\t\t\t\t\t\t<p style=\"text-align: justify;\"><strong><span style=\"color: #397c99;\">Maal \u201eP\u00f5genemine 1944. a J\u00e4majast\u201c, autor Elmar K\u00f6ster.<br \/><\/span><\/strong><\/p><p style=\"text-align: justify;\"><span style=\"color: #a3bccd;\">The painting P\u00f5genemine 1944. a. J\u00e4majast (Escape from J\u00e4maja in 1944), author Elmar K\u00f6ster<\/span><\/p><p style=\"text-align: right;\"><span style=\"color: #397c99;\"><strong>\u00a0<\/strong><\/span><\/p><p style=\"text-align: right;\"><span style=\"color: #397c99;\"><strong>Illustratsioon \/ illustration: SM, <\/strong><\/span><\/p><p style=\"text-align: right;\"><span style=\"color: #397c99;\"><strong>\u00a0<\/strong><\/span><\/p><p style=\"text-align: right;\"><span style=\"color: #397c99;\"><strong>\u00a0<\/strong><\/span><\/p><p style=\"text-align: right;\"><span style=\"color: #397c99;\"><strong>\u00a0 <br \/><\/strong><\/span><\/p>\t\t\t\t\t\t\t\t<\/div>\n\t\t\t\t<\/div>\n\t\t\t\t<\/div>\n\t\t<div class=\"elementor-element elementor-element-06ab7c1 e-con-full e-flex e-con e-child\" data-id=\"06ab7c1\" data-element_type=\"container\" data-e-type=\"container\">\n\t\t\t\t<div class=\"elementor-element elementor-element-c60d9ec elementor-invisible elementor-widget elementor-widget-image\" data-id=\"c60d9ec\" data-element_type=\"widget\" data-e-type=\"widget\" data-settings=\"{&quot;_animation&quot;:&quot;fadeInLeft&quot;}\" data-widget_type=\"image.default\">\n\t\t\t\t<div class=\"elementor-widget-container\">\n\t\t\t\t\t\t\t\t\t\t\t\t\t\t\t\t<a href=\"https:\/\/2024.wwii-refugees.ee\/wp-content\/uploads\/2024\/12\/118.png\" data-elementor-open-lightbox=\"yes\" data-elementor-lightbox-title=\"118\" data-e-action-hash=\"#elementor-action%3Aaction%3Dlightbox%26settings%3DeyJpZCI6MTE3MSwidXJsIjoiaHR0cHM6XC9cLzIwMjQud3dpaS1yZWZ1Z2Vlcy5lZVwvd3AtY29udGVudFwvdXBsb2Fkc1wvMjAyNFwvMTJcLzExOC5wbmcifQ%3D%3D\">\n\t\t\t\t\t\t\t<img loading=\"lazy\" decoding=\"async\" width=\"1024\" height=\"701\" src=\"https:\/\/2024.wwii-refugees.ee\/wp-content\/uploads\/2024\/12\/118-1024x701.png\" class=\"attachment-large size-large wp-image-1171\" alt=\"\" srcset=\"https:\/\/2024.wwii-refugees.ee\/wp-content\/uploads\/2024\/12\/118-1024x701.png 1024w, https:\/\/2024.wwii-refugees.ee\/wp-content\/uploads\/2024\/12\/118-300x205.png 300w, https:\/\/2024.wwii-refugees.ee\/wp-content\/uploads\/2024\/12\/118-768x525.png 768w, https:\/\/2024.wwii-refugees.ee\/wp-content\/uploads\/2024\/12\/118.png 1330w\" sizes=\"(max-width: 1024px) 100vw, 1024px\" \/>\t\t\t\t\t\t\t\t<\/a>\n\t\t\t\t\t\t\t\t\t\t\t\t\t\t\t<\/div>\n\t\t\t\t<\/div>\n\t\t\t\t<\/div>\n\t\t\t\t\t<\/div>\n\t\t\t\t<\/div>\n\t\t<div class=\"elementor-element elementor-element-26be1d7 e-flex e-con-boxed e-con e-parent\" data-id=\"26be1d7\" data-element_type=\"container\" data-e-type=\"container\">\n\t\t\t\t\t<div class=\"e-con-inner\">\n\t\t\t\t<div class=\"elementor-element elementor-element-b9d6b09 elementor-invisible elementor-widget elementor-widget-text-editor\" data-id=\"b9d6b09\" data-element_type=\"widget\" data-e-type=\"widget\" data-settings=\"{&quot;_animation&quot;:&quot;slideInLeft&quot;}\" data-widget_type=\"text-editor.default\">\n\t\t\t\t<div class=\"elementor-widget-container\">\n\t\t\t\t\t\t\t\t\t<p style=\"text-align: justify;\"><span style=\"color: #397c99;\"><strong>Maali autor Elmar K\u00f6ster (s\u00fcnd 1925 Saaremaal Torgu vallas) on oma p\u00f5genemisteekonda meenutanud j\u00e4rgnevalt: \u201eSee p\u00f5genemine sai dramaatilise alguse, kui Saksa piirivalve tahtis meid p\u00f5hja lasta, kuid imekombel p\u00e4\u00e4sesime eluga. See juhtus 30. sept 1944 \u00f5htupoole. Ilm oli hea, peaaegu tuuleta, kuid s\u00f5idup\u00e4eva hommikul hakkas puhuma k\u00f5va tuul ja l\u00e4ks \u00fcle maruks. Tuul oli vastu, lained k\u00f5rged ja n\u00f5rk mootor ei jaksanud paati edasi [kanda], sest ka lained l\u00f5id \u00fcle paadi. Paat tuli keerata p\u00e4rituult. K\u00f5ik asjad saime \u00fcle parda visata, kahjuks ka k\u00f5ik s\u00f6\u00f6givara. L\u00f5puks viskasime ka mootori \u00fcle parda. Murdlained l\u00f5id \u00fcle ja [t\u00e4itsid] paadi mitu korda. [&#8230;] See torm ajas meid l\u00f5puks Soome Hankosse. Jumal t\u00e4natud! Olime tormi k\u00e4es 3 \u00f6\u00f6d-p\u00e4eva, paadis oli 22 inimest, neist 7 last.\u201c<\/strong><\/span><\/p>\t\t\t\t\t\t\t\t<\/div>\n\t\t\t\t<\/div>\n\t\t\t\t\t<\/div>\n\t\t\t\t<\/div>\n\t\t<div class=\"elementor-element elementor-element-060b590 e-flex e-con-boxed e-con e-parent\" data-id=\"060b590\" data-element_type=\"container\" data-e-type=\"container\">\n\t\t\t\t\t<div class=\"e-con-inner\">\n\t\t\t\t<div class=\"elementor-element elementor-element-aa71478 elementor-invisible elementor-widget elementor-widget-text-editor\" data-id=\"aa71478\" data-element_type=\"widget\" data-e-type=\"widget\" data-settings=\"{&quot;_animation&quot;:&quot;slideInRight&quot;}\" data-widget_type=\"text-editor.default\">\n\t\t\t\t<div class=\"elementor-widget-container\">\n\t\t\t\t\t\t\t\t\t<p style=\"text-align: justify;\"><span style=\"color: #a3bccd;\">The author of the painting Elmar K\u00f6ster (born in 1925 in Torgu Rural Municipality, Saaremaa) has recollected his journey fleeing from the war as follows: \u2018That flight began dramatically when German border guards wanted to sink our boat, but we miraculously escaped with our lives. That happened on 30 September 1944 in the evening. The weather was good, there was almost no wind, but a strong wind started blowing in the morning on the next day and it grew into a storm. The headwind created tall waves that broke over our boat and our weak motor was unable to move the boat forward. We had to turn to boat around to give us a tailwind. We managed to throw everything overboard, sadly all our food supplies as well. Finally, we also threw the motor overboard. Waves broke overhead and [filled] our boat many times. The storm finally blew us to Hanko, Finland. Thank God! The storm lasted 3 days and nights. There were 22 people in the boat and 7 of them were children..\u2019<\/span><\/p>\t\t\t\t\t\t\t\t<\/div>\n\t\t\t\t<\/div>\n\t\t\t\t\t<\/div>\n\t\t\t\t<\/div>\n\t\t<div class=\"elementor-element elementor-element-cb1d99a e-flex e-con-boxed e-con e-parent\" data-id=\"cb1d99a\" data-element_type=\"container\" data-e-type=\"container\" data-settings=\"{&quot;background_background&quot;:&quot;gradient&quot;}\">\n\t\t\t\t\t<div class=\"e-con-inner\">\n\t\t<div class=\"elementor-element elementor-element-8a933b0 e-con-full e-flex e-con e-child\" data-id=\"8a933b0\" data-element_type=\"container\" data-e-type=\"container\">\n\t\t\t\t<div class=\"elementor-element elementor-element-116c65a elementor-invisible elementor-widget elementor-widget-image\" data-id=\"116c65a\" data-element_type=\"widget\" data-e-type=\"widget\" data-settings=\"{&quot;_animation&quot;:&quot;fadeInRight&quot;}\" data-widget_type=\"image.default\">\n\t\t\t\t<div class=\"elementor-widget-container\">\n\t\t\t\t\t\t\t\t\t\t\t\t\t\t\t\t<a href=\"https:\/\/2024.wwii-refugees.ee\/wp-content\/uploads\/2024\/12\/119.png\" data-elementor-open-lightbox=\"yes\" data-elementor-lightbox-title=\"119\" data-e-action-hash=\"#elementor-action%3Aaction%3Dlightbox%26settings%3DeyJpZCI6MTE3OCwidXJsIjoiaHR0cHM6XC9cLzIwMjQud3dpaS1yZWZ1Z2Vlcy5lZVwvd3AtY29udGVudFwvdXBsb2Fkc1wvMjAyNFwvMTJcLzExOS5wbmcifQ%3D%3D\">\n\t\t\t\t\t\t\t<img loading=\"lazy\" decoding=\"async\" width=\"1648\" height=\"612\" src=\"https:\/\/2024.wwii-refugees.ee\/wp-content\/uploads\/2024\/12\/119.png\" class=\"attachment-full size-full wp-image-1178\" alt=\"\" srcset=\"https:\/\/2024.wwii-refugees.ee\/wp-content\/uploads\/2024\/12\/119.png 1648w, https:\/\/2024.wwii-refugees.ee\/wp-content\/uploads\/2024\/12\/119-300x111.png 300w, https:\/\/2024.wwii-refugees.ee\/wp-content\/uploads\/2024\/12\/119-1024x380.png 1024w, https:\/\/2024.wwii-refugees.ee\/wp-content\/uploads\/2024\/12\/119-768x285.png 768w, https:\/\/2024.wwii-refugees.ee\/wp-content\/uploads\/2024\/12\/119-1536x570.png 1536w\" sizes=\"(max-width: 1648px) 100vw, 1648px\" \/>\t\t\t\t\t\t\t\t<\/a>\n\t\t\t\t\t\t\t\t\t\t\t\t\t\t\t<\/div>\n\t\t\t\t<\/div>\n\t\t\t\t<\/div>\n\t\t<div class=\"elementor-element elementor-element-ffbfaec e-con-full e-flex e-con e-child\" data-id=\"ffbfaec\" data-element_type=\"container\" data-e-type=\"container\">\n\t\t<div class=\"elementor-element elementor-element-19f867a e-con-full e-flex e-con e-child\" data-id=\"19f867a\" data-element_type=\"container\" data-e-type=\"container\" data-settings=\"{&quot;background_background&quot;:&quot;gradient&quot;}\">\n\t\t\t\t<div class=\"elementor-element elementor-element-864d00f elementor-invisible elementor-widget elementor-widget-text-editor\" data-id=\"864d00f\" data-element_type=\"widget\" data-e-type=\"widget\" data-settings=\"{&quot;_animation&quot;:&quot;fadeInLeft&quot;}\" data-widget_type=\"text-editor.default\">\n\t\t\t\t<div class=\"elementor-widget-container\">\n\t\t\t\t\t\t\t\t\t<p style=\"text-align: justify;\"><strong>Saaremaa muuseumi p\u00fcsin\u00e4itusel asuv paadi koopia, mille originaaliga v\u00f5ttis keerulise teekonna ette S\u00f5rves Laadla k\u00fclas elanud meremees Hans Suur (1904 Torgu vald \u2013 1988 G\u00f6teborg).<\/strong><\/p><p style=\"text-align: justify;\">At permanent exhibition of Saaremaa Museum is the replica of the boat, with which the mariner Hans Suur (born in 1904 in Torgu Rural Municipality \u2013 died in 1988 in Gothenburg), who lived in Laadla hamlet in S\u00f5rve, undertook a difficult journey.<\/p><p style=\"text-align: right;\"><strong>Illustratsioon \/ illustration: SM,<\/strong><\/p><p style=\"text-align: right;\"><strong>\u00a0<\/strong><\/p>\t\t\t\t\t\t\t\t<\/div>\n\t\t\t\t<\/div>\n\t\t\t\t<\/div>\n\t\t\t\t<\/div>\n\t\t\t\t\t<\/div>\n\t\t\t\t<\/div>\n\t\t<div class=\"elementor-element elementor-element-1e02094 e-flex e-con-boxed e-con e-parent\" data-id=\"1e02094\" data-element_type=\"container\" data-e-type=\"container\">\n\t\t\t\t\t<div class=\"e-con-inner\">\n\t\t\t\t<div class=\"elementor-element elementor-element-801aa10 elementor-invisible elementor-widget elementor-widget-text-editor\" data-id=\"801aa10\" data-element_type=\"widget\" data-e-type=\"widget\" data-settings=\"{&quot;_animation&quot;:&quot;slideInLeft&quot;}\" data-widget_type=\"text-editor.default\">\n\t\t\t\t<div class=\"elementor-widget-container\">\n\t\t\t\t\t\t\t\t\t<p style=\"text-align: justify;\"><span style=\"color: #397c99;\"><strong>Saksa mobilisatsiooni eest k\u00f5rvale hoides asus Hans Suur koos kahe Poopuu-nimelise mehega teele S\u00f5rvest T\u00fcrju sadamast. Teadaolevalt valmistas originaalpaadi Kaarel Teern Saaremaal Vedruka k\u00fclas umbes 1938. aastal ja seda kasutati peamiselt v\u00f5rkudega kalap\u00fc\u00fcgil rannal\u00e4hedases meres. Paadi m\u00f5\u00f5tmed on k\u00f5nekad &#8211; pikkus 4,2 meetrit, laius 1,4 meetrit. Tegelikult oli see \u00fcks v\u00e4iksemaid aluseid, millega \u00fcle L\u00e4\u00e4nemere suundunud p\u00f5genikud 1943.-1944. aastal Rootsi j\u00f5udsid. Rootsi j\u00f5udes m\u00fc\u00fcdi paat 10 krooni eest \u00fchele Rootsi kalurile. S\u00f5rve maha j\u00e4\u00e4nud perele \u2013 abikaasale Mariele, viiele lapsele ja kahele vanaemale \u2013 tuli Hans Suur suure mootorpaadiga j\u00e4rele sama aasta oktoobris. L\u00e4bi tormise mere j\u00f5udis kogu pere \u00f5nnelikult Gotlandile.<\/strong><\/span><\/p>\t\t\t\t\t\t\t\t<\/div>\n\t\t\t\t<\/div>\n\t\t\t\t\t<\/div>\n\t\t\t\t<\/div>\n\t\t<div class=\"elementor-element elementor-element-4f859d3 e-flex e-con-boxed e-con e-parent\" data-id=\"4f859d3\" data-element_type=\"container\" data-e-type=\"container\">\n\t\t\t\t\t<div class=\"e-con-inner\">\n\t\t\t\t<div class=\"elementor-element elementor-element-adb2745 elementor-invisible elementor-widget elementor-widget-text-editor\" data-id=\"adb2745\" data-element_type=\"widget\" data-e-type=\"widget\" data-settings=\"{&quot;_animation&quot;:&quot;slideInRight&quot;}\" data-widget_type=\"text-editor.default\">\n\t\t\t\t<div class=\"elementor-widget-container\">\n\t\t\t\t\t\t\t\t\t<p style=\"text-align: justify;\"><span style=\"color: #a3bccd;\">To evade German mobilization, Hans Suur, along with two men named Poopuu, set out from T\u00fcrju harbor in S\u00f5rve. Kaarel Teern is known to have built the original boat in Vedruka village, Saaremaa in about 1938 and it was mostly used for fi shing with nets in the sea close to shore. The boat\u2019s dimensions are meaningful \u2013 length 4.2 metres, width 1.4 metres. It was actually one of the smallest vessels with which refugees who set out to cross the Baltic Sea reached Sweden in 1943\u20131944. When they arrived in Sweden, they sold the boat for 10 Swedish crowns to a Swedish fisherman. Hans Suur went back with a large motorboat in October of that same year to fetch his family, which had remained in S\u00f5rve \u2013 his wife Marie, his five children, and two grandmothers. The whole family safely reached Gotland across the stormy sea.<\/span><\/p>\t\t\t\t\t\t\t\t<\/div>\n\t\t\t\t<\/div>\n\t\t\t\t\t<\/div>\n\t\t\t\t<\/div>\n\t\t<div class=\"elementor-element elementor-element-091b3d3 e-flex e-con-boxed e-con e-parent\" data-id=\"091b3d3\" data-element_type=\"container\" data-e-type=\"container\">\n\t\t\t\t\t<div class=\"e-con-inner\">\n\t\t\t\t<div class=\"elementor-element elementor-element-b82bb75 elementor-widget elementor-widget-image\" data-id=\"b82bb75\" data-element_type=\"widget\" data-e-type=\"widget\" data-widget_type=\"image.default\">\n\t\t\t\t<div class=\"elementor-widget-container\">\n\t\t\t\t\t\t\t\t\t\t\t\t\t\t\t<img fetchpriority=\"high\" decoding=\"async\" width=\"8667\" height=\"334\" src=\"https:\/\/2024.wwii-refugees.ee\/wp-content\/uploads\/2024\/04\/WWII_refugees_visuals_LAINE_3.png\" class=\"attachment-full size-full wp-image-121\" alt=\"\" srcset=\"https:\/\/2024.wwii-refugees.ee\/wp-content\/uploads\/2024\/04\/WWII_refugees_visuals_LAINE_3.png 8667w, https:\/\/2024.wwii-refugees.ee\/wp-content\/uploads\/2024\/04\/WWII_refugees_visuals_LAINE_3-300x12.png 300w, https:\/\/2024.wwii-refugees.ee\/wp-content\/uploads\/2024\/04\/WWII_refugees_visuals_LAINE_3-1024x39.png 1024w, https:\/\/2024.wwii-refugees.ee\/wp-content\/uploads\/2024\/04\/WWII_refugees_visuals_LAINE_3-768x30.png 768w, https:\/\/2024.wwii-refugees.ee\/wp-content\/uploads\/2024\/04\/WWII_refugees_visuals_LAINE_3-1536x59.png 1536w, https:\/\/2024.wwii-refugees.ee\/wp-content\/uploads\/2024\/04\/WWII_refugees_visuals_LAINE_3-2048x79.png 2048w\" sizes=\"(max-width: 8667px) 100vw, 8667px\" \/>\t\t\t\t\t\t\t\t\t\t\t\t\t\t\t<\/div>\n\t\t\t\t<\/div>\n\t\t\t\t\t<\/div>\n\t\t\t\t<\/div>\n\t\t<div class=\"elementor-element elementor-element-69a885e e-flex e-con-boxed e-con e-parent\" data-id=\"69a885e\" data-element_type=\"container\" data-e-type=\"container\">\n\t\t\t\t\t<div class=\"e-con-inner\">\n\t\t\t\t<div class=\"elementor-element elementor-element-5721b2c elementor-widget-divider--view-line elementor-widget elementor-widget-divider\" data-id=\"5721b2c\" data-element_type=\"widget\" data-e-type=\"widget\" data-widget_type=\"divider.default\">\n\t\t\t\t<div class=\"elementor-widget-container\">\n\t\t\t\t\t\t\t<div class=\"elementor-divider\">\n\t\t\t<span class=\"elementor-divider-separator\">\n\t\t\t\t\t\t<\/span>\n\t\t<\/div>\n\t\t\t\t\t\t<\/div>\n\t\t\t\t<\/div>\n\t\t\t\t\t<\/div>\n\t\t\t\t<\/div>\n\t\t<div class=\"elementor-element elementor-element-647bfd6 e-flex e-con-boxed e-con e-parent\" data-id=\"647bfd6\" data-element_type=\"container\" data-e-type=\"container\">\n\t\t\t\t\t<div class=\"e-con-inner\">\n\t\t\t\t<div class=\"elementor-element elementor-element-8ef2c16 elementor-widget elementor-widget-heading\" data-id=\"8ef2c16\" data-element_type=\"widget\" data-e-type=\"widget\" data-widget_type=\"heading.default\">\n\t\t\t\t<div class=\"elementor-widget-container\">\n\t\t\t\t\t<h2 class=\"elementor-heading-title elementor-size-default\">S\u00d5RULASTE DEPORTEERIMINE<\/h2>\t\t\t\t<\/div>\n\t\t\t\t<\/div>\n\t\t\t\t\t<\/div>\n\t\t\t\t<\/div>\n\t\t<div class=\"elementor-element elementor-element-45975f9 e-flex e-con-boxed e-con e-parent\" data-id=\"45975f9\" data-element_type=\"container\" data-e-type=\"container\">\n\t\t\t\t\t<div class=\"e-con-inner\">\n\t\t\t\t<div class=\"elementor-element elementor-element-246dd49 elementor-widget elementor-widget-heading\" data-id=\"246dd49\" data-element_type=\"widget\" data-e-type=\"widget\" data-widget_type=\"heading.default\">\n\t\t\t\t<div class=\"elementor-widget-container\">\n\t\t\t\t\t<h3 class=\"elementor-heading-title elementor-size-default\">DEPORTATION OF PEOPLE FROM S\u00d5RVE<\/h3>\t\t\t\t<\/div>\n\t\t\t\t<\/div>\n\t\t\t\t\t<\/div>\n\t\t\t\t<\/div>\n\t\t<div class=\"elementor-element elementor-element-6df352e e-flex e-con-boxed e-con e-parent\" data-id=\"6df352e\" data-element_type=\"container\" data-e-type=\"container\">\n\t\t\t\t\t<div class=\"e-con-inner\">\n\t\t\t\t<div class=\"elementor-element elementor-element-3d6a17b elementor-invisible elementor-widget elementor-widget-text-editor\" data-id=\"3d6a17b\" data-element_type=\"widget\" data-e-type=\"widget\" data-settings=\"{&quot;_animation&quot;:&quot;slideInLeft&quot;}\" data-widget_type=\"text-editor.default\">\n\t\t\t\t<div class=\"elementor-widget-container\">\n\t\t\t\t\t\t\t\t\t<p style=\"text-align: justify;\"><span style=\"color: #397c99;\"><strong>Lahingute j\u00f5udmine S\u00f5rve t\u00f5stis p\u00e4evakorda tsiviilelanikkonna evakueerimise. 25.10\u201318.11 evakueerisid Saksa s\u00f5jav\u00e4ev\u00f5imud u 2500\u20133000 elanikku, kes paigutati M\u00f5ntus ja S\u00e4\u00e4rel samadele transpordilaevadele, mis sakslastele varustust t\u00f5id. Kodu ja loomade sunnitud maha j\u00e4tmine saatuse hooleks valmistas s\u00f5rulastele hulgaliselt kannatusi ja traagikat.<br \/>Olev Sau (1929 Kaunispe k \u2013 2015 Tallinn) on meenutanud: \u201eLameda p\u00f5hjaga dessantpraamid seisid juba silla \u00e4\u00e4res. Seal oli ka raskelt haavatud Saksa s\u00f5dureid. Alus sai s\u00f5rulasi kohe t\u00e4is, istusime seal oma kompsude otsas. Viimane pilk, mille sadamale saatsin, oli \u00fctlemata kurb. Kogu v\u00e4li oli t\u00e4is s\u00f5rulaste v\u00e4ikseid hobuseid, kes seisid seal norgus peadega. \/&#8230;\/<br \/>Kui alus oli kai \u00e4\u00e4rest eemaldunud, hakkasid inimesed erutunult r\u00e4\u00e4kima. Kargi k\u00fclast p\u00e4rit Seli Hindrek (Kipper) alustas laulu \u201eJumal, sul ligemal \u2026\u201c, k\u00f5ik teised \u00fchinesid temaga kohe. Kui laul oli l\u00f5ppenud, nutsid k\u00f5ik, kaasa arvatud mina.\u201c<br \/>S\u00f5rulased viidi Ventspilsi kaudu transpordilaevadel Gdynia ja Gdanski (tollal Gotenhafen ja Danzig) sadamatesse. Peamised paigad, kuhu s\u00f5rulased edasi suunati, olid R\u00fcgeni saar, Schleswig-Holsteini piirkond, Frankfurt Oderi \u00e4\u00e4res ja Dresdeni piirkond, Katowice t\u00f6\u00f6stuspiirkond Poolas, samuti T\u0161ehhoslovakkia.<\/strong><\/span><\/p>\t\t\t\t\t\t\t\t<\/div>\n\t\t\t\t<\/div>\n\t\t\t\t\t<\/div>\n\t\t\t\t<\/div>\n\t\t<div class=\"elementor-element elementor-element-8b961ca e-flex e-con-boxed e-con e-parent\" data-id=\"8b961ca\" data-element_type=\"container\" data-e-type=\"container\">\n\t\t\t\t\t<div class=\"e-con-inner\">\n\t\t\t\t<div class=\"elementor-element elementor-element-f79613a elementor-invisible elementor-widget elementor-widget-text-editor\" data-id=\"f79613a\" data-element_type=\"widget\" data-e-type=\"widget\" data-settings=\"{&quot;_animation&quot;:&quot;slideInRight&quot;}\" data-widget_type=\"text-editor.default\">\n\t\t\t\t<div class=\"elementor-widget-container\">\n\t\t\t\t\t\t\t\t\t<p style=\"text-align: justify;\"><span style=\"color: #a3bccd;\">The evacuation of the civilian population rose to the agenda when battles reached S\u00f5rve. German military authorities evacuated about 2,500\u20133,000 residents from 25 October to 18 November. They were loaded in M\u00f5ntu and S\u00e4\u00e4re onto the same transport ships that had brought supplies to the Germans. The forced abandonment of their homes and animals, leaving them to their fate, brought a great deal of suffering and tragedy to the people of S\u00f5rve.<br \/>Olev Sau (born in 1929 in Kaunispe hamlet \u2013 died in 2015 in Tallinn) has recalled: \u2018Flat-bottomed landing craft were already moored at the pier. There were also seriously wounded German soldiers. People from S\u00f5rve quickly filled the vessel. We sat there on our baggage. My last glimpse of the harbour was infinitely sad. The whole field was filled with the little horses of the people of S\u00f5rve. They stood there hanging their heads. \/&#8230;\/<br \/>When the vessel had pulled away from the pier, people started talking agitatedly. Seli Hindrek (Kipper) from Kargi hamlet started up the song Nearer, my God, to Thee. Everyone else immediately joined in. When the song ended, everybody wept, myself included.\u2019<\/span><\/p><p style=\"text-align: justify;\"><span style=\"color: #a3bccd;\">The people of S\u00f5rve were taken on transport ships by way of Ventspils to the ports of Gdynia and Gdansk (Gotenhafen and Danzig at that time). R\u00fcgen Island, the vicinity of Schleswig-Holstein, Frankfurt-am-Oder and the vicinity of Dresden, the Katowice industrial area in Poland, and Czechoslovakia were the primary locations where people from S\u00f5rve were sent.<\/span><\/p>\t\t\t\t\t\t\t\t<\/div>\n\t\t\t\t<\/div>\n\t\t\t\t\t<\/div>\n\t\t\t\t<\/div>\n\t\t<div class=\"elementor-element elementor-element-ae315d6 e-flex e-con-boxed e-con e-parent\" data-id=\"ae315d6\" data-element_type=\"container\" data-e-type=\"container\">\n\t\t\t\t\t<div class=\"e-con-inner\">\n\t\t<div class=\"elementor-element elementor-element-e465c79 e-con-full e-flex e-con e-child\" data-id=\"e465c79\" data-element_type=\"container\" data-e-type=\"container\">\n\t\t\t\t<div class=\"elementor-element elementor-element-0b14052 elementor-invisible elementor-widget elementor-widget-text-editor\" data-id=\"0b14052\" data-element_type=\"widget\" data-e-type=\"widget\" data-settings=\"{&quot;_animation&quot;:&quot;fadeInRight&quot;}\" data-widget_type=\"text-editor.default\">\n\t\t\t\t<div class=\"elementor-widget-container\">\n\t\t\t\t\t\t\t\t\t<p style=\"text-align: justify;\"><strong><span style=\"color: #397c99;\">Aurik \u201eBremerhaven\u201c.<\/span><\/strong><\/p><p style=\"text-align: justify;\"><span style=\"color: #a3bccd;\">Steamship Bremerhaven.<\/span><\/p><p style=\"text-align: right;\"><span style=\"color: #397c99;\"><strong>\u00a0<\/strong><\/span><\/p><p style=\"text-align: right;\"><span style=\"color: #397c99;\"><strong>\u00a0<\/strong><\/span><\/p><p style=\"text-align: right;\"><span style=\"color: #397c99;\"><strong>\u00a0<\/strong><\/span><\/p><p style=\"text-align: right;\"><span style=\"color: #397c99;\"><strong>\u00a0 <br \/><\/strong><\/span><\/p>\t\t\t\t\t\t\t\t<\/div>\n\t\t\t\t<\/div>\n\t\t\t\t<\/div>\n\t\t<div class=\"elementor-element elementor-element-6fee469 e-con-full e-flex e-con e-child\" data-id=\"6fee469\" data-element_type=\"container\" data-e-type=\"container\">\n\t\t\t\t<div class=\"elementor-element elementor-element-ecbd66d elementor-invisible elementor-widget elementor-widget-image\" data-id=\"ecbd66d\" data-element_type=\"widget\" data-e-type=\"widget\" data-settings=\"{&quot;_animation&quot;:&quot;fadeInLeft&quot;}\" data-widget_type=\"image.default\">\n\t\t\t\t<div class=\"elementor-widget-container\">\n\t\t\t\t\t\t\t\t\t\t\t\t\t\t\t\t<a href=\"https:\/\/2024.wwii-refugees.ee\/wp-content\/uploads\/2024\/12\/120.png\" data-elementor-open-lightbox=\"yes\" data-elementor-lightbox-title=\"120\" data-e-action-hash=\"#elementor-action%3Aaction%3Dlightbox%26settings%3DeyJpZCI6MTE4MCwidXJsIjoiaHR0cHM6XC9cLzIwMjQud3dpaS1yZWZ1Z2Vlcy5lZVwvd3AtY29udGVudFwvdXBsb2Fkc1wvMjAyNFwvMTJcLzEyMC5wbmcifQ%3D%3D\">\n\t\t\t\t\t\t\t<img loading=\"lazy\" decoding=\"async\" width=\"918\" height=\"575\" src=\"https:\/\/2024.wwii-refugees.ee\/wp-content\/uploads\/2024\/12\/120.png\" class=\"attachment-large size-large wp-image-1180\" alt=\"\" srcset=\"https:\/\/2024.wwii-refugees.ee\/wp-content\/uploads\/2024\/12\/120.png 918w, https:\/\/2024.wwii-refugees.ee\/wp-content\/uploads\/2024\/12\/120-300x188.png 300w, https:\/\/2024.wwii-refugees.ee\/wp-content\/uploads\/2024\/12\/120-768x481.png 768w\" sizes=\"(max-width: 918px) 100vw, 918px\" \/>\t\t\t\t\t\t\t\t<\/a>\n\t\t\t\t\t\t\t\t\t\t\t\t\t\t\t<\/div>\n\t\t\t\t<\/div>\n\t\t\t\t<\/div>\n\t\t\t\t\t<\/div>\n\t\t\t\t<\/div>\n\t\t<div class=\"elementor-element elementor-element-9a90d63 e-flex e-con-boxed e-con e-parent\" data-id=\"9a90d63\" data-element_type=\"container\" data-e-type=\"container\">\n\t\t\t\t\t<div class=\"e-con-inner\">\n\t\t\t\t<div class=\"elementor-element elementor-element-28ac7dc elementor-invisible elementor-widget elementor-widget-text-editor\" data-id=\"28ac7dc\" data-element_type=\"widget\" data-e-type=\"widget\" data-settings=\"{&quot;_animation&quot;:&quot;slideInLeft&quot;}\" data-widget_type=\"text-editor.default\">\n\t\t\t\t<div class=\"elementor-widget-container\">\n\t\t\t\t\t\t\t\t\t<p style=\"text-align: justify;\"><span style=\"color: #397c99;\"><strong>29. oktoobril v\u00e4ljus aurik \u201eBremerhaven\u201c (varem nime all \u201eReventazon\u201c) Ventspilsi sadamast enam kui 3000 inimesega pardal Gdyniasse. 30. oktoobri hommikul alustasid N\u00f5ukogude lennukid konvoile r\u00fcnnakut, mille tagaj\u00e4rjel kaotas tabamuse saanud laeval elu \u00fcle 400 inimese. Enamik lastiruumi paigutatud s\u00f5rulastest p\u00e4\u00e4sesid siiski eluga, enne kui laev L\u00e4\u00e4nemere lainetesse kadus.<\/strong><\/span><\/p>\t\t\t\t\t\t\t\t<\/div>\n\t\t\t\t<\/div>\n\t\t\t\t\t<\/div>\n\t\t\t\t<\/div>\n\t\t<div class=\"elementor-element elementor-element-49c9ff4 e-flex e-con-boxed e-con e-parent\" data-id=\"49c9ff4\" data-element_type=\"container\" data-e-type=\"container\">\n\t\t\t\t\t<div class=\"e-con-inner\">\n\t\t\t\t<div class=\"elementor-element elementor-element-0fc4ece elementor-invisible elementor-widget elementor-widget-text-editor\" data-id=\"0fc4ece\" data-element_type=\"widget\" data-e-type=\"widget\" data-settings=\"{&quot;_animation&quot;:&quot;slideInRight&quot;}\" data-widget_type=\"text-editor.default\">\n\t\t\t\t<div class=\"elementor-widget-container\">\n\t\t\t\t\t\t\t\t\t<p style=\"text-align: justify;\"><span style=\"color: #a3bccd;\">On 29 October, the steamship Bremerhaven (previously named Reventazon) departed from Ventspils harbour for Gdynia with more than 3,000 people on board. On the morning of 30 October, Soviet aircraft started attacking the convoy, causing over 400 people on board the bombed ship to lose their lives. Most of the people from S\u00f5rve who had been placed in the cargo hold nevertheless escaped with their lives before the ship disappeared in the waves of the Baltic Sea.<\/span><\/p><p style=\"text-align: justify;\">\u00a0<\/p>\t\t\t\t\t\t\t\t<\/div>\n\t\t\t\t<\/div>\n\t\t\t\t\t<\/div>\n\t\t\t\t<\/div>\n\t\t<div class=\"elementor-element elementor-element-7f547de e-flex e-con-boxed e-con e-parent\" data-id=\"7f547de\" data-element_type=\"container\" data-e-type=\"container\" data-settings=\"{&quot;background_background&quot;:&quot;gradient&quot;}\">\n\t\t\t\t\t<div class=\"e-con-inner\">\n\t\t<div class=\"elementor-element elementor-element-aaacc50 e-con-full e-flex e-con e-child\" data-id=\"aaacc50\" data-element_type=\"container\" data-e-type=\"container\">\n\t\t\t\t<div class=\"elementor-element elementor-element-3a5cfad elementor-invisible elementor-widget elementor-widget-image\" data-id=\"3a5cfad\" data-element_type=\"widget\" data-e-type=\"widget\" data-settings=\"{&quot;_animation&quot;:&quot;fadeInRight&quot;}\" data-widget_type=\"image.default\">\n\t\t\t\t<div class=\"elementor-widget-container\">\n\t\t\t\t\t\t\t\t\t\t\t\t\t\t\t\t<a href=\"https:\/\/2024.wwii-refugees.ee\/wp-content\/uploads\/2024\/12\/121.png\" data-elementor-open-lightbox=\"yes\" data-elementor-lightbox-title=\"121\" data-e-action-hash=\"#elementor-action%3Aaction%3Dlightbox%26settings%3DeyJpZCI6MTE4MSwidXJsIjoiaHR0cHM6XC9cLzIwMjQud3dpaS1yZWZ1Z2Vlcy5lZVwvd3AtY29udGVudFwvdXBsb2Fkc1wvMjAyNFwvMTJcLzEyMS5wbmcifQ%3D%3D\">\n\t\t\t\t\t\t\t<img loading=\"lazy\" decoding=\"async\" width=\"997\" height=\"679\" src=\"https:\/\/2024.wwii-refugees.ee\/wp-content\/uploads\/2024\/12\/121.png\" class=\"attachment-full size-full wp-image-1181\" alt=\"\" srcset=\"https:\/\/2024.wwii-refugees.ee\/wp-content\/uploads\/2024\/12\/121.png 997w, https:\/\/2024.wwii-refugees.ee\/wp-content\/uploads\/2024\/12\/121-300x204.png 300w, https:\/\/2024.wwii-refugees.ee\/wp-content\/uploads\/2024\/12\/121-768x523.png 768w\" sizes=\"(max-width: 997px) 100vw, 997px\" \/>\t\t\t\t\t\t\t\t<\/a>\n\t\t\t\t\t\t\t\t\t\t\t\t\t\t\t<\/div>\n\t\t\t\t<\/div>\n\t\t\t\t<\/div>\n\t\t<div class=\"elementor-element elementor-element-145dd62 e-con-full e-flex e-con e-child\" data-id=\"145dd62\" data-element_type=\"container\" data-e-type=\"container\">\n\t\t<div class=\"elementor-element elementor-element-912d38a e-con-full e-flex e-con e-child\" data-id=\"912d38a\" data-element_type=\"container\" data-e-type=\"container\" data-settings=\"{&quot;background_background&quot;:&quot;gradient&quot;}\">\n\t\t\t\t<div class=\"elementor-element elementor-element-62cb211 elementor-invisible elementor-widget elementor-widget-text-editor\" data-id=\"62cb211\" data-element_type=\"widget\" data-e-type=\"widget\" data-settings=\"{&quot;_animation&quot;:&quot;fadeInLeft&quot;}\" data-widget_type=\"text-editor.default\">\n\t\t\t\t<div class=\"elementor-widget-container\">\n\t\t\t\t\t\t\t\t\t<p style=\"text-align: justify;\"><strong>N\u00f5ukogude lennukite p\u00f5hja lastud laevalt p\u00e4\u00e4senud s\u00f5rulased Gdynia sadamas.<\/strong><\/p><p style=\"text-align: justify;\">People from S\u00f5rve in Gdynia harbour, who had escaped from the ship that Soviet aircraft had sunk.<\/p><p style=\"text-align: right;\"><strong>Illustratsioon \/ illustration: SM,<\/strong><\/p><p style=\"text-align: right;\"><strong>\u00a0<\/strong><\/p>\t\t\t\t\t\t\t\t<\/div>\n\t\t\t\t<\/div>\n\t\t\t\t<\/div>\n\t\t\t\t<\/div>\n\t\t\t\t\t<\/div>\n\t\t\t\t<\/div>\n\t\t<div class=\"elementor-element elementor-element-32c3f97 e-flex e-con-boxed e-con e-parent\" data-id=\"32c3f97\" data-element_type=\"container\" data-e-type=\"container\">\n\t\t\t\t\t<div class=\"e-con-inner\">\n\t\t<div class=\"elementor-element elementor-element-da1dcc1 e-con-full e-flex e-con e-child\" data-id=\"da1dcc1\" data-element_type=\"container\" data-e-type=\"container\">\n\t\t\t\t<div class=\"elementor-element elementor-element-692dbeb elementor-invisible elementor-widget elementor-widget-text-editor\" data-id=\"692dbeb\" data-element_type=\"widget\" data-e-type=\"widget\" data-settings=\"{&quot;_animation&quot;:&quot;fadeInRight&quot;}\" data-widget_type=\"text-editor.default\">\n\t\t\t\t<div class=\"elementor-widget-container\">\n\t\t\t\t\t\t\t\t\t<p style=\"text-align: justify;\"><strong><span style=\"color: #397c99;\">V\u00e4list\u00f6\u00f6lise m\u00e4rk [A=Ausl\u00e4nder], mida kodusaarelt \u00e4ra viidud Asta Roos (1929 Rahuste k \u2013 2015 Kuressaare) kandis Sudeedimaal Zwittau (t\u0161ehhi k Svitavy) lennukitehases t\u00f6\u00f6tades.<\/span><\/strong><\/p><p style=\"text-align: justify;\"><span style=\"color: #a3bccd;\">The foreign worker mark [A = Ausl\u00e4nder], which Asta Roos (born in 1929 in Rahuste<br \/>hamlet \u2013 died in 2015 in Kuressaare), after being taken away from her home island, wore in Sudetenland when she worked in an aircraft factory in Zwittau (Svitavy in Czech).<\/span><\/p><p style=\"text-align: right;\"><span style=\"color: #397c99;\"><strong>\u00a0<\/strong><\/span><\/p><p style=\"text-align: right;\"><span style=\"color: #397c99;\"><strong>\u00a0<\/strong><\/span><\/p><p style=\"text-align: right;\"><span style=\"color: #397c99;\"><strong>\u00a0<\/strong><\/span><\/p><p style=\"text-align: right;\"><span style=\"color: #397c99;\"><strong>\u00a0 <br \/><\/strong><\/span><\/p>\t\t\t\t\t\t\t\t<\/div>\n\t\t\t\t<\/div>\n\t\t\t\t<\/div>\n\t\t<div class=\"elementor-element elementor-element-960366e e-con-full e-flex e-con e-child\" data-id=\"960366e\" data-element_type=\"container\" data-e-type=\"container\">\n\t\t\t\t<div class=\"elementor-element elementor-element-0576631 elementor-invisible elementor-widget elementor-widget-image\" data-id=\"0576631\" data-element_type=\"widget\" data-e-type=\"widget\" data-settings=\"{&quot;_animation&quot;:&quot;fadeInLeft&quot;}\" data-widget_type=\"image.default\">\n\t\t\t\t<div class=\"elementor-widget-container\">\n\t\t\t\t\t\t\t\t\t\t\t\t\t\t\t\t<a href=\"https:\/\/2024.wwii-refugees.ee\/wp-content\/uploads\/2024\/12\/122.png\" data-elementor-open-lightbox=\"yes\" data-elementor-lightbox-title=\"122\" data-e-action-hash=\"#elementor-action%3Aaction%3Dlightbox%26settings%3DeyJpZCI6MTE4MiwidXJsIjoiaHR0cHM6XC9cLzIwMjQud3dpaS1yZWZ1Z2Vlcy5lZVwvd3AtY29udGVudFwvdXBsb2Fkc1wvMjAyNFwvMTJcLzEyMi5wbmcifQ%3D%3D\">\n\t\t\t\t\t\t\t<img loading=\"lazy\" decoding=\"async\" width=\"628\" height=\"880\" src=\"https:\/\/2024.wwii-refugees.ee\/wp-content\/uploads\/2024\/12\/122.png\" class=\"attachment-large size-large wp-image-1182\" alt=\"\" srcset=\"https:\/\/2024.wwii-refugees.ee\/wp-content\/uploads\/2024\/12\/122.png 628w, https:\/\/2024.wwii-refugees.ee\/wp-content\/uploads\/2024\/12\/122-214x300.png 214w\" sizes=\"(max-width: 628px) 100vw, 628px\" \/>\t\t\t\t\t\t\t\t<\/a>\n\t\t\t\t\t\t\t\t\t\t\t\t\t\t\t<\/div>\n\t\t\t\t<\/div>\n\t\t\t\t<\/div>\n\t\t\t\t\t<\/div>\n\t\t\t\t<\/div>\n\t\t<div class=\"elementor-element elementor-element-b6293da e-flex e-con-boxed e-con e-parent\" data-id=\"b6293da\" data-element_type=\"container\" data-e-type=\"container\">\n\t\t\t\t\t<div class=\"e-con-inner\">\n\t\t\t\t<div class=\"elementor-element elementor-element-8b511fe elementor-invisible elementor-widget elementor-widget-text-editor\" data-id=\"8b511fe\" data-element_type=\"widget\" data-e-type=\"widget\" data-settings=\"{&quot;_animation&quot;:&quot;slideInLeft&quot;}\" data-widget_type=\"text-editor.default\">\n\t\t\t\t<div class=\"elementor-widget-container\">\n\t\t\t\t\t\t\t\t\t<p style=\"text-align: justify;\"><span style=\"color: #397c99;\"><strong>Kaugel kodumaast tuli s\u00f5rulastel rasketes oludes toime tulla. Paljud rakendati t\u00f6\u00f6le t\u00f6\u00f6stuses v\u00f5i p\u00f5llumajanduses. N\u00e4lja ja ebainimlike elamistingimuste t\u00f5ttu oli suremus suur. Ohvreid p\u00f5hjustas ka punav\u00e4elaste v\u00e4givald langenud Saksamaa aladel. Kui palju saarlasi nende teekonnal ja laagrites \u00fcldse hukkus, pole seni \u00f5nnestunud v\u00e4lja selgitada.<\/strong><\/span><\/p>\t\t\t\t\t\t\t\t<\/div>\n\t\t\t\t<\/div>\n\t\t\t\t\t<\/div>\n\t\t\t\t<\/div>\n\t\t<div class=\"elementor-element elementor-element-ddd2c0a e-flex e-con-boxed e-con e-parent\" data-id=\"ddd2c0a\" data-element_type=\"container\" data-e-type=\"container\">\n\t\t\t\t\t<div class=\"e-con-inner\">\n\t\t\t\t<div class=\"elementor-element elementor-element-20a3e17 elementor-invisible elementor-widget elementor-widget-text-editor\" data-id=\"20a3e17\" data-element_type=\"widget\" data-e-type=\"widget\" data-settings=\"{&quot;_animation&quot;:&quot;slideInRight&quot;}\" data-widget_type=\"text-editor.default\">\n\t\t\t\t<div class=\"elementor-widget-container\">\n\t\t\t\t\t\t\t\t\t<p style=\"text-align: justify;\"><span style=\"color: #a3bccd;\">S\u00f5rve islanders had to cope in difficult circumstances far from their homeland. Many were put to work in industry or agriculture. The mortality rate was high due to inhumane living conditions and hunger. Acts of violence committed by Red Army soldiers in captured German territory also brought victims. The total number of Saaremaa islanders who perished on their journeys and in the camps has hitherto not been successfully ascertained.<\/span><\/p><p style=\"text-align: justify;\">\u00a0<\/p>\t\t\t\t\t\t\t\t<\/div>\n\t\t\t\t<\/div>\n\t\t\t\t\t<\/div>\n\t\t\t\t<\/div>\n\t\t<div class=\"elementor-element elementor-element-800c298 e-flex e-con-boxed e-con e-parent\" data-id=\"800c298\" data-element_type=\"container\" data-e-type=\"container\" data-settings=\"{&quot;background_background&quot;:&quot;gradient&quot;}\">\n\t\t\t\t\t<div class=\"e-con-inner\">\n\t\t<div class=\"elementor-element elementor-element-e5134a2 e-con-full e-flex e-con e-child\" data-id=\"e5134a2\" data-element_type=\"container\" data-e-type=\"container\">\n\t\t\t\t<div class=\"elementor-element elementor-element-0f36fee elementor-invisible elementor-widget elementor-widget-image\" data-id=\"0f36fee\" data-element_type=\"widget\" data-e-type=\"widget\" data-settings=\"{&quot;_animation&quot;:&quot;fadeInRight&quot;}\" data-widget_type=\"image.default\">\n\t\t\t\t<div class=\"elementor-widget-container\">\n\t\t\t\t\t\t\t\t\t\t\t\t\t\t\t\t<a href=\"https:\/\/2024.wwii-refugees.ee\/wp-content\/uploads\/2024\/12\/123.png\" data-elementor-open-lightbox=\"yes\" data-elementor-lightbox-title=\"123\" data-e-action-hash=\"#elementor-action%3Aaction%3Dlightbox%26settings%3DeyJpZCI6MTE4MywidXJsIjoiaHR0cHM6XC9cLzIwMjQud3dpaS1yZWZ1Z2Vlcy5lZVwvd3AtY29udGVudFwvdXBsb2Fkc1wvMjAyNFwvMTJcLzEyMy5wbmcifQ%3D%3D\">\n\t\t\t\t\t\t\t<img loading=\"lazy\" decoding=\"async\" width=\"943\" height=\"1300\" src=\"https:\/\/2024.wwii-refugees.ee\/wp-content\/uploads\/2024\/12\/123.png\" class=\"attachment-full size-full wp-image-1183\" alt=\"\" srcset=\"https:\/\/2024.wwii-refugees.ee\/wp-content\/uploads\/2024\/12\/123.png 943w, https:\/\/2024.wwii-refugees.ee\/wp-content\/uploads\/2024\/12\/123-218x300.png 218w, https:\/\/2024.wwii-refugees.ee\/wp-content\/uploads\/2024\/12\/123-743x1024.png 743w, https:\/\/2024.wwii-refugees.ee\/wp-content\/uploads\/2024\/12\/123-768x1059.png 768w\" sizes=\"(max-width: 943px) 100vw, 943px\" \/>\t\t\t\t\t\t\t\t<\/a>\n\t\t\t\t\t\t\t\t\t\t\t\t\t\t\t<\/div>\n\t\t\t\t<\/div>\n\t\t\t\t<\/div>\n\t\t<div class=\"elementor-element elementor-element-388d6c4 e-con-full e-flex e-con e-child\" data-id=\"388d6c4\" data-element_type=\"container\" data-e-type=\"container\">\n\t\t<div class=\"elementor-element elementor-element-c194066 e-con-full e-flex e-con e-child\" data-id=\"c194066\" data-element_type=\"container\" data-e-type=\"container\" data-settings=\"{&quot;background_background&quot;:&quot;gradient&quot;}\">\n\t\t\t\t<div class=\"elementor-element elementor-element-e7aaaec elementor-invisible elementor-widget elementor-widget-text-editor\" data-id=\"e7aaaec\" data-element_type=\"widget\" data-e-type=\"widget\" data-settings=\"{&quot;_animation&quot;:&quot;fadeInLeft&quot;}\" data-widget_type=\"text-editor.default\">\n\t\t\t\t<div class=\"elementor-widget-container\">\n\t\t\t\t\t\t\t\t\t<p style=\"text-align: justify;\"><strong>R\u00fcgeni saarel Neuenkircheni laagris elanud s\u00f5rulaste nimekiri.<\/strong><\/p><p style=\"text-align: justify;\">List of people from S\u00f5rve who lived at Neuenkirchen camp on R\u00fcgen Island.<\/p><p style=\"text-align: right;\"><strong>Illustratsioon \/ illustration: SM,<\/strong><\/p><p style=\"text-align: right;\"><strong>\u00a0<\/strong><\/p>\t\t\t\t\t\t\t\t<\/div>\n\t\t\t\t<\/div>\n\t\t\t\t<\/div>\n\t\t\t\t<\/div>\n\t\t\t\t\t<\/div>\n\t\t\t\t<\/div>\n\t\t<div class=\"elementor-element elementor-element-aa7ffc2 e-flex e-con-boxed e-con e-parent\" data-id=\"aa7ffc2\" data-element_type=\"container\" data-e-type=\"container\">\n\t\t\t\t\t<div class=\"e-con-inner\">\n\t\t\t\t<div class=\"elementor-element elementor-element-0de0045 elementor-invisible elementor-widget elementor-widget-text-editor\" data-id=\"0de0045\" data-element_type=\"widget\" data-e-type=\"widget\" data-settings=\"{&quot;_animation&quot;:&quot;slideInLeft&quot;}\" data-widget_type=\"text-editor.default\">\n\t\t\t\t<div class=\"elementor-widget-container\">\n\t\t\t\t\t\t\t\t\t<p style=\"text-align: justify;\"><span style=\"color: #397c99;\"><strong>P\u00e4rast Saksamaa kapituleerumist anti s\u00f5rulastele v\u00f5imalus koju tagasi p\u00f6\u00f6rduda. Arvestades 1941. aasta N\u00f5ukogude repressioone, j\u00e4id neist m\u00f5ned l\u00e4\u00e4nde, kuid enamus otsustas v\u00f5imalikult kiiresti Saaremaale naasta. Osa saadeti koju rongivagunites, osa pidid ise transpordi leidma, paljudel tuli teekond ette v\u00f5tta ka jalgsi.<\/strong><\/span><\/p>\t\t\t\t\t\t\t\t<\/div>\n\t\t\t\t<\/div>\n\t\t\t\t\t<\/div>\n\t\t\t\t<\/div>\n\t\t<div class=\"elementor-element elementor-element-5a20718 e-flex e-con-boxed e-con e-parent\" data-id=\"5a20718\" data-element_type=\"container\" data-e-type=\"container\">\n\t\t\t\t\t<div class=\"e-con-inner\">\n\t\t\t\t<div class=\"elementor-element elementor-element-04a1acc elementor-invisible elementor-widget elementor-widget-text-editor\" data-id=\"04a1acc\" data-element_type=\"widget\" data-e-type=\"widget\" data-settings=\"{&quot;_animation&quot;:&quot;slideInRight&quot;}\" data-widget_type=\"text-editor.default\">\n\t\t\t\t<div class=\"elementor-widget-container\">\n\t\t\t\t\t\t\t\t\t<p style=\"text-align: justify;\"><span style=\"color: #a3bccd;\">After Germany capitulated, the people from S\u00f5rve were given the chance to return home. Considering the Soviet repressions of 1941, some of them stayed in the West, but most of them decided to return to Saaremaa as quickly as possible. Some were sent home in railroad cars, some had to find their own transportation, while many had to set out on their journey on foot.<\/span><\/p><p style=\"text-align: justify;\">\u00a0<\/p>\t\t\t\t\t\t\t\t<\/div>\n\t\t\t\t<\/div>\n\t\t\t\t\t<\/div>\n\t\t\t\t<\/div>\n\t\t<div class=\"elementor-element elementor-element-a24a73d e-flex e-con-boxed e-con e-parent\" data-id=\"a24a73d\" data-element_type=\"container\" data-e-type=\"container\">\n\t\t\t\t\t<div class=\"e-con-inner\">\n\t\t<div class=\"elementor-element elementor-element-41211a6 e-con-full e-flex e-con e-child\" data-id=\"41211a6\" data-element_type=\"container\" data-e-type=\"container\">\n\t\t\t\t<div class=\"elementor-element elementor-element-b6e22dc elementor-invisible elementor-widget elementor-widget-text-editor\" data-id=\"b6e22dc\" data-element_type=\"widget\" data-e-type=\"widget\" data-settings=\"{&quot;_animation&quot;:&quot;fadeInRight&quot;}\" data-widget_type=\"text-editor.default\">\n\t\t\t\t<div class=\"elementor-widget-container\">\n\t\t\t\t\t\t\t\t\t<p style=\"text-align: justify;\"><strong><span style=\"color: #397c99;\">Vasakul Tiiu M\u00f5tt (1898 Kaimri k\u00fcla \u2013 1980 Tallinn), kes mitmekuisel jalgsiteekonnal Poolast Mys\u0142owicest kodumaale tulles kulutas \u00e4ra 3 paari s\u00f5durisaapaid.<\/span><\/strong><\/p><p style=\"text-align: justify;\"><span style=\"color: #a3bccd;\">On the left, Tiiu M\u00f5tt (born in Kaimri village in 1898 \u2013died in Tallinn in 1980), who wore out 3 pairs of soldier\u2019s boots on her journey by foot from Mys\u0142owice in Poland to her Estonian homeland, which took several months.<\/span><\/p><p style=\"text-align: right;\"><span style=\"color: #397c99;\"><strong>Illustratsioon \/ illustration: SM<\/strong><\/span><\/p><p style=\"text-align: right;\"><span style=\"color: #397c99;\"><strong>\u00a0<\/strong><\/span><\/p><p style=\"text-align: right;\"><span style=\"color: #397c99;\"><strong>\u00a0<\/strong><\/span><\/p><p style=\"text-align: right;\"><span style=\"color: #397c99;\"><strong>\u00a0 <br \/><\/strong><\/span><\/p>\t\t\t\t\t\t\t\t<\/div>\n\t\t\t\t<\/div>\n\t\t\t\t<\/div>\n\t\t<div class=\"elementor-element elementor-element-3418500 e-con-full e-flex e-con e-child\" data-id=\"3418500\" data-element_type=\"container\" data-e-type=\"container\">\n\t\t\t\t<div class=\"elementor-element elementor-element-f25e529 elementor-invisible elementor-widget elementor-widget-image\" data-id=\"f25e529\" data-element_type=\"widget\" data-e-type=\"widget\" data-settings=\"{&quot;_animation&quot;:&quot;fadeInLeft&quot;}\" data-widget_type=\"image.default\">\n\t\t\t\t<div class=\"elementor-widget-container\">\n\t\t\t\t\t\t\t\t\t\t\t\t\t\t\t\t<a href=\"https:\/\/2024.wwii-refugees.ee\/wp-content\/uploads\/2024\/12\/124.png\" data-elementor-open-lightbox=\"yes\" data-elementor-lightbox-title=\"124\" data-e-action-hash=\"#elementor-action%3Aaction%3Dlightbox%26settings%3DeyJpZCI6MTE4NCwidXJsIjoiaHR0cHM6XC9cLzIwMjQud3dpaS1yZWZ1Z2Vlcy5lZVwvd3AtY29udGVudFwvdXBsb2Fkc1wvMjAyNFwvMTJcLzEyNC5wbmcifQ%3D%3D\">\n\t\t\t\t\t\t\t<img loading=\"lazy\" decoding=\"async\" width=\"1024\" height=\"700\" src=\"https:\/\/2024.wwii-refugees.ee\/wp-content\/uploads\/2024\/12\/124-1024x700.png\" class=\"attachment-large size-large wp-image-1184\" alt=\"\" srcset=\"https:\/\/2024.wwii-refugees.ee\/wp-content\/uploads\/2024\/12\/124-1024x700.png 1024w, https:\/\/2024.wwii-refugees.ee\/wp-content\/uploads\/2024\/12\/124-300x205.png 300w, https:\/\/2024.wwii-refugees.ee\/wp-content\/uploads\/2024\/12\/124-768x525.png 768w, https:\/\/2024.wwii-refugees.ee\/wp-content\/uploads\/2024\/12\/124.png 1433w\" sizes=\"(max-width: 1024px) 100vw, 1024px\" \/>\t\t\t\t\t\t\t\t<\/a>\n\t\t\t\t\t\t\t\t\t\t\t\t\t\t\t<\/div>\n\t\t\t\t<\/div>\n\t\t\t\t<\/div>\n\t\t\t\t\t<\/div>\n\t\t\t\t<\/div>\n\t\t<div class=\"elementor-element elementor-element-3912937 e-flex e-con-boxed e-con e-parent\" data-id=\"3912937\" data-element_type=\"container\" data-e-type=\"container\">\n\t\t\t\t\t<div class=\"e-con-inner\">\n\t\t\t\t<div class=\"elementor-element elementor-element-b20892d elementor-invisible elementor-widget elementor-widget-text-editor\" data-id=\"b20892d\" data-element_type=\"widget\" data-e-type=\"widget\" data-settings=\"{&quot;_animation&quot;:&quot;slideInLeft&quot;}\" data-widget_type=\"text-editor.default\">\n\t\t\t\t<div class=\"elementor-widget-container\">\n\t\t\t\t\t\t\t\t\t<p style=\"text-align: justify;\"><span style=\"color: #397c99;\"><strong>Kodumaale saabunuil tuli l\u00e4bi teha karantiin, \u00fcks suuremaid asus P\u00f5llk\u00fcla filtratsioonilaagris. Igas maakonnas oli repatrieerimise osakond, kus toimus dokumentide vormistamine. Tagasi Eestisse j\u00f5udis u 2200 s\u00f5rulast, kuid oma kodudesse paljud neist enam ei p\u00e4\u00e4senud, sest need olid v\u00f5etud Punaarmee valdusse v\u00f5i lahingutes h\u00e4vinud.<\/strong><\/span><\/p>\t\t\t\t\t\t\t\t<\/div>\n\t\t\t\t<\/div>\n\t\t\t\t\t<\/div>\n\t\t\t\t<\/div>\n\t\t<div class=\"elementor-element elementor-element-3489f24 e-flex e-con-boxed e-con e-parent\" data-id=\"3489f24\" data-element_type=\"container\" data-e-type=\"container\">\n\t\t\t\t\t<div class=\"e-con-inner\">\n\t\t\t\t<div class=\"elementor-element elementor-element-bc40f40 elementor-invisible elementor-widget elementor-widget-text-editor\" data-id=\"bc40f40\" data-element_type=\"widget\" data-e-type=\"widget\" data-settings=\"{&quot;_animation&quot;:&quot;slideInRight&quot;}\" data-widget_type=\"text-editor.default\">\n\t\t\t\t<div class=\"elementor-widget-container\">\n\t\t\t\t\t\t\t\t\t<p style=\"text-align: justify;\"><span style=\"color: #a3bccd;\">Returnees had to go through quarantine upon their arrival in their homeland. One of the largest was in the P\u00f5llk\u00fcla filtration camp. There was a repatriation department in every county, where identification documents were prepared. Roughly 2,200 people from S\u00f5rve returned to Estonia but many of them could not return to their homes because the Red Army had taken possession of them, or they had been destroyed in battles.<\/span><\/p><p style=\"text-align: justify;\">\u00a0<\/p>\t\t\t\t\t\t\t\t<\/div>\n\t\t\t\t<\/div>\n\t\t\t\t\t<\/div>\n\t\t\t\t<\/div>\n\t\t<div class=\"elementor-element elementor-element-a833ca7 e-flex e-con-boxed e-con e-parent\" data-id=\"a833ca7\" data-element_type=\"container\" data-e-type=\"container\" data-settings=\"{&quot;background_background&quot;:&quot;gradient&quot;}\">\n\t\t\t\t\t<div class=\"e-con-inner\">\n\t\t<div class=\"elementor-element elementor-element-0aafbd0 e-con-full e-flex e-con e-child\" data-id=\"0aafbd0\" data-element_type=\"container\" data-e-type=\"container\">\n\t\t\t\t<div class=\"elementor-element elementor-element-22bf205 elementor-invisible elementor-widget elementor-widget-image\" data-id=\"22bf205\" data-element_type=\"widget\" data-e-type=\"widget\" data-settings=\"{&quot;_animation&quot;:&quot;fadeInRight&quot;}\" data-widget_type=\"image.default\">\n\t\t\t\t<div class=\"elementor-widget-container\">\n\t\t\t\t\t\t\t\t\t\t\t\t\t\t\t\t<a href=\"https:\/\/2024.wwii-refugees.ee\/wp-content\/uploads\/2024\/12\/125.png\" data-elementor-open-lightbox=\"yes\" data-elementor-lightbox-title=\"125\" data-e-action-hash=\"#elementor-action%3Aaction%3Dlightbox%26settings%3DeyJpZCI6MTE4OCwidXJsIjoiaHR0cHM6XC9cLzIwMjQud3dpaS1yZWZ1Z2Vlcy5lZVwvd3AtY29udGVudFwvdXBsb2Fkc1wvMjAyNFwvMTJcLzEyNS5wbmcifQ%3D%3D\">\n\t\t\t\t\t\t\t<img loading=\"lazy\" decoding=\"async\" width=\"922\" height=\"642\" src=\"https:\/\/2024.wwii-refugees.ee\/wp-content\/uploads\/2024\/12\/125.png\" class=\"attachment-full size-full wp-image-1188\" alt=\"\" srcset=\"https:\/\/2024.wwii-refugees.ee\/wp-content\/uploads\/2024\/12\/125.png 922w, https:\/\/2024.wwii-refugees.ee\/wp-content\/uploads\/2024\/12\/125-300x209.png 300w, https:\/\/2024.wwii-refugees.ee\/wp-content\/uploads\/2024\/12\/125-768x535.png 768w\" sizes=\"(max-width: 922px) 100vw, 922px\" \/>\t\t\t\t\t\t\t\t<\/a>\n\t\t\t\t\t\t\t\t\t\t\t\t\t\t\t<\/div>\n\t\t\t\t<\/div>\n\t\t\t\t<\/div>\n\t\t<div class=\"elementor-element elementor-element-971401f e-con-full e-flex e-con e-child\" data-id=\"971401f\" data-element_type=\"container\" data-e-type=\"container\">\n\t\t<div class=\"elementor-element elementor-element-9dca530 e-con-full e-flex e-con e-child\" data-id=\"9dca530\" data-element_type=\"container\" data-e-type=\"container\" data-settings=\"{&quot;background_background&quot;:&quot;gradient&quot;}\">\n\t\t\t\t<div class=\"elementor-element elementor-element-10b8bc2 elementor-invisible elementor-widget elementor-widget-text-editor\" data-id=\"10b8bc2\" data-element_type=\"widget\" data-e-type=\"widget\" data-settings=\"{&quot;_animation&quot;:&quot;fadeInLeft&quot;}\" data-widget_type=\"text-editor.default\">\n\t\t\t\t<div class=\"elementor-widget-container\">\n\t\t\t\t\t\t\t\t\t<p style=\"text-align: justify;\"><strong>T\u00f5end Saksamaalt naasnud s\u00f5rulaste tervisekontrolli kohta Tallinnas 6. augustil 1945.<\/strong><\/p><p style=\"text-align: justify;\">Health check certificate issued from Tallinn regarding people from S\u00f5rve who had returned from Germany, 6 August 1945.<\/p><p style=\"text-align: right;\"><strong>Illustratsioon \/ illustration: SM<\/strong><strong>\u00a0<\/strong><\/p>\t\t\t\t\t\t\t\t<\/div>\n\t\t\t\t<\/div>\n\t\t\t\t<\/div>\n\t\t\t\t<\/div>\n\t\t\t\t\t<\/div>\n\t\t\t\t<\/div>\n\t\t<div class=\"elementor-element elementor-element-8bd0f20 e-flex e-con-boxed e-con e-parent\" data-id=\"8bd0f20\" data-element_type=\"container\" data-e-type=\"container\">\n\t\t\t\t\t<div class=\"e-con-inner\">\n\t\t\t\t<div class=\"elementor-element elementor-element-4aa480f elementor-invisible elementor-widget elementor-widget-text-editor\" data-id=\"4aa480f\" data-element_type=\"widget\" data-e-type=\"widget\" data-settings=\"{&quot;_animation&quot;:&quot;slideInLeft&quot;}\" data-widget_type=\"text-editor.default\">\n\t\t\t\t<div class=\"elementor-widget-container\">\n\t\t\t\t\t\t\t\t\t<p style=\"text-align: justify;\"><span style=\"color: #397c99;\"><strong>S\u00f5rulaste vintsutused s\u00f5jast r\u00e4situd Saksamaa p\u00f5genikelaagrites ja purustatud linnades erinesid oluliselt tingimustest, kuhu sattusid omal k\u00e4el Rootsi pagenud kaasmaalased. S\u00f5rulaste saatusest on kirjanik \u00dclo Tuulik kirjutanud dokumentaalromaani \u201eS\u00f5ja jalus\u201c.<\/strong><\/span><\/p>\t\t\t\t\t\t\t\t<\/div>\n\t\t\t\t<\/div>\n\t\t\t\t\t<\/div>\n\t\t\t\t<\/div>\n\t\t<div class=\"elementor-element elementor-element-8be0a18 e-flex e-con-boxed e-con e-parent\" data-id=\"8be0a18\" data-element_type=\"container\" data-e-type=\"container\">\n\t\t\t\t\t<div class=\"e-con-inner\">\n\t\t\t\t<div class=\"elementor-element elementor-element-6b80396 elementor-invisible elementor-widget elementor-widget-text-editor\" data-id=\"6b80396\" data-element_type=\"widget\" data-e-type=\"widget\" data-settings=\"{&quot;_animation&quot;:&quot;slideInRight&quot;}\" data-widget_type=\"text-editor.default\">\n\t\t\t\t<div class=\"elementor-widget-container\">\n\t\t\t\t\t\t\t\t\t<p style=\"text-align: justify;\"><span style=\"color: #a3bccd;\">The torments of S\u00f5rve islanders in the refugee camps and destroyed cities of war-devastated Germany differed significantly from the conditions their compatriots who fled on their own to Sweden found themselves in. The writer \u00dclo Tuulik has written the documentary novel S\u00f5ja jalus on the fate of S\u00f5rve islanders.<\/span><\/p><p style=\"text-align: justify;\">\u00a0<\/p>\t\t\t\t\t\t\t\t<\/div>\n\t\t\t\t<\/div>\n\t\t\t\t\t<\/div>\n\t\t\t\t<\/div>\n\t\t<div class=\"elementor-element elementor-element-01e3524 e-flex e-con-boxed e-con e-parent\" data-id=\"01e3524\" data-element_type=\"container\" data-e-type=\"container\">\n\t\t\t\t\t<div class=\"e-con-inner\">\n\t\t<div class=\"elementor-element elementor-element-e985533 e-con-full e-flex e-con e-child\" data-id=\"e985533\" data-element_type=\"container\" data-e-type=\"container\">\n\t\t\t\t<div class=\"elementor-element elementor-element-d60b8a2 elementor-invisible elementor-widget elementor-widget-text-editor\" data-id=\"d60b8a2\" data-element_type=\"widget\" data-e-type=\"widget\" data-settings=\"{&quot;_animation&quot;:&quot;fadeInRight&quot;}\" data-widget_type=\"text-editor.default\">\n\t\t\t\t<div class=\"elementor-widget-container\">\n\t\t\t\t\t\t\t\t\t<p style=\"text-align: justify;\"><strong><span style=\"color: #397c99;\">Kodumaale kaasa toodud postkaart Klein Lubsi (t\u00e4nap\u00e4eval Lubcz Ma\u0142y) k\u00fcla vaadetega Pommerimaal, kus viibis ka kirjanik \u00dclo Tuuliku perekond.<\/span><\/strong><\/p><p style=\"text-align: justify;\"><span style=\"color: #a3bccd;\">A postcard with views of Klein Lubs village (nowadays Lubcz Ma\u0142y) in Pomerania, where the writer \u00dclo Tuulik\u2019s family also stayed, which was brought along to the Estonian homeland.<\/span><\/p><p style=\"text-align: right;\"><span style=\"color: #397c99;\"><strong>Illustratsioon: erakogu \/ illustration: private collection<\/strong><\/span><\/p><p style=\"text-align: right;\"><span style=\"color: #397c99;\"><strong>\u00a0<\/strong><\/span><\/p><p style=\"text-align: right;\"><span style=\"color: #397c99;\"><strong>\u00a0<\/strong><\/span><\/p><p style=\"text-align: right;\"><span style=\"color: #397c99;\"><strong>\u00a0 <br \/><\/strong><\/span><\/p>\t\t\t\t\t\t\t\t<\/div>\n\t\t\t\t<\/div>\n\t\t\t\t<\/div>\n\t\t<div class=\"elementor-element elementor-element-734f9ae e-con-full e-flex e-con e-child\" data-id=\"734f9ae\" data-element_type=\"container\" data-e-type=\"container\">\n\t\t\t\t<div class=\"elementor-element elementor-element-678fe85 elementor-invisible elementor-widget elementor-widget-image\" data-id=\"678fe85\" data-element_type=\"widget\" data-e-type=\"widget\" data-settings=\"{&quot;_animation&quot;:&quot;fadeInLeft&quot;}\" data-widget_type=\"image.default\">\n\t\t\t\t<div class=\"elementor-widget-container\">\n\t\t\t\t\t\t\t\t\t\t\t\t\t\t\t\t<a href=\"https:\/\/2024.wwii-refugees.ee\/wp-content\/uploads\/2024\/12\/126.png\" data-elementor-open-lightbox=\"yes\" data-elementor-lightbox-title=\"126\" data-e-action-hash=\"#elementor-action%3Aaction%3Dlightbox%26settings%3DeyJpZCI6MTE4OSwidXJsIjoiaHR0cHM6XC9cLzIwMjQud3dpaS1yZWZ1Z2Vlcy5lZVwvd3AtY29udGVudFwvdXBsb2Fkc1wvMjAyNFwvMTJcLzEyNi5wbmcifQ%3D%3D\">\n\t\t\t\t\t\t\t<img loading=\"lazy\" decoding=\"async\" width=\"1024\" height=\"684\" src=\"https:\/\/2024.wwii-refugees.ee\/wp-content\/uploads\/2024\/12\/126-1024x684.png\" class=\"attachment-large size-large wp-image-1189\" alt=\"\" srcset=\"https:\/\/2024.wwii-refugees.ee\/wp-content\/uploads\/2024\/12\/126-1024x684.png 1024w, https:\/\/2024.wwii-refugees.ee\/wp-content\/uploads\/2024\/12\/126-300x200.png 300w, https:\/\/2024.wwii-refugees.ee\/wp-content\/uploads\/2024\/12\/126-768x513.png 768w, https:\/\/2024.wwii-refugees.ee\/wp-content\/uploads\/2024\/12\/126-1536x1026.png 1536w, https:\/\/2024.wwii-refugees.ee\/wp-content\/uploads\/2024\/12\/126.png 1559w\" sizes=\"(max-width: 1024px) 100vw, 1024px\" \/>\t\t\t\t\t\t\t\t<\/a>\n\t\t\t\t\t\t\t\t\t\t\t\t\t\t\t<\/div>\n\t\t\t\t<\/div>\n\t\t\t\t<\/div>\n\t\t\t\t\t<\/div>\n\t\t\t\t<\/div>\n\t\t<div class=\"elementor-element elementor-element-bbe4cc6 e-flex e-con-boxed e-con e-parent\" data-id=\"bbe4cc6\" data-element_type=\"container\" data-e-type=\"container\">\n\t\t\t\t\t<div class=\"e-con-inner\">\n\t\t\t\t<div class=\"elementor-element elementor-element-6cc6afb elementor-invisible elementor-widget elementor-widget-text-editor\" data-id=\"6cc6afb\" data-element_type=\"widget\" data-e-type=\"widget\" data-settings=\"{&quot;_animation&quot;:&quot;slideInLeft&quot;}\" data-widget_type=\"text-editor.default\">\n\t\t\t\t<div class=\"elementor-widget-container\">\n\t\t\t\t\t\t\t\t\t<p style=\"text-align: justify;\"><span style=\"color: #397c99;\"><strong>S\u00f5jaaja karmides tingimustes j\u00e4tsid paljud s\u00f5rulased Saksa-, Poola- ja T\u0161ehhimaale oma elu, eri paigus asuvad hauad on vajunud unustusse. 2014. aasta suvel v\u00f5ttis grupp deporteeritud s\u00f5rulasi ja nende sugulasi ette teekonna paikadesse, kuhu s\u00f5da neid pillutas. Saaremaalt v\u00f5eti kaasa m\u00e4lestustahvel, kuhu lisaks nimedele on kantud tekst \u201eSurnud on vaid need, kes on unustatud\u201c.<\/strong><\/span><\/p>\t\t\t\t\t\t\t\t<\/div>\n\t\t\t\t<\/div>\n\t\t\t\t\t<\/div>\n\t\t\t\t<\/div>\n\t\t<div class=\"elementor-element elementor-element-445faed e-flex e-con-boxed e-con e-parent\" data-id=\"445faed\" data-element_type=\"container\" data-e-type=\"container\">\n\t\t\t\t\t<div class=\"e-con-inner\">\n\t\t\t\t<div class=\"elementor-element elementor-element-12cc75d elementor-invisible elementor-widget elementor-widget-text-editor\" data-id=\"12cc75d\" data-element_type=\"widget\" data-e-type=\"widget\" data-settings=\"{&quot;_animation&quot;:&quot;slideInRight&quot;}\" data-widget_type=\"text-editor.default\">\n\t\t\t\t<div class=\"elementor-widget-container\">\n\t\t\t\t\t\t\t\t\t<p style=\"text-align: justify;\"><span style=\"color: #a3bccd;\">Many people from S\u00f5rve lost their lives in the harsh conditions of war in Germany, Poland, and Czechoslovakia. Graves located in various places have been forgotten. In the summer of 2014, a group of people who had been deported from S\u00f5rve and their relatives undertook a journey to places where the war had scattered them. They took a memorial plaque along with them from Saaremaa, which bore the text \u2018Only those who are forgotten are dead\u2019 in addition to the names of the deceased.<\/span><\/p><p style=\"text-align: justify;\">\u00a0<\/p>\t\t\t\t\t\t\t\t<\/div>\n\t\t\t\t<\/div>\n\t\t\t\t\t<\/div>\n\t\t\t\t<\/div>\n\t\t<div class=\"elementor-element elementor-element-abba16e e-flex e-con-boxed e-con e-parent\" data-id=\"abba16e\" data-element_type=\"container\" data-e-type=\"container\" data-settings=\"{&quot;background_background&quot;:&quot;gradient&quot;}\">\n\t\t\t\t\t<div class=\"e-con-inner\">\n\t\t<div class=\"elementor-element elementor-element-69a5cfc e-con-full e-flex e-con e-child\" data-id=\"69a5cfc\" data-element_type=\"container\" data-e-type=\"container\">\n\t\t\t\t<div class=\"elementor-element elementor-element-149e0e0 elementor-invisible elementor-widget elementor-widget-image\" data-id=\"149e0e0\" data-element_type=\"widget\" data-e-type=\"widget\" data-settings=\"{&quot;_animation&quot;:&quot;fadeInRight&quot;}\" data-widget_type=\"image.default\">\n\t\t\t\t<div class=\"elementor-widget-container\">\n\t\t\t\t\t\t\t\t\t\t\t\t\t\t\t\t<a href=\"https:\/\/2024.wwii-refugees.ee\/wp-content\/uploads\/2024\/12\/127.png\" data-elementor-open-lightbox=\"yes\" data-elementor-lightbox-title=\"127\" data-e-action-hash=\"#elementor-action%3Aaction%3Dlightbox%26settings%3DeyJpZCI6MTE5MCwidXJsIjoiaHR0cHM6XC9cLzIwMjQud3dpaS1yZWZ1Z2Vlcy5lZVwvd3AtY29udGVudFwvdXBsb2Fkc1wvMjAyNFwvMTJcLzEyNy5wbmcifQ%3D%3D\">\n\t\t\t\t\t\t\t<img loading=\"lazy\" decoding=\"async\" width=\"976\" height=\"644\" src=\"https:\/\/2024.wwii-refugees.ee\/wp-content\/uploads\/2024\/12\/127.png\" class=\"attachment-full size-full wp-image-1190\" alt=\"\" srcset=\"https:\/\/2024.wwii-refugees.ee\/wp-content\/uploads\/2024\/12\/127.png 976w, https:\/\/2024.wwii-refugees.ee\/wp-content\/uploads\/2024\/12\/127-300x198.png 300w, https:\/\/2024.wwii-refugees.ee\/wp-content\/uploads\/2024\/12\/127-768x507.png 768w\" sizes=\"(max-width: 976px) 100vw, 976px\" \/>\t\t\t\t\t\t\t\t<\/a>\n\t\t\t\t\t\t\t\t\t\t\t\t\t\t\t<\/div>\n\t\t\t\t<\/div>\n\t\t\t\t<\/div>\n\t\t<div class=\"elementor-element elementor-element-9377c26 e-con-full e-flex e-con e-child\" data-id=\"9377c26\" data-element_type=\"container\" data-e-type=\"container\">\n\t\t<div class=\"elementor-element elementor-element-7d10213 e-con-full e-flex e-con e-child\" data-id=\"7d10213\" data-element_type=\"container\" data-e-type=\"container\" data-settings=\"{&quot;background_background&quot;:&quot;gradient&quot;}\">\n\t\t\t\t<div class=\"elementor-element elementor-element-b10975f elementor-invisible elementor-widget elementor-widget-text-editor\" data-id=\"b10975f\" data-element_type=\"widget\" data-e-type=\"widget\" data-settings=\"{&quot;_animation&quot;:&quot;fadeInLeft&quot;}\" data-widget_type=\"text-editor.default\">\n\t\t\t\t<div class=\"elementor-widget-container\">\n\t\t\t\t\t\t\t\t\t<p style=\"text-align: justify;\"><strong>M\u00e4lestusplaadi avamine s\u00f5rulaste haudadel 8. juulil 2014 Poolas Stawno k\u00fcla vanal kalmistul.<\/strong><\/p><p style=\"text-align: justify;\">Opening of the memorial plaque at the graves of people from S\u00f5rve on 8 July 2014 in the old cemetery of Stawno village in Poland.<\/p><p style=\"text-align: right;\"><strong>Illustratsioon: erakogu \/ illustration: private collection<\/strong><\/p>\t\t\t\t\t\t\t\t<\/div>\n\t\t\t\t<\/div>\n\t\t\t\t<\/div>\n\t\t\t\t<\/div>\n\t\t\t\t\t<\/div>\n\t\t\t\t<\/div>\n\t\t<div class=\"elementor-element elementor-element-68bb793 e-flex e-con-boxed e-con e-parent\" data-id=\"68bb793\" data-element_type=\"container\" data-e-type=\"container\">\n\t\t\t\t\t<div class=\"e-con-inner\">\n\t\t\t\t<div class=\"elementor-element elementor-element-476e2e5 elementor-widget elementor-widget-image\" data-id=\"476e2e5\" data-element_type=\"widget\" data-e-type=\"widget\" data-widget_type=\"image.default\">\n\t\t\t\t<div class=\"elementor-widget-container\">\n\t\t\t\t\t\t\t\t\t\t\t\t\t\t\t<img fetchpriority=\"high\" decoding=\"async\" width=\"8667\" height=\"334\" src=\"https:\/\/2024.wwii-refugees.ee\/wp-content\/uploads\/2024\/04\/WWII_refugees_visuals_LAINE_3.png\" class=\"attachment-full size-full wp-image-121\" alt=\"\" srcset=\"https:\/\/2024.wwii-refugees.ee\/wp-content\/uploads\/2024\/04\/WWII_refugees_visuals_LAINE_3.png 8667w, https:\/\/2024.wwii-refugees.ee\/wp-content\/uploads\/2024\/04\/WWII_refugees_visuals_LAINE_3-300x12.png 300w, https:\/\/2024.wwii-refugees.ee\/wp-content\/uploads\/2024\/04\/WWII_refugees_visuals_LAINE_3-1024x39.png 1024w, https:\/\/2024.wwii-refugees.ee\/wp-content\/uploads\/2024\/04\/WWII_refugees_visuals_LAINE_3-768x30.png 768w, https:\/\/2024.wwii-refugees.ee\/wp-content\/uploads\/2024\/04\/WWII_refugees_visuals_LAINE_3-1536x59.png 1536w, https:\/\/2024.wwii-refugees.ee\/wp-content\/uploads\/2024\/04\/WWII_refugees_visuals_LAINE_3-2048x79.png 2048w\" sizes=\"(max-width: 8667px) 100vw, 8667px\" \/>\t\t\t\t\t\t\t\t\t\t\t\t\t\t\t<\/div>\n\t\t\t\t<\/div>\n\t\t\t\t\t<\/div>\n\t\t\t\t<\/div>\n\t\t<div class=\"elementor-element elementor-element-4b3df95 e-flex e-con-boxed e-con e-parent\" data-id=\"4b3df95\" data-element_type=\"container\" data-e-type=\"container\">\n\t\t\t\t\t<div class=\"e-con-inner\">\n\t\t\t\t<div class=\"elementor-element elementor-element-dd0344d elementor-invisible elementor-widget elementor-widget-text-editor\" data-id=\"dd0344d\" data-element_type=\"widget\" data-e-type=\"widget\" data-settings=\"{&quot;_animation&quot;:&quot;slideInLeft&quot;}\" data-widget_type=\"text-editor.default\">\n\t\t\t\t<div class=\"elementor-widget-container\">\n\t\t\t\t\t\t\t\t\t<p>\u00a0<\/p><p style=\"text-align: center;\"><span style=\"color: #397c99;\"><strong>IMPRESSUM :<\/strong><\/span><\/p><p style=\"text-align: center;\"><span style=\"color: #397c99;\"><strong>N\u00e4ituse idee ja\u00a0 koostaja: SA Eesti M\u00e4lu Instituut<\/strong><\/span><\/p><p style=\"text-align: center;\"><span style=\"color: #397c99;\"><strong>Koost\u00f6\u00f6partnerid: Saaremaa Muuseum, SA Virumaa Muuseumid, SA Rannarahva Muuseum, Tartu Linnamuuseum, Hiiumaa Muinsuskaitse Selts<br \/>Kasutatud materjal p\u00e4rineb: Rahvusarhiiv (RA), Saaremaa Muuseum (SM),<br \/>Tallinna Linnaarhiiv (TLA), Eesti Vaba\u00f5humuuseum (EVM), Eesti Rahva Muuseum (ERM), Eesti Meremuuseum (MM),<br \/>Eesti Ajaloomuuseum (AM), Virumaa Muuseumid (VM), SA Rannarahva Muuseum (RRM), P\u00fc\u00fcnsi k\u00fclaseltsi fotokogu (P\u00fc\u00fcnsi),<br \/>Perekond Roseni fotokogu (Erakogu), Aftonbladet Bild, Eesti Kirjandusmuuseum (KIRMUS), Tallinna Linnamuuseum (TLM),<br \/>Hiiumaa Muuseumid (HM), Haapsalu ja L\u00e4\u00e4nemaa Muuseumid, erakogud,<br \/>Tartu \u00dclikooli muuseum (\u00dcAM), G\u00f6teborgi meremuuseum (GM)<br \/>N\u00e4ituse kuraator: Meelis Maripuu<br \/>Koostajad: Meelis Maripuu, \u00dclle Kraft, Aivar Niglas<br \/>T\u00f5lge: Peeter Tammisto<br \/>Korrektuur: Signe Siim<\/strong><\/span><\/p><p style=\"text-align: center;\"><span style=\"color: #397c99;\"><strong>Kujundajad: Anni Vakkum, Franka Vakkum<br \/>Veebikujundus: Marko Poolamets<br \/><\/strong><\/span><\/p>\t\t\t\t\t\t\t\t<\/div>\n\t\t\t\t<\/div>\n\t\t\t\t\t<\/div>\n\t\t\t\t<\/div>\n\t\t<div class=\"elementor-element elementor-element-3226e5b e-flex e-con-boxed e-con e-parent\" data-id=\"3226e5b\" data-element_type=\"container\" data-e-type=\"container\">\n\t\t\t\t\t<div class=\"e-con-inner\">\n\t\t\t\t<div class=\"elementor-element elementor-element-7e8697f elementor-invisible elementor-widget elementor-widget-text-editor\" data-id=\"7e8697f\" data-element_type=\"widget\" data-e-type=\"widget\" data-settings=\"{&quot;_animation&quot;:&quot;slideInRight&quot;}\" data-widget_type=\"text-editor.default\">\n\t\t\t\t<div class=\"elementor-widget-container\">\n\t\t\t\t\t\t\t\t\t<p style=\"text-align: center;\"><span style=\"color: #a3bccd;\">IMPRINT :<br \/>Exhibition idea and creator: Estonian Institute of Historical Memory<\/span><\/p><p style=\"text-align: center;\"><span style=\"color: #a3bccd;\">Cooperation partner: Saaremaa Museum,\u00a0 Virumaa Museums,Rannarahva Museum, Tartu City History Museum, Hiiumaa Heritage Society<br \/>The origin of the used material: National Archives of Estonia (RA), Saaremaa Museum (SM),<br \/>Tallinn City Archives (TLA), Estonian Open Air Museum (EVM), Estonian National Museum (ERM), Estonian Maritime Museum (MM),<br \/>Estonian History Museum (AM), Virumaa Museums (VM), Museum of Coastal Folk (RRM), P\u00fc\u00fcnsi community photo collection (P\u00fc\u00fcnsi),<br \/>Rosen family photo collection (Erakogu), Aftonbladet Bild, National Archives of Estonia (RA), Estonian Literary Museum (KIRMUS),<br \/>University of Tartu Museum (\u00dcAM), Gothenburg Maritime Museum (GM), Haapsalu and L\u00e4\u00e4nemaa Museums, private collections, Tallinna Linnamuuseum (TLM),<br \/>Hiiumaa Muuseumid (HM)<br \/>Curator: Meelis Maripuu<br \/>Compiled by: Meelis Maripuu, \u00dclle Kraft, Aivar Niglas<br \/>Translation: Peeter Tammisto<br \/>Proofreading: Signe Siim<br \/>Designers: Anni Vakkum, Franka Vakkum <\/span><\/p><p style=\"text-align: center;\"><span style=\"color: #a3bccd;\">Web design:Marko Poolamets<br \/><\/span><\/p><p style=\"text-align: center;\">\u00a0<\/p>\t\t\t\t\t\t\t\t<\/div>\n\t\t\t\t<\/div>\n\t\t\t\t\t<\/div>\n\t\t\t\t<\/div>\n\t\t<div class=\"elementor-element elementor-element-f405818 e-flex e-con-boxed e-con e-parent\" data-id=\"f405818\" data-element_type=\"container\" data-e-type=\"container\">\n\t\t\t\t\t<div class=\"e-con-inner\">\n\t\t\t\t<div class=\"elementor-element elementor-element-3222305 elementor-widget-divider--view-line elementor-widget elementor-widget-divider\" data-id=\"3222305\" data-element_type=\"widget\" data-e-type=\"widget\" data-widget_type=\"divider.default\">\n\t\t\t\t<div class=\"elementor-widget-container\">\n\t\t\t\t\t\t\t<div class=\"elementor-divider\">\n\t\t\t<span class=\"elementor-divider-separator\">\n\t\t\t\t\t\t<\/span>\n\t\t<\/div>\n\t\t\t\t\t\t<\/div>\n\t\t\t\t<\/div>\n\t\t\t\t\t<\/div>\n\t\t\t\t<\/div>\n\t\t\t\t<\/div>\n\t\t","protected":false},"excerpt":{"rendered":"<p>12345123456789paatkond11121314151617181920212223242526272829303132333435363738394041424344454647484950515253545556585960616263646566676869707172737476777879808182838485868788899091929394969798991001011021031041051061071081091101118711311411511691117118119120121122123124125126127<\/p>\n","protected":false},"author":1,"featured_media":0,"parent":0,"menu_order":0,"comment_status":"closed","ping_status":"closed","template":"","meta":{"_monsterinsights_skip_tracking":false,"_monsterinsights_sitenote_active":false,"_monsterinsights_sitenote_note":"","_monsterinsights_sitenote_category":0,"footnotes":""},"class_list":["post-816","page","type-page","status-publish","hentry"],"aioseo_notices":[],"_links":{"self":[{"href":"https:\/\/2024.wwii-refugees.ee\/en\/wp-json\/wp\/v2\/pages\/816","targetHints":{"allow":["GET"]}}],"collection":[{"href":"https:\/\/2024.wwii-refugees.ee\/en\/wp-json\/wp\/v2\/pages"}],"about":[{"href":"https:\/\/2024.wwii-refugees.ee\/en\/wp-json\/wp\/v2\/types\/page"}],"author":[{"embeddable":true,"href":"https:\/\/2024.wwii-refugees.ee\/en\/wp-json\/wp\/v2\/users\/1"}],"replies":[{"embeddable":true,"href":"https:\/\/2024.wwii-refugees.ee\/en\/wp-json\/wp\/v2\/comments?post=816"}],"version-history":[{"count":196,"href":"https:\/\/2024.wwii-refugees.ee\/en\/wp-json\/wp\/v2\/pages\/816\/revisions"}],"predecessor-version":[{"id":1243,"href":"https:\/\/2024.wwii-refugees.ee\/en\/wp-json\/wp\/v2\/pages\/816\/revisions\/1243"}],"wp:attachment":[{"href":"https:\/\/2024.wwii-refugees.ee\/en\/wp-json\/wp\/v2\/media?parent=816"}],"curies":[{"name":"wp","href":"https:\/\/api.w.org\/{rel}","templated":true}]}}